{"id":18813,"date":"2021-03-10T23:47:42","date_gmt":"2021-03-11T02:47:42","guid":{"rendered":"https:\/\/magalhaesdealmeida.ma.gov.br\/transparencia\/?page_id=18813"},"modified":"2025-02-20T13:40:32","modified_gmt":"2025-02-20T16:40:32","slug":"concursos-e-seletivos-publicos","status":"publish","type":"page","link":"https:\/\/magalhaesdealmeida.ma.gov.br\/transparencia\/concursos-e-seletivos-publicos\/","title":{"rendered":"Concursos e Seletivos P\u00fablicos"},"content":{"rendered":"<p>Acesse as informa\u00e7\u00f5es sobre Concursos e Seletivos P\u00fablicos<\/p>\n<div id=\"footable_parent_19046\"\n         class=\" footable_parent ninja_table_wrapper loading_ninja_table wp_table_data_press_parent semantic_ui colored_table\">\n                <table data-ninja_table_instance=\"ninja_table_instance_0\" data-footable_id=\"19046\" data-filter-delay=\"1000\" aria-label=\"Concursos e Seletivos P\u00fablicos\"            id=\"footable_19046\"\n           data-unique_identifier=\"ninja_table_unique_id_3494645835_19046\"\n           class=\" foo-table ninja_footable foo_table_19046 ninja_table_unique_id_3494645835_19046 ui table  white nt_type_legacy_table selectable striped vertical_centered inverted footable-paging-right ninja_table_pro ninja_table_afd_inline ninja_table_has_custom_filter\">\n                <colgroup>\n                            <col class=\"ninja_column_0 \">\n                            <col class=\"ninja_column_1 \">\n                            <col class=\"ninja_column_2 \">\n                            <col class=\"ninja_column_3 \">\n                    <\/colgroup>\n        <thead>\n<tr class=\"footable-header\">\n                                                                        <th scope=\"col\"  class=\"ninja_column_0 ninja_clmn_nm_posttitle \">Descri\u00e7\u00e3o<\/th><th scope=\"col\"  class=\"ninja_column_1 ninja_clmn_nm_postdate \">Data da Publica\u00e7\u00e3o<\/th><th scope=\"col\"  class=\"ninja_column_2 ninja_clmn_nm_concursosseletivosano \">Ano<\/th><th scope=\"col\"  class=\"ninja_column_3 ninja_clmn_nm_download \">Download<\/th><\/tr>\n<\/thead>\n<tbody>\n\n        <tr data-row_id=\"0\" class=\"ninja_table_row_0 nt_row_id_0\">\n            <td>Resultado Preliminar do Processo Seletivo - Auxiliar de Sala de Aula<\/td><td>29\/04\/2026<\/td><td><\/td><td><a target=\"_blank\" download class=\"nt_btn nt_rounded_btn\" style=\"color: rgba(255, 255, 255, 1);background-color: rgba(18, 150, 136, 1);border-color: rgba(18, 150, 136, 1);\" rel=\"nofollow sponsored\" href=\"https:\/\/magalhaesdealmeida.ma.gov.br\/transparencia\/wp-content\/uploads\/2026\/04\/Resultado-Preliminar-do-Processo-Seletivo-Auxiliar-de-Sala.pdf\">Download<\/a><\/td>        <\/tr>\n            <tr data-row_id=\"1\" class=\"ninja_table_row_1 nt_row_id_1\">\n            <td>CRONOGRAMA ATUALIZADO - PROCESSO SELETIVO SIMPLIFICADO AUXILIAR DE SALA DE AULA<\/td><td>28\/04\/2026<\/td><td><\/td><td><a target=\"_blank\" download class=\"nt_btn nt_rounded_btn\" style=\"color: rgba(255, 255, 255, 1);background-color: rgba(18, 150, 136, 1);border-color: rgba(18, 150, 136, 1);\" rel=\"nofollow sponsored\" href=\"https:\/\/magalhaesdealmeida.ma.gov.br\/transparencia\/wp-content\/uploads\/2026\/04\/Retificacao-Conograma-do-Seletivo-de-Auxiliar-de-Sala.pdf\">Download<\/a><\/td>        <\/tr>\n            <tr data-row_id=\"2\" class=\"ninja_table_row_2 nt_row_id_2\">\n            <td>Lista de Inscritos no Processo Seletivo - Auxiliar de Sala de Aula<\/td><td>22\/04\/2026<\/td><td><\/td><td><a target=\"_blank\" download class=\"nt_btn nt_rounded_btn\" style=\"color: rgba(255, 255, 255, 1);background-color: rgba(18, 150, 136, 1);border-color: rgba(18, 150, 136, 1);\" rel=\"nofollow sponsored\" href=\"https:\/\/magalhaesdealmeida.ma.gov.br\/transparencia\/wp-content\/uploads\/2026\/04\/Lista-de-Inscritos-Seletivo-Auxiliar-de-Sala.pdf\">Download<\/a><\/td>        <\/tr>\n            <tr data-row_id=\"3\" class=\"ninja_table_row_3 nt_row_id_3\">\n            <td>RETIFICA\u00c7\u00c3O DO EDITAL N\u00ba 001\/2026 \u2013 PROCESSO SELETIVO SIMPLIFICADO - AUXILIAR DE SALA DE AULA<\/td><td>14\/04\/2026<\/td><td><\/td><td><a target=\"_blank\" download class=\"nt_btn nt_rounded_btn\" style=\"color: rgba(255, 255, 255, 1);background-color: rgba(18, 150, 136, 1);border-color: rgba(18, 150, 136, 1);\" rel=\"nofollow sponsored\" href=\"https:\/\/magalhaesdealmeida.ma.gov.br\/transparencia\/wp-content\/uploads\/2026\/04\/Retificacao-do-Edital-Selecao-de-Auxiliar-de-Sala-4.pdf\">Download<\/a><\/td>        <\/tr>\n            <tr data-row_id=\"4\" class=\"ninja_table_row_4 nt_row_id_4\">\n            <td>EDITAL N\u00ba 001\/2026 \u2013 PROCESSO SELETIVO SIMPLIFICADO - AUXILIAR DE SALA DE AULA<\/td><td>10\/04\/2026<\/td><td><\/td><td><a target=\"_blank\" download class=\"nt_btn nt_rounded_btn\" style=\"color: rgba(255, 255, 255, 1);background-color: rgba(18, 150, 136, 1);border-color: rgba(18, 150, 136, 1);\" rel=\"nofollow sponsored\" href=\"https:\/\/magalhaesdealmeida.ma.gov.br\/transparencia\/wp-content\/uploads\/2026\/04\/Edital-Selecao-de-auxiliar-de-sala-PRONTO-2.pdf\">Download<\/a><\/td>        <\/tr>\n            <tr data-row_id=\"5\" class=\"ninja_table_row_5 nt_row_id_5\">\n            <td>CONVOCA\u00c7\u00c3O N.\u00ba 004\/2026 DO CONCURSO P\u00daBLICO DA PREFEITURA MUNICIPAL DE MAGALH\u00c3ES DE ALMEIDA\/MA REALIZADO EM 2024<\/td><td>23\/03\/2026<\/td><td><\/td><td><a target=\"_blank\" download class=\"nt_btn nt_rounded_btn\" style=\"color: rgba(255, 255, 255, 1);background-color: rgba(18, 150, 136, 1);border-color: rgba(18, 150, 136, 1);\" rel=\"nofollow sponsored\" href=\"https:\/\/magalhaesdealmeida.ma.gov.br\/transparencia\/wp-content\/uploads\/2026\/03\/CONVOCACAO-N.o-004.2026-DO-CONCURSO-PUBLICO-DA-PREFEITURA-MUNICIPAL-DE-MAGALHAES-DE-ALMEIDAMA-REALIZADO-EM-2024.pdf\">Download<\/a><\/td>        <\/tr>\n            <tr data-row_id=\"6\" class=\"ninja_table_row_6 nt_row_id_6\">\n            <td>CONVOCA\u00c7\u00c3O N.\u00ba 003\/2026.1 DO CONCURSO P\u00daBLICO DA PREFEITURA MUNICIPAL DE MAGALH\u00c3ES DE ALMEIDA\/MA REALIZADO EM 2024<\/td><td>12\/03\/2026<\/td><td><\/td><td><a target=\"_blank\" download class=\"nt_btn nt_rounded_btn\" style=\"color: rgba(255, 255, 255, 1);background-color: rgba(18, 150, 136, 1);border-color: rgba(18, 150, 136, 1);\" rel=\"nofollow sponsored\" href=\"https:\/\/magalhaesdealmeida.ma.gov.br\/transparencia\/wp-content\/uploads\/2026\/03\/CONVOCACAO-N.o-003.2026.1-CONVOCACAO-NOMEACAO-POSSE-e-LOTACAO-DO-CONCURSO-PUBLICO-DA-PREFEITURA-MUNICIPAL-DE-MAGALHAES-DE-ALMEIDAMA-REALIZADO-EM-2024.pdf\">Download<\/a><\/td>        <\/tr>\n            <tr data-row_id=\"7\" class=\"ninja_table_row_7 nt_row_id_7\">\n            <td>CONVOCA\u00c7\u00c3O N.\u00ba 003\/2026 DO CONCURSO P\u00daBLICO DA PREFEITURA MUNICIPAL DE MAGALH\u00c3ES DE ALMEIDA\/MA REALIZADO EM 2024<\/td><td>19\/02\/2026<\/td><td><\/td><td><a target=\"_blank\" download class=\"nt_btn nt_rounded_btn\" style=\"color: rgba(255, 255, 255, 1);background-color: rgba(18, 150, 136, 1);border-color: rgba(18, 150, 136, 1);\" rel=\"nofollow sponsored\" href=\"https:\/\/magalhaesdealmeida.ma.gov.br\/transparencia\/wp-content\/uploads\/2026\/02\/CONVOCACAO-N.o-003.2026-DO-CONCURSO-PUBLICO-DA-PREFEITURA-MUNICIPAL-DE-MAGALHAES-DE-ALMEIDAMA-REALIZADO-EM-2024.pdf\">Download<\/a><\/td>        <\/tr>\n            <tr data-row_id=\"8\" class=\"ninja_table_row_8 nt_row_id_8\">\n            <td>CONVOCA\u00c7\u00c3O N.\u00ba 002\/2026.1 DO CONCURSO P\u00daBLICO DA PREFEITURA MUNICIPAL DE MAGALH\u00c3ES DE ALMEIDA\/MA REALIZADO EM 2024<\/td><td>12\/02\/2026<\/td><td><\/td><td><a target=\"_blank\" download class=\"nt_btn nt_rounded_btn\" style=\"color: rgba(255, 255, 255, 1);background-color: rgba(18, 150, 136, 1);border-color: rgba(18, 150, 136, 1);\" rel=\"nofollow sponsored\" href=\"https:\/\/magalhaesdealmeida.ma.gov.br\/transparencia\/wp-content\/uploads\/2026\/02\/CONVOCACAO-N.o-002.2026.1-NOMEACAO-POSSE-E-LOTACAO-1.pdf\">Download<\/a><\/td>        <\/tr>\n            <tr data-row_id=\"9\" class=\"ninja_table_row_9 nt_row_id_9\">\n            <td>CONVOCA\u00c7\u00c3O N.\u00ba 002\/2026 DO CONCURSO P\u00daBLICO DA PREFEITURA MUNICIPAL DE MAGALH\u00c3ES DE ALMEIDA\/MA REALIZADO EM 2024<\/td><td>28\/01\/2026<\/td><td><\/td><td><a target=\"_blank\" download class=\"nt_btn nt_rounded_btn\" style=\"color: rgba(255, 255, 255, 1);background-color: rgba(18, 150, 136, 1);border-color: rgba(18, 150, 136, 1);\" rel=\"nofollow sponsored\" href=\"https:\/\/magalhaesdealmeida.ma.gov.br\/transparencia\/wp-content\/uploads\/2026\/01\/CONVOCACAO-N.o-002.2026-DO-CONCURSO-PUBLICO-DA-PREFEITURA-MUNICIPAL-DE-MAGALHAES-DE-ALMEIDAMA-REALIZADO-EM-2024.pdf\">Download<\/a><\/td>        <\/tr>\n            <tr data-row_id=\"10\" class=\"ninja_table_row_10 nt_row_id_10\">\n            <td>CONVOCA\u00c7\u00c3O N.\u00ba 001\/2026 DO CONCURSO P\u00daBLICO DA PREFEITURA MUNICIPAL DE MAGALH\u00c3ES DE ALMEIDA\/MA REALIZADO EM 2024<\/td><td>12\/01\/2026<\/td><td><\/td><td><a target=\"_blank\" download class=\"nt_btn nt_rounded_btn\" style=\"color: rgba(255, 255, 255, 1);background-color: rgba(18, 150, 136, 1);border-color: rgba(18, 150, 136, 1);\" rel=\"nofollow sponsored\" href=\"https:\/\/magalhaesdealmeida.ma.gov.br\/transparencia\/wp-content\/uploads\/2026\/01\/CONVOCACAO-N.o-001.2026-DO-CONCURSO-PUBLICO-DA-PREFEITURA-MUNICIPAL-DE-MAGALHAES-DE-ALMEIDAMA-REALIZADO-EM-2024.pdf\">Download<\/a><\/td>        <\/tr>\n            <tr data-row_id=\"11\" class=\"ninja_table_row_11 nt_row_id_11\">\n            <td>CONVOCA\u00c7\u00c3O N.\u00ba 003\/2025.1 DO CONCURSO P\u00daBLICO DA PREFEITURA MUNICIPAL DE MAGALH\u00c3ES DE ALMEIDA\/MA REALIZADO EM 2024<\/td><td>17\/07\/2025<\/td><td>2025<\/td><td><a target=\"_blank\" download class=\"nt_btn nt_rounded_btn\" style=\"color: rgba(255, 255, 255, 1);background-color: rgba(18, 150, 136, 1);border-color: rgba(18, 150, 136, 1);\" rel=\"nofollow sponsored\" href=\"https:\/\/magalhaesdealmeida.ma.gov.br\/transparencia\/wp-content\/uploads\/2025\/07\/CONVOCACAO-N.o-003.2025.1-DO-CONCURSO-PUBLICO-DA-PREFEITURA-MUNICIPAL-DE-MAGALHAES-DE-ALMEIDAMA-REALIZADO-EM-2024.pdf\">Download<\/a><\/td>        <\/tr>\n            <tr data-row_id=\"12\" class=\"ninja_table_row_12 nt_row_id_12\">\n            <td>CONVOCA\u00c7\u00c3O N.\u00ba 003\/2025 DO CONCURSO P\u00daBLICO DA PREFEITURA MUNICIPAL DE MAGALH\u00c3ES DE ALMEIDA\/MA REALIZADO EM 2024<\/td><td>09\/06\/2025<\/td><td>2025<\/td><td><a target=\"_blank\" download class=\"nt_btn nt_rounded_btn\" style=\"color: rgba(255, 255, 255, 1);background-color: rgba(18, 150, 136, 1);border-color: rgba(18, 150, 136, 1);\" rel=\"nofollow sponsored\" href=\"https:\/\/magalhaesdealmeida.ma.gov.br\/transparencia\/wp-content\/uploads\/2025\/06\/CONVOCACAO-N.o-0032025-DO-CONCURSO-PUBLICO-DA-PREFEITURA-MUNICIPAL-DE-MAGALHAES-DE-ALMEIDAMA-REALIZADO-EM-2024.pdf\">Download<\/a><\/td>        <\/tr>\n            <tr data-row_id=\"13\" class=\"ninja_table_row_13 nt_row_id_13\">\n            <td>CONVOCA\u00c7\u00c3O DO CONCURSO P\u00daBLICO 2024\/2025 DA PREFEITURA MUNICIPAL DE MAGALH\u00c3ES DE ALMEIDA\/MA REALIZADO EM 2024, publicada no Di\u00e1rio Oficial do Munic\u00edpio \u2013 DOM sob o n\u00ba 1570\/2025 em 07 de mar\u00e7o de 2025.<\/td><td>26\/03\/2025<\/td><td>2025<\/td><td><a target=\"_blank\" download class=\"nt_btn nt_rounded_btn\" style=\"color: rgba(255, 255, 255, 1);background-color: rgba(18, 150, 136, 1);border-color: rgba(18, 150, 136, 1);\" rel=\"nofollow sponsored\" href=\"https:\/\/magalhaesdealmeida.ma.gov.br\/transparencia\/wp-content\/uploads\/2025\/03\/CONVOCACAO-DO-CONCURSO-2024.2025-Nomeacao-Posse-e-Lotacao.pdf\">Download<\/a><\/td>        <\/tr>\n            <tr data-row_id=\"14\" class=\"ninja_table_row_14 nt_row_id_14\">\n            <td>CONVOCA\u00c7\u00c3O N.\u00ba 003\/2025 DO CONCURSO P\u00daBLICO DA PREFEITURA MUNICIPAL DE MAGALH\u00c3ES DE ALMEIDA\/MA REALIZADO EM 2024<\/td><td>07\/03\/2025<\/td><td>2025<\/td><td><a target=\"_blank\" download class=\"nt_btn nt_rounded_btn\" style=\"color: rgba(255, 255, 255, 1);background-color: rgba(18, 150, 136, 1);border-color: rgba(18, 150, 136, 1);\" rel=\"nofollow sponsored\" href=\"https:\/\/magalhaesdealmeida.ma.gov.br\/transparencia\/wp-content\/uploads\/2025\/03\/CONVOCACAO-No-03.2025-CONCURSO-PUBLICO-2024-2025-2a-Chamada-1.pdf\">Download<\/a><\/td>        <\/tr>\n            <tr data-row_id=\"15\" class=\"ninja_table_row_15 nt_row_id_15\">\n            <td>RETIFICA\u00c7\u00c3O DA CONVOCA\u00c7\u00c3O N.\u00ba 002\/2025 DO CONCURSO P\u00daBLICO DA PREFEITURA MUNICIPAL DE MAGALH\u00c3ES DE ALMEIDA\/MA REALIZADO EM 2024, publicada no Di\u00e1rio Oficial do Munic\u00edpio \u2013 DOM sob o n\u00ba 1551\/2025 em 07 de fevereiro de 2025.<\/td><td>10\/02\/2025<\/td><td>2025<\/td><td><a target=\"_blank\" download class=\"nt_btn nt_rounded_btn\" style=\"color: rgba(255, 255, 255, 1);background-color: rgba(18, 150, 136, 1);border-color: rgba(18, 150, 136, 1);\" rel=\"nofollow sponsored\" href=\"https:\/\/magalhaesdealmeida.ma.gov.br\/transparencia\/wp-content\/uploads\/2025\/02\/RETIFICACAO-DA-CONVOCACAO-N.o-002.2025-DO-CONCURSO-PUBLICO-2024.pdf\">Download<\/a><\/td>        <\/tr>\n            <tr data-row_id=\"16\" class=\"ninja_table_row_16 nt_row_id_16\">\n            <td>CONVOCA\u00c7\u00c3O N.\u00ba 002\/2025 DO CONCURSO P\u00daBLICO DA PREFEITURA MUNICIPAL DE MAGALH\u00c3ES DE ALMEIDA\/MA REALIZADO EM 2024<\/td><td>07\/02\/2025<\/td><td>2025<\/td><td><a target=\"_blank\" download class=\"nt_btn nt_rounded_btn\" style=\"color: rgba(255, 255, 255, 1);background-color: rgba(18, 150, 136, 1);border-color: rgba(18, 150, 136, 1);\" rel=\"nofollow sponsored\" href=\"https:\/\/magalhaesdealmeida.ma.gov.br\/transparencia\/wp-content\/uploads\/2025\/02\/CONVOCACAO-N.o-002.2025-DO-CONCURSO-PUBLICO-2024.pdf\">Download<\/a><\/td>        <\/tr>\n            <tr data-row_id=\"17\" class=\"ninja_table_row_17 nt_row_id_17\">\n            <td>RESULTADO PRELIMINAR DE HABILITA\u00c7\u00c3O DO EDITAL CHAMAMENTO P\u00daBLICO N.\u00ba 004\/2024 PARA SELE\u00c7\u00c3O DE PROJETOS PARA FIRMAR TERMO DE EXECU\u00c7\u00c3O CULTURAL COM RECURSOS DA POL\u00cdTICA NACIONAL ALDIR BLANC DE FOMENTO \u00c0 CULTURA \u2013 PNAB (LEI N.\u00ba 14.399\/2022)<\/td><td>03\/02\/2025<\/td><td>2025<\/td><td><a target=\"_blank\" download class=\"nt_btn nt_rounded_btn\" style=\"color: rgba(255, 255, 255, 1);background-color: rgba(18, 150, 136, 1);border-color: rgba(18, 150, 136, 1);\" rel=\"nofollow sponsored\" href=\"https:\/\/magalhaesdealmeida.ma.gov.br\/transparencia\/wp-content\/uploads\/2025\/02\/RESULTADO-FINAL-DE-HABILITACAO-DO-EDITAL-004-2024-FOMENTO-AS-ACOES-CULTURAIS-PRELIMINAR.pdf\">Download<\/a><\/td>        <\/tr>\n            <tr data-row_id=\"18\" class=\"ninja_table_row_18 nt_row_id_18\">\n            <td>RETIFICA\u00c7\u00c3O N.\u00b0 02 DA CONVOCA\u00c7\u00c3O N.\u00ba 001\/2025 - DO CONCURSO P\u00daBLICO DA PREFEITURA MUNICIPAL DE MAGALH\u00c3ES DE ALMEIDA\/MA REALIZADO EM 2024.<\/td><td>20\/01\/2025<\/td><td>2025<\/td><td><a target=\"_blank\" download class=\"nt_btn nt_rounded_btn\" style=\"color: rgba(255, 255, 255, 1);background-color: rgba(18, 150, 136, 1);border-color: rgba(18, 150, 136, 1);\" rel=\"nofollow sponsored\" href=\"https:\/\/magalhaesdealmeida.ma.gov.br\/transparencia\/wp-content\/uploads\/2025\/01\/RETIFICACAO-N.\u00b0-02-DA-CONVOCACAO-DO-CONCURSO-2024-01.2025.pdf\">Download<\/a><\/td>        <\/tr>\n            <tr data-row_id=\"19\" class=\"ninja_table_row_19 nt_row_id_19\">\n            <td>RETIFICA\u00c7\u00c3O DA CONVOCA\u00c7\u00c3O N.\u00ba 001\/2025 - DO CONCURSO P\u00daBLICO DA PREFEITURA MUNICIPAL DE MAGALH\u00c3ES DE ALMEIDA\/MA REALIZADO EM 2024. Publicado no Di\u00e1rio Oficial Municipal \u2013 DOM N.\u00ba 1.534 em 15 de janeiro de 2025.<\/td><td>16\/01\/2025<\/td><td>2025<\/td><td><a target=\"_blank\" download class=\"nt_btn nt_rounded_btn\" style=\"color: rgba(255, 255, 255, 1);background-color: rgba(18, 150, 136, 1);border-color: rgba(18, 150, 136, 1);\" rel=\"nofollow sponsored\" href=\"https:\/\/magalhaesdealmeida.ma.gov.br\/transparencia\/wp-content\/uploads\/2025\/01\/RETIFICACAO-DA-CONVOCACAO-01.2025-EDITAL-01.2024.pdf\">Download<\/a><\/td>        <\/tr>\n            <tr data-row_id=\"20\" class=\"ninja_table_row_20 nt_row_id_20\">\n            <td>CONVOCA\u00c7\u00c3O N.\u00ba 001\/2025 - DO CONCURSO P\u00daBLICO DA PREFEITURA MUNICIPAL DE MAGALH\u00c3ES DE ALMEIDA\/MA REALIZADO EM 2024<\/td><td>15\/01\/2025<\/td><td>2025<\/td><td><a target=\"_blank\" download class=\"nt_btn nt_rounded_btn\" style=\"color: rgba(255, 255, 255, 1);background-color: rgba(18, 150, 136, 1);border-color: rgba(18, 150, 136, 1);\" rel=\"nofollow sponsored\" href=\"https:\/\/magalhaesdealmeida.ma.gov.br\/transparencia\/wp-content\/uploads\/2025\/01\/CONVOCACAO-01.2025-EDITAL-01.2024.pdf\">Download<\/a><\/td>        <\/tr>\n            <tr data-row_id=\"21\" class=\"ninja_table_row_21 nt_row_id_21\">\n            <td>EDITAL N.\u00ba 001\/2023 \u2013 CONCURSO P\u00daBLICO PARA O PROVIMENTO DE VAGAS PARA SERVIDOR EFETIVO, MEDIANTE AS CONDI\u00c7\u00d5ES ESTABELECIDAS NESTE EDITAL<\/td><td>04\/01\/2024<\/td><td>2024<\/td><td><a target=\"_blank\" download class=\"nt_btn nt_rounded_btn\" style=\"color: rgba(255, 255, 255, 1);background-color: rgba(18, 150, 136, 1);border-color: rgba(18, 150, 136, 1);\" rel=\"nofollow sponsored\" href=\"https:\/\/magalhaesdealmeida.ma.gov.br\/transparencia\/wp-content\/uploads\/2024\/01\/edital-de-abertura-1704463972.pdf\">Download<\/a><\/td>        <\/tr>\n            <tr data-row_id=\"22\" class=\"ninja_table_row_22 nt_row_id_22\">\n            <td>CONVOCA\u00c7\u00c3O PARA ASSINATURA DO TERMO DE POSSE DO PROCESSO SELETIVO SIMPLIFICADO PARA PREENCHIMENTO DO CARGO EM COMISS\u00c3O DE GESTOR ESCOLAR DAS ESCOLAS DA REDE MUNICIPAL DE ENSINO DE MAGALH\u00c3ES DE ALMEIDA - MA.<\/td><td>20\/12\/2023<\/td><td>2023<\/td><td><a target=\"_blank\" download class=\"nt_btn nt_rounded_btn\" style=\"color: rgba(255, 255, 255, 1);background-color: rgba(18, 150, 136, 1);border-color: rgba(18, 150, 136, 1);\" rel=\"nofollow sponsored\" href=\"https:\/\/magalhaesdealmeida.ma.gov.br\/transparencia\/wp-content\/uploads\/2023\/12\/CONVOCACAO-ASSINATURA-TERMO-POSSE.pdf\">Download<\/a><\/td>        <\/tr>\n            <tr data-row_id=\"23\" class=\"ninja_table_row_23 nt_row_id_23\">\n            <td>RESULTADO FINAL DO PROCESSO SELETIVO SIMPLIFICADO PARA PREENCHIMENTO DO CARGO EM COMISS\u00c3O DE GESTOR ESCOLAR DAS ESCOLAS DA REDE MUNICIPAL DE ENSINO DE MAGALH\u00c3ES DE ALMEIDA\/MA.<\/td><td>15\/12\/2023<\/td><td>2023<\/td><td><a target=\"_blank\" download class=\"nt_btn nt_rounded_btn\" style=\"color: rgba(255, 255, 255, 1);background-color: rgba(18, 150, 136, 1);border-color: rgba(18, 150, 136, 1);\" rel=\"nofollow sponsored\" href=\"https:\/\/magalhaesdealmeida.ma.gov.br\/transparencia\/wp-content\/uploads\/2023\/12\/RESULTADO-FINAL-GESTORES.pdf\">Download<\/a><\/td>        <\/tr>\n            <tr data-row_id=\"24\" class=\"ninja_table_row_24 nt_row_id_24\">\n            <td>RESULTADO FINAL DA ENTREVISTA E AVALIA\u00c7\u00c3O DO PLANO DE GEST\u00c3O ESCOLAR DO PROCESSO SELETIVO SIMPLIFICADO PARA PREENCHIMENTO DO CARGO EM COMISS\u00c3O DE GESTOR ESCOLAR DAS ESCOLAS DA REDE MUNICIPAL DE ENSINO DE MAGALH\u00c3ES DE ALMEIDA\/MA.<\/td><td>13\/12\/2023<\/td><td>2023<\/td><td><a target=\"_blank\" download class=\"nt_btn nt_rounded_btn\" style=\"color: rgba(255, 255, 255, 1);background-color: rgba(18, 150, 136, 1);border-color: rgba(18, 150, 136, 1);\" rel=\"nofollow sponsored\" href=\"https:\/\/magalhaesdealmeida.ma.gov.br\/transparencia\/wp-content\/uploads\/2023\/12\/RESULTADO-FINAL-DA-ENTREVISTA-E-AVALIACAO-DO-PLANO-DE-GESTAO-ESCOLAR.pdf\">Download<\/a><\/td>        <\/tr>\n            <tr data-row_id=\"25\" class=\"ninja_table_row_25 nt_row_id_25\">\n            <td>PRORROGA\u00c7\u00c3O DO PRAZO DE INSCRI\u00c7\u00c3O DOS EDITAIS DE N.\u00ba 006\/2023 E 007\/2023 - DE SELE\u00c7\u00c3O DE PROJETOS PARA FIRMAR TERMO DE EXECU\u00c7\u00c3O CULTURAL COM RECURSOS DA COMPLEMENTAR 195\/2022 (LEI PAULO GUSTAVO)<\/td><td>13\/12\/2023<\/td><td>2023<\/td><td><a target=\"_blank\" download class=\"nt_btn nt_rounded_btn\" style=\"color: rgba(255, 255, 255, 1);background-color: rgba(18, 150, 136, 1);border-color: rgba(18, 150, 136, 1);\" rel=\"nofollow sponsored\" href=\"https:\/\/magalhaesdealmeida.ma.gov.br\/transparencia\/wp-content\/uploads\/2023\/12\/PRORROGACAO-DE-PRAZO-EDITAIS-06-E-07-2023-LPG.pdf\">Download<\/a><\/td>        <\/tr>\n            <tr data-row_id=\"26\" class=\"ninja_table_row_26 nt_row_id_26\">\n            <td>RESULTADO PRELIMINAR DA ENTREVISTA E AVALIA\u00c7\u00c3O DO PLANO DE GEST\u00c3O ESCOLAR DO PROCESSO SELETIVO SIMPLIFICADO PARA PREENCHIMENTO DO CARGO EM COMISS\u00c3O DE GESTOR ESCOLAR DAS ESCOLAS DA REDE MUNICIPAL DE ENSINO DE MAGALH\u00c3ES DE ALMEIDA - MA.<\/td><td>11\/12\/2023<\/td><td>2023<\/td><td><a target=\"_blank\" download class=\"nt_btn nt_rounded_btn\" style=\"color: rgba(255, 255, 255, 1);background-color: rgba(18, 150, 136, 1);border-color: rgba(18, 150, 136, 1);\" rel=\"nofollow sponsored\" href=\"https:\/\/magalhaesdealmeida.ma.gov.br\/transparencia\/wp-content\/uploads\/2023\/12\/RESULTADO-PRELIMINAR-DA-ENTREVISTA-E-AVALIACAO-DO-PLANO-DE-GESTAO-ESCOLAR.pdf\">Download<\/a><\/td>        <\/tr>\n            <tr data-row_id=\"27\" class=\"ninja_table_row_27 nt_row_id_27\">\n            <td>EDITAL DE CHAMAMENTO P\u00daBLICO N.\u00ba 007\/2023 \u2013 EDITAL DE APOIO AO SETOR DE AUDIOVISUAL DE MAGALH\u00c3ES DE ALMEIDA<\/td><td>08\/12\/2023<\/td><td>2023<\/td><td><a target=\"_blank\" download class=\"nt_btn nt_rounded_btn\" style=\"color: rgba(255, 255, 255, 1);background-color: rgba(18, 150, 136, 1);border-color: rgba(18, 150, 136, 1);\" rel=\"nofollow sponsored\" href=\"https:\/\/magalhaesdealmeida.ma.gov.br\/transparencia\/wp-content\/uploads\/2023\/12\/EDITAL-DO-CHAMAMENTO-PUBLICO-N.o-007.2023-EDITAL-DE-APOIO-AO-SETOR-DE-AUDIOVISUAL-DE-MAGALHAES-DE-ALMEIDA.pdf\">Download<\/a><\/td>        <\/tr>\n            <tr data-row_id=\"28\" class=\"ninja_table_row_28 nt_row_id_28\">\n            <td>EDITAL DE CHAMAMENTO P\u00daBLICO N.\u00ba 006\/2023 - EDITAL DE APOIO AS DEMAIS \u00c1REAS DA CULTURA DE MAGALH\u00c3ES DE ALMEIDA<\/td><td>08\/12\/2023<\/td><td>2023<\/td><td><a target=\"_blank\" download class=\"nt_btn nt_rounded_btn\" style=\"color: rgba(255, 255, 255, 1);background-color: rgba(18, 150, 136, 1);border-color: rgba(18, 150, 136, 1);\" rel=\"nofollow sponsored\" href=\"https:\/\/magalhaesdealmeida.ma.gov.br\/transparencia\/wp-content\/uploads\/2023\/12\/EDITAL-DO-CHAMAMENTO-PUBLICO-N.o-006.2023-DEMAIS-AREAS-DA-CULTURA-DE-MAGALHAES.pdf\">Download<\/a><\/td>        <\/tr>\n            <tr data-row_id=\"29\" class=\"ninja_table_row_29 nt_row_id_29\">\n            <td>COMPOSI\u00c7\u00c3O DA COMISS\u00c3O DE EXECU\u00c7\u00c3O DO PROCESSO SELETIVO SIMPLIFICADO PARA PREENCHIMENTO DO CARGO EM COMISS\u00c3O DE GESTOR ESCOLAR DAS ESCOLAS DA REDE MUNICIPAL DE ENSINO DE MAGALH\u00c3ES DE ALMEIDA - MA.<\/td><td>04\/12\/2023<\/td><td>2023<\/td><td><a target=\"_blank\" download class=\"nt_btn nt_rounded_btn\" style=\"color: rgba(255, 255, 255, 1);background-color: rgba(18, 150, 136, 1);border-color: rgba(18, 150, 136, 1);\" rel=\"nofollow sponsored\" href=\"https:\/\/magalhaesdealmeida.ma.gov.br\/transparencia\/wp-content\/uploads\/2023\/12\/COMPOSICAO-DA-COMISSAO-DO-PROCESSO-SELETIVO-GESTORES.pdf\">Download<\/a><\/td>        <\/tr>\n            <tr data-row_id=\"30\" class=\"ninja_table_row_30 nt_row_id_30\">\n            <td>RESULTADO FINAL DO CURSO PREPARAT\u00d3RIO DE GEST\u00c3O ESCOLAR E CRONOGRAMA DE APRESENTA\u00c7\u00c3O DO PLANO GEST\u00c3O E ENTREVISTA DO PROCESSO SELETIVO SIMPLIFICADO PARA PREENCHIMENTO DO CARGO EM COMISS\u00c3O DE GESTOR ESCOLAR DAS ESCOLAS DA REDE MUNICIPAL DE ENSINO DE MAGALH\u00c3ES DE ALMEIDA \u2013 MA<\/td><td>04\/12\/2023<\/td><td>2023<\/td><td><a target=\"_blank\" download class=\"nt_btn nt_rounded_btn\" style=\"color: rgba(255, 255, 255, 1);background-color: rgba(18, 150, 136, 1);border-color: rgba(18, 150, 136, 1);\" rel=\"nofollow sponsored\" href=\"https:\/\/magalhaesdealmeida.ma.gov.br\/transparencia\/wp-content\/uploads\/2023\/12\/resultado-FINAL-do-curso-preparatorio-de-gestao-escolar-e-cronograma-de-apresentacao-do-plano-gestao-e-entrevista.pdf\">Download<\/a><\/td>        <\/tr>\n            <tr data-row_id=\"31\" class=\"ninja_table_row_31 nt_row_id_31\">\n            <td>RESULTADO PRELIMINAR DO CURSO PREPARAT\u00d3RIO DE GEST\u00c3O ESCOLAR E CRONOGRAMA DE APRESENTA\u00c7\u00c3O DO PLANO GEST\u00c3O E ENTREVISTA DO PROCESSO SELETIVO SIMPLIFICADO PARA PREENCHIMENTO DO CARGO EM COMISS\u00c3O DE GESTOR ESCOLAR DAS ESCOLAS DA REDE MUNICIPAL DE ENSINO DE MAGALH\u00c3ES DE ALMEIDA-MA<\/td><td>30\/11\/2023<\/td><td>2023<\/td><td><a target=\"_blank\" download class=\"nt_btn nt_rounded_btn\" style=\"color: rgba(255, 255, 255, 1);background-color: rgba(18, 150, 136, 1);border-color: rgba(18, 150, 136, 1);\" rel=\"nofollow sponsored\" href=\"https:\/\/magalhaesdealmeida.ma.gov.br\/transparencia\/wp-content\/uploads\/2023\/12\/resultado-preliminar-do-curso-preparatorio-de-gestao-escolar-e-cronograma-de-apresentacao-do-plano-gestao-e-entrevista.pdf\">Download<\/a><\/td>        <\/tr>\n            <tr data-row_id=\"32\" class=\"ninja_table_row_32 nt_row_id_32\">\n            <td>RESULTADO FINAL DA PROVA DE T\u00cdTULO DO PROCESSO SELETIVO SIMPLIFICADO PARA PREENCHIMENTO DO CARGO EM COMISS\u00c3O DE GESTOR ESCOLAR DAS ESCOLAS DA REDE MUNICIPAL DE ENSINO DE MAGALH\u00c3ES DE ALMEIDA-MA<\/td><td>08\/11\/2023<\/td><td>2023<\/td><td><a target=\"_blank\" download class=\"nt_btn nt_rounded_btn\" style=\"color: rgba(255, 255, 255, 1);background-color: rgba(18, 150, 136, 1);border-color: rgba(18, 150, 136, 1);\" rel=\"nofollow sponsored\" href=\"https:\/\/magalhaesdealmeida.ma.gov.br\/transparencia\/wp-content\/uploads\/2023\/11\/LISTA-DE-RESULTADO-FINAL-DA-PROVA-DE-TITULO.pdf\">Download<\/a><\/td>        <\/tr>\n            <tr data-row_id=\"33\" class=\"ninja_table_row_33 nt_row_id_33\">\n            <td>RESULTADO PRELIMINAR DA PROVA DE T\u00cdTULO DO PROCESSO SELETIVO SIMPLIFICADO PARA PREENCHIMENTO DO CARGO EM COMISS\u00c3O DE GESTOR ESCOLAR DAS ESCOLAS DA REDE MUNICIPAL DE ENSINO DE MAGALH\u00c3ES DE ALMEIDA-MA.<\/td><td>31\/10\/2023<\/td><td>2023<\/td><td><a target=\"_blank\" download class=\"nt_btn nt_rounded_btn\" style=\"color: rgba(255, 255, 255, 1);background-color: rgba(18, 150, 136, 1);border-color: rgba(18, 150, 136, 1);\" rel=\"nofollow sponsored\" href=\"https:\/\/magalhaesdealmeida.ma.gov.br\/transparencia\/wp-content\/uploads\/2023\/10\/LISTA-DE-RESULTADO-PRELIMINAR-DA-PROVA-DE-TITULO.pdf\">Download<\/a><\/td>        <\/tr>\n            <tr data-row_id=\"34\" class=\"ninja_table_row_34 nt_row_id_34\">\n            <td>RESULTADO FINAL DAS INSCRI\u00c7\u00d5ES DO PROCESSO SELETIVO SIMPLIFICADO PARA PREENCHIMENTO DO CARGO EM COMISS\u00c3O DE GESTOR ESCOLAR DAS ESCOLAS DA REDE MUNICIPAL DE ENSINO DE MAGALH\u00c3ES DE ALMEIDA-MA.<\/td><td>25\/10\/2023<\/td><td>2023<\/td><td><a target=\"_blank\" download class=\"nt_btn nt_rounded_btn\" style=\"color: rgba(255, 255, 255, 1);background-color: rgba(18, 150, 136, 1);border-color: rgba(18, 150, 136, 1);\" rel=\"nofollow sponsored\" href=\"https:\/\/magalhaesdealmeida.ma.gov.br\/transparencia\/wp-content\/uploads\/2023\/10\/LISTA-DE-DEFERIMENTO-DE-INSCRICAO-DEFINITIVA.pdf\">Download<\/a><\/td>        <\/tr>\n            <tr data-row_id=\"35\" class=\"ninja_table_row_35 nt_row_id_35\">\n            <td>RESULTADO PRELIMINAR DAS INSCRI\u00c7\u00d5ES DO PROCESSO SELETIVO SIMPLIFICADO PARA PREENCHIMENTO DO CARGO EM COMISS\u00c3O DE GESTOR ESCOLAR DAS ESCOLAS DA REDE MUNICIPAL DE ENSINO DE MAGALH\u00c3ES DE ALMEIDA-MA.<\/td><td>23\/10\/2023<\/td><td>2023<\/td><td><a target=\"_blank\" download class=\"nt_btn nt_rounded_btn\" style=\"color: rgba(255, 255, 255, 1);background-color: rgba(18, 150, 136, 1);border-color: rgba(18, 150, 136, 1);\" rel=\"nofollow sponsored\" href=\"https:\/\/magalhaesdealmeida.ma.gov.br\/transparencia\/wp-content\/uploads\/2023\/10\/RESULTADO-PRELIMINAR-SELETIVO-GESTORES.pdf\">Download<\/a><\/td>        <\/tr>\n            <tr data-row_id=\"36\" class=\"ninja_table_row_36 nt_row_id_36\">\n            <td>EDITAL N.\u00ba 002\/2023 \u2013 SEMED, de 28 de setembro de 2023 - TORNA P\u00daBLICO O PROCESSO SELETIVO SIMPLIFICADO PARA PREENCHIMENTO DO CARGO EM COMISS\u00c3O DE GESTOR ESCOLAR DAS ESCOLAS DA REDE MUNICIPAL DE ENSINO DE MAGALH\u00c3ES DE ALMEIDA\/MA.<\/td><td>28\/09\/2023<\/td><td>2023<\/td><td><a target=\"_blank\" download class=\"nt_btn nt_rounded_btn\" style=\"color: rgba(255, 255, 255, 1);background-color: rgba(18, 150, 136, 1);border-color: rgba(18, 150, 136, 1);\" rel=\"nofollow sponsored\" href=\"https:\/\/magalhaesdealmeida.ma.gov.br\/transparencia\/wp-content\/uploads\/2023\/09\/EDITAL-N.o-002.2023-\u2013-SEMED-de-28-de-setembro-de-2023.pdf\">Download<\/a><\/td>        <\/tr>\n    <\/tbody><!--ninja_tobody_rendering_done-->\n    <\/table>\n    \n    \n    \n<\/div>\n\n","protected":false},"excerpt":{"rendered":"<p>Acesse as informa\u00e7\u00f5es sobre Concursos e Seletivos P\u00fablicos<\/p>\n","protected":false},"author":1,"featured_media":26922,"parent":0,"menu_order":0,"comment_status":"closed","ping_status":"closed","template":"","meta":{"_acf_changed":false,"footnotes":""},"categories":[1,81],"tags":[],"class_list":["post-18813","page","type-page","status-publish","has-post-thumbnail","hentry","category-exibir-front","category-recursos-humanos"],"acf":{"nome":"Concursos e Seletivos P\u00fablicos","link":"https:\/\/magalhaesdealmeida.ma.gov.br\/transparencia\/concursos-e-seletivos-publicos\/","icone":"fas fa-file"},"_links":{"self":[{"href":"https:\/\/magalhaesdealmeida.ma.gov.br\/transparencia\/wp-json\/wp\/v2\/pages\/18813","targetHints":{"allow":["GET"]}}],"collection":[{"href":"https:\/\/magalhaesdealmeida.ma.gov.br\/transparencia\/wp-json\/wp\/v2\/pages"}],"about":[{"href":"https:\/\/magalhaesdealmeida.ma.gov.br\/transparencia\/wp-json\/wp\/v2\/types\/page"}],"author":[{"embeddable":true,"href":"https:\/\/magalhaesdealmeida.ma.gov.br\/transparencia\/wp-json\/wp\/v2\/users\/1"}],"replies":[{"embeddable":true,"href":"https:\/\/magalhaesdealmeida.ma.gov.br\/transparencia\/wp-json\/wp\/v2\/comments?post=18813"}],"version-history":[{"count":3,"href":"https:\/\/magalhaesdealmeida.ma.gov.br\/transparencia\/wp-json\/wp\/v2\/pages\/18813\/revisions"}],"predecessor-version":[{"id":19047,"href":"https:\/\/magalhaesdealmeida.ma.gov.br\/transparencia\/wp-json\/wp\/v2\/pages\/18813\/revisions\/19047"}],"wp:featuredmedia":[{"embeddable":true,"href":"https:\/\/magalhaesdealmeida.ma.gov.br\/transparencia\/wp-json\/wp\/v2\/media\/26922"}],"wp:attachment":[{"href":"https:\/\/magalhaesdealmeida.ma.gov.br\/transparencia\/wp-json\/wp\/v2\/media?parent=18813"}],"wp:term":[{"taxonomy":"category","embeddable":true,"href":"https:\/\/magalhaesdealmeida.ma.gov.br\/transparencia\/wp-json\/wp\/v2\/categories?post=18813"},{"taxonomy":"post_tag","embeddable":true,"href":"https:\/\/magalhaesdealmeida.ma.gov.br\/transparencia\/wp-json\/wp\/v2\/tags?post=18813"}],"curies":[{"name":"wp","href":"https:\/\/api.w.org\/{rel}","templated":true}]}}