{"id":18828,"date":"2020-08-08T21:24:31","date_gmt":"2020-08-09T00:24:31","guid":{"rendered":"https:\/\/magalhaesdealmeida.ma.gov.br\/transparencia\/?page_id=18828"},"modified":"2025-05-27T11:33:38","modified_gmt":"2025-05-27T14:33:38","slug":"emendas-parlamentares","status":"publish","type":"page","link":"https:\/\/magalhaesdealmeida.ma.gov.br\/transparencia\/emendas-parlamentares\/","title":{"rendered":"Emendas Parlamentares"},"content":{"rendered":"<p>Acesse as Emendas Parlamentares<\/p>\n<div class=\"emp-container\"><div class=\"emp-tabs\"><button class=\"emp-tab-btn active\" data-tab=\"emendas\">Emendas Parlamentares<\/button><button class=\"emp-tab-btn\" data-tab=\"declaracoes\">Declara\u00e7\u00f5es<\/button><\/div><div class=\"emp-tab-content active\" id=\"tab-emendas\"><div class=\"emp-filtros\"><div class=\"emp-filtros-container\"><div class=\"emp-filtro-item\"><label for=\"filtro-parlamentar\">Parlamentar:<\/label><select id=\"filtro-parlamentar\" class=\"emp-filtro-select\"><option value=\"\">Todos os Parlamentares<\/option><option value=\"2020\">2020<\/option><option value=\"BANCADA DO MARANH\u00c3O\">BANCADA DO MARANH\u00c3O<\/option><option value=\"Bancada do Maranh\u00e3o\">Bancada do Maranh\u00e3o<\/option><option value=\"Cleber Verde\">Cleber Verde<\/option><option value=\"DECLARA\u00c7\u00c3O INEXIST\u00caNCIA DE EMENDAS PARLAMENTARES\">DECLARA\u00c7\u00c3O INEXIST\u00caNCIA DE EMENDAS PARLAMENTARES<\/option><option value=\"Edilazio Junior\">Edilazio Junior<\/option><option value=\"Eliziane Gama\">Eliziane Gama<\/option><option value=\"Gil Cutrim\">Gil Cutrim<\/option><option value=\"Hildo Rocha\">Hildo Rocha<\/option><option value=\"Juscelino Filho\">Juscelino Filho<\/option><option value=\"Roberto Rocha\">Roberto Rocha<\/option><option value=\"WEVERTON ROCHA\">WEVERTON ROCHA<\/option><option value=\"Werverton Rocha\">Werverton Rocha<\/option><\/select><\/div><div class=\"emp-filtro-item\"><label for=\"filtro-tipo\">Tipo:<\/label><select id=\"filtro-tipo\" class=\"emp-filtro-select\"><option value=\"\">Todos os Tipos<\/option><option value=\"emenda-bloco-bancada\">Emenda de Bloco e Bancada<\/option><option value=\"emenda-individual\">Emenda individual<\/option><\/select><\/div><div class=\"emp-filtro-item\"><label for=\"filtro-ano\">Ano:<\/label><select id=\"filtro-ano\" class=\"emp-filtro-select\"><option value=\"\">Todos os Anos<\/option><option value=\"2026\">2026<\/option><option value=\"2025\">2025<\/option><option value=\"2024\">2024<\/option><option value=\"2023\">2023<\/option><option value=\"2022\">2022<\/option><option value=\"2021\">2021<\/option><option value=\"2020\">2020<\/option><option value=\"2001\">2001<\/option><\/select><\/div><div class=\"emp-filtro-item\"><label for=\"filtro-localidade\">Localidade:<\/label><select id=\"filtro-localidade\" class=\"emp-filtro-select\"><option value=\"\">Todas as Localidades<\/option><option value=\"FUNDO MUNICIPAL DE SA\u00daDE\">FUNDO MUNICIPAL DE SA\u00daDE<\/option><option value=\"Fundo Municipal de Assist\u00eancia Social do Munic\u00edpio de Magalh\u00e3es de Almeida\">Fundo Municipal de Assist\u00eancia Social do Munic\u00edpio de Magalh\u00e3es de Almeida<\/option><option value=\"Fundo Municipal de Sa\u00fade - Magalh\u00e3es de Almeida\">Fundo Municipal de Sa\u00fade - Magalh\u00e3es de Almeida<\/option><option value=\"Fundo Municipal de Sa\u00fade de Munic\u00edpio de Magalh\u00e3es de Almeida\">Fundo Municipal de Sa\u00fade de Munic\u00edpio de Magalh\u00e3es de Almeida<\/option><option value=\"Fundo Municipal de Sa\u00fade do Munic\u00edpio de Magalh\u00e3es de Almeida\">Fundo Municipal de Sa\u00fade do Munic\u00edpio de Magalh\u00e3es de Almeida<\/option><option value=\"MAGALH\u00c3ES DE ALMEIDA\">MAGALH\u00c3ES DE ALMEIDA<\/option><option value=\"Magalh\u00e3es de Almeida\">Magalh\u00e3es de Almeida<\/option><option value=\"Magalh\u00e3es de Almeida-MA\">Magalh\u00e3es de Almeida-MA<\/option><option value=\"Munic\u00edpio de Magalh\u00e3es de Almeida\">Munic\u00edpio de Magalh\u00e3es de Almeida<\/option><option value=\"Munic\u00edpio de Magalh\u00e3es de Almeida - MA\">Munic\u00edpio de Magalh\u00e3es de Almeida - MA<\/option><\/select><\/div><div class=\"emp-filtro-item\"><label for=\"filtro-funcao\">Fun\u00e7\u00e3o de Governo:<\/label><select id=\"filtro-funcao\" class=\"emp-filtro-select\"><option value=\"\">Todas as Fun\u00e7\u00f5es<\/option><option value=\"Assist\u00eancia Social\">Assist\u00eancia Social<\/option><option value=\"Encargos Especiais\">Encargos Especiais<\/option><option value=\"Sa\u00fade\">Sa\u00fade<\/option><option value=\"Urbanismo\">Urbanismo<\/option><\/select><\/div><\/div><div class=\"emp-filtro-acoes\"><button id=\"emp-aplicar-filtro\" class=\"emp-filtro-btn emp-aplicar-btn\">Aplicar Filtro<\/button><button id=\"emp-limpar-filtro\" class=\"emp-filtro-btn emp-limpar-btn\">Limpar Filtro<\/button><\/div><\/div><div class=\"emp-export-buttons\"><p class=mt->Exportar:<\/p><button class=\"emp-export\" data-format=\"csv\">Exportar CSV<\/button><button class=\"emp-export\" data-format=\"excel\">Exportar Excel<\/button><button class=\"emp-export\" data-format=\"pdf\">Exportar PDF<\/button><button class=\"emp-export\" data-format=\"json\">Exportar JSON<\/button><\/div><div class=\"emp-table-container\"><table class=\"emp-table\" id=\"tabela-emendas\"><thead><tr><th data-sort=\"id\">ID<\/th><th data-sort=\"parlamentar\">Parlamentar<\/th><th data-sort=\"numero_ano\">N\u00ba\/Ano<\/th><th data-sort=\"data\">Data<\/th><th data-sort=\"tipo\">Tipo<\/th><th data-sort=\"valor_previsto\">Valor Previsto<\/th><th data-sort=\"valor_realizado\">Valor Realizado<\/th><th data-sort=\"valor_pago\" class=\"coluna-oculta\">Valor Pago<\/th><th data-sort=\"funcao_governo\" class=\"coluna-oculta\">Fun\u00e7\u00e3o de Governo<\/th><th data-sort=\"objeto\" class=\"coluna-oculta\">Objeto<\/th><th data-sort=\"localidade\">Localidade<\/th><th>Detalhes<\/th><th>Ver Emenda<\/th><\/tr><\/thead><tbody><tr data-tipo-valor=\"\" data-funcao-governo=\"\" data-parlamentar=\"DECLARA\u00c7\u00c3O INEXIST\u00caNCIA DE EMENDAS PARLAMENTARES\" data-localidade=\"Munic\u00edpio de Magalh\u00e3es de Almeida - MA\"><td>26966<\/td><td>DECLARA\u00c7\u00c3O INEXIST\u00caNCIA DE EMENDAS PARLAMENTARES<\/td><td>02\/2026<\/td><td>09\/04\/2026<\/td><td><\/td><td class=\"valor-monetario\"><\/td><td class=\"valor-monetario\"><\/td><td class=\"valor-monetario coluna-oculta\"><\/td><td class=\"coluna-oculta\"><\/td><td class=\"coluna-oculta\"><\/td><td>Munic\u00edpio de Magalh\u00e3es de Almeida - MA<\/td><td class=\"coluna-detalhes\"><button type=\"button\" class=\"emp-btn-detalhes\" data-id=\"26966\">Detalhes<\/button><div id=\"dados-ocultos-26966\" class=\"dados-detalhes-ocultos\" style=\"display:none;\"><span data-campo=\"titulo\">Emenda Parlamentar N\u00ba 02\/2026 - Autor: DECLARA\u00c7\u00c3O INEXIST\u00caNCIA DE EMENDAS PARLAMENTARES<\/span><span data-campo=\"parlamentar\">DECLARA\u00c7\u00c3O INEXIST\u00caNCIA DE EMENDAS PARLAMENTARES<\/span><span data-campo=\"numero_ano\">02\/2026<\/span><span data-campo=\"data\">09\/04\/2026<\/span><span data-campo=\"tipo\"><\/span><span data-campo=\"valor_previsto\"><\/span><span data-campo=\"valor_realizado\"><\/span><span data-campo=\"valor_pago\" id=\"hidden-valor_pago-26966\"><\/span><span data-campo=\"funcao_governo\" id=\"hidden-funcao_governo-26966\"><\/span><span data-campo=\"localidade\">Munic\u00edpio de Magalh\u00e3es de Almeida - MA<\/span><span data-campo=\"objeto\" id=\"hidden-objeto-26966\"><\/span><div class=\"emp-arquivos-lista\" data-campo=\"arquivos\"><div class=\"emp-arquivo-item\"><span class=\"emp-arquivo-descricao\"><\/span><a class=\"emp-arquivo-download\" href=\"https:\/\/magalhaesdealmeida.ma.gov.br\/transparencia\/wp-content\/uploads\/2026\/04\/EMENDAS-PARLAMENTARES.pdf\" target=\"_blank\" download>Download<\/a><\/div><\/div><\/div><td class=\"coluna-ver-emenda\"><a href=\"https:\/\/magalhaesdealmeida.ma.gov.br\/transparencia\/emenda\/emenda-parlamentar-no-02-2026-autor-declaracao-inexistencia-de-emendas-parlamentares\/\" class=\"emp-btn-ver-emenda\" target=\"_blank\">Ver Emenda<\/a><\/td><\/td><\/tr><tr data-tipo-valor=\"\" data-funcao-governo=\"\" data-parlamentar=\"DECLARA\u00c7\u00c3O INEXIST\u00caNCIA DE EMENDAS PARLAMENTARES\" data-localidade=\"Munic\u00edpio de Magalh\u00e3es de Almeida - MA\"><td>26771<\/td><td>DECLARA\u00c7\u00c3O INEXIST\u00caNCIA DE EMENDAS PARLAMENTARES<\/td><td>01\/2026<\/td><td>04\/03\/2026<\/td><td><\/td><td class=\"valor-monetario\"><\/td><td class=\"valor-monetario\"><\/td><td class=\"valor-monetario coluna-oculta\"><\/td><td class=\"coluna-oculta\"><\/td><td class=\"coluna-oculta\"><\/td><td>Munic\u00edpio de Magalh\u00e3es de Almeida - MA<\/td><td class=\"coluna-detalhes\"><button type=\"button\" class=\"emp-btn-detalhes\" data-id=\"26771\">Detalhes<\/button><div id=\"dados-ocultos-26771\" class=\"dados-detalhes-ocultos\" style=\"display:none;\"><span data-campo=\"titulo\">Emenda Parlamentar N\u00ba 01\/2026 - Autor: DECLARA\u00c7\u00c3O INEXIST\u00caNCIA DE EMENDAS PARLAMENTARES<\/span><span data-campo=\"parlamentar\">DECLARA\u00c7\u00c3O INEXIST\u00caNCIA DE EMENDAS PARLAMENTARES<\/span><span data-campo=\"numero_ano\">01\/2026<\/span><span data-campo=\"data\">04\/03\/2026<\/span><span data-campo=\"tipo\"><\/span><span data-campo=\"valor_previsto\"><\/span><span data-campo=\"valor_realizado\"><\/span><span data-campo=\"valor_pago\" id=\"hidden-valor_pago-26771\"><\/span><span data-campo=\"funcao_governo\" id=\"hidden-funcao_governo-26771\"><\/span><span data-campo=\"localidade\">Munic\u00edpio de Magalh\u00e3es de Almeida - MA<\/span><span data-campo=\"objeto\" id=\"hidden-objeto-26771\"><\/span><div class=\"emp-arquivos-lista\" data-campo=\"arquivos\"><div class=\"emp-arquivo-item\"><span class=\"emp-arquivo-descricao\"><\/span><a class=\"emp-arquivo-download\" href=\"https:\/\/magalhaesdealmeida.ma.gov.br\/transparencia\/wp-content\/uploads\/2026\/03\/EMENDAS-PARLAMENTARES.pdf\" target=\"_blank\" download>Download<\/a><\/div><\/div><\/div><td class=\"coluna-ver-emenda\"><a href=\"https:\/\/magalhaesdealmeida.ma.gov.br\/transparencia\/emenda\/emenda-parlamentar-no-01-2026-autor-declaracao-inexistencia-de-emendas-parlamentares\/\" class=\"emp-btn-ver-emenda\" target=\"_blank\">Ver Emenda<\/a><\/td><\/td><\/tr><tr data-tipo-valor=\"\" data-funcao-governo=\"\" data-parlamentar=\"DECLARA\u00c7\u00c3O INEXIST\u00caNCIA DE EMENDAS PARLAMENTARES\" data-localidade=\"Magalh\u00e3es de Almeida-MA\"><td>26405<\/td><td>DECLARA\u00c7\u00c3O INEXIST\u00caNCIA DE EMENDAS PARLAMENTARES<\/td><td>07\/2025<\/td><td>03\/12\/2025<\/td><td><\/td><td class=\"valor-monetario\"><\/td><td class=\"valor-monetario\"><\/td><td class=\"valor-monetario coluna-oculta\"><\/td><td class=\"coluna-oculta\"><\/td><td class=\"coluna-oculta\"><\/td><td>Magalh\u00e3es de Almeida-MA<\/td><td class=\"coluna-detalhes\"><button type=\"button\" class=\"emp-btn-detalhes\" data-id=\"26405\">Detalhes<\/button><div id=\"dados-ocultos-26405\" class=\"dados-detalhes-ocultos\" style=\"display:none;\"><span data-campo=\"titulo\">Emenda Parlamentar N\u00ba 07\/2025 - Autor: DECLARA\u00c7\u00c3O INEXIST\u00caNCIA DE EMENDAS PARLAMENTARES<\/span><span data-campo=\"parlamentar\">DECLARA\u00c7\u00c3O INEXIST\u00caNCIA DE EMENDAS PARLAMENTARES<\/span><span data-campo=\"numero_ano\">07\/2025<\/span><span data-campo=\"data\">03\/12\/2025<\/span><span data-campo=\"tipo\"><\/span><span data-campo=\"valor_previsto\"><\/span><span data-campo=\"valor_realizado\"><\/span><span data-campo=\"valor_pago\" id=\"hidden-valor_pago-26405\"><\/span><span data-campo=\"funcao_governo\" id=\"hidden-funcao_governo-26405\"><\/span><span data-campo=\"localidade\">Magalh\u00e3es de Almeida-MA<\/span><span data-campo=\"objeto\" id=\"hidden-objeto-26405\"><\/span><div class=\"emp-arquivos-lista\" data-campo=\"arquivos\"><div class=\"emp-arquivo-item\"><span class=\"emp-arquivo-descricao\"><\/span><a class=\"emp-arquivo-download\" href=\"https:\/\/magalhaesdealmeida.ma.gov.br\/transparencia\/wp-content\/uploads\/2025\/12\/EMENDAS-PARLAMENTARES-2025-dezembro.pdf\" target=\"_blank\" download>Download<\/a><\/div><\/div><\/div><td class=\"coluna-ver-emenda\"><a href=\"https:\/\/magalhaesdealmeida.ma.gov.br\/transparencia\/emenda\/emenda-parlamentar-no-07-2025-autor-declaracao-inexistencia-de-emendas-parlamentares\/\" class=\"emp-btn-ver-emenda\" target=\"_blank\">Ver Emenda<\/a><\/td><\/td><\/tr><tr data-tipo-valor=\"\" data-funcao-governo=\"\" data-parlamentar=\"DECLARA\u00c7\u00c3O INEXIST\u00caNCIA DE EMENDAS PARLAMENTARES\" data-localidade=\"Magalh\u00e3es de Almeida-MA\"><td>26293<\/td><td>DECLARA\u00c7\u00c3O INEXIST\u00caNCIA DE EMENDAS PARLAMENTARES<\/td><td>06.2025<\/td><td>05\/11\/2025<\/td><td><\/td><td class=\"valor-monetario\"><\/td><td class=\"valor-monetario\"><\/td><td class=\"valor-monetario coluna-oculta\"><\/td><td class=\"coluna-oculta\"><\/td><td class=\"coluna-oculta\"><\/td><td>Magalh\u00e3es de Almeida-MA<\/td><td class=\"coluna-detalhes\"><button type=\"button\" class=\"emp-btn-detalhes\" data-id=\"26293\">Detalhes<\/button><div id=\"dados-ocultos-26293\" class=\"dados-detalhes-ocultos\" style=\"display:none;\"><span data-campo=\"titulo\">Emenda Parlamentar N\u00ba 06.2025 - Autor: DECLARA\u00c7\u00c3O INEXIST\u00caNCIA DE EMENDAS PARLAMENTARES<\/span><span data-campo=\"parlamentar\">DECLARA\u00c7\u00c3O INEXIST\u00caNCIA DE EMENDAS PARLAMENTARES<\/span><span data-campo=\"numero_ano\">06.2025<\/span><span data-campo=\"data\">05\/11\/2025<\/span><span data-campo=\"tipo\"><\/span><span data-campo=\"valor_previsto\"><\/span><span data-campo=\"valor_realizado\"><\/span><span data-campo=\"valor_pago\" id=\"hidden-valor_pago-26293\"><\/span><span data-campo=\"funcao_governo\" id=\"hidden-funcao_governo-26293\"><\/span><span data-campo=\"localidade\">Magalh\u00e3es de Almeida-MA<\/span><span data-campo=\"objeto\" id=\"hidden-objeto-26293\"><\/span><div class=\"emp-arquivos-lista\" data-campo=\"arquivos\"><div class=\"emp-arquivo-item\"><span class=\"emp-arquivo-descricao\"><\/span><a class=\"emp-arquivo-download\" href=\"https:\/\/magalhaesdealmeida.ma.gov.br\/transparencia\/wp-content\/uploads\/2025\/11\/EMENDAS-PARLAMENTARES-10.2025.pdf\" target=\"_blank\" download>Download<\/a><\/div><\/div><\/div><td class=\"coluna-ver-emenda\"><a href=\"https:\/\/magalhaesdealmeida.ma.gov.br\/transparencia\/emenda\/emenda-parlamentar-no-06-2025-autor-declaracao-inexistencia-de-emendas-parlamentares\/\" class=\"emp-btn-ver-emenda\" target=\"_blank\">Ver Emenda<\/a><\/td><\/td><\/tr><tr data-tipo-valor=\"\" data-funcao-governo=\"\" data-parlamentar=\"DECLARA\u00c7\u00c3O INEXIST\u00caNCIA DE EMENDAS PARLAMENTARES\" data-localidade=\"Magalh\u00e3es de Almeida-MA\"><td>26177<\/td><td>DECLARA\u00c7\u00c3O INEXIST\u00caNCIA DE EMENDAS PARLAMENTARES<\/td><td>05\/2025<\/td><td>07\/10\/2025<\/td><td><\/td><td class=\"valor-monetario\"><\/td><td class=\"valor-monetario\"><\/td><td class=\"valor-monetario coluna-oculta\"><\/td><td class=\"coluna-oculta\"><\/td><td class=\"coluna-oculta\"><\/td><td>Magalh\u00e3es de Almeida-MA<\/td><td class=\"coluna-detalhes\"><button type=\"button\" class=\"emp-btn-detalhes\" data-id=\"26177\">Detalhes<\/button><div id=\"dados-ocultos-26177\" class=\"dados-detalhes-ocultos\" style=\"display:none;\"><span data-campo=\"titulo\">Emenda Parlamentar N\u00ba 05\/2025 - Autor: DECLARA\u00c7\u00c3O INEXIST\u00caNCIA DE EMENDAS PARLAMENTARES<\/span><span data-campo=\"parlamentar\">DECLARA\u00c7\u00c3O INEXIST\u00caNCIA DE EMENDAS PARLAMENTARES<\/span><span data-campo=\"numero_ano\">05\/2025<\/span><span data-campo=\"data\">07\/10\/2025<\/span><span data-campo=\"tipo\"><\/span><span data-campo=\"valor_previsto\"><\/span><span data-campo=\"valor_realizado\"><\/span><span data-campo=\"valor_pago\" id=\"hidden-valor_pago-26177\"><\/span><span data-campo=\"funcao_governo\" id=\"hidden-funcao_governo-26177\"><\/span><span data-campo=\"localidade\">Magalh\u00e3es de Almeida-MA<\/span><span data-campo=\"objeto\" id=\"hidden-objeto-26177\"><\/span><div class=\"emp-arquivos-lista\" data-campo=\"arquivos\"><div class=\"emp-arquivo-item\"><span class=\"emp-arquivo-descricao\"><\/span><a class=\"emp-arquivo-download\" href=\"https:\/\/magalhaesdealmeida.ma.gov.br\/transparencia\/wp-content\/uploads\/2025\/10\/EMENDAS-PARLAMENTARES-2025.pdf\" target=\"_blank\" download>Download<\/a><\/div><\/div><\/div><td class=\"coluna-ver-emenda\"><a href=\"https:\/\/magalhaesdealmeida.ma.gov.br\/transparencia\/emenda\/emenda-parlamentar-no-01-2025-autor-declaracao-inexistencia-de-emendas-parlamentares-2\/\" class=\"emp-btn-ver-emenda\" target=\"_blank\">Ver Emenda<\/a><\/td><\/td><\/tr><tr data-tipo-valor=\"emenda-individual\" data-funcao-governo=\"Sa\u00fade\" data-parlamentar=\"WEVERTON ROCHA\" data-localidade=\"FUNDO MUNICIPAL DE SA\u00daDE\"><td>26115<\/td><td>WEVERTON ROCHA<\/td><td>2025<\/td><td>22\/08\/2025<\/td><td>Emenda individual<\/td><td class=\"valor-monetario\">R$&nbsp;300.000,00<\/td><td class=\"valor-monetario\">R$&nbsp;300.000,00<\/td><td class=\"valor-monetario coluna-oculta\">R$&nbsp;300.000,00<\/td><td class=\"coluna-oculta\">Sa\u00fade<\/td><td class=\"coluna-oculta\">INCREMENTO TEMPOR\u00c1RIO AO CUSTEIO DOS ERVI\u00c7OS DE ASSIST\u00caNCIA HOSPITALAR E AMBULATORIAL PARA CUMPRIMENTOS DE METAS<\/td><td>FUNDO MUNICIPAL DE SA\u00daDE<\/td><td class=\"coluna-detalhes\"><button type=\"button\" class=\"emp-btn-detalhes\" data-id=\"26115\">Detalhes<\/button><div id=\"dados-ocultos-26115\" class=\"dados-detalhes-ocultos\" style=\"display:none;\"><span data-campo=\"titulo\">Emenda Parlamentar N\u00ba 2025 - Autor: WEVERTON ROCHA<\/span><span data-campo=\"parlamentar\">WEVERTON ROCHA<\/span><span data-campo=\"numero_ano\">2025<\/span><span data-campo=\"data\">22\/08\/2025<\/span><span data-campo=\"tipo\">Emenda individual<\/span><span data-campo=\"valor_previsto\">R$&nbsp;300.000,00<\/span><span data-campo=\"valor_realizado\">R$&nbsp;300.000,00<\/span><span data-campo=\"valor_pago\" id=\"hidden-valor_pago-26115\">R$&nbsp;300.000,00<\/span><span data-campo=\"funcao_governo\" id=\"hidden-funcao_governo-26115\">Sa\u00fade<\/span><span data-campo=\"localidade\">FUNDO MUNICIPAL DE SA\u00daDE<\/span><span data-campo=\"objeto\" id=\"hidden-objeto-26115\">INCREMENTO TEMPOR\u00c1RIO AO CUSTEIO DOS ERVI\u00c7OS DE ASSIST\u00caNCIA HOSPITALAR E AMBULATORIAL PARA CUMPRIMENTOS DE METAS<\/span><div class=\"emp-arquivos-lista\" data-campo=\"arquivos\"><div class=\"emp-arquivo-item\"><span class=\"emp-arquivo-descricao\"><\/span><a class=\"emp-arquivo-download\" href=\"https:\/\/magalhaesdealmeida.ma.gov.br\/transparencia\/wp-content\/uploads\/2025\/09\/PAGTO-OB-2025OB041059-R-300.00000-22-08-2025.pdf\" target=\"_blank\" download>Download<\/a><\/div><\/div><\/div><td class=\"coluna-ver-emenda\"><a href=\"https:\/\/magalhaesdealmeida.ma.gov.br\/transparencia\/emenda\/emenda-parlamentar-no-2025-autor-weverton-rocha\/\" class=\"emp-btn-ver-emenda\" target=\"_blank\">Ver Emenda<\/a><\/td><\/td><\/tr><tr data-tipo-valor=\"\" data-funcao-governo=\"\" data-parlamentar=\"DECLARA\u00c7\u00c3O INEXIST\u00caNCIA DE EMENDAS PARLAMENTARES\" data-localidade=\"Magalh\u00e3es de Almeida-MA\"><td>26056<\/td><td>DECLARA\u00c7\u00c3O INEXIST\u00caNCIA DE EMENDAS PARLAMENTARES<\/td><td>04.2025<\/td><td>02\/08\/2025<\/td><td><\/td><td class=\"valor-monetario\"><\/td><td class=\"valor-monetario\"><\/td><td class=\"valor-monetario coluna-oculta\"><\/td><td class=\"coluna-oculta\"><\/td><td class=\"coluna-oculta\"><\/td><td>Magalh\u00e3es de Almeida-MA<\/td><td class=\"coluna-detalhes\"><button type=\"button\" class=\"emp-btn-detalhes\" data-id=\"26056\">Detalhes<\/button><div id=\"dados-ocultos-26056\" class=\"dados-detalhes-ocultos\" style=\"display:none;\"><span data-campo=\"titulo\">Emenda Parlamentar N\u00ba 04.2025 - Autor: DECLARA\u00c7\u00c3O INEXIST\u00caNCIA DE EMENDAS PARLAMENTARES<\/span><span data-campo=\"parlamentar\">DECLARA\u00c7\u00c3O INEXIST\u00caNCIA DE EMENDAS PARLAMENTARES<\/span><span data-campo=\"numero_ano\">04.2025<\/span><span data-campo=\"data\">02\/08\/2025<\/span><span data-campo=\"tipo\"><\/span><span data-campo=\"valor_previsto\"><\/span><span data-campo=\"valor_realizado\"><\/span><span data-campo=\"valor_pago\" id=\"hidden-valor_pago-26056\"><\/span><span data-campo=\"funcao_governo\" id=\"hidden-funcao_governo-26056\"><\/span><span data-campo=\"localidade\">Magalh\u00e3es de Almeida-MA<\/span><span data-campo=\"objeto\" id=\"hidden-objeto-26056\"><\/span><div class=\"emp-arquivos-lista\" data-campo=\"arquivos\"><div class=\"emp-arquivo-item\"><span class=\"emp-arquivo-descricao\"><\/span><a class=\"emp-arquivo-download\" href=\"https:\/\/magalhaesdealmeida.ma.gov.br\/transparencia\/wp-content\/uploads\/2025\/09\/TRANSFERENCIAS-VOLUNTARIAS-RECEBIDAS.pdf\" target=\"_blank\" download>Download<\/a><\/div><div class=\"emp-arquivo-item\"><span class=\"emp-arquivo-descricao\"><\/span><a class=\"emp-arquivo-download\" href=\"https:\/\/magalhaesdealmeida.ma.gov.br\/transparencia\/wp-content\/uploads\/2025\/09\/TRANSFERENCIAS-VOLUNTARIAS-REALIZADAS.pdf\" target=\"_blank\" download>Download<\/a><\/div><div class=\"emp-arquivo-item\"><span class=\"emp-arquivo-descricao\"><\/span><a class=\"emp-arquivo-download\" href=\"https:\/\/magalhaesdealmeida.ma.gov.br\/transparencia\/wp-content\/uploads\/2025\/09\/TRANSFERENCIA-VOLUNTARIA-SEM-RECURSOS-FINANCEIROS.pdf\" target=\"_blank\" download>Download<\/a><\/div><div class=\"emp-arquivo-item\"><span class=\"emp-arquivo-descricao\"><\/span><a class=\"emp-arquivo-download\" href=\"https:\/\/magalhaesdealmeida.ma.gov.br\/transparencia\/wp-content\/uploads\/2025\/09\/TERCEIRIZADOS.pdf\" target=\"_blank\" download>Download<\/a><\/div><div class=\"emp-arquivo-item\"><span class=\"emp-arquivo-descricao\"><\/span><a class=\"emp-arquivo-download\" href=\"https:\/\/magalhaesdealmeida.ma.gov.br\/transparencia\/wp-content\/uploads\/2025\/09\/PLANEJAMENTO-ESTRATEGICO-2025.pdf\" target=\"_blank\" download>Download<\/a><\/div><div class=\"emp-arquivo-item\"><span class=\"emp-arquivo-descricao\"><\/span><a class=\"emp-arquivo-download\" href=\"https:\/\/magalhaesdealmeida.ma.gov.br\/transparencia\/wp-content\/uploads\/2025\/09\/OBRAS-PARALISADAS.pdf\" target=\"_blank\" download>Download<\/a><\/div><div class=\"emp-arquivo-item\"><span class=\"emp-arquivo-descricao\"><\/span><a class=\"emp-arquivo-download\" href=\"https:\/\/magalhaesdealmeida.ma.gov.br\/transparencia\/wp-content\/uploads\/2025\/09\/OBRAS-2025.pdf\" target=\"_blank\" download>Download<\/a><\/div><div class=\"emp-arquivo-item\"><span class=\"emp-arquivo-descricao\"><\/span><a class=\"emp-arquivo-download\" href=\"https:\/\/magalhaesdealmeida.ma.gov.br\/transparencia\/wp-content\/uploads\/2025\/09\/LICITANTES-E-CONTRATOS-SANCIONADOS.pdf\" target=\"_blank\" download>Download<\/a><\/div><div class=\"emp-arquivo-item\"><span class=\"emp-arquivo-descricao\"><\/span><a class=\"emp-arquivo-download\" href=\"https:\/\/magalhaesdealmeida.ma.gov.br\/transparencia\/wp-content\/uploads\/2025\/09\/JULGAMENTO-DAS-CONTAS-DO-EXECULTIVO-PELO-LEGISLATIVO-2025.pdf\" target=\"_blank\" download>Download<\/a><\/div><div class=\"emp-arquivo-item\"><span class=\"emp-arquivo-descricao\"><\/span><a class=\"emp-arquivo-download\" href=\"https:\/\/magalhaesdealmeida.ma.gov.br\/transparencia\/wp-content\/uploads\/2025\/09\/ESTAGIARIOS.pdf\" target=\"_blank\" download>Download<\/a><\/div><div class=\"emp-arquivo-item\"><span class=\"emp-arquivo-descricao\"><\/span><a class=\"emp-arquivo-download\" href=\"https:\/\/magalhaesdealmeida.ma.gov.br\/transparencia\/wp-content\/uploads\/2025\/09\/EMENDAS-PARLAMENTARES-2025.pdf\" target=\"_blank\" download>Download<\/a><\/div><\/div><\/div><td class=\"coluna-ver-emenda\"><a href=\"https:\/\/magalhaesdealmeida.ma.gov.br\/transparencia\/emenda\/emenda-parlamentar-no-08-2025-autor-declaracao-inexistencia-de-emendas-parlamentares\/\" class=\"emp-btn-ver-emenda\" target=\"_blank\">Ver Emenda<\/a><\/td><\/td><\/tr><tr data-tipo-valor=\"\" data-funcao-governo=\"\" data-parlamentar=\"DECLARA\u00c7\u00c3O INEXIST\u00caNCIA DE EMENDAS PARLAMENTARES\" data-localidade=\"Magalh\u00e3es de Almeida-MA\"><td>25743<\/td><td>DECLARA\u00c7\u00c3O INEXIST\u00caNCIA DE EMENDAS PARLAMENTARES<\/td><td>03\/2025<\/td><td>01\/08\/2025<\/td><td><\/td><td class=\"valor-monetario\"><\/td><td class=\"valor-monetario\"><\/td><td class=\"valor-monetario coluna-oculta\"><\/td><td class=\"coluna-oculta\"><\/td><td class=\"coluna-oculta\"><\/td><td>Magalh\u00e3es de Almeida-MA<\/td><td class=\"coluna-detalhes\"><button type=\"button\" class=\"emp-btn-detalhes\" data-id=\"25743\">Detalhes<\/button><div id=\"dados-ocultos-25743\" class=\"dados-detalhes-ocultos\" style=\"display:none;\"><span data-campo=\"titulo\">Emenda Parlamentar N\u00ba 03\/2025 - Autor: DECLARA\u00c7\u00c3O INEXIST\u00caNCIA DE EMENDAS PARLAMENTARES<\/span><span data-campo=\"parlamentar\">DECLARA\u00c7\u00c3O INEXIST\u00caNCIA DE EMENDAS PARLAMENTARES<\/span><span data-campo=\"numero_ano\">03\/2025<\/span><span data-campo=\"data\">01\/08\/2025<\/span><span data-campo=\"tipo\"><\/span><span data-campo=\"valor_previsto\"><\/span><span data-campo=\"valor_realizado\"><\/span><span data-campo=\"valor_pago\" id=\"hidden-valor_pago-25743\"><\/span><span data-campo=\"funcao_governo\" id=\"hidden-funcao_governo-25743\"><\/span><span data-campo=\"localidade\">Magalh\u00e3es de Almeida-MA<\/span><span data-campo=\"objeto\" id=\"hidden-objeto-25743\"><\/span><div class=\"emp-arquivos-lista\" data-campo=\"arquivos\"><div class=\"emp-arquivo-item\"><span class=\"emp-arquivo-descricao\"><\/span><a class=\"emp-arquivo-download\" href=\"https:\/\/magalhaesdealmeida.ma.gov.br\/transparencia\/wp-content\/uploads\/2025\/08\/EMENDAS-PARLAMENTARES-2025.pdf\" target=\"_blank\" download>Download<\/a><\/div><\/div><\/div><td class=\"coluna-ver-emenda\"><a href=\"https:\/\/magalhaesdealmeida.ma.gov.br\/transparencia\/emenda\/emenda-parlamentar-no-02-2025-autor-declaracao-inexistencia-de-emendas-parlamentares\/\" class=\"emp-btn-ver-emenda\" target=\"_blank\">Ver Emenda<\/a><\/td><\/td><\/tr><tr data-tipo-valor=\"\" data-funcao-governo=\"\" data-parlamentar=\"DECLARA\u00c7\u00c3O INEXIST\u00caNCIA DE EMENDAS PARLAMENTARES\" data-localidade=\"Munic\u00edpio de Magalh\u00e3es de Almeida\"><td>25519<\/td><td>DECLARA\u00c7\u00c3O INEXIST\u00caNCIA DE EMENDAS PARLAMENTARES<\/td><td>02\/2025<\/td><td>01\/07\/2025<\/td><td><\/td><td class=\"valor-monetario\"><\/td><td class=\"valor-monetario\"><\/td><td class=\"valor-monetario coluna-oculta\"><\/td><td class=\"coluna-oculta\"><\/td><td class=\"coluna-oculta\">DECLARA\u00c7\u00c3O INEXIST\u00caNCIA DE EMENDAS PARLAMENTARES<\/td><td>Munic\u00edpio de Magalh\u00e3es de Almeida<\/td><td class=\"coluna-detalhes\"><button type=\"button\" class=\"emp-btn-detalhes\" data-id=\"25519\">Detalhes<\/button><div id=\"dados-ocultos-25519\" class=\"dados-detalhes-ocultos\" style=\"display:none;\"><span data-campo=\"titulo\">Emenda Parlamentar N\u00ba 02\/2025 - Autor: DECLARA\u00c7\u00c3O INEXIST\u00caNCIA DE EMENDAS PARLAMENTARES<\/span><span data-campo=\"parlamentar\">DECLARA\u00c7\u00c3O INEXIST\u00caNCIA DE EMENDAS PARLAMENTARES<\/span><span data-campo=\"numero_ano\">02\/2025<\/span><span data-campo=\"data\">01\/07\/2025<\/span><span data-campo=\"tipo\"><\/span><span data-campo=\"valor_previsto\"><\/span><span data-campo=\"valor_realizado\"><\/span><span data-campo=\"valor_pago\" id=\"hidden-valor_pago-25519\"><\/span><span data-campo=\"funcao_governo\" id=\"hidden-funcao_governo-25519\"><\/span><span data-campo=\"localidade\">Munic\u00edpio de Magalh\u00e3es de Almeida<\/span><span data-campo=\"objeto\" id=\"hidden-objeto-25519\">DECLARA\u00c7\u00c3O INEXIST\u00caNCIA DE EMENDAS PARLAMENTARES<\/span><div class=\"emp-arquivos-lista\" data-campo=\"arquivos\"><div class=\"emp-arquivo-item\"><span class=\"emp-arquivo-descricao\"><\/span><a class=\"emp-arquivo-download\" href=\"https:\/\/magalhaesdealmeida.ma.gov.br\/transparencia\/wp-content\/uploads\/2025\/07\/EMENDAS-PARLAMENTARES-2025.pdf\" target=\"_blank\" download>Download<\/a><\/div><\/div><\/div><td class=\"coluna-ver-emenda\"><a href=\"https:\/\/magalhaesdealmeida.ma.gov.br\/transparencia\/emenda\/emenda-parlamentar-no-01-2025-autor-declaracao-inexistencia-de-emendas-parlamentares\/\" class=\"emp-btn-ver-emenda\" target=\"_blank\">Ver Emenda<\/a><\/td><\/td><\/tr><tr data-tipo-valor=\"emenda-individual\" data-funcao-governo=\"\" data-parlamentar=\"DECLARA\u00c7\u00c3O INEXIST\u00caNCIA DE EMENDAS PARLAMENTARES\" data-localidade=\"Munic\u00edpio de Magalh\u00e3es de Almeida\"><td>25466<\/td><td>DECLARA\u00c7\u00c3O INEXIST\u00caNCIA DE EMENDAS PARLAMENTARES<\/td><td>01\/2025<\/td><td>29\/05\/2025<\/td><td>Emenda individual<\/td><td class=\"valor-monetario\"><\/td><td class=\"valor-monetario\"><\/td><td class=\"valor-monetario coluna-oculta\"><\/td><td class=\"coluna-oculta\"><\/td><td class=\"coluna-oculta\">DECLARA\u00c7\u00c3O INEXIST\u00caNCIA DE EMENDAS PARLAMENTARES<\/td><td>Munic\u00edpio de Magalh\u00e3es de Almeida<\/td><td class=\"coluna-detalhes\"><button type=\"button\" class=\"emp-btn-detalhes\" data-id=\"25466\">Detalhes<\/button><div id=\"dados-ocultos-25466\" class=\"dados-detalhes-ocultos\" style=\"display:none;\"><span data-campo=\"titulo\">Emenda Parlamentar N\u00ba 01\/2025 - Autor: DECLARA\u00c7\u00c3O INEXIST\u00caNCIA DE EMENDAS PARLAMENTARES<\/span><span data-campo=\"parlamentar\">DECLARA\u00c7\u00c3O INEXIST\u00caNCIA DE EMENDAS PARLAMENTARES<\/span><span data-campo=\"numero_ano\">01\/2025<\/span><span data-campo=\"data\">29\/05\/2025<\/span><span data-campo=\"tipo\">Emenda individual<\/span><span data-campo=\"valor_previsto\"><\/span><span data-campo=\"valor_realizado\"><\/span><span data-campo=\"valor_pago\" id=\"hidden-valor_pago-25466\"><\/span><span data-campo=\"funcao_governo\" id=\"hidden-funcao_governo-25466\"><\/span><span data-campo=\"localidade\">Munic\u00edpio de Magalh\u00e3es de Almeida<\/span><span data-campo=\"objeto\" id=\"hidden-objeto-25466\">DECLARA\u00c7\u00c3O INEXIST\u00caNCIA DE EMENDAS PARLAMENTARES<\/span><div class=\"emp-arquivos-lista\" data-campo=\"arquivos\"><div class=\"emp-arquivo-item\"><span class=\"emp-arquivo-descricao\"><\/span><a class=\"emp-arquivo-download\" href=\"https:\/\/magalhaesdealmeida.ma.gov.br\/transparencia\/wp-content\/uploads\/2025\/06\/EMENDAS-PARLAMENTARES-2025.pdf\" target=\"_blank\" download>Download<\/a><\/div><\/div><\/div><td class=\"coluna-ver-emenda\"><a href=\"https:\/\/magalhaesdealmeida.ma.gov.br\/transparencia\/emenda\/25466\/\" class=\"emp-btn-ver-emenda\" target=\"_blank\">Ver Emenda<\/a><\/td><\/td><\/tr><tr data-tipo-valor=\"emenda-individual\" data-funcao-governo=\"Encargos Especiais\" data-parlamentar=\"Cleber Verde\" data-localidade=\"Munic\u00edpio de Magalh\u00e3es de Almeida\"><td>25420<\/td><td>Cleber Verde<\/td><td>202423880009\/2024<\/td><td>12\/12\/2024<\/td><td>Emenda individual<\/td><td class=\"valor-monetario\">R$&nbsp;1.000.000,00<\/td><td class=\"valor-monetario\">R$&nbsp;1.000.000,00<\/td><td class=\"valor-monetario coluna-oculta\">R$&nbsp;1.000.000,00<\/td><td class=\"coluna-oculta\">Encargos Especiais<\/td><td class=\"coluna-oculta\">TRANSFERENCIA ESPECIAL<\/td><td>Munic\u00edpio de Magalh\u00e3es de Almeida<\/td><td class=\"coluna-detalhes\"><button type=\"button\" class=\"emp-btn-detalhes\" data-id=\"25420\">Detalhes<\/button><div id=\"dados-ocultos-25420\" class=\"dados-detalhes-ocultos\" style=\"display:none;\"><span data-campo=\"titulo\">Emenda Parlamentar N\u00ba 202423880009\/2024 - Autor: Cleber Verde<\/span><span data-campo=\"parlamentar\">Cleber Verde<\/span><span data-campo=\"numero_ano\">202423880009\/2024<\/span><span data-campo=\"data\">12\/12\/2024<\/span><span data-campo=\"tipo\">Emenda individual<\/span><span data-campo=\"valor_previsto\">R$&nbsp;1.000.000,00<\/span><span data-campo=\"valor_realizado\">R$&nbsp;1.000.000,00<\/span><span data-campo=\"valor_pago\" id=\"hidden-valor_pago-25420\">R$&nbsp;1.000.000,00<\/span><span data-campo=\"funcao_governo\" id=\"hidden-funcao_governo-25420\">Encargos Especiais<\/span><span data-campo=\"localidade\">Munic\u00edpio de Magalh\u00e3es de Almeida<\/span><span data-campo=\"objeto\" id=\"hidden-objeto-25420\">TRANSFERENCIA ESPECIAL<\/span><div class=\"emp-arquivos-lista\" data-campo=\"arquivos\"><div class=\"emp-arquivo-item\"><span class=\"emp-arquivo-descricao\"><\/span><a class=\"emp-arquivo-download\" href=\"https:\/\/magalhaesdealmeida.ma.gov.br\/transparencia\/wp-content\/uploads\/2025\/06\/PAGTO-OB-2024OB006483-R-1.000.00000-12-12-2024.pdf\" target=\"_blank\" download>Download<\/a><\/div><\/div><\/div><td class=\"coluna-ver-emenda\"><a href=\"https:\/\/magalhaesdealmeida.ma.gov.br\/transparencia\/emenda\/emenda-parlamentar-no-202423880009-2024-autor-cleber-verde\/\" class=\"emp-btn-ver-emenda\" target=\"_blank\">Ver Emenda<\/a><\/td><\/td><\/tr><tr data-tipo-valor=\"emenda-individual\" data-funcao-governo=\"Encargos Especiais\" data-parlamentar=\"Eliziane Gama\" data-localidade=\"Munic\u00edpio de Magalh\u00e3es de Almeida\"><td>25418<\/td><td>Eliziane Gama<\/td><td>202441390003\/2024<\/td><td>03\/07\/2024<\/td><td>Emenda individual<\/td><td class=\"valor-monetario\">R$&nbsp;2.100.000,00<\/td><td class=\"valor-monetario\">R$&nbsp;2.100.000,00<\/td><td class=\"valor-monetario coluna-oculta\">R$&nbsp;2.100.000,00<\/td><td class=\"coluna-oculta\">Encargos Especiais<\/td><td class=\"coluna-oculta\">TRANSFERENCIA ESPECIAL<\/td><td>Munic\u00edpio de Magalh\u00e3es de Almeida<\/td><td class=\"coluna-detalhes\"><button type=\"button\" class=\"emp-btn-detalhes\" data-id=\"25418\">Detalhes<\/button><div id=\"dados-ocultos-25418\" class=\"dados-detalhes-ocultos\" style=\"display:none;\"><span data-campo=\"titulo\">Emenda Parlamentar N\u00ba 202441390003\/2024 - Autor: Eliziane Gama<\/span><span data-campo=\"parlamentar\">Eliziane Gama<\/span><span data-campo=\"numero_ano\">202441390003\/2024<\/span><span data-campo=\"data\">03\/07\/2024<\/span><span data-campo=\"tipo\">Emenda individual<\/span><span data-campo=\"valor_previsto\">R$&nbsp;2.100.000,00<\/span><span data-campo=\"valor_realizado\">R$&nbsp;2.100.000,00<\/span><span data-campo=\"valor_pago\" id=\"hidden-valor_pago-25418\">R$&nbsp;2.100.000,00<\/span><span data-campo=\"funcao_governo\" id=\"hidden-funcao_governo-25418\">Encargos Especiais<\/span><span data-campo=\"localidade\">Munic\u00edpio de Magalh\u00e3es de Almeida<\/span><span data-campo=\"objeto\" id=\"hidden-objeto-25418\">TRANSFERENCIA ESPECIAL<\/span><div class=\"emp-arquivos-lista\" data-campo=\"arquivos\"><div class=\"emp-arquivo-item\"><span class=\"emp-arquivo-descricao\"><\/span><a class=\"emp-arquivo-download\" href=\"https:\/\/magalhaesdealmeida.ma.gov.br\/transparencia\/wp-content\/uploads\/2025\/06\/PAGTO-OB-2024OB003150-R-2.100.00000-03-07-2025.pdf\" target=\"_blank\" download>Download<\/a><\/div><\/div><\/div><td class=\"coluna-ver-emenda\"><a href=\"https:\/\/magalhaesdealmeida.ma.gov.br\/transparencia\/emenda\/emenda-parlamentar-no-202441390003-2024-autor-eliziane-gama\/\" class=\"emp-btn-ver-emenda\" target=\"_blank\">Ver Emenda<\/a><\/td><\/td><\/tr><tr data-tipo-valor=\"emenda-individual\" data-funcao-governo=\"Encargos Especiais\" data-parlamentar=\"Werverton Rocha\" data-localidade=\"Munic\u00edpio de Magalh\u00e3es de Almeida\"><td>25416<\/td><td>Werverton Rocha<\/td><td>202440840005\/2024<\/td><td>03\/07\/2024<\/td><td>Emenda individual<\/td><td class=\"valor-monetario\">R$&nbsp;2.300.000,00<\/td><td class=\"valor-monetario\">R$&nbsp;2.300.000,00<\/td><td class=\"valor-monetario coluna-oculta\">R$&nbsp;2.300.000,00<\/td><td class=\"coluna-oculta\">Encargos Especiais<\/td><td class=\"coluna-oculta\">TRANSFERENCIA ESPECIAL<\/td><td>Munic\u00edpio de Magalh\u00e3es de Almeida<\/td><td class=\"coluna-detalhes\"><button type=\"button\" class=\"emp-btn-detalhes\" data-id=\"25416\">Detalhes<\/button><div id=\"dados-ocultos-25416\" class=\"dados-detalhes-ocultos\" style=\"display:none;\"><span data-campo=\"titulo\">Emenda Parlamentar N\u00ba 202440840005\/2024 - Autor: Werverton Rocha<\/span><span data-campo=\"parlamentar\">Werverton Rocha<\/span><span data-campo=\"numero_ano\">202440840005\/2024<\/span><span data-campo=\"data\">03\/07\/2024<\/span><span data-campo=\"tipo\">Emenda individual<\/span><span data-campo=\"valor_previsto\">R$&nbsp;2.300.000,00<\/span><span data-campo=\"valor_realizado\">R$&nbsp;2.300.000,00<\/span><span data-campo=\"valor_pago\" id=\"hidden-valor_pago-25416\">R$&nbsp;2.300.000,00<\/span><span data-campo=\"funcao_governo\" id=\"hidden-funcao_governo-25416\">Encargos Especiais<\/span><span data-campo=\"localidade\">Munic\u00edpio de Magalh\u00e3es de Almeida<\/span><span data-campo=\"objeto\" id=\"hidden-objeto-25416\">TRANSFERENCIA ESPECIAL<\/span><div class=\"emp-arquivos-lista\" data-campo=\"arquivos\"><div class=\"emp-arquivo-item\"><span class=\"emp-arquivo-descricao\"><\/span><a class=\"emp-arquivo-download\" href=\"https:\/\/magalhaesdealmeida.ma.gov.br\/transparencia\/wp-content\/uploads\/2025\/06\/PAGTO-OB-2024OB002984-R-2.300.00000-03-07-2024.pdf\" target=\"_blank\" download>Download<\/a><\/div><\/div><\/div><td class=\"coluna-ver-emenda\"><a href=\"https:\/\/magalhaesdealmeida.ma.gov.br\/transparencia\/emenda\/emenda-parlamentar-no-202440840005-2024-autor-werverton-rocha\/\" class=\"emp-btn-ver-emenda\" target=\"_blank\">Ver Emenda<\/a><\/td><\/td><\/tr><tr data-tipo-valor=\"emenda-individual\" data-funcao-governo=\"Encargos Especiais\" data-parlamentar=\"Eliziane Gama\" data-localidade=\"Munic\u00edpio de Magalh\u00e3es de Almeida\"><td>25306<\/td><td>Eliziane Gama<\/td><td>20244139003\/2024<\/td><td>03\/07\/2024<\/td><td>Emenda individual<\/td><td class=\"valor-monetario\">R$&nbsp;900.000,00<\/td><td class=\"valor-monetario\">R$&nbsp;900.000,00<\/td><td class=\"valor-monetario coluna-oculta\">R$&nbsp;900.000,00<\/td><td class=\"coluna-oculta\">Encargos Especiais<\/td><td class=\"coluna-oculta\">TRANSFERENCIA ESPECIAL<\/td><td>Munic\u00edpio de Magalh\u00e3es de Almeida<\/td><td class=\"coluna-detalhes\"><button type=\"button\" class=\"emp-btn-detalhes\" data-id=\"25306\">Detalhes<\/button><div id=\"dados-ocultos-25306\" class=\"dados-detalhes-ocultos\" style=\"display:none;\"><span data-campo=\"titulo\">Emenda Parlamentar N\u00ba 20244139003\/2024 - Autor: Eliziane Gama<\/span><span data-campo=\"parlamentar\">Eliziane Gama<\/span><span data-campo=\"numero_ano\">20244139003\/2024<\/span><span data-campo=\"data\">03\/07\/2024<\/span><span data-campo=\"tipo\">Emenda individual<\/span><span data-campo=\"valor_previsto\">R$&nbsp;900.000,00<\/span><span data-campo=\"valor_realizado\">R$&nbsp;900.000,00<\/span><span data-campo=\"valor_pago\" id=\"hidden-valor_pago-25306\">R$&nbsp;900.000,00<\/span><span data-campo=\"funcao_governo\" id=\"hidden-funcao_governo-25306\">Encargos Especiais<\/span><span data-campo=\"localidade\">Munic\u00edpio de Magalh\u00e3es de Almeida<\/span><span data-campo=\"objeto\" id=\"hidden-objeto-25306\">TRANSFERENCIA ESPECIAL<\/span><div class=\"emp-arquivos-lista\" data-campo=\"arquivos\"><div class=\"emp-arquivo-item\"><span class=\"emp-arquivo-descricao\"><\/span><a class=\"emp-arquivo-download\" href=\"https:\/\/magalhaesdealmeida.ma.gov.br\/transparencia\/wp-content\/uploads\/2025\/05\/PAGTO-OB-2024OB003151-R-900.00000-03-07-2024.pdf\" target=\"_blank\" download>Download<\/a><\/div><\/div><\/div><td class=\"coluna-ver-emenda\"><a href=\"https:\/\/magalhaesdealmeida.ma.gov.br\/transparencia\/emenda\/emenda-parlamentar-no-2024-autor-eliziane-gama\/\" class=\"emp-btn-ver-emenda\" target=\"_blank\">Ver Emenda<\/a><\/td><\/td><\/tr><tr data-tipo-valor=\"emenda-individual\" data-funcao-governo=\"Assist\u00eancia Social\" data-parlamentar=\"Werverton Rocha\" data-localidade=\"Fundo Municipal de Assist\u00eancia Social do Munic\u00edpio de Magalh\u00e3es de Almeida\"><td>25302<\/td><td>Werverton Rocha<\/td><td>202440840004\/2024<\/td><td>21\/05\/2024<\/td><td>Emenda individual<\/td><td class=\"valor-monetario\">R$&nbsp;200.000,00<\/td><td class=\"valor-monetario\">R$&nbsp;200.000,00<\/td><td class=\"valor-monetario coluna-oculta\">R$&nbsp;200.000,00<\/td><td class=\"coluna-oculta\">Assist\u00eancia Social<\/td><td class=\"coluna-oculta\">ESTRUTURA\u00c7\u00c3O DA REDE DE SERVI\u00c7OS DO SUAS - CUSTEIO<\/td><td>Fundo Municipal de Assist\u00eancia Social do Munic\u00edpio de Magalh\u00e3es de Almeida<\/td><td class=\"coluna-detalhes\"><button type=\"button\" class=\"emp-btn-detalhes\" data-id=\"25302\">Detalhes<\/button><div id=\"dados-ocultos-25302\" class=\"dados-detalhes-ocultos\" style=\"display:none;\"><span data-campo=\"titulo\">Emenda Parlamentar N\u00ba 202440840004\/2024 - Autor: Werverton Rocha<\/span><span data-campo=\"parlamentar\">Werverton Rocha<\/span><span data-campo=\"numero_ano\">202440840004\/2024<\/span><span data-campo=\"data\">21\/05\/2024<\/span><span data-campo=\"tipo\">Emenda individual<\/span><span data-campo=\"valor_previsto\">R$&nbsp;200.000,00<\/span><span data-campo=\"valor_realizado\">R$&nbsp;200.000,00<\/span><span data-campo=\"valor_pago\" id=\"hidden-valor_pago-25302\">R$&nbsp;200.000,00<\/span><span data-campo=\"funcao_governo\" id=\"hidden-funcao_governo-25302\">Assist\u00eancia Social<\/span><span data-campo=\"localidade\">Fundo Municipal de Assist\u00eancia Social do Munic\u00edpio de Magalh\u00e3es de Almeida<\/span><span data-campo=\"objeto\" id=\"hidden-objeto-25302\">ESTRUTURA\u00c7\u00c3O DA REDE DE SERVI\u00c7OS DO SUAS - CUSTEIO<\/span><div class=\"emp-arquivos-lista\" data-campo=\"arquivos\"><div class=\"emp-arquivo-item\"><span class=\"emp-arquivo-descricao\"><\/span><a class=\"emp-arquivo-download\" href=\"https:\/\/magalhaesdealmeida.ma.gov.br\/transparencia\/wp-content\/uploads\/2025\/05\/PAGTO-OB-2024OB003980-R-200.00000-21-05-2024.pdf\" target=\"_blank\" download>Download<\/a><\/div><\/div><\/div><td class=\"coluna-ver-emenda\"><a href=\"https:\/\/magalhaesdealmeida.ma.gov.br\/transparencia\/emenda\/emenda-parlamentar-no-2024-autor-werverton-rocha-2\/\" class=\"emp-btn-ver-emenda\" target=\"_blank\">Ver Emenda<\/a><\/td><\/td><\/tr><tr data-tipo-valor=\"emenda-individual\" data-funcao-governo=\"Sa\u00fade\" data-parlamentar=\"Werverton Rocha\" data-localidade=\"Fundo Municipal de Sa\u00fade de Munic\u00edpio de Magalh\u00e3es de Almeida\"><td>25301<\/td><td>Werverton Rocha<\/td><td>202440840003\/2024<\/td><td>20\/05\/2024<\/td><td>Emenda individual<\/td><td class=\"valor-monetario\">R$&nbsp;3.000.000,00<\/td><td class=\"valor-monetario\">R$&nbsp;3.000.000,00<\/td><td class=\"valor-monetario coluna-oculta\">R$&nbsp;7.145.000,00<\/td><td class=\"coluna-oculta\">Sa\u00fade<\/td><td class=\"coluna-oculta\">INCREMENTO TEMPOR\u00c1RIO AO CUSTEIO DOS SERVI\u00c7OS DE ATEN\u00c7\u00c3O PRIM\u00c1RIA A SA\u00daDE PARA CUMPRIMENTO DE METAS<\/td><td>Fundo Municipal de Sa\u00fade de Munic\u00edpio de Magalh\u00e3es de Almeida<\/td><td class=\"coluna-detalhes\"><button type=\"button\" class=\"emp-btn-detalhes\" data-id=\"25301\">Detalhes<\/button><div id=\"dados-ocultos-25301\" class=\"dados-detalhes-ocultos\" style=\"display:none;\"><span data-campo=\"titulo\">Emenda Parlamentar N\u00ba 202440840003\/2024 - Autor: Werverton Rocha<\/span><span data-campo=\"parlamentar\">Werverton Rocha<\/span><span data-campo=\"numero_ano\">202440840003\/2024<\/span><span data-campo=\"data\">20\/05\/2024<\/span><span data-campo=\"tipo\">Emenda individual<\/span><span data-campo=\"valor_previsto\">R$&nbsp;3.000.000,00<\/span><span data-campo=\"valor_realizado\">R$&nbsp;3.000.000,00<\/span><span data-campo=\"valor_pago\" id=\"hidden-valor_pago-25301\">R$&nbsp;7.145.000,00<\/span><span data-campo=\"funcao_governo\" id=\"hidden-funcao_governo-25301\">Sa\u00fade<\/span><span data-campo=\"localidade\">Fundo Municipal de Sa\u00fade de Munic\u00edpio de Magalh\u00e3es de Almeida<\/span><span data-campo=\"objeto\" id=\"hidden-objeto-25301\">INCREMENTO TEMPOR\u00c1RIO AO CUSTEIO DOS SERVI\u00c7OS DE ATEN\u00c7\u00c3O PRIM\u00c1RIA A SA\u00daDE PARA CUMPRIMENTO DE METAS<\/span><div class=\"emp-arquivos-lista\" data-campo=\"arquivos\"><div class=\"emp-arquivo-item\"><span class=\"emp-arquivo-descricao\"><\/span><a class=\"emp-arquivo-download\" href=\"https:\/\/magalhaesdealmeida.ma.gov.br\/transparencia\/wp-content\/uploads\/2025\/05\/PAGTO-OB-2024OB013104-R-3.000.00000-20-05-2024.pdf\" target=\"_blank\" download>Download<\/a><\/div><\/div><\/div><td class=\"coluna-ver-emenda\"><a href=\"https:\/\/magalhaesdealmeida.ma.gov.br\/transparencia\/emenda\/emenda-parlamentar-no-2024-autor-werverton-rocha\/\" class=\"emp-btn-ver-emenda\" target=\"_blank\">Ver Emenda<\/a><\/td><\/td><\/tr><tr data-tipo-valor=\"emenda-individual\" data-funcao-governo=\"Encargos Especiais\" data-parlamentar=\"Eliziane Gama\" data-localidade=\"Munic\u00edpio de Magalh\u00e3es de Almeida\"><td>25464<\/td><td>Eliziane Gama<\/td><td>202341390003\/2023<\/td><td>26\/12\/2023<\/td><td>Emenda individual<\/td><td class=\"valor-monetario\">R$&nbsp;586.113,00<\/td><td class=\"valor-monetario\">R$&nbsp;586.113,00<\/td><td class=\"valor-monetario coluna-oculta\">R$&nbsp;586.113,00<\/td><td class=\"coluna-oculta\">Encargos Especiais<\/td><td class=\"coluna-oculta\">TRANSFERENCIA ESPECIAL<\/td><td>Munic\u00edpio de Magalh\u00e3es de Almeida<\/td><td class=\"coluna-detalhes\"><button type=\"button\" class=\"emp-btn-detalhes\" data-id=\"25464\">Detalhes<\/button><div id=\"dados-ocultos-25464\" class=\"dados-detalhes-ocultos\" style=\"display:none;\"><span data-campo=\"titulo\">Emenda Parlamentar N\u00ba 202341390003\/2023 - Autor: Eliziane Gama<\/span><span data-campo=\"parlamentar\">Eliziane Gama<\/span><span data-campo=\"numero_ano\">202341390003\/2023<\/span><span data-campo=\"data\">26\/12\/2023<\/span><span data-campo=\"tipo\">Emenda individual<\/span><span data-campo=\"valor_previsto\">R$&nbsp;586.113,00<\/span><span data-campo=\"valor_realizado\">R$&nbsp;586.113,00<\/span><span data-campo=\"valor_pago\" id=\"hidden-valor_pago-25464\">R$&nbsp;586.113,00<\/span><span data-campo=\"funcao_governo\" id=\"hidden-funcao_governo-25464\">Encargos Especiais<\/span><span data-campo=\"localidade\">Munic\u00edpio de Magalh\u00e3es de Almeida<\/span><span data-campo=\"objeto\" id=\"hidden-objeto-25464\">TRANSFERENCIA ESPECIAL<\/span><div class=\"emp-arquivos-lista\" data-campo=\"arquivos\"><div class=\"emp-arquivo-item\"><span class=\"emp-arquivo-descricao\"><\/span><a class=\"emp-arquivo-download\" href=\"https:\/\/magalhaesdealmeida.ma.gov.br\/transparencia\/wp-content\/uploads\/2025\/06\/PAGTO-OB-2023OB815836-26-12-2023.pdf\" target=\"_blank\" download>Download<\/a><\/div><\/div><\/div><td class=\"coluna-ver-emenda\"><a href=\"https:\/\/magalhaesdealmeida.ma.gov.br\/transparencia\/emenda\/emenda-parlamentar-no-202341390003-2023-autor-eliziane-gama-4\/\" class=\"emp-btn-ver-emenda\" target=\"_blank\">Ver Emenda<\/a><\/td><\/td><\/tr><tr data-tipo-valor=\"emenda-individual\" data-funcao-governo=\"Encargos Especiais\" data-parlamentar=\"Eliziane Gama\" data-localidade=\"Munic\u00edpio de Magalh\u00e3es de Almeida\"><td>25462<\/td><td>Eliziane Gama<\/td><td>202341390003\/2023<\/td><td>26\/12\/2023<\/td><td>Emenda individual<\/td><td class=\"valor-monetario\">R$&nbsp;340.116,00<\/td><td class=\"valor-monetario\">R$&nbsp;340.116,00<\/td><td class=\"valor-monetario coluna-oculta\">R$&nbsp;340.116,00<\/td><td class=\"coluna-oculta\">Encargos Especiais<\/td><td class=\"coluna-oculta\">TRANSFERENCIA ESPECIAL<\/td><td>Munic\u00edpio de Magalh\u00e3es de Almeida<\/td><td class=\"coluna-detalhes\"><button type=\"button\" class=\"emp-btn-detalhes\" data-id=\"25462\">Detalhes<\/button><div id=\"dados-ocultos-25462\" class=\"dados-detalhes-ocultos\" style=\"display:none;\"><span data-campo=\"titulo\">Emenda Parlamentar N\u00ba 202341390003\/2023 - Autor: Eliziane Gama<\/span><span data-campo=\"parlamentar\">Eliziane Gama<\/span><span data-campo=\"numero_ano\">202341390003\/2023<\/span><span data-campo=\"data\">26\/12\/2023<\/span><span data-campo=\"tipo\">Emenda individual<\/span><span data-campo=\"valor_previsto\">R$&nbsp;340.116,00<\/span><span data-campo=\"valor_realizado\">R$&nbsp;340.116,00<\/span><span data-campo=\"valor_pago\" id=\"hidden-valor_pago-25462\">R$&nbsp;340.116,00<\/span><span data-campo=\"funcao_governo\" id=\"hidden-funcao_governo-25462\">Encargos Especiais<\/span><span data-campo=\"localidade\">Munic\u00edpio de Magalh\u00e3es de Almeida<\/span><span data-campo=\"objeto\" id=\"hidden-objeto-25462\">TRANSFERENCIA ESPECIAL<\/span><div class=\"emp-arquivos-lista\" data-campo=\"arquivos\"><div class=\"emp-arquivo-item\"><span class=\"emp-arquivo-descricao\"><\/span><a class=\"emp-arquivo-download\" href=\"https:\/\/magalhaesdealmeida.ma.gov.br\/transparencia\/wp-content\/uploads\/2025\/06\/PAGTO-OB-2023OB815835-26-12-2023.pdf\" target=\"_blank\" download>Download<\/a><\/div><\/div><\/div><td class=\"coluna-ver-emenda\"><a href=\"https:\/\/magalhaesdealmeida.ma.gov.br\/transparencia\/emenda\/emenda-parlamentar-no-202341390003-2023-autor-eliziane-gama-3\/\" class=\"emp-btn-ver-emenda\" target=\"_blank\">Ver Emenda<\/a><\/td><\/td><\/tr><tr data-tipo-valor=\"emenda-individual\" data-funcao-governo=\"Encargos Especiais\" data-parlamentar=\"Gil Cutrim\" data-localidade=\"Munic\u00edpio de Magalh\u00e3es de Almeida\"><td>25459<\/td><td>Gil Cutrim<\/td><td>202339980001\/2023<\/td><td>11\/12\/2023<\/td><td>Emenda individual<\/td><td class=\"valor-monetario\">R$&nbsp;1.632.548,75<\/td><td class=\"valor-monetario\">R$&nbsp;1.632.548,75<\/td><td class=\"valor-monetario coluna-oculta\">R$&nbsp;2.443.813,00<\/td><td class=\"coluna-oculta\">Encargos Especiais<\/td><td class=\"coluna-oculta\">TRANSFERENCIA ESPECIAL<\/td><td>Munic\u00edpio de Magalh\u00e3es de Almeida<\/td><td class=\"coluna-detalhes\"><button type=\"button\" class=\"emp-btn-detalhes\" data-id=\"25459\">Detalhes<\/button><div id=\"dados-ocultos-25459\" class=\"dados-detalhes-ocultos\" style=\"display:none;\"><span data-campo=\"titulo\">Emenda Parlamentar N\u00ba 202339980001\/2023 - Autor: Gil Cutrim<\/span><span data-campo=\"parlamentar\">Gil Cutrim<\/span><span data-campo=\"numero_ano\">202339980001\/2023<\/span><span data-campo=\"data\">11\/12\/2023<\/span><span data-campo=\"tipo\">Emenda individual<\/span><span data-campo=\"valor_previsto\">R$&nbsp;1.632.548,75<\/span><span data-campo=\"valor_realizado\">R$&nbsp;1.632.548,75<\/span><span data-campo=\"valor_pago\" id=\"hidden-valor_pago-25459\">R$&nbsp;2.443.813,00<\/span><span data-campo=\"funcao_governo\" id=\"hidden-funcao_governo-25459\">Encargos Especiais<\/span><span data-campo=\"localidade\">Munic\u00edpio de Magalh\u00e3es de Almeida<\/span><span data-campo=\"objeto\" id=\"hidden-objeto-25459\">TRANSFERENCIA ESPECIAL<\/span><div class=\"emp-arquivos-lista\" data-campo=\"arquivos\"><div class=\"emp-arquivo-item\"><span class=\"emp-arquivo-descricao\"><\/span><a class=\"emp-arquivo-download\" href=\"https:\/\/magalhaesdealmeida.ma.gov.br\/transparencia\/wp-content\/uploads\/2025\/06\/PAGTO-OB-2023OB810770-R-811.26425-02-10-2023-1.pdf\" target=\"_blank\" download>Download<\/a><\/div><div class=\"emp-arquivo-item\"><span class=\"emp-arquivo-descricao\"><\/span><a class=\"emp-arquivo-download\" href=\"https:\/\/magalhaesdealmeida.ma.gov.br\/transparencia\/wp-content\/uploads\/2025\/06\/PAGTO-OB-2023OB813913-R1.632.54875-11-12-2023-1.pdf\" target=\"_blank\" download>Download<\/a><\/div><\/div><\/div><td class=\"coluna-ver-emenda\"><a href=\"https:\/\/magalhaesdealmeida.ma.gov.br\/transparencia\/emenda\/emenda-parlamentar-no-202339980001-2023-autor-gil-cutrim-2\/\" class=\"emp-btn-ver-emenda\" target=\"_blank\">Ver Emenda<\/a><\/td><\/td><\/tr><tr data-tipo-valor=\"emenda-individual\" data-funcao-governo=\"Sa\u00fade\" data-parlamentar=\"Roberto Rocha\" data-localidade=\"Fundo Municipal de Sa\u00fade do Munic\u00edpio de Magalh\u00e3es de Almeida\"><td>25457<\/td><td>Roberto Rocha<\/td><td>202338110002\/2023<\/td><td>29\/11\/2023<\/td><td>Emenda individual<\/td><td class=\"valor-monetario\">R$&nbsp;114.400,00<\/td><td class=\"valor-monetario\">R$&nbsp;114.400,00<\/td><td class=\"valor-monetario coluna-oculta\">R$&nbsp;9.404.679,00<\/td><td class=\"coluna-oculta\">Sa\u00fade<\/td><td class=\"coluna-oculta\">INCREMENTO TEMPOR\u00c1RIO AO CUSTEIO DOS SERVI\u00c7OS DE ASSIST\u00caNCIA HOSPITALAR E AMBULATORIAL PARA CUMPRIMENTO DE METAS<\/td><td>Fundo Municipal de Sa\u00fade do Munic\u00edpio de Magalh\u00e3es de Almeida<\/td><td class=\"coluna-detalhes\"><button type=\"button\" class=\"emp-btn-detalhes\" data-id=\"25457\">Detalhes<\/button><div id=\"dados-ocultos-25457\" class=\"dados-detalhes-ocultos\" style=\"display:none;\"><span data-campo=\"titulo\">Emenda Parlamentar N\u00ba 202338110002\/2023 - Autor: Roberto Rocha<\/span><span data-campo=\"parlamentar\">Roberto Rocha<\/span><span data-campo=\"numero_ano\">202338110002\/2023<\/span><span data-campo=\"data\">29\/11\/2023<\/span><span data-campo=\"tipo\">Emenda individual<\/span><span data-campo=\"valor_previsto\">R$&nbsp;114.400,00<\/span><span data-campo=\"valor_realizado\">R$&nbsp;114.400,00<\/span><span data-campo=\"valor_pago\" id=\"hidden-valor_pago-25457\">R$&nbsp;9.404.679,00<\/span><span data-campo=\"funcao_governo\" id=\"hidden-funcao_governo-25457\">Sa\u00fade<\/span><span data-campo=\"localidade\">Fundo Municipal de Sa\u00fade do Munic\u00edpio de Magalh\u00e3es de Almeida<\/span><span data-campo=\"objeto\" id=\"hidden-objeto-25457\">INCREMENTO TEMPOR\u00c1RIO AO CUSTEIO DOS SERVI\u00c7OS DE ASSIST\u00caNCIA HOSPITALAR E AMBULATORIAL PARA CUMPRIMENTO DE METAS<\/span><div class=\"emp-arquivos-lista\" data-campo=\"arquivos\"><div class=\"emp-arquivo-item\"><span class=\"emp-arquivo-descricao\"><\/span><a class=\"emp-arquivo-download\" href=\"https:\/\/magalhaesdealmeida.ma.gov.br\/transparencia\/wp-content\/uploads\/2025\/06\/PAGTO-OB-2023OB829820-29-11-2023-R114.40000.pdf\" target=\"_blank\" download>Download<\/a><\/div><\/div><\/div><td class=\"coluna-ver-emenda\"><a href=\"https:\/\/magalhaesdealmeida.ma.gov.br\/transparencia\/emenda\/emenda-parlamentar-no-202338110002-2023-autor-roberto-rocha\/\" class=\"emp-btn-ver-emenda\" target=\"_blank\">Ver Emenda<\/a><\/td><\/td><\/tr><tr data-tipo-valor=\"emenda-bloco-bancada\" data-funcao-governo=\"Sa\u00fade\" data-parlamentar=\"Bancada do Maranh\u00e3o\" data-localidade=\"Fundo Municipal de Sa\u00fade do Munic\u00edpio de Magalh\u00e3es de Almeida\"><td>25455<\/td><td>Bancada do Maranh\u00e3o<\/td><td>202371110002\/2023<\/td><td>02\/10\/2023<\/td><td>Emenda de Bloco e Bancada<\/td><td class=\"valor-monetario\">R$&nbsp;1.500.000,00<\/td><td class=\"valor-monetario\">R$&nbsp;1.500.000,00<\/td><td class=\"valor-monetario coluna-oculta\">R$&nbsp;12.414.928,00<\/td><td class=\"coluna-oculta\">Sa\u00fade<\/td><td class=\"coluna-oculta\">INCREMENTO TEMPOR\u00c1RIO AO CUSTEIO DOS SERVI\u00c7OS DE ATEN\u00c7\u00c3O PRIMARIA A SAUDE PARA CUMPRIMENTO DE METAS<\/td><td>Fundo Municipal de Sa\u00fade do Munic\u00edpio de Magalh\u00e3es de Almeida<\/td><td class=\"coluna-detalhes\"><button type=\"button\" class=\"emp-btn-detalhes\" data-id=\"25455\">Detalhes<\/button><div id=\"dados-ocultos-25455\" class=\"dados-detalhes-ocultos\" style=\"display:none;\"><span data-campo=\"titulo\">Emenda Parlamentar N\u00ba 202371110002\/2023 - Autor: Bancada do Maranh\u00e3o<\/span><span data-campo=\"parlamentar\">Bancada do Maranh\u00e3o<\/span><span data-campo=\"numero_ano\">202371110002\/2023<\/span><span data-campo=\"data\">02\/10\/2023<\/span><span data-campo=\"tipo\">Emenda de Bloco e Bancada<\/span><span data-campo=\"valor_previsto\">R$&nbsp;1.500.000,00<\/span><span data-campo=\"valor_realizado\">R$&nbsp;1.500.000,00<\/span><span data-campo=\"valor_pago\" id=\"hidden-valor_pago-25455\">R$&nbsp;12.414.928,00<\/span><span data-campo=\"funcao_governo\" id=\"hidden-funcao_governo-25455\">Sa\u00fade<\/span><span data-campo=\"localidade\">Fundo Municipal de Sa\u00fade do Munic\u00edpio de Magalh\u00e3es de Almeida<\/span><span data-campo=\"objeto\" id=\"hidden-objeto-25455\">INCREMENTO TEMPOR\u00c1RIO AO CUSTEIO DOS SERVI\u00c7OS DE ATEN\u00c7\u00c3O PRIMARIA A SAUDE PARA CUMPRIMENTO DE METAS<\/span><div class=\"emp-arquivos-lista\" data-campo=\"arquivos\"><div class=\"emp-arquivo-item\"><span class=\"emp-arquivo-descricao\"><\/span><a class=\"emp-arquivo-download\" href=\"https:\/\/magalhaesdealmeida.ma.gov.br\/transparencia\/wp-content\/uploads\/2025\/06\/PAGTO-OB-2023OB823296-R-1.500.00000-02-10-2023.pdf\" target=\"_blank\" download>Download<\/a><\/div><\/div><\/div><td class=\"coluna-ver-emenda\"><a href=\"https:\/\/magalhaesdealmeida.ma.gov.br\/transparencia\/emenda\/emenda-parlamentar-no-202371110002-2023-autor-bancada-do-maranhao\/\" class=\"emp-btn-ver-emenda\" target=\"_blank\">Ver Emenda<\/a><\/td><\/td><\/tr><tr data-tipo-valor=\"emenda-individual\" data-funcao-governo=\"Encargos Especiais\" data-parlamentar=\"Werverton Rocha\" data-localidade=\"Munic\u00edpio de Magalh\u00e3es de Almeida\"><td>25453<\/td><td>Werverton Rocha<\/td><td>202340840002\/2023<\/td><td>02\/10\/2023<\/td><td>Emenda individual<\/td><td class=\"valor-monetario\">R$&nbsp;2.000.000,00<\/td><td class=\"valor-monetario\">R$&nbsp;2.000.000,00<\/td><td class=\"valor-monetario coluna-oculta\">R$&nbsp;2.000.000,00<\/td><td class=\"coluna-oculta\">Encargos Especiais<\/td><td class=\"coluna-oculta\">TRANSFERENCIA ESPECIAL<\/td><td>Munic\u00edpio de Magalh\u00e3es de Almeida<\/td><td class=\"coluna-detalhes\"><button type=\"button\" class=\"emp-btn-detalhes\" data-id=\"25453\">Detalhes<\/button><div id=\"dados-ocultos-25453\" class=\"dados-detalhes-ocultos\" style=\"display:none;\"><span data-campo=\"titulo\">Emenda Parlamentar N\u00ba 202340840002\/2023 - Autor: Werverton Rocha<\/span><span data-campo=\"parlamentar\">Werverton Rocha<\/span><span data-campo=\"numero_ano\">202340840002\/2023<\/span><span data-campo=\"data\">02\/10\/2023<\/span><span data-campo=\"tipo\">Emenda individual<\/span><span data-campo=\"valor_previsto\">R$&nbsp;2.000.000,00<\/span><span data-campo=\"valor_realizado\">R$&nbsp;2.000.000,00<\/span><span data-campo=\"valor_pago\" id=\"hidden-valor_pago-25453\">R$&nbsp;2.000.000,00<\/span><span data-campo=\"funcao_governo\" id=\"hidden-funcao_governo-25453\">Encargos Especiais<\/span><span data-campo=\"localidade\">Munic\u00edpio de Magalh\u00e3es de Almeida<\/span><span data-campo=\"objeto\" id=\"hidden-objeto-25453\">TRANSFERENCIA ESPECIAL<\/span><div class=\"emp-arquivos-lista\" data-campo=\"arquivos\"><div class=\"emp-arquivo-item\"><span class=\"emp-arquivo-descricao\"><\/span><a class=\"emp-arquivo-download\" href=\"https:\/\/magalhaesdealmeida.ma.gov.br\/transparencia\/wp-content\/uploads\/2025\/06\/PAGTO-OB-2023OB811112-02-10-2023.pdf\" target=\"_blank\" download>Download<\/a><\/div><\/div><\/div><td class=\"coluna-ver-emenda\"><a href=\"https:\/\/magalhaesdealmeida.ma.gov.br\/transparencia\/emenda\/emenda-parlamentar-no-202340840002-2023-autor-werverton-rocha\/\" class=\"emp-btn-ver-emenda\" target=\"_blank\">Ver Emenda<\/a><\/td><\/td><\/tr><tr data-tipo-valor=\"emenda-individual\" data-funcao-governo=\"Encargos Especiais\" data-parlamentar=\"Gil Cutrim\" data-localidade=\"Munic\u00edpio de Magalh\u00e3es de Almeida\"><td>25450<\/td><td>Gil Cutrim<\/td><td>202339980001\/2023<\/td><td>02\/10\/2023<\/td><td>Emenda individual<\/td><td class=\"valor-monetario\">R$&nbsp;811.264,25<\/td><td class=\"valor-monetario\">R$&nbsp;811.264,25<\/td><td class=\"valor-monetario coluna-oculta\">R$&nbsp;2.443.813,00<\/td><td class=\"coluna-oculta\">Encargos Especiais<\/td><td class=\"coluna-oculta\">TRANSFERENCIA ESPECIAL<\/td><td>Munic\u00edpio de Magalh\u00e3es de Almeida<\/td><td class=\"coluna-detalhes\"><button type=\"button\" class=\"emp-btn-detalhes\" data-id=\"25450\">Detalhes<\/button><div id=\"dados-ocultos-25450\" class=\"dados-detalhes-ocultos\" style=\"display:none;\"><span data-campo=\"titulo\">Emenda Parlamentar N\u00ba 202339980001\/2023 - Autor: Gil Cutrim<\/span><span data-campo=\"parlamentar\">Gil Cutrim<\/span><span data-campo=\"numero_ano\">202339980001\/2023<\/span><span data-campo=\"data\">02\/10\/2023<\/span><span data-campo=\"tipo\">Emenda individual<\/span><span data-campo=\"valor_previsto\">R$&nbsp;811.264,25<\/span><span data-campo=\"valor_realizado\">R$&nbsp;811.264,25<\/span><span data-campo=\"valor_pago\" id=\"hidden-valor_pago-25450\">R$&nbsp;2.443.813,00<\/span><span data-campo=\"funcao_governo\" id=\"hidden-funcao_governo-25450\">Encargos Especiais<\/span><span data-campo=\"localidade\">Munic\u00edpio de Magalh\u00e3es de Almeida<\/span><span data-campo=\"objeto\" id=\"hidden-objeto-25450\">TRANSFERENCIA ESPECIAL<\/span><div class=\"emp-arquivos-lista\" data-campo=\"arquivos\"><div class=\"emp-arquivo-item\"><span class=\"emp-arquivo-descricao\"><\/span><a class=\"emp-arquivo-download\" href=\"https:\/\/magalhaesdealmeida.ma.gov.br\/transparencia\/wp-content\/uploads\/2025\/06\/PAGTO-OB-2023OB810770-R-811.26425-02-10-2023.pdf\" target=\"_blank\" download>Download<\/a><\/div><div class=\"emp-arquivo-item\"><span class=\"emp-arquivo-descricao\"><\/span><a class=\"emp-arquivo-download\" href=\"https:\/\/magalhaesdealmeida.ma.gov.br\/transparencia\/wp-content\/uploads\/2025\/06\/PAGTO-OB-2023OB813913-R1.632.54875-11-12-2023.pdf\" target=\"_blank\" download>Download<\/a><\/div><\/div><\/div><td class=\"coluna-ver-emenda\"><a href=\"https:\/\/magalhaesdealmeida.ma.gov.br\/transparencia\/emenda\/emenda-parlamentar-no-202339980001-2023-autor-gil-cutrim\/\" class=\"emp-btn-ver-emenda\" target=\"_blank\">Ver Emenda<\/a><\/td><\/td><\/tr><tr data-tipo-valor=\"emenda-individual\" data-funcao-governo=\"Encargos Especiais\" data-parlamentar=\"Edilazio Junior\" data-localidade=\"Munic\u00edpio de Magalh\u00e3es de Almeida\"><td>25448<\/td><td>Edilazio Junior<\/td><td>202339680003\/2023<\/td><td>02\/10\/2023<\/td><td>Emenda individual<\/td><td class=\"valor-monetario\">R$&nbsp;600.000,00<\/td><td class=\"valor-monetario\">R$&nbsp;600.000,00<\/td><td class=\"valor-monetario coluna-oculta\">R$&nbsp;600.000,00<\/td><td class=\"coluna-oculta\">Encargos Especiais<\/td><td class=\"coluna-oculta\">TRANSFERENCIA ESPECIAL<\/td><td>Munic\u00edpio de Magalh\u00e3es de Almeida<\/td><td class=\"coluna-detalhes\"><button type=\"button\" class=\"emp-btn-detalhes\" data-id=\"25448\">Detalhes<\/button><div id=\"dados-ocultos-25448\" class=\"dados-detalhes-ocultos\" style=\"display:none;\"><span data-campo=\"titulo\">Emenda Parlamentar N\u00ba 202339680003\/2023 - Autor: Edilazio Junior<\/span><span data-campo=\"parlamentar\">Edilazio Junior<\/span><span data-campo=\"numero_ano\">202339680003\/2023<\/span><span data-campo=\"data\">02\/10\/2023<\/span><span data-campo=\"tipo\">Emenda individual<\/span><span data-campo=\"valor_previsto\">R$&nbsp;600.000,00<\/span><span data-campo=\"valor_realizado\">R$&nbsp;600.000,00<\/span><span data-campo=\"valor_pago\" id=\"hidden-valor_pago-25448\">R$&nbsp;600.000,00<\/span><span data-campo=\"funcao_governo\" id=\"hidden-funcao_governo-25448\">Encargos Especiais<\/span><span data-campo=\"localidade\">Munic\u00edpio de Magalh\u00e3es de Almeida<\/span><span data-campo=\"objeto\" id=\"hidden-objeto-25448\">TRANSFERENCIA ESPECIAL<\/span><div class=\"emp-arquivos-lista\" data-campo=\"arquivos\"><div class=\"emp-arquivo-item\"><span class=\"emp-arquivo-descricao\"><\/span><a class=\"emp-arquivo-download\" href=\"https:\/\/magalhaesdealmeida.ma.gov.br\/transparencia\/wp-content\/uploads\/2025\/06\/PAGTO-OB-2023OB810659-02-10-2023.pdf\" target=\"_blank\" download>Download<\/a><\/div><\/div><\/div><td class=\"coluna-ver-emenda\"><a href=\"https:\/\/magalhaesdealmeida.ma.gov.br\/transparencia\/emenda\/emenda-parlamentar-no-202339680003-2023-autor-edilazio-junior-3\/\" class=\"emp-btn-ver-emenda\" target=\"_blank\">Ver Emenda<\/a><\/td><\/td><\/tr><tr data-tipo-valor=\"emenda-individual\" data-funcao-governo=\"Encargos Especiais\" data-parlamentar=\"Hildo Rocha\" data-localidade=\"Munic\u00edpio de Magalh\u00e3es de Almeida\"><td>25446<\/td><td>Hildo Rocha<\/td><td>202333930003\/2023<\/td><td>02\/10\/2023<\/td><td>Emenda individual<\/td><td class=\"valor-monetario\">R$&nbsp;300.000,00<\/td><td class=\"valor-monetario\">R$&nbsp;300.000,00<\/td><td class=\"valor-monetario coluna-oculta\">R$&nbsp;300.000,00<\/td><td class=\"coluna-oculta\">Encargos Especiais<\/td><td class=\"coluna-oculta\">TRANSFERENCIA ESPECIAL<\/td><td>Munic\u00edpio de Magalh\u00e3es de Almeida<\/td><td class=\"coluna-detalhes\"><button type=\"button\" class=\"emp-btn-detalhes\" data-id=\"25446\">Detalhes<\/button><div id=\"dados-ocultos-25446\" class=\"dados-detalhes-ocultos\" style=\"display:none;\"><span data-campo=\"titulo\">Emenda Parlamentar N\u00ba 202333930003\/2023 - Autor: Hildo Rocha<\/span><span data-campo=\"parlamentar\">Hildo Rocha<\/span><span data-campo=\"numero_ano\">202333930003\/2023<\/span><span data-campo=\"data\">02\/10\/2023<\/span><span data-campo=\"tipo\">Emenda individual<\/span><span data-campo=\"valor_previsto\">R$&nbsp;300.000,00<\/span><span data-campo=\"valor_realizado\">R$&nbsp;300.000,00<\/span><span data-campo=\"valor_pago\" id=\"hidden-valor_pago-25446\">R$&nbsp;300.000,00<\/span><span data-campo=\"funcao_governo\" id=\"hidden-funcao_governo-25446\">Encargos Especiais<\/span><span data-campo=\"localidade\">Munic\u00edpio de Magalh\u00e3es de Almeida<\/span><span data-campo=\"objeto\" id=\"hidden-objeto-25446\">TRANSFERENCIA ESPECIAL<\/span><div class=\"emp-arquivos-lista\" data-campo=\"arquivos\"><div class=\"emp-arquivo-item\"><span class=\"emp-arquivo-descricao\"><\/span><a class=\"emp-arquivo-download\" href=\"https:\/\/magalhaesdealmeida.ma.gov.br\/transparencia\/wp-content\/uploads\/2025\/06\/PAGTO-OB-2023OB810040-02-10-2023.pdf\" target=\"_blank\" download>Download<\/a><\/div><\/div><\/div><td class=\"coluna-ver-emenda\"><a href=\"https:\/\/magalhaesdealmeida.ma.gov.br\/transparencia\/emenda\/emenda-parlamentar-no-202333930003-2023-autor-hildo-rocha\/\" class=\"emp-btn-ver-emenda\" target=\"_blank\">Ver Emenda<\/a><\/td><\/td><\/tr><tr data-tipo-valor=\"emenda-individual\" data-funcao-governo=\"Encargos Especiais\" data-parlamentar=\"Edilazio Junior\" data-localidade=\"Munic\u00edpio de Magalh\u00e3es de Almeida\"><td>25443<\/td><td>Edilazio Junior<\/td><td>202339680003\/2023<\/td><td>02\/10\/2023<\/td><td>Emenda individual<\/td><td class=\"valor-monetario\">R$&nbsp;425.849,50<\/td><td class=\"valor-monetario\">R$&nbsp;425.849,50<\/td><td class=\"valor-monetario coluna-oculta\">R$&nbsp;1.400.000,00<\/td><td class=\"coluna-oculta\">Encargos Especiais<\/td><td class=\"coluna-oculta\">TRANSFERENCIA ESPECIAL<\/td><td>Munic\u00edpio de Magalh\u00e3es de Almeida<\/td><td class=\"coluna-detalhes\"><button type=\"button\" class=\"emp-btn-detalhes\" data-id=\"25443\">Detalhes<\/button><div id=\"dados-ocultos-25443\" class=\"dados-detalhes-ocultos\" style=\"display:none;\"><span data-campo=\"titulo\">Emenda Parlamentar N\u00ba 202339680003\/2023 - Autor: Edilazio Junior<\/span><span data-campo=\"parlamentar\">Edilazio Junior<\/span><span data-campo=\"numero_ano\">202339680003\/2023<\/span><span data-campo=\"data\">02\/10\/2023<\/span><span data-campo=\"tipo\">Emenda individual<\/span><span data-campo=\"valor_previsto\">R$&nbsp;425.849,50<\/span><span data-campo=\"valor_realizado\">R$&nbsp;425.849,50<\/span><span data-campo=\"valor_pago\" id=\"hidden-valor_pago-25443\">R$&nbsp;1.400.000,00<\/span><span data-campo=\"funcao_governo\" id=\"hidden-funcao_governo-25443\">Encargos Especiais<\/span><span data-campo=\"localidade\">Munic\u00edpio de Magalh\u00e3es de Almeida<\/span><span data-campo=\"objeto\" id=\"hidden-objeto-25443\">TRANSFERENCIA ESPECIAL<\/span><div class=\"emp-arquivos-lista\" data-campo=\"arquivos\"><div class=\"emp-arquivo-item\"><span class=\"emp-arquivo-descricao\"><\/span><a class=\"emp-arquivo-download\" href=\"https:\/\/magalhaesdealmeida.ma.gov.br\/transparencia\/wp-content\/uploads\/2025\/06\/PAGTO-OB-2023OB807067-R-974.15050-30-08-2023-1.pdf\" target=\"_blank\" download>Download<\/a><\/div><div class=\"emp-arquivo-item\"><span class=\"emp-arquivo-descricao\"><\/span><a class=\"emp-arquivo-download\" href=\"https:\/\/magalhaesdealmeida.ma.gov.br\/transparencia\/wp-content\/uploads\/2025\/06\/PAGTO-OB-2023OB810658-02-10-2023-R-425.84950-1.pdf\" target=\"_blank\" download>Download<\/a><\/div><\/div><\/div><td class=\"coluna-ver-emenda\"><a href=\"https:\/\/magalhaesdealmeida.ma.gov.br\/transparencia\/emenda\/emenda-parlamentar-no-202339680003-2023-autor-edilazio-junior-2\/\" class=\"emp-btn-ver-emenda\" target=\"_blank\">Ver Emenda<\/a><\/td><\/td><\/tr><tr data-tipo-valor=\"emenda-individual\" data-funcao-governo=\"Sa\u00fade\" data-parlamentar=\"Hildo Rocha\" data-localidade=\"Fundo Municipal de Sa\u00fade de Munic\u00edpio de Magalh\u00e3es de Almeida\"><td>25438<\/td><td>Hildo Rocha<\/td><td>202333930002\/2023<\/td><td>01\/09\/2023<\/td><td>Emenda individual<\/td><td class=\"valor-monetario\">R$&nbsp;700.000,00<\/td><td class=\"valor-monetario\">R$&nbsp;700.000,00<\/td><td class=\"valor-monetario coluna-oculta\">R$&nbsp;7.200.000,00<\/td><td class=\"coluna-oculta\">Sa\u00fade<\/td><td class=\"coluna-oculta\">INCREMENTO TEMPOR\u00c1RIO AO CUSTEIO DOS SERVI\u00c7OS DE ATEN\u00c7\u00c3O PRIM\u00c1RIA A SA\u00daDE PARA CUMPRIMENTO DE METAS<\/td><td>Fundo Municipal de Sa\u00fade de Munic\u00edpio de Magalh\u00e3es de Almeida<\/td><td class=\"coluna-detalhes\"><button type=\"button\" class=\"emp-btn-detalhes\" data-id=\"25438\">Detalhes<\/button><div id=\"dados-ocultos-25438\" class=\"dados-detalhes-ocultos\" style=\"display:none;\"><span data-campo=\"titulo\">Emenda Parlamentar N\u00ba 202333930002\/2023 - Autor: Hildo Rocha<\/span><span data-campo=\"parlamentar\">Hildo Rocha<\/span><span data-campo=\"numero_ano\">202333930002\/2023<\/span><span data-campo=\"data\">01\/09\/2023<\/span><span data-campo=\"tipo\">Emenda individual<\/span><span data-campo=\"valor_previsto\">R$&nbsp;700.000,00<\/span><span data-campo=\"valor_realizado\">R$&nbsp;700.000,00<\/span><span data-campo=\"valor_pago\" id=\"hidden-valor_pago-25438\">R$&nbsp;7.200.000,00<\/span><span data-campo=\"funcao_governo\" id=\"hidden-funcao_governo-25438\">Sa\u00fade<\/span><span data-campo=\"localidade\">Fundo Municipal de Sa\u00fade de Munic\u00edpio de Magalh\u00e3es de Almeida<\/span><span data-campo=\"objeto\" id=\"hidden-objeto-25438\">INCREMENTO TEMPOR\u00c1RIO AO CUSTEIO DOS SERVI\u00c7OS DE ATEN\u00c7\u00c3O PRIM\u00c1RIA A SA\u00daDE PARA CUMPRIMENTO DE METAS<\/span><div class=\"emp-arquivos-lista\" data-campo=\"arquivos\"><div class=\"emp-arquivo-item\"><span class=\"emp-arquivo-descricao\"><\/span><a class=\"emp-arquivo-download\" href=\"https:\/\/magalhaesdealmeida.ma.gov.br\/transparencia\/wp-content\/uploads\/2025\/06\/PAGTO-OB-2023OB820013-01-09-2023.pdf\" target=\"_blank\" download>Download<\/a><\/div><\/div><\/div><td class=\"coluna-ver-emenda\"><a href=\"https:\/\/magalhaesdealmeida.ma.gov.br\/transparencia\/emenda\/emenda-parlamentar-no-202333930002-2023-autor-hildo-rocha\/\" class=\"emp-btn-ver-emenda\" target=\"_blank\">Ver Emenda<\/a><\/td><\/td><\/tr><tr data-tipo-valor=\"emenda-individual\" data-funcao-governo=\"Encargos Especiais\" data-parlamentar=\"Eliziane Gama\" data-localidade=\"Munic\u00edpio de Magalh\u00e3es de Almeida\"><td>25440<\/td><td>Eliziane Gama<\/td><td>202341390003\/2023<\/td><td>30\/08\/2023<\/td><td>Emenda individual<\/td><td class=\"valor-monetario\">R$&nbsp;622.131,00<\/td><td class=\"valor-monetario\">R$&nbsp;622.131,00<\/td><td class=\"valor-monetario coluna-oculta\">R$&nbsp;622.131,00<\/td><td class=\"coluna-oculta\">Encargos Especiais<\/td><td class=\"coluna-oculta\">TRANSFERENCIA ESPECIAL<\/td><td>Munic\u00edpio de Magalh\u00e3es de Almeida<\/td><td class=\"coluna-detalhes\"><button type=\"button\" class=\"emp-btn-detalhes\" data-id=\"25440\">Detalhes<\/button><div id=\"dados-ocultos-25440\" class=\"dados-detalhes-ocultos\" style=\"display:none;\"><span data-campo=\"titulo\">Emenda Parlamentar N\u00ba 202341390003\/2023 - Autor: Eliziane Gama<\/span><span data-campo=\"parlamentar\">Eliziane Gama<\/span><span data-campo=\"numero_ano\">202341390003\/2023<\/span><span data-campo=\"data\">30\/08\/2023<\/span><span data-campo=\"tipo\">Emenda individual<\/span><span data-campo=\"valor_previsto\">R$&nbsp;622.131,00<\/span><span data-campo=\"valor_realizado\">R$&nbsp;622.131,00<\/span><span data-campo=\"valor_pago\" id=\"hidden-valor_pago-25440\">R$&nbsp;622.131,00<\/span><span data-campo=\"funcao_governo\" id=\"hidden-funcao_governo-25440\">Encargos Especiais<\/span><span data-campo=\"localidade\">Munic\u00edpio de Magalh\u00e3es de Almeida<\/span><span data-campo=\"objeto\" id=\"hidden-objeto-25440\">TRANSFERENCIA ESPECIAL<\/span><div class=\"emp-arquivos-lista\" data-campo=\"arquivos\"><div class=\"emp-arquivo-item\"><span class=\"emp-arquivo-descricao\"><\/span><a class=\"emp-arquivo-download\" href=\"https:\/\/magalhaesdealmeida.ma.gov.br\/transparencia\/wp-content\/uploads\/2025\/06\/PAGTO-OB-2023OB807074-30-08-2023.pdf\" target=\"_blank\" download>Download<\/a><\/div><\/div><\/div><td class=\"coluna-ver-emenda\"><a href=\"https:\/\/magalhaesdealmeida.ma.gov.br\/transparencia\/emenda\/emenda-parlamentar-no-202341390003-2023-autor-eliziane-gama-2\/\" class=\"emp-btn-ver-emenda\" target=\"_blank\">Ver Emenda<\/a><\/td><\/td><\/tr><tr data-tipo-valor=\"emenda-individual\" data-funcao-governo=\"Encargos Especiais\" data-parlamentar=\"Eliziane Gama\" data-localidade=\"Munic\u00edpio de Magalh\u00e3es de Almeida\"><td>25436<\/td><td>Eliziane Gama<\/td><td>202341390003\/2023<\/td><td>30\/08\/2023<\/td><td>Emenda individual<\/td><td class=\"valor-monetario\">R$&nbsp;1.451.640,00<\/td><td class=\"valor-monetario\">R$&nbsp;1.451.640,00<\/td><td class=\"valor-monetario coluna-oculta\">R$&nbsp;1.451.640,00<\/td><td class=\"coluna-oculta\">Encargos Especiais<\/td><td class=\"coluna-oculta\">TRANFERENCIA ESPECIAL<\/td><td>Munic\u00edpio de Magalh\u00e3es de Almeida<\/td><td class=\"coluna-detalhes\"><button type=\"button\" class=\"emp-btn-detalhes\" data-id=\"25436\">Detalhes<\/button><div id=\"dados-ocultos-25436\" class=\"dados-detalhes-ocultos\" style=\"display:none;\"><span data-campo=\"titulo\">Emenda Parlamentar N\u00ba 202341390003\/2023 - Autor: Eliziane Gama<\/span><span data-campo=\"parlamentar\">Eliziane Gama<\/span><span data-campo=\"numero_ano\">202341390003\/2023<\/span><span data-campo=\"data\">30\/08\/2023<\/span><span data-campo=\"tipo\">Emenda individual<\/span><span data-campo=\"valor_previsto\">R$&nbsp;1.451.640,00<\/span><span data-campo=\"valor_realizado\">R$&nbsp;1.451.640,00<\/span><span data-campo=\"valor_pago\" id=\"hidden-valor_pago-25436\">R$&nbsp;1.451.640,00<\/span><span data-campo=\"funcao_governo\" id=\"hidden-funcao_governo-25436\">Encargos Especiais<\/span><span data-campo=\"localidade\">Munic\u00edpio de Magalh\u00e3es de Almeida<\/span><span data-campo=\"objeto\" id=\"hidden-objeto-25436\">TRANFERENCIA ESPECIAL<\/span><div class=\"emp-arquivos-lista\" data-campo=\"arquivos\"><div class=\"emp-arquivo-item\"><span class=\"emp-arquivo-descricao\"><\/span><a class=\"emp-arquivo-download\" href=\"https:\/\/magalhaesdealmeida.ma.gov.br\/transparencia\/wp-content\/uploads\/2025\/06\/PAGTO-OB-2023OB807075-30-08-2023.pdf\" target=\"_blank\" download>Download<\/a><\/div><\/div><\/div><td class=\"coluna-ver-emenda\"><a href=\"https:\/\/magalhaesdealmeida.ma.gov.br\/transparencia\/emenda\/emenda-parlamentar-no-202341390003-2023-autor-eliziane-gama\/\" class=\"emp-btn-ver-emenda\" target=\"_blank\">Ver Emenda<\/a><\/td><\/td><\/tr><tr data-tipo-valor=\"emenda-individual\" data-funcao-governo=\"Encargos Especiais\" data-parlamentar=\"Gil Cutrim\" data-localidade=\"Munic\u00edpio de Magalh\u00e3es de Almeida\"><td>25434<\/td><td>Gil Cutrim<\/td><td>202339980005\/2023<\/td><td>30\/08\/2023<\/td><td>Emenda individual<\/td><td class=\"valor-monetario\">R$&nbsp;439.520,00<\/td><td class=\"valor-monetario\">R$&nbsp;439.520,00<\/td><td class=\"valor-monetario coluna-oculta\">R$&nbsp;439.520,00<\/td><td class=\"coluna-oculta\">Encargos Especiais<\/td><td class=\"coluna-oculta\">TRANSFERENCIA ESPECIAL<\/td><td>Munic\u00edpio de Magalh\u00e3es de Almeida<\/td><td class=\"coluna-detalhes\"><button type=\"button\" class=\"emp-btn-detalhes\" data-id=\"25434\">Detalhes<\/button><div id=\"dados-ocultos-25434\" class=\"dados-detalhes-ocultos\" style=\"display:none;\"><span data-campo=\"titulo\">Emenda Parlamentar N\u00ba 202339980005\/2023 - Autor: Gil Cutrim<\/span><span data-campo=\"parlamentar\">Gil Cutrim<\/span><span data-campo=\"numero_ano\">202339980005\/2023<\/span><span data-campo=\"data\">30\/08\/2023<\/span><span data-campo=\"tipo\">Emenda individual<\/span><span data-campo=\"valor_previsto\">R$&nbsp;439.520,00<\/span><span data-campo=\"valor_realizado\">R$&nbsp;439.520,00<\/span><span data-campo=\"valor_pago\" id=\"hidden-valor_pago-25434\">R$&nbsp;439.520,00<\/span><span data-campo=\"funcao_governo\" id=\"hidden-funcao_governo-25434\">Encargos Especiais<\/span><span data-campo=\"localidade\">Munic\u00edpio de Magalh\u00e3es de Almeida<\/span><span data-campo=\"objeto\" id=\"hidden-objeto-25434\">TRANSFERENCIA ESPECIAL<\/span><div class=\"emp-arquivos-lista\" data-campo=\"arquivos\"><div class=\"emp-arquivo-item\"><span class=\"emp-arquivo-descricao\"><\/span><a class=\"emp-arquivo-download\" href=\"https:\/\/magalhaesdealmeida.ma.gov.br\/transparencia\/wp-content\/uploads\/2025\/06\/PAGTO-OB-2023OB807071-30-08-2023.pdf\" target=\"_blank\" download>Download<\/a><\/div><\/div><\/div><td class=\"coluna-ver-emenda\"><a href=\"https:\/\/magalhaesdealmeida.ma.gov.br\/transparencia\/emenda\/emenda-parlamentar-no-202339980005-2023-autor-gil-cutrim\/\" class=\"emp-btn-ver-emenda\" target=\"_blank\">Ver Emenda<\/a><\/td><\/td><\/tr><tr data-tipo-valor=\"emenda-individual\" data-funcao-governo=\"Encargos Especiais\" data-parlamentar=\"Edilazio Junior\" data-localidade=\"Munic\u00edpio de Magalh\u00e3es de Almeida\"><td>25431<\/td><td>Edilazio Junior<\/td><td>202339680003\/2023<\/td><td>30\/08\/2023<\/td><td>Emenda individual<\/td><td class=\"valor-monetario\">R$&nbsp;974.150,50<\/td><td class=\"valor-monetario\">R$&nbsp;974.150,50<\/td><td class=\"valor-monetario coluna-oculta\">R$&nbsp;1.400.000,00<\/td><td class=\"coluna-oculta\">Encargos Especiais<\/td><td class=\"coluna-oculta\">TRANSFERENCIA ESPECIAL<\/td><td>Munic\u00edpio de Magalh\u00e3es de Almeida<\/td><td class=\"coluna-detalhes\"><button type=\"button\" class=\"emp-btn-detalhes\" data-id=\"25431\">Detalhes<\/button><div id=\"dados-ocultos-25431\" class=\"dados-detalhes-ocultos\" style=\"display:none;\"><span data-campo=\"titulo\">Emenda Parlamentar N\u00ba 202339680003\/2023 - Autor: Edilazio Junior<\/span><span data-campo=\"parlamentar\">Edilazio Junior<\/span><span data-campo=\"numero_ano\">202339680003\/2023<\/span><span data-campo=\"data\">30\/08\/2023<\/span><span data-campo=\"tipo\">Emenda individual<\/span><span data-campo=\"valor_previsto\">R$&nbsp;974.150,50<\/span><span data-campo=\"valor_realizado\">R$&nbsp;974.150,50<\/span><span data-campo=\"valor_pago\" id=\"hidden-valor_pago-25431\">R$&nbsp;1.400.000,00<\/span><span data-campo=\"funcao_governo\" id=\"hidden-funcao_governo-25431\">Encargos Especiais<\/span><span data-campo=\"localidade\">Munic\u00edpio de Magalh\u00e3es de Almeida<\/span><span data-campo=\"objeto\" id=\"hidden-objeto-25431\">TRANSFERENCIA ESPECIAL<\/span><div class=\"emp-arquivos-lista\" data-campo=\"arquivos\"><div class=\"emp-arquivo-item\"><span class=\"emp-arquivo-descricao\"><\/span><a class=\"emp-arquivo-download\" href=\"https:\/\/magalhaesdealmeida.ma.gov.br\/transparencia\/wp-content\/uploads\/2025\/06\/PAGTO-OB-2023OB807067-R-974.15050-30-08-2023.pdf\" target=\"_blank\" download>Download<\/a><\/div><div class=\"emp-arquivo-item\"><span class=\"emp-arquivo-descricao\"><\/span><a class=\"emp-arquivo-download\" href=\"https:\/\/magalhaesdealmeida.ma.gov.br\/transparencia\/wp-content\/uploads\/2025\/06\/PAGTO-OB-2023OB810658-02-10-2023-R-425.84950.pdf\" target=\"_blank\" download>Download<\/a><\/div><\/div><\/div><td class=\"coluna-ver-emenda\"><a href=\"https:\/\/magalhaesdealmeida.ma.gov.br\/transparencia\/emenda\/emenda-parlamentar-no-202339680003-2023-autor-edilazio-junior\/\" class=\"emp-btn-ver-emenda\" target=\"_blank\">Ver Emenda<\/a><\/td><\/td><\/tr><tr data-tipo-valor=\"emenda-individual\" data-funcao-governo=\"Encargos Especiais\" data-parlamentar=\"Roberto Rocha\" data-localidade=\"Munic\u00edpio de Magalh\u00e3es de Almeida\"><td>25429<\/td><td>Roberto Rocha<\/td><td>202338110004\/2023<\/td><td>30\/08\/2023<\/td><td>Emenda individual<\/td><td class=\"valor-monetario\">R$&nbsp;702.696,00<\/td><td class=\"valor-monetario\">R$&nbsp;702.696,00<\/td><td class=\"valor-monetario coluna-oculta\">R$&nbsp;702.696,00<\/td><td class=\"coluna-oculta\">Encargos Especiais<\/td><td class=\"coluna-oculta\">TRANSFERENCIA ESPECIAL<\/td><td>Munic\u00edpio de Magalh\u00e3es de Almeida<\/td><td class=\"coluna-detalhes\"><button type=\"button\" class=\"emp-btn-detalhes\" data-id=\"25429\">Detalhes<\/button><div id=\"dados-ocultos-25429\" class=\"dados-detalhes-ocultos\" style=\"display:none;\"><span data-campo=\"titulo\">Emenda Parlamentar N\u00ba 202338110004\/2023 - Autor: Roberto Rocha<\/span><span data-campo=\"parlamentar\">Roberto Rocha<\/span><span data-campo=\"numero_ano\">202338110004\/2023<\/span><span data-campo=\"data\">30\/08\/2023<\/span><span data-campo=\"tipo\">Emenda individual<\/span><span data-campo=\"valor_previsto\">R$&nbsp;702.696,00<\/span><span data-campo=\"valor_realizado\">R$&nbsp;702.696,00<\/span><span data-campo=\"valor_pago\" id=\"hidden-valor_pago-25429\">R$&nbsp;702.696,00<\/span><span data-campo=\"funcao_governo\" id=\"hidden-funcao_governo-25429\">Encargos Especiais<\/span><span data-campo=\"localidade\">Munic\u00edpio de Magalh\u00e3es de Almeida<\/span><span data-campo=\"objeto\" id=\"hidden-objeto-25429\">TRANSFERENCIA ESPECIAL<\/span><div class=\"emp-arquivos-lista\" data-campo=\"arquivos\"><div class=\"emp-arquivo-item\"><span class=\"emp-arquivo-descricao\"><\/span><a class=\"emp-arquivo-download\" href=\"https:\/\/magalhaesdealmeida.ma.gov.br\/transparencia\/wp-content\/uploads\/2025\/06\/PAGAMENTO-OB-2023OB807058.pdf\" target=\"_blank\" download>Download<\/a><\/div><\/div><\/div><td class=\"coluna-ver-emenda\"><a href=\"https:\/\/magalhaesdealmeida.ma.gov.br\/transparencia\/emenda\/emenda-parlamentar-no-202338110004-2023-autor-roberto-rocha-2\/\" class=\"emp-btn-ver-emenda\" target=\"_blank\">Ver Emenda<\/a><\/td><\/td><\/tr><tr data-tipo-valor=\"emenda-individual\" data-funcao-governo=\"Encargos Especiais\" data-parlamentar=\"Roberto Rocha\" data-localidade=\"Munic\u00edpio de Magalh\u00e3es de Almeida\"><td>25427<\/td><td>Roberto Rocha<\/td><td>202338110004\/2023<\/td><td>30\/08\/2023<\/td><td>Emenda individual<\/td><td class=\"valor-monetario\">R$&nbsp;3.297.305,00<\/td><td class=\"valor-monetario\">R$&nbsp;3.297.305,00<\/td><td class=\"valor-monetario coluna-oculta\">R$&nbsp;3.297.305,00<\/td><td class=\"coluna-oculta\">Encargos Especiais<\/td><td class=\"coluna-oculta\">TRANSFERENCIA ESPECIAL<\/td><td>Munic\u00edpio de Magalh\u00e3es de Almeida<\/td><td class=\"coluna-detalhes\"><button type=\"button\" class=\"emp-btn-detalhes\" data-id=\"25427\">Detalhes<\/button><div id=\"dados-ocultos-25427\" class=\"dados-detalhes-ocultos\" style=\"display:none;\"><span data-campo=\"titulo\">Emenda Parlamentar N\u00ba 202338110004\/2023 - Autor: Roberto Rocha<\/span><span data-campo=\"parlamentar\">Roberto Rocha<\/span><span data-campo=\"numero_ano\">202338110004\/2023<\/span><span data-campo=\"data\">30\/08\/2023<\/span><span data-campo=\"tipo\">Emenda individual<\/span><span data-campo=\"valor_previsto\">R$&nbsp;3.297.305,00<\/span><span data-campo=\"valor_realizado\">R$&nbsp;3.297.305,00<\/span><span data-campo=\"valor_pago\" id=\"hidden-valor_pago-25427\">R$&nbsp;3.297.305,00<\/span><span data-campo=\"funcao_governo\" id=\"hidden-funcao_governo-25427\">Encargos Especiais<\/span><span data-campo=\"localidade\">Munic\u00edpio de Magalh\u00e3es de Almeida<\/span><span data-campo=\"objeto\" id=\"hidden-objeto-25427\">TRANSFERENCIA ESPECIAL<\/span><div class=\"emp-arquivos-lista\" data-campo=\"arquivos\"><div class=\"emp-arquivo-item\"><span class=\"emp-arquivo-descricao\"><\/span><a class=\"emp-arquivo-download\" href=\"https:\/\/magalhaesdealmeida.ma.gov.br\/transparencia\/wp-content\/uploads\/2025\/06\/PAGAMENTO-OB-2023OB807057-30-08-2023.pdf\" target=\"_blank\" download>Download<\/a><\/div><\/div><\/div><td class=\"coluna-ver-emenda\"><a href=\"https:\/\/magalhaesdealmeida.ma.gov.br\/transparencia\/emenda\/emenda-parlamentar-no-202338110004-2023-autor-roberto-rocha\/\" class=\"emp-btn-ver-emenda\" target=\"_blank\">Ver Emenda<\/a><\/td><\/td><\/tr><tr data-tipo-valor=\"emenda-individual\" data-funcao-governo=\"Encargos Especiais\" data-parlamentar=\"Edilazio Junior\" data-localidade=\"Munic\u00edpio de Magalh\u00e3es de Almeida\"><td>25424<\/td><td>Edilazio Junior<\/td><td>202239680009\/2022<\/td><td>29\/03\/2023<\/td><td>Emenda individual<\/td><td class=\"valor-monetario\">R$&nbsp;1.065.160,00<\/td><td class=\"valor-monetario\">R$&nbsp;1.065.160,00<\/td><td class=\"valor-monetario coluna-oculta\">R$&nbsp;1.300.000,00<\/td><td class=\"coluna-oculta\">Encargos Especiais<\/td><td class=\"coluna-oculta\">TRANSFERENCIA ESPECIAL<\/td><td>Munic\u00edpio de Magalh\u00e3es de Almeida<\/td><td class=\"coluna-detalhes\"><button type=\"button\" class=\"emp-btn-detalhes\" data-id=\"25424\">Detalhes<\/button><div id=\"dados-ocultos-25424\" class=\"dados-detalhes-ocultos\" style=\"display:none;\"><span data-campo=\"titulo\">Emenda Parlamentar N\u00ba 202239680009\/2022 - Autor: Edilazio Junior<\/span><span data-campo=\"parlamentar\">Edilazio Junior<\/span><span data-campo=\"numero_ano\">202239680009\/2022<\/span><span data-campo=\"data\">29\/03\/2023<\/span><span data-campo=\"tipo\">Emenda individual<\/span><span data-campo=\"valor_previsto\">R$&nbsp;1.065.160,00<\/span><span data-campo=\"valor_realizado\">R$&nbsp;1.065.160,00<\/span><span data-campo=\"valor_pago\" id=\"hidden-valor_pago-25424\">R$&nbsp;1.300.000,00<\/span><span data-campo=\"funcao_governo\" id=\"hidden-funcao_governo-25424\">Encargos Especiais<\/span><span data-campo=\"localidade\">Munic\u00edpio de Magalh\u00e3es de Almeida<\/span><span data-campo=\"objeto\" id=\"hidden-objeto-25424\">TRANSFERENCIA ESPECIAL<\/span><div class=\"emp-arquivos-lista\" data-campo=\"arquivos\"><div class=\"emp-arquivo-item\"><span class=\"emp-arquivo-descricao\"><\/span><a class=\"emp-arquivo-download\" href=\"https:\/\/magalhaesdealmeida.ma.gov.br\/transparencia\/wp-content\/uploads\/2025\/06\/PAGTO-OB-2023OB802924-29-03-2023-R-1.065.16000.pdf\" target=\"_blank\" download>Download<\/a><\/div><div class=\"emp-arquivo-item\"><span class=\"emp-arquivo-descricao\"><\/span><a class=\"emp-arquivo-download\" href=\"https:\/\/magalhaesdealmeida.ma.gov.br\/transparencia\/wp-content\/uploads\/2025\/06\/PAGTO-OB-2022OB802819-01-07-2022-R-234.84000.pdf\" target=\"_blank\" download>Download<\/a><\/div><\/div><\/div><td class=\"coluna-ver-emenda\"><a href=\"https:\/\/magalhaesdealmeida.ma.gov.br\/transparencia\/emenda\/emenda-parlamentar-no-202239680009-2022-autor-edilazio-junior\/\" class=\"emp-btn-ver-emenda\" target=\"_blank\">Ver Emenda<\/a><\/td><\/td><\/tr><tr data-tipo-valor=\"emenda-individual\" data-funcao-governo=\"Encargos Especiais\" data-parlamentar=\"Hildo Rocha\" data-localidade=\"Munic\u00edpio de Magalh\u00e3es de Almeida\"><td>25295<\/td><td>Hildo Rocha<\/td><td>202233930002\/2023<\/td><td>29\/03\/2023<\/td><td>Emenda individual<\/td><td class=\"valor-monetario\">R$&nbsp;207.159,00<\/td><td class=\"valor-monetario\">R$&nbsp;207.159,00<\/td><td class=\"valor-monetario coluna-oculta\">R$&nbsp;500.000,00<\/td><td class=\"coluna-oculta\">Encargos Especiais<\/td><td class=\"coluna-oculta\">TRANSFERENCIA ESPECIAL<\/td><td>Munic\u00edpio de Magalh\u00e3es de Almeida<\/td><td class=\"coluna-detalhes\"><button type=\"button\" class=\"emp-btn-detalhes\" data-id=\"25295\">Detalhes<\/button><div id=\"dados-ocultos-25295\" class=\"dados-detalhes-ocultos\" style=\"display:none;\"><span data-campo=\"titulo\">Emenda Parlamentar N\u00ba 202233930002\/2023 - Autor: Hildo Rocha<\/span><span data-campo=\"parlamentar\">Hildo Rocha<\/span><span data-campo=\"numero_ano\">202233930002\/2023<\/span><span data-campo=\"data\">29\/03\/2023<\/span><span data-campo=\"tipo\">Emenda individual<\/span><span data-campo=\"valor_previsto\">R$&nbsp;207.159,00<\/span><span data-campo=\"valor_realizado\">R$&nbsp;207.159,00<\/span><span data-campo=\"valor_pago\" id=\"hidden-valor_pago-25295\">R$&nbsp;500.000,00<\/span><span data-campo=\"funcao_governo\" id=\"hidden-funcao_governo-25295\">Encargos Especiais<\/span><span data-campo=\"localidade\">Munic\u00edpio de Magalh\u00e3es de Almeida<\/span><span data-campo=\"objeto\" id=\"hidden-objeto-25295\">TRANSFERENCIA ESPECIAL<\/span><div class=\"emp-arquivos-lista\" data-campo=\"arquivos\"><div class=\"emp-arquivo-item\"><span class=\"emp-arquivo-descricao\"><\/span><a class=\"emp-arquivo-download\" href=\"https:\/\/magalhaesdealmeida.ma.gov.br\/transparencia\/wp-content\/uploads\/2025\/05\/PAGAMENTO-OB-2022OB801882-01-07-2022-R292.84100.pdf\" target=\"_blank\" download>Download<\/a><\/div><div class=\"emp-arquivo-item\"><span class=\"emp-arquivo-descricao\"><\/span><a class=\"emp-arquivo-download\" href=\"https:\/\/magalhaesdealmeida.ma.gov.br\/transparencia\/wp-content\/uploads\/2025\/05\/PAGTO-OB-2023OB801737-29-03-2023-R-207.15900.pdf\" target=\"_blank\" download>Download<\/a><\/div><\/div><\/div><td class=\"coluna-ver-emenda\"><a href=\"https:\/\/magalhaesdealmeida.ma.gov.br\/transparencia\/emenda\/emenda-parlamentar-no-2023-autor-hildo-rocha\/\" class=\"emp-btn-ver-emenda\" target=\"_blank\">Ver Emenda<\/a><\/td><\/td><\/tr><tr data-tipo-valor=\"emenda-individual\" data-funcao-governo=\"Encargos Especiais\" data-parlamentar=\"Juscelino Filho\" data-localidade=\"Munic\u00edpio de Magalh\u00e3es de Almeida\"><td>25294<\/td><td>Juscelino Filho<\/td><td>202236990006\/2022<\/td><td>01\/07\/2022<\/td><td>Emenda individual<\/td><td class=\"valor-monetario\">R$&nbsp;1.000.000,00<\/td><td class=\"valor-monetario\">R$&nbsp;1.000.000,00<\/td><td class=\"valor-monetario coluna-oculta\">R$&nbsp;1.000.000,00<\/td><td class=\"coluna-oculta\">Encargos Especiais<\/td><td class=\"coluna-oculta\">TRANSFERENCIA ESPECIAL<\/td><td>Munic\u00edpio de Magalh\u00e3es de Almeida<\/td><td class=\"coluna-detalhes\"><button type=\"button\" class=\"emp-btn-detalhes\" data-id=\"25294\">Detalhes<\/button><div id=\"dados-ocultos-25294\" class=\"dados-detalhes-ocultos\" style=\"display:none;\"><span data-campo=\"titulo\">Emenda Parlamentar N\u00ba 202236990006\/2022 - Autor: Juscelino Filho<\/span><span data-campo=\"parlamentar\">Juscelino Filho<\/span><span data-campo=\"numero_ano\">202236990006\/2022<\/span><span data-campo=\"data\">01\/07\/2022<\/span><span data-campo=\"tipo\">Emenda individual<\/span><span data-campo=\"valor_previsto\">R$&nbsp;1.000.000,00<\/span><span data-campo=\"valor_realizado\">R$&nbsp;1.000.000,00<\/span><span data-campo=\"valor_pago\" id=\"hidden-valor_pago-25294\">R$&nbsp;1.000.000,00<\/span><span data-campo=\"funcao_governo\" id=\"hidden-funcao_governo-25294\">Encargos Especiais<\/span><span data-campo=\"localidade\">Munic\u00edpio de Magalh\u00e3es de Almeida<\/span><span data-campo=\"objeto\" id=\"hidden-objeto-25294\">TRANSFERENCIA ESPECIAL<\/span><div class=\"emp-arquivos-lista\" data-campo=\"arquivos\"><div class=\"emp-arquivo-item\"><span class=\"emp-arquivo-descricao\"><\/span><a class=\"emp-arquivo-download\" href=\"https:\/\/magalhaesdealmeida.ma.gov.br\/transparencia\/wp-content\/uploads\/2025\/05\/ORDEM-BANCARIA-2022OB802001-01-07-2022.pdf\" target=\"_blank\" download>Download<\/a><\/div><\/div><\/div><td class=\"coluna-ver-emenda\"><a href=\"https:\/\/magalhaesdealmeida.ma.gov.br\/transparencia\/emenda\/emenda-parlamentar-no-2022-autor-juscelino-filho\/\" class=\"emp-btn-ver-emenda\" target=\"_blank\">Ver Emenda<\/a><\/td><\/td><\/tr><tr data-tipo-valor=\"emenda-individual\" data-funcao-governo=\"Encargos Especiais\" data-parlamentar=\"Hildo Rocha\" data-localidade=\"Munic\u00edpio de Magalh\u00e3es de Almeida\"><td>25293<\/td><td>Hildo Rocha<\/td><td>202233930002\/2022<\/td><td>01\/07\/2022<\/td><td>Emenda individual<\/td><td class=\"valor-monetario\">R$&nbsp;292.841,00<\/td><td class=\"valor-monetario\">R$&nbsp;292.841,00<\/td><td class=\"valor-monetario coluna-oculta\">R$&nbsp;500.000,00<\/td><td class=\"coluna-oculta\">Encargos Especiais<\/td><td class=\"coluna-oculta\">TRANSFERENCIA ESPECIAL<\/td><td>Munic\u00edpio de Magalh\u00e3es de Almeida<\/td><td class=\"coluna-detalhes\"><button type=\"button\" class=\"emp-btn-detalhes\" data-id=\"25293\">Detalhes<\/button><div id=\"dados-ocultos-25293\" class=\"dados-detalhes-ocultos\" style=\"display:none;\"><span data-campo=\"titulo\">Emenda Parlamentar N\u00ba 202233930002\/2022 - Autor: Hildo Rocha<\/span><span data-campo=\"parlamentar\">Hildo Rocha<\/span><span data-campo=\"numero_ano\">202233930002\/2022<\/span><span data-campo=\"data\">01\/07\/2022<\/span><span data-campo=\"tipo\">Emenda individual<\/span><span data-campo=\"valor_previsto\">R$&nbsp;292.841,00<\/span><span data-campo=\"valor_realizado\">R$&nbsp;292.841,00<\/span><span data-campo=\"valor_pago\" id=\"hidden-valor_pago-25293\">R$&nbsp;500.000,00<\/span><span data-campo=\"funcao_governo\" id=\"hidden-funcao_governo-25293\">Encargos Especiais<\/span><span data-campo=\"localidade\">Munic\u00edpio de Magalh\u00e3es de Almeida<\/span><span data-campo=\"objeto\" id=\"hidden-objeto-25293\">TRANSFERENCIA ESPECIAL<\/span><div class=\"emp-arquivos-lista\" data-campo=\"arquivos\"><div class=\"emp-arquivo-item\"><span class=\"emp-arquivo-descricao\"><\/span><a class=\"emp-arquivo-download\" href=\"https:\/\/magalhaesdealmeida.ma.gov.br\/transparencia\/wp-content\/uploads\/2025\/05\/PAGAMENTO-OB-2023OB801737-29-03-2023.pdf\" target=\"_blank\" download>Download<\/a><\/div><div class=\"emp-arquivo-item\"><span class=\"emp-arquivo-descricao\"><\/span><a class=\"emp-arquivo-download\" href=\"https:\/\/magalhaesdealmeida.ma.gov.br\/transparencia\/wp-content\/uploads\/2025\/05\/PAGAMENTO-OB-2022OB801882-01-07-2022.pdf\" target=\"_blank\" download>Download<\/a><\/div><\/div><\/div><td class=\"coluna-ver-emenda\"><a href=\"https:\/\/magalhaesdealmeida.ma.gov.br\/transparencia\/emenda\/emenda-parlamentar-no-2022-autor-hildo-rocha\/\" class=\"emp-btn-ver-emenda\" target=\"_blank\">Ver Emenda<\/a><\/td><\/td><\/tr><tr data-tipo-valor=\"emenda-individual\" data-funcao-governo=\"Encargos Especiais\" data-parlamentar=\"Edilazio Junior\" data-localidade=\"Munic\u00edpio de Magalh\u00e3es de Almeida\"><td>25289<\/td><td>Edilazio Junior<\/td><td>202239680009\/2022<\/td><td>01\/07\/2022<\/td><td>Emenda individual<\/td><td class=\"valor-monetario\">R$&nbsp;234.840,00<\/td><td class=\"valor-monetario\">R$&nbsp;1.300.000,00<\/td><td class=\"valor-monetario coluna-oculta\">R$&nbsp;234.840,00<\/td><td class=\"coluna-oculta\">Encargos Especiais<\/td><td class=\"coluna-oculta\">TRANSFERENCIA ESPECIAL<\/td><td>Munic\u00edpio de Magalh\u00e3es de Almeida<\/td><td class=\"coluna-detalhes\"><button type=\"button\" class=\"emp-btn-detalhes\" data-id=\"25289\">Detalhes<\/button><div id=\"dados-ocultos-25289\" class=\"dados-detalhes-ocultos\" style=\"display:none;\"><span data-campo=\"titulo\">Emenda Parlamentar N\u00ba 202239680009\/2022 - Autor: Edilazio Junior<\/span><span data-campo=\"parlamentar\">Edilazio Junior<\/span><span data-campo=\"numero_ano\">202239680009\/2022<\/span><span data-campo=\"data\">01\/07\/2022<\/span><span data-campo=\"tipo\">Emenda individual<\/span><span data-campo=\"valor_previsto\">R$&nbsp;234.840,00<\/span><span data-campo=\"valor_realizado\">R$&nbsp;1.300.000,00<\/span><span data-campo=\"valor_pago\" id=\"hidden-valor_pago-25289\">R$&nbsp;234.840,00<\/span><span data-campo=\"funcao_governo\" id=\"hidden-funcao_governo-25289\">Encargos Especiais<\/span><span data-campo=\"localidade\">Munic\u00edpio de Magalh\u00e3es de Almeida<\/span><span data-campo=\"objeto\" id=\"hidden-objeto-25289\">TRANSFERENCIA ESPECIAL<\/span><div class=\"emp-arquivos-lista\" data-campo=\"arquivos\"><div class=\"emp-arquivo-item\"><span class=\"emp-arquivo-descricao\"><\/span><a class=\"emp-arquivo-download\" href=\"https:\/\/magalhaesdealmeida.ma.gov.br\/transparencia\/wp-content\/uploads\/2025\/05\/PAGTO-OB-2023OB802924-29-03-2023-R-1.065.16000-1.pdf\" target=\"_blank\" download>Download<\/a><\/div><div class=\"emp-arquivo-item\"><span class=\"emp-arquivo-descricao\"><\/span><a class=\"emp-arquivo-download\" href=\"https:\/\/magalhaesdealmeida.ma.gov.br\/transparencia\/wp-content\/uploads\/2025\/05\/PAGTO-OB-2022OB802819-01-07-2022-R-234.84000.pdf\" target=\"_blank\" download>Download<\/a><\/div><\/div><\/div><td class=\"coluna-ver-emenda\"><a href=\"https:\/\/magalhaesdealmeida.ma.gov.br\/transparencia\/emenda\/emenda-parlamentar-no-2022-autor-edilazio-junior\/\" class=\"emp-btn-ver-emenda\" target=\"_blank\">Ver Emenda<\/a><\/td><\/td><\/tr><tr data-tipo-valor=\"emenda-bloco-bancada\" data-funcao-governo=\"Sa\u00fade\" data-parlamentar=\"BANCADA DO MARANH\u00c3O\" data-localidade=\"Magalh\u00e3es de Almeida\"><td>25402<\/td><td>BANCADA DO MARANH\u00c3O<\/td><td>202271110004\/2022<\/td><td>09\/06\/2022<\/td><td>Emenda de Bloco e Bancada<\/td><td class=\"valor-monetario\">R$&nbsp;750.015,00<\/td><td class=\"valor-monetario\">R$&nbsp;750.015,00<\/td><td class=\"valor-monetario coluna-oculta\">R$&nbsp;11.681.141,00<\/td><td class=\"coluna-oculta\">Sa\u00fade<\/td><td class=\"coluna-oculta\">INCREMENTO TEMPOR\u00c1RIO AO CUSTEIO DOS SERVI\u00c7OS DE ATEN\u00c7\u00c3O PRIMARIA A SA\u00daDE PARA CUMPRIMENTO DE METAS<\/td><td>Magalh\u00e3es de Almeida<\/td><td class=\"coluna-detalhes\"><button type=\"button\" class=\"emp-btn-detalhes\" data-id=\"25402\">Detalhes<\/button><div id=\"dados-ocultos-25402\" class=\"dados-detalhes-ocultos\" style=\"display:none;\"><span data-campo=\"titulo\">Emenda Parlamentar N\u00ba 202271110004\/2022 - Autor: BANCADA DO MARANH\u00c3O<\/span><span data-campo=\"parlamentar\">BANCADA DO MARANH\u00c3O<\/span><span data-campo=\"numero_ano\">202271110004\/2022<\/span><span data-campo=\"data\">09\/06\/2022<\/span><span data-campo=\"tipo\">Emenda de Bloco e Bancada<\/span><span data-campo=\"valor_previsto\">R$&nbsp;750.015,00<\/span><span data-campo=\"valor_realizado\">R$&nbsp;750.015,00<\/span><span data-campo=\"valor_pago\" id=\"hidden-valor_pago-25402\">R$&nbsp;11.681.141,00<\/span><span data-campo=\"funcao_governo\" id=\"hidden-funcao_governo-25402\">Sa\u00fade<\/span><span data-campo=\"localidade\">Magalh\u00e3es de Almeida<\/span><span data-campo=\"objeto\" id=\"hidden-objeto-25402\">INCREMENTO TEMPOR\u00c1RIO AO CUSTEIO DOS SERVI\u00c7OS DE ATEN\u00c7\u00c3O PRIMARIA A SA\u00daDE PARA CUMPRIMENTO DE METAS<\/span><div class=\"emp-arquivos-lista\" data-campo=\"arquivos\"><div class=\"emp-arquivo-item\"><span class=\"emp-arquivo-descricao\"><\/span><a class=\"emp-arquivo-download\" href=\"https:\/\/magalhaesdealmeida.ma.gov.br\/transparencia\/wp-content\/uploads\/2025\/06\/PAGAMENTO-OB-2022OB812415-09-06-2022.pdf\" target=\"_blank\" download>Download<\/a><\/div><\/div><\/div><td class=\"coluna-ver-emenda\"><a href=\"https:\/\/magalhaesdealmeida.ma.gov.br\/transparencia\/emenda\/emenda-parlamentar-no-202271110004-2022-autor-bancada-do-maranhao\/\" class=\"emp-btn-ver-emenda\" target=\"_blank\">Ver Emenda<\/a><\/td><\/td><\/tr><tr data-tipo-valor=\"emenda-bloco-bancada\" data-funcao-governo=\"Sa\u00fade\" data-parlamentar=\"BANCADA DO MARANH\u00c3O\" data-localidade=\"Magalh\u00e3es de Almeida\"><td>25404<\/td><td>BANCADA DO MARANH\u00c3O<\/td><td>202271110004\/2022<\/td><td>09\/06\/2022<\/td><td>Emenda de Bloco e Bancada<\/td><td class=\"valor-monetario\">R$&nbsp;2.000.000,00<\/td><td class=\"valor-monetario\">R$&nbsp;2.000.000,00<\/td><td class=\"valor-monetario coluna-oculta\">R$&nbsp;14.521.318,00<\/td><td class=\"coluna-oculta\">Sa\u00fade<\/td><td class=\"coluna-oculta\">INCREMENTO TEMPOR\u00c1RIO AO CUSTEIO DOS SERVI\u00c7OS DE ATEN\u00c7\u00c3O PRIM\u00c1RIA A SA\u00daDE PARA CUMPRIMENTO DE METAS<\/td><td>Magalh\u00e3es de Almeida<\/td><td class=\"coluna-detalhes\"><button type=\"button\" class=\"emp-btn-detalhes\" data-id=\"25404\">Detalhes<\/button><div id=\"dados-ocultos-25404\" class=\"dados-detalhes-ocultos\" style=\"display:none;\"><span data-campo=\"titulo\">Emenda Parlamentar N\u00ba 202271110004\/2022 - Autor: BANCADA DO MARANH\u00c3O<\/span><span data-campo=\"parlamentar\">BANCADA DO MARANH\u00c3O<\/span><span data-campo=\"numero_ano\">202271110004\/2022<\/span><span data-campo=\"data\">09\/06\/2022<\/span><span data-campo=\"tipo\">Emenda de Bloco e Bancada<\/span><span data-campo=\"valor_previsto\">R$&nbsp;2.000.000,00<\/span><span data-campo=\"valor_realizado\">R$&nbsp;2.000.000,00<\/span><span data-campo=\"valor_pago\" id=\"hidden-valor_pago-25404\">R$&nbsp;14.521.318,00<\/span><span data-campo=\"funcao_governo\" id=\"hidden-funcao_governo-25404\">Sa\u00fade<\/span><span data-campo=\"localidade\">Magalh\u00e3es de Almeida<\/span><span data-campo=\"objeto\" id=\"hidden-objeto-25404\">INCREMENTO TEMPOR\u00c1RIO AO CUSTEIO DOS SERVI\u00c7OS DE ATEN\u00c7\u00c3O PRIM\u00c1RIA A SA\u00daDE PARA CUMPRIMENTO DE METAS<\/span><div class=\"emp-arquivos-lista\" data-campo=\"arquivos\"><div class=\"emp-arquivo-item\"><span class=\"emp-arquivo-descricao\"><\/span><a class=\"emp-arquivo-download\" href=\"https:\/\/magalhaesdealmeida.ma.gov.br\/transparencia\/wp-content\/uploads\/2025\/06\/ORDEM-DE-PAGTO-2022OB812418-09-06-2022.pdf\" target=\"_blank\" download>Download<\/a><\/div><\/div><\/div><td class=\"coluna-ver-emenda\"><a href=\"https:\/\/magalhaesdealmeida.ma.gov.br\/transparencia\/emenda\/emenda-parlamentar-no-202271110004-2022-autor-bancada-do-maranhao-2\/\" class=\"emp-btn-ver-emenda\" target=\"_blank\">Ver Emenda<\/a><\/td><\/td><\/tr><tr data-tipo-valor=\"emenda-individual\" data-funcao-governo=\"Urbanismo\" data-parlamentar=\"Hildo Rocha\" data-localidade=\"MAGALH\u00c3ES DE ALMEIDA\"><td>25283<\/td><td>Hildo Rocha<\/td><td>20203330001\/2021<\/td><td>25\/10\/2021<\/td><td>Emenda individual<\/td><td class=\"valor-monetario\">R$&nbsp;295.464,49<\/td><td class=\"valor-monetario\">R$&nbsp;295.464,49<\/td><td class=\"valor-monetario coluna-oculta\">R$&nbsp;295.464,49<\/td><td class=\"coluna-oculta\">Urbanismo<\/td><td class=\"coluna-oculta\">PAVIMENTACAO EM BLOCO INTERTRAVADO NO REFERIDO MUNIC\u00cdPIO<\/td><td>MAGALH\u00c3ES DE ALMEIDA<\/td><td class=\"coluna-detalhes\"><button type=\"button\" class=\"emp-btn-detalhes\" data-id=\"25283\">Detalhes<\/button><div id=\"dados-ocultos-25283\" class=\"dados-detalhes-ocultos\" style=\"display:none;\"><span data-campo=\"titulo\">Emenda Parlamentar N\u00ba 20203330001\/2021 - Autor: Hildo Rocha<\/span><span data-campo=\"parlamentar\">Hildo Rocha<\/span><span data-campo=\"numero_ano\">20203330001\/2021<\/span><span data-campo=\"data\">25\/10\/2021<\/span><span data-campo=\"tipo\">Emenda individual<\/span><span data-campo=\"valor_previsto\">R$&nbsp;295.464,49<\/span><span data-campo=\"valor_realizado\">R$&nbsp;295.464,49<\/span><span data-campo=\"valor_pago\" id=\"hidden-valor_pago-25283\">R$&nbsp;295.464,49<\/span><span data-campo=\"funcao_governo\" id=\"hidden-funcao_governo-25283\">Urbanismo<\/span><span data-campo=\"localidade\">MAGALH\u00c3ES DE ALMEIDA<\/span><span data-campo=\"objeto\" id=\"hidden-objeto-25283\">PAVIMENTACAO EM BLOCO INTERTRAVADO NO REFERIDO MUNIC\u00cdPIO<\/span><div class=\"emp-arquivos-lista\" data-campo=\"arquivos\"><div class=\"emp-arquivo-item\"><span class=\"emp-arquivo-descricao\"><\/span><a class=\"emp-arquivo-download\" href=\"https:\/\/magalhaesdealmeida.ma.gov.br\/transparencia\/wp-content\/uploads\/2025\/05\/EMENDA-202033930001-PAGAMENTO-25-10-2021.pdf\" target=\"_blank\" download>Download<\/a><\/div><\/div><\/div><td class=\"coluna-ver-emenda\"><a href=\"https:\/\/magalhaesdealmeida.ma.gov.br\/transparencia\/emenda\/emenda-parlamentar-no-2021-autor-hildo-rocha\/\" class=\"emp-btn-ver-emenda\" target=\"_blank\">Ver Emenda<\/a><\/td><\/td><\/tr><tr data-tipo-valor=\"emenda-bloco-bancada\" data-funcao-governo=\"Sa\u00fade\" data-parlamentar=\"Bancada do Maranh\u00e3o\" data-localidade=\"MAGALH\u00c3ES DE ALMEIDA\"><td>25400<\/td><td>Bancada do Maranh\u00e3o<\/td><td>202171110016<\/td><td>24\/09\/2001<\/td><td>Emenda de Bloco e Bancada<\/td><td class=\"valor-monetario\">R$&nbsp;235.000,00<\/td><td class=\"valor-monetario\">R$&nbsp;235.000,00<\/td><td class=\"valor-monetario coluna-oculta\">R$&nbsp;4.934.997,00<\/td><td class=\"coluna-oculta\">Sa\u00fade<\/td><td class=\"coluna-oculta\">ESTRUTURA\u00c7\u00c3O DE UNIDADES DE ATEN\u00c7\u00c3O ESPECIALIZADA EM SA\u00daDE<\/td><td>MAGALH\u00c3ES DE ALMEIDA<\/td><td class=\"coluna-detalhes\"><button type=\"button\" class=\"emp-btn-detalhes\" data-id=\"25400\">Detalhes<\/button><div id=\"dados-ocultos-25400\" class=\"dados-detalhes-ocultos\" style=\"display:none;\"><span data-campo=\"titulo\">Emenda Parlamentar N\u00ba 202171110016 - Autor: Bancada do Maranh\u00e3o<\/span><span data-campo=\"parlamentar\">Bancada do Maranh\u00e3o<\/span><span data-campo=\"numero_ano\">202171110016<\/span><span data-campo=\"data\">24\/09\/2001<\/span><span data-campo=\"tipo\">Emenda de Bloco e Bancada<\/span><span data-campo=\"valor_previsto\">R$&nbsp;235.000,00<\/span><span data-campo=\"valor_realizado\">R$&nbsp;235.000,00<\/span><span data-campo=\"valor_pago\" id=\"hidden-valor_pago-25400\">R$&nbsp;4.934.997,00<\/span><span data-campo=\"funcao_governo\" id=\"hidden-funcao_governo-25400\">Sa\u00fade<\/span><span data-campo=\"localidade\">MAGALH\u00c3ES DE ALMEIDA<\/span><span data-campo=\"objeto\" id=\"hidden-objeto-25400\">ESTRUTURA\u00c7\u00c3O DE UNIDADES DE ATEN\u00c7\u00c3O ESPECIALIZADA EM SA\u00daDE<\/span><div class=\"emp-arquivos-lista\" data-campo=\"arquivos\"><div class=\"emp-arquivo-item\"><span class=\"emp-arquivo-descricao\"><\/span><a class=\"emp-arquivo-download\" href=\"https:\/\/magalhaesdealmeida.ma.gov.br\/transparencia\/wp-content\/uploads\/2025\/06\/EMENDA-202171110016-PAGAMENTO-24-09-2021.pdf\" target=\"_blank\" download>Download<\/a><\/div><\/div><\/div><td class=\"coluna-ver-emenda\"><a href=\"https:\/\/magalhaesdealmeida.ma.gov.br\/transparencia\/emenda\/emenda-parlamentar-no-202171110016-autor-2021\/\" class=\"emp-btn-ver-emenda\" target=\"_blank\">Ver Emenda<\/a><\/td><\/td><\/tr><tr data-tipo-valor=\"emenda-individual\" data-funcao-governo=\"Encargos Especiais\" data-parlamentar=\"Hildo Rocha\" data-localidade=\"Munic\u00edpio de Magalh\u00e3es de Almeida\"><td>25288<\/td><td>Hildo Rocha<\/td><td>202133930001\/2021<\/td><td>24\/09\/2021<\/td><td>Emenda individual<\/td><td class=\"valor-monetario\">R$&nbsp;350.000,00<\/td><td class=\"valor-monetario\">R$&nbsp;350.000,00<\/td><td class=\"valor-monetario coluna-oculta\">R$&nbsp;350.000,00<\/td><td class=\"coluna-oculta\">Encargos Especiais<\/td><td class=\"coluna-oculta\">TRANSFERENCIA ESPECIAL<\/td><td>Munic\u00edpio de Magalh\u00e3es de Almeida<\/td><td class=\"coluna-detalhes\"><button type=\"button\" class=\"emp-btn-detalhes\" data-id=\"25288\">Detalhes<\/button><div id=\"dados-ocultos-25288\" class=\"dados-detalhes-ocultos\" style=\"display:none;\"><span data-campo=\"titulo\">Emenda Parlamentar N\u00ba 202133930001\/2021 - Autor: Hildo Rocha<\/span><span data-campo=\"parlamentar\">Hildo Rocha<\/span><span data-campo=\"numero_ano\">202133930001\/2021<\/span><span data-campo=\"data\">24\/09\/2021<\/span><span data-campo=\"tipo\">Emenda individual<\/span><span data-campo=\"valor_previsto\">R$&nbsp;350.000,00<\/span><span data-campo=\"valor_realizado\">R$&nbsp;350.000,00<\/span><span data-campo=\"valor_pago\" id=\"hidden-valor_pago-25288\">R$&nbsp;350.000,00<\/span><span data-campo=\"funcao_governo\" id=\"hidden-funcao_governo-25288\">Encargos Especiais<\/span><span data-campo=\"localidade\">Munic\u00edpio de Magalh\u00e3es de Almeida<\/span><span data-campo=\"objeto\" id=\"hidden-objeto-25288\">TRANSFERENCIA ESPECIAL<\/span><div class=\"emp-arquivos-lista\" data-campo=\"arquivos\"><div class=\"emp-arquivo-item\"><span class=\"emp-arquivo-descricao\"><\/span><a class=\"emp-arquivo-download\" href=\"https:\/\/magalhaesdealmeida.ma.gov.br\/transparencia\/wp-content\/uploads\/2025\/05\/EMENDA-202133930001-PAGAMENTO-24-09-2021-1.pdf\" target=\"_blank\" download>Download<\/a><\/div><\/div><\/div><td class=\"coluna-ver-emenda\"><a href=\"https:\/\/magalhaesdealmeida.ma.gov.br\/transparencia\/emenda\/emenda-parlamentar-no-2021-autor-hildo-rocha-3\/\" class=\"emp-btn-ver-emenda\" target=\"_blank\">Ver Emenda<\/a><\/td><\/td><\/tr><tr data-tipo-valor=\"emenda-individual\" data-funcao-governo=\"Encargos Especiais\" data-parlamentar=\"Hildo Rocha\" data-localidade=\"Munic\u00edpio de Magalh\u00e3es de Almeida\"><td>25287<\/td><td>Hildo Rocha<\/td><td>202133930001\/2021<\/td><td>24\/09\/2021<\/td><td>Emenda individual<\/td><td class=\"valor-monetario\">R$&nbsp;150.000,00<\/td><td class=\"valor-monetario\">R$&nbsp;150.000,00<\/td><td class=\"valor-monetario coluna-oculta\">R$&nbsp;150.000,00<\/td><td class=\"coluna-oculta\">Encargos Especiais<\/td><td class=\"coluna-oculta\">TRANSFER\u00caNCIA ESPECIAL<\/td><td>Munic\u00edpio de Magalh\u00e3es de Almeida<\/td><td class=\"coluna-detalhes\"><button type=\"button\" class=\"emp-btn-detalhes\" data-id=\"25287\">Detalhes<\/button><div id=\"dados-ocultos-25287\" class=\"dados-detalhes-ocultos\" style=\"display:none;\"><span data-campo=\"titulo\">Emenda Parlamentar N\u00ba 202133930001\/2021 - Autor: Hildo Rocha<\/span><span data-campo=\"parlamentar\">Hildo Rocha<\/span><span data-campo=\"numero_ano\">202133930001\/2021<\/span><span data-campo=\"data\">24\/09\/2021<\/span><span data-campo=\"tipo\">Emenda individual<\/span><span data-campo=\"valor_previsto\">R$&nbsp;150.000,00<\/span><span data-campo=\"valor_realizado\">R$&nbsp;150.000,00<\/span><span data-campo=\"valor_pago\" id=\"hidden-valor_pago-25287\">R$&nbsp;150.000,00<\/span><span data-campo=\"funcao_governo\" id=\"hidden-funcao_governo-25287\">Encargos Especiais<\/span><span data-campo=\"localidade\">Munic\u00edpio de Magalh\u00e3es de Almeida<\/span><span data-campo=\"objeto\" id=\"hidden-objeto-25287\">TRANSFER\u00caNCIA ESPECIAL<\/span><div class=\"emp-arquivos-lista\" data-campo=\"arquivos\"><div class=\"emp-arquivo-item\"><span class=\"emp-arquivo-descricao\"><\/span><a class=\"emp-arquivo-download\" href=\"https:\/\/magalhaesdealmeida.ma.gov.br\/transparencia\/wp-content\/uploads\/2025\/05\/EMENDA-202133930001-PAGAMENTO-24-09-2021.pdf\" target=\"_blank\" download>Download<\/a><\/div><\/div><\/div><td class=\"coluna-ver-emenda\"><a href=\"https:\/\/magalhaesdealmeida.ma.gov.br\/transparencia\/emenda\/emenda-parlamentar-no-2021-autor-hildo-rocha-2\/\" class=\"emp-btn-ver-emenda\" target=\"_blank\">Ver Emenda<\/a><\/td><\/td><\/tr><tr data-tipo-valor=\"emenda-individual\" data-funcao-governo=\"Urbanismo\" data-parlamentar=\"2020\" data-localidade=\"Magalh\u00e3es de Almeida\"><td>25395<\/td><td>2020<\/td><td>202033930001<\/td><td>21\/09\/2020<\/td><td>Emenda individual<\/td><td class=\"valor-monetario\">R$&nbsp;182.035,51<\/td><td class=\"valor-monetario\">R$&nbsp;182.035,51<\/td><td class=\"valor-monetario coluna-oculta\">R$&nbsp;182.035,51<\/td><td class=\"coluna-oculta\">Urbanismo<\/td><td class=\"coluna-oculta\">Constru\u00e7\u00e3o de Ponte<\/td><td>Magalh\u00e3es de Almeida<\/td><td class=\"coluna-detalhes\"><button type=\"button\" class=\"emp-btn-detalhes\" data-id=\"25395\">Detalhes<\/button><div id=\"dados-ocultos-25395\" class=\"dados-detalhes-ocultos\" style=\"display:none;\"><span data-campo=\"titulo\">Emenda Parlamentar N\u00ba 202033930001 - Autor: 2020<\/span><span data-campo=\"parlamentar\">2020<\/span><span data-campo=\"numero_ano\">202033930001<\/span><span data-campo=\"data\">21\/09\/2020<\/span><span data-campo=\"tipo\">Emenda individual<\/span><span data-campo=\"valor_previsto\">R$&nbsp;182.035,51<\/span><span data-campo=\"valor_realizado\">R$&nbsp;182.035,51<\/span><span data-campo=\"valor_pago\" id=\"hidden-valor_pago-25395\">R$&nbsp;182.035,51<\/span><span data-campo=\"funcao_governo\" id=\"hidden-funcao_governo-25395\">Urbanismo<\/span><span data-campo=\"localidade\">Magalh\u00e3es de Almeida<\/span><span data-campo=\"objeto\" id=\"hidden-objeto-25395\">Constru\u00e7\u00e3o de Ponte<\/span><div class=\"emp-arquivos-lista\" data-campo=\"arquivos\"><div class=\"emp-arquivo-item\"><span class=\"emp-arquivo-descricao\"><\/span><a class=\"emp-arquivo-download\" href=\"https:\/\/magalhaesdealmeida.ma.gov.br\/transparencia\/wp-content\/uploads\/2025\/06\/EMENDA-202033930001-PAGAMENTO-21-09-2020.pdf\" target=\"_blank\" download>Download<\/a><\/div><\/div><\/div><td class=\"coluna-ver-emenda\"><a href=\"https:\/\/magalhaesdealmeida.ma.gov.br\/transparencia\/emenda\/emenda-parlamentar-no-202033930001-autor-2020\/\" class=\"emp-btn-ver-emenda\" target=\"_blank\">Ver Emenda<\/a><\/td><\/td><\/tr><tr data-tipo-valor=\"emenda-bloco-bancada\" data-funcao-governo=\"Sa\u00fade\" data-parlamentar=\"Bancada do Maranh\u00e3o\" data-localidade=\"Fundo Municipal de Sa\u00fade - Magalh\u00e3es de Almeida\"><td>25263<\/td><td>Bancada do Maranh\u00e3o<\/td><td>202071110002<\/td><td>13\/05\/2020<\/td><td>Emenda de Bloco e Bancada<\/td><td class=\"valor-monetario\">R$&nbsp;300.000,00<\/td><td class=\"valor-monetario\">R$&nbsp;300.000,00<\/td><td class=\"valor-monetario coluna-oculta\">R$&nbsp;4.934.997,00<\/td><td class=\"coluna-oculta\">Sa\u00fade<\/td><td class=\"coluna-oculta\">Enfrentamento da Emerg\u00eancia de Sa\u00fade P\u00fablica de Import\u00e2ncia Internacional Decorrente do Coronav\u00edrus<\/td><td>Fundo Municipal de Sa\u00fade - Magalh\u00e3es de Almeida<\/td><td class=\"coluna-detalhes\"><button type=\"button\" class=\"emp-btn-detalhes\" data-id=\"25263\">Detalhes<\/button><div id=\"dados-ocultos-25263\" class=\"dados-detalhes-ocultos\" style=\"display:none;\"><span data-campo=\"titulo\">Emenda Parlamentar N\u00ba 202071110002 - Autor: Bancada do Maranh\u00e3o<\/span><span data-campo=\"parlamentar\">Bancada do Maranh\u00e3o<\/span><span data-campo=\"numero_ano\">202071110002<\/span><span data-campo=\"data\">13\/05\/2020<\/span><span data-campo=\"tipo\">Emenda de Bloco e Bancada<\/span><span data-campo=\"valor_previsto\">R$&nbsp;300.000,00<\/span><span data-campo=\"valor_realizado\">R$&nbsp;300.000,00<\/span><span data-campo=\"valor_pago\" id=\"hidden-valor_pago-25263\">R$&nbsp;4.934.997,00<\/span><span data-campo=\"funcao_governo\" id=\"hidden-funcao_governo-25263\">Sa\u00fade<\/span><span data-campo=\"localidade\">Fundo Municipal de Sa\u00fade - Magalh\u00e3es de Almeida<\/span><span data-campo=\"objeto\" id=\"hidden-objeto-25263\">Enfrentamento da Emerg\u00eancia de Sa\u00fade P\u00fablica de Import\u00e2ncia Internacional Decorrente do Coronav\u00edrus<\/span><div class=\"emp-arquivos-lista\" data-campo=\"arquivos\"><div class=\"emp-arquivo-item\"><span class=\"emp-arquivo-descricao\">Teste<\/span><a class=\"emp-arquivo-download\" href=\"https:\/\/magalhaesdealmeida.ma.gov.br\/transparencia\/wp-content\/uploads\/2025\/05\/EMENDA-202071110002-PAGAMENTO-13-05-2020.pdf\" target=\"_blank\" download>Download<\/a><\/div><\/div><\/div><td class=\"coluna-ver-emenda\"><a href=\"https:\/\/magalhaesdealmeida.ma.gov.br\/transparencia\/emenda\/emenda-parlamentar-no-100124-2024-autor-carlos-lima\/\" class=\"emp-btn-ver-emenda\" target=\"_blank\">Ver Emenda<\/a><\/td><\/td><\/tr><tr data-tipo-valor=\"emenda-individual\" data-funcao-governo=\"Sa\u00fade\" data-parlamentar=\"Hildo Rocha\" data-localidade=\"Fundo Municipal de Sa\u00fade - Magalh\u00e3es de Almeida\"><td>25389<\/td><td>Hildo Rocha<\/td><td>20193393001<\/td><td>13\/01\/2020<\/td><td>Emenda individual<\/td><td class=\"valor-monetario\">R$&nbsp;185.000,00<\/td><td class=\"valor-monetario\">R$&nbsp;185.000,00<\/td><td class=\"valor-monetario coluna-oculta\">R$&nbsp;185.000,00<\/td><td class=\"coluna-oculta\">Sa\u00fade<\/td><td class=\"coluna-oculta\">Estrutura\u00e7\u00e3o de Unidades de Aten\u00e7\u00e3o Especializada em Sa\u00fade<\/td><td>Fundo Municipal de Sa\u00fade - Magalh\u00e3es de Almeida<\/td><td class=\"coluna-detalhes\"><button type=\"button\" class=\"emp-btn-detalhes\" data-id=\"25389\">Detalhes<\/button><div id=\"dados-ocultos-25389\" class=\"dados-detalhes-ocultos\" style=\"display:none;\"><span data-campo=\"titulo\">Emenda Parlamentar N\u00ba 20193393001 - Autor: Hildo Rocha<\/span><span data-campo=\"parlamentar\">Hildo Rocha<\/span><span data-campo=\"numero_ano\">20193393001<\/span><span data-campo=\"data\">13\/01\/2020<\/span><span data-campo=\"tipo\">Emenda individual<\/span><span data-campo=\"valor_previsto\">R$&nbsp;185.000,00<\/span><span data-campo=\"valor_realizado\">R$&nbsp;185.000,00<\/span><span data-campo=\"valor_pago\" id=\"hidden-valor_pago-25389\">R$&nbsp;185.000,00<\/span><span data-campo=\"funcao_governo\" id=\"hidden-funcao_governo-25389\">Sa\u00fade<\/span><span data-campo=\"localidade\">Fundo Municipal de Sa\u00fade - Magalh\u00e3es de Almeida<\/span><span data-campo=\"objeto\" id=\"hidden-objeto-25389\">Estrutura\u00e7\u00e3o de Unidades de Aten\u00e7\u00e3o Especializada em Sa\u00fade<\/span><div class=\"emp-arquivos-lista\" data-campo=\"arquivos\"><div class=\"emp-arquivo-item\"><span class=\"emp-arquivo-descricao\"><\/span><a class=\"emp-arquivo-download\" href=\"https:\/\/magalhaesdealmeida.ma.gov.br\/transparencia\/wp-content\/uploads\/2025\/06\/EMENDA-201933930001-PAGAMENTO-13-01-2020.pdf\" target=\"_blank\" download>Download<\/a><\/div><\/div><\/div><td class=\"coluna-ver-emenda\"><a href=\"https:\/\/magalhaesdealmeida.ma.gov.br\/transparencia\/emenda\/emenda-parlamentar-no-2020-autor-hildo-rocha\/\" class=\"emp-btn-ver-emenda\" target=\"_blank\">Ver Emenda<\/a><\/td><\/td><\/tr><\/tbody><\/table><div class=\"emp-pagination\"><button class=\"emp-pagination-btn prev\">Anterior<\/button><span class=\"emp-pagination-info\">P\u00e1gina <span class=\"current-page\">1<\/span> de <span class=\"total-pages\">1<\/span><\/span><button class=\"emp-pagination-btn next\">Pr\u00f3xima<\/button><\/div><\/div><\/div><div class=\"emp-tab-content\" id=\"tab-declaracoes\"><div class=\"emp-export-buttons\"><button class=\"emp-export\" data-format=\"csv\">Exportar CSV<\/button><button class=\"emp-export\" data-format=\"excel\">Exportar Excel<\/button><button class=\"emp-export\" data-format=\"pdf\">Exportar PDF<\/button><button class=\"emp-export\" data-format=\"json\">Exportar JSON<\/button><\/div><div class=\"emp-table-container\"><table class=\"emp-table\" id=\"tabela-declaracoes\"><thead><tr><th data-sort=\"arquivo\">Arquivo<\/th><th data-sort=\"data\">Data<\/th><\/tr><\/thead><tbody><tr><td><a href=\"https:\/\/magalhaesdealmeida.ma.gov.br\/transparencia\/wp-content\/uploads\/2025\/05\/EMENDAS-PARLAMENTARES-2025.pdf\" target=\"_blank\">EMENDAS PARLAMENTARES &#8211; 2025<\/a><\/td><td>29\/05\/2025<\/td><\/tr><\/tbody><\/table><div class=\"emp-pagination\"><button class=\"emp-pagination-btn prev\">Anterior<\/button><span class=\"emp-pagination-info\">P\u00e1gina <span class=\"current-page\">1<\/span> de <span class=\"total-pages\">1<\/span><\/span><button class=\"emp-pagination-btn next\">Pr\u00f3xima<\/button><\/div><\/div><\/div><\/div><div id=\"emp-modal-overlay\" class=\"emp-modal-overlay\"><div id=\"emp-modal-detalhes\" class=\"emp-modal-detalhes\"><div class=\"emp-modal-cabecalho \"><h3>Detalhes da Emenda Parlamentar<\/h3><\/div><div class=\"emp-modal-conteudo\"><div class=\"emp-modal-dados\"><div class=\"emp-modal-item\"><strong>Parlamentar:<\/strong> <span id=\"modal-parlamentar\" class=\"modal-campo-valor\"><\/span><\/div><div class=\"emp-modal-item\"><strong>N\u00ba\/Ano:<\/strong> <span id=\"modal-numero_ano\" class=\"modal-campo-valor\"><\/span><\/div><div class=\"emp-modal-item\"><strong>Data:<\/strong> <span id=\"modal-data\" class=\"modal-campo-valor\"><\/span><\/div><div class=\"emp-modal-item\"><strong>Tipo:<\/strong> <span id=\"modal-tipo\" class=\"modal-campo-valor\"><\/span><\/div><div class=\"emp-modal-item\"><strong>Valor Previsto:<\/strong> <span id=\"modal-valor_previsto\" class=\"modal-campo-valor\"><\/span><\/div><div class=\"emp-modal-item\"><strong>Valor Realizado:<\/strong> <span id=\"modal-valor_realizado\" class=\"modal-campo-valor\"><\/span><\/div><div class=\"emp-modal-item\"><strong>Valor Pago:<\/strong> <span id=\"modal-valor_pago\" class=\"modal-campo-valor\"><\/span><\/div><div class=\"emp-modal-item\"><strong>Fun\u00e7\u00e3o de Governo:<\/strong> <span id=\"modal-funcao_governo\" class=\"modal-campo-valor\"><\/span><\/div><div class=\"emp-modal-item\"><strong>Localidade:<\/strong> <span id=\"modal-localidade\" class=\"modal-campo-valor\"><\/span><\/div><div class=\"emp-modal-item emp-modal-objeto\"><strong>Objeto:<\/strong><div id=\"modal-objeto\" class=\"modal-campo-valor\"><\/div><\/div><\/div><\/div><div class=\"emp-modal-rodape\"><button class=\"emp-modal-fechar-btn\">Fechar<\/button><\/div><\/div><\/div><\/div><\/div>\n","protected":false},"excerpt":{"rendered":"<p>Acesse as Emendas Parlamentares<\/p>\n","protected":false},"author":1,"featured_media":26922,"parent":0,"menu_order":0,"comment_status":"closed","ping_status":"closed","template":"","meta":{"_acf_changed":false,"footnotes":""},"categories":[1,88],"tags":[],"class_list":["post-18828","page","type-page","status-publish","has-post-thumbnail","hentry","category-exibir-front","category-renuncia-de-receita-e-emendas-parlamentares"],"acf":{"nome":"Emendas Parlamentares","link":"https:\/\/magalhaesdealmeida.ma.gov.br\/transparencia\/emendas-parlamentares\/","icone":"fas fa-file"},"_links":{"self":[{"href":"https:\/\/magalhaesdealmeida.ma.gov.br\/transparencia\/wp-json\/wp\/v2\/pages\/18828","targetHints":{"allow":["GET"]}}],"collection":[{"href":"https:\/\/magalhaesdealmeida.ma.gov.br\/transparencia\/wp-json\/wp\/v2\/pages"}],"about":[{"href":"https:\/\/magalhaesdealmeida.ma.gov.br\/transparencia\/wp-json\/wp\/v2\/types\/page"}],"author":[{"embeddable":true,"href":"https:\/\/magalhaesdealmeida.ma.gov.br\/transparencia\/wp-json\/wp\/v2\/users\/1"}],"replies":[{"embeddable":true,"href":"https:\/\/magalhaesdealmeida.ma.gov.br\/transparencia\/wp-json\/wp\/v2\/comments?post=18828"}],"version-history":[{"count":4,"href":"https:\/\/magalhaesdealmeida.ma.gov.br\/transparencia\/wp-json\/wp\/v2\/pages\/18828\/revisions"}],"predecessor-version":[{"id":25204,"href":"https:\/\/magalhaesdealmeida.ma.gov.br\/transparencia\/wp-json\/wp\/v2\/pages\/18828\/revisions\/25204"}],"wp:featuredmedia":[{"embeddable":true,"href":"https:\/\/magalhaesdealmeida.ma.gov.br\/transparencia\/wp-json\/wp\/v2\/media\/26922"}],"wp:attachment":[{"href":"https:\/\/magalhaesdealmeida.ma.gov.br\/transparencia\/wp-json\/wp\/v2\/media?parent=18828"}],"wp:term":[{"taxonomy":"category","embeddable":true,"href":"https:\/\/magalhaesdealmeida.ma.gov.br\/transparencia\/wp-json\/wp\/v2\/categories?post=18828"},{"taxonomy":"post_tag","embeddable":true,"href":"https:\/\/magalhaesdealmeida.ma.gov.br\/transparencia\/wp-json\/wp\/v2\/tags?post=18828"}],"curies":[{"name":"wp","href":"https:\/\/api.w.org\/{rel}","templated":true}]}}