{"id":7734,"date":"2021-01-01T09:53:13","date_gmt":"2021-01-01T12:53:13","guid":{"rendered":"https:\/\/magalhaesdealmeida.ma.gov.br\/transparencia\/?page_id=7734"},"modified":"2025-02-20T14:42:59","modified_gmt":"2025-02-20T17:42:59","slug":"editais","status":"publish","type":"page","link":"https:\/\/magalhaesdealmeida.ma.gov.br\/transparencia\/editais\/","title":{"rendered":"Editais"},"content":{"rendered":"<p>Acesse os Editais do Munic\u00edpio<\/p>\n<div id=\"footable_parent_18241\"\n         class=\" footable_parent ninja_table_wrapper loading_ninja_table wp_table_data_press_parent semantic_ui colored_table\">\n                <table data-ninja_table_instance=\"ninja_table_instance_0\" data-footable_id=\"18241\" data-filter-delay=\"1000\" aria-label=\"Editais\"            id=\"footable_18241\"\n           data-unique_identifier=\"ninja_table_unique_id_2014786486_18241\"\n           class=\" foo-table ninja_footable foo_table_18241 ninja_table_unique_id_2014786486_18241 ui table  white nt_type_legacy_table selectable striped vertical_centered inverted footable-paging-right ninja_table_pro ninja_table_afd_inline ninja_table_has_custom_filter\">\n                <colgroup>\n                            <col class=\"ninja_column_0 \">\n                            <col class=\"ninja_column_1 \">\n                            <col class=\"ninja_column_2 \">\n                            <col class=\"ninja_column_3 \">\n                            <col class=\"ninja_column_4 \">\n                    <\/colgroup>\n        <thead>\n<tr class=\"footable-header\">\n                                                                                        <th scope=\"col\"  class=\"ninja_column_0 ninja_clmn_nm_posttitle \">Descri\u00e7\u00e3o<\/th><th scope=\"col\"  class=\"ninja_column_1 ninja_clmn_nm_postdate \">Data da Publica\u00e7\u00e3o<\/th><th scope=\"col\"  class=\"ninja_column_2 ninja_clmn_nm_editaisano \">Ano<\/th><th scope=\"col\"  class=\"ninja_column_3 ninja_clmn_nm_editaismes \">M\u00eas<\/th><th scope=\"col\"  class=\"ninja_column_4 ninja_clmn_nm_download \">Download<\/th><\/tr>\n<\/thead>\n<tbody>\n\n        <tr data-row_id=\"0\" class=\"ninja_table_row_0 nt_row_id_0\">\n            <td>EDITAL DE CITA\u00c7\u00c3O E INTIMA\u00c7\u00c3O PAD N\u00ba 001\/2026<\/td><td>17\/04\/2026<\/td><td><\/td><td>Abril<\/td><td><a target=\"_blank\"  class=\"nt_btn nt_rounded_btn\" style=\"color: rgba(255, 255, 255, 1);background-color: rgba(18, 150, 136, 1);border-color: rgba(18, 150, 136, 1);\" rel=\"\" href=\"https:\/\/magalhaesdealmeida.ma.gov.br\/transparencia\/wp-content\/uploads\/2026\/04\/EDITAL_DE_CITACAO_E_INTIMACAO_PAD_NC2BA_001.2026_assinado.pdf\">Download<\/a><\/td>        <\/tr>\n            <tr data-row_id=\"1\" class=\"ninja_table_row_1 nt_row_id_1\">\n            <td>EDITAL N\u00ba 001\/2026 \u2013 PROCESSO SELETIVO SIMPLIFICADO \u2013 AUXILIAR DE SALA DE AULA RETIFICADO<\/td><td>16\/04\/2026<\/td><td><\/td><td><\/td><td><a target=\"_blank\"  class=\"nt_btn nt_rounded_btn\" style=\"color: rgba(255, 255, 255, 1);background-color: rgba(18, 150, 136, 1);border-color: rgba(18, 150, 136, 1);\" rel=\"\" href=\"https:\/\/magalhaesdealmeida.ma.gov.br\/transparencia\/wp-content\/uploads\/2026\/04\/Retificacao-do-Edital-Selecao-de-Auxiliar-de-Sala-2.pdf\">Download<\/a><\/td>        <\/tr>\n            <tr data-row_id=\"2\" class=\"ninja_table_row_2 nt_row_id_2\">\n            <td>EDITAL N\u00ba 001\/2026 \u2013 PROCESSO SELETIVO SIMPLIFICADO - AUXILIAR DE SALA DE AULA<\/td><td>10\/04\/2026<\/td><td><\/td><td><\/td><td><a target=\"_blank\"  class=\"nt_btn nt_rounded_btn\" style=\"color: rgba(255, 255, 255, 1);background-color: rgba(18, 150, 136, 1);border-color: rgba(18, 150, 136, 1);\" rel=\"\" href=\"https:\/\/magalhaesdealmeida.ma.gov.br\/transparencia\/wp-content\/uploads\/2026\/04\/Edital-Selecao-de-auxiliar-de-sala-PRONTO-2.pdf\">Download<\/a><\/td>        <\/tr>\n            <tr data-row_id=\"3\" class=\"ninja_table_row_3 nt_row_id_3\">\n            <td>EDITAL N\u00ba 002\/2025 - SEMECTI - ESTABELECE AS DIRETRIZES PARA MATR\u00cdCULA E RENOVA\u00c7\u00c3O NO ENSINO FUNDAMENTAL NAS ESCOLAS DA REDE P\u00daBLICA MUNICIPAL DE ENSINO DE MAGALH\u00c3ES DE ALMEIDA - MA NO ANO LETIVO DE 2026, E D\u00c1 OUTRAS PROVID\u00caNCIAS<\/td><td>19\/12\/2025<\/td><td>2025<\/td><td>Dezembro<\/td><td><a target=\"_blank\"  class=\"nt_btn nt_rounded_btn\" style=\"color: rgba(255, 255, 255, 1);background-color: rgba(18, 150, 136, 1);border-color: rgba(18, 150, 136, 1);\" rel=\"\" href=\"https:\/\/magalhaesdealmeida.ma.gov.br\/transparencia\/wp-content\/uploads\/2025\/12\/Edital-no-02-2026-SEMECTI.pdf\">Download<\/a><\/td>        <\/tr>\n            <tr data-row_id=\"4\" class=\"ninja_table_row_4 nt_row_id_4\">\n            <td>EDITAL N\u00ba 001\/2025 - SEMECTI  - DISP\u00d5E SOBRE AS DIRETRIZES DE MATR\u00cdCULA PARA O ANO LETIVO DE 2026 NOS ESTABELECIMENTOS DE ENSINO DA REDE MUNICIPAL QUE OFERECEM ATENDIMENTO DE EDUCA\u00c7\u00c3O INFANTIL, NAS MODALIDADES DE CRECHES E\/OU PR\u00c9-ESCOLA, E D\u00c1 OUTRAS PROVID\u00caNCIAS<\/td><td>18\/12\/2025<\/td><td>2025<\/td><td><\/td><td><a target=\"_blank\"  class=\"nt_btn nt_rounded_btn\" style=\"color: rgba(255, 255, 255, 1);background-color: rgba(18, 150, 136, 1);border-color: rgba(18, 150, 136, 1);\" rel=\"\" href=\"https:\/\/magalhaesdealmeida.ma.gov.br\/transparencia\/wp-content\/uploads\/2025\/12\/Edital-no-01-2026-SEMECTI.pdf\">Download<\/a><\/td>        <\/tr>\n            <tr data-row_id=\"5\" class=\"ninja_table_row_5 nt_row_id_5\">\n            <td>TERMO DE EXECU\u00c7\u00c3O CULTURAL TERMO DE EXECU\u00c7\u00c3O CULTURAL N\u00ba 0002 \/ 2025<\/td><td>11\/03\/2025<\/td><td>2025<\/td><td>Mar\u00e7o<\/td><td><a target=\"_blank\"  class=\"nt_btn nt_rounded_btn\" style=\"color: rgba(255, 255, 255, 1);background-color: rgba(18, 150, 136, 1);border-color: rgba(18, 150, 136, 1);\" rel=\"\" href=\"https:\/\/magalhaesdealmeida.ma.gov.br\/transparencia\/wp-content\/uploads\/2025\/03\/TERMO-DE-EXECUCAO-CULTURAL-QUADRILHA.pdf\">Download<\/a><\/td>        <\/tr>\n            <tr data-row_id=\"6\" class=\"ninja_table_row_6 nt_row_id_6\">\n            <td>RESULTADO FINAL DOS HABILITADOS DO EDITAL CHAMAMENTO P\u00daBLICO N\u00ba 001\/2025 PARA SELE\u00c7\u00c3O DE PROJETOS PARA FIRMAR TERMO DE EXECU\u00c7\u00c3O CULTURAL COM RECURSOS DA POL\u00cdTICA NACIONAL ALDIR BLANC DE FOMENTO \u00c0 CULTURA \u2013 PNAB (LEI N\u00ba 14.399\/2022).<\/td><td>11\/03\/2025<\/td><td>2025<\/td><td>Mar\u00e7o<\/td><td><a target=\"_blank\"  class=\"nt_btn nt_rounded_btn\" style=\"color: rgba(255, 255, 255, 1);background-color: rgba(18, 150, 136, 1);border-color: rgba(18, 150, 136, 1);\" rel=\"\" href=\"https:\/\/magalhaesdealmeida.ma.gov.br\/transparencia\/wp-content\/uploads\/2025\/03\/RESULTADO-FINAL-DO-EDITAL-001-2025-APRESENTACAO-DE-QUADRILHA-JUNINA-ADULTO-E-OU-INFANTO-JUVENIL.pdf\">Download<\/a><\/td>        <\/tr>\n            <tr data-row_id=\"7\" class=\"ninja_table_row_7 nt_row_id_7\">\n            <td>AVISO DE EDITAL CREDENCIAMENTO N\u00ba. 001\/2025 PROCESSO ADMINISTRATIVO: N\u00ba  01202<\/td><td>28\/02\/2025<\/td><td>2025<\/td><td><\/td><td><a target=\"_blank\"  class=\"nt_btn nt_rounded_btn\" style=\"color: rgba(255, 255, 255, 1);background-color: rgba(18, 150, 136, 1);border-color: rgba(18, 150, 136, 1);\" rel=\"\" href=\"https:\/\/magalhaesdealmeida.ma.gov.br\/transparencia\/wp-content\/uploads\/2025\/03\/AVISO_DE_EDITAL_assinado-APAE.pdf\">Download<\/a><\/td>        <\/tr>\n            <tr data-row_id=\"8\" class=\"ninja_table_row_8 nt_row_id_8\">\n            <td>EDITAL DE CHAMAMENTO P\u00daBLICO N\u00ba 001\/2025 - SELE\u00c7\u00c3O DE PROJETOS PARA FIRMAR TERMO DE EXECU\u00c7\u00c3O CULTURAL COM RECURSOS DA POL\u00cdTICA NACIONAL ALDIR BLANC DE FOMENTO \u00c0 CULTURA \u2013 PNAB (LEI N\u00ba 14.399\/2022)<\/td><td>25\/02\/2025<\/td><td>2025<\/td><td><\/td><td><a target=\"_blank\"  class=\"nt_btn nt_rounded_btn\" style=\"color: rgba(255, 255, 255, 1);background-color: rgba(18, 150, 136, 1);border-color: rgba(18, 150, 136, 1);\" rel=\"\" href=\"https:\/\/magalhaesdealmeida.ma.gov.br\/transparencia\/wp-content\/uploads\/2025\/03\/EDITAL_DE_CHAMAMENTO_PUBLICO_0012025_e_ANEXOS._28129_assinado.pdf\">Download<\/a><\/td>        <\/tr>\n            <tr data-row_id=\"9\" class=\"ninja_table_row_9 nt_row_id_9\">\n            <td>RESULTADO PRELIMINAR DE HABILITA\u00c7\u00c3O DO EDITAL CHAMAMENTO P\u00daBLICO N\u00ba 004\/2024 PARA SELE\u00c7\u00c3O DE PROJETOS PARA FIRMAR TERMO DE EXECU\u00c7\u00c3O CULTURAL COM RECURSOS DA POL\u00cdTICA NACIONAL ALDIR BLANC DE FOMENTO \u00c0 CULTURA \u2013 PNAB (LEI N\u00ba 14.399\/2022).<\/td><td>03\/02\/2025<\/td><td>2025<\/td><td>Fevereiro<\/td><td><a target=\"_blank\"  class=\"nt_btn nt_rounded_btn\" style=\"color: rgba(255, 255, 255, 1);background-color: rgba(18, 150, 136, 1);border-color: rgba(18, 150, 136, 1);\" rel=\"\" href=\"https:\/\/magalhaesdealmeida.ma.gov.br\/transparencia\/wp-content\/uploads\/2025\/02\/RESULTADO-FINAL-DE-HABILITACAO-DO-EDITAL-004-2024-FOMENTO-AS-ACOES-CULTURAIS-PRELIMINAR-1.pdf\">Download<\/a><\/td>        <\/tr>\n            <tr data-row_id=\"10\" class=\"ninja_table_row_10 nt_row_id_10\">\n            <td>RESULTADO PRELIMINAR DE HABILITA\u00c7\u00c3O DO EDITAL CHAMAMENTO P\u00daBLICO N\u00ba 004\/2024 PARA SELE\u00c7\u00c3O DE PROJETOS PARA FIRMAR TERMO DE EXECU\u00c7\u00c3O CULTURAL COM RECURSOS DA POL\u00cdTICA NACIONAL ALDIR BLANC DE FOMENTO \u00c0 CULTURA \u2013 PNAB (LEI N\u00ba 14.399\/2022).<\/td><td>29\/01\/2025<\/td><td>2025<\/td><td>Janeiro<\/td><td><a target=\"_blank\"  class=\"nt_btn nt_rounded_btn\" style=\"color: rgba(255, 255, 255, 1);background-color: rgba(18, 150, 136, 1);border-color: rgba(18, 150, 136, 1);\" rel=\"\" href=\"https:\/\/magalhaesdealmeida.ma.gov.br\/transparencia\/wp-content\/uploads\/2025\/01\/RESULTADO_DE_HABILITACAO_DO_EDITAL_004-2024_-_FOMENTO_AS_ACOES_CULTURAIS_PRELIMINAR_assinado.pdf\">Download<\/a><\/td>        <\/tr>\n            <tr data-row_id=\"11\" class=\"ninja_table_row_11 nt_row_id_11\">\n            <td>A PRIMEIRA PRORROGA\u00c7\u00c3O DAS INSCRI\u00c7\u00d5ES E RETIFICA\u00c7\u00c3O DO EDITAL DE CHAMAMENTO P\u00daBLICO N.\u00ba 004\/2024 PARA SELE\u00c7\u00c3O DE PROJETOS PARA FIRMAR TERMO DE EXECU\u00c7\u00c3O CULTURAL COM RECURSOS DA POL\u00cdTICA NACIONAL ALDIR BLANC DE FOMENTO \u00c0 CULTURA \u2013 PNAB (LEI N.\u00ba 14.399\/2022)<\/td><td>17\/12\/2024<\/td><td>2024<\/td><td>Dezembro<\/td><td><a target=\"_blank\"  class=\"nt_btn nt_rounded_btn\" style=\"color: rgba(255, 255, 255, 1);background-color: rgba(18, 150, 136, 1);border-color: rgba(18, 150, 136, 1);\" rel=\"\" href=\"https:\/\/magalhaesdealmeida.ma.gov.br\/transparencia\/wp-content\/uploads\/2024\/12\/TERMO-DE-PRORROGACAO-DO-EDITAL-004-2024-FOMENTO-AS-ACOES-CULTURAIS.pdf\">Download<\/a><\/td>        <\/tr>\n            <tr data-row_id=\"12\" class=\"ninja_table_row_12 nt_row_id_12\">\n            <td>EDITAL DE CHAMAMENTO P\u00daBLICO N.\u00ba 004\/2024 - SELE\u00c7\u00c3O DE PROJETOS PARA FIRMAR TERMO DE EXECU\u00c7\u00c3O CULTURAL COM RECURSOS DA POL\u00cdTICA NACIONAL ALDIR BLANC DE FOMENTO \u00c0 CULTURA \u2013 PNAB (LEI N.\u00ba 14.399\/2022)<\/td><td>13\/12\/2024<\/td><td>2024<\/td><td>Dezembro<\/td><td><a target=\"_blank\"  class=\"nt_btn nt_rounded_btn\" style=\"color: rgba(255, 255, 255, 1);background-color: rgba(18, 150, 136, 1);border-color: rgba(18, 150, 136, 1);\" rel=\"\" href=\"https:\/\/magalhaesdealmeida.ma.gov.br\/transparencia\/wp-content\/uploads\/2024\/12\/EDITAL-N.o-004.2024-DE-FOMENTO-A-ACOES-CULTURAIS-DE-MAGALHAES-DE-ALMEIDA.pdf\">Download<\/a><\/td>        <\/tr>\n            <tr data-row_id=\"13\" class=\"ninja_table_row_13 nt_row_id_13\">\n            <td>TERMO DE EXECU\u00c7\u00c3O CULTURAL - EDITAL DE CHAMAMENTO P\u00daBLICO N.\u00ba 003\/2024<\/td><td>12\/12\/2024<\/td><td>2024<\/td><td>Dezembro<\/td><td><a target=\"_blank\"  class=\"nt_btn nt_rounded_btn\" style=\"color: rgba(255, 255, 255, 1);background-color: rgba(18, 150, 136, 1);border-color: rgba(18, 150, 136, 1);\" rel=\"\" href=\"https:\/\/magalhaesdealmeida.ma.gov.br\/transparencia\/wp-content\/uploads\/2024\/12\/TERMO-DE-EXECUCAO-CULTURAL-RENATO-DAMASCENO-PROJETO-MAGALHAES-MUSIC-FEST.pdf\">Download<\/a><\/td>        <\/tr>\n            <tr data-row_id=\"14\" class=\"ninja_table_row_14 nt_row_id_14\">\n            <td>EDITAL DE CHAMAMENTO P\u00daBLICO N.\u00ba 003\/2024 - SELE\u00c7\u00c3O DE PROJETOS PARA FIRMAR TERMO DE EXECU\u00c7\u00c3O CULTURAL COM RECURSOS DA POL\u00cdTICA NACIONAL ALDIR BLANC DE FOMENTO \u00c0 CULTURA \u2013 PNAB (LEI N.\u00ba 14.399\/2022)<\/td><td>27\/11\/2024<\/td><td>2024<\/td><td>Novembro<\/td><td><a target=\"_blank\"  class=\"nt_btn nt_rounded_btn\" style=\"color: rgba(255, 255, 255, 1);background-color: rgba(18, 150, 136, 1);border-color: rgba(18, 150, 136, 1);\" rel=\"\" href=\"https:\/\/magalhaesdealmeida.ma.gov.br\/transparencia\/wp-content\/uploads\/2024\/11\/EDITAL-DE-CHAMAMENTO-PUBLICO-N.o-003.2024-SEMUCT.pdf\">Download<\/a><\/td>        <\/tr>\n            <tr data-row_id=\"15\" class=\"ninja_table_row_15 nt_row_id_15\">\n            <td>RESULTADO DE HABILIATA\u00c7\u00c3O - EDITAL DE CHAMAMENTO P\u00daBLICO PNAB N\u00ba 002\/2024 \u2013 CREDENCIAMENTO DE PARECERISTAS<\/td><td>18\/11\/2024<\/td><td>2024<\/td><td>Novembro<\/td><td><a target=\"_blank\"  class=\"nt_btn nt_rounded_btn\" style=\"color: rgba(255, 255, 255, 1);background-color: rgba(18, 150, 136, 1);border-color: rgba(18, 150, 136, 1);\" rel=\"\" href=\"https:\/\/magalhaesdealmeida.ma.gov.br\/transparencia\/wp-content\/uploads\/2024\/11\/RESULTADO-DE-HABILIATACAO-EDITAL-0022024-CREDENCIAMENTO-DE-PARCEIRISTAS.pdf\">Download<\/a><\/td>        <\/tr>\n            <tr data-row_id=\"16\" class=\"ninja_table_row_16 nt_row_id_16\">\n            <td>EDITAL DE CHAMAMENTO P\u00daBLICO PNAB N.\u00ba 002\/2024 - CREDENCIAMENTO DE PARECERISTAS<\/td><td>14\/11\/2024<\/td><td>2024<\/td><td>Novembro<\/td><td><a target=\"_blank\"  class=\"nt_btn nt_rounded_btn\" style=\"color: rgba(255, 255, 255, 1);background-color: rgba(18, 150, 136, 1);border-color: rgba(18, 150, 136, 1);\" rel=\"\" href=\"https:\/\/magalhaesdealmeida.ma.gov.br\/transparencia\/wp-content\/uploads\/2024\/11\/EDITAL-N.o-002.2024-CREDENCIAMENTO-DE-PARCEIRISTAS.pdf\">Download<\/a><\/td>        <\/tr>\n            <tr data-row_id=\"17\" class=\"ninja_table_row_17 nt_row_id_17\">\n            <td>EDITAL DE CHAMAMENTO P\u00daBLICO N.\u00ba 001\/2024 - APOIO A PROJETO DE FORMA\u00c7\u00c3O EM AUDIOVISUAL, FESTIVAL E MOSTRA DE AUDIOVISUAL DE MAGALH\u00c3ES DE ALMEIDA.<\/td><td>07\/11\/2024<\/td><td>2024<\/td><td>Novembro<\/td><td><a target=\"_blank\"  class=\"nt_btn nt_rounded_btn\" style=\"color: rgba(255, 255, 255, 1);background-color: rgba(18, 150, 136, 1);border-color: rgba(18, 150, 136, 1);\" rel=\"\" href=\"https:\/\/magalhaesdealmeida.ma.gov.br\/transparencia\/wp-content\/uploads\/2024\/11\/EDITAL-DE-CHAMAMENTO-PUBLICO-N.o-001.2024-SEMUCT.pdf\">Download<\/a><\/td>        <\/tr>\n            <tr data-row_id=\"18\" class=\"ninja_table_row_18 nt_row_id_18\">\n            <td>RETIFICA\u00c7\u00c3O DO EDITAL N.\u00ba 001\/2024 \u2013 SEMAPA - \u201cFEIRA CL\u00c9O PANDIL\u00d3: EMPREENDEDORISMO E CULTURA\u201d<\/td><td>10\/05\/2024<\/td><td>2024<\/td><td>Maio<\/td><td><a target=\"_blank\"  class=\"nt_btn nt_rounded_btn\" style=\"color: rgba(255, 255, 255, 1);background-color: rgba(18, 150, 136, 1);border-color: rgba(18, 150, 136, 1);\" rel=\"\" href=\"https:\/\/magalhaesdealmeida.ma.gov.br\/transparencia\/wp-content\/uploads\/2024\/05\/RETIFICACAO-EDITAL.pdf\">Download<\/a><\/td>        <\/tr>\n            <tr data-row_id=\"19\" class=\"ninja_table_row_19 nt_row_id_19\">\n            <td>EDITAL DE CONVOCA\u00c7\u00c3O N.\u00ba 001\/2024 - SEMAPA, \u201cFEIRA CL\u00c9O PANDIL\u00d3: EMPREENDEDORISMO E CULTURA\u201d<\/td><td>03\/05\/2024<\/td><td>2024<\/td><td>Maio<\/td><td><a target=\"_blank\"  class=\"nt_btn nt_rounded_btn\" style=\"color: rgba(255, 255, 255, 1);background-color: rgba(18, 150, 136, 1);border-color: rgba(18, 150, 136, 1);\" rel=\"\" href=\"https:\/\/magalhaesdealmeida.ma.gov.br\/transparencia\/wp-content\/uploads\/2024\/05\/EDITAL-DE-CONVOCACAO-N.o-001.2024-SEMAPA-FEIRA-MUNICIPAL-1.pdf\">Download<\/a><\/td>        <\/tr>\n            <tr data-row_id=\"20\" class=\"ninja_table_row_20 nt_row_id_20\">\n            <td>RECOMENDA\u00c7\u00c3O N.\u00b0 02\/2023 -Controle Interno de Magalh\u00e3es de Almeida - MA<\/td><td>01\/03\/2024<\/td><td>2024<\/td><td>Janeiro<\/td><td><a target=\"_blank\"  class=\"nt_btn nt_rounded_btn\" style=\"color: rgba(255, 255, 255, 1);background-color: rgba(18, 150, 136, 1);border-color: rgba(18, 150, 136, 1);\" rel=\"\" href=\"https:\/\/magalhaesdealmeida.ma.gov.br\/transparencia\/wp-content\/uploads\/2024\/03\/recomendacao-022023.pdf\">Download<\/a><\/td>        <\/tr>\n            <tr data-row_id=\"21\" class=\"ninja_table_row_21 nt_row_id_21\">\n            <td>EDITAL N.\u00ba 001\/2023 \u2013 CONCURSO P\u00daBLICO PARA O PROVIMENTO DE VAGAS PARA SERVIDOR EFETIVO, MEDIANTE AS CONDI\u00c7\u00d5ES ESTABELECIDAS NESTE EDITAL<\/td><td>04\/01\/2024<\/td><td>2024<\/td><td>Janeiro<\/td><td><a target=\"_blank\"  class=\"nt_btn nt_rounded_btn\" style=\"color: rgba(255, 255, 255, 1);background-color: rgba(18, 150, 136, 1);border-color: rgba(18, 150, 136, 1);\" rel=\"\" href=\"https:\/\/magalhaesdealmeida.ma.gov.br\/transparencia\/wp-content\/uploads\/2024\/01\/edital-de-abertura-1704463972.pdf\">Download<\/a><\/td>        <\/tr>\n            <tr data-row_id=\"22\" class=\"ninja_table_row_22 nt_row_id_22\">\n            <td>RESULTADO FINAL DO PROCESSO SELETIVO SIMPLIFICADO PARA PREENCHIMENTO DO CARGO EM COMISS\u00c3O DE GESTOR ESCOLAR DAS ESCOLAS DA REDE MUNICIPAL DE ENSINO DE MAGALH\u00c3ES DE ALMEIDA\/MA.<\/td><td>15\/12\/2023<\/td><td>2023<\/td><td>Dezembro<\/td><td><a target=\"_blank\"  class=\"nt_btn nt_rounded_btn\" style=\"color: rgba(255, 255, 255, 1);background-color: rgba(18, 150, 136, 1);border-color: rgba(18, 150, 136, 1);\" rel=\"\" href=\"https:\/\/magalhaesdealmeida.ma.gov.br\/transparencia\/wp-content\/uploads\/2023\/12\/RESULTADO-FINAL-GESTORES.pdf\">Download<\/a><\/td>        <\/tr>\n            <tr data-row_id=\"23\" class=\"ninja_table_row_23 nt_row_id_23\">\n            <td>RESULTADO FINAL DA ENTREVISTA E AVALIA\u00c7\u00c3O DO PLANO DE GEST\u00c3O ESCOLAR DO PROCESSO SELETIVO SIMPLIFICADO PARA PREENCHIMENTO DO CARGO EM COMISS\u00c3O DE GESTOR ESCOLAR DAS ESCOLAS DA REDE MUNICIPAL DE ENSINO DE MAGALH\u00c3ES DE ALMEIDA\/MA.<\/td><td>13\/12\/2023<\/td><td>2023<\/td><td>Dezembro<\/td><td><a target=\"_blank\"  class=\"nt_btn nt_rounded_btn\" style=\"color: rgba(255, 255, 255, 1);background-color: rgba(18, 150, 136, 1);border-color: rgba(18, 150, 136, 1);\" rel=\"\" href=\"https:\/\/magalhaesdealmeida.ma.gov.br\/transparencia\/wp-content\/uploads\/2023\/12\/RESULTADO-FINAL-DA-ENTREVISTA-E-AVALIACAO-DO-PLANO-DE-GESTAO-ESCOLAR.pdf\">Download<\/a><\/td>        <\/tr>\n            <tr data-row_id=\"24\" class=\"ninja_table_row_24 nt_row_id_24\">\n            <td>PRORROGA\u00c7\u00c3O DO PRAZO DE INSCRI\u00c7\u00c3O DOS EDITAIS DE N.\u00ba 006\/2023 E 007\/2023 - DE SELE\u00c7\u00c3O DE PROJETOS PARA FIRMAR TERMO DE EXECU\u00c7\u00c3O CULTURAL COM RECURSOS DA COMPLEMENTAR 195\/2022 (LEI PAULO GUSTAVO)<\/td><td>13\/12\/2023<\/td><td>2023<\/td><td>Dezembro<\/td><td><a target=\"_blank\"  class=\"nt_btn nt_rounded_btn\" style=\"color: rgba(255, 255, 255, 1);background-color: rgba(18, 150, 136, 1);border-color: rgba(18, 150, 136, 1);\" rel=\"\" href=\"https:\/\/magalhaesdealmeida.ma.gov.br\/transparencia\/wp-content\/uploads\/2023\/12\/PRORROGACAO-DE-PRAZO-EDITAIS-06-E-07-2023-LPG.pdf\">Download<\/a><\/td>        <\/tr>\n            <tr data-row_id=\"25\" class=\"ninja_table_row_25 nt_row_id_25\">\n            <td>RESULTADO PRELIMINAR DA ENTREVISTA E AVALIA\u00c7\u00c3O DO PLANO DE GEST\u00c3O ESCOLAR DO PROCESSO SELETIVO SIMPLIFICADO PARA PREENCHIMENTO DO CARGO EM COMISS\u00c3O DE GESTOR ESCOLAR DAS ESCOLAS DA REDE MUNICIPAL DE ENSINO DE MAGALH\u00c3ES DE ALMEIDA - MA.<\/td><td>11\/12\/2023<\/td><td>2023<\/td><td>Dezembro<\/td><td><a target=\"_blank\"  class=\"nt_btn nt_rounded_btn\" style=\"color: rgba(255, 255, 255, 1);background-color: rgba(18, 150, 136, 1);border-color: rgba(18, 150, 136, 1);\" rel=\"\" href=\"https:\/\/magalhaesdealmeida.ma.gov.br\/transparencia\/wp-content\/uploads\/2023\/12\/RESULTADO-PRELIMINAR-DA-ENTREVISTA-E-AVALIACAO-DO-PLANO-DE-GESTAO-ESCOLAR.pdf\">Download<\/a><\/td>        <\/tr>\n            <tr data-row_id=\"26\" class=\"ninja_table_row_26 nt_row_id_26\">\n            <td>EDITAL DE CHAMAMENTO P\u00daBLICO N.\u00ba 007\/2023 \u2013 EDITAL DE APOIO AO SETOR DE AUDIOVISUAL DE MAGALH\u00c3ES DE ALMEIDA<\/td><td>08\/12\/2023<\/td><td>2023<\/td><td>Dezembro<\/td><td><a target=\"_blank\"  class=\"nt_btn nt_rounded_btn\" style=\"color: rgba(255, 255, 255, 1);background-color: rgba(18, 150, 136, 1);border-color: rgba(18, 150, 136, 1);\" rel=\"\" href=\"https:\/\/magalhaesdealmeida.ma.gov.br\/transparencia\/wp-content\/uploads\/2023\/12\/EDITAL-DO-CHAMAMENTO-PUBLICO-N.o-007.2023-EDITAL-DE-APOIO-AO-SETOR-DE-AUDIOVISUAL-DE-MAGALHAES-DE-ALMEIDA.pdf\">Download<\/a><\/td>        <\/tr>\n            <tr data-row_id=\"27\" class=\"ninja_table_row_27 nt_row_id_27\">\n            <td>EDITAL DE CHAMAMENTO P\u00daBLICO N.\u00ba 006\/2023 - EDITAL DE APOIO AS DEMAIS \u00c1REAS DA CULTURA DE MAGALH\u00c3ES DE ALMEIDA<\/td><td>08\/12\/2023<\/td><td>2023<\/td><td>Dezembro<\/td><td><a target=\"_blank\"  class=\"nt_btn nt_rounded_btn\" style=\"color: rgba(255, 255, 255, 1);background-color: rgba(18, 150, 136, 1);border-color: rgba(18, 150, 136, 1);\" rel=\"\" href=\"https:\/\/magalhaesdealmeida.ma.gov.br\/transparencia\/wp-content\/uploads\/2023\/12\/EDITAL-DO-CHAMAMENTO-PUBLICO-N.o-006.2023-DEMAIS-AREAS-DA-CULTURA-DE-MAGALHAES.pdf\">Download<\/a><\/td>        <\/tr>\n            <tr data-row_id=\"28\" class=\"ninja_table_row_28 nt_row_id_28\">\n            <td>COMPOSI\u00c7\u00c3O DA COMISS\u00c3O DE EXECU\u00c7\u00c3O DO PROCESSO SELETIVO SIMPLIFICADO PARA PREENCHIMENTO DO CARGO EM COMISS\u00c3O DE GESTOR ESCOLAR DAS ESCOLAS DA REDE MUNICIPAL DE ENSINO DE MAGALH\u00c3ES DE ALMEIDA - MA.<\/td><td>04\/12\/2023<\/td><td>2023<\/td><td>Dezembro<\/td><td><a target=\"_blank\"  class=\"nt_btn nt_rounded_btn\" style=\"color: rgba(255, 255, 255, 1);background-color: rgba(18, 150, 136, 1);border-color: rgba(18, 150, 136, 1);\" rel=\"\" href=\"https:\/\/magalhaesdealmeida.ma.gov.br\/transparencia\/wp-content\/uploads\/2023\/12\/COMPOSICAO-DA-COMISSAO-DO-PROCESSO-SELETIVO-GESTORES.pdf\">Download<\/a><\/td>        <\/tr>\n            <tr data-row_id=\"29\" class=\"ninja_table_row_29 nt_row_id_29\">\n            <td>RESULTADO FINAL DO CURSO PREPARAT\u00d3RIO DE GEST\u00c3O ESCOLAR E CRONOGRAMA DE APRESENTA\u00c7\u00c3O DO PLANO GEST\u00c3O E ENTREVISTA DO PROCESSO SELETIVO SIMPLIFICADO PARA PREENCHIMENTO DO CARGO EM COMISS\u00c3O DE GESTOR ESCOLAR DAS ESCOLAS DA REDE MUNICIPAL DE ENSINO DE MAGALH\u00c3ES DE ALMEIDA \u2013 MA<\/td><td>04\/12\/2023<\/td><td>2023<\/td><td>Dezembro<\/td><td><a target=\"_blank\"  class=\"nt_btn nt_rounded_btn\" style=\"color: rgba(255, 255, 255, 1);background-color: rgba(18, 150, 136, 1);border-color: rgba(18, 150, 136, 1);\" rel=\"\" href=\"https:\/\/magalhaesdealmeida.ma.gov.br\/transparencia\/wp-content\/uploads\/2023\/12\/resultado-FINAL-do-curso-preparatorio-de-gestao-escolar-e-cronograma-de-apresentacao-do-plano-gestao-e-entrevista.pdf\">Download<\/a><\/td>        <\/tr>\n            <tr data-row_id=\"30\" class=\"ninja_table_row_30 nt_row_id_30\">\n            <td>RESULTADO PRELIMINAR DO CURSO PREPARAT\u00d3RIO DE GEST\u00c3O ESCOLAR E CRONOGRAMA DE APRESENTA\u00c7\u00c3O DO PLANO GEST\u00c3O E ENTREVISTA DO PROCESSO SELETIVO SIMPLIFICADO PARA PREENCHIMENTO DO CARGO EM COMISS\u00c3O DE GESTOR ESCOLAR DAS ESCOLAS DA REDE MUNICIPAL DE ENSINO DE MAGALH\u00c3ES DE ALMEIDA-MA<\/td><td>30\/11\/2023<\/td><td>2023<\/td><td>Novembro<\/td><td><a target=\"_blank\"  class=\"nt_btn nt_rounded_btn\" style=\"color: rgba(255, 255, 255, 1);background-color: rgba(18, 150, 136, 1);border-color: rgba(18, 150, 136, 1);\" rel=\"\" href=\"https:\/\/magalhaesdealmeida.ma.gov.br\/transparencia\/wp-content\/uploads\/2023\/12\/resultado-preliminar-do-curso-preparatorio-de-gestao-escolar-e-cronograma-de-apresentacao-do-plano-gestao-e-entrevista.pdf\">Download<\/a><\/td>        <\/tr>\n            <tr data-row_id=\"31\" class=\"ninja_table_row_31 nt_row_id_31\">\n            <td>RESULTADO FINAL DA PROVA DE T\u00cdTULO DO PROCESSO SELETIVO SIMPLIFICADO PARA PREENCHIMENTO DO CARGO EM COMISS\u00c3O DE GESTOR ESCOLAR DAS ESCOLAS DA REDE MUNICIPAL DE ENSINO DE MAGALH\u00c3ES DE ALMEIDA-MA<\/td><td>08\/11\/2023<\/td><td>2023<\/td><td>Novembro<\/td><td><a target=\"_blank\"  class=\"nt_btn nt_rounded_btn\" style=\"color: rgba(255, 255, 255, 1);background-color: rgba(18, 150, 136, 1);border-color: rgba(18, 150, 136, 1);\" rel=\"\" href=\"https:\/\/magalhaesdealmeida.ma.gov.br\/transparencia\/wp-content\/uploads\/2023\/11\/LISTA-DE-RESULTADO-FINAL-DA-PROVA-DE-TITULO.pdf\">Download<\/a><\/td>        <\/tr>\n            <tr data-row_id=\"32\" class=\"ninja_table_row_32 nt_row_id_32\">\n            <td>RESULTADO PRELIMINAR DA PROVA DE T\u00cdTULO DO PROCESSO SELETIVO SIMPLIFICADO PARA PREENCHIMENTO DO CARGO EM COMISS\u00c3O DE GESTOR ESCOLAR DAS ESCOLAS DA REDE MUNICIPAL DE ENSINO DE MAGALH\u00c3ES DE ALMEIDA-MA.<\/td><td>31\/10\/2023<\/td><td>2023<\/td><td>Outubro<\/td><td><a target=\"_blank\"  class=\"nt_btn nt_rounded_btn\" style=\"color: rgba(255, 255, 255, 1);background-color: rgba(18, 150, 136, 1);border-color: rgba(18, 150, 136, 1);\" rel=\"\" href=\"https:\/\/magalhaesdealmeida.ma.gov.br\/transparencia\/wp-content\/uploads\/2023\/10\/LISTA-DE-RESULTADO-PRELIMINAR-DA-PROVA-DE-TITULO.pdf\">Download<\/a><\/td>        <\/tr>\n            <tr data-row_id=\"33\" class=\"ninja_table_row_33 nt_row_id_33\">\n            <td>RESULTADO FINAL DAS INSCRI\u00c7\u00d5ES DO PROCESSO SELETIVO SIMPLIFICADO PARA PREENCHIMENTO DO CARGO EM COMISS\u00c3O DE GESTOR ESCOLAR DAS ESCOLAS DA REDE MUNICIPAL DE ENSINO DE MAGALH\u00c3ES DE ALMEIDA-MA.<\/td><td>25\/10\/2023<\/td><td>2023<\/td><td>Outubro<\/td><td><a target=\"_blank\"  class=\"nt_btn nt_rounded_btn\" style=\"color: rgba(255, 255, 255, 1);background-color: rgba(18, 150, 136, 1);border-color: rgba(18, 150, 136, 1);\" rel=\"\" href=\"https:\/\/magalhaesdealmeida.ma.gov.br\/transparencia\/wp-content\/uploads\/2023\/10\/LISTA-DE-DEFERIMENTO-DE-INSCRICAO-DEFINITIVA.pdf\">Download<\/a><\/td>        <\/tr>\n            <tr data-row_id=\"34\" class=\"ninja_table_row_34 nt_row_id_34\">\n            <td>RESULTADO PRELIMINAR DAS INSCRI\u00c7\u00d5ES DO PROCESSO SELETIVO SIMPLIFICADO PARA PREENCHIMENTO DO CARGO EM COMISS\u00c3O DE GESTOR ESCOLAR DAS ESCOLAS DA REDE MUNICIPAL DE ENSINO DE MAGALH\u00c3ES DE ALMEIDA-MA.<\/td><td>23\/10\/2023<\/td><td>2023<\/td><td>Outubro<\/td><td><a target=\"_blank\"  class=\"nt_btn nt_rounded_btn\" style=\"color: rgba(255, 255, 255, 1);background-color: rgba(18, 150, 136, 1);border-color: rgba(18, 150, 136, 1);\" rel=\"\" href=\"https:\/\/magalhaesdealmeida.ma.gov.br\/transparencia\/wp-content\/uploads\/2023\/10\/RESULTADO-PRELIMINAR-SELETIVO-GESTORES.pdf\">Download<\/a><\/td>        <\/tr>\n            <tr data-row_id=\"35\" class=\"ninja_table_row_35 nt_row_id_35\">\n            <td>EDITAL N.\u00ba 004\/2023 - CMDCA, DE PUBLICA\u00c7\u00c3O DO RESULTADO DA VOTA\u00c7\u00c3O.<\/td><td>03\/10\/2023<\/td><td>2023<\/td><td>Outubro<\/td><td><a target=\"_blank\"  class=\"nt_btn nt_rounded_btn\" style=\"color: rgba(255, 255, 255, 1);background-color: rgba(18, 150, 136, 1);border-color: rgba(18, 150, 136, 1);\" rel=\"\" href=\"https:\/\/magalhaesdealmeida.ma.gov.br\/transparencia\/wp-content\/uploads\/2023\/10\/EDITAL-N.-004.2023-CMDCA-DE-PUBLICACAO-DO-RESULTADO-DA-VOTACAO.pdf\">Download<\/a><\/td>        <\/tr>\n            <tr data-row_id=\"36\" class=\"ninja_table_row_36 nt_row_id_36\">\n            <td>EDITAL N.\u00ba 003\/2023 \u2013 CMDCA - CONVOCA\u00c7\u00c3O DE MES\u00c1RIOS, PRESIDENTES DE MESA E SECRET\u00c1RIOS, E DEFINE DATA PARA REUNI\u00c3O COM REFERIDOS SERVIDORES, CANDIDATOS E FISCAIS.<\/td><td>30\/09\/2023<\/td><td>2023<\/td><td>Setembro<\/td><td><a target=\"_blank\"  class=\"nt_btn nt_rounded_btn\" style=\"color: rgba(255, 255, 255, 1);background-color: rgba(18, 150, 136, 1);border-color: rgba(18, 150, 136, 1);\" rel=\"\" href=\"https:\/\/magalhaesdealmeida.ma.gov.br\/transparencia\/wp-content\/uploads\/2023\/09\/EDITAL-N.o-003.2023-\u2013-CMDCA.pdf\">Download<\/a><\/td>        <\/tr>\n            <tr data-row_id=\"37\" class=\"ninja_table_row_37 nt_row_id_37\">\n            <td>EDITAL N.\u00ba 002\/2023 - CMDCA, DE CONVOCA\u00c7\u00c3O DOS ELEITORES.<\/td><td>30\/09\/2023<\/td><td>2023<\/td><td>Setembro<\/td><td><a target=\"_blank\"  class=\"nt_btn nt_rounded_btn\" style=\"color: rgba(255, 255, 255, 1);background-color: rgba(18, 150, 136, 1);border-color: rgba(18, 150, 136, 1);\" rel=\"\" href=\"https:\/\/magalhaesdealmeida.ma.gov.br\/transparencia\/wp-content\/uploads\/2023\/09\/EDITAL-N.o-002.2023-CMDCA-DE-CONVOCACAO-DOS-ELEITORES.pdf\">Download<\/a><\/td>        <\/tr>\n            <tr data-row_id=\"38\" class=\"ninja_table_row_38 nt_row_id_38\">\n            <td>EDITAL N.\u00ba 03\/2023 - SEMAPA - Disp\u00f5e sobre elei\u00e7\u00e3o para membros do CONSELHO MUNICIPAL DE SEGURANCA ALIMENTAR E NUTRICONAL \u2013 COMSEA, PARA O BI\u00caNO 2023 \u2013 2025.<\/td><td>10\/08\/2023<\/td><td>2023<\/td><td>Agosto<\/td><td><a target=\"_blank\"  class=\"nt_btn nt_rounded_btn\" style=\"color: rgba(255, 255, 255, 1);background-color: rgba(18, 150, 136, 1);border-color: rgba(18, 150, 136, 1);\" rel=\"\" href=\"https:\/\/magalhaesdealmeida.ma.gov.br\/transparencia\/wp-content\/uploads\/2023\/08\/EDITAL-COMSEA.pdf\">Download<\/a><\/td>        <\/tr>\n            <tr data-row_id=\"39\" class=\"ninja_table_row_39 nt_row_id_39\">\n            <td>EDITAL N.\u00ba 02\/2023 - SEMAPA - Disp\u00f5e sobre elei\u00e7\u00e3o para membros do CONCELHO MUNICIPAL DE DESENVOLVIMENTO RURAL SUSTENT\u00c1VEL \u2013 CMDRS, PARA O BI\u00caNIO 2023 \u2013 2025.<\/td><td>10\/08\/2023<\/td><td>2023<\/td><td>Agosto<\/td><td><a target=\"_blank\"  class=\"nt_btn nt_rounded_btn\" style=\"color: rgba(255, 255, 255, 1);background-color: rgba(18, 150, 136, 1);border-color: rgba(18, 150, 136, 1);\" rel=\"\" href=\"https:\/\/magalhaesdealmeida.ma.gov.br\/transparencia\/wp-content\/uploads\/2023\/08\/EDITAL-CMDRS-Copia.pdf\">Download<\/a><\/td>        <\/tr>\n            <tr data-row_id=\"40\" class=\"ninja_table_row_40 nt_row_id_40\">\n            <td>EDITAL N.\u00ba 01\/2023 \u2013 SEMAPA - Disp\u00f5e sobre elei\u00e7\u00e3o para membros do CONSELHO MUNICIPAL DO MEIO AMBIENTE \u2013 CMMA, PARA O BI\u00caNIO 2023 \u2013 2025.<\/td><td>10\/08\/2023<\/td><td>2023<\/td><td>Agosto<\/td><td><a target=\"_blank\"  class=\"nt_btn nt_rounded_btn\" style=\"color: rgba(255, 255, 255, 1);background-color: rgba(18, 150, 136, 1);border-color: rgba(18, 150, 136, 1);\" rel=\"\" href=\"https:\/\/magalhaesdealmeida.ma.gov.br\/transparencia\/wp-content\/uploads\/2023\/08\/EDITAL-CMMA.pdf\">Download<\/a><\/td>        <\/tr>\n            <tr data-row_id=\"41\" class=\"ninja_table_row_41 nt_row_id_41\">\n            <td>4\u00aa CONVOCA\u00c7\u00c3O DO EDITAL DE SELETIVO SIMPLIFICADO N.\u00ba 001\/2023 \u2013 PROCESSO SELETIVO SIMPLIFICADO PARA CONTRATA\u00c7\u00c3O TEMPOR\u00c1RIA<\/td><td>02\/08\/2023<\/td><td>2023<\/td><td>Agosto<\/td><td><a target=\"_blank\"  class=\"nt_btn nt_rounded_btn\" style=\"color: rgba(255, 255, 255, 1);background-color: rgba(18, 150, 136, 1);border-color: rgba(18, 150, 136, 1);\" rel=\"\" href=\"https:\/\/magalhaesdealmeida.ma.gov.br\/transparencia\/wp-content\/uploads\/2023\/08\/CONVOCACAO-4.pdf\">Download<\/a><\/td>        <\/tr>\n            <tr data-row_id=\"42\" class=\"ninja_table_row_42 nt_row_id_42\">\n            <td>EDITAL DE CHAMAMENTO P\u00daBLICO N.\u00ba 001\/2023 - SEMUCT<\/td><td>02\/08\/2023<\/td><td>2023<\/td><td>Agosto<\/td><td><a target=\"_blank\"  class=\"nt_btn nt_rounded_btn\" style=\"color: rgba(255, 255, 255, 1);background-color: rgba(18, 150, 136, 1);border-color: rgba(18, 150, 136, 1);\" rel=\"\" href=\"https:\/\/magalhaesdealmeida.ma.gov.br\/transparencia\/wp-content\/uploads\/2023\/08\/CHAMAMENTO-PUBLICO-N.o-001.2023-SEMUCT.pdf\">Download<\/a><\/td>        <\/tr>\n            <tr data-row_id=\"43\" class=\"ninja_table_row_43 nt_row_id_43\">\n            <td>Lista dos Candidatos aptos a fazer a campanha para a escolha de conselheiros do tutelar de magalh\u00e3es de almeida\/MA no per\u00edodo de 21 de julho \u00e0 29 de setembro do ano de 2023<\/td><td>21\/07\/2023<\/td><td>2023<\/td><td>Julho<\/td><td><a target=\"_blank\"  class=\"nt_btn nt_rounded_btn\" style=\"color: rgba(255, 255, 255, 1);background-color: rgba(18, 150, 136, 1);border-color: rgba(18, 150, 136, 1);\" rel=\"\" href=\"https:\/\/magalhaesdealmeida.ma.gov.br\/transparencia\/wp-content\/uploads\/2023\/07\/CONSELHO-TUTELAR.pdf\">Download<\/a><\/td>        <\/tr>\n            <tr data-row_id=\"44\" class=\"ninja_table_row_44 nt_row_id_44\">\n            <td>Edital N.\u00ba 002\/2023 - CMDCA - Torna p\u00fablico a rela\u00e7\u00e3o dos Candidatos(as) aptos a concorrerem ao processo de escolha para Conselho Tutelar em 2023.<\/td><td>05\/07\/2023<\/td><td>2023<\/td><td>Julho<\/td><td><a target=\"_blank\"  class=\"nt_btn nt_rounded_btn\" style=\"color: rgba(255, 255, 255, 1);background-color: rgba(18, 150, 136, 1);border-color: rgba(18, 150, 136, 1);\" rel=\"\" href=\"https:\/\/magalhaesdealmeida.ma.gov.br\/transparencia\/wp-content\/uploads\/2023\/07\/EDITAL-N.o-002.2023.pdf\">Download<\/a><\/td>        <\/tr>\n            <tr data-row_id=\"45\" class=\"ninja_table_row_45 nt_row_id_45\">\n            <td>RELA\u00c7\u00c3O DEFINITIVA DOS CANDIDATOS DEFERIDOS E INDEFERIDOS NO PROCESSO SELETIVO PARA CONSELHEIRO TUTELAR DO MUNIC\u00cdPIO DE MAGALH\u00c3ES DE ALMEIDA\/MA<\/td><td>16\/06\/2023<\/td><td>2023<\/td><td>Junho<\/td><td><a target=\"_blank\"  class=\"nt_btn nt_rounded_btn\" style=\"color: rgba(255, 255, 255, 1);background-color: rgba(18, 150, 136, 1);border-color: rgba(18, 150, 136, 1);\" rel=\"\" href=\"https:\/\/magalhaesdealmeida.ma.gov.br\/transparencia\/wp-content\/uploads\/2023\/06\/RELACAO-DEFINITIVA-DOS-CANDIDATOS-DEFERIDOS-E-INDEFERIDOS-NO-PROCESSO-SELETIVO-PARA-CONSELHEIRO-TUTELAR-DO-MUNICIPIO-DE-MAGALHAES-DE-ALMEIDA-MA.pdf\">Download<\/a><\/td>        <\/tr>\n            <tr data-row_id=\"46\" class=\"ninja_table_row_46 nt_row_id_46\">\n            <td>Rela\u00e7\u00e3o de Candidatos Deferidos e Indeferidos no Processo Seletivo para Conselheiro Tutelar do Munic\u00edpio de Magalh\u00e3es de Almeida \u2013 MA<\/td><td>01\/06\/2023<\/td><td>2023<\/td><td>Junho<\/td><td><a target=\"_blank\"  class=\"nt_btn nt_rounded_btn\" style=\"color: rgba(255, 255, 255, 1);background-color: rgba(18, 150, 136, 1);border-color: rgba(18, 150, 136, 1);\" rel=\"\" href=\"https:\/\/magalhaesdealmeida.ma.gov.br\/transparencia\/wp-content\/uploads\/2023\/06\/Relacao-de-Candidatos-Deferidos-e-Indeferidos-no-Processo-Seletivo-para.pdf\">Download<\/a><\/td>        <\/tr>\n            <tr data-row_id=\"47\" class=\"ninja_table_row_47 nt_row_id_47\">\n            <td>CONVOCA\u00c7\u00c3O DO EDITAL DE SELETIVO SIMPLIFICADO N.\u00ba 001\/2023 \u2013 PROCESSO SELETIVO SIMPLIFICADO PARA CONTRATA\u00c7\u00c3O TEMPOR\u00c1RIA<\/td><td>26\/05\/2023<\/td><td>2023<\/td><td>Maio<\/td><td><a target=\"_blank\"  class=\"nt_btn nt_rounded_btn\" style=\"color: rgba(255, 255, 255, 1);background-color: rgba(18, 150, 136, 1);border-color: rgba(18, 150, 136, 1);\" rel=\"\" href=\"https:\/\/magalhaesdealmeida.ma.gov.br\/transparencia\/wp-content\/uploads\/2023\/05\/CONVOCACAO-DO-EDITAL-DE-SELETIVO-SIMPLIFICADO-N.o-001.2023-PROCESSO-SELETIVO-SIMPLIFICADO-PARA-CONTRATACAO-TEMPORARIA.pdf\">Download<\/a><\/td>        <\/tr>\n            <tr data-row_id=\"48\" class=\"ninja_table_row_48 nt_row_id_48\">\n            <td>Rela\u00e7\u00e3o de Candidatos Inscritos no Processo Seletivo para Conselheiro Tutelar do Munic\u00edpio de Magalh\u00e3es de Almeida\/MA<\/td><td>23\/05\/2023<\/td><td>2023<\/td><td>Maio<\/td><td><a target=\"_blank\"  class=\"nt_btn nt_rounded_btn\" style=\"color: rgba(255, 255, 255, 1);background-color: rgba(18, 150, 136, 1);border-color: rgba(18, 150, 136, 1);\" rel=\"\" href=\"https:\/\/magalhaesdealmeida.ma.gov.br\/transparencia\/wp-content\/uploads\/2023\/06\/31_11.pdf\">Download<\/a><\/td>        <\/tr>\n            <tr data-row_id=\"49\" class=\"ninja_table_row_49 nt_row_id_49\">\n            <td>RESOLU\u00c7\u00c3O N.\u00ba 003\/2023 - CMDCA - Disp\u00f5e sobre as delibera\u00e7\u00f5es da Comiss\u00e3o Municipal Eleitoral do  CT  2023, retificando o Edital N.\u00ba 001\/2023 da Elei\u00e7\u00e3o do Conselho Tutelar.<\/td><td>05\/05\/2023<\/td><td>2023<\/td><td>Maio<\/td><td><a target=\"_blank\"  class=\"nt_btn nt_rounded_btn\" style=\"color: rgba(255, 255, 255, 1);background-color: rgba(18, 150, 136, 1);border-color: rgba(18, 150, 136, 1);\" rel=\"\" href=\"https:\/\/magalhaesdealmeida.ma.gov.br\/transparencia\/wp-content\/uploads\/2023\/05\/RESOLUCAO-N.o-003.2023-\u2013-CMDCA.pdf\">Download<\/a><\/td>        <\/tr>\n            <tr data-row_id=\"50\" class=\"ninja_table_row_50 nt_row_id_50\">\n            <td>1\u00aa CONVOCA\u00c7\u00c3O DO EDITAL DE SELETIVO SIMPLIFICADO N.\u00ba 001\/2023 \u2013 PROCESSO SELETIVO SIMPLIFICADO PARA CONTRATA\u00c7\u00c3O TEMPOR\u00c1RIA<\/td><td>12\/04\/2023<\/td><td>2023<\/td><td>Abril<\/td><td><a target=\"_blank\"  class=\"nt_btn nt_rounded_btn\" style=\"color: rgba(255, 255, 255, 1);background-color: rgba(18, 150, 136, 1);border-color: rgba(18, 150, 136, 1);\" rel=\"\" href=\"https:\/\/magalhaesdealmeida.ma.gov.br\/transparencia\/wp-content\/uploads\/2023\/04\/CONVOCACAO-2.pdf\">Download<\/a><\/td>        <\/tr>\n            <tr data-row_id=\"51\" class=\"ninja_table_row_51 nt_row_id_51\">\n            <td>Edital N.\u00ba 001\/2023 - CMDCA - Edital de abertura de processo de escolha<\/td><td>03\/04\/2023<\/td><td>2023<\/td><td>Abril<\/td><td><a target=\"_blank\"  class=\"nt_btn nt_rounded_btn\" style=\"color: rgba(255, 255, 255, 1);background-color: rgba(18, 150, 136, 1);border-color: rgba(18, 150, 136, 1);\" rel=\"\" href=\"https:\/\/magalhaesdealmeida.ma.gov.br\/transparencia\/wp-content\/uploads\/2023\/04\/Edital-N.o-001.2023-\u2013-CMDCA-\u2013-Edital-de-abertura-de-processo-de-escolha.pdf\">Download<\/a><\/td>        <\/tr>\n            <tr data-row_id=\"52\" class=\"ninja_table_row_52 nt_row_id_52\">\n            <td>RESOLU\u00c7\u00c3O N.\u00ba 002\/2023 - Resolu\u00e7\u00e3o de cria\u00e7\u00e3o da Comiss\u00e3o Especial<\/td><td>30\/03\/2023<\/td><td>2023<\/td><td>Mar\u00e7o<\/td><td><a target=\"_blank\"  class=\"nt_btn nt_rounded_btn\" style=\"color: rgba(255, 255, 255, 1);background-color: rgba(18, 150, 136, 1);border-color: rgba(18, 150, 136, 1);\" rel=\"\" href=\"https:\/\/magalhaesdealmeida.ma.gov.br\/transparencia\/wp-content\/uploads\/2023\/04\/RESOLUCAO-N.o-002.2023-CMDCA.pdf\">Download<\/a><\/td>        <\/tr>\n            <tr data-row_id=\"53\" class=\"ninja_table_row_53 nt_row_id_53\">\n            <td>EDITAL DE CONVOCA\u00c7\u00c3O DO CONSELHO MUNICIPAL DE PROTE\u00c7\u00c3O E DEFESA CIVIL DE MAGALH\u00c3ES DE ALMEIDA \u2013 MA.<\/td><td>23\/03\/2023<\/td><td>2023<\/td><td>Mar\u00e7o<\/td><td><a target=\"_blank\"  class=\"nt_btn nt_rounded_btn\" style=\"color: rgba(255, 255, 255, 1);background-color: rgba(18, 150, 136, 1);border-color: rgba(18, 150, 136, 1);\" rel=\"\" href=\"https:\/\/magalhaesdealmeida.ma.gov.br\/transparencia\/wp-content\/uploads\/2023\/03\/EDITAL-DE-CONVOCACAO-DO-CONSELHO-MUNICIPAL-DE-PROTECAO-E-DEFESA-CIVIL..pdf\">Download<\/a><\/td>        <\/tr>\n            <tr data-row_id=\"54\" class=\"ninja_table_row_54 nt_row_id_54\">\n            <td>EDITAL N.\u00ba 001\/2023 \u2013 RESULTADO FINAL DO PROCESSO SELETIVO SIMPLIFICADO PARA CONTRATA\u00c7\u00c3O TEMPOR\u00c1RIA<\/td><td>20\/03\/2023<\/td><td>2023<\/td><td>Mar\u00e7o<\/td><td><a target=\"_blank\"  class=\"nt_btn nt_rounded_btn\" style=\"color: rgba(255, 255, 255, 1);background-color: rgba(18, 150, 136, 1);border-color: rgba(18, 150, 136, 1);\" rel=\"\" href=\"https:\/\/magalhaesdealmeida.ma.gov.br\/transparencia\/wp-content\/uploads\/2023\/03\/EDITAL-N.o-001.2023-\u2013-RESULTADO-FINAL-DO-PROCESSO-SELETIVO-SIMPLIFICADO-PARA-CONTRATACAO-TEMPORARIA_1.pdf\">Download<\/a><\/td>        <\/tr>\n            <tr data-row_id=\"55\" class=\"ninja_table_row_55 nt_row_id_55\">\n            <td>EDITAL N.\u00ba 001\/2023 \u2013 RESULTADO PRELIMINAR DO PROCESSO SELETIVO SIMPLIFICADO PARA CONTRATA\u00c7\u00c3O TEMPOR\u00c1RIA<\/td><td>15\/03\/2023<\/td><td>2023<\/td><td>Mar\u00e7o<\/td><td><a target=\"_blank\"  class=\"nt_btn nt_rounded_btn\" style=\"color: rgba(255, 255, 255, 1);background-color: rgba(18, 150, 136, 1);border-color: rgba(18, 150, 136, 1);\" rel=\"\" href=\"https:\/\/magalhaesdealmeida.ma.gov.br\/transparencia\/wp-content\/uploads\/2023\/03\/EDITAL-N.o-001.2023-RESULTADO-PRELIMINAR-DO-PROCESSO-SELETIVO-SIMPLIFICADO-PARA-CONTRATACAO-TEMPORARIA.pdf\">Download<\/a><\/td>        <\/tr>\n            <tr data-row_id=\"56\" class=\"ninja_table_row_56 nt_row_id_56\">\n            <td>EDITAL N.\u00ba 001\/2023 - EDITAL DE SELETIVO SIMPLIFICADO \u2013 PRORROGA\u00c7\u00c3O DOS PRAZOS DO CRONOGRANAMA DO ANEXO X DO EDITAL N.\u00ba 001\/2023 \u2013 DE SELETIVO SIMPLIFICADO<\/td><td>09\/03\/2023<\/td><td>2023<\/td><td>Mar\u00e7o<\/td><td><a target=\"_blank\"  class=\"nt_btn nt_rounded_btn\" style=\"color: rgba(255, 255, 255, 1);background-color: rgba(18, 150, 136, 1);border-color: rgba(18, 150, 136, 1);\" rel=\"\" href=\"https:\/\/magalhaesdealmeida.ma.gov.br\/transparencia\/wp-content\/uploads\/2023\/03\/EDITAL-N.o-001.2023-PRORROGACAO-DOS-PRAZOS-DO-CRONOGRAMA-1.pdf\">Download<\/a><\/td>        <\/tr>\n            <tr data-row_id=\"57\" class=\"ninja_table_row_57 nt_row_id_57\">\n            <td>EDITAL N.\u00ba 001\/2023 - RETIFICADO - EDITAL DE SELETIVO SIMPLIFICADO PROCESSO SELETIVO SIMPLIFICADO PARA CONTRATA\u00c7\u00c3O TEMPOR\u00c1RIA - RETIFICADO<\/td><td>27\/02\/2023<\/td><td>2023<\/td><td>Fevereiro<\/td><td><a target=\"_blank\"  class=\"nt_btn nt_rounded_btn\" style=\"color: rgba(255, 255, 255, 1);background-color: rgba(18, 150, 136, 1);border-color: rgba(18, 150, 136, 1);\" rel=\"\" href=\"https:\/\/magalhaesdealmeida.ma.gov.br\/transparencia\/wp-content\/uploads\/2023\/02\/EDITAL-N.o-001.2023-RETIFICADO.pdf\">Download<\/a><\/td>        <\/tr>\n            <tr data-row_id=\"58\" class=\"ninja_table_row_58 nt_row_id_58\">\n            <td>EDITAL N.\u00ba 001\/2023 - EDITAL DE SELETIVO SIMPLIFICADO  PROCESSO SELETIVO SIMPLIFICADO PARA CONTRATA\u00c7\u00c3O TEMPOR\u00c1RIA<\/td><td>24\/02\/2023<\/td><td>2023<\/td><td>Fevereiro<\/td><td><a target=\"_blank\"  class=\"nt_btn nt_rounded_btn\" style=\"color: rgba(255, 255, 255, 1);background-color: rgba(18, 150, 136, 1);border-color: rgba(18, 150, 136, 1);\" rel=\"\" href=\"https:\/\/magalhaesdealmeida.ma.gov.br\/transparencia\/wp-content\/uploads\/2023\/02\/EDITAL-N.\u00b0-001.2023.pdf\">Download<\/a><\/td>        <\/tr>\n            <tr data-row_id=\"59\" class=\"ninja_table_row_59 nt_row_id_59\">\n            <td>RETIFICA\u00c7\u00c3O DO CONVOCA\u00c7\u00c3O DO CONCURSO \u2013 2018 N.\u00ba 006\/2022 \u2013 GAB \u2013 A Secretaria Municipal de Administra\u00e7\u00e3o, CONVOCA os senhores abaixo relacionados a comparecerem no per\u00edodo de 19\/12\/2022 \u00e0 29\/12\/2022, no hor\u00e1rio de 08h:30min as 12h:00min, no pr\u00e9dio desta secretaria, situado na Rua Manoel Pires de Castro, 279 \u2013 CENTRO, munido de toda a documenta\u00e7\u00e3o exigida no Anexo II do Edital n.\u00ba 01\/2018, para nomea\u00e7\u00e3o e posse do referido concurso, no cargo de GUARDA MUNICIPAL. Avisa, ainda, que o n\u00e3o comparecimento no per\u00edodo marcado, ensejar\u00e1 a desist\u00eancia do concurso.<\/td><td>16\/12\/2022<\/td><td>2022<\/td><td>Dezembro<\/td><td><a target=\"_blank\"  class=\"nt_btn nt_rounded_btn\" style=\"color: rgba(255, 255, 255, 1);background-color: rgba(18, 150, 136, 1);border-color: rgba(18, 150, 136, 1);\" rel=\"\" href=\"https:\/\/magalhaesdealmeida.ma.gov.br\/transparencia\/wp-content\/uploads\/2022\/12\/RETIFICACAO-DA-CONVOCACAO-N.o-006.2022-GAB.pdf\">Download<\/a><\/td>        <\/tr>\n            <tr data-row_id=\"60\" class=\"ninja_table_row_60 nt_row_id_60\">\n            <td>CONVOCA\u00c7\u00c3O DO CONCURSO - 2018  N.\u00ba 006\/2022 - GAB - A Secretaria Municipal de Administra\u00e7\u00e3o, CONVOCA os senhores abaixo relacionados a comparecerem no per\u00edodo de 19\/12\/2022 \u00e0 29\/12\/2022, no hor\u00e1rio de 08h:30min as 12h:00min, no pr\u00e9dio desta secretaria, situado na Rua Manoel Pires de Castro, 279 \u2013 CENTRO, munido de toda a documenta\u00e7\u00e3o exigida no Anexo II do Edital n.\u00ba 01\/2018, para nomea\u00e7\u00e3o e posse do referido concurso, no cargo de GUARDA MUNICIPAL. Avisa, ainda, que o n\u00e3o comparecimento no per\u00edodo marcado, ensejar\u00e1 a desist\u00eancia do concurso.<\/td><td>16\/12\/2022<\/td><td>2022<\/td><td>Dezembro<\/td><td><a target=\"_blank\"  class=\"nt_btn nt_rounded_btn\" style=\"color: rgba(255, 255, 255, 1);background-color: rgba(18, 150, 136, 1);border-color: rgba(18, 150, 136, 1);\" rel=\"\" href=\"https:\/\/magalhaesdealmeida.ma.gov.br\/transparencia\/wp-content\/uploads\/2022\/12\/CONVOCACAO-N.o-006.2022-GAB-1.pdf\">Download<\/a><\/td>        <\/tr>\n            <tr data-row_id=\"61\" class=\"ninja_table_row_61 nt_row_id_61\">\n            <td>CONVOCA\u00c7\u00c3O N.\u00ba 005\/2022 - SEMECTI - A Secretaria Municipal de Educa\u00e7\u00e3o, Ci\u00eancia, Tecnologia e Inova\u00e7\u00e3o, CONVOCA os senhores abaixo relacionados a comparecerem no per\u00edodo de 24\/11\/2022 a 25\/11\/2022, no hor\u00e1rio de 08h:00min as 12h:00min, no pr\u00e9dio desta secretaria, situado na Avenida Get\u00falio Vargas, n.\u00ba 155, centro, para a assinatura e recebimento do termo de nomea\u00e7\u00e3o e posse do referido concurso.<\/td><td>23\/11\/2022<\/td><td>2022<\/td><td>Novembro<\/td><td><a target=\"_blank\"  class=\"nt_btn nt_rounded_btn\" style=\"color: rgba(255, 255, 255, 1);background-color: rgba(18, 150, 136, 1);border-color: rgba(18, 150, 136, 1);\" rel=\"\" href=\"https:\/\/magalhaesdealmeida.ma.gov.br\/transparencia\/wp-content\/uploads\/2022\/11\/CONVOCACAO-N.o-005.2022-CONCURSO-2018-AGENTE-ADMINISTRATIVO.pdf\">Download<\/a><\/td>        <\/tr>\n            <tr data-row_id=\"62\" class=\"ninja_table_row_62 nt_row_id_62\">\n            <td>CARTA DE CONVOCA\u00c7\u00c3O N.\u00ba 001\/2022 - SEMUS - \u00c0 Senhora J\u00c9SSICA MAIARA MELO ROCHA<\/td><td>11\/11\/2022<\/td><td>2022<\/td><td>Novembro<\/td><td><a target=\"_blank\"  class=\"nt_btn nt_rounded_btn\" style=\"color: rgba(255, 255, 255, 1);background-color: rgba(18, 150, 136, 1);border-color: rgba(18, 150, 136, 1);\" rel=\"\" href=\"https:\/\/magalhaesdealmeida.ma.gov.br\/transparencia\/wp-content\/uploads\/2022\/11\/CARTA-DE-CONVOCACAO-N_01_2022_SEMUS_JESSICA-MELO.pdf\">Download<\/a><\/td>        <\/tr>\n            <tr data-row_id=\"63\" class=\"ninja_table_row_63 nt_row_id_63\">\n            <td>CONVOCA\u00c7\u00c3O DO CONCURSO 2018 N.\u00ba 004\/2022 \u2013 SEMECTI - A Secretaria Municipal de Educa\u00e7\u00e3o, Ci\u00eancia, Tecnologia e Inova\u00e7\u00e3o, CONVOCA os senhores abaixo relacionados a comparecerem no per\u00edodo de 19\/10\/2022 \u00e0 26\/10\/2022, no hor\u00e1rio de 07h:30min \u00e0s 12h:00min, no pr\u00e9dio desta secretaria, situado na Avenida Get\u00falio Vargas, n.\u00ba 155, centro, munido de toda a documenta\u00e7\u00e3o exigida no Anexo II do Edital n.\u00ba 01\/2018, para nomea\u00e7\u00e3o e posse do referido concurso. Avisa, ainda, que o n\u00e3o comparecimento no per\u00edodo marcado, ensejar\u00e1 a desist\u00eancia do concurso.<\/td><td>19\/10\/2022<\/td><td>2022<\/td><td>Outubro<\/td><td><a target=\"_blank\"  class=\"nt_btn nt_rounded_btn\" style=\"color: rgba(255, 255, 255, 1);background-color: rgba(18, 150, 136, 1);border-color: rgba(18, 150, 136, 1);\" rel=\"\" href=\"https:\/\/magalhaesdealmeida.ma.gov.br\/transparencia\/wp-content\/uploads\/2022\/10\/CONVOCACAO-N.o-004.2022-SEMECTI.pdf\">Download<\/a><\/td>        <\/tr>\n            <tr data-row_id=\"64\" class=\"ninja_table_row_64 nt_row_id_64\">\n            <td>CONVOCATORIA CMDCA - CONVOCAR a Senhora YASMIM ARA\u00daJO COELHO, primeiro suplente do Conselho Tutelar para assumir de forma permanente como Conselheiro titular do conselho Tutelar de Magalh\u00e3es de Almeida\/MA de 01 de maio de 2022 at\u00e9 a vig\u00eancia do mandato em 31 de dezembro 2023.<\/td><td>11\/04\/2022<\/td><td>2022<\/td><td>Abril<\/td><td><a target=\"_blank\"  class=\"nt_btn nt_rounded_btn\" style=\"color: rgba(255, 255, 255, 1);background-color: rgba(18, 150, 136, 1);border-color: rgba(18, 150, 136, 1);\" rel=\"\" href=\"https:\/\/magalhaesdealmeida.ma.gov.br\/transparencia\/wp-content\/uploads\/2022\/04\/CONVOCATORIA-CMDCA.pdf\">Download<\/a><\/td>        <\/tr>\n            <tr data-row_id=\"65\" class=\"ninja_table_row_65 nt_row_id_65\">\n            <td>CONVOCA\u00c7\u00c3O DO CONCURSO 2018 N.\u00ba 003\/2022 \u2013 SEMAD - A Secretaria Municipal de Administra\u00e7\u00e3o, CONVOCA o senhor abaixo relacionado a comparecer no per\u00edodo de 23.02.2022 \u00e0 03.03.2022, munido de toda sua documenta\u00e7\u00e3o exigidas na Se\u00e7\u00e3o II. Item 2.23.2 e 2.3 do Edital n\u00ba 01\/2018.<\/td><td>23\/02\/2022<\/td><td>2022<\/td><td>Fevereiro<\/td><td><a target=\"_blank\"  class=\"nt_btn nt_rounded_btn\" style=\"color: rgba(255, 255, 255, 1);background-color: rgba(18, 150, 136, 1);border-color: rgba(18, 150, 136, 1);\" rel=\"\" href=\"https:\/\/magalhaesdealmeida.ma.gov.br\/transparencia\/wp-content\/uploads\/2022\/02\/CONVOCACAO-N.o-003.2022-ADM.pdf\">Download<\/a><\/td>        <\/tr>\n            <tr data-row_id=\"66\" class=\"ninja_table_row_66 nt_row_id_66\">\n            <td>CONVOCA\u00c7\u00c3O DO CONCURSO 2018 N.\u00ba 002\/2022 - SEMECTI - A Secretaria Municipal de Educa\u00e7\u00e3o CONVOCA os senhores abaixo relacionados a comparecerem no per\u00edodo de 10.02.2022 a 14.02.2022 para nomea\u00e7\u00e3o e posse do referido concurso.<\/td><td>09\/02\/2022<\/td><td>2022<\/td><td>Fevereiro<\/td><td><a target=\"_blank\"  class=\"nt_btn nt_rounded_btn\" style=\"color: rgba(255, 255, 255, 1);background-color: rgba(18, 150, 136, 1);border-color: rgba(18, 150, 136, 1);\" rel=\"\" href=\"https:\/\/magalhaesdealmeida.ma.gov.br\/transparencia\/wp-content\/uploads\/2022\/02\/CONVOCACAO-CONCURSO-2018-002-2022.pdf\">Download<\/a><\/td>        <\/tr>\n            <tr data-row_id=\"67\" class=\"ninja_table_row_67 nt_row_id_67\">\n            <td>CONVOCA\u00c7\u00c3O N.\u00ba 002\/2022 \u2013 DO CONCURSO \u2013 2018 - A Secretaria Municipal de Sa\u00fade CONVOCA os senhores abaixo relacionados a comparecerem no per\u00edodo de 10\/01\/2022 \u00e0 20\/01\/2022, munidos de toda sua documenta\u00e7\u00e3o exigidas na Se\u00e7\u00e3o II. Item 2.1: 2.2 e 2.3 do Edital n\u00ba 01\/2018.<\/td><td>06\/01\/2022<\/td><td>2022<\/td><td>Janeiro<\/td><td><a target=\"_blank\"  class=\"nt_btn nt_rounded_btn\" style=\"color: rgba(255, 255, 255, 1);background-color: rgba(18, 150, 136, 1);border-color: rgba(18, 150, 136, 1);\" rel=\"\" href=\"https:\/\/magalhaesdealmeida.ma.gov.br\/transparencia\/wp-content\/uploads\/2022\/01\/CONVOCACAO-N.o-002.2022-SEMUS-06.01.pdf\">Download<\/a><\/td>        <\/tr>\n            <tr data-row_id=\"68\" class=\"ninja_table_row_68 nt_row_id_68\">\n            <td>CONVOCA\u00c7\u00c3O N.\u00ba 001\/2022 \u2013 DO CONCURSO \u2013 2018 - CONVOCAR: os profissionais listados no anexo abaixo at\u00e9 a data de 11\/01\/2022, para tomar posse do Concurso Edital 001\/2018 da Prefeitura Municipal de Magalh\u00e3es de Almeida\/MA.<\/td><td>06\/01\/2022<\/td><td>2022<\/td><td>Janeiro<\/td><td><a target=\"_blank\"  class=\"nt_btn nt_rounded_btn\" style=\"color: rgba(255, 255, 255, 1);background-color: rgba(18, 150, 136, 1);border-color: rgba(18, 150, 136, 1);\" rel=\"\" href=\"https:\/\/magalhaesdealmeida.ma.gov.br\/transparencia\/wp-content\/uploads\/2022\/01\/CONVOCACAO-N.o-001.2022-1.pdf\">Download<\/a><\/td>        <\/tr>\n            <tr data-row_id=\"69\" class=\"ninja_table_row_69 nt_row_id_69\">\n            <td>RETIFICA\u00c7\u00c3O AO EDITAL PARA REALIZA\u00c7\u00c3O DE FESTIVAL DE LIVES, SHOW'S E MUSICAIS DA LEI ALDIR BLANC<\/td><td>15\/09\/2021<\/td><td>2021<\/td><td>Setembro<\/td><td><a target=\"_blank\"  class=\"nt_btn nt_rounded_btn\" style=\"color: rgba(255, 255, 255, 1);background-color: rgba(18, 150, 136, 1);border-color: rgba(18, 150, 136, 1);\" rel=\"\" href=\"https:\/\/magalhaesdealmeida.ma.gov.br\/transparencia\/wp-content\/uploads\/2021\/09\/ERRATA-EDITAL-LIVES.pdf\">Download<\/a><\/td>        <\/tr>\n            <tr data-row_id=\"70\" class=\"ninja_table_row_70 nt_row_id_70\">\n            <td>PROJETOS SELECIONADOS NO EDITAL DE PREMIA\u00c7\u00c3O A ESPA\u00c7OS E COLETIVOS CULTURAIS<\/td><td>13\/09\/2021<\/td><td>2021<\/td><td>Setembro<\/td><td><a target=\"_blank\"  class=\"nt_btn nt_rounded_btn\" style=\"color: rgba(255, 255, 255, 1);background-color: rgba(18, 150, 136, 1);border-color: rgba(18, 150, 136, 1);\" rel=\"\" href=\"https:\/\/magalhaesdealmeida.ma.gov.br\/transparencia\/wp-content\/uploads\/2021\/09\/lista-de-aprovados-coletivos-culturais.pdf\">Download<\/a><\/td>        <\/tr>\n            <tr data-row_id=\"71\" class=\"ninja_table_row_71 nt_row_id_71\">\n            <td>LISTA DE PROPOSTAS SELECIONADAS NO FESTIVAL DE LIVES, SHOW'S E MUSICAIS DA LEI ALDIR BLANC<\/td><td>13\/09\/2021<\/td><td>2021<\/td><td>Setembro<\/td><td><a target=\"_blank\"  class=\"nt_btn nt_rounded_btn\" style=\"color: rgba(255, 255, 255, 1);background-color: rgba(18, 150, 136, 1);border-color: rgba(18, 150, 136, 1);\" rel=\"\" href=\"https:\/\/magalhaesdealmeida.ma.gov.br\/transparencia\/wp-content\/uploads\/2021\/09\/Lista-de-aprovados-edital-musica.pdf\">Download<\/a><\/td>        <\/tr>\n            <tr data-row_id=\"72\" class=\"ninja_table_row_72 nt_row_id_72\">\n            <td>EDITAL PARA REALIZA\u00c7\u00c3O DE FESTIVAL DE LIVES, SHOW'S E MUSICAIS DA LEI ALDIR BLANC<\/td><td>31\/08\/2021<\/td><td>2021<\/td><td>Agosto<\/td><td><a target=\"_blank\"  class=\"nt_btn nt_rounded_btn\" style=\"color: rgba(255, 255, 255, 1);background-color: rgba(18, 150, 136, 1);border-color: rgba(18, 150, 136, 1);\" rel=\"\" href=\"https:\/\/magalhaesdealmeida.ma.gov.br\/transparencia\/wp-content\/uploads\/2021\/08\/Edital-Musica-Lives-4-mesclado.pdf\">Download<\/a><\/td>        <\/tr>\n            <tr data-row_id=\"73\" class=\"ninja_table_row_73 nt_row_id_73\">\n            <td>EDITAL DE PREMIA\u00c7\u00c3O DA LEI ALDIR BLANC - PREMIAR ESPA\u00c7OS CULTURAIS E COLETIVOS CULTURIAS<\/td><td>31\/08\/2021<\/td><td>2021<\/td><td>Agosto<\/td><td><a target=\"_blank\"  class=\"nt_btn nt_rounded_btn\" style=\"color: rgba(255, 255, 255, 1);background-color: rgba(18, 150, 136, 1);border-color: rgba(18, 150, 136, 1);\" rel=\"\" href=\"https:\/\/magalhaesdealmeida.ma.gov.br\/transparencia\/wp-content\/uploads\/2021\/08\/Edital-espacos-e-coletivos-culturais-1-mesclado.pdf\">Download<\/a><\/td>        <\/tr>\n            <tr data-row_id=\"74\" class=\"ninja_table_row_74 nt_row_id_74\">\n            <td>CONVOCA\u00c7\u00c3O N\u00ba 001\/2021 - A Secretaria Municipal de Administra\u00e7\u00e3o e Finan\u00e7as, CONVOCA os servidores FALTOSOS a retornarem imediatamente a suas fun\u00e7\u00f5es o que n\u00e3o o fazendo sujeitar\u00e3o as penalidades previstas no art. 106, Inciso II da Lei 236\/98 de 01 de janeiro de 1998.<\/td><td>13\/02\/2021<\/td><td>2021<\/td><td>Fevereiro<\/td><td><a target=\"_blank\"  class=\"nt_btn nt_rounded_btn\" style=\"color: rgba(255, 255, 255, 1);background-color: rgba(18, 150, 136, 1);border-color: rgba(18, 150, 136, 1);\" rel=\"\" href=\"https:\/\/magalhaesdealmeida.ma.gov.br\/transparencia\/wp-content\/uploads\/2021\/02\/CONVOCACAO-N-001.2021.pdf\">Download<\/a><\/td>        <\/tr>\n    <\/tbody><!--ninja_tobody_rendering_done-->\n    <\/table>\n    \n    \n    \n<\/div>\n\n","protected":false},"excerpt":{"rendered":"<p>Acesse os Editais do Munic\u00edpio<\/p>\n","protected":false},"author":4,"featured_media":26922,"parent":0,"menu_order":0,"comment_status":"closed","ping_status":"closed","template":"","meta":{"_acf_changed":false,"footnotes":""},"categories":[1,83],"tags":[],"class_list":["post-7734","page","type-page","status-publish","has-post-thumbnail","hentry","category-exibir-front","category-licitacoes-e-contratos"],"acf":{"nome":"Editais","link":"https:\/\/magalhaesdealmeida.ma.gov.br\/transparencia\/editais\/","icone":"fa-newspaper"},"_links":{"self":[{"href":"https:\/\/magalhaesdealmeida.ma.gov.br\/transparencia\/wp-json\/wp\/v2\/pages\/7734","targetHints":{"allow":["GET"]}}],"collection":[{"href":"https:\/\/magalhaesdealmeida.ma.gov.br\/transparencia\/wp-json\/wp\/v2\/pages"}],"about":[{"href":"https:\/\/magalhaesdealmeida.ma.gov.br\/transparencia\/wp-json\/wp\/v2\/types\/page"}],"author":[{"embeddable":true,"href":"https:\/\/magalhaesdealmeida.ma.gov.br\/transparencia\/wp-json\/wp\/v2\/users\/4"}],"replies":[{"embeddable":true,"href":"https:\/\/magalhaesdealmeida.ma.gov.br\/transparencia\/wp-json\/wp\/v2\/comments?post=7734"}],"version-history":[{"count":3,"href":"https:\/\/magalhaesdealmeida.ma.gov.br\/transparencia\/wp-json\/wp\/v2\/pages\/7734\/revisions"}],"predecessor-version":[{"id":18286,"href":"https:\/\/magalhaesdealmeida.ma.gov.br\/transparencia\/wp-json\/wp\/v2\/pages\/7734\/revisions\/18286"}],"wp:featuredmedia":[{"embeddable":true,"href":"https:\/\/magalhaesdealmeida.ma.gov.br\/transparencia\/wp-json\/wp\/v2\/media\/26922"}],"wp:attachment":[{"href":"https:\/\/magalhaesdealmeida.ma.gov.br\/transparencia\/wp-json\/wp\/v2\/media?parent=7734"}],"wp:term":[{"taxonomy":"category","embeddable":true,"href":"https:\/\/magalhaesdealmeida.ma.gov.br\/transparencia\/wp-json\/wp\/v2\/categories?post=7734"},{"taxonomy":"post_tag","embeddable":true,"href":"https:\/\/magalhaesdealmeida.ma.gov.br\/transparencia\/wp-json\/wp\/v2\/tags?post=7734"}],"curies":[{"name":"wp","href":"https:\/\/api.w.org\/{rel}","templated":true}]}}