{"id":10319,"date":"2021-09-15T16:05:23","date_gmt":"2021-09-15T19:05:23","guid":{"rendered":"https:\/\/magalhaesdealmeida.ma.gov.br\/transparencia\/?post_type=publicacoesdom&#038;p=10319"},"modified":"2021-09-15T16:05:23","modified_gmt":"2021-09-15T19:05:23","slug":"retificacao-ao-edital-para-realizacao-de-festival-de-lives-shows-e-musicais-da-lei-aldir-blanc","status":"publish","type":"publicacoesdom","link":"https:\/\/magalhaesdealmeida.ma.gov.br\/transparencia\/publicacoesdom\/retificacao-ao-edital-para-realizacao-de-festival-de-lives-shows-e-musicais-da-lei-aldir-blanc\/","title":{"rendered":"RETIFICA\u00c7\u00c3O AO EDITAL PARA REALIZA\u00c7\u00c3O DE FESTIVAL DE LIVES, SHOW&#8217;S E MUSICAIS DA LEI ALDIR BLANC"},"content":{"rendered":"<p>A Prefeitura de Magalh\u00e3es de Almeida, atrav\u00e9s da SECRETARIA MUNICIPAL DE CULTURA, situada na Rua Manoel Pires de Castro, 279 &#8211; Centro. CEP: 65.560-000, Magalh\u00e3es de Almeida, no Estado do Maranh\u00e3o, no uso de suas atribui\u00e7\u00f5es legais, torna p\u00fablico para conhecimento, a presente <strong>ERRATA ao EDITAL PARA REALIZA\u00c7\u00c3O DE FESTIVAL DE LIVES SHOW&#8217;S E MUSICAIS DA LEI ALDIR BLANC<\/strong> que atende ao Inciso III do art. 2\u00ba da lei 14.017, de 29 de junho de 2020 (Lei Aldir Blanc), Decreto Federal n\u00ba 10.464\/2020, para nele constar o que segue:<br \/>\n<strong>ONDE SE L\u00ca:<\/strong><br \/>\n7. DOS VALORES DE PREMIA\u00c7\u00c3O E CATEGORIAS:<\/p>\n<table width=\"430\">\n<tbody>\n<tr>\n<td style=\"text-align: center\" width=\"37\">IT<strong>EM<\/strong><\/td>\n<td style=\"text-align: center\" width=\"311\"><strong>CATEGORIA<\/strong><\/td>\n<td style=\"text-align: center\" width=\"82\"><strong>VAL<\/strong>OR<\/td>\n<\/tr>\n<tr>\n<td style=\"text-align: center\">7.1<\/td>\n<td style=\"text-align: center\">CANTOR PLAYBACK<\/td>\n<td style=\"text-align: center\">R$ 1.096,29<\/td>\n<\/tr>\n<tr>\n<td style=\"text-align: center\">7.2<\/td>\n<td style=\"text-align: center\">DJ\u2019s<\/td>\n<td style=\"text-align: center\">R$ 1.500,00<\/td>\n<\/tr>\n<tr>\n<td style=\"text-align: center\">7.3<\/td>\n<td style=\"text-align: center\">BANDAS OU GRUPOS COM AT\u00c9 3 COMPONENTES<\/td>\n<td style=\"text-align: center\">R$ 2.250,00<\/td>\n<\/tr>\n<tr>\n<td style=\"text-align: center\">7.4<\/td>\n<td style=\"text-align: center\" width=\"311\">BANDAS OU GRPOS COM AT\u00c9<br \/>\n5 COMPONENTES<\/td>\n<td style=\"text-align: center\">R$ 4.000,00<\/td>\n<\/tr>\n<tr>\n<td style=\"text-align: center\">7.5<\/td>\n<td style=\"text-align: center\" width=\"311\">BANDAS OU GRUPOS COM<br \/>\nAT\u00c9 7 COMPONENTES<\/td>\n<td style=\"text-align: center\">R$ 5.000,00<\/td>\n<\/tr>\n<tr>\n<td style=\"text-align: center\">7.6<\/td>\n<td style=\"text-align: center\" width=\"311\">BANDAS OU GRUPOS COM<br \/>\nMAIS DE 7 COMPONENTES<\/td>\n<td style=\"text-align: center\">R$ 55.000,00<\/td>\n<\/tr>\n<\/tbody>\n<\/table>\n<p><strong>LEIA-SE:<\/strong><br \/>\n7. DOS VALORES DE PREMIA\u00c7\u00c3O E CATEGORIAS:<\/p>\n<table width=\"507\">\n<tbody>\n<tr>\n<td style=\"text-align: center\" width=\"92\"><strong>ITEM<\/strong><\/td>\n<td style=\"text-align: center\" width=\"149\"><strong>CATEGORIA<\/strong><\/td>\n<td style=\"text-align: center\" width=\"175\"><strong>QUANTIDADE DE VAGAS<\/strong><\/td>\n<td style=\"text-align: center\" width=\"91\"><strong>VALOR<\/strong><\/td>\n<\/tr>\n<tr>\n<td style=\"text-align: center\">7.1<\/td>\n<td style=\"text-align: center\">CANTOR PLAYBACK<\/td>\n<td style=\"text-align: center\">1<\/td>\n<td style=\"text-align: center\">R$ 1.044,40<\/td>\n<\/tr>\n<tr>\n<td style=\"text-align: center\">7.2<\/td>\n<td style=\"text-align: center\">DJ\u2019s<\/td>\n<td style=\"text-align: center\">3<\/td>\n<td style=\"text-align: center\">R$ 1.300,00<\/td>\n<\/tr>\n<tr>\n<td style=\"text-align: center\">7.3<\/td>\n<td style=\"text-align: center\" width=\"149\">BANDAS OU GRUPOS<br \/>\nCOM 2 A 3<br \/>\nCOMPONENTES<\/td>\n<td style=\"text-align: center\">4<\/td>\n<td style=\"text-align: center\">R$ 2.150,00<\/td>\n<\/tr>\n<tr>\n<td style=\"text-align: center\">7.4<\/td>\n<td style=\"text-align: center\" width=\"149\">BANDAS OU GRPOS<br \/>\nCOM 4 A 5<br \/>\nCOMPONENTES<\/td>\n<td style=\"text-align: center\">1<\/td>\n<td style=\"text-align: center\">R$ 3.850,00<\/td>\n<\/tr>\n<tr>\n<td style=\"text-align: center\">7.5<\/td>\n<td style=\"text-align: center\" width=\"149\">BANDAS OU GRUPOS<br \/>\nCOM 6 COMPONENTES<\/td>\n<td style=\"text-align: center\">2<\/td>\n<td style=\"text-align: center\">R$ 4.850,00<\/td>\n<\/tr>\n<tr>\n<td style=\"text-align: center\">7.6<\/td>\n<td style=\"text-align: center\" width=\"149\">BANDAS OU GRUPOS<br \/>\nCOM 7 COMPONENTES<br \/>\nOU MAIS<\/td>\n<td style=\"text-align: center\">3<\/td>\n<td style=\"text-align: center\">R$ 5.300,00<\/td>\n<\/tr>\n<\/tbody>\n<\/table>\n<p>Magalh\u00e3es de Almeida, 14 de setembro de 2021. Edivan da Silva Santos, Secret\u00e1rio Municipal de Cultura.<\/p>\n","protected":false},"author":4,"template":"","class_list":["post-10319","publicacoesdom","type-publicacoesdom","status-publish","hentry"],"acf":{"tipo_de_publicacao_diario":"63: Retifica\u00e7\u00e3o","e_retificacao":"1","origem_do_diario":"Poder Executivo","codigo_verificador":"e41664aa8197bfcd564ed8b849cb903c68656818"},"_links":{"self":[{"href":"https:\/\/magalhaesdealmeida.ma.gov.br\/transparencia\/wp-json\/wp\/v2\/publicacoesdom\/10319","targetHints":{"allow":["GET"]}}],"collection":[{"href":"https:\/\/magalhaesdealmeida.ma.gov.br\/transparencia\/wp-json\/wp\/v2\/publicacoesdom"}],"about":[{"href":"https:\/\/magalhaesdealmeida.ma.gov.br\/transparencia\/wp-json\/wp\/v2\/types\/publicacoesdom"}],"author":[{"embeddable":true,"href":"https:\/\/magalhaesdealmeida.ma.gov.br\/transparencia\/wp-json\/wp\/v2\/users\/4"}],"wp:attachment":[{"href":"https:\/\/magalhaesdealmeida.ma.gov.br\/transparencia\/wp-json\/wp\/v2\/media?parent=10319"}],"curies":[{"name":"wp","href":"https:\/\/api.w.org\/{rel}","templated":true}]}}