{"id":10731,"date":"2021-11-19T11:50:08","date_gmt":"2021-11-19T14:50:08","guid":{"rendered":"https:\/\/magalhaesdealmeida.ma.gov.br\/transparencia\/?post_type=publicacoesdom&#038;p=10731"},"modified":"2021-11-19T11:50:17","modified_gmt":"2021-11-19T14:50:17","slug":"lei-no-529-2021","status":"publish","type":"publicacoesdom","link":"https:\/\/magalhaesdealmeida.ma.gov.br\/transparencia\/publicacoesdom\/lei-no-529-2021\/","title":{"rendered":"LEI N.\u00ba 529\/2021"},"content":{"rendered":"<p><strong>Institui o pr\u00eamio Professor Excel\u00eancia do Ano nas Unidades Escolares da Secretaria Municipal de Educa\u00e7\u00e3o, Ci\u00eancias, Tecnologia e Inova\u00e7\u00e3o de Magalh\u00e3es de Almeida\/MA e d\u00e1 outras provid\u00eancias.<br \/>\n<\/strong>O PREFEITO MUNICIPAL DE MAGALH\u00c3ES DE ALMEIDA, ESTADO DO MARANH\u00c3O, no uso de suas atribui\u00e7\u00f5es que lhe s\u00e3o conferidas por Lei, <strong>FA\u00c7O SABER<\/strong> que a C\u00e2mara Municipal de Vereadores aprovou e eu <strong>SANCIONO<\/strong> a seguinte Lei:<br \/>\n<strong>Art. 1\u00ba<\/strong> &#8211; Fica institu\u00eddo o Pr\u00eamio <strong>\u201cPROFESSOR EXCEL\u00caNCIA DO ANO\u201d<\/strong>, destinado a homenagear os Professores das Unidades Escolares da Rede Municipal de Ensino, por seus m\u00e9ritos e relevantes servi\u00e7os prestados \u00e0 educa\u00e7\u00e3o no Munic\u00edpio de Magalh\u00e3es de Almeida.<br \/>\n<strong>Par\u00e1grafo \u00danico<\/strong> O Professor Excel\u00eancia do Ano, para efeito desta Lei, receber\u00e1 a Medalha do M\u00e9rito Educacional, que poder\u00e1 ser outorgada, tamb\u00e9m, post mortem, observados os requisitos previstos no caput deste artigo, caso em que se entregar\u00e1 o Pr\u00eamio a um representante da fam\u00edlia do homenageado.<br \/>\n<strong>Art. 2\u00ba<\/strong> &#8211; O Conselho Municipal de Educa\u00e7\u00e3o denominar\u00e1 as Medalhas para o Pr\u00eamio.<br \/>\n<strong>Art. 3\u00ba<\/strong> &#8211; A Medalha do M\u00e9rito Educacional ser\u00e1 conferida anualmente, em sess\u00e3o solene e p\u00fablica, preferencialmente no m\u00eas de outubro que, previamente, ser\u00e1 divulgada pela Secretaria Municipal de Educa\u00e7\u00e3o, Ci\u00eancias, Tecnologia e Inova\u00e7\u00e3o \u2013 SEMECTI e pelo sindicato da categoria profissional ou \u00f3rg\u00e3o equivalente.<br \/>\n<strong>Art. 4\u00ba<\/strong> &#8211; O Professor Excel\u00eancia do Ano ser\u00e1 escolhido entre professores de cada unidade escolar da rede municipal de ensino, de acordo com os requisitos de empenho na fun\u00e7\u00e3o, dedica\u00e7\u00e3o em sala da aula, sem faltas no ano letivo e\/ou sem faltas justificadas, e participa\u00e7\u00f5es extracurriculares, sendo vedada a indica\u00e7\u00e3o por duas vezes consecutivas.<br \/>\n<strong>\u00a71\u00ba &#8211;<\/strong> As Unidades Escolares dever\u00e3o compor uma Comiss\u00e3o espec\u00edfica, incluindo o corpo administrativo e pais de alunos da Escola para escolha do Professor Excel\u00eancia do Ano, da Unidade para concorrer ao Pr\u00eamio;<br \/>\n<strong>\u00a72\u00ba<\/strong> &#8211; A Secretaria Municipal de Educa\u00e7\u00e3o, Ci\u00eancias, Tecnologia e Inova\u00e7\u00e3o \u2013 SEMECTI, dever\u00e1 compor uma Comiss\u00e3o espec\u00edfica, com seu corpo pedag\u00f3gico para o processo de escolha do Pr\u00eamio Professor Excel\u00eancia do Ano.<br \/>\n<strong>Art. 5\u00ba<\/strong> &#8211; As despesas com a execu\u00e7\u00e3o desta lei correr\u00e3o por conta da dota\u00e7\u00e3o or\u00e7ament\u00e1ria anual da Secretaria Municipal de Educa\u00e7\u00e3o, Ci\u00eancias, Tecnologia e Inova\u00e7\u00e3o \u2013 SEMECTI.<br \/>\n<strong>Art. 6\u00ba<\/strong> &#8211; Esta lei entra em vigor na data de sua publica\u00e7\u00e3o.<br \/>\nPal\u00e1cio Benedito Lima e Silva, Gabinete do Prefeito Municipal de Magalh\u00e3es de Almeida\/MA, em 16 de novembro de 2021. Raimundo Nonato Carvalho, Prefeito Municipal.<\/p>\n<p>&nbsp;<\/p>\n","protected":false},"author":4,"template":"","class_list":["post-10731","publicacoesdom","type-publicacoesdom","status-publish","hentry"],"acf":{"tipo_de_publicacao_diario":"34","e_retificacao":"1","origem_do_diario":"Poder Executivo","codigo_verificador":"fd5a504eade717aa92a54450518f9daf091d1c48"},"_links":{"self":[{"href":"https:\/\/magalhaesdealmeida.ma.gov.br\/transparencia\/wp-json\/wp\/v2\/publicacoesdom\/10731","targetHints":{"allow":["GET"]}}],"collection":[{"href":"https:\/\/magalhaesdealmeida.ma.gov.br\/transparencia\/wp-json\/wp\/v2\/publicacoesdom"}],"about":[{"href":"https:\/\/magalhaesdealmeida.ma.gov.br\/transparencia\/wp-json\/wp\/v2\/types\/publicacoesdom"}],"author":[{"embeddable":true,"href":"https:\/\/magalhaesdealmeida.ma.gov.br\/transparencia\/wp-json\/wp\/v2\/users\/4"}],"wp:attachment":[{"href":"https:\/\/magalhaesdealmeida.ma.gov.br\/transparencia\/wp-json\/wp\/v2\/media?parent=10731"}],"curies":[{"name":"wp","href":"https:\/\/api.w.org\/{rel}","templated":true}]}}