{"id":10972,"date":"2022-01-03T14:53:44","date_gmt":"2022-01-03T17:53:44","guid":{"rendered":"https:\/\/magalhaesdealmeida.ma.gov.br\/transparencia\/?post_type=publicacoesdom&#038;p=10972"},"modified":"2022-01-03T14:57:15","modified_gmt":"2022-01-03T17:57:15","slug":"decreto-n-o-001-2022-gp","status":"publish","type":"publicacoesdom","link":"https:\/\/magalhaesdealmeida.ma.gov.br\/transparencia\/publicacoesdom\/decreto-n-o-001-2022-gp\/","title":{"rendered":"DECRETO N.\u00ba 001\/2022 &#8211; GP"},"content":{"rendered":"<p><strong><em>Exonera todos os servidores ocupantes de cargos comissionados, e d\u00e1 outras provid\u00eancias.<br \/>\n<\/em><\/strong>O Prefeito do Munic\u00edpio de Magalh\u00e3es de Almeida\/MA, Raimundo Nonato Carvalho, no uso de suas atribui\u00e7\u00f5es legais conferidas pela Lei Org\u00e2nica Municipal cumulado com o art. 31, inciso I, da Lei Municipal n\u00b0 236\/98;<br \/>\n<strong><em>CONSIDERANDO<\/em><\/strong> os princ\u00edpios da legalidade, impessoalidade, moralidade, publicidade e efici\u00eancia, norteadores dos atos praticados pela Administra\u00e7\u00e3o P\u00fablica, \u00e0 luz do disposto no artigo 37, <em>caput<\/em>, da Constitui\u00e7\u00e3o Federal;<br \/>\n<strong><em>CONSIDERANDO<\/em><\/strong> o princ\u00edpio da autotutela que confere \u00e0 Administra\u00e7\u00e3o P\u00fablica a possibilidade de reapreciar seus pr\u00f3prios atos, podendo anul\u00e1-los se eivados de ilegalidade ou revog\u00e1-los por motivos de conveni\u00eancia e oportunidade, conforme estabelecido pela S\u00famula n\u00ba 473 do Supremo Tribunal Federal;<br \/>\n<em><strong>CONSIDERANDO<\/strong> a necessidade de adequa\u00e7\u00e3o do preenchimento dos cargos existentes na estrutura desta municipalidade em conformidade com a Lei Municipal n\u00b0 534\/2021, aprovada pela C\u00e2mara Municipal de Magalh\u00e3es de Almeida, que trata da reestrutura\u00e7\u00e3o administrativa do Munic\u00edpio de Magalh\u00e3es de Almeida\/MA e d\u00e1 outras provid\u00eancias:<br \/>\n<\/em><strong>DECRETA:<br \/>\n<\/strong><strong>Art. 1\u00ba<\/strong> Fica decretada a exonera\u00e7\u00e3o de todos os servidores ocupantes de cargos comissionados da administra\u00e7\u00e3o, direta e indireta deste munic\u00edpio.<br \/>\n<strong>\u00a71\u00ba<\/strong> Excetuam-se do disposto no <em>caput<\/em> deste artigo as servidoras comissionadas que, na data da publica\u00e7\u00e3o do presente Decreto, estejam gestantes ou em gozo de licen\u00e7a- maternidade, bem como os servidores comissionados que estejam em gozo de aux\u00edlio-doen\u00e7a ou licen\u00e7a para tratar da pr\u00f3pria sa\u00fade.<br \/>\n<strong>\u00a72\u00ba<\/strong> Findas as licen\u00e7as ou aux\u00edlios de que trata o \u00a71\u00ba, fica a servidora ou servidor automaticamente exonerado.<br \/>\n<strong>Art. 2\u00b0<\/strong> Revogam-se todas as disposi\u00e7\u00f5es em contr\u00e1rio.<br \/>\n<strong>Art.3\u00b0<\/strong> Este decreto entrar\u00e1 em vigor na data de sua publica\u00e7\u00e3o.<br \/>\nSede da Prefeitura de Magalh\u00e3es de Almeida\/MA, 03 de janeiro de 2022. Raimundo Nonato Carvalho, Prefeito Municipal.<\/p>\n","protected":false},"author":4,"template":"","class_list":["post-10972","publicacoesdom","type-publicacoesdom","status-publish","hentry"],"acf":{"tipo_de_publicacao_diario":"23","e_retificacao":"1","origem_do_diario":"Poder Executivo","codigo_verificador":"3694d8d36c3501ab98a3b05529a585f5e9af7759"},"_links":{"self":[{"href":"https:\/\/magalhaesdealmeida.ma.gov.br\/transparencia\/wp-json\/wp\/v2\/publicacoesdom\/10972","targetHints":{"allow":["GET"]}}],"collection":[{"href":"https:\/\/magalhaesdealmeida.ma.gov.br\/transparencia\/wp-json\/wp\/v2\/publicacoesdom"}],"about":[{"href":"https:\/\/magalhaesdealmeida.ma.gov.br\/transparencia\/wp-json\/wp\/v2\/types\/publicacoesdom"}],"author":[{"embeddable":true,"href":"https:\/\/magalhaesdealmeida.ma.gov.br\/transparencia\/wp-json\/wp\/v2\/users\/4"}],"wp:attachment":[{"href":"https:\/\/magalhaesdealmeida.ma.gov.br\/transparencia\/wp-json\/wp\/v2\/media?parent=10972"}],"curies":[{"name":"wp","href":"https:\/\/api.w.org\/{rel}","templated":true}]}}