{"id":11106,"date":"2022-01-06T15:30:57","date_gmt":"2022-01-06T18:30:57","guid":{"rendered":"https:\/\/magalhaesdealmeida.ma.gov.br\/transparencia\/?post_type=publicacoesdom&#038;p=11106"},"modified":"2022-01-06T15:47:13","modified_gmt":"2022-01-06T18:47:13","slug":"convocacao-n-o-001-2022","status":"publish","type":"publicacoesdom","link":"https:\/\/magalhaesdealmeida.ma.gov.br\/transparencia\/publicacoesdom\/convocacao-n-o-001-2022\/","title":{"rendered":"CONVOCA\u00c7\u00c3O N.\u00ba 001\/2022 &#8211; DO CONCURSO &#8211; 2018"},"content":{"rendered":"<p>O Secret\u00e1rio Municipal de Educa\u00e7\u00e3o, Ci\u00eancia, Tecnologia e Inova\u00e7\u00e3o de Magalh\u00e3es de Almeida no uso de suas atribui\u00e7\u00f5es legais e considerando a necessidade de reestrutura\u00e7\u00e3o do quadro de profissionais, <strong>RESOLVE:<br \/>\n<\/strong><strong>1\u00ba &#8211; CONVOCAR:<\/strong> os profissionais listados no anexo abaixo at\u00e9 a data de 11\/01\/2022, para tomar posse do Concurso Edital 001\/2018 da Prefeitura Municipal de Magalh\u00e3es de Almeida\/MA.<br \/>\n<strong>2\u00ba &#8211;<\/strong> Os senhores(as) convocados neste ato devem se apresentar at\u00e9 o dia 14 de janeiro de 2022;<br \/>\n<strong>3\u00ba &#8211;<\/strong> Local: Pr\u00e9dio da Secret\u00e1ria Municipal de Educa\u00e7\u00e3o, Ci\u00eancia, Tecnologia e Inova\u00e7\u00e3o;<br \/>\n<strong>4\u00ba &#8211;<\/strong> Hor\u00e1rio: das 8:00 \u00e0s 13:30.<br \/>\n<strong>Paragr\u00e1fo \u00danico:<\/strong> Os documentos a serem apresentados est\u00e3o explicitados no edital do referido concurso.<br \/>\n<strong>5\u00ba &#8211;<\/strong> Exig\u00eancia documental:<br \/>\n<strong>a)<\/strong> Laudo m\u00e9dico emitido pela junta M\u00e9dica indicado pela Prefeitura Municipal.<br \/>\n<strong>b)<\/strong> Original e c\u00f3pia da Certid\u00e3o de Nascimento ou Casamento<br \/>\n<strong>c)<\/strong> Original e c\u00f3pia da C\u00e9dula de Identidade;<br \/>\n<strong>d)<\/strong> Original e c\u00f3pia da Certid\u00e3o de Nascimento dos filhos;<br \/>\n<strong>e)<\/strong> Original e c\u00f3pia do CPF;<br \/>\n<strong>f)<\/strong> Original e c\u00f3pia do PIS ou PASEP;<br \/>\n<strong>g)<\/strong> Original e c\u00f3pia do comprovante da escolaridade e titula\u00e7\u00e3o exigidas no Edital, emitido por \u00f3rg\u00e3o oficial.<br \/>\n<strong>h)<\/strong> Original e c\u00f3pia do T\u00edtulo Eleitoral e do \u00faltimo comprovante de vota\u00e7\u00e3o (1\u00ba e\/ou 2\u00ba turno);<br \/>\n<strong>i)<\/strong> Original e c\u00f3pia do Certificado de Reservista (homens);<br \/>\n<strong>j)<\/strong> Original e c\u00f3pia da Carteira Nacional de Habilita\u00e7\u00e3o (se possuir);<br \/>\n<strong>k)<\/strong> Original e c\u00f3pia do Passaporte (se possuir);<br \/>\n<strong>l)<\/strong> Original e c\u00f3pia do comprovante de resid\u00eancia em seu nome.<br \/>\n<strong>l)<\/strong> Comprovante de conta bancaria.<br \/>\n<strong>ANEXO:<br \/>\n<\/strong><\/p>\n<table width=\"453\">\n<tbody>\n<tr>\n<td style=\"text-align: center\" width=\"48\"><strong>ORD.<\/strong><\/td>\n<td style=\"text-align: center\" width=\"200\"><strong>NOME\u00a0<\/strong><\/td>\n<td style=\"text-align: center\" width=\"54\"><strong>N\u00cdVEL\u00a0<\/strong><\/td>\n<td style=\"text-align: center\" width=\"54\"><strong>POLO<\/strong><\/td>\n<td style=\"text-align: center\" width=\"97\"><strong>DISCIPLINA<\/strong><\/td>\n<\/tr>\n<tr>\n<td style=\"text-align: center\" width=\"48\"><strong>1.\u00a0\u00a0\u00a0 \u00a0<\/strong><\/td>\n<td style=\"text-align: center\" width=\"200\"><strong>\u00c9rika Costa Fortes\u00a0<\/strong><\/td>\n<td style=\"text-align: center\" width=\"54\"><strong>I<\/strong><\/td>\n<td style=\"text-align: center\" width=\"54\"><strong>I<\/strong><\/td>\n<td style=\"text-align: center\" width=\"97\"><\/td>\n<\/tr>\n<tr>\n<td style=\"text-align: center\" width=\"48\"><strong>2.\u00a0\u00a0\u00a0 \u00a0<\/strong><\/td>\n<td style=\"text-align: center\" width=\"200\"><strong>Rommel Tiago Tavares Rocha<\/strong><\/td>\n<td style=\"text-align: center\" width=\"54\"><strong>I<\/strong><\/td>\n<td style=\"text-align: center\" width=\"54\"><strong>II &#8211; B<\/strong><\/td>\n<td style=\"text-align: center\" width=\"97\"><\/td>\n<\/tr>\n<tr>\n<td style=\"text-align: center\" width=\"48\"><strong>3.\u00a0\u00a0\u00a0 \u00a0<\/strong><\/td>\n<td style=\"text-align: center\" width=\"200\"><strong>Sergio Reis Rodrigues Da Silva<\/strong><\/td>\n<td style=\"text-align: center\" width=\"54\"><strong>I<\/strong><\/td>\n<td style=\"text-align: center\" width=\"54\"><strong>II &#8211; B<\/strong><\/td>\n<td style=\"text-align: center\" width=\"97\"><\/td>\n<\/tr>\n<tr>\n<td style=\"text-align: center\" width=\"48\"><strong>4.\u00a0\u00a0\u00a0 \u00a0<\/strong><\/td>\n<td style=\"text-align: center\" width=\"200\"><strong>Francisco Das Chagas Souza Carvalho Filho<\/strong><\/td>\n<td style=\"text-align: center\" width=\"54\"><strong>II<\/strong><\/td>\n<td style=\"text-align: center\" width=\"54\"><strong>SEDE<\/strong><\/td>\n<td style=\"text-align: center\" width=\"97\"><strong>Letras Portugu\u00eas<\/strong><\/td>\n<\/tr>\n<tr>\n<td style=\"text-align: center\" width=\"48\"><strong>5.\u00a0\u00a0\u00a0 \u00a0<\/strong><\/td>\n<td style=\"text-align: center\" width=\"200\"><strong>Willberth Galeno Da Silva<\/strong><\/td>\n<td style=\"text-align: center\" width=\"54\"><strong>II<\/strong><\/td>\n<td style=\"text-align: center\" width=\"54\"><strong>SEDE<\/strong><\/td>\n<td style=\"text-align: center\" width=\"97\"><strong>Letras Portugu\u00eas<\/strong><\/td>\n<\/tr>\n<tr>\n<td style=\"text-align: center\" width=\"48\"><strong>6.\u00a0\u00a0\u00a0 \u00a0<\/strong><\/td>\n<td style=\"text-align: center\" width=\"200\"><strong>Lenilza Ferreira Silva<\/strong><\/td>\n<td style=\"text-align: center\" width=\"54\"><strong>II<\/strong><\/td>\n<td style=\"text-align: center\" width=\"54\"><strong>I<\/strong><\/td>\n<td style=\"text-align: center\" width=\"97\"><strong>Letras Portugu\u00eas<\/strong><\/td>\n<\/tr>\n<tr>\n<td style=\"text-align: center\" width=\"48\"><strong>7.\u00a0\u00a0\u00a0 \u00a0<\/strong><\/td>\n<td style=\"text-align: center\" width=\"200\"><strong>Maria Juliana Gomes Da Silva Brito<\/strong><\/td>\n<td style=\"text-align: center\" width=\"54\"><strong>II<\/strong><\/td>\n<td style=\"text-align: center\" width=\"54\"><strong>II &#8211; B<\/strong><\/td>\n<td style=\"text-align: center\" width=\"97\"><strong>Letras Portugu\u00eas<\/strong><\/td>\n<\/tr>\n<tr>\n<td style=\"text-align: center\" width=\"48\"><strong>8.\u00a0\u00a0\u00a0 \u00a0<\/strong><\/td>\n<td style=\"text-align: center\" width=\"200\"><strong>Germana Maria Dos Santos Machado<\/strong><\/td>\n<td style=\"text-align: center\" width=\"54\"><strong>II<\/strong><\/td>\n<td style=\"text-align: center\" width=\"54\"><strong>III &#8211; A<\/strong><\/td>\n<td style=\"text-align: center\" width=\"97\"><strong>Letras Portugu\u00eas<\/strong><\/td>\n<\/tr>\n<tr>\n<td style=\"text-align: center\" width=\"48\"><strong>9.\u00a0\u00a0\u00a0 \u00a0<\/strong><\/td>\n<td style=\"text-align: center\" width=\"200\"><strong>Jeanne Kerly De Menezes Santos\u00a0<\/strong><\/td>\n<td style=\"text-align: center\" width=\"54\"><strong>II<\/strong><\/td>\n<td style=\"text-align: center\" width=\"54\"><strong>SEDE<\/strong><\/td>\n<td style=\"text-align: center\" width=\"97\"><strong>Letras ingl\u00eas<\/strong><\/td>\n<\/tr>\n<tr>\n<td style=\"text-align: center\" width=\"48\"><strong>10. \u00a0<\/strong><\/td>\n<td style=\"text-align: center\" width=\"200\"><strong>Jose Augusto Rodrigues De Carvalho<\/strong><\/td>\n<td style=\"text-align: center\" width=\"54\"><strong>II<\/strong><\/td>\n<td style=\"text-align: center\" width=\"54\"><strong>SEDE<\/strong><\/td>\n<td style=\"text-align: center\" width=\"97\"><strong>Biologia\/Ci\u00eancias<\/strong><\/td>\n<\/tr>\n<tr>\n<td style=\"text-align: center\" width=\"48\"><strong>11. \u00a0<\/strong><\/td>\n<td style=\"text-align: center\" width=\"200\"><strong>Ismael Carlos Braga Alves\u00a0<\/strong><\/td>\n<td style=\"text-align: center\" width=\"54\"><strong>II<\/strong><\/td>\n<td style=\"text-align: center\" width=\"54\"><strong>I<\/strong><\/td>\n<td style=\"text-align: center\" width=\"97\"><strong>Biologia\/Ci\u00eancias<\/strong><\/td>\n<\/tr>\n<tr>\n<td style=\"text-align: center\" width=\"48\"><strong>12. \u00a0<\/strong><\/td>\n<td style=\"text-align: center\" width=\"200\"><strong>Francisco Aleffe Nascimento Silva<\/strong><\/td>\n<td style=\"text-align: center\" width=\"54\"><strong>II<\/strong><\/td>\n<td style=\"text-align: center\" width=\"54\"><strong>III &#8211; A<\/strong><\/td>\n<td style=\"text-align: center\" width=\"97\"><strong>Biologia\/Ci\u00eancias<\/strong><\/td>\n<\/tr>\n<tr>\n<td style=\"text-align: center\" width=\"48\"><strong>13. \u00a0<\/strong><\/td>\n<td style=\"text-align: center\" width=\"200\"><strong>Gilliard Silva Do Nascimento<\/strong><\/td>\n<td style=\"text-align: center\" width=\"54\"><strong>II<\/strong><\/td>\n<td style=\"text-align: center\" width=\"54\"><strong>SEDE<\/strong><\/td>\n<td style=\"text-align: center\" width=\"97\"><strong>Matem\u00e1tica<\/strong><\/td>\n<\/tr>\n<tr>\n<td style=\"text-align: center\" width=\"48\"><strong>14. \u00a0<\/strong><\/td>\n<td style=\"text-align: center\" width=\"200\"><strong>Valrilene Mour\u00e3o Da Silva<\/strong><\/td>\n<td style=\"text-align: center\" width=\"54\"><strong>II<\/strong><\/td>\n<td style=\"text-align: center\" width=\"54\"><strong>II &#8211; B<\/strong><\/td>\n<td style=\"text-align: center\" width=\"97\"><strong>Matem\u00e1tica<\/strong><\/td>\n<\/tr>\n<tr>\n<td style=\"text-align: center\" width=\"48\"><strong>15. \u00a0<\/strong><\/td>\n<td style=\"text-align: center\" width=\"200\"><strong>Jose Cristiano Vieira Rocha J\u00fanior\u00a0<\/strong><\/td>\n<td style=\"text-align: center\" width=\"54\"><strong>II<\/strong><\/td>\n<td style=\"text-align: center\" width=\"54\"><strong>III &#8211; B<\/strong><\/td>\n<td style=\"text-align: center\" width=\"97\"><strong>Matem\u00e1tica<\/strong><\/td>\n<\/tr>\n<tr>\n<td style=\"text-align: center\" width=\"48\"><strong>16. \u00a0<\/strong><\/td>\n<td style=\"text-align: center\" width=\"200\"><strong>Jean Carlos Louzeiro Dos Santos<\/strong><\/td>\n<td style=\"text-align: center\" width=\"54\"><strong>II<\/strong><\/td>\n<td style=\"text-align: center\" width=\"54\"><strong>III \u2013 A\u00a0<\/strong><\/td>\n<td style=\"text-align: center\" width=\"97\"><strong>Geografia<\/strong><\/td>\n<\/tr>\n<tr>\n<td style=\"text-align: center\" width=\"48\"><strong>17. \u00a0<\/strong><\/td>\n<td style=\"text-align: center\" width=\"200\"><strong>Aurelio Petterson Galdez<\/strong><\/td>\n<td style=\"text-align: center\" width=\"54\"><strong>II<\/strong><\/td>\n<td style=\"text-align: center\" width=\"54\"><strong>III \u2013 B<\/strong><\/td>\n<td style=\"text-align: center\" width=\"97\"><strong>Geografia<\/strong><\/td>\n<\/tr>\n<tr>\n<td style=\"text-align: center\" width=\"48\"><strong>18. \u00a0<\/strong><\/td>\n<td style=\"text-align: center\" width=\"200\"><strong>In\u00e1cio Lopes Fernandes Neto\u00a0<\/strong><\/td>\n<td style=\"text-align: center\" width=\"54\"><strong>II<\/strong><\/td>\n<td style=\"text-align: center\" width=\"54\"><strong>SEDE<\/strong><\/td>\n<td style=\"text-align: center\" width=\"97\"><strong>Hist\u00f3ria<\/strong><\/td>\n<\/tr>\n<tr>\n<td style=\"text-align: center\" width=\"48\"><strong>19. \u00a0<\/strong><\/td>\n<td style=\"text-align: center\" width=\"200\"><strong>Wenderson De Jesus Andrade Mariano<\/strong><\/td>\n<td style=\"text-align: center\" width=\"54\"><strong>II<\/strong><\/td>\n<td style=\"text-align: center\" width=\"54\"><strong>I<\/strong><\/td>\n<td style=\"text-align: center\" width=\"97\"><strong>Hist\u00f3ria<\/strong><\/td>\n<\/tr>\n<tr>\n<td style=\"text-align: center\" width=\"48\"><strong>20. \u00a0<\/strong><\/td>\n<td style=\"text-align: center\" width=\"200\"><strong>Isac Albuquerque Subrinho<\/strong><\/td>\n<td style=\"text-align: center\" width=\"54\"><strong>II<\/strong><\/td>\n<td style=\"text-align: center\" width=\"54\"><strong>II &#8211; B<\/strong><\/td>\n<td style=\"text-align: center\" width=\"97\"><strong>Hist\u00f3ria<\/strong><\/td>\n<\/tr>\n<tr>\n<td style=\"text-align: center\" width=\"48\"><strong>21. \u00a0<\/strong><\/td>\n<td style=\"text-align: center\" width=\"200\"><strong>Bruno Santana Da Costa\u00a0<\/strong><\/td>\n<td style=\"text-align: center\" width=\"54\"><strong>II<\/strong><\/td>\n<td style=\"text-align: center\" width=\"54\"><strong>III \u2013 A\u00a0<\/strong><\/td>\n<td style=\"text-align: center\" width=\"97\"><strong>Hist\u00f3ria<\/strong><\/td>\n<\/tr>\n<tr>\n<td style=\"text-align: center\" width=\"48\"><strong>22. \u00a0<\/strong><\/td>\n<td style=\"text-align: center\" width=\"200\"><strong>Antonio Leandro Pereira Rodrigues<\/strong><\/td>\n<td style=\"text-align: center\" width=\"54\"><strong>II<\/strong><\/td>\n<td style=\"text-align: center\" width=\"54\"><strong>III &#8211; A<\/strong><\/td>\n<td style=\"text-align: center\" width=\"97\"><strong>Edu. F\u00edsica<\/strong><\/td>\n<\/tr>\n<\/tbody>\n<\/table>\n<p>Magalh\u00e3es de Almeida\/MA, 05 de janeiro de 2022. Ma\u00e9lio C\u00e9sar Freitas dos Santos, Secret\u00e1rio Municipal de Educa\u00e7\u00e3o, Ci\u00eancia, Tecnologia e Inova\u00e7\u00e3o.<\/p>\n","protected":false},"author":4,"template":"","class_list":["post-11106","publicacoesdom","type-publicacoesdom","status-publish","hentry"],"acf":{"tipo_de_publicacao_diario":"18","e_retificacao":"1","origem_do_diario":"Poder Executivo","codigo_verificador":"2b434435bd47310fdee7d5760a3faef431d9890a"},"_links":{"self":[{"href":"https:\/\/magalhaesdealmeida.ma.gov.br\/transparencia\/wp-json\/wp\/v2\/publicacoesdom\/11106","targetHints":{"allow":["GET"]}}],"collection":[{"href":"https:\/\/magalhaesdealmeida.ma.gov.br\/transparencia\/wp-json\/wp\/v2\/publicacoesdom"}],"about":[{"href":"https:\/\/magalhaesdealmeida.ma.gov.br\/transparencia\/wp-json\/wp\/v2\/types\/publicacoesdom"}],"author":[{"embeddable":true,"href":"https:\/\/magalhaesdealmeida.ma.gov.br\/transparencia\/wp-json\/wp\/v2\/users\/4"}],"wp:attachment":[{"href":"https:\/\/magalhaesdealmeida.ma.gov.br\/transparencia\/wp-json\/wp\/v2\/media?parent=11106"}],"curies":[{"name":"wp","href":"https:\/\/api.w.org\/{rel}","templated":true}]}}