{"id":12152,"date":"2022-02-08T11:10:06","date_gmt":"2022-02-08T14:10:06","guid":{"rendered":"https:\/\/magalhaesdealmeida.ma.gov.br\/transparencia\/?post_type=publicacoesdom&#038;p=12152"},"modified":"2022-02-08T11:10:06","modified_gmt":"2022-02-08T14:10:06","slug":"portaria-n-o-104-2022-semecti","status":"publish","type":"publicacoesdom","link":"https:\/\/magalhaesdealmeida.ma.gov.br\/transparencia\/publicacoesdom\/portaria-n-o-104-2022-semecti\/","title":{"rendered":"PORTARIA N.\u00ba 104\/2022 &#8211; SEMECTI"},"content":{"rendered":"<p><strong>\u201cDISP\u00d5E SOBRE A CONCESS\u00c3O DE LICEN\u00c7A PR\u00caMIO A SERVIDOR OCUPANTE DE CARGO DE PROVIMENTO EFETIVO DA SECRETARIA MUNICIPAL DE EDUCA\u00c7\u00c3O DE MAGALH\u00c3ES DE ALMEIDA-MA\u201d<\/strong>.<br \/>\nO Sr. Ma\u00e9lio C\u00e9sar Freitas dos Santos, Secretario Municipal de Educa\u00e7\u00e3o do Munic\u00edpio de Magalh\u00e3es de Almeida, Estado do Maranh\u00e3o, no uso de suas atribui\u00e7\u00f5es legais previstas na lei Org\u00e2nica do munic\u00edpio e, Regime Jur\u00eddico \u00danico do Munic\u00edpio, <strong>RESOLVE:<\/strong><br \/>\n<strong>Art. 1\u00ba<\/strong> Concede Licen\u00e7a Pr\u00eamio a o servidor<strong> MARIA DE JESUS CARVALHO NUNES<\/strong>, ocupante de cargo de <strong>PROFESSORA<\/strong>, do quadro de provimento efetivo da Secretaria Municipal de Educa\u00e7\u00e3o, de acordo com o art.\u00ba 70 da lei n\u00b0 236\/98, Regime Jur\u00eddico \u00danico.<br \/>\n<strong>Par\u00e1grafo \u00danico:<\/strong> A Licen\u00e7a Pr\u00eamio refere-se ao per\u00edodo de aquisi\u00e7\u00e3o de Fevereiro de 2022 a Maio de 2022, que ser\u00e1 gozada de 07 de fevereiro de 2022 \u00e0 06 de maio de 2022, voltando dia 07 de maio de 2022.<br \/>\n<strong>Art. 2\u00ba<\/strong> Esta Portaria entra em vigor na data de sua publica\u00e7\u00e3o.<br \/>\nMagalh\u00e3es de Almeida-MA, 02 de fevereiro de 2022. MA\u00c9LIO C\u00c9SAR FREITAS DOS SANTOS, SECRET\u00c1RIO MUNICIPAL DE EDUCA\u00c7\u00c3O.<\/p>\n","protected":false},"author":4,"template":"","class_list":["post-12152","publicacoesdom","type-publicacoesdom","status-publish","hentry"],"acf":{"tipo_de_publicacao_diario":"41","e_retificacao":"1","origem_do_diario":"Poder Executivo","codigo_verificador":"46c54afd294eced7d3727368fec5164f83f73c33"},"_links":{"self":[{"href":"https:\/\/magalhaesdealmeida.ma.gov.br\/transparencia\/wp-json\/wp\/v2\/publicacoesdom\/12152","targetHints":{"allow":["GET"]}}],"collection":[{"href":"https:\/\/magalhaesdealmeida.ma.gov.br\/transparencia\/wp-json\/wp\/v2\/publicacoesdom"}],"about":[{"href":"https:\/\/magalhaesdealmeida.ma.gov.br\/transparencia\/wp-json\/wp\/v2\/types\/publicacoesdom"}],"author":[{"embeddable":true,"href":"https:\/\/magalhaesdealmeida.ma.gov.br\/transparencia\/wp-json\/wp\/v2\/users\/4"}],"wp:attachment":[{"href":"https:\/\/magalhaesdealmeida.ma.gov.br\/transparencia\/wp-json\/wp\/v2\/media?parent=12152"}],"curies":[{"name":"wp","href":"https:\/\/api.w.org\/{rel}","templated":true}]}}