{"id":12865,"date":"2022-02-22T12:33:09","date_gmt":"2022-02-22T15:33:09","guid":{"rendered":"https:\/\/magalhaesdealmeida.ma.gov.br\/transparencia\/?post_type=publicacoesdom&#038;p=12865"},"modified":"2022-02-22T12:55:44","modified_gmt":"2022-02-22T15:55:44","slug":"lei-n-o-541-2022","status":"publish","type":"publicacoesdom","link":"https:\/\/magalhaesdealmeida.ma.gov.br\/transparencia\/publicacoesdom\/lei-n-o-541-2022\/","title":{"rendered":"LEI N.\u00ba 541\/2022"},"content":{"rendered":"<p><strong>Disp\u00f5e sobre a cria\u00e7\u00e3o do Subsidio Social de Ilumina\u00e7\u00e3o P\u00fablica, que concede descontos na Contribui\u00e7\u00e3o de Custeio da Ilumina\u00e7\u00e3o, e d\u00e1 outras provid\u00eancias.<br \/>\n<\/strong>O PREFEITO MUNICIPAL DE MAGALH\u00c3ES DE ALMEIDA, ESTADO DO MARANH\u00c3O, no uso de suas atribui\u00e7\u00f5es que lhe s\u00e3o conferidas por Lei, <strong>FA\u00c7O SABER<\/strong> que a C\u00e2mara Municipal de Vereadores aprovou e eu <strong>SANCIONO<\/strong> a seguinte Lei:<br \/>\n<strong>Art. 1\u00ba &#8211; <\/strong>Fica Institu\u00eddo o Subsidio Social de Ilumina\u00e7\u00e3o P\u00fablica &#8211; SSIP, tendo como objetivo conceder descontos nos valores da Contribui\u00e7\u00e3o de Custeio da Ilumina\u00e7\u00e3o P\u00fablica \u2013 COSIP, incidentes sobre os im\u00f3veis dos seguintes contribuintes:<br \/>\n<strong>I &#8211;<\/strong> Fam\u00edlias Inscritas no Cadastro \u00fanico do programa Social do Governo Federal, que tenham renda menor ou igual a meio sal\u00e1rio m\u00ednimo, considerando o somat\u00f3rio de todos os moradores fixos de um \u00fanico im\u00f3vel;<br \/>\n<strong>II &#8211;<\/strong> Pessoas com 65 (sessenta e cinco) anos de idade, ou mais, que sejam titulares dos Im\u00f3veis de sua resid\u00eancia fixa;<br \/>\n<strong>III &#8211;<\/strong> Pessoas portadoras de doen\u00e7as cr\u00f4nicas ou defici\u00eancia f\u00edsica ou mentais que recebam o Beneficio de Presta\u00e7\u00e3o Continuada \u2013 BPC, ou inscritas no Cadastro \u00danico do Programa Social do Governo Federal, que tenham renda menor ou igual a 02 (dois) sal\u00e1rios m\u00ednimos, em rela\u00e7\u00e3o ao im\u00f3vel que utilizar como resid\u00eancia fixa, e que esteja inscrito no seu nome, ou parente de primeiro grau,, ascendente e descendente.<br \/>\n<strong>\u00a71\u00ba &#8211;<\/strong> Para os efeitos deste artigo, considera-se titular do im\u00f3vel;<br \/>\n<strong>I &#8211;<\/strong> O Propriet\u00e1rio;<br \/>\n<strong>II &#8211;<\/strong> O Possuidor;<br \/>\n<strong>III &#8211;<\/strong> O Usufruto.<br \/>\n<strong>Art. 2\u00ba &#8211; <\/strong>O subsidio Social de Ilumina\u00e7\u00e3o P\u00fablica ser\u00e1 aplicado de forma cumulativamente sobre cada parcela do valor mensal da contribui\u00e7\u00e3o de Custeio da Ilumina\u00e7\u00e3o P\u00fablica \u2013 COSIP, conforme a tabela abaixo:<\/p>\n<table width=\"411\">\n<tbody>\n<tr>\n<td style=\"text-align: center\" width=\"82\"><strong>Classe<\/strong><\/td>\n<td style=\"text-align: center\" width=\"103\"><strong>Grupo Tens\u00e3o<\/strong><\/td>\n<td style=\"text-align: center\" width=\"85\"><strong>Faixa Inicial <\/strong><br \/>\n<strong>(kWh)<\/strong><\/td>\n<td style=\"text-align: center\" width=\"77\"><strong>Faixa Final <\/strong><br \/>\n<strong>(kWh)<\/strong><\/td>\n<td style=\"text-align: center\" width=\"64\"><strong>Valor R$<\/strong><\/td>\n<\/tr>\n<tr>\n<td style=\"text-align: center\">Residencial<\/td>\n<td style=\"text-align: center\" width=\"103\">Alta e Baixa<br \/>\nTens\u00e3o<\/td>\n<td style=\"text-align: center\">31<\/td>\n<td style=\"text-align: center\">50<\/td>\n<td style=\"text-align: center\">60%<\/td>\n<\/tr>\n<tr>\n<td style=\"text-align: center\">Residencial<\/td>\n<td style=\"text-align: center\" width=\"103\">Alta e Baixa<br \/>\nTens\u00e3o<\/td>\n<td style=\"text-align: center\">51<\/td>\n<td style=\"text-align: center\">70<\/td>\n<td style=\"text-align: center\">40%<\/td>\n<\/tr>\n<tr>\n<td style=\"text-align: center\">Rural<\/td>\n<td style=\"text-align: center\" width=\"103\">Alta e Baixa<br \/>\nTens\u00e3o<\/td>\n<td style=\"text-align: center\">31<\/td>\n<td style=\"text-align: center\">50<\/td>\n<td style=\"text-align: center\">60%<\/td>\n<\/tr>\n<tr>\n<td style=\"text-align: center\">Rural<\/td>\n<td style=\"text-align: center\" width=\"103\">Alta e Baixa<br \/>\nTens\u00e3o<\/td>\n<td style=\"text-align: center\">51<\/td>\n<td style=\"text-align: center\">70<\/td>\n<td style=\"text-align: center\">40%<\/td>\n<\/tr>\n<\/tbody>\n<\/table>\n<p><strong>Art. 3\u00ba &#8211; <\/strong>O subsidio Social de Ilumina\u00e7\u00e3o P\u00fablica \u2013 COSIP, no caso previsto no Inciso I, do art. 1\u00ba desta lei ser\u00e1 concedido automaticamente.<br \/>\n<strong>Art. 4\u00ba &#8211; <\/strong>O subsidio Social de Ilumina\u00e7\u00e3o P\u00fablica \u2013 COSIP, no caso previsto no Inciso I e II, do art\u00ba 1\u00ba desta lei ser\u00e1 concedido via requerimento, assinado pelo titular do im\u00f3vel e entregue na Secretaria Municipal de Assist\u00eancia Social, acompanhado de c\u00f3pia dos seguintes documentos:<br \/>\n<strong>I &#8211;<\/strong> CPF e Carteira de Identidade, ou documento oficial com foto;<br \/>\n<strong>II &#8211;<\/strong> Tal\u00e3o de Energia a ser concedido o desconto;<br \/>\n<strong>III &#8211;<\/strong> Atestado M\u00e9dico do SUS que ateste o estado de sa\u00fade do portador de defici\u00eancia f\u00edsica ou mental, nos casos previstos no inciso II do art. 1\u00ba desta lei;<br \/>\n<strong>IV &#8211;<\/strong> Comprovante dos rendimentos, nos casos dos incisos I e III do art. 1\u00ba desta Lei.<br \/>\n<strong>Art. 5\u00ba &#8211; <\/strong>Aprovado o pedido, compete a Secretaria Municipal de Finan\u00e7as encaminhar expediente \u00e0 empresa concession\u00e1ria de distribui\u00e7\u00e3o de energia el\u00e9trica, designando os im\u00f3veis beneficiados com os respectivos descontos..<br \/>\n<strong>Art. 6\u00ba &#8211; <\/strong>Esta Lei entra em vigor na data da sua publica\u00e7\u00e3o. Revogam-se as disposi\u00e7\u00f5es em contr\u00e1rio.<br \/>\nPal\u00e1cio Benedito Lima e Silva, Gabinete do Prefeito Municipal de Magalh\u00e3es de Almeida\/MA, em 21 de fevereiro de 2022. Raimundo Nonato Carvalho, Prefeito Municipal.<\/p>\n","protected":false},"author":4,"template":"","class_list":["post-12865","publicacoesdom","type-publicacoesdom","status-publish","hentry"],"acf":{"tipo_de_publicacao_diario":"34","e_retificacao":"1","origem_do_diario":"Poder Executivo","codigo_verificador":"888c67cdf823264ef8e2789903e17edaf069162f"},"_links":{"self":[{"href":"https:\/\/magalhaesdealmeida.ma.gov.br\/transparencia\/wp-json\/wp\/v2\/publicacoesdom\/12865","targetHints":{"allow":["GET"]}}],"collection":[{"href":"https:\/\/magalhaesdealmeida.ma.gov.br\/transparencia\/wp-json\/wp\/v2\/publicacoesdom"}],"about":[{"href":"https:\/\/magalhaesdealmeida.ma.gov.br\/transparencia\/wp-json\/wp\/v2\/types\/publicacoesdom"}],"author":[{"embeddable":true,"href":"https:\/\/magalhaesdealmeida.ma.gov.br\/transparencia\/wp-json\/wp\/v2\/users\/4"}],"wp:attachment":[{"href":"https:\/\/magalhaesdealmeida.ma.gov.br\/transparencia\/wp-json\/wp\/v2\/media?parent=12865"}],"curies":[{"name":"wp","href":"https:\/\/api.w.org\/{rel}","templated":true}]}}