{"id":14844,"date":"2022-05-18T15:43:36","date_gmt":"2022-05-18T18:43:36","guid":{"rendered":"https:\/\/magalhaesdealmeida.ma.gov.br\/transparencia\/?post_type=publicacoesdom&#038;p=14844"},"modified":"2022-05-18T15:46:31","modified_gmt":"2022-05-18T18:46:31","slug":"ata-de-registro-de-precos-n-o-017-2022-p-e-srp-n-o-023-2022-processo-administrativo-n-o-2022029-cpl-ma","status":"publish","type":"publicacoesdom","link":"https:\/\/magalhaesdealmeida.ma.gov.br\/transparencia\/publicacoesdom\/ata-de-registro-de-precos-n-o-017-2022-p-e-srp-n-o-023-2022-processo-administrativo-n-o-2022029-cpl-ma\/","title":{"rendered":"ATA DE REGISTRO DE PRE\u00c7OS N.\u00ba 017\/2022 &#8211; P\/E SRP N.\u00ba 023\/2022 &#8211; PROCESSO ADMINISTRATIVO N.\u00ba 2022029 \u2013 CPL\/MA"},"content":{"rendered":"<p><strong>VALIDADE:<\/strong> 12 (doze) meses contados a partir da data de sua publica\u00e7\u00e3o no Di\u00e1rio Oficial da\u00a0 Uni\u00e3o ou do Estado do Maranh\u00e3o ou do munic\u00edpio de Magalh\u00e3es de Almeida\/MA.\u00a0 Pelo presente instrumento, o Munic\u00edpio de <strong>MAGALH\u00c3ES DE ALMEIDA<\/strong>, Estado do Maranh\u00e3o, com sede\u00a0 administrativa, na Prefeitura\u00a0 Municipal, localizada na Rua Manoel Pires de Castro, n\u00ba 279, Centro \u2013 CEP: 65.560-000, inscrita no CNPJ sob o n\u00ba 06.988.976\/0001-09, representado neste ato pelo gestor respons\u00e1vel Sr. Francisco de Assis Arag\u00e3o, CPF: 376.189.208-00 CNH: 0124760000724, residente em Magalh\u00e3es de Almeida\/MA<strong> RESOLVE,<\/strong> registrar os pre\u00e7os da empresa:\u00a0 V5 Empreendimentos, inscrita no CNPJ N\u00ba 14.770.205\/0001-60, situada na Avenida Francisca Carvalho de Vasconcelos, Quadra \u201cL\u201d N\u00ba 04, Portal da Alegria, Teresina \u2013 PI, por interm\u00e9dio do seu representante legal Sr. Francisco Regiane Silva Costa, CPF: 018.835.303.85, RG: 5005429, s\u00f3cio administrador, residente a mesma, nas quantidades estimadas na se\u00e7\u00e3o quatro desta Ata de Registro de Pre\u00e7os, de acordo com a classifica\u00e7\u00e3o por elas alcan\u00e7ada por item, atendendo as condi\u00e7\u00f5es previstas no instrumento convocat\u00f3rio e as constantes desta Ata de Registro de Pre\u00e7os, sujeitando-se as partes \u00e0s normas constantes da Lei n\u00ba. 8.666\/93, Lei n\u00ba. 10.520\/2002, Decreto n\u00ba 10.024\/19, Lei Complementar n\u00ba. 123\/2006 e suas altera\u00e7\u00f5es, e em conformidade com as disposi\u00e7\u00f5es a seguir:<br \/>\n<strong>1. DO OBJETO 1.1\u00a0 \u2013<\/strong> A presente licita\u00e7\u00e3o tem por objeto o <strong>REGISTRO DE PRE\u00c7O PARA FUTURA CONTRATA\u00c7\u00c3O DE EMPRESA PARA EXECU\u00c7\u00c3O DOS SERVI\u00c7OS DE MONTAGEM DE ESTRUTUTA F\u00cdSICA E ANIMA\u00c7\u00c3O DO ARRAIAL DA CIDADE DE MAGALH\u00c3ES DE ALMEIDA \/MA,<\/strong> conforme condi\u00e7\u00f5es e especifica\u00e7\u00f5es constantes nesta Ata, no Edital e seus anexos. <strong>1.1.1 \u2013<\/strong> Este instrumento n\u00e3o obriga aos <strong>\u00d3RG\u00c3OS E ENTIDADES<\/strong> a firmarem contrata\u00e7\u00f5es nas quantidades estimadas, podendo ocorrer licita\u00e7\u00f5es especificas para aquisi\u00e7\u00e3o do(s), obedecidas a legisla\u00e7\u00e3o pertinente, sendo assegurada ao detentor do registro a prefer\u00eancia de fornecimento, em igualdade de condi\u00e7\u00f5es.<br \/>\n<strong>2. ADES\u00c3O DE ORG\u00c3OS N\u00c3O PARTICIPANTES: 2.1\u2013<\/strong> A Ata de Registro de Pre\u00e7os, durante sua vig\u00eancia, poder\u00e1 ser utilizada por qualquer \u00f3rg\u00e3o ou entidade da Administra\u00e7\u00e3o inclusive autarquias federais, estaduais ou municipais de \u00f3rg\u00e3os p\u00fablicos, estatais ou ainda de regime pr\u00f3prio que n\u00e3o tenha participado do certame licitat\u00f3rio mediante previa consulta ao \u00f3rg\u00e3o gerenciador. <strong>2.2 \u2013<\/strong> Os \u00f3rg\u00e3os e entidades que n\u00e3o participaram do registro de pre\u00e7os, quando desejarem fazer uso da Ata de Registro de Pre\u00e7os, dever\u00e3o manifestar seu interesse junto ao \u00f3rg\u00e3o gerenciador da Ata, para que este indique os poss\u00edveis fornecedores e respectivos pre\u00e7os a serem praticados, obedecida a ordem de classifica\u00e7\u00e3o. <strong>2.3 \u2013<\/strong> Caber\u00e1 ao fornecedor benefici\u00e1rio da Ata de Registro de Pre\u00e7os, observadas as condi\u00e7\u00f5es nela estabelecidas, optar pela aceita\u00e7\u00e3o ou n\u00e3o do fornecimento, independentemente dos quantitativos registrados em Ata, desde que o fornecimento n\u00e3o prejudique as obriga\u00e7\u00f5es anteriormente assumidas.<strong> 2.4 \u2013<\/strong> As aquisi\u00e7\u00f5es ou contrata\u00e7\u00f5es adicionais, n\u00e3o poder\u00e3o exceder, por \u00f3rg\u00e3o ou por entidade, a 50% (cinquenta por cento) dos quantitativos registrados na Ata de Registro de Pre\u00e7os durante sua vig\u00eancia, e ainda o quantitativo decorrente das ades\u00f5es \u00e0 ata de registro de pre\u00e7os n\u00e3o poder\u00e1 exceder, na totalidade, ao dobro do quantitativo de cada item registrado na ata de registro de pre\u00e7os para o \u00f3rg\u00e3o gerenciador e para os \u00f3rg\u00e3os participantes, independentemente do n\u00famero de \u00f3rg\u00e3os n\u00e3o participantes que, desde que devidamente comprovada a vantagem e o cumprimento das exig\u00eancias da legisla\u00e7\u00e3o vigente<br \/>\n<strong>3.\u00a0 DA GER\u00caNCIA DA PRESENTE ATA DE REGISTRO DE PRE\u00c7OS: 3.1 \u2013<\/strong> O gerenciamento deste instrumento caber\u00e1 a Prefeitura Municipal de Magalh\u00e3es de Almeida\/MA .<strong> 3.2 \u2013<\/strong> A Presente Ata ter\u00e1 validade de 12 (doze) meses, contados a partir de sua publica\u00e7\u00e3o no Jornal Oficial do Estado do Maranh\u00e3o ou\u00a0 Municipio de Magalh\u00e3es de Almeida\/MA. <strong>3.3 \u2013<\/strong> A Secretaria participante desta Ata de Registro de Pre\u00e7os \u00e9 a Secretaria Municipal de Administra\u00e7\u00e3o e demais Secretarias Municipais;<br \/>\n<strong>4. DO CONTRATO 4.1 \u2013<\/strong> O pre\u00e7o a quantidade e a especifica\u00e7\u00e3o dos servi\u00e7os ou produtos registrados nesta Ata encontram-se indicados na tabela abaixo:<br \/>\n<strong>LOTE I &#8211; ESTRUTURA PARA ANIMA\u00c7\u00c3O:<br \/>\n<\/strong><\/p>\n<table width=\"497\">\n<tbody>\n<tr>\n<td style=\"text-align: center\" width=\"36\"><strong>ITEM<\/strong><\/td>\n<td style=\"text-align: center\" width=\"150\"><strong>DESCRI\u00c7\u00c3O DOS SERVI\u00c7OS PARA OS 4 DIAS\u00a0 DE ANIMA\u00c7\u00c3O DO ARRAIAL<\/strong><\/td>\n<td style=\"text-align: center\" width=\"50\"><strong>UND<\/strong><\/td>\n<td style=\"text-align: center\" width=\"77\"><strong>MARCA<\/strong><\/td>\n<td style=\"text-align: center\" width=\"54\"><strong>QUANT.<\/strong><\/td>\n<td style=\"text-align: center\" width=\"66\"><strong>PRE\u00c7O UNIT\u00c1RIO R$<\/strong><\/td>\n<td style=\"text-align: center\" width=\"64\"><strong>PRE\u00c7O TOTAL R$<\/strong><\/td>\n<\/tr>\n<tr>\n<td style=\"text-align: center\" width=\"36\">1<\/td>\n<td style=\"text-align: center\" width=\"150\">SERVI\u00c7O DE LOCA\u00c7\u00c3O DE 01(UM) CAMAROTE COM PROTE\u00c7\u00c3O LATERAL, COBERTO EM LONA NIGHTDAY, MEDINDO 12 METROS DE FRENTE, POR 06 METROS DE FUNDO, PISO 1,80 METROS DE ALTURA.<\/td>\n<td style=\"text-align: center\" width=\"50\">DI\u00c1RIA<\/td>\n<td style=\"text-align: center\" width=\"77\">NEWFORM<\/td>\n<td style=\"text-align: center\" width=\"54\">4<\/td>\n<td style=\"text-align: center\" width=\"66\">4.900,00<\/td>\n<td style=\"text-align: center\" width=\"64\">19.600,00<\/td>\n<\/tr>\n<tr>\n<td style=\"text-align: center\" width=\"36\">2<\/td>\n<td style=\"text-align: center\" width=\"150\">SERVI\u00c7O DE LOCA\u00c7\u00c3O DE SONORIZA\u00c7\u00c3O PROFISSIONAL GRANDE PORTE COM 24(VINTE E QUATRO) LINE DE FABRICA E 16(DEZESSEIS) SUB-GRAVE, SISTEMA DE SONORIZA\u00c7\u00c3O COM AS SEGUINTES CARACTER\u00cdSTICAS M\u00cdNIMAS: MESA PA: 01(UMA) MESA DIGITAL COM 48 CANAIS DE ENTRADA (PM5D-RH); MESA MONITOR: 01(UMA) MESA DIGITAL COM 48 CANAIS DE ESTRADA, 12 AUXILIARES (PM5D- RH); CABEAMENTO DIMENSIONADO PARA ATENDER AS NECESSIDADES DE ENERGIA DOS SISTEMAS DE PA MONITOR, ATERRAMENTO GERAL DOS SISTEMAS.<\/td>\n<td style=\"text-align: center\" width=\"50\">DI\u00c1RIA<\/td>\n<td style=\"text-align: center\" width=\"77\">L S AUDIO<\/td>\n<td style=\"text-align: center\" width=\"54\">4<\/td>\n<td style=\"text-align: center\" width=\"66\">7.990,00<\/td>\n<td style=\"text-align: center\" width=\"64\">31.960,00<\/td>\n<\/tr>\n<tr>\n<td style=\"text-align: center\" width=\"36\">3<\/td>\n<td style=\"text-align: center\" width=\"150\">ILUMINA\u00c7\u00c3O COM 16(DEZESSEIS) MUVING BEEM 7R, 40(QUARENTA) PARLED 18WX32, 08(OITO) RIBALTA, 04(QUATRO) MINIBRUTE E 02(DOIS) PAINEL DE LED P6 MEDINDO 02 METROS X 02 METROS E 01(UM) PAINEL DE LED MEDINDO 04 X 02 EM P6, 02(DUAS) MAQUINAS DE FUMA\u00c7A 1.500W E FIA\u00c7\u00c3O NECESS\u00c1RIAS PARA AS LIGA\u00c7\u00d5ES DOS EQUIPAMENTOS.<\/td>\n<td style=\"text-align: center\" width=\"50\">DI\u00c1RIA<\/td>\n<td style=\"text-align: center\" width=\"77\">LPG<\/td>\n<td style=\"text-align: center\" width=\"54\">4<\/td>\n<td style=\"text-align: center\" width=\"66\">3.990,00<\/td>\n<td style=\"text-align: center\" width=\"64\">15.960,00<\/td>\n<\/tr>\n<tr>\n<td style=\"text-align: center\" width=\"36\">4<\/td>\n<td style=\"text-align: center\" width=\"150\">\u00a0SERVI\u00c7O DE LOCA\u00c7\u00c3O DE 02(DOIS)GERADOR 180 KVA SILENCIADO, CABINADO, SIL\u00caNCIADO 220\/380V 60Hz.:<\/td>\n<td style=\"text-align: center\" width=\"50\">DI\u00c1RIA<\/td>\n<td style=\"text-align: center\">STEMAC<\/td>\n<td style=\"text-align: center\" width=\"54\">4<\/td>\n<td style=\"text-align: center\" width=\"66\">3.190,00<\/td>\n<td style=\"text-align: center\" width=\"64\">12.760,00<\/td>\n<\/tr>\n<tr>\n<td style=\"text-align: center\" width=\"36\">5<\/td>\n<td style=\"text-align: center\" width=\"150\">LOCA\u00c7\u00c3O DE GRID TIPO P-50 E P-30 MEDINDO 160M LINEAR<\/td>\n<td style=\"text-align: center\" width=\"50\">DI\u00c1RIA<\/td>\n<td style=\"text-align: center\">NEWFORM<\/td>\n<td style=\"text-align: center\" width=\"54\">4<\/td>\n<td style=\"text-align: center\" width=\"66\">1.490,00<\/td>\n<td style=\"text-align: center\" width=\"64\">5.960,00<\/td>\n<\/tr>\n<\/tbody>\n<\/table>\n<p><strong>VALOR TOTAL DO LOTE I: R$ 86.240,00<br \/>\n<\/strong><strong>LOTE II &#8211; BANHEIRO QUIMICO:<br \/>\n<\/strong><\/p>\n<table width=\"497\">\n<tbody>\n<tr>\n<td style=\"text-align: center\" width=\"36\"><strong>ITEM<\/strong><\/td>\n<td style=\"text-align: center\" width=\"150\"><strong>DESCRI\u00c7\u00c3O DOS SERVI\u00c7OS PARA OS 4 DIAS\u00a0 DE ANIMA\u00c7\u00c3O DO ARRAIAL<\/strong><\/td>\n<td style=\"text-align: center\" width=\"50\"><strong>UND<\/strong><\/td>\n<td style=\"text-align: center\" width=\"77\"><strong>MARCA<\/strong><\/td>\n<td style=\"text-align: center\" width=\"54\"><strong>QUANT.<\/strong><\/td>\n<td style=\"text-align: center\" width=\"66\"><strong>PRE\u00c7O UNIT\u00c1RIO R$<\/strong><\/td>\n<td style=\"text-align: center\" width=\"64\"><strong>PRE\u00c7O TOTAL R$<\/strong><\/td>\n<\/tr>\n<tr>\n<td style=\"text-align: center\" width=\"36\">1<\/td>\n<td style=\"text-align: center\" width=\"150\">SERVI\u00c7O DE LOCA\u00c7\u00c3O DE 10(DEZ) BANHEIROS QU\u00cdMICOS MODELO STANDART E 02(DOIS) BANHEIROS QU\u00cdMICOS MODELO PNE LOCA\u00c7\u00c3O DE CABINE SANIT\u00c1RIA QU\u00cdMICA (BANHEIRO QU\u00cdMICO) INDIVIDUAL, PARA USO DO P\u00daBLICO EM GERAL, PORT\u00c1TIL, ENTREGUE NO LOCAL DO EVENTO E REMOVIDA AP\u00d3S O T\u00c9RMINO DO MESMO, COM DIMENS\u00d5ES M\u00cdNIMAS 1,10M DE LARGURA POR 1,10MT DE PROFUNDIDADE COM 2,10M DE ALTURA, PORTA COM FECHAMENTO E INDICA\u00c7\u00c3O DE OCUPADO, CAIXA DE RETEN\u00c7\u00c3O DE DEJETOS, PORTA PAPEL HIGI\u00caNICO, TETO EM MATERIAL TRANSLUCIDO, PONTOS DE VENTILA\u00c7\u00c3O, COM EQUIPE DE MANUTEN\u00c7\u00c3O DURANTE O EVENTO, E RETIRADA DOS DEJETOS POR EQUIPE ESPECIALIZADA E EQUIPADA AP\u00d3S T\u00c9RMINO DO MESMO, PARA ATENDER OS 04 DIAS DE ARRAIAL.<\/td>\n<td style=\"text-align: center\" width=\"50\">UND<\/td>\n<td style=\"text-align: center\">LOCABAM<\/td>\n<td style=\"text-align: center\" width=\"54\">12<\/td>\n<td style=\"text-align: center\" width=\"66\">250<\/td>\n<td style=\"text-align: center\" width=\"64\">3.000,00<\/td>\n<\/tr>\n<\/tbody>\n<\/table>\n<p><strong>VALOR TOTAL DO LOTE II: R$ 3.000,00.<br \/>\nLOTE III &#8211; BANDAS:<br \/>\n<\/strong><\/p>\n<table width=\"436\">\n<tbody>\n<tr>\n<td style=\"text-align: center\" width=\"36\"><strong>ITEM<\/strong><\/td>\n<td style=\"text-align: center\" width=\"150\"><strong>DESCRI\u00c7\u00c3O DOS SERVI\u00c7OS PARA OS 4 DIAS\u00a0 DE ANIMA\u00c7\u00c3O DO ARRAIAL<\/strong><\/td>\n<td style=\"text-align: center\" width=\"50\"><strong>UND<\/strong><\/td>\n<td style=\"text-align: center\" width=\"77\"><strong>QUANT.<\/strong><\/td>\n<td style=\"text-align: center\" width=\"57\"><strong>PRE\u00c7O UNIT\u00c1RIO R$<\/strong><\/td>\n<td style=\"text-align: center\" width=\"66\"><strong>PRE\u00c7O TOTAL R$<\/strong><\/td>\n<\/tr>\n<tr>\n<td style=\"text-align: center\" width=\"36\">1<\/td>\n<td style=\"text-align: center\" width=\"150\">CONTRATA\u00c7\u00c3O DE ATRA\u00c7\u00c3O MUSICAL DE RENOME A N\u00cdVEL REGIONAL, GRANDE PORTE, ESTILO FORR\u00d3, COM EXCELENTE REPERT\u00d3RIO, EQUIPE DE PALCO, M\u00daSICOS DE GABARITO COM INSTRUMENTOS E EFEITOS PIROT\u00c9CNICOS \u00c0 ALTURA DO ESPET\u00c1CULO, PARA 01(UM) SHOW DE DURA\u00c7\u00c3O M\u00cdNIMA DE 02H00MIN.<\/td>\n<td style=\"text-align: center\" width=\"50\">CACH\u00ca ART\u00cdSTICO<\/td>\n<td style=\"text-align: center\" width=\"77\">2<\/td>\n<td style=\"text-align: center\" width=\"57\">74.900,00<\/td>\n<td style=\"text-align: center\" width=\"66\">149.800,00<\/td>\n<\/tr>\n<tr>\n<td style=\"text-align: center\" width=\"36\">2<\/td>\n<td style=\"text-align: center\" width=\"150\">CONTRATA\u00c7\u00c3O DE ATRA\u00c7\u00c3O MUSICAL REGIONAL, M\u00c9DIO PORTE FORR\u00d3 E PISEIRO E ESTILO VARIADO, COM EXCELENTE REPERT\u00d3RIO, EQUIPE DE PALCO, M\u00daSICOS DE GABARITO COM INSTRUMENTOS, E EFEITOS PIROT\u00c9CNICO \u00c0 ALTURA DO ESPET\u00c1CULO, PARA 01(UM) SHOW DE DURA\u00c7\u00c3O M\u00cdNIMA DE 02H00MIN.<\/td>\n<td style=\"text-align: center\" width=\"50\">CACH\u00ca ART\u00cdSTICO<\/td>\n<td style=\"text-align: center\" width=\"77\">4<\/td>\n<td style=\"text-align: center\" width=\"57\">32.000,00<\/td>\n<td style=\"text-align: center\" width=\"66\">128.000,00<\/td>\n<\/tr>\n<tr>\n<td style=\"text-align: center\" width=\"36\">3<\/td>\n<td style=\"text-align: center\" width=\"150\">CONTRATA\u00c7\u00c3O DE ATRA\u00c7\u00c3O MUSICAL LOCAL, M\u00c9DIO PORTE, ESTILO VARIADO, COM EXCELENTE REPERT\u00d3RIO, EQUIPE DE PALCO, M\u00daSICOS DE GABARITO COM INSTRUMENTOS, PARA 01(UM) SHOW DE DURA\u00c7\u00c3O M\u00cdNIMA DE 02H00MIN.<\/td>\n<td style=\"text-align: center\" width=\"50\">CACH\u00ca ART\u00cdSTICO<\/td>\n<td style=\"text-align: center\" width=\"77\">4<\/td>\n<td style=\"text-align: center\" width=\"57\">5.000,00<\/td>\n<td style=\"text-align: center\" width=\"66\">20.000,00<\/td>\n<\/tr>\n<\/tbody>\n<\/table>\n<p><strong>VALOR TOTAL DO LOTE III: R$ 297.800,00.<br \/>\nLOTE IV &#8211; ALIMENTA\u00c7\u00c3O:<\/strong><\/p>\n<table width=\"488\">\n<tbody>\n<tr>\n<td style=\"text-align: center\" width=\"36\"><strong>ITEM<\/strong><\/td>\n<td style=\"text-align: center\" width=\"150\"><strong>DESCRI\u00c7\u00c3O DOS SERVI\u00c7OS PARA OS 4 DIAS\u00a0 DE ANIMA\u00c7\u00c3O DO ARRAIAL<\/strong><\/td>\n<td style=\"text-align: center\" width=\"50\"><strong>UND<\/strong><\/td>\n<td style=\"text-align: center\" width=\"65\"><strong>MARCA<\/strong><\/td>\n<td style=\"text-align: center\" width=\"57\"><strong>QUANT.<\/strong><\/td>\n<td style=\"text-align: center\" width=\"66\"><strong>PRE\u00c7O UNIT\u00c1RIO R$<\/strong><\/td>\n<td style=\"text-align: center\" width=\"64\"><strong>PRE\u00c7O TOTAL R$<\/strong><\/td>\n<\/tr>\n<tr>\n<td style=\"text-align: center\" width=\"36\">1<\/td>\n<td style=\"text-align: center\" width=\"150\">ALIMENTA\u00c7\u00c3O PARA INTEGRANTES DAS DAN\u00c7AS LOCAIS E REGIONAIS<\/td>\n<td style=\"text-align: center\" width=\"50\">\u00a0\u00a0\u00a0\u00a0\u00a0\u00a0\u00a0\u00a0 UND<\/td>\n<td style=\"text-align: center\">QUENTINHA<\/td>\n<td style=\"text-align: center\" width=\"57\">2.000<\/td>\n<td style=\"text-align: center\" width=\"66\">25<\/td>\n<td style=\"text-align: center\" width=\"64\">50.000,00<\/td>\n<\/tr>\n<\/tbody>\n<\/table>\n<p><strong>VALOR TOTAL DO LOTE IV: R$ 50.000,00<br \/>\nLOTE V &#8211; ORNAMENTA\u00c7\u00c3O<br \/>\n<\/strong><\/p>\n<table width=\"488\">\n<tbody>\n<tr>\n<td style=\"text-align: center\" width=\"36\"><strong>ITEM<\/strong><\/td>\n<td style=\"text-align: center\" width=\"150\"><strong>DESCRI\u00c7\u00c3O DOS SERVI\u00c7OS PARA OS 4 DIAS\u00a0 DE ANIMA\u00c7\u00c3O DO ARRAIAL<\/strong><\/td>\n<td style=\"text-align: center\" width=\"50\"><strong>UND<\/strong><\/td>\n<td style=\"text-align: center\" width=\"65\"><strong>MARCA<\/strong><\/td>\n<td style=\"text-align: center\" width=\"57\"><strong>QUANT.<\/strong><\/td>\n<td style=\"text-align: center\" width=\"66\"><strong>PRE\u00c7O UNIT\u00c1RIO R$<\/strong><\/td>\n<td style=\"text-align: center\" width=\"64\"><strong>PRE\u00c7O TOTAL R$<\/strong><\/td>\n<\/tr>\n<tr>\n<td style=\"text-align: center\" width=\"36\">1<\/td>\n<td style=\"text-align: center\" width=\"150\">SERVI\u00c7OS DE ORNAMENTA\u00c7\u00c3O E CRIA\u00c7\u00c3O DE CEN\u00c1RIO COM O TEMA DO EVENTO.<\/td>\n<td style=\"text-align: center\" width=\"50\">\u00a0\u00a0\u00a0\u00a0\u00a0\u00a0\u00a0 UND<\/td>\n<td style=\"text-align: center\">PR\u00d3PIA<\/td>\n<td style=\"text-align: center\" width=\"57\">1<\/td>\n<td style=\"text-align: center\" width=\"66\">92.000,00<\/td>\n<td style=\"text-align: center\" width=\"64\">92.000,00<\/td>\n<\/tr>\n<\/tbody>\n<\/table>\n<p><strong>VALOR TOTAL DO LOTE V: R$ 92.000,00.<br \/>\nLOTE VI \u2013 LOCA\u00c7\u00c3O DE \u00d4NIBUS:<br \/>\n<\/strong><\/p>\n<table width=\"409\">\n<tbody>\n<tr>\n<td width=\"33\"><strong>ITEM<\/strong><\/td>\n<td width=\"100\"><strong>DESCRI\u00c7\u00c3O DOS SERVI\u00c7OS PARA OS 4 DIAS\u00a0 DE ANIMA\u00c7\u00c3O DO ARRAIAL<\/strong><\/td>\n<td width=\"34\"><strong>UND<\/strong><\/td>\n<td width=\"65\"><strong>MARCA<\/strong><\/td>\n<td width=\"57\"><strong>QUANT.<\/strong><\/td>\n<td width=\"63\"><strong>PRE\u00c7O UNIT\u00c1RIO R$<\/strong><\/td>\n<td width=\"57\"><strong>PRE\u00c7O TOTAL R$<\/strong><\/td>\n<\/tr>\n<tr>\n<td style=\"text-align: center\" width=\"33\">1<\/td>\n<td style=\"text-align: center\" width=\"100\">LOCA\u00c7\u00c3O DE VEICULOS TIPO ONIBUS COM CAPACIDADE DE 42 PESSOAS PARA O TRANSPORTE E DESLOCAMENTO DOS INTEGRANTES DOS GRUPOS CULTURAIS DO MUNICIPIO DE MAGAL\u00c3ES DE ALMEIDA \u2013MA, DURANTES OS 04(QUATRO) DIAS DE EVENTO.<\/td>\n<td style=\"text-align: center\" width=\"34\">\u00a0\u00a0\u00a0\u00a0 UND<\/td>\n<td style=\"text-align: center\" width=\"65\">MERCEDES<br \/>\nBENZ<\/td>\n<td style=\"text-align: center\" width=\"57\">4<\/td>\n<td style=\"text-align: center\" width=\"63\">1.000,00<\/td>\n<td style=\"text-align: center\" width=\"57\">4.000,00<\/td>\n<\/tr>\n<tr>\n<td style=\"text-align: center\" width=\"33\">2<\/td>\n<td style=\"text-align: center\" width=\"100\">LOCA\u00c7\u00c3O DE VEICULOS TIPO ONIBUS COM CAPACIDADE DE 42 PESSOAS PARA O TRANSPORTE E DESLOCAMENTO DOS INTEGRANTES DOS GRUPOS CULTURAIS CONVIDADOS DE OUTRAS CIDADES DO ESTADO DO PIAUI E MARANH\u00c3O DURANTES OS 04(QUATRO) DIAS DE EVENTO.<\/td>\n<td style=\"text-align: center\" width=\"34\">\u00a0\u00a0\u00a0\u00a0\u00a0\u00a0\u00a0\u00a0 UND<\/td>\n<td style=\"text-align: center\" width=\"65\">MERCEDES<br \/>\nBENZ<\/td>\n<td style=\"text-align: center\" width=\"57\">16<\/td>\n<td style=\"text-align: center\" width=\"63\">3.190,00<\/td>\n<td style=\"text-align: center\" width=\"57\">51.040,00<\/td>\n<\/tr>\n<\/tbody>\n<\/table>\n<p><strong>VALOR\u00a0 TOTAL \u00a0DO LOTE VI: R$ 55.040,00.<br \/>\nLOTE VII &#8211; ARQUIBANCADAS:<br \/>\n<\/strong><\/p>\n<table width=\"409\">\n<tbody>\n<tr>\n<td style=\"text-align: center\" width=\"33\"><strong>ITEM<\/strong><\/td>\n<td style=\"text-align: center\" width=\"100\"><strong>DESCRI\u00c7\u00c3O DOS SERVI\u00c7OS PARA OS 4 DIAS\u00a0 DE ANIMA\u00c7\u00c3O DO ARRAIAL<\/strong><\/td>\n<td style=\"text-align: center\" width=\"34\"><strong>UND<\/strong><\/td>\n<td style=\"text-align: center\" width=\"65\"><strong>MARCA<\/strong><\/td>\n<td style=\"text-align: center\" width=\"57\"><strong>QUANT.<\/strong><\/td>\n<td style=\"text-align: center\" width=\"63\"><strong>PRE\u00c7O UNIT\u00c1RIO R$<\/strong><\/td>\n<td style=\"text-align: center\" width=\"57\"><strong>PRE\u00c7O TOTAL R$<\/strong><\/td>\n<\/tr>\n<tr>\n<td style=\"text-align: center\" width=\"33\">1<\/td>\n<td style=\"text-align: center\" width=\"100\">LOCA\u00c7\u00c3O DE 02(DUAS) ARQUIBANCADA MEDINDO 20(VINTE) METROS LINEAR CADA UMA, COM 12 DEGRAUS EM ESTRUTURA MET\u00c1LICA REVERTIDA EM CARPETE NA COR CINZA<\/td>\n<td style=\"text-align: center\" width=\"34\">UND<\/td>\n<td style=\"text-align: center\" width=\"65\">METAL<br \/>\nFERRO<\/td>\n<td style=\"text-align: center\" width=\"57\">4<\/td>\n<td style=\"text-align: center\" width=\"63\">20.000,00<\/td>\n<td style=\"text-align: center\" width=\"57\">20.000,00<\/td>\n<\/tr>\n<\/tbody>\n<\/table>\n<p><strong>VALOR TOTAL DO LOTE VII: R$ 20.000,00<br \/>\nLOTE VIII \u2013 HOTEL:<br \/>\n<\/strong><\/p>\n<table width=\"409\">\n<tbody>\n<tr>\n<td style=\"text-align: center\" width=\"33\"><strong>ITEM<\/strong><\/td>\n<td style=\"text-align: center\" width=\"100\"><strong>DESCRI\u00c7\u00c3O DOS SERVI\u00c7OS PARA OS 4 DIAS\u00a0 DE ANIMA\u00c7\u00c3O DO ARRAIAL<\/strong><\/td>\n<td style=\"text-align: center\" width=\"34\"><strong>UND<\/strong><\/td>\n<td style=\"text-align: center\" width=\"65\"><strong>MARCA<\/strong><\/td>\n<td style=\"text-align: center\" width=\"57\"><strong>QUANT.<\/strong><\/td>\n<td style=\"text-align: center\" width=\"63\"><strong>PRE\u00c7O UNIT\u00c1RIO R$<\/strong><\/td>\n<td style=\"text-align: center\" width=\"57\"><strong>PRE\u00c7O TOTAL R$<\/strong><\/td>\n<\/tr>\n<tr>\n<td style=\"text-align: center\" width=\"33\">1<\/td>\n<td style=\"text-align: center\" width=\"100\">HOTELARIA, ALIMENTA\u00c7\u00c3O E CAMARIM PARA AS APRESENTA\u00c7\u00d5ES MUSICAIS<\/td>\n<td style=\"text-align: center\" width=\"34\">UND<\/td>\n<td style=\"text-align: center\">PR\u00d3PIA<\/td>\n<td style=\"text-align: center\" width=\"57\">1<\/td>\n<td style=\"text-align: center\" width=\"63\">20.000,00<\/td>\n<td style=\"text-align: center\" width=\"57\">20.000,00<\/td>\n<\/tr>\n<\/tbody>\n<\/table>\n<p><strong>VALOR TOTAL DO LOTE VIII: R$ 20.000,00.<br \/>\nLOTE IX \u2013 DIVULGA\u00c7\u00c3O:<br \/>\n<\/strong><\/p>\n<table width=\"409\">\n<tbody>\n<tr>\n<td style=\"text-align: center\" width=\"33\"><strong>ITEM<\/strong><\/td>\n<td style=\"text-align: center\" width=\"100\"><strong>DESCRI\u00c7\u00c3O DOS SERVI\u00c7OS PARA OS 4 DIAS\u00a0 DE ANIMA\u00c7\u00c3O DO ARRAIAL<\/strong><\/td>\n<td style=\"text-align: center\" width=\"34\"><strong>UND<\/strong><\/td>\n<td style=\"text-align: center\" width=\"65\"><strong>MARCA<\/strong><\/td>\n<td style=\"text-align: center\" width=\"57\"><strong>QUANT.<\/strong><\/td>\n<td style=\"text-align: center\" width=\"63\"><strong>PRE\u00c7O UNIT\u00c1RIO R$<\/strong><\/td>\n<td style=\"text-align: center\" width=\"57\"><strong>PRE\u00c7O TOTAL R$<\/strong><\/td>\n<\/tr>\n<tr>\n<td style=\"text-align: center\" width=\"33\">1<\/td>\n<td style=\"text-align: center\" width=\"100\">M\u00cdDIA DO EVENTO<\/td>\n<td style=\"text-align: center\" width=\"34\">UND<\/td>\n<td style=\"text-align: center\">PR\u00d3PRIA<\/td>\n<td style=\"text-align: center\" width=\"57\">1<\/td>\n<td style=\"text-align: center\" width=\"63\">5.000,00<\/td>\n<td style=\"text-align: center\" width=\"57\">5.000,00<\/td>\n<\/tr>\n<\/tbody>\n<\/table>\n<p><strong>VALOR TOTAL DO LOTE IX: R$ 5.000,00.<br \/>\n5. DA ENTREGA:\u00a0 5.1 \u2013<\/strong> Os itens registrados dever\u00e3o ser executados conforme termo de refer\u00eancia do Edital de forma fracionada (se necess\u00e1rio) e conforme forem solicitados pelo setor competente. <strong>5.2 \u2013<\/strong> O prazo m\u00e1ximo para entrega ser\u00e1 di\u00e1rio conforme solicita\u00e7\u00e3o e pedido efetuado pelo departamento de compras da Prefeitura Municipal de Magalh\u00e3es De Almeida\/MA.<br \/>\n<strong>6.\u00a0 DAS OBRIGA\u00c7\u00d5ES DA CONTRATADA: 6.1 \u2013<\/strong> Executar o fornecimento dentro dos padr\u00f5es estabelecidos pela Prefeitura Municipal, de acordo com as especifica\u00e7\u00f5es do edital, responsabilizando-se por eventuais preju\u00edzos decorrentes do descumprimento das condi\u00e7\u00f5es estabelecidas. <strong>6.2\u00a0 \u2013<\/strong> Prestar os esclarecimentos que forem solicitados pela Prefeitura Municipal, cujas reclama\u00e7\u00f5es se obrigam a atender prontamente, bem como dar ci\u00eancia mediatamente e por escrito, de qualquer anormalidade que verificar quando da execu\u00e7\u00e3o dos atos de sua responsabilidade; <strong>6.3 \u2013<\/strong> Promover todos os meios necess\u00e1rios \u00e0 garantia da plena operacionalidade do fornecimento, inclusive considerados os casos de greve ou paralisa\u00e7\u00e3o de qualquer natureza; <strong>6.4 \u2013<\/strong> A falta de quaisquer itens cujo fornecimento incumbe ao detentor do pre\u00e7o registrado, n\u00e3o poder\u00e1 ser alegada como motivo de for\u00e7a maior para o atraso, m\u00e1 execu\u00e7\u00e3o ou inexecu\u00e7\u00e3o dos servi\u00e7os objeto deste edital e n\u00e3o a eximir\u00e1 das penalidades a que est\u00e1 sujeita pelo n\u00e3o cumprimento dos prazos e demais condi\u00e7\u00f5es aqui estabelecidas;<strong> 6.5 \u2013<\/strong> Comunicar imediatamente a Prefeitura Municipal qualquer altera\u00e7\u00e3o ocorrida no endere\u00e7o, conta banc\u00e1ria e outras julgadas necess\u00e1rias para o recebimento de correspond\u00eancia; <strong>6.6 \u2013<\/strong> Respeitar e fazer cumprir a legisla\u00e7\u00e3o de seguran\u00e7a e Administra\u00e7\u00e3o no trabalho, previstas nas normas regulamentadoras pertinentes; <strong>6.7 \u2013<\/strong> Fiscalizar o perfeito cumprimento do fornecimento a que se obrigou, cabendo-lhe, integralmente, os \u00f4nus decorrentes. Tal fiscaliza\u00e7\u00e3o dar-se-\u00e1 independentemente da que ser\u00e1 exercida por esta Prefeitura; <strong>6.8 \u2013<\/strong> Indenizar terceiros e\/ou \u00e0 pr\u00f3pria Prefeitura em caso de aus\u00eancia ou omiss\u00e3o de fiscaliza\u00e7\u00e3o de sua parte, pelos danos ou preju\u00edzos causados por sua culpa ou dolo, devendo a contratada adotar todas as medidas preventivas, com fiel observ\u00e2ncia \u00e0s exig\u00eancias das autoridades competentes e \u00e0s disposi\u00e7\u00f5es legais vigentes; <strong>6.9 \u2013<\/strong> Fornecer os servi\u00e7os, conforme estipulado neste edital e de acordo com a proposta apresentada;<strong> 6.10 \u2013<\/strong> O atraso na execu\u00e7\u00e3o caber\u00e1 penalidade e san\u00e7\u00f5es previstas no item 12 da presente Ata.<br \/>\n<strong>7. DAS OBRIGA\u00c7\u00d5ES DA CONTRATANTE: 7.1 \u2013<\/strong> Convocar a licitante vencedora para a retirada da Ordem de Fornecimento dos itens registrados; <strong>7.2 &#8211; <\/strong>Fornecer \u00e0 empresa a ser contratada todas as informa\u00e7\u00f5es e esclarecimentos que venham a ser solicitados relativamente ao objeto deste Edital; <strong>7.3 \u2013<\/strong> Efetuar o pagamento \u00e1 empresa nas condi\u00e7\u00f5es estabelecidas neste Edital; <strong>7.4 \u2013<\/strong> Notificar por escrito, \u00e0 empresa contratada, toda e qualquer irregularidade constatada durante o recebimento do objeto; <strong>7.5 \u2013<\/strong> Nenhum pagamento ser\u00e1 efetuado \u00e0 empresa detentora do registro, enquanto pendente de liquida\u00e7\u00e3o e qualquer obriga\u00e7\u00e3o. Esse fato n\u00e3o ser\u00e1 gerador de direito a reajustamento de pre\u00e7os ou a atualiza\u00e7\u00e3o monet\u00e1ria; <strong>7.6 \u2013<\/strong> N\u00e3o haver\u00e1, sob hip\u00f3tese alguma, pagamento antecipado; <strong>7.7 \u2013<\/strong> Fiscalizar a execu\u00e7\u00e3o das obriga\u00e7\u00f5es assumidas pelo contratado.<br \/>\n<strong>8. DO PAGAMENTO: 8.1 \u2013<\/strong> O pagamento ser\u00e1 efetuado at\u00e9 30 dias ap\u00f3s a emiss\u00e3o da nota fiscal devidamente atestada pela Secretaria respons\u00e1vel;<strong> 8.2 \u2013<\/strong> O Contratado\/fornecedor dever\u00e1 indicar no corpo da Nota Fiscal\/fatura, descri\u00e7\u00e3o do item fornecido, de acordo com o especificado no Anexo I e sua proposta de pre\u00e7o.<strong> 8.3 \u2013<\/strong> Caso constatado alguma irregularidade nas notas fiscais em faturas, estas ser\u00e3o devolvidas ao fornecedor, para as necess\u00e1rias corre\u00e7\u00f5es, com as informa\u00e7\u00f5es que motivaram sua rejei\u00e7\u00e3o, sendo o pagamento realizado ap\u00f3s a reapresenta\u00e7\u00e3o das notas fiscais em faturas. <strong>8.4 \u2013<\/strong> Nenhum pagamento isentar\u00e1 o <strong>FORNECEDOR\/CONTRATADO<\/strong> das suas responsabilidades e obriga\u00e7\u00f5es, nem implicar\u00e1 aceita\u00e7\u00e3o definitiva do fornecimento. <strong>8.5 \u2013<\/strong> O Contratante n\u00e3o efetuar\u00e1 pagamento de t\u00edtulo descontado, ou por meio de cobran\u00e7a em banco, bem como, os que forem negociados com terceiros por interm\u00e9dio da opera\u00e7\u00e3o de \u201cfactoring\u201d; <strong>8.6 \u2013<\/strong> As despesas banc\u00e1rias decorrentes de transfer\u00eancia de valores para outras pra\u00e7as ser\u00e3o de responsabilidades do Contratado.<br \/>\n<strong>9. DO REAJUSTAMENTO DE PRE\u00c7OS: 9.1 \u2013<\/strong> Os pre\u00e7os registrados manter-se-\u00e3o inalterados pelo per\u00edodo de vig\u00eancia da presente Ata, admitida a revis\u00e3o no caso de desequil\u00edbrio da equa\u00e7\u00e3o econ\u00f4mico financeira inicial deste instrumento a partir de determina\u00e7\u00e3o municipal, cabendo-lhe no m\u00e1ximo o repasse do percentual determinado. <strong>9.2 \u2013<\/strong> Os pre\u00e7os registrados que sofrerem revis\u00e3o n\u00e3o poder\u00e3o ultrapassar os pre\u00e7os praticados no mercado, mantendo- se a diferen\u00e7a percentual apurada entre o valor originalmente constante da proposta e aquele vigente no mercado \u00e0 \u00e9poca do registro;<strong> 9.3 \u2013<\/strong> Caso o pre\u00e7o registrado seja superior \u00e0 m\u00e9dia dos pre\u00e7os de mercado, a Prefeitura solicitar\u00e1 ao fornecedor, mediante correspond\u00eancia, redu\u00e7\u00e3o do pre\u00e7o registrado, de forma a adequ\u00e1-la. <strong>9.4 &#8211;<\/strong> Fracassada a negocia\u00e7\u00e3o com o primeiro colocado a Prefeitura poder\u00e1 rescindir esta Ata e convocar, nos termos da legisla\u00e7\u00e3o vigente, e pelo pre\u00e7o da primeira, as demais empresas com pre\u00e7os registrados, cabendo rescis\u00e3o desta ata de registro de pre\u00e7os e nova licita\u00e7\u00e3o em caso de fracasso na negocia\u00e7\u00e3o. <strong>9.5 \u2013<\/strong> Ser\u00e1 considerado compat\u00edveis com os de mercado os pre\u00e7os registrados que forem iguais ou inferiores \u00e0 m\u00e9dia daqueles apurados pela Prefeitura.<br \/>\n<strong>10. DO CANCELAMENTO DA ATA DE REGISTRO DE PRE\u00c7OS. 10.1 \u2013<\/strong> A presente Ata de Registro de Pre\u00e7os poder\u00e1 ser cancelada de pleno direito, nas seguintes situa\u00e7\u00f5es; <strong>a) <\/strong>Quando o fornecedor n\u00e3o cumprir com as obriga\u00e7\u00f5es constantes no Edital e nessa Ata de Registro de Pre\u00e7os;<strong> b) <\/strong>Quando o fornecedor der causa a rescis\u00e3o administrativa da Nota de Empenho decorrente deste Registro de Pre\u00e7os, nas hip\u00f3teses previstas nos incisos I a XII, XVII e XVIII do art. 78 da Lei 8.666\/93; <strong>c) <\/strong>Em quaisquer hip\u00f3teses de execu\u00e7\u00e3o total ou parcial da requisi\u00e7\u00e3o\/pedido dos servi\u00e7os decorrente deste registro; <strong>d) <\/strong>Os pre\u00e7os registrados se apresentarem superiores aos praticados no mercado; <strong>e) <\/strong>Por raz\u00f5es de interesse p\u00fablico devidamente demonstradas e justificadas;<strong> f) <\/strong>Descumprir qualquer dos itens da cl\u00e1usula sexta ou s\u00e9tima.<strong> 10.2 \u2013<\/strong> Ocorrendo cancelamento do pre\u00e7o registrado, o fornecedor ser\u00e1 informado por correspond\u00eancia, a qual ser\u00e1 juntada ao processo administrativo da presente Ata. <strong>10.3 \u2013<\/strong> No caso de ser ignorado, incerto ou inacess\u00edvel o endere\u00e7o do fornecedor, a comunica\u00e7\u00e3o ser\u00e1 feita por publica\u00e7\u00e3o no Jornal Oficial do Estado\/MA, considerando-se cancelado o pre\u00e7o registrado a partir da \u00faltima publica\u00e7\u00e3o. <strong>10.4 \u2013<\/strong> A solicita\u00e7\u00e3o do fornecedor para cancelamento dos pre\u00e7os registrados poder\u00e1 n\u00e3o ser aceita pela Prefeitura, facultando-se a esta neste caso, a aplica\u00e7\u00e3o das penalidades previstas no Edital. <strong>10.5 \u2013<\/strong> Havendo o cancelamento do pre\u00e7o registrado, cessar\u00e3o todas as atividades do Fornecedor, relativas ao fornecimento do item. <strong>10.6\u00a0 \u2013<\/strong> Caso a Prefeitura n\u00e3o se utilize da prerrogativa de cancelar esta Ata, a seu exclusivo crit\u00e9rio, poder\u00e1 suspender a sua execu\u00e7\u00e3o e\/ou sustar o pagamento das faturas, at\u00e9 que o Fornecedor cumpra integralmente a condi\u00e7\u00e3o contratual infringida. <strong>10.7 \u2013<\/strong> A Ata de Registro de Pre\u00e7os ser\u00e1 cancelada automaticamente nas seguintes hip\u00f3teses:<strong> a)<\/strong> Por decurso de prazo de validade;<br \/>\n<strong>11. DOS PRE\u00c7OS 11.1 \u2013<\/strong> Os pre\u00e7os apresentados na proposta devem incluir todos os custos e despesas, tais como: custos diretos e indiretos, tributos incidentes, taxa de administra\u00e7\u00e3o, servi\u00e7os, encargos sociais, trabalhistas, seguros, fretes, lucro e outros necess\u00e1rios ao cumprimento integral do objeto desta Ata de Registros de Pre\u00e7os.<br \/>\n<strong>12.DAS PENALIDADES: 12.1 &#8211;<\/strong> O descumprimento injustificado das obriga\u00e7\u00f5es assumidas nos termos deste edital, sujeita \u00e0 contratada a multas, consoante o caput e \u00a7\u00a7 do art. 86 da Lei 8.666\/93, incidentes sobre o valor da Nota de Empenho, na forma seguinte: <strong>a) <\/strong>atraso at\u00e9 05 (cinco) dias, multa de 02% (dois por cento); <strong>b) <\/strong>a partir do 6\u00ba (sexto) at\u00e9 o limite do 10\u00ba (d\u00e9cimo) dia, multa de 04% (quatro por cento), caracterizando-se a inexecu\u00e7\u00e3o total da obriga\u00e7\u00e3o a partir do 11\u00ba (d\u00e9cimo primeiro) dia de atraso. 12.2\u00a0 \u2013 Sem preju\u00edzo das san\u00e7\u00f5es cominadas no art. 87, I. III e IV, da Lei 8.666\/93, pela inexecu\u00e7\u00e3o total ou parcial do objeto adjudicado, o Munic\u00edpio de <strong>MAGALH\u00c3ES DE ALMEIDA\/MA<\/strong>, atrav\u00e9s da Secretaria Municipal de Administra\u00e7\u00e3o poder\u00e1, garantida a pr\u00e9via e ampla defesa, aplicar \u00e0 Contratada multa de at\u00e9 10% (dez por cento) sobre o valor adjudicado;<strong> 12.3 \u2013<\/strong> Se a adjudicat\u00e1ria recusar-se a retirar a nota de empenho injustificadamente ou se n\u00e3o apresentar situa\u00e7\u00e3o regular no ato da feitura da mesma, garantida pr\u00e9via e ampla defesa, sujeitar-se-\u00e1 as seguintes penalidades: <strong>12.3.1. <\/strong>Multa de at\u00e9 10% (dez por cento) sobre o valor adjudicado; 12.3.2.\u00a0 Suspens\u00e3o tempor\u00e1ria de participar de licita\u00e7\u00f5es e impedimento de contratar com o Munic\u00edpio de <strong>MAGALH\u00c3ES DE ALMEIDA\/MA<\/strong>, por prazo de at\u00e9 02 (dois) anos, e, <strong>12.3.3. <\/strong>Declara\u00e7\u00e3o de inidoneidade para licitar ou contratar com a Administra\u00e7\u00e3o P\u00fablica Municipal.<strong> 12.4 \u2013<\/strong> A licitante, adjudicat\u00e1ria ou contratada que deixar de entregar ou apresentar documenta\u00e7\u00e3o falsa exigida para o certame, ensejar o retardamento da execu\u00e7\u00e3o de seu objeto, n\u00e3o mantiver a proposta, falhar ou fraudar na execu\u00e7\u00e3o do contrato, comportar se de modo inid\u00f4neo ou cometer fraude fiscal, garantida pr\u00e9via e ampla defesa, ficar\u00e1 impedida de licitar e contratar com o Munic\u00edpio pelo prazo de at\u00e9 cinco anos e, se for o caso, o Munic\u00edpio de <strong>MAGALH\u00c3ES DE ALMEIDA\/MA<\/strong> solicitar\u00e1 o seu descredenciamento do Cadastro de Fornecedores do Estado por igual per\u00edodo, sem preju\u00edzo da a\u00e7\u00e3o penal correspondente na forma da lei; <strong>12.5 \u2013<\/strong> A multa eventualmente imposta \u00e0 contratada ser\u00e1 automaticamente descontada da fatura a que fizer jus, acrescida de juros morat\u00f3rios de 1% (um por cento) ao m\u00eas. Caso a contratada n\u00e3o tenha nenhum valor a receber deste \u00f3rg\u00e3o da Prefeitura Municipal de <strong>MAGALH\u00c3ES DE ALMEIDA\/MA<\/strong>, ser-lhe-\u00e1 concedido o prazo de 05 (cinco) dias uteis, contados de sua intima\u00e7\u00e3o, para efetuar o pagamento da multa, Ap\u00f3s esse prazo, n\u00e3o sendo efetuado o pagamento, seus dados ser\u00e3o encaminhados ao \u00f3rg\u00e3o competente para que seja inscrita na divida ativa do Munic\u00edpio, podendo, ainda a Prefeitura proceder \u00e0 cobran\u00e7a judicial da multa; <strong>12.6 \u2013<\/strong> As multas previstas nesta se\u00e7\u00e3o n\u00e3o eximem a adjudicat\u00e1ria da repara\u00e7\u00e3o dos eventuais danos, perdas ou preju\u00edzos que seu ato pun\u00edvel venha causar ao Munic\u00edpio de <strong>MAGALH\u00c3ES DE ALMEIDA\/MA. 12.7 \u2013<\/strong> Se a Contratada n\u00e3o proceder ao recolhimento da multa no prazo de 05 (cinco) dias \u00fateis, contados da intima\u00e7\u00e3o por parte da Secretaria Municipal de Administra\u00e7\u00e3o, o respectivo valor ser\u00e1 descontado dos cr\u00e9ditos que esta possuir com a Secretaria Municipal de Administra\u00e7\u00e3o, e, se estes n\u00e3o forem suficientes, o valor que sobejar ser\u00e1 encaminhado para inscri\u00e7\u00e3o em Divida Ativa e execu\u00e7\u00e3o pela Procuradoria Geral do Munic\u00edpio; <strong>12.8 \u2013<\/strong> Do ato que aplicar penalidade caber\u00e1 recurso, no prazo de 05 (cinco) dias \u00fateis, a contar da ci\u00eancia da intima\u00e7\u00e3o, podendo a Administra\u00e7\u00e3o reconsiderar sua decis\u00e3o ou nesse prazo encaminh\u00e1-la devidamente informada para a aprecia\u00e7\u00e3o e decis\u00e3o superior, dentro do mesmo prazo.<br \/>\n<strong>13. DOS ILICITOS PENAIS\u00a0\u00a0\u00a0\u00a0 13.1\u00a0\u00a0\u00a0\u00a0\u00a0\u00a0 \u2013<\/strong> As infra\u00e7\u00f5es penais tipificadas na Lei 8.666\/93 ser\u00e3o objeto de processo judicial da forma legalmente prevista, sem preju\u00edzo das demais comina\u00e7\u00f5es aplic\u00e1veis.<br \/>\n<strong>14. DOS RECURSOS OR\u00c7AMENT\u00c1RIOS: 14.1 \u2013<\/strong> As despesas decorrentes das contrata\u00e7\u00f5es oriundas da presente Ata de Registro de Pre\u00e7os, correr\u00e3o \u00e0 conta de dota\u00e7\u00e3o or\u00e7ament\u00e1ria do ano em curso, ou das demais que possam vir a aderir a presente Ata, \u00e1s quais ser\u00e3o elencadas em momento oportuno:<br \/>\n<strong>15. DAS DISPOSI\u00c7\u00d5ES FINAIS: 15.1\u00a0 \u2013<\/strong> As partes ficam, ainda, adstritas \u00e0s seguintes disposi\u00e7\u00f5es: <strong>I \u2013<\/strong> Todas as altera\u00e7\u00f5es que se fizerem necess\u00e1rias ser\u00e3o registradas por interm\u00e9dio de lavratura de termo aditivo a presente Ata de Registro de Pre\u00e7os. <strong>II \u2013<\/strong> vinculam-se a esta Ata para fins de analise t\u00e9cnica, jur\u00eddica e decis\u00e3o superior o Edital de Preg\u00e3o Eletr\u00f4nico |SRP\u00a0 N\u00ba023\/2022 e seus anexos e as propostas das licitantes classificadas. <strong>III \u2013<\/strong> \u00c9 vedado caucionar ou utilizar o contrato decorrente do presente registro para qualquer opera\u00e7\u00e3o financeira, sem previa e expressa autoriza\u00e7\u00e3o da Prefeitura.<br \/>\n<strong>16. DO FORO: 16.1 \u2013<\/strong> As partes contratantes elegem o Foro da Comarca de <strong>MAGALH\u00c3ES DE ALMEIDA\/MA<\/strong>, Estado do Maranh\u00e3o, como competente para dirimir quaisquer quest\u00f5es oriundas do presente contrato, inclusive os casos omissos, que n\u00e3o puderem ser resolvidos pela via administrativa, renunciando a qualquer outro, por mais privilegiado que seja<strong>. 16.2 \u2013<\/strong> e por estarem de acordo, as partes firmam a presente Ata, em 03 (tr\u00eas) vias de igual teor e forma para um s\u00f3 efeito legal, ficando uma via arquivada da sede da <strong>CONTRATANTE<\/strong>, na forma do Art. 60 da Lei 8.666\/93. Magalh\u00e3es de Almeida\/MA, 16 de maio de 2022.<\/p>\n<p><strong>\u00a0<\/strong><\/p>\n<p><strong>\u00a0<\/strong><\/p>\n","protected":false},"author":4,"template":"","class_list":["post-14844","publicacoesdom","type-publicacoesdom","status-publish","hentry"],"acf":{"tipo_de_publicacao_diario":"28","e_retificacao":"1","origem_do_diario":"Poder Executivo","codigo_verificador":"8fd2183888a6d84be2c02f1846c02e97465e2538"},"_links":{"self":[{"href":"https:\/\/magalhaesdealmeida.ma.gov.br\/transparencia\/wp-json\/wp\/v2\/publicacoesdom\/14844","targetHints":{"allow":["GET"]}}],"collection":[{"href":"https:\/\/magalhaesdealmeida.ma.gov.br\/transparencia\/wp-json\/wp\/v2\/publicacoesdom"}],"about":[{"href":"https:\/\/magalhaesdealmeida.ma.gov.br\/transparencia\/wp-json\/wp\/v2\/types\/publicacoesdom"}],"author":[{"embeddable":true,"href":"https:\/\/magalhaesdealmeida.ma.gov.br\/transparencia\/wp-json\/wp\/v2\/users\/4"}],"wp:attachment":[{"href":"https:\/\/magalhaesdealmeida.ma.gov.br\/transparencia\/wp-json\/wp\/v2\/media?parent=14844"}],"curies":[{"name":"wp","href":"https:\/\/api.w.org\/{rel}","templated":true}]}}