{"id":15222,"date":"2022-06-28T11:39:10","date_gmt":"2022-06-28T14:39:10","guid":{"rendered":"https:\/\/magalhaesdealmeida.ma.gov.br\/transparencia\/?post_type=publicacoesdom&#038;p=15222"},"modified":"2022-06-28T11:39:10","modified_gmt":"2022-06-28T14:39:10","slug":"portaria-n-o-064-2022-20-de-junho-de-2022","status":"publish","type":"publicacoesdom","link":"https:\/\/magalhaesdealmeida.ma.gov.br\/transparencia\/publicacoesdom\/portaria-n-o-064-2022-20-de-junho-de-2022\/","title":{"rendered":"PORTARIA N.\u00ba 064\/2022, 20 DE JUNHO DE 2022"},"content":{"rendered":"<p><strong>RAIMUNDO NONATO CARVALHO, <\/strong>Prefeito do Munic\u00edpio de Magalh\u00e3es de Almeida \u2013 MA, no uso de suas atribui\u00e7\u00f5es que lhe s\u00e3o conferidas por lei; e<br \/>\nConsiderando a Lei Municipal n\u00ba 512, de 27 de mar\u00e7o de 2020, Cria a Coordenadoria Municipal de Prote\u00e7\u00e3o e Defesa Civil (COMPDEC) do Munic\u00edpio de Magalh\u00e3es de Almeida \u2013 MA e d\u00e1 outras Provid\u00eancias;<br \/>\nConsiderando o Decreto Municipal n\u00ba 007\/2020, de 27 de mar\u00e7o de 2020, Regulamento a Lei n\u00ba 512\/2020, que Cria\u00e7\u00e3o da COMPDEC, de 27 de mar\u00e7o de 2020, que cria a Coordenadoria Municipal de Prote\u00e7\u00e3o e Defesa Civil &#8211; COMPDEC; <strong>RESOLVE:<br \/>\n<\/strong><strong>Artigo 1\u00ba-<\/strong> Nomear os membros que Constituir\u00e3o a Conselho Municipal de Prote\u00e7\u00e3o e Defesa Civil.<\/p>\n<ul>\n<li><strong>Raimundo Nonato Batista Lopes Neto, Representante da C\u00e2mara dos Vereadores;<\/strong><\/li>\n<li><strong>Raimundo Ara\u00fajo da Silva, Representando a Guarda Municipal<\/strong><\/li>\n<li><strong>Maria Tamires Freitas Silva, Representando o Gabinete do Prefeito;<\/strong><\/li>\n<li><strong>Francisco das Chagas Sousa Silva, Representando a Secretaria Municipal de Agricultura, Pesca, Pecu\u00e1ria e Meio Ambiente;<\/strong><\/li>\n<li><strong>Mauricio Jose Silva Castro, Representando a Secretaria Municipal de Infraestrutura, Servi\u00e7os Urbanos e Paisagismo;<\/strong><\/li>\n<li><strong>Laerte Bruce Alves de Carvalho, Representante da Secretaria Municipal de Assist\u00eancia Social;<\/strong><\/li>\n<li><strong>Farahdiba Carvalho Silva Santos, Representando a APAE;<\/strong><\/li>\n<li><strong>Francisca Teodoria Sousa de Araujo, Representando a Col\u00f4nia de Pescadores Z-24;<\/strong><\/li>\n<li><strong>Jos\u00e9 Orlando Costa, Representando a Igreja Assembl\u00e9ia de Deus;<\/strong><\/li>\n<li><strong>Lourival dos Santos Brand\u00e3o, Representando a Cooperativa dos Produtores do Per\u00edmetro Irrigado Tabuleiros de S\u00e3o Bernardo;<\/strong><\/li>\n<\/ul>\n<p><strong>Artigo 2\u00ba-<\/strong> A presente Portaria entrar\u00e1 em Vigor na data de Sua Publica\u00e7\u00e3o.<br \/>\nCumpra-se e publique-se.<br \/>\nMagalh\u00e3es de Almeida \u2013 MA, 20 de Junho de 2022. <strong>RAIMUNDO NONATO CARVALHO, <\/strong>Prefeito Municipal.<\/p>\n","protected":false},"author":4,"template":"","class_list":["post-15222","publicacoesdom","type-publicacoesdom","status-publish","hentry"],"acf":{"tipo_de_publicacao_diario":"41","e_retificacao":"1","origem_do_diario":"Poder Executivo","codigo_verificador":"7568c8eb6c7e496ad959c3b3064aa4b6eddd0093"},"_links":{"self":[{"href":"https:\/\/magalhaesdealmeida.ma.gov.br\/transparencia\/wp-json\/wp\/v2\/publicacoesdom\/15222","targetHints":{"allow":["GET"]}}],"collection":[{"href":"https:\/\/magalhaesdealmeida.ma.gov.br\/transparencia\/wp-json\/wp\/v2\/publicacoesdom"}],"about":[{"href":"https:\/\/magalhaesdealmeida.ma.gov.br\/transparencia\/wp-json\/wp\/v2\/types\/publicacoesdom"}],"author":[{"embeddable":true,"href":"https:\/\/magalhaesdealmeida.ma.gov.br\/transparencia\/wp-json\/wp\/v2\/users\/4"}],"wp:attachment":[{"href":"https:\/\/magalhaesdealmeida.ma.gov.br\/transparencia\/wp-json\/wp\/v2\/media?parent=15222"}],"curies":[{"name":"wp","href":"https:\/\/api.w.org\/{rel}","templated":true}]}}