{"id":15892,"date":"2022-09-01T09:43:19","date_gmt":"2022-09-01T12:43:19","guid":{"rendered":"https:\/\/magalhaesdealmeida.ma.gov.br\/transparencia\/?post_type=publicacoesdom&#038;p=15892"},"modified":"2022-09-01T09:43:19","modified_gmt":"2022-09-01T12:43:19","slug":"veto-ao-projeto-de-lei-n-032-2021","status":"publish","type":"publicacoesdom","link":"https:\/\/magalhaesdealmeida.ma.gov.br\/transparencia\/publicacoesdom\/veto-ao-projeto-de-lei-n-032-2021\/","title":{"rendered":"VETO ao Projeto de Lei N.\u00b0 032\/2021"},"content":{"rendered":"<p><strong>MENSAGEM DE VETO N.\u00ba 04\/2022, de 31 de agosto de 2022.<\/strong><br \/>\nSenhor Presidente da C\u00e2mara de Vereadores,<br \/>\nComunico a Vossa Excel\u00eancia que, com base nos termos do <strong>art. 67, IV<\/strong>, da Lei Org\u00e2nica do Munic\u00edpio de Magalh\u00e3es de Almeida, decidi\u00a0<strong>vetar integralmente\u00a0<\/strong>o Projeto de Lei <strong>N\u00b0 032\/2021<\/strong> que \u201c<em>Institui o programa \u201cAtivando a aprendizagem\u201d da rede p\u00fablica de ensino de Magalh\u00e3es de Almeida-MA e d\u00e1 outras provid\u00eancias<\/em>\u201d.<br \/>\nDesta forma, em observ\u00e2ncia \u00e0 Lei Org\u00e2nica do Munic\u00edpio de Magalh\u00e3es de Almeida, Estado do Maranh\u00e3o, passo a expor as raz\u00f5es do veto.<br \/>\n<strong><u>RAZ\u00d5ES DO VETO<br \/>\n<\/u><\/strong>O Projeto de Lei N.\u00b0 032\/2021 em anexo <strong>acaba por infringir a Cl\u00e1usula 5.1 do TAC n.\u00b0 001\/2022 (c\u00f3pia em anexo) firmado entre o Munic\u00edpio de Magalh\u00e3es de Almeida-MA e o Minist\u00e9rio P\u00fablico Estadual\u00a0 posto que de acordo com o entendimento deste advogado, a cria\u00e7\u00e3o dos cargos previstos no art.11, \u00a7\u00a7 2\u00b0(mediador), 3\u00b0(facilitador) 4\u00b0(monitor), implica na cria\u00e7\u00e3o de cargos de provimento em comiss\u00e3o, fato vedado pela referida cl\u00e1usula.<br \/>\n<\/strong>A Lei Org\u00e2nica do Munic\u00edpio em seu <strong>art. 67, IV<\/strong> aduz que:<br \/>\n<em>67.Compete ao prefeito, entre outras atribui\u00e7\u00f5es:<br \/>\n<\/em><em>(&#8230;)<br \/>\n<\/em><em>IV- vetar, no todo ou em parte, os projeto de lei aprovados pela c\u00e2mara;<br \/>\n<\/em>Por sua vez, a referida cl\u00e1usula do TAC traz o seguinte teor:<br \/>\n<em><strong>5.1 \u2013<\/strong> O compromiss\u00e1rio se compromete, a partir desta data, a n\u00e3o encaminhar Projeto de Lei ou publicar Resolu\u00e7\u00e3o criando cargos em comiss\u00e3o que, apesar de conter a nomenclatura de chefia, dire\u00e7\u00e3o e assessoramento, suas atribui\u00e7\u00f5es n\u00e3o correspondem com a natureza prevista na Constitui\u00e7\u00e3o Federal, ressaltando que a simples nomenclatura n\u00e3o tem o cond\u00e3o de alterar a ess\u00eancia do cargo.<br \/>\n<\/em>De forma simples e objetiva, tal PL afrontaria o TAC em sua cl\u00e1usula citada e poderia gerar dentre outras consequ\u00eancias, a aplica\u00e7\u00e3o de multa ao ente p\u00fablico, bem como responsabiliza\u00e7\u00e3o deste agente.<br \/>\nEssas, Senhor Presidente, s\u00e3o as raz\u00f5es que me levaram a\u00a0vetar integralmente\u00a0o Projeto de Lei n\u00ba. 032\/2021, as quais ora submeto \u00e0 elevada aprecia\u00e7\u00e3o dos Senhores Membros do C\u00e2mara Municipal de Magalh\u00e3es de Almeida, Estado do Maranh\u00e3o.<br \/>\n<strong>RAIMUNDO NONATO CARVALHO, <\/strong><strong>Prefeito Municipal de Magalh\u00e3es de Almeida.<\/strong><\/p>\n<p>&nbsp;<\/p>\n<p>&nbsp;<\/p>\n","protected":false},"author":4,"template":"","class_list":["post-15892","publicacoesdom","type-publicacoesdom","status-publish","hentry"],"acf":{"tipo_de_publicacao_diario":"60","e_retificacao":"1","origem_do_diario":"Poder Executivo","codigo_verificador":"131f8dd2c8bc739f94db446aa0d87fb28d1e9750"},"_links":{"self":[{"href":"https:\/\/magalhaesdealmeida.ma.gov.br\/transparencia\/wp-json\/wp\/v2\/publicacoesdom\/15892","targetHints":{"allow":["GET"]}}],"collection":[{"href":"https:\/\/magalhaesdealmeida.ma.gov.br\/transparencia\/wp-json\/wp\/v2\/publicacoesdom"}],"about":[{"href":"https:\/\/magalhaesdealmeida.ma.gov.br\/transparencia\/wp-json\/wp\/v2\/types\/publicacoesdom"}],"author":[{"embeddable":true,"href":"https:\/\/magalhaesdealmeida.ma.gov.br\/transparencia\/wp-json\/wp\/v2\/users\/4"}],"wp:attachment":[{"href":"https:\/\/magalhaesdealmeida.ma.gov.br\/transparencia\/wp-json\/wp\/v2\/media?parent=15892"}],"curies":[{"name":"wp","href":"https:\/\/api.w.org\/{rel}","templated":true}]}}