{"id":16728,"date":"2022-11-23T15:53:30","date_gmt":"2022-11-23T18:53:30","guid":{"rendered":"https:\/\/magalhaesdealmeida.ma.gov.br\/transparencia\/?post_type=publicacoesdom&#038;p=16728"},"modified":"2022-11-23T16:19:45","modified_gmt":"2022-11-23T19:19:45","slug":"convocacao-n-o-005-2022-semecti-concurso-de-2018","status":"publish","type":"publicacoesdom","link":"https:\/\/magalhaesdealmeida.ma.gov.br\/transparencia\/publicacoesdom\/convocacao-n-o-005-2022-semecti-concurso-de-2018\/","title":{"rendered":"CONVOCA\u00c7\u00c3O N.\u00ba 005\/2022 &#8211; SEMECTI &#8211; CONCURSO DE 2018"},"content":{"rendered":"<p>A Secretaria Municipal de Educa\u00e7\u00e3o, Ci\u00eancia, Tecnologia e Inova\u00e7\u00e3o, <strong><u>CONVOCA<\/u><\/strong> os senhores abaixo relacionados a comparecerem no per\u00edodo de <strong>24\/11\/2022 a 25\/11\/2022, no hor\u00e1rio de 08h:00min as 12h:00min,<\/strong> no pr\u00e9dio desta secretaria, situado na Avenida Get\u00falio Vargas, n.\u00ba 155, centro, para a assinatura e recebimento do termo de nomea\u00e7\u00e3o e posse do referido concurso.<\/p>\n<table width=\"365\">\n<tbody>\n<tr>\n<td style=\"text-align: center\" width=\"49\"><strong>ORD.<\/strong><\/td>\n<td style=\"text-align: center\" width=\"207\"><strong>NOME<\/strong><\/td>\n<td style=\"text-align: center\" width=\"109\"><strong>CARGO<\/strong><\/td>\n<\/tr>\n<tr>\n<td style=\"text-align: center\" width=\"49\">1.<\/td>\n<td style=\"text-align: center\" width=\"207\">Sandra Maria Pereira Ara\u00fajo<\/td>\n<td style=\"text-align: center\" width=\"109\">Agente Administrativo<\/td>\n<\/tr>\n<tr>\n<td style=\"text-align: center\" width=\"49\">2.<\/td>\n<td style=\"text-align: center\" width=\"207\">Leano Alves Vieira<\/td>\n<td style=\"text-align: center\" width=\"109\">Agente Administrativo<\/td>\n<\/tr>\n<tr>\n<td style=\"text-align: center\" width=\"49\">3.<\/td>\n<td style=\"text-align: center\" width=\"207\">Maria Eug\u00eania Sila e Silva<\/td>\n<td style=\"text-align: center\" width=\"109\">Agente Administrativo<\/td>\n<\/tr>\n<tr>\n<td style=\"text-align: center\" width=\"49\">4.<\/td>\n<td style=\"text-align: center\" width=\"207\">Amanda da Costa Marques<\/td>\n<td style=\"text-align: center\" width=\"109\">Agente Administrativo<\/td>\n<\/tr>\n<tr>\n<td style=\"text-align: center\" width=\"49\">5.<\/td>\n<td style=\"text-align: center\" width=\"207\">Antonio Ismael Silva Almeida<\/td>\n<td style=\"text-align: center\" width=\"109\">Agente Administrativo<\/td>\n<\/tr>\n<tr>\n<td style=\"text-align: center\" width=\"49\">6.<\/td>\n<td style=\"text-align: center\" width=\"207\">Maria do Carmo Alves Silva<\/td>\n<td style=\"text-align: center\" width=\"109\">Agente Administrativo<\/td>\n<\/tr>\n<\/tbody>\n<\/table>\n<p>Magalh\u00e3es de Almeida, 23 de novembro de 2022. MA\u00c9LIO C\u00c9SAR FREITAS DOS SANTOS, Secret\u00e1rio Municipal de Educa\u00e7\u00e3o.<\/p>\n","protected":false},"author":4,"template":"","class_list":["post-16728","publicacoesdom","type-publicacoesdom","status-publish","hentry"],"acf":{"tipo_de_publicacao_diario":"18","e_retificacao":"1","origem_do_diario":"Poder Executivo","codigo_verificador":"7d13d60179b6727f3f614c5663ba1d2da6735b80"},"_links":{"self":[{"href":"https:\/\/magalhaesdealmeida.ma.gov.br\/transparencia\/wp-json\/wp\/v2\/publicacoesdom\/16728","targetHints":{"allow":["GET"]}}],"collection":[{"href":"https:\/\/magalhaesdealmeida.ma.gov.br\/transparencia\/wp-json\/wp\/v2\/publicacoesdom"}],"about":[{"href":"https:\/\/magalhaesdealmeida.ma.gov.br\/transparencia\/wp-json\/wp\/v2\/types\/publicacoesdom"}],"author":[{"embeddable":true,"href":"https:\/\/magalhaesdealmeida.ma.gov.br\/transparencia\/wp-json\/wp\/v2\/users\/4"}],"wp:attachment":[{"href":"https:\/\/magalhaesdealmeida.ma.gov.br\/transparencia\/wp-json\/wp\/v2\/media?parent=16728"}],"curies":[{"name":"wp","href":"https:\/\/api.w.org\/{rel}","templated":true}]}}