{"id":16880,"date":"2022-12-15T14:18:49","date_gmt":"2022-12-15T17:18:49","guid":{"rendered":"https:\/\/magalhaesdealmeida.ma.gov.br\/transparencia\/?post_type=publicacoesdom&#038;p=16880"},"modified":"2022-12-15T14:48:08","modified_gmt":"2022-12-15T17:48:08","slug":"portaria-n-o-007-2022-semf","status":"publish","type":"publicacoesdom","link":"https:\/\/magalhaesdealmeida.ma.gov.br\/transparencia\/publicacoesdom\/portaria-n-o-007-2022-semf\/","title":{"rendered":"PORTARIA N.\u00ba 007\/2022 &#8211; SEMF"},"content":{"rendered":"<p><strong>Dip\u00f5e sobre a Fixa\u00e7\u00e3o o Calend\u00e1rio Fiscal Aplic\u00e1vel aos Tributos Municipais para o exerc\u00edcio de 2023 e d\u00e1 outras provid\u00eancias.<br \/>\nO PREFEITO MUNICIPAL DE MAGALH\u00c3ES DE ALMEIDA\/MA,<\/strong> no uso de suas atribui\u00e7\u00f5es legais, e com base na Lei n.\u00ba 003\/2008 \u2013 C\u00f3digo Tribut\u00e1rio Municipal de 18 de Dezembro de 2008, <strong>RESOLVE:<br \/>\n<\/strong><strong>Art. 1\u00ba &#8211;<\/strong> Fixar o Calend\u00e1rio Fiscal Aplic\u00e1vel aos Tributos Municipais para o exerc\u00edcio de 2023 e d\u00e1 outras provid\u00eancias.<\/p>\n<table width=\"450\">\n<tbody>\n<tr>\n<td style=\"text-align: center\" width=\"150\"><strong>TRIBUTOS<\/strong><\/td>\n<td style=\"text-align: center\" width=\"150\"><strong>LAN\u00c7AMENTO<\/strong><\/td>\n<td style=\"text-align: center\" width=\"150\"><strong>VENCIMENTO<\/strong><\/td>\n<\/tr>\n<tr>\n<td style=\"text-align: center\" width=\"150\">Imposto Sobre a Propriedade Predial e Territorial Urbana (IPTU).<\/td>\n<td style=\"text-align: center\" width=\"150\">O fato gerador, para todos os efeitos legais, em 12 de janeiro de cada ano.<\/td>\n<td style=\"text-align: center\" width=\"150\">10\/03\/2023 -Vencimento da parcela \u00fanica com desconto de 5%;<\/p>\n<p>Parcelamento 5 (Cinco) parcelas em valores iguais e consecutivos.<\/p>\n<p>1\u00ba (primeira) parcela; e no quinto dia \u00fatil dos meses subsequentes, as demais parcelas, na Lei 003\/2008.<\/td>\n<\/tr>\n<tr>\n<td style=\"text-align: center\" width=\"150\">Imposto Sobre Servi\u00e7os de Qualquer Natureza &#8211; ISSQN<\/td>\n<td style=\"text-align: center\" width=\"150\">Na ocorr\u00eancia do fato gerador<\/td>\n<td style=\"text-align: center\" width=\"150\">At\u00e9 o 10\u00ba (d\u00e9cimo) dia corrido do m\u00eas subsequente.<\/td>\n<\/tr>\n<tr>\n<td width=\"150\">ISSQN &#8211; devido pela m\u00e3o-de-obra na constru\u00e7\u00e3o civil<\/td>\n<td width=\"150\">Na ocorr\u00eancia do fato gerador<\/td>\n<td width=\"150\">\u00c0 vista ou parcelado, antecipadamente; durante o per\u00edodo de execu\u00e7\u00e3o da obra.<\/td>\n<\/tr>\n<tr>\n<td width=\"150\">Licen\u00e7a para Funcionamento e Licen\u00e7a para Localiza\u00e7\u00e3o hor\u00e1rio Normal e Especial<\/td>\n<td width=\"150\">O fato gerador, para todos os efeitos legais, a parti 1\u00ba de janeiro de cada ano.<\/td>\n<td width=\"150\">No ato do licenciamento e\/ou anualmente at\u00e9 o dia 31\/03\/2023 de acordo com os Art.209, Art.210, Art.211, Art. 212, Art.214, Art.215, Art.216 constitu\u00edda na Lei 003\/2008.<\/td>\n<\/tr>\n<tr>\n<td width=\"150\">1\u00ba Licen\u00e7a para Funcionamento e Licen\u00e7a para Localiza\u00e7\u00e3o<\/td>\n<td width=\"150\">De of\u00edcio<\/p>\n<p>Na ocorr\u00eancia do fato gerador e Inscrever-se-\u00e3o na reparti\u00e7\u00e3o fiscal antes de iniciarem suas atividades.<\/td>\n<td width=\"150\">No ato do licenciamento anual de acordo com Art. 209, Art. 210, Art.211, Art.214, Art.215, Art.216 constitu\u00edda na Lei 003\/2008.<\/td>\n<\/tr>\n<tr>\n<td width=\"150\">Licen\u00e7a para atividade eventual ou ambulante<\/td>\n<td width=\"150\">Antecipado a ocorr\u00eancia do fato gerador<\/td>\n<td width=\"150\">Antecipadamente.<\/p>\n<p>De cardo com os Artigos 219 e 220 constitu\u00edda na Lei 0003\/2008.<\/td>\n<\/tr>\n<tr>\n<td width=\"150\">Licen\u00e7a para explora\u00e7\u00e3o de meios de publicidade em geral<\/td>\n<td width=\"150\">Na ocorr\u00eancia do fato gerador<\/td>\n<td width=\"150\">As iniciais \u2013 no ato do licenciamento;<\/p>\n<p>Anuais &#8211; at\u00e9 31 de mar\u00e7o de cada ano;<\/p>\n<p>Mensais &#8211; at\u00e9 o dia 10 de cada m\u00eas.<\/td>\n<\/tr>\n<tr>\n<td width=\"150\">Licen\u00e7a para execu\u00e7\u00e3o de obras de constru\u00e7\u00e3o civil e similares.<\/td>\n<td width=\"150\">De Of\u00edcio<\/p>\n<p>Antecipado a ocorr\u00eancia do fato gerador<\/td>\n<td width=\"150\">Na forma dos Art. 224 ao 228 da Lei n\u00ba 003\/2008 de 18\/12\/2008 e suas altera\u00e7\u00f5es.<\/p>\n<p>No ato da solicita\u00e7\u00e3o da an\u00e1lise do projeto da obra ou loteamento.<\/td>\n<\/tr>\n<tr>\n<td width=\"150\">Imposto Sobre Transmiss\u00e3o de Bens Im\u00f3veis.<\/td>\n<td width=\"150\">Na ocorr\u00eancia do fato gerador<\/td>\n<td width=\"150\">Na forma dos Art. 144 ao 146 da Lei n\u00ba 003\/2008 de 18\/12\/2008 e suas altera\u00e7\u00f5es<\/td>\n<\/tr>\n<tr>\n<td width=\"150\">Demais tributos<\/td>\n<td width=\"150\">Na ocorr\u00eancia do fato gerador<\/td>\n<td width=\"150\">Nos termos previstos na Lei n\u00ba 003\/2008 de 18\/12\/2008 e suas altera\u00e7\u00f5es<\/td>\n<\/tr>\n<tr>\n<td width=\"150\">Para Contribuintes Optante do Simples Nacional Data Limite para a entrega da Declara\u00e7\u00e3o na Reparti\u00e7\u00e3o Fiscal para o Exerc\u00edcio 2023.<\/td>\n<td width=\"150\">Imposto Sobre Servi\u00e7o de Qualquer Natureza &#8211; ISSQN<\/td>\n<td width=\"150\">Janeiro &#8211; vencimento em 28\/02\/2021 e as demais compet\u00eancias at\u00e9 o vig\u00e9simo dia do m\u00eas subsequente.<\/td>\n<\/tr>\n<\/tbody>\n<\/table>\n<p>Magalh\u00e3es de Almeida &#8211; MA, 15 de dezembro de 2022. Atenciosamente, RAIMUNDO NONATO CARVALHO, Prefeito Municipal e FRANCISCO DE ASSIS ARAG\u00c3O, Secret\u00e1rio Municipal de Finan\u00e7as.<\/p>\n","protected":false},"author":4,"template":"","class_list":["post-16880","publicacoesdom","type-publicacoesdom","status-publish","hentry"],"acf":{"tipo_de_publicacao_diario":"41","e_retificacao":"1","origem_do_diario":"Poder Executivo","codigo_verificador":"09e18de6b13647ea83dd9f9414ef73e9f0bfc0f6"},"_links":{"self":[{"href":"https:\/\/magalhaesdealmeida.ma.gov.br\/transparencia\/wp-json\/wp\/v2\/publicacoesdom\/16880","targetHints":{"allow":["GET"]}}],"collection":[{"href":"https:\/\/magalhaesdealmeida.ma.gov.br\/transparencia\/wp-json\/wp\/v2\/publicacoesdom"}],"about":[{"href":"https:\/\/magalhaesdealmeida.ma.gov.br\/transparencia\/wp-json\/wp\/v2\/types\/publicacoesdom"}],"author":[{"embeddable":true,"href":"https:\/\/magalhaesdealmeida.ma.gov.br\/transparencia\/wp-json\/wp\/v2\/users\/4"}],"wp:attachment":[{"href":"https:\/\/magalhaesdealmeida.ma.gov.br\/transparencia\/wp-json\/wp\/v2\/media?parent=16880"}],"curies":[{"name":"wp","href":"https:\/\/api.w.org\/{rel}","templated":true}]}}