{"id":16894,"date":"2022-12-16T12:12:52","date_gmt":"2022-12-16T15:12:52","guid":{"rendered":"https:\/\/magalhaesdealmeida.ma.gov.br\/transparencia\/?post_type=publicacoesdom&#038;p=16894"},"modified":"2022-12-16T12:19:58","modified_gmt":"2022-12-16T15:19:58","slug":"convocacao-do-concurso-2018-n-o-006-2022-gab","status":"publish","type":"publicacoesdom","link":"https:\/\/magalhaesdealmeida.ma.gov.br\/transparencia\/publicacoesdom\/convocacao-do-concurso-2018-n-o-006-2022-gab\/","title":{"rendered":"CONVOCA\u00c7\u00c3O DO CONCURSO &#8211; 2018 N.\u00ba 006\/2022 &#8211; GAB"},"content":{"rendered":"<p>A Secretaria Municipal de Administra\u00e7\u00e3o, <strong><u>CONVOCA<\/u><\/strong> os senhores abaixo relacionados a comparecerem no per\u00edodo de <strong>19\/12\/2022 \u00e0 29\/12\/2022<\/strong>, no hor\u00e1rio de 08h:30min as 12h:00min, no pr\u00e9dio desta secretaria, situado na Rua Manoel Pires de Castro, 279 \u2013 CENTRO, munido de toda a documenta\u00e7\u00e3o exigida no Anexo II do Edital n.\u00ba 01\/2018, para nomea\u00e7\u00e3o e posse do referido concurso, no cargo de <strong>GUARDA MUNICIPAL.<\/strong> Avisa, ainda, que o n\u00e3o comparecimento no per\u00edodo marcado, ensejar\u00e1 a desist\u00eancia do concurso.<\/p>\n<ol>\n<li><strong>Jos\u00e9 de Ribamar Moura Dias.<\/strong><\/li>\n<li><strong>Francisco Paulo Freitas Cavalcante.<\/strong><\/li>\n<li><strong>Jos\u00e9 Erisvaldo Teixeira dos Santos.<\/strong><\/li>\n<\/ol>\n<p>Magalh\u00e3es de Almeida\/MA, 16 de dezembro de 2022. Jo\u00e3o Ari de Vasconcelos, Secret\u00e1rio Municipal de Administra\u00e7\u00e3o.<br \/>\n<strong>Item 2.1 al\u00ednea \u201cn\u201d do <u>ANEXO II<br \/>\n<\/u><\/strong><strong><u>EXAME M\u00c9DICO ADMISSIONAL E DA APRESENTA\u00c7\u00c3O DOS EXAMES DE SA\u00daDE<br \/>\n<\/u>1 &#8211;<\/strong> Os candidatos convocados dever\u00e3o comparecer ao exame admissional munidos dos exames de sa\u00fade abaixo relacionados:<\/p>\n<ul>\n<li>Parasitologia de fezes;<\/li>\n<li>Sum\u00e1rio de Urina;<\/li>\n<li>Hemograma completo;<\/li>\n<li>Lipidograma total;<\/li>\n<li>Glicemia de jejum;<\/li>\n<li>Exame de Hansen\u00edase (baciloscopia);<\/li>\n<li>Sorologia para lues;<\/li>\n<li>Raio X do t\u00f3rax;<\/li>\n<li>V\u00eddeo laringoscopia;<\/li>\n<li>Eletroencefalograma;<\/li>\n<li>Ecodoppercardiograma;<\/li>\n<li>Atestado de sanidade mental (fornecido por psiquiatra).<\/li>\n<\/ul>\n<p><strong>2 &#8211;<\/strong> A realiza\u00e7\u00e3o dos exames e de responsabilidade de candidato.<br \/>\n<strong>3 &#8211;<\/strong> Somente ser\u00e1 investido no cargo p\u00fablico o candidato que for julgado apto f\u00edsica e mentalmente para o exerc\u00edcio do cargo, ap\u00f3s submiss\u00e3o ao exame m\u00e9dico pr\u00e9-admissional, de car\u00e1ter eliminat\u00f3rio, a ser realizado pela Junta M\u00e9dica Oficial do Munic\u00edpio.<br \/>\n<strong><u>ANEXO II &#8211; <\/u><u>RELA\u00c7\u00c3O DOS DOCUMENTOS NECESS\u00c1RIOS PARA NOMEA\u00c7\u00c3O<br \/>\n<\/u><\/strong><strong>1 &#8211;<\/strong> 02 (DUAS) FOTOS 3X4 RECENTE;<br \/>\n<strong>2 &#8211;<\/strong> Original e fotoc\u00f3pia da Carteira ou CNH, leg\u00edvel, em caso de brasileiro naturalizado ou de naturalidade portuguesa, (est\u00e1 em conformidade com o inciso II e \u00a7 1\u00b0 do art. 12 da Constitui\u00e7\u00e3o da Republica e do Decreto n.\u00ba 70.436\/72);<br \/>\n<strong>3 &#8211;<\/strong> Original e fotoc\u00f3pia de Certid\u00e3o de Quita\u00e7\u00e3o eleitoral (conforme al\u00ednea 2.1 do edital n\u00b0 01\/2018) que deve ser solicitada no Cart\u00f3rio Eleitoral ou via internet, no sitio do <a href=\"http:\/\/www.tse.jus.br\/eleitor\/servi\u00e7o\/cidadao\">www.tse.jus.br\/eleitor\/servi\u00e7o\/cidadao<\/a>, ou ainda apresentar original e c\u00f3pia de vota\u00e7\u00e3o do 1\u00b0 e 2\u00b0 turno das elei\u00e7\u00f5es 2018;<br \/>\n<strong>4 &#8211;<\/strong> Original e fotoc\u00f3pia do Certificado de reservista (para candidato do sexo masculino) conforme al\u00ednea \u201cd\u201d do item 2.1 do Edital n\u00b0 01\/2018;<br \/>\n<strong>5 &#8211;<\/strong> Original e fotoc\u00f3pia de Certificado de Antecedentes Criminais, conforme al\u00ednea \u201ci\u201d do Edital n\u00b0 01\/2018; das:<br \/>\n<strong>a)<\/strong> Justi\u00e7a Estadual, que deve ser solicitada na Comarca em que o candidato residiu nos \u00faltimos 5(cinco)anos;<br \/>\n<strong>b)<\/strong> Justi\u00e7a Eleitoral, que pode ser emitido atrav\u00e9s da internet, no endere\u00e7o <a href=\"http:\/\/www.tse.jus.br\/eleitor\/servi\u00e7os\/\">tse.jus.br\/eleitor\/servi\u00e7os\/<\/a><u> certid\u00e3o-de-crimes-eleitorais;<br \/>\n<\/u><strong>c)<\/strong> Justi\u00e7a Federal, que pode ser emitida atrav\u00e9s de internet, no endere\u00e7o <u>htpp:\/\/portal.trfl.jus.br\/servi\u00e7os\/certid\u00e3o;<br \/>\n<\/u><strong>6 &#8211;<\/strong> Firmar declara\u00e7\u00e3o de que n\u00e3o est\u00e1 cumprindo san\u00e7\u00e3o por inidoneidade, aplicada por qualquer \u00f3rg\u00e3o p\u00fablico ou entidade da esfera federal, estadual e\/ou municipal;<br \/>\n<strong>7 &#8211;<\/strong> Original e fotoc\u00f3pia de Atestado M\u00e9dico comprovando higidez f\u00edsica e mental, expedida pela Junta M\u00e9dica do Munic\u00edpio, exclusivamente para esse fim (conforme al\u00ednea \u201cg\u201d do item 2.1 conforme al\u00ednea \u201ca\u201d do item 10.3 do Edital n\u00b0 01\/2018, obtido mediante apresenta\u00e7\u00e3o dos exames m\u00e9dicos constantes dos anexos II4 deste Edital;<br \/>\n<strong>8 &#8211;<\/strong> Comprova\u00e7\u00e3o da Escolaridade exigida para o cargo ao qual se escreveu, mediante apresenta\u00e7\u00e3o de original e fotoc\u00f3pia de Certificado de Conclus\u00e3o de Curso, bem como outros documentos exigidos no Anexo II do Edital n\u00b0 01\/2018;<br \/>\n<strong>9 &#8211;<\/strong> Original e fotoc\u00f3pia de Comprovante de Escolaridade atrav\u00e9s de Diploma e\/ou Certificado registrado pelo \u00d3rg\u00e3o competente e Hist\u00f3rico escolar;<br \/>\n<strong>10 &#8211;<\/strong> C\u00f3pia dos certificados de participa\u00e7\u00e3o em cursos de forma\u00e7\u00e3o continuadas, extens\u00e3o e aperfei\u00e7oamento, capacita\u00e7\u00e3o, semin\u00e1rios ou congresso, com carga hor\u00e1ria m\u00ednima de 40 hs, expedidos nos \u00faltimos 5 (cinco) anos, (somente para os cargos de professores);<br \/>\n<strong>11 &#8211;<\/strong> Firmar declara\u00e7\u00e3o de Termo de disponibilidade para o cumprimento de carga hor\u00e1ria;<br \/>\n<strong>12 &#8211;<\/strong> Firmar Declara\u00e7\u00e3o de que n\u00e3o \u00e9 s\u00f3cio-gerente\/administrador de empresas vinculadas a Administra\u00e7\u00e3o P\u00fablica Municipal;<br \/>\n<strong>13 &#8211;<\/strong> Firmar declara\u00e7\u00e3o de Declara\u00e7\u00e3o de Bens e Valores;<br \/>\n<strong>14 &#8211;<\/strong> Original e C\u00f3pia de Declara\u00e7\u00e3o de n\u00e3o acumula\u00e7\u00e3o ilegal de Cargos P\u00fablico, conforme al\u00ednea \u201ch\u201d do item 2.1 do Edital 01\/2018;<br \/>\n<strong>15 &#8211;<\/strong> C\u00f3pia do Cart\u00e3o de Conta Corrente\/conta sal\u00e1rio do Banco do Bradesco Ag\u00eancia 6953-1 (S\u00e3o Bernardo \u2013 MA);<br \/>\n<strong>16 &#8211;<\/strong> Original e C\u00f3pia do Certid\u00e3o de Nascimento ou Casamento;<br \/>\n<strong>17 &#8211;<\/strong> Original e C\u00f3pia do Certid\u00e3o de Nascimento com CPF dos filhos menores de 14 anos de idade, se houver;<br \/>\n<strong>18 &#8211;<\/strong> C\u00f3pia do N\u00famero de PIS\/PASEP caso possua;<br \/>\n<strong>19 &#8211;<\/strong> Original e c\u00f3pia de comprovante de resid\u00eancia atualizado.<\/p>\n","protected":false},"author":4,"template":"","class_list":["post-16894","publicacoesdom","type-publicacoesdom","status-publish","hentry"],"acf":{"tipo_de_publicacao_diario":"18","e_retificacao":"1","origem_do_diario":"Poder Executivo","codigo_verificador":"dd94fa0284073beff0673f661175c1e34c6d667f"},"_links":{"self":[{"href":"https:\/\/magalhaesdealmeida.ma.gov.br\/transparencia\/wp-json\/wp\/v2\/publicacoesdom\/16894","targetHints":{"allow":["GET"]}}],"collection":[{"href":"https:\/\/magalhaesdealmeida.ma.gov.br\/transparencia\/wp-json\/wp\/v2\/publicacoesdom"}],"about":[{"href":"https:\/\/magalhaesdealmeida.ma.gov.br\/transparencia\/wp-json\/wp\/v2\/types\/publicacoesdom"}],"author":[{"embeddable":true,"href":"https:\/\/magalhaesdealmeida.ma.gov.br\/transparencia\/wp-json\/wp\/v2\/users\/4"}],"wp:attachment":[{"href":"https:\/\/magalhaesdealmeida.ma.gov.br\/transparencia\/wp-json\/wp\/v2\/media?parent=16894"}],"curies":[{"name":"wp","href":"https:\/\/api.w.org\/{rel}","templated":true}]}}