{"id":17540,"date":"2023-03-07T14:13:35","date_gmt":"2023-03-07T17:13:35","guid":{"rendered":"https:\/\/magalhaesdealmeida.ma.gov.br\/transparencia\/?post_type=publicacoesdom&#038;p=17540"},"modified":"2023-03-07T14:13:35","modified_gmt":"2023-03-07T17:13:35","slug":"portaria-n-o-062-2023-semecti","status":"publish","type":"publicacoesdom","link":"https:\/\/magalhaesdealmeida.ma.gov.br\/transparencia\/publicacoesdom\/portaria-n-o-062-2023-semecti\/","title":{"rendered":"PORTARIA N.\u00ba 062\/2023 &#8211; SEMECTI"},"content":{"rendered":"<p><strong>\u201cDISP\u00d5E SOBRE A CONCESS\u00c3O DE LICEN\u00c7A SEM VENCIMENTO A SERVIDOR OCUPANTE DE CARGO DE PROVIMENTO EFETIVO DA SECRETARIA MUNICIPAL DE EDUCA\u00c7\u00c3O DE MAGALH\u00c3ES DE ALMEIDA-MA\u201d.<br \/>\n<\/strong>O Sr. Ma\u00e9lio C\u00e9sar Freitas dos Santos, Secret\u00e1rio Municipal de Educa\u00e7\u00e3o do Munic\u00edpio de Magalh\u00e3es de Almeida, Estado do Maranh\u00e3o, no uso de suas atribui\u00e7\u00f5es legais previstas na lei Org\u00e2nica do munic\u00edpio e, Regime Jur\u00eddico \u00danico do Munic\u00edpio, <strong>RESOLVE:<\/strong><br \/>\n<strong>Art. 1\u00ba<\/strong> Conceder Licen\u00e7a Sem Vencimento a pedido do servidor<strong> JOEL VIEIRA ARA\u00daJO,<\/strong> ocupante de cargo de <strong>VIGIA,<\/strong> do quadro de provimento efetivo da Secretaria Municipal de Educa\u00e7\u00e3o, de acordo com o art.\u00ba 73 da lei n\u00b0 236\/98, Regime Jur\u00eddico \u00danico.<br \/>\n<strong>Par\u00e1grafo \u2013 \u00danico:<\/strong> A Licen\u00e7a Sem Vencimento refere-se ao per\u00edodo de aquisi\u00e7\u00e3o do m\u00eas de MAR\u00c7O de 2023 ao m\u00eas MAR\u00c7O de 2025, que ser\u00e1 gozada do dia de 8 de mar\u00e7o de 2023 ao dia 7 de mar\u00e7o de 2025, voltando dia 8 de mar\u00e7o de 2025.<br \/>\n<strong>Art. 2\u00ba<\/strong> Esta Portaria entra em vigor na data de sua publica\u00e7\u00e3o.<br \/>\nMagalh\u00e3es de Almeida &#8211; MA, 07 de mar\u00e7o de 2023. MA\u00c9LIO C\u00c9SAR FREITAS DOS SANTOS, SECRET\u00c1RIO MUNICIPAL DE EDUCA\u00c7\u00c3O.<\/p>\n","protected":false},"author":4,"template":"","class_list":["post-17540","publicacoesdom","type-publicacoesdom","status-publish","hentry"],"acf":{"tipo_de_publicacao_diario":"41","e_retificacao":"1","origem_do_diario":"Poder Executivo","codigo_verificador":"1ea18b06bfdabf2dccf65df848c5f71fd503149e"},"_links":{"self":[{"href":"https:\/\/magalhaesdealmeida.ma.gov.br\/transparencia\/wp-json\/wp\/v2\/publicacoesdom\/17540","targetHints":{"allow":["GET"]}}],"collection":[{"href":"https:\/\/magalhaesdealmeida.ma.gov.br\/transparencia\/wp-json\/wp\/v2\/publicacoesdom"}],"about":[{"href":"https:\/\/magalhaesdealmeida.ma.gov.br\/transparencia\/wp-json\/wp\/v2\/types\/publicacoesdom"}],"author":[{"embeddable":true,"href":"https:\/\/magalhaesdealmeida.ma.gov.br\/transparencia\/wp-json\/wp\/v2\/users\/4"}],"wp:attachment":[{"href":"https:\/\/magalhaesdealmeida.ma.gov.br\/transparencia\/wp-json\/wp\/v2\/media?parent=17540"}],"curies":[{"name":"wp","href":"https:\/\/api.w.org\/{rel}","templated":true}]}}