{"id":18089,"date":"2023-05-25T16:31:59","date_gmt":"2023-05-25T19:31:59","guid":{"rendered":"https:\/\/magalhaesdealmeida.ma.gov.br\/transparencia\/?post_type=publicacoesdom&#038;p=18089"},"modified":"2023-05-25T16:38:36","modified_gmt":"2023-05-25T19:38:36","slug":"convocacao-do-edital-de-seletivo-simplificado-n-o-001-2023-processo-seletivo-simplificado-para-contratacao-temporaria","status":"publish","type":"publicacoesdom","link":"https:\/\/magalhaesdealmeida.ma.gov.br\/transparencia\/publicacoesdom\/convocacao-do-edital-de-seletivo-simplificado-n-o-001-2023-processo-seletivo-simplificado-para-contratacao-temporaria\/","title":{"rendered":"CONVOCA\u00c7\u00c3O DO EDITAL DE SELETIVO SIMPLIFICADO N.\u00ba 001\/2023 \u2013 PROCESSO SELETIVO SIMPLIFICADO PARA CONTRATA\u00c7\u00c3O TEMPOR\u00c1RIA"},"content":{"rendered":"<p>A Prefeitura Municipal de Magalh\u00e3es de Almeida\/MA, <strong>CONVOCA<\/strong> os candidatos <strong>ABAIXO RELACIONADOS<\/strong>, pelo seletivo 01\/2023 de Magalh\u00e3es de Almeida para contrata\u00e7\u00e3o tempor\u00e1ria de servidores do munic\u00edpio, a partir do <strong>RESULTADO FINAL,<\/strong> divulgado oficialmente no dia 20 de mar\u00e7o de 2023 para apresenta\u00e7\u00e3o dos documentos e prosseguimento \u00e0s etapas estabelecidas no edital. A lota\u00e7\u00e3o dos servidores, ficar\u00e1 a cargo das Secretarias Municipais de Infraestrutura e Educa\u00e7\u00e3o, Ci\u00eancia, Tecnologia e Inova\u00e7\u00e3o.<br \/>\n<strong>DOCUMENTOS:<br \/>\n<\/strong><strong>I.<\/strong> Dados Banc\u00e1rios (BANCO DO BRADESCO);<br \/>\n<strong>II .<\/strong> T\u00edtulo eleitoral;<br \/>\n<strong>III .<\/strong> E-mail;<br \/>\n<strong>IV.<\/strong> Certid\u00e3o de Quita\u00e7\u00e3o Eleitoral;<br \/>\n<strong>V.<\/strong> PASEP\/PIS;<br \/>\n<strong>VI.<\/strong> NIS;<br \/>\n<strong>VII.<\/strong> Foto 3&#215;4;<br \/>\n<strong>VIII.<\/strong> Documento de identifica\u00e7\u00e3o: Original e c\u00f3pia do RG e CPF (frente e verso) ou Carteira de Trabalho e Previd\u00eancia Social \u2013 CTPS;<br \/>\n<strong>IX.<\/strong> Comprovante de resid\u00eancia em nome do candidato (energia, \u00e1gua ou telefone), caso o comprovante de resid\u00eancia n\u00e3o esteja em nome do candidato, este dever\u00e1 estar acompanhado de Declara\u00e7\u00e3o de Resid\u00eancia do candidato que se responsabiliza pelo endere\u00e7o informado;<br \/>\n<strong>X.<\/strong> Comprovante de escolaridade.<br \/>\n<strong>LOCAL DE ENTREGA:<br \/>\n<\/strong>Audit\u00f3rio da Secretaria Municipal de Educa\u00e7\u00e3o \u2013 SEMECTI<br \/>\n<strong>DATA DA ENTREGA:<br \/>\n<\/strong>01\/06\/2023<br \/>\n<strong>HOR\u00c1RIO:<br \/>\n<\/strong>08h:00min \u00e0s 12h:000min<br \/>\n<strong>N\u00e3o haver\u00e1 prorroga\u00e7\u00e3o de prazos e hor\u00e1rios.<br \/>\n<\/strong>Certos de sua aten\u00e7\u00e3o, coloco-me \u00e0 disposi\u00e7\u00e3o para esclarecimentos adicionais.<br \/>\nMagalh\u00e3es de Almeida, 25 de maio de 2023. Atenciosamente, RAIMUNDO NONATO CARVALHO, Prefeito Municipal de Magalh\u00e3es de Almeida\/MA.<\/p>\n<table width=\"379\">\n<tbody>\n<tr>\n<td style=\"text-align: center\" colspan=\"5\" width=\"379\"><strong>CARGO: AOSD<\/strong><\/td>\n<\/tr>\n<tr>\n<td style=\"text-align: center\" width=\"30\"><strong>ORD.<\/strong><\/td>\n<td style=\"text-align: center\" width=\"48\"><strong>Inscri\u00e7\u00e3o<\/strong><\/td>\n<td style=\"text-align: center\" width=\"199\"><strong>Candidato<\/strong><\/td>\n<td style=\"text-align: center\" width=\"46\"><strong>Situa\u00e7\u00e3o<\/strong><\/td>\n<td style=\"text-align: center\" width=\"56\"><strong>Pontua\u00e7\u00e3o<\/strong><\/td>\n<\/tr>\n<tr>\n<td style=\"text-align: center\" width=\"30\">1<\/td>\n<td style=\"text-align: center\" width=\"48\">480<\/td>\n<td style=\"text-align: left\" width=\"199\">MARIA DA CONCEI\u00c7\u00c3O VIEIRA BRITO<\/td>\n<td style=\"text-align: center\" width=\"46\">CR<\/td>\n<td style=\"text-align: center\" width=\"56\">4<\/td>\n<\/tr>\n<tr>\n<td style=\"text-align: center\" width=\"30\">2<\/td>\n<td style=\"text-align: center\" width=\"48\">883<\/td>\n<td style=\"text-align: left\" width=\"199\">ZELIA MARIA MOREIRA VERAS<\/td>\n<td style=\"text-align: center\" width=\"46\">CR<\/td>\n<td style=\"text-align: center\" width=\"56\">4<\/td>\n<\/tr>\n<tr>\n<td style=\"text-align: center\" width=\"30\">3<\/td>\n<td style=\"text-align: center\" width=\"48\">281<\/td>\n<td style=\"text-align: left\" width=\"199\">RAIMUNDA NONATA CARDOSO DOS SANTOS<\/td>\n<td style=\"text-align: center\" width=\"46\">CR<\/td>\n<td style=\"text-align: center\" width=\"56\">4<\/td>\n<\/tr>\n<tr>\n<td style=\"text-align: center\" width=\"30\">4<\/td>\n<td style=\"text-align: center\" width=\"48\">395<\/td>\n<td style=\"text-align: left\" width=\"199\">RAIMUNDA NONATA COSTA AMORIM<\/td>\n<td style=\"text-align: center\" width=\"46\">CR<\/td>\n<td style=\"text-align: center\" width=\"56\">4<\/td>\n<\/tr>\n<tr>\n<td style=\"text-align: center\" width=\"30\">5<\/td>\n<td style=\"text-align: center\" width=\"48\">966<\/td>\n<td style=\"text-align: left\" width=\"199\">SARIA GARCES DA SILVA<\/td>\n<td style=\"text-align: center\" width=\"46\">CR<\/td>\n<td style=\"text-align: center\" width=\"56\">4<\/td>\n<\/tr>\n<tr>\n<td style=\"text-align: center\" width=\"30\">6<\/td>\n<td style=\"text-align: center\" width=\"48\">362<\/td>\n<td style=\"text-align: left\" width=\"199\">MARIA HELISIANE DA CONCEICAO SILVA<\/td>\n<td style=\"text-align: center\" width=\"46\">CR<\/td>\n<td style=\"text-align: center\" width=\"56\">4<\/td>\n<\/tr>\n<tr>\n<td style=\"text-align: center\" width=\"30\">7<\/td>\n<td style=\"text-align: center\" width=\"48\">528<\/td>\n<td style=\"text-align: left\" width=\"199\">MARIA C\u00c9LIA DA SILVA<\/td>\n<td style=\"text-align: center\" width=\"46\">CR<\/td>\n<td style=\"text-align: center\" width=\"56\">4<\/td>\n<\/tr>\n<tr>\n<td style=\"text-align: center\" width=\"30\">8<\/td>\n<td style=\"text-align: center\" width=\"48\">612<\/td>\n<td style=\"text-align: left\" width=\"199\">ANGELINA DOS SANTOS SILVA<\/td>\n<td style=\"text-align: center\" width=\"46\">CR<\/td>\n<td style=\"text-align: center\" width=\"56\">4<\/td>\n<\/tr>\n<tr>\n<td style=\"text-align: center\" width=\"30\">9<\/td>\n<td style=\"text-align: center\" width=\"48\">1086<\/td>\n<td style=\"text-align: left\" width=\"199\">RAIMUNDA NONATA COSTA OLIVEIRA<\/td>\n<td style=\"text-align: center\" width=\"46\">CR<\/td>\n<td style=\"text-align: center\" width=\"56\">4<\/td>\n<\/tr>\n<tr>\n<td style=\"text-align: center\" width=\"30\">10<\/td>\n<td style=\"text-align: center\" width=\"48\">75<\/td>\n<td style=\"text-align: left\" width=\"199\">MARIA DE JESUS SILVA<\/td>\n<td style=\"text-align: center\" width=\"46\">CR<\/td>\n<td style=\"text-align: center\" width=\"56\">4<\/td>\n<\/tr>\n<tr>\n<td style=\"text-align: center\" width=\"30\">11<\/td>\n<td style=\"text-align: center\" width=\"48\">617<\/td>\n<td style=\"text-align: left\" width=\"199\">CLENISVALDA CARDOSO DE SOUSA CUNHA<\/td>\n<td style=\"text-align: center\" width=\"46\">CR<\/td>\n<td style=\"text-align: center\" width=\"56\">4<\/td>\n<\/tr>\n<tr>\n<td style=\"text-align: center\" width=\"30\">12<\/td>\n<td style=\"text-align: center\" width=\"48\">1047<\/td>\n<td style=\"text-align: left\" width=\"199\">FRANCISCA MARIA DOS SANTOS COSTA<\/td>\n<td style=\"text-align: center\" width=\"46\">CR<\/td>\n<td style=\"text-align: center\" width=\"56\">4<\/td>\n<\/tr>\n<tr>\n<td style=\"text-align: center\" width=\"30\">13<\/td>\n<td style=\"text-align: center\" width=\"48\">45<\/td>\n<td style=\"text-align: left\" width=\"199\">MARIA DOS REMEDIOS GOMES DA SILVA<\/td>\n<td style=\"text-align: center\" width=\"46\">CR<\/td>\n<td style=\"text-align: center\" width=\"56\">4<\/td>\n<\/tr>\n<tr>\n<td style=\"text-align: center\" width=\"30\">14<\/td>\n<td style=\"text-align: center\" width=\"48\">692<\/td>\n<td style=\"text-align: left\" width=\"199\">MARIA DA CONCEI\u00c7\u00c3O DE ARA\u00daJO SILVA<\/td>\n<td style=\"text-align: center\" width=\"46\">CR<\/td>\n<td style=\"text-align: center\" width=\"56\">4<\/td>\n<\/tr>\n<tr>\n<td style=\"text-align: center\" width=\"30\">15<\/td>\n<td style=\"text-align: center\" width=\"48\">338<\/td>\n<td style=\"text-align: left\" width=\"199\">ARLINETE ALVES BRAGA<\/td>\n<td style=\"text-align: center\" width=\"46\">CR<\/td>\n<td style=\"text-align: center\" width=\"56\">4<\/td>\n<\/tr>\n<tr>\n<td style=\"text-align: center\" width=\"30\">16<\/td>\n<td style=\"text-align: center\" width=\"48\">360<\/td>\n<td style=\"text-align: left\" width=\"199\">DAIANE SOUZA COSTA<\/td>\n<td style=\"text-align: center\" width=\"46\">CR<\/td>\n<td style=\"text-align: center\" width=\"56\">4<\/td>\n<\/tr>\n<\/tbody>\n<\/table>\n","protected":false},"author":4,"template":"","class_list":["post-18089","publicacoesdom","type-publicacoesdom","status-publish","hentry"],"acf":{"tipo_de_publicacao_diario":"0","e_retificacao":"1","origem_do_diario":"Poder Executivo","codigo_verificador":"dd6661a0b7b35a6ec28a180fc884ec345e127789"},"_links":{"self":[{"href":"https:\/\/magalhaesdealmeida.ma.gov.br\/transparencia\/wp-json\/wp\/v2\/publicacoesdom\/18089","targetHints":{"allow":["GET"]}}],"collection":[{"href":"https:\/\/magalhaesdealmeida.ma.gov.br\/transparencia\/wp-json\/wp\/v2\/publicacoesdom"}],"about":[{"href":"https:\/\/magalhaesdealmeida.ma.gov.br\/transparencia\/wp-json\/wp\/v2\/types\/publicacoesdom"}],"author":[{"embeddable":true,"href":"https:\/\/magalhaesdealmeida.ma.gov.br\/transparencia\/wp-json\/wp\/v2\/users\/4"}],"wp:attachment":[{"href":"https:\/\/magalhaesdealmeida.ma.gov.br\/transparencia\/wp-json\/wp\/v2\/media?parent=18089"}],"curies":[{"name":"wp","href":"https:\/\/api.w.org\/{rel}","templated":true}]}}