{"id":18133,"date":"2023-06-01T15:21:42","date_gmt":"2023-06-01T18:21:42","guid":{"rendered":"https:\/\/magalhaesdealmeida.ma.gov.br\/transparencia\/?post_type=publicacoesdom&#038;p=18133"},"modified":"2023-06-01T15:22:38","modified_gmt":"2023-06-01T18:22:38","slug":"18133","status":"publish","type":"publicacoesdom","link":"https:\/\/magalhaesdealmeida.ma.gov.br\/transparencia\/publicacoesdom\/18133\/","title":{"rendered":"Rela\u00e7\u00e3o de Candidatos Deferidos e Indeferidos no Processo Seletivo para Conselheiro Tutelar do Munic\u00edpio de Magalh\u00e3es de Almeida \u2013 MA"},"content":{"rendered":"<table width=\"379\">\n<tbody>\n<tr>\n<td style=\"text-align: center\" width=\"28\"><strong>N.\u00ba<\/strong><\/td>\n<td style=\"text-align: center\" width=\"269\"><strong>NOME<\/strong><\/td>\n<td style=\"text-align: center\" width=\"82\"><strong>SITUA\u00c7\u00c3O<\/strong><\/td>\n<\/tr>\n<tr>\n<td style=\"text-align: center\">1<\/td>\n<td>Carlos Ant\u00f4nio Costa Ara\u00fajo<\/td>\n<td style=\"text-align: center\">DEFERIDO<\/td>\n<\/tr>\n<tr>\n<td style=\"text-align: center\">2<\/td>\n<td>Myrelly dos Santos Ara\u00fajo<\/td>\n<td style=\"text-align: center\">DEFERIDO<\/td>\n<\/tr>\n<tr>\n<td style=\"text-align: center\">3<\/td>\n<td>Ionara de Carvalho Teixeira Reis<\/td>\n<td style=\"text-align: center\">DEFERIDO<\/td>\n<\/tr>\n<tr>\n<td style=\"text-align: center\">4<\/td>\n<td>Arihosto de Sousa<\/td>\n<td style=\"text-align: center\">DEFERIDO<\/td>\n<\/tr>\n<tr>\n<td style=\"text-align: center\">5<\/td>\n<td>Ana Carolina Silva Braga<\/td>\n<td style=\"text-align: center\">DEFERIDO<\/td>\n<\/tr>\n<tr>\n<td style=\"text-align: center\">6<\/td>\n<td>Marcos Fernandes de Almeida Filho<\/td>\n<td style=\"text-align: center\">DEFERIDO<\/td>\n<\/tr>\n<tr>\n<td style=\"text-align: center\">7<\/td>\n<td>Jos\u00e9 Miranda de Ara\u00fajo J\u00fanior<\/td>\n<td style=\"text-align: center\">DEFERIDO<\/td>\n<\/tr>\n<tr>\n<td style=\"text-align: center\">8<\/td>\n<td>Ricardo Marques Sousa<\/td>\n<td style=\"text-align: center\">DEFERIDO<\/td>\n<\/tr>\n<tr>\n<td style=\"text-align: center\">9<\/td>\n<td>Warlange Sales Caldas<\/td>\n<td style=\"text-align: center\">DEFERIDO<\/td>\n<\/tr>\n<tr>\n<td style=\"text-align: center\">10<\/td>\n<td>L\u00facia Silva Pereira<\/td>\n<td style=\"text-align: center\">INDEFERIDO<\/td>\n<\/tr>\n<tr>\n<td style=\"text-align: center\">11<\/td>\n<td>Isabele Alves dos Santos<\/td>\n<td style=\"text-align: center\">DEFERIDO<\/td>\n<\/tr>\n<tr>\n<td style=\"text-align: center\">12<\/td>\n<td>Robson da Silva<\/td>\n<td style=\"text-align: center\">INDEFERIDO<\/td>\n<\/tr>\n<tr>\n<td style=\"text-align: center\">13<\/td>\n<td>Diego Alves Mendon\u00e7a<\/td>\n<td style=\"text-align: center\">DEFERIDO<\/td>\n<\/tr>\n<tr>\n<td style=\"text-align: center\">14<\/td>\n<td>Iasmim Ara\u00fajo Coelho<\/td>\n<td style=\"text-align: center\">DEFERIDO<\/td>\n<\/tr>\n<tr>\n<td style=\"text-align: center\">15<\/td>\n<td>Denilson Marques Carvalho<\/td>\n<td style=\"text-align: center\">DEFERIDO<\/td>\n<\/tr>\n<tr>\n<td style=\"text-align: center\">16<\/td>\n<td>Maria Antonia Sousa Marques<\/td>\n<td style=\"text-align: center\">DEFERIDO<\/td>\n<\/tr>\n<tr>\n<td style=\"text-align: center\">17<\/td>\n<td>Katiane Braga Lima<\/td>\n<td style=\"text-align: center\">INDEFERIDO<\/td>\n<\/tr>\n<tr>\n<td style=\"text-align: center\">18<\/td>\n<td>Sebasti\u00e3o Ambr\u00f3sio de Sousa<\/td>\n<td style=\"text-align: center\">DEFERIDO<\/td>\n<\/tr>\n<tr>\n<td style=\"text-align: center\">19<\/td>\n<td>Samara Carvalho Damasceno<\/td>\n<td style=\"text-align: center\">DEFERIDO<\/td>\n<\/tr>\n<tr>\n<td style=\"text-align: center\">20<\/td>\n<td>Daline Silva Rocha<\/td>\n<td style=\"text-align: center\">DEFERIDO<\/td>\n<\/tr>\n<tr>\n<td style=\"text-align: center\">21<\/td>\n<td>Kaio C\u00e9sar Carvalho Silva<\/td>\n<td style=\"text-align: center\">DEFERIDO<\/td>\n<\/tr>\n<tr>\n<td style=\"text-align: center\">22<\/td>\n<td>Benedito Jos\u00e9 Esc\u00f3rcio Passos<\/td>\n<td style=\"text-align: center\">DEFERIDO<\/td>\n<\/tr>\n<tr>\n<td style=\"text-align: center\">23<\/td>\n<td>Elanie de Sousa Lima<\/td>\n<td style=\"text-align: center\">INDEFERIDO<\/td>\n<\/tr>\n<tr>\n<td style=\"text-align: center\">24<\/td>\n<td>Darine Ferreira da Costa<\/td>\n<td style=\"text-align: center\">DEFERIDO<\/td>\n<\/tr>\n<tr>\n<td style=\"text-align: center\">25<\/td>\n<td>Ivo Miranda de Sousa Lima<\/td>\n<td style=\"text-align: center\">DEFERIDO<\/td>\n<\/tr>\n<tr>\n<td style=\"text-align: center\">26<\/td>\n<td>Victor Garc\u00eas da Silva<\/td>\n<td style=\"text-align: center\">INDEFERIDO<\/td>\n<\/tr>\n<\/tbody>\n<\/table>\n<p>Magalh\u00e3es de Almeida\/MA, 01 de junho de 2023<strong>. <\/strong>Jo\u00e3o Moura dos Santos Filho, Presidente do CMDCA.<\/p>\n","protected":false},"author":4,"template":"","class_list":["post-18133","publicacoesdom","type-publicacoesdom","status-publish","hentry"],"acf":{"tipo_de_publicacao_diario":"0","e_retificacao":"1","origem_do_diario":"Poder Executivo","codigo_verificador":"eb86c10f629e4284b0737b3a74e4a0c7a2d0ecc0"},"_links":{"self":[{"href":"https:\/\/magalhaesdealmeida.ma.gov.br\/transparencia\/wp-json\/wp\/v2\/publicacoesdom\/18133","targetHints":{"allow":["GET"]}}],"collection":[{"href":"https:\/\/magalhaesdealmeida.ma.gov.br\/transparencia\/wp-json\/wp\/v2\/publicacoesdom"}],"about":[{"href":"https:\/\/magalhaesdealmeida.ma.gov.br\/transparencia\/wp-json\/wp\/v2\/types\/publicacoesdom"}],"author":[{"embeddable":true,"href":"https:\/\/magalhaesdealmeida.ma.gov.br\/transparencia\/wp-json\/wp\/v2\/users\/4"}],"wp:attachment":[{"href":"https:\/\/magalhaesdealmeida.ma.gov.br\/transparencia\/wp-json\/wp\/v2\/media?parent=18133"}],"curies":[{"name":"wp","href":"https:\/\/api.w.org\/{rel}","templated":true}]}}