{"id":18524,"date":"2023-07-28T15:07:52","date_gmt":"2023-07-28T18:07:52","guid":{"rendered":"https:\/\/magalhaesdealmeida.ma.gov.br\/transparencia\/?post_type=publicacoesdom&#038;p=18524"},"modified":"2023-07-28T15:23:51","modified_gmt":"2023-07-28T18:23:51","slug":"decreto-n-020-de-28-de-julho-de-2023","status":"publish","type":"publicacoesdom","link":"https:\/\/magalhaesdealmeida.ma.gov.br\/transparencia\/publicacoesdom\/decreto-n-020-de-28-de-julho-de-2023\/","title":{"rendered":"DECRETO N.\u00b0 020, de 28 de julho de 2023."},"content":{"rendered":"<p><strong>Disp\u00f5e sobre as compet\u00eancias, a composi\u00e7\u00e3o e o funcionamento do Conselho Municipal de Seguran\u00e7a Alimentar e Nutricional de Magalh\u00e3es de Almeida do Estado do Maranh\u00e3o no \u00e2mbito do Sistema Nacional de Seguran\u00e7a Alimentar e Nutricional &#8211; SISAN.<br \/>\n<\/strong><strong>O PREFEITO DO MUNIC\u00cdPIO DE MAGALH\u00c3ES DE ALMEIDA DO ESTADO DO MARANH\u00c3O<\/strong>, no uso de suas atribui\u00e7\u00f5es e tendo em vista o disposto na Lei n.\u00b0 458, 15 de Abril de 2015, <strong>DECRETA:<\/strong><br \/>\n<strong>CAP\u00cdTULO I<br \/>\n<\/strong><strong>DA NATUREZA E COMPET\u00caNCIA<br \/>\n<\/strong><strong>Art. <\/strong><strong>1<sup>o<\/sup> <\/strong>&#8211; O Conselho Municipal de Seguran\u00e7a Alimentar e Nutricional, \u00f3rg\u00e3o de assessoramento imediato ao Prefeito de Magalhaes de Almeida-MA, integra o Sistema Nacional de Seguran\u00e7a Alimentar e Nutricional &#8211; SISAN, institu\u00eddo pela Lei N\u00b0 11.346, de 15 de setembro, de 2006.<br \/>\n<strong>Art. <\/strong><strong>2<sup>o<\/sup><\/strong> &#8211; Compete ao <strong>CONSEA<\/strong> Municipal:<br \/>\n<strong>I<\/strong> &#8211; organizar e coordenar, em articula\u00e7\u00e3o com a CAISAN do Munic\u00edpio, a Confer\u00eancia Municipal de Seguran\u00e7a Alimentar e Nutricional convocada pelo Chefe do Poder Executivo, com periodicidade n\u00e3o superior a quatro anos;<br \/>\n<strong>II &#8211;<\/strong> definir os par\u00e2metros de composi\u00e7\u00e3o, organiza\u00e7\u00e3o e funcionamento da Confer\u00eancia;<br \/>\n<strong>III &#8211;<\/strong> propor ao Poder Executivo, considerando as delibera\u00e7\u00f5es da Confer\u00eancia Municipal de SAN, as diretrizes e as prioridades do Plano Municipal de SAN,<br \/>\nincluindo-se os requisitos or\u00e7ament\u00e1rios para sua consecu\u00e7\u00e3o;<br \/>\n<strong>IV &#8211;<\/strong> articular, acompanhar e monitorar, em regime de colabora\u00e7\u00e3o com os demais integrantes do Sistema, a implementa\u00e7\u00e3o e a converg\u00eancia de a\u00e7\u00f5es inerentes ao Plano Municipal de SAN;<br \/>\n<strong>V &#8211;<\/strong> mobilizar e apoiar entidades da sociedade civil na discuss\u00e3o e na implementa\u00e7\u00e3o de a\u00e7\u00f5es p\u00fablicas de Seguran\u00e7a Alimentar e Nutricional;<br \/>\n<strong>VI &#8211;<\/strong> estimular a amplia\u00e7\u00e3o e o aperfei\u00e7oamento dos mecanismos de participa\u00e7\u00e3o e controle social nas a\u00e7\u00f5es integrantes da Pol\u00edtica e do Plano Municipal de Seguran\u00e7a Alimentar e Nutricional;<br \/>\n<strong>VII &#8211;<\/strong> zelar pela realiza\u00e7\u00e3o do Direito Humano \u00e0 Alimenta\u00e7\u00e3o Adequada e pela sua efetividade;<br \/>\n<strong>VIII &#8211;<\/strong> manter articula\u00e7\u00e3o permanente com outros conselhos municipais de Seguran\u00e7a Alimentar e Nutricional, com o Conselho Estadual de Seguran\u00e7a Alimentar e Nutricional e com o Conselho Nacional de Seguran\u00e7a Alimentar e Nutricional relativos \u00e0s a\u00e7\u00f5es associadas \u00e0 Pol\u00edtica e ao Plano Nacional de Seguran\u00e7a Alimentar e Nutricional; e<br \/>\n<strong>IX &#8211;<\/strong> elaborar e aprovar o seu regimento interno.<br \/>\n<strong>\u00a71\u00b0: O CONSEA<\/strong> Municipal manter\u00e1 di\u00e1logo permanente com a C\u00e2mara Intersetorial Municipal de Seguran\u00e7a Alimentar e Nutricional, para proposi\u00e7\u00e3o das diretrizes e prioridades da Pol\u00edtica e do Plano Municipal de Seguran\u00e7a Alimentar e Nutricional, inclusive quanto aos requisitos or\u00e7ament\u00e1rios para sua consecu\u00e7\u00e3o.<br \/>\n<strong>\u00a72\u00b0:<\/strong> Na aus\u00eancia de convoca\u00e7\u00e3o por parte do Chefe do Poder Executivo no prazo regulamentar, a Confer\u00eancia Municipal de Seguran\u00e7a Alimentar e Nutricional ser\u00e1 convocada pelo <strong>CONSEA<\/strong> Municipal.<br \/>\n<strong>CAP\u00cdTULO II<br \/>\n<\/strong><strong>DA COMPOSI\u00c7\u00c3O<br \/>\n<\/strong><strong>Art. <\/strong><strong>3<sup>o<\/sup><\/strong> &#8211; <strong>O CONSEA<\/strong> Municipal ser\u00e1 composto por 09 (nove) membros, titulares e suplentes, dos quais dois ter\u00e7os de representantes da sociedade civil, cabendo a representante deste segmento exercer a presid\u00eancia do conselho, e um ter\u00e7o de representantes governamentais, conforme disposto no art. da Lei n\u00b0 458, de 15 de Abril de 2015.<br \/>\n<strong>\u00a71<sup>o<\/sup> <\/strong>A representa\u00e7\u00e3o governamental no <strong>CONSEA<\/strong> Municipal ser\u00e1 exercida pelos seguintes membros titulares:<br \/>\n<strong>I &#8211;<\/strong> os Secret\u00e1rios Municipais:<br \/>\n<strong>a)<\/strong> Assist\u00eancia Social.<br \/>\n<strong>b)<\/strong> Educa\u00e7\u00e3o.<br \/>\n<strong>c)<\/strong> Agricultura, Pesca, Pecu\u00e1ria e Meio Ambiente.<br \/>\n<strong>d)<\/strong> Sa\u00fade.<br \/>\n<strong>\u00a72<sup>o<\/sup><\/strong> Os representantes da sociedade civil ser\u00e3o escolhidos conforme crit\u00e9rios de indica\u00e7\u00e3o estabelecidos pelas Confer\u00eancias Estadual e Municipal de Seguran\u00e7a Alimentar e Nutricional.<br \/>\n<strong>\u00a73<sup>o<\/sup><\/strong> Poder\u00e3o compor o <strong>CONSEA<\/strong> Municipal, na qualidade de observadores, representantes de conselhos afins, de organismos internacionais e do Minist\u00e9rio P\u00fablico, indicados pelos titulares das respectivas institui\u00e7\u00f5es, mediante convite formulado pelo Presidente do <strong>CONSEA<\/strong> Municipal.<br \/>\n<strong>Art. <\/strong><strong>4<sup>o<\/sup><\/strong> &#8211; Os representantes da sociedade civil, titulares e suplentes eleitos, bem como os suplentes da representa\u00e7\u00e3o governamental, ser\u00e3o designados pelo Prefeito.<br \/>\n<strong>Par\u00e1grafo \u00fanico.<\/strong> Os representantes da sociedade civil ter\u00e3o mandato de dois anos, permitida a recondu\u00e7\u00e3o.<br \/>\n<strong>Art. <\/strong><strong>5<sup>o<\/sup><\/strong> &#8211;<strong> O CONSEA<\/strong> Municipal, previamente ao t\u00e9rmino do mandato dos conselheiros representantes da sociedade civil, constituir\u00e1 comiss\u00e3o, composta por, pelo menos, 03 membros, dos quais 1\/3 ser\u00e1 representante da sociedade civil, inclu\u00eddo o Presidente do Conselho, e os demais ser\u00e3o representantes do Governo, inclu\u00eddo o Secret\u00e1rio-Geral.<br \/>\n<strong>\u00a71<sup>o<\/sup> <\/strong>Cabe \u00e0 comiss\u00e3o elaborar lista com proposta de representa\u00e7\u00e3o da sociedade civil que compor\u00e1 o <strong>CONSEA<\/strong> Municipal, a ser submetida ao Prefeito, observados os crit\u00e9rios de representa\u00e7\u00e3o deliberados pela Confer\u00eancia Estadual e Municipal de Seguran\u00e7a Alimentar e Nutricional.<br \/>\n<strong>\u00a72<sup>o<\/sup><\/strong> A comiss\u00e3o ter\u00e1 prazo de quarenta e cinco dias, ap\u00f3s a realiza\u00e7\u00e3o da Confer\u00eancia Estadual de Seguran\u00e7a Alimentar e Nutricional ou ao t\u00e9rmino do mandato dos conselheiros, para apresentar proposta de representa\u00e7\u00e3o da sociedade civil no <strong>CONSEA<\/strong> Municipal ao Chefe do Poder Executivo.<br \/>\n<strong>Art. <\/strong><strong>6<sup>o<\/sup><\/strong> &#8211; <strong>O CONSEA<\/strong> Municipal tem a seguinte organiza\u00e7\u00e3o:<br \/>\n<strong>I &#8211;<\/strong> Plen\u00e1rio;<br \/>\n<strong>II &#8211;<\/strong> Secretaria Geral;<br \/>\n<strong>III &#8211;<\/strong> Secretaria Executiva;<br \/>\n<strong>IV &#8211;<\/strong> Comiss\u00f5es Tem\u00e1ticas.<br \/>\n<strong>Se\u00e7\u00e3o I<\/strong><br \/>\n<strong>Da Presid\u00eancia e da Secretaria Geral<br \/>\n<\/strong><strong>Art. <\/strong><strong>7<sup>o<\/sup><\/strong> &#8211; <strong>O CONSEA<\/strong> Municipal ser\u00e1 presidido por um representante da sociedade civil, eleito pelo Conselho, entre seus membros, e designado pelo Prefeito.<br \/>\n<strong>Par\u00e1grafo \u00fanico<\/strong>. No prazo de trinta dias, ap\u00f3s a designa\u00e7\u00e3o dos conselheiros, o Secret\u00e1rio- Geral convocar\u00e1 reuni\u00e3o, durante a qual ser\u00e1 indicado o novo Presidente do <strong>CONSEA<\/strong> Municipal.<br \/>\n<strong>Art. <\/strong><strong>8<sup>o<\/sup><\/strong> &#8211; Ao Presidente incumbe:<br \/>\n<strong>I &#8211;<\/strong> zelar pelo cumprimento das delibera\u00e7\u00f5es do <strong>CONSEA<\/strong> Municipal;<br \/>\n<strong>II &#8211;<\/strong> representar externamente o<strong> CONSEA<\/strong> Municipal;<br \/>\n<strong>III &#8211;<\/strong> convocar, presidir e coordenar as reuni\u00f5es do <strong>CONSEA<\/strong> Municipal;<br \/>\n<strong>IV &#8211;<\/strong> manter interlocu\u00e7\u00e3o permanente com a C\u00e2mara Intersetorial de Seguran\u00e7a Alimentar e Nutricional;<br \/>\n<strong>V &#8211;<\/strong> convocar reuni\u00f5es extraordin\u00e1rias, juntamente com o Secret\u00e1rio Geral; e<br \/>\n<strong>VI &#8211;<\/strong> propor e instalar comiss\u00f5es tem\u00e1ticas e grupos de trabalho, designando o coordenador e os demais membros, bem como estabelecendo prazo para apresenta\u00e7\u00e3o de resultados, conforme deliberado pelo <strong>CONSEA<\/strong> Municipal.<br \/>\n<strong>Art. <\/strong><strong>9<sup>o<\/sup><\/strong> &#8211; Compete \u00e0 Secretaria Geral assessorar o <strong>CONSEA<\/strong> Municipal.<br \/>\n<strong>Par\u00e1grafo \u00fanico.<\/strong> O Secret\u00e1rio Municipal de Agricultura, Pesca, Pecu\u00e1ria e Meio Ambiente ser\u00e1 o Secret\u00e1rio-Geral do <strong>CONSEA<\/strong> Municipal.<br \/>\n<strong>Art. <\/strong><strong>10 &#8211;<\/strong> Ao Secret\u00e1rio-Geral incumbe:<br \/>\n<strong>I &#8211;<\/strong> submeter \u00e0 an\u00e1lise da C\u00e2mara Intersetorial de Seguran\u00e7a Alimentar e Nutricional as propostas do <strong>CONSEA<\/strong> Municipal de diretrizes e prioridades da Pol\u00edtica e do Plano Estadual de Seguran\u00e7a Alimentar e Nutricional, incluindo-se os requisitos or\u00e7ament\u00e1rios para sua consecu\u00e7\u00e3o;<br \/>\n<strong>II &#8211;<\/strong> manter o <strong>CONSEA<\/strong> Municipal informado sobre a aprecia\u00e7\u00e3o, pela C\u00e2mara Intersetorial de Seguran\u00e7a Alimentar e Nutricional, das propostas encaminhadas por aquele Conselho;<br \/>\n<strong>III &#8211;<\/strong> acompanhar a an\u00e1lise e o encaminhamento das propostas e recomenda\u00e7\u00f5es aprovadas pelo <strong>CONSEA<\/strong> Municipal nas inst\u00e2ncias respons\u00e1veis, apresentando relat\u00f3rio ao Conselho;<br \/>\n<strong>IV &#8211;<\/strong> promover a integra\u00e7\u00e3o das a\u00e7\u00f5es municipais com as a\u00e7\u00f5es previstas nos Planos Nacional e Estadual de Seguran\u00e7a Alimentar e Nutricional;<br \/>\n<strong>V &#8211;<\/strong> instituir grupos de trabalho intersecretariais para estudar e propor a\u00e7\u00f5es governamentais integradas relacionadas ao Plano Municipal de Seguran\u00e7a Alimentar e Nutricional;<br \/>\n<strong>VI &#8211;<\/strong> substituir o Presidente em seus impedimentos; e<br \/>\n<strong>VII &#8211;<\/strong> presidir a C\u00e2mara Intersetorial de Seguran\u00e7a Alimentar e Nutricional.<strong><br \/>\n<\/strong><strong>Se\u00e7\u00e3o II<\/strong><br \/>\n<strong>Da Secretaria-Executiva<\/strong><br \/>\n<strong>Art. <\/strong><strong>11 &#8211;<\/strong> Para o cumprimento de suas fun\u00e7\u00f5es, o <strong>CONSEA<\/strong> Municipal contar\u00e1, em sua estrutura organizacional, com uma Secretaria Executiva, que dar\u00e1 suporte t\u00e9cnico e administrativo ao seu funcionamento.<br \/>\n<strong>Par\u00e1grafo \u00fanico.<\/strong> Os recursos or\u00e7ament\u00e1rios e financeiros necess\u00e1rios \u00e0 estrutura\u00e7\u00e3o e funcionamento da Secretaria Executiva ser\u00e3o consignados diretamente no or\u00e7amento do Governo Municipal.<br \/>\n<strong>Art. <\/strong><strong>12<\/strong> &#8211; Compete \u00e0 Secretaria Executiva:<br \/>\n<strong>I &#8211;<\/strong> assistir o Presidente e o Secret\u00e1rio Geral do <strong>CONSEA<\/strong> Municipal, no \u00e2mbito de suas atribui\u00e7\u00f5es;<br \/>\n<strong>II &#8211;<\/strong> estabelecer comunica\u00e7\u00e3o permanente com os conselhos municipais de Seguran\u00e7a Alimentar e Nutricional e com o <strong>CONSEA<\/strong> Nacional, mantendo-os informados e orientados acerca das atividades e propostas do <strong>CONSEA<\/strong> Municipal;<br \/>\n<strong>III &#8211;<\/strong> assessorar e assistir o Presidente do <strong>CONSEA<\/strong> Municipal em seu relacionamento com a C\u00e2mara Intersetorial de Seguran\u00e7a Alimentar e Nutricional, \u00f3rg\u00e3os da administra\u00e7\u00e3o p\u00fablica, organiza\u00e7\u00f5es da sociedade civil; e<br \/>\n<strong>IV &#8211;<\/strong> subsidiar as comiss\u00f5es tem\u00e1ticas, grupos de trabalho e conselheiros com informa\u00e7\u00f5es e estudos, visando auxiliar a formula\u00e7\u00e3o e an\u00e1lise das propostas apreciadas pelo <strong>CONSEA<\/strong> Municipal.<br \/>\n<strong>Art. <\/strong><strong>13 &#8211;<\/strong> Incumbe ao Secret\u00e1rio Executivo do<strong> CONSEA<\/strong> Municipal dirigir, coordenar e orientar o planejamento, a execu\u00e7\u00e3o e avalia\u00e7\u00e3o das atividades da Secretaria Executiva, sem preju\u00edzo de outras atribui\u00e7\u00f5es que lhes forem cometidas pelo Presidente e pelo Secret\u00e1rio Geral do Conselho.<br \/>\n<strong>Art. <\/strong><strong>14 &#8211;<\/strong> Para o desempenho de suas atribui\u00e7\u00f5es, a Secretaria-Executiva contar\u00e1 com estrutura espec\u00edfica, nos termos estabelecidos em decreto, que dispor\u00e1 sobre os quantitativos de cargos em comiss\u00e3o e fun\u00e7\u00f5es de confian\u00e7a para essa finalidade.<br \/>\n<strong>CAP\u00cdTULO III<\/strong><br \/>\n<strong>DO FUNCIONAMENTO<\/strong><br \/>\n<strong>Art. <\/strong><strong>15 &#8211; <\/strong>Poder\u00e3o participar das reuni\u00f5es do <strong>CONSEA<\/strong> Municipal, a convite de seu presidente, representantes de outros \u00f3rg\u00e3os ou entidades p\u00fablicas, municipais, estaduais, nacionais e internacionais, bem como pessoas que representem a sociedade civil, cuja participa\u00e7\u00e3o, de acordo com a pauta da reuni\u00e3o, seja justific\u00e1vel.<br \/>\n<strong>Art. <\/strong><strong>16 &#8211;<\/strong> <strong>O CONSEA<\/strong> Municipal contar\u00e1 com comiss\u00f5es tem\u00e1ticas de car\u00e1ter permanente, que preparar\u00e3o as propostas a serem por ele apreciadas, e grupos de trabalho, de car\u00e1ter tempor\u00e1rio, para estudar e propor medidas espec\u00edficas no seu \u00e2mbito de atua\u00e7\u00e3o.<br \/>\n<strong>Art. <\/strong><strong>17 &#8211;<\/strong> As requisi\u00e7\u00f5es de pessoal para ter exerc\u00edcio na Secretaria-Executiva do <strong>CONSEA<\/strong> Municipal ser\u00e3o feitas por interm\u00e9dio da Prefeitura.<br \/>\n<strong>Art. <\/strong><strong>18<\/strong> &#8211; O desempenho de fun\u00e7\u00e3o na Secretaria-Executiva do <strong>CONSEA<\/strong> Municipal constitui, para o militar, atividade de natureza militar e servi\u00e7o relevante e, para o pessoal civil, servi\u00e7o relevante e t\u00edtulo de merecimento, para todos os efeitos da vida funcional.<br \/>\n<strong>Art. <\/strong><strong>19<\/strong> &#8211; Este Decreto entra em vigor na data de sua publica\u00e7\u00e3o ficando revogados os decretos contr\u00e1rios, em especial o de n\u00b0 14\/2015.<br \/>\nMagalh\u00e3es de Almeida\/MA, 28 de julho de 2023. <strong>RAIMUNDO NONATO CARVALHO, <\/strong><strong>PREFEITO MUNICIPAL.<\/strong><\/p>\n","protected":false},"author":4,"template":"","class_list":["post-18524","publicacoesdom","type-publicacoesdom","status-publish","hentry"],"acf":{"tipo_de_publicacao_diario":"23","e_retificacao":"1","origem_do_diario":"Poder Executivo","codigo_verificador":"87b2c58866451a18d631b770b8ed759a933a5231"},"_links":{"self":[{"href":"https:\/\/magalhaesdealmeida.ma.gov.br\/transparencia\/wp-json\/wp\/v2\/publicacoesdom\/18524","targetHints":{"allow":["GET"]}}],"collection":[{"href":"https:\/\/magalhaesdealmeida.ma.gov.br\/transparencia\/wp-json\/wp\/v2\/publicacoesdom"}],"about":[{"href":"https:\/\/magalhaesdealmeida.ma.gov.br\/transparencia\/wp-json\/wp\/v2\/types\/publicacoesdom"}],"author":[{"embeddable":true,"href":"https:\/\/magalhaesdealmeida.ma.gov.br\/transparencia\/wp-json\/wp\/v2\/users\/4"}],"wp:attachment":[{"href":"https:\/\/magalhaesdealmeida.ma.gov.br\/transparencia\/wp-json\/wp\/v2\/media?parent=18524"}],"curies":[{"name":"wp","href":"https:\/\/api.w.org\/{rel}","templated":true}]}}