{"id":18549,"date":"2023-08-02T15:02:09","date_gmt":"2023-08-02T18:02:09","guid":{"rendered":"https:\/\/magalhaesdealmeida.ma.gov.br\/transparencia\/?post_type=publicacoesdom&#038;p=18549"},"modified":"2023-08-02T15:02:09","modified_gmt":"2023-08-02T18:02:09","slug":"4a-convocacao-do-edital-de-seletivo-simplificado-n-o-001-2023-processo-seletivo-simplificado-para-contratacao-temporaria","status":"publish","type":"publicacoesdom","link":"https:\/\/magalhaesdealmeida.ma.gov.br\/transparencia\/publicacoesdom\/4a-convocacao-do-edital-de-seletivo-simplificado-n-o-001-2023-processo-seletivo-simplificado-para-contratacao-temporaria\/","title":{"rendered":"4\u00aa CONVOCA\u00c7\u00c3O DO EDITAL DE SELETIVO SIMPLIFICADO N.\u00ba 001\/2023 \u2013 PROCESSO SELETIVO SIMPLIFICADO PARA CONTRATA\u00c7\u00c3O TEMPOR\u00c1RIA"},"content":{"rendered":"<p>A Prefeitura Municipal de Magalh\u00e3es de Almeida \u2013 MA, <strong>CONVOCA<\/strong> os candidatos <strong>ABAIXO RELACIONADOS<\/strong>, pelo seletivo 001\/2023 de Magalh\u00e3es de Almeida para contrata\u00e7\u00e3o tempor\u00e1ria de servidores do munic\u00edpio, a partir do <strong>RESULTADO FINAL,<\/strong> divulgado oficialmente no dia 20 de mar\u00e7o de 2023 para apresenta\u00e7\u00e3o dos documentos e prosseguimento \u00e0s etapas estabelecidas no edital. A lota\u00e7\u00e3o dos servidores, ficar\u00e1 a cargo das Secretarias Municipais de Infraestrutura e Educa\u00e7\u00e3o, Ci\u00eancia, Tecnologia e Inova\u00e7\u00e3o.<br \/>\n<strong>DOCUMENTOS:<br \/>\nI &#8211;<\/strong> Dados Banc\u00e1rios (BANCO DO BRADESCO);<br \/>\n<strong>II &#8211;<\/strong> T\u00edtulo eleitoral;<br \/>\n<strong>III &#8211;<\/strong> E-mail;<br \/>\n<strong>IV &#8211;<\/strong> Certid\u00e3o de Quita\u00e7\u00e3o Eleitoral;<br \/>\n<strong>V &#8211;<\/strong> PASEP\/PIS;<br \/>\n<strong>VI &#8211;<\/strong> NIS;<br \/>\n<strong>VII &#8211;<\/strong> Foto 3&#215;4;<br \/>\n<strong>VIII &#8211;<\/strong> Documento de identifica\u00e7\u00e3o: Original e c\u00f3pia do RG e CPF (frente e verso) ou Carteira de Trabalho e Previd\u00eancia Social \u2013 CTPS;<br \/>\n<strong>IX &#8211;<\/strong> Comprovante de resid\u00eancia em nome do candidato (energia, \u00e1gua ou telefone), caso o comprovante de resid\u00eancia n\u00e3o esteja em nome do candidato, este dever\u00e1 estar acompanhado de Declara\u00e7\u00e3o de Resid\u00eancia do candidato que se responsabiliza pelo endere\u00e7o informado;<br \/>\n<strong>X &#8211;<\/strong> Comprovante de escolaridade.<br \/>\n<strong>LOCAL DE ENTREGA:<br \/>\n<\/strong>Audit\u00f3rio da Secretaria Municipal de Educa\u00e7\u00e3o \u2013 SEMECTI<br \/>\n<strong>DATA DA ENTREGA:<br \/>\n<\/strong>03\/08\/2023 e 04\/08\/2023<br \/>\n<strong>HOR\u00c1RIO:<br \/>\n<\/strong>08h:00min \u00e0s 12h:000min<br \/>\n<strong>N\u00e3o haver\u00e1 prorroga\u00e7\u00e3o de prazos e hor\u00e1rios.<\/strong><br \/>\nCertos de sua aten\u00e7\u00e3o, coloco-me \u00e0 disposi\u00e7\u00e3o para esclarecimentos adicionais.<br \/>\nMagalh\u00e3es de Almeida, 02 de agosto de 2023.<br \/>\nAtenciosamente, RAIMUNDO NONATO CARVALHO, Prefeito Municipal de Magalh\u00e3es de Almeida \u2013 MA.<br \/>\n<strong>CARGO: AOSD<br \/>\n<\/strong><\/p>\n<table width=\"393\">\n<tbody>\n<tr>\n<td width=\"32\"><strong>ORD.<\/strong><\/td>\n<td width=\"66\"><strong>INSCRI\u00c7\u00c3O<\/strong><\/td>\n<td width=\"157\"><strong>CANDIDATO<\/strong><\/td>\n<td width=\"63\"><strong>SITUA\u00c7\u00c3O<\/strong><\/td>\n<td width=\"75\"><strong>PONTUA\u00c7\u00c3O<\/strong><\/td>\n<\/tr>\n<tr>\n<td style=\"text-align: center\" width=\"32\">1.<\/td>\n<td style=\"text-align: center\" width=\"66\">366<\/td>\n<td width=\"157\">MARIA ELIENE DA SILVA<\/td>\n<td style=\"text-align: center\" width=\"63\">CR<\/td>\n<td style=\"text-align: center\" width=\"75\">4<\/td>\n<\/tr>\n<tr>\n<td style=\"text-align: center\" width=\"32\">2.<\/td>\n<td style=\"text-align: center\" width=\"66\">938<\/td>\n<td width=\"157\">MARIA LUZINETE NUNES ROCHA<\/td>\n<td style=\"text-align: center\" width=\"63\">CR<\/td>\n<td style=\"text-align: center\" width=\"75\">4<\/td>\n<\/tr>\n<tr>\n<td style=\"text-align: center\" width=\"32\">3.<\/td>\n<td style=\"text-align: center\" width=\"66\">23<\/td>\n<td width=\"157\">GISELE CARVALHO ALVES CASTANHO<\/td>\n<td style=\"text-align: center\" width=\"63\">CR<\/td>\n<td style=\"text-align: center\" width=\"75\">4<\/td>\n<\/tr>\n<tr>\n<td style=\"text-align: center\" width=\"32\">4.<\/td>\n<td style=\"text-align: center\" width=\"66\">733<\/td>\n<td width=\"157\">FABIANA CUNHA SANTANA<\/td>\n<td style=\"text-align: center\" width=\"63\">CR<\/td>\n<td style=\"text-align: center\" width=\"75\">4<\/td>\n<\/tr>\n<tr>\n<td style=\"text-align: center\" width=\"32\">5.<\/td>\n<td style=\"text-align: center\" width=\"66\">766<\/td>\n<td width=\"157\">KEICIANE DA SILVA OLIVEIRA<\/td>\n<td style=\"text-align: center\" width=\"63\">CR<\/td>\n<td style=\"text-align: center\" width=\"75\">4<\/td>\n<\/tr>\n<tr>\n<td style=\"text-align: center\" width=\"32\">6.<\/td>\n<td style=\"text-align: center\" width=\"66\">502<\/td>\n<td width=\"157\">SARA ALVES LEAO<\/td>\n<td style=\"text-align: center\" width=\"63\">CR<\/td>\n<td style=\"text-align: center\" width=\"75\">4<\/td>\n<\/tr>\n<tr>\n<td style=\"text-align: center\" width=\"32\">7.<\/td>\n<td style=\"text-align: center\" width=\"66\">919<\/td>\n<td width=\"157\">TAIN\u00c1 RODRIGUES SILVA<\/td>\n<td style=\"text-align: center\" width=\"63\">CR<\/td>\n<td style=\"text-align: center\" width=\"75\">4<\/td>\n<\/tr>\n<tr>\n<td style=\"text-align: center\" width=\"32\">8.<\/td>\n<td style=\"text-align: center\" width=\"66\">224<\/td>\n<td width=\"157\">RAIANE SILVA ERINEU<\/td>\n<td style=\"text-align: center\" width=\"63\">CR<\/td>\n<td style=\"text-align: center\" width=\"75\">4<\/td>\n<\/tr>\n<tr>\n<td style=\"text-align: center\" width=\"32\">9.<\/td>\n<td style=\"text-align: center\" width=\"66\">252<\/td>\n<td width=\"157\">SAMARA ALVES MOREIRA<\/td>\n<td style=\"text-align: center\" width=\"63\">CR<\/td>\n<td style=\"text-align: center\" width=\"75\">4<\/td>\n<\/tr>\n<tr>\n<td style=\"text-align: center\" width=\"32\">10.<\/td>\n<td style=\"text-align: center\" width=\"66\">475<\/td>\n<td width=\"157\">MANUELLY SANTOS SOUSA<\/td>\n<td style=\"text-align: center\" width=\"63\">CR<\/td>\n<td style=\"text-align: center\" width=\"75\">4<\/td>\n<\/tr>\n<tr>\n<td style=\"text-align: center\" width=\"32\">11.<\/td>\n<td style=\"text-align: center\" width=\"66\">1097<\/td>\n<td width=\"157\">IARIA SILVA BRAGA<\/td>\n<td style=\"text-align: center\" width=\"63\">CR<\/td>\n<td style=\"text-align: center\" width=\"75\">4<\/td>\n<\/tr>\n<\/tbody>\n<\/table>\n","protected":false},"author":4,"template":"","class_list":["post-18549","publicacoesdom","type-publicacoesdom","status-publish","hentry"],"acf":{"tipo_de_publicacao_diario":"28","e_retificacao":"1","origem_do_diario":"Poder Executivo","codigo_verificador":"312833d7bec3c0dac5205d30cf7dc9b5e73daf9e"},"_links":{"self":[{"href":"https:\/\/magalhaesdealmeida.ma.gov.br\/transparencia\/wp-json\/wp\/v2\/publicacoesdom\/18549","targetHints":{"allow":["GET"]}}],"collection":[{"href":"https:\/\/magalhaesdealmeida.ma.gov.br\/transparencia\/wp-json\/wp\/v2\/publicacoesdom"}],"about":[{"href":"https:\/\/magalhaesdealmeida.ma.gov.br\/transparencia\/wp-json\/wp\/v2\/types\/publicacoesdom"}],"author":[{"embeddable":true,"href":"https:\/\/magalhaesdealmeida.ma.gov.br\/transparencia\/wp-json\/wp\/v2\/users\/4"}],"wp:attachment":[{"href":"https:\/\/magalhaesdealmeida.ma.gov.br\/transparencia\/wp-json\/wp\/v2\/media?parent=18549"}],"curies":[{"name":"wp","href":"https:\/\/api.w.org\/{rel}","templated":true}]}}