{"id":18594,"date":"2023-08-07T14:10:47","date_gmt":"2023-08-07T17:10:47","guid":{"rendered":"https:\/\/magalhaesdealmeida.ma.gov.br\/transparencia\/?post_type=publicacoesdom&#038;p=18594"},"modified":"2023-08-07T14:16:18","modified_gmt":"2023-08-07T17:16:18","slug":"lei-n-o-576-2023","status":"publish","type":"publicacoesdom","link":"https:\/\/magalhaesdealmeida.ma.gov.br\/transparencia\/publicacoesdom\/lei-n-o-576-2023\/","title":{"rendered":"LEI N.\u00ba 576\/2023"},"content":{"rendered":"<p><strong>Cria cargos efetivos para o quadro de servidores de provimento efetivo do munic\u00edpio de Magalh\u00e3es de Almeida\/MA e d\u00e1 outras provid\u00eancias.<br \/>\n<\/strong><strong>O PREFEITO MUNICIPAL DE MAGALH\u00c3ES DE ALMEIDA, ESTADO DO MARANH\u00c3O,<\/strong> no uso de suas atribui\u00e7\u00f5es que lhe s\u00e3o conferidas por Lei, <strong>FA\u00c7O SABER<\/strong> que a C\u00e2mara Municipal de Vereadores aprovou e eu <strong>SANCIONO<\/strong> a seguinte Lei:<br \/>\n<strong>Art. 1\u00ba &#8211;<\/strong> Por esta Lei cria-se cargos de provimento efetivo para o quadro de servidores de provimento efetivo do munic\u00edpio de Magalh\u00e3es de Almeida\/MA, de acordo com os Anexos e partes integrantes desta Lei, nas quantidades, denomina\u00e7\u00f5es, cargas hor\u00e1rias semanais, n\u00edveis remunerat\u00f3rios e requisitos de escolaridade ali indicados, que passar\u00e1 a integrar a Lei Municipal n\u00ba 491, de 02 de outubro de 2017, como <strong>ANEXO I,<\/strong> revogando os dispositivos dos demais anexos quanto aos cargos de igual denomina\u00e7\u00e3o.<br \/>\n<strong>Art. 2\u00ba<\/strong> &#8211; Os cargos criados por esta Lei, regidos pelo estatuto dos servidores p\u00fablicos municipais, ser\u00e3o providos por concurso p\u00fablico de provas ou de provas e t\u00edtulos na forma da Constitui\u00e7\u00e3o Federal.<br \/>\n<strong>\u00a71\u00ba <\/strong>&#8211; Fica a empresa repons\u00e1vel pela realiza\u00e7\u00e3o do certame obrigada a incluir o percentual de 10% (dez por cento) das quest\u00f5es do concurso p\u00fablico com os seguintes temas: literatura, cultura, hist\u00f3ria e geografia referentes ao Munic\u00edpio de Magalh\u00e3es de Almeida.<br \/>\n<strong>\u00a72\u00b0- <\/strong>Ficam exclu\u00eddos da exig\u00eancia do par\u00e1grafo anterior apenas os cargos cujo n\u00edvel de escolaridade exigido seja o de fundamental incompleto.<br \/>\n<strong>\u00a73\u00ba<\/strong>&#8211; Fica garantido aos profissionais contratados temporariamente com base na Lei Municipal n\u00ba 563 de 23 de fevereiro de 2023, como direito adiquirido, a perman\u00eancia no servi\u00e7o p\u00fablico at\u00e9 a conclus\u00e3o do prazo previsto na referida Lei (artigos 3\u00ba, 5\u00ba, 11\u00ba e 12\u00ba) e no contrato de presta\u00e7\u00e3o de servi\u00e7os por tempo determinado, em observ\u00e2ncia do disposto no art. 5\u00ba, XXXVI da Constitui\u00e7\u00e3o Federal de 1988, que trata do respeito ao direito adquirido e ao ato jur\u00eddico perfeito.<br \/>\n<strong>\u00a74\u00ba-<\/strong> Fica criado o Cadastro de reserva com a quantidade igual \u00e0 quantidade dispon\u00edvel para cada cargo constante nos anexos desta Lei.<br \/>\n<strong>Art. 3\u00ba<\/strong> &#8211; As despesas decorrentes da aplica\u00e7\u00e3o desta Lei, observada a Lei de Responsabilidade Fiscal, correr\u00e3o \u00e0 conta dos recursos consignados no or\u00e7amento vigente, suplementados se necess\u00e1rio, na forma da legisla\u00e7\u00e3o aplic\u00e1vel.<br \/>\n<strong>Art.4\u00ba-<\/strong> Esta Lei entra em vigor na data de sua publica\u00e7\u00e3o e seu Anexo integrar\u00e1 a Lei n\u00ba 491, de 02 de outubro de 2017, como <strong>ANEXO I<\/strong>, revogando-se apenas as disposi\u00e7\u00f5es em contr\u00e1rio.<br \/>\nPal\u00e1cio Benedito Lima e Silva, Gabinete do Prefeito Municipal de Magalh\u00e3es de Almeida\/MA, em 07 de agosto de 2023. RAIMUNDO NONATO CARVALHO, Prefeito Municipal.<br \/>\n<strong>ANEXO I<\/strong><br \/>\n<strong>QUADRO DOS CARGOS DE PROVIMENTO EFETIVO &#8211; DISTRIBUI\u00c7\u00c3O DE FUN\u00c7\u00c3O, VAGAS E SAL\u00c1RIO.<br \/>\n<\/strong><strong>SECRETARIA MUNICIPAL DE EDUCA\u00c7\u00c3O, CI\u00caNCIAS, TECNOLOGIA E INOVA\u00c7\u00c3O:<br \/>\n<\/strong><\/p>\n<table width=\"460\">\n<tbody>\n<tr>\n<td style=\"text-align: center\" width=\"100\"><strong>FUN\u00c7\u00c3O<\/strong><\/td>\n<td style=\"text-align: center\" width=\"150\"><strong>N\u00cdVEL<\/strong><\/td>\n<td style=\"text-align: center\" width=\"50\"><strong>CARGA HOR\u00c1RIA<\/strong><\/td>\n<td style=\"text-align: center\" width=\"35\"><strong>VAGA<\/strong><\/td>\n<td style=\"text-align: center\" width=\"62\"><strong>CADASTRO DE RESERVA<\/strong><\/td>\n<td style=\"text-align: center\" width=\"63\"><strong>SAL\u00c1RIO<\/strong><\/td>\n<\/tr>\n<tr>\n<td style=\"text-align: center\" width=\"100\">Professor de Educa\u00e7\u00e3o Infantil\/Creche &#8211; N\u00edvel I<\/td>\n<td width=\"150\">M\u00e9dio Modalidade Normal\/Normal Superior\/Pedagogia<\/td>\n<td style=\"text-align: center\" width=\"50\">40h<\/td>\n<td style=\"text-align: center\" width=\"35\">4<\/td>\n<td style=\"text-align: center\" width=\"62\">4<\/td>\n<td style=\"text-align: right\" width=\"63\">R$ 4.420,55<\/td>\n<\/tr>\n<tr>\n<td style=\"text-align: center\" width=\"100\">Professor &#8211; N\u00edvel I<\/td>\n<td width=\"150\">M\u00e9dio Modalidade Normal\/Normal Superior\/Pedagogia<\/td>\n<td style=\"text-align: center\" width=\"50\">40h<\/td>\n<td style=\"text-align: center\" width=\"35\">4<\/td>\n<td style=\"text-align: center\" width=\"62\">4<\/td>\n<td style=\"text-align: right\" width=\"63\">R$ 4.420,55<\/td>\n<\/tr>\n<tr>\n<td style=\"text-align: center\" width=\"100\">Professor de Educa\u00e7\u00e3o Especial\/Inclusiva &#8211; N\u00edvel II<\/td>\n<td width=\"150\">Pedagogia\u00a0 com curso de especializa\u00e7\u00e3o em educa\u00e7\u00e3o especial\/Inclusiva e\/ou capacita\u00e7\u00e3o em educa\u00e7\u00e3o Especial\/Inclusiva com no m\u00ednimo 160horas<\/td>\n<td style=\"text-align: center\" width=\"50\">40h<\/td>\n<td style=\"text-align: center\" width=\"35\">1<\/td>\n<td style=\"text-align: center\" width=\"62\">1<\/td>\n<td style=\"text-align: right\" width=\"63\">R$ 4.420,55<\/td>\n<\/tr>\n<tr>\n<td style=\"text-align: center\" width=\"100\">Professor de Musica &#8211; N\u00edvel I<\/td>\n<td width=\"150\">Licenciatura Plena em Musica<\/td>\n<td style=\"text-align: center\" width=\"50\">20h<\/td>\n<td style=\"text-align: center\" width=\"35\">1<\/td>\n<td style=\"text-align: center\" width=\"62\">1<\/td>\n<td style=\"text-align: right\" width=\"63\">R$ 2.210,30<\/td>\n<\/tr>\n<tr>\n<td style=\"text-align: center\" width=\"100\">Professor de Matem\u00e1tica &#8211; N\u00edvel II<\/td>\n<td width=\"150\">Licenciatura Plena em Matem\u00e1tica e\/ou com forma\u00e7\u00e3o em ci\u00eancias exatas com habilita\u00e7\u00e3o em matem\u00e1tica<\/td>\n<td style=\"text-align: center\" width=\"50\">40h<\/td>\n<td style=\"text-align: center\" width=\"35\">2<\/td>\n<td style=\"text-align: center\" width=\"62\">2<\/td>\n<td style=\"text-align: right\" width=\"63\">R$ 6.188,77<\/td>\n<\/tr>\n<tr>\n<td style=\"text-align: center\" width=\"100\">Professor de Hist\u00f3ria &#8211; N\u00edvel II<\/td>\n<td width=\"150\">Licenciatura Plena em Hist\u00f3ria e\/ou com forma\u00e7\u00e3o em ci\u00eancias humanas com habilita\u00e7\u00e3o em hist\u00f3ria<\/td>\n<td style=\"text-align: center\" width=\"50\">40h<\/td>\n<td style=\"text-align: center\" width=\"35\">1<\/td>\n<td style=\"text-align: center\" width=\"62\">1<\/td>\n<td style=\"text-align: right\" width=\"63\">R$ 6.188,77<\/td>\n<\/tr>\n<tr>\n<td style=\"text-align: center\" width=\"100\">Professor de L\u00edngua Portuguesa &#8211; N\u00edvel II<\/td>\n<td width=\"150\">Licenciatura Plena em L\u00edngua Portuguesa e\/ou com forma\u00e7\u00e3o em Linguagens e C\u00f3digos com habilita\u00e7\u00e3o em L\u00edngua Portuguesa<\/td>\n<td style=\"text-align: center\" width=\"50\">40h<\/td>\n<td style=\"text-align: center\" width=\"35\">1<\/td>\n<td style=\"text-align: center\" width=\"62\">1<\/td>\n<td style=\"text-align: right\" width=\"63\">R$ 6.188,77<\/td>\n<\/tr>\n<tr>\n<td style=\"text-align: center\" width=\"100\">Professor de Ci\u00eancias &#8211; N\u00edvel II<\/td>\n<td width=\"150\">Licenciatura Plena em Ci\u00eancias Biol\u00f3gicas\/ Biologia e\/ou com forma\u00e7\u00e3o em Ci\u00eancias da Natureza com habilita\u00e7\u00e3o em Biologia, Qu\u00edmica ou F\u00edsica<\/td>\n<td style=\"text-align: center\" width=\"50\">40h<\/td>\n<td style=\"text-align: center\" width=\"35\">1<\/td>\n<td style=\"text-align: center\" width=\"62\">1<\/td>\n<td style=\"text-align: right\" width=\"63\">R$ 6.188,77<\/td>\n<\/tr>\n<tr>\n<td style=\"text-align: center\" width=\"100\">Psic\u00f3logo<\/td>\n<td width=\"150\">Bacharel em Psicologia e Registro no Conselho de Psicologia<\/td>\n<td style=\"text-align: center\" width=\"50\">40h<\/td>\n<td style=\"text-align: center\" width=\"35\">1<\/td>\n<td style=\"text-align: center\" width=\"62\">1<\/td>\n<td style=\"text-align: right\" width=\"63\">R$ 2.500,00<\/td>\n<\/tr>\n<tr>\n<td style=\"text-align: center\" width=\"100\">Assistente Social<\/td>\n<td width=\"150\">Bacharel em Servi\u00e7o Social e Registro no Conselho<\/td>\n<td style=\"text-align: center\" width=\"50\">30h<\/td>\n<td style=\"text-align: center\" width=\"35\">1<\/td>\n<td style=\"text-align: center\" width=\"62\">1<\/td>\n<td style=\"text-align: right\" width=\"63\">R$ 2.500,00<\/td>\n<\/tr>\n<\/tbody>\n<\/table>\n<p><strong>ANEXO II<br \/>\n<\/strong><strong>SECRETARIA MUNICIPAL DE ADMINISTRA\u00c7\u00c3O:<br \/>\n<\/strong><\/p>\n<table width=\"474\">\n<tbody>\n<tr>\n<td style=\"text-align: center\" width=\"100\"><strong>FUN\u00c7\u00c3O<\/strong><\/td>\n<td style=\"text-align: center\" width=\"150\"><strong>N\u00cdVEL<\/strong><\/td>\n<td style=\"text-align: center\" width=\"50\"><strong>CARGA HOR\u00c1RIA<\/strong><\/td>\n<td style=\"text-align: center\" width=\"36\"><strong>VAGA<\/strong><\/td>\n<td style=\"text-align: center\" width=\"63\"><strong>CADASTRO DE RESERVA<\/strong><\/td>\n<td style=\"text-align: center\" width=\"75\"><strong>SAL\u00c1RIO<\/strong><\/td>\n<\/tr>\n<tr>\n<td style=\"text-align: center\" width=\"100\">Vigia<\/td>\n<td width=\"150\">Fundamental incompleto<\/td>\n<td style=\"text-align: center\" width=\"50\">40h<\/td>\n<td style=\"text-align: center\" width=\"36\">25<\/td>\n<td style=\"text-align: center\" width=\"63\">25<\/td>\n<td style=\"text-align: right\" width=\"75\">R$ 1.350,00<\/td>\n<\/tr>\n<tr>\n<td style=\"text-align: center\" width=\"100\">Auxiliar Operacional de Servi\u00e7os Diverso-AOSD<\/td>\n<td width=\"150\">Fundamental incompleto<\/td>\n<td style=\"text-align: center\" width=\"50\">40h<\/td>\n<td style=\"text-align: center\" width=\"36\">30<\/td>\n<td style=\"text-align: center\" width=\"63\">30<\/td>\n<td style=\"text-align: right\" width=\"75\">R$ 1.350,00<\/td>\n<\/tr>\n<tr>\n<td style=\"text-align: center\" width=\"100\">Motorista C<\/td>\n<td width=\"150\">Fundamental incompleto<\/td>\n<td style=\"text-align: center\" width=\"50\">40h<\/td>\n<td style=\"text-align: center\" width=\"36\">10<\/td>\n<td style=\"text-align: center\" width=\"63\">10<\/td>\n<td style=\"text-align: right\" width=\"75\">R$ 1.600,00<\/td>\n<\/tr>\n<\/tbody>\n<\/table>\n<p><strong>ANEXO III<br \/>\n<\/strong><strong>SECRETARIA MUNICIPAL DE INFRAESTRUTURA:<br \/>\n<\/strong><\/p>\n<table width=\"474\">\n<tbody>\n<tr>\n<td style=\"text-align: center\" width=\"100\"><strong>FUN\u00c7\u00c3O<\/strong><\/td>\n<td style=\"text-align: center\" width=\"150\"><strong>N\u00cdVEL<\/strong><\/td>\n<td style=\"text-align: center\" width=\"50\"><strong>CARGA HOR\u00c1RIA<\/strong><\/td>\n<td style=\"text-align: center\" width=\"36\"><strong>VAGA<\/strong><\/td>\n<td style=\"text-align: center\" width=\"63\"><strong>CADASTRO DE REVERVA<\/strong><\/td>\n<td style=\"text-align: center\" width=\"75\"><strong>SAL\u00c1R<\/strong>IO<\/td>\n<\/tr>\n<tr>\n<td style=\"text-align: center\" width=\"100\">Eletricista<\/td>\n<td width=\"150\">Ensino Fundamental incompleto<\/td>\n<td style=\"text-align: center\" width=\"50\">40 h<\/td>\n<td style=\"text-align: center\" width=\"36\">2<\/td>\n<td style=\"text-align: center\" width=\"63\">2<\/td>\n<td style=\"text-align: right\" width=\"75\">R$ 1.400,00<\/td>\n<\/tr>\n<tr>\n<td style=\"text-align: center\" width=\"100\">Motorista C<\/td>\n<td width=\"150\">Fundamental incompleto<\/td>\n<td style=\"text-align: center\" width=\"50\">40h<\/td>\n<td style=\"text-align: center\" width=\"36\">2<\/td>\n<td style=\"text-align: center\" width=\"63\">2<\/td>\n<td style=\"text-align: right\" width=\"75\">R$ 1.600,00<\/td>\n<\/tr>\n<tr>\n<td style=\"text-align: center\" width=\"100\">Mec\u00e2nico<\/td>\n<td width=\"150\">Fundamental incompleto<\/td>\n<td style=\"text-align: center\" width=\"50\">40h<\/td>\n<td style=\"text-align: center\" width=\"36\">2<\/td>\n<td style=\"text-align: center\" width=\"63\">2<\/td>\n<td style=\"text-align: right\" width=\"75\">R$ 1.600,00<\/td>\n<\/tr>\n<\/tbody>\n<\/table>\n<p><strong>ANEXO IV<br \/>\n<\/strong><strong>SECRETARIA MUNICIPAL DE ASSIST\u00caNCIA SOCIAL:<br \/>\n<\/strong><\/p>\n<table width=\"474\">\n<tbody>\n<tr>\n<td style=\"text-align: center\" width=\"100\"><strong>FUN\u00c7\u00c3O<\/strong><\/td>\n<td style=\"text-align: center\" width=\"150\"><strong>N\u00cdVEL<\/strong><\/td>\n<td style=\"text-align: center\" width=\"50\"><strong>CARGA HOR\u00c1RIA<\/strong><\/td>\n<td style=\"text-align: center\" width=\"36\"><strong>VAGA<\/strong><\/td>\n<td style=\"text-align: center\" width=\"63\"><strong>CADASTRO DE REVERVA<\/strong><\/td>\n<td style=\"text-align: center\" width=\"75\"><strong>SAL\u00c1RIO<\/strong><\/td>\n<\/tr>\n<tr>\n<td style=\"text-align: center\" width=\"100\">Assistente Social<\/td>\n<td width=\"150\">Bacharel em Servi\u00e7o Social e Registro no Conselho<\/td>\n<td style=\"text-align: center\" width=\"50\">30h<\/td>\n<td style=\"text-align: center\" width=\"36\">1<\/td>\n<td style=\"text-align: center\" width=\"63\">1<\/td>\n<td style=\"text-align: right\" width=\"75\">R$ 2.500,00<\/td>\n<\/tr>\n<tr>\n<td style=\"text-align: center\" width=\"100\">Psic\u00f3logo<\/td>\n<td width=\"150\">Bacharel em Psicologia e Registro no Conselho de Psicologia<\/td>\n<td style=\"text-align: center\" width=\"50\">40h<\/td>\n<td style=\"text-align: center\" width=\"36\">1<\/td>\n<td style=\"text-align: center\" width=\"63\">1<\/td>\n<td style=\"text-align: right\" width=\"75\">R$ 2.500,00<\/td>\n<\/tr>\n<\/tbody>\n<\/table>\n<p><strong>ANEXO V DO EDITAL N.\u00ba 01\/2023<br \/>\n<\/strong><strong>DESCRI\u00c7\u00c3O SINT\u00c9TICA DAS ATRIBUI\u00c7\u00d5ES DOS CARGOS<br \/>\n<\/strong><\/p>\n<table width=\"400\">\n<tbody>\n<tr>\n<td style=\"text-align: center\" width=\"400\"><strong>Cargo: Vigia<\/strong><\/td>\n<\/tr>\n<tr>\n<td width=\"400\"><strong>Descri\u00e7\u00e3o Sum\u00e1ria:<\/strong> Recepcionam e orientam visitantes e h\u00f3spedes. Zelam pela guarda do patrim\u00f4nio observando o comportamento e movimenta\u00e7\u00e3o de pessoas para prevenir perdas, evitar inc\u00eandios, acidentes e outras anormalidades. Controlam o fluxo de pessoas e ve\u00edculos identificando-os e encaminhando-os aos locais desejados. Recebem mercadorias, volumes diversos e correspond\u00eancias. Fazem manuten\u00e7\u00f5es simples nos locais de trabalho.<\/td>\n<\/tr>\n<tr>\n<td style=\"text-align: center\" width=\"400\"><strong>Cargo: Auxiliar Operacioal de Servi\u00e7os Diversos (AOSD)<\/strong><\/td>\n<\/tr>\n<tr>\n<td width=\"400\"><strong>Descri\u00e7\u00e3o Sum\u00e1ria:<\/strong> Auxiliar Operacional de Servi\u00e7os Diversos (AOSD) \u00e9 o profissional que ajuda diferentes setores e profissionais de uma empresa. As atividades de um Auxiliar de Servi\u00e7os Gerais podem incluir: limpeza do local de trabalho, controle de materiais, organiza\u00e7\u00e3o dos ambientes, atendimento e diferentes tipos de servi\u00e7os de manuten\u00e7\u00e3o.<\/td>\n<\/tr>\n<tr>\n<td style=\"text-align: center\" width=\"400\"><strong>Cargo: Mec\u00e2nico\u00a0<\/strong><\/td>\n<\/tr>\n<tr>\n<td width=\"400\"><strong>Descri\u00e7\u00e3o Sum\u00e1ria:<\/strong> Montar, manter e reparar equipamentos mec\u00e2nicos, bem como executar a manuten\u00e7\u00e3o preventiva e corretiva de maquin\u00e1rio e autom\u00f3veis.<\/td>\n<\/tr>\n<tr>\n<td style=\"text-align: center\" width=\"400\"><strong>Cargo: Professor &#8211; N\u00edvel I\u00a0<\/strong><\/td>\n<\/tr>\n<tr>\n<td width=\"400\"><strong>Descri\u00e7\u00e3o Sum\u00e1ria:<\/strong> Ministram aulas (comunica\u00e7\u00e3o e express\u00e3o, integra\u00e7\u00e3o social e inicia\u00e7\u00e3o \u00e0s ci\u00eancias) nas quatro primeiras s\u00e9ries do ensino fundamental. Preparam aulas; efetuam registros burocr\u00e1ticos e pedag\u00f3gicos; participam na elabora\u00e7\u00e3o do projeto pedag\u00f3gico; planejam o curso de acordo com as diretrizes educacionais. Atuam em reuni\u00f5es administrativas e pedag\u00f3gicas; organizam eventos e atividades sociais, culturais e pedag\u00f3gicas. Para o desenvolvimento das atividades utilizam constantemente capacidades de comunica\u00e7\u00e3o. Dever\u00e1 tamb\u00e9m possuir disponibilidade de deslocamento para Zona Rural.<\/td>\n<\/tr>\n<tr>\n<td style=\"text-align: center\" width=\"400\"><strong>Cargo: Professor de Matem\u00e1tica &#8211; N\u00edvel II<\/strong><\/td>\n<\/tr>\n<tr>\n<td width=\"400\"><strong>Descri\u00e7\u00e3o Sum\u00e1ria:<\/strong> Ministram aulas (comunica\u00e7\u00e3o e express\u00e3o, integra\u00e7\u00e3o social e inicia\u00e7\u00e3o \u00e0s ci\u00eancias) nos quatro anos finais do ensino fundamental. Preparam aulas; efetuam registros burocr\u00e1ticos e pedag\u00f3gicos; participam na elabora\u00e7\u00e3o do projeto pedag\u00f3gico; planejam o curso de acordo com as diretrizes educacionais. Atuam em reuni\u00f5es administrativas e pedag\u00f3gicas; organizam eventos e atividades sociais, culturais e pedag\u00f3gicas. Para o desenvolvimento das atividades utilizam constantemente capacidades de comunica\u00e7\u00e3o. Dever\u00e1 tamb\u00e9m possuir disponibilidade de deslocamento para Zona Rural.<\/td>\n<\/tr>\n<tr>\n<td style=\"text-align: center\" width=\"400\"><strong>Cargo: Professor de Hist\u00f3ria &#8211; N\u00edvel II<\/strong><\/td>\n<\/tr>\n<tr>\n<td width=\"400\"><strong>Descri\u00e7\u00e3o Sum\u00e1ria:<\/strong> Ministram aulas (comunica\u00e7\u00e3o e express\u00e3o, integra\u00e7\u00e3o social e inicia\u00e7\u00e3o \u00e0s ci\u00eancias) nos quatro anos finais do ensino fundamental. Preparam aulas; efetuam registros burocr\u00e1ticos e pedag\u00f3gicos; participam na elabora\u00e7\u00e3o do projeto pedag\u00f3gico; planejam o curso de acordo com as diretrizes educacionais. Atuam em reuni\u00f5es administrativas e pedag\u00f3gicas; organizam eventos e atividades sociais, culturais e pedag\u00f3gicas. Para o desenvolvimento das atividades utilizam constantemente capacidades de comunica\u00e7\u00e3o. Dever\u00e1 tamb\u00e9m possuir disponibilidade de deslocamento para Zona Rural.<\/td>\n<\/tr>\n<tr>\n<td style=\"text-align: center\" width=\"400\"><strong>Cargo: Professor de Ci\u00eancias &#8211; N\u00edvel II<\/strong><\/td>\n<\/tr>\n<tr>\n<td width=\"400\"><strong>Descri\u00e7\u00e3o Sum\u00e1ria:<\/strong> Ministram aulas (comunica\u00e7\u00e3o e express\u00e3o, integra\u00e7\u00e3o social e inicia\u00e7\u00e3o \u00e0s ci\u00eancias) nos quatro anos finais do ensino fundamental. Preparam aulas; efetuam registros burocr\u00e1ticos e pedag\u00f3gicos; participam na elabora\u00e7\u00e3o do projeto pedag\u00f3gico; planejam o curso de acordo com as diretrizes educacionais. Atuam em reuni\u00f5es administrativas e pedag\u00f3gicas; organizam eventos e atividades sociais, culturais e pedag\u00f3gicas. Para o desenvolvimento das atividades utilizam constantemente capacidades de comunica\u00e7\u00e3o. Dever\u00e1 tamb\u00e9m possuir disponibilidade de deslocamento para Zona Rural.<\/td>\n<\/tr>\n<tr>\n<td style=\"text-align: center\" width=\"400\"><strong>Cargo: Professor Educa\u00e7\u00e3o Infantil\/Creche &#8211; N\u00edvel I\u00a0<\/strong><\/td>\n<\/tr>\n<tr>\n<td width=\"400\"><strong>Descri\u00e7\u00e3o Sum\u00e1ria:<\/strong> Ministram aulas (comunica\u00e7\u00e3o e express\u00e3o, integra\u00e7\u00e3o social e inicia\u00e7\u00e3o \u00e0s ci\u00eancias) Educa\u00e7\u00e3o Infantil e Creche. Preparam aulas; efetuam registros burocr\u00e1ticos e pedag\u00f3gicos; participam na elabora\u00e7\u00e3o do projeto pedag\u00f3gico; planejam o curso de acordo com as diretrizes educacionais. Atuam em reuni\u00f5es administrativas e pedag\u00f3gicas; organizam eventos e atividades sociais, culturais e pedag\u00f3gicas. Para o desenvolvimento das atividades utilizam constantemente capacidades de comunica\u00e7\u00e3o. Dever\u00e1 tamb\u00e9m possuir disponibilidade de deslocamento para Zona Rural.<\/td>\n<\/tr>\n<tr>\n<td style=\"text-align: center\" width=\"400\"><strong>Cargo: Professor de Educa\u00e7\u00e3o Especial\/Inclusiva &#8211; N\u00edvel II<\/strong><\/td>\n<\/tr>\n<tr>\n<td width=\"400\"><strong>Descri\u00e7\u00e3o Sum\u00e1ria:<\/strong> Ministram aulas. Atua no atendimento de alunos p\u00fablico alvo da educa\u00e7\u00e3o especial. O professor de educa\u00e7\u00e3o Especial desenvolve planos de aula de acordo com \u00e0s necessidades de aprendizagem dos alunos. Ele busca atividades e recursos que possam ser facilmente adaptados \u00e0s necessidades e especificidades de cada aluno. As atribui\u00e7\u00f5es inerentes a fun\u00e7\u00e3o: Avaliar as habilidades e necessidades de aprendizagem das crian\u00e7as; Elaborar e executar o plano de Ensino Individualizado( PEIS). Fazer relat\u00f3rios sobre o desenvolvimento do aluno; Colaborar com pais e a equipe de apoio para o desenvolvimento da crian\u00e7a. Produzir \/ou organizar materiais pedag\u00f3gicos adaptados de acessibilidade para o desenvolvimento do aluno de acordo com sua especificidade. Mediar nas atividades escolares juntamente com os professores regentes de sala. Para o desenvolvimento das atividades utilizam constantemente capacidades de comunica\u00e7\u00e3o. Dever\u00e1 tamb\u00e9m possu\u00edrem disponibilidade de deslocamento para Zona Rural.<\/td>\n<\/tr>\n<tr>\n<td style=\"text-align: center\" width=\"400\"><strong>Cargo: Psic\u00f3logo<\/strong><\/td>\n<\/tr>\n<tr>\n<td width=\"400\"><strong>Descri\u00e7\u00e3o Sum\u00e1ria:<\/strong> Compete ao psic\u00f3logo e ao psic\u00f3logo, em sua \u00e1rea de atua\u00e7\u00e3o, considerar os contextos sociais, escolares, educacionais e o Projeto Pol\u00edtico-Pedag\u00f3gico das Unidades Educacionais atendidas, em articula\u00e7\u00e3o com as \u00e1reas da Sa\u00fade, da Assist\u00eancia Social, dos Direitos Humanos, da Justi\u00e7a, desempenhando as seguintes atribui\u00e7\u00f5es.<\/td>\n<\/tr>\n<tr>\n<td style=\"text-align: center\" width=\"400\"><strong>Cargo: Assistente Social<\/strong><\/td>\n<\/tr>\n<tr>\n<td width=\"400\"><strong>Descri\u00e7\u00e3o Sum\u00e1ria:<\/strong> elaborar, coordenar, analisar e executar programas em diferentes \u00e1reas, como educa\u00e7\u00e3o, habita\u00e7\u00e3o, assist\u00eancia social, cultura e sa\u00fade. Al\u00e9m disso, s\u00e3o eles que ficam em contato direto com as pessoas em situa\u00e7\u00f5es de vulnerabilidade.<\/td>\n<\/tr>\n<tr>\n<td style=\"text-align: center\" width=\"400\"><strong>Cargo: Eletricista\u00a0<\/strong><\/td>\n<\/tr>\n<tr>\n<td width=\"400\"><strong>Descri\u00e7\u00e3o Sum\u00e1ria:<\/strong> Planejam servi\u00e7os de manuten\u00e7\u00e3o e instala\u00e7\u00e3o eletroeletr\u00f4nica e realizam manuten\u00e7\u00f5es preventiva, preditiva e corretiva. Instalam sistemas e componentes eletroeletr\u00f4nicos e realizam medi\u00e7\u00f5es e testes. Elaboram documenta\u00e7\u00e3o t\u00e9cnica e trabalham em conformidade com normas e procedimentos t\u00e9cnicos e de qualidade, seguran\u00e7a, higiene, sa\u00fade e preserva\u00e7\u00e3o ambiental.<\/td>\n<\/tr>\n<tr>\n<td style=\"text-align: center\" width=\"400\"><strong>Cargo: Professor de M\u00fasica\u00a0<\/strong><\/td>\n<\/tr>\n<tr>\n<td width=\"400\"><strong>Descri\u00e7\u00e3o Sum\u00e1ria:<\/strong> S\u00e3o atribui\u00e7\u00f5es do Professor de M\u00fasica: ministrar aulas Pr\u00e1ticas e Te\u00f3ricas de M\u00fasicas; preparar material de apoio \u00e0 instru\u00e7\u00e3o Musical; zelar pela conserva\u00e7\u00e3o, manuten\u00e7\u00e3o e guarda dos respectivos materiais de trabalho. Para o desenvolvimento das atividades utilizam constantemente capacidades de comunica\u00e7\u00e3o. Dever\u00e1 tamb\u00e9m possuir disponibilidade de deslocamento para Zona Rural.<\/td>\n<\/tr>\n<tr>\n<td style=\"text-align: center\" width=\"400\"><strong>Cargo: Motorista Categorias C, D e E<\/strong><\/td>\n<\/tr>\n<tr>\n<td width=\"400\"><strong>Descri\u00e7\u00e3o Sum\u00e1ria:<\/strong> Dirigem e manobram ve\u00edculos e transportam pessoas, cargas, valores, pacientes e material biol\u00f3gico humano. Realizam verifica\u00e7\u00f5es e manuten\u00e7\u00f5es b\u00e1sicas do ve\u00edculo e utilizam equipamentos e dispositivos especiais tais como sinaliza\u00e7\u00e3o sonora e luminosa, software de navega\u00e7\u00e3o e outros. Efetuam pagamentos e recebimentos e, no desempenho das atividades, utilizam-se de capacidades comunicativas. Trabalham seguindo normas de seguran\u00e7a, higiene, qualidade e prote\u00e7\u00e3o ao meio ambiente. Os condutores de ambul\u00e2ncia auxiliam as equipes de sa\u00fade nos atendimentos de urg\u00eancia e emerg\u00eancia.<\/td>\n<\/tr>\n<\/tbody>\n<\/table>\n<p>Pal\u00e1cio Benedito Lima e Silva, Gabinete do Prefeito Municipal de Magalh\u00e3es de Almeida\/MA, em 07 de agosto de 2023. RAIMUNDO NONATO CARVALHO, Prefeito Municipal.<\/p>\n","protected":false},"author":4,"template":"","class_list":["post-18594","publicacoesdom","type-publicacoesdom","status-publish","hentry"],"acf":{"tipo_de_publicacao_diario":"34","e_retificacao":"1","origem_do_diario":"Poder Executivo","codigo_verificador":"ee87e28b9acfeb69ecb6b5238c8e4c31a103cf1d"},"_links":{"self":[{"href":"https:\/\/magalhaesdealmeida.ma.gov.br\/transparencia\/wp-json\/wp\/v2\/publicacoesdom\/18594","targetHints":{"allow":["GET"]}}],"collection":[{"href":"https:\/\/magalhaesdealmeida.ma.gov.br\/transparencia\/wp-json\/wp\/v2\/publicacoesdom"}],"about":[{"href":"https:\/\/magalhaesdealmeida.ma.gov.br\/transparencia\/wp-json\/wp\/v2\/types\/publicacoesdom"}],"author":[{"embeddable":true,"href":"https:\/\/magalhaesdealmeida.ma.gov.br\/transparencia\/wp-json\/wp\/v2\/users\/4"}],"wp:attachment":[{"href":"https:\/\/magalhaesdealmeida.ma.gov.br\/transparencia\/wp-json\/wp\/v2\/media?parent=18594"}],"curies":[{"name":"wp","href":"https:\/\/api.w.org\/{rel}","templated":true}]}}