{"id":19236,"date":"2023-09-05T16:40:51","date_gmt":"2023-09-05T19:40:51","guid":{"rendered":"https:\/\/magalhaesdealmeida.ma.gov.br\/transparencia\/?post_type=publicacoesdom&#038;p=19236"},"modified":"2023-09-05T17:22:08","modified_gmt":"2023-09-05T20:22:08","slug":"ata-de-registro-de-precos-n-o-016-2023-pregao-eletronico-srp-n-o-029-2023-processo-administrativo-n-o-202306038-2023-cpl","status":"publish","type":"publicacoesdom","link":"https:\/\/magalhaesdealmeida.ma.gov.br\/transparencia\/publicacoesdom\/ata-de-registro-de-precos-n-o-016-2023-pregao-eletronico-srp-n-o-029-2023-processo-administrativo-n-o-202306038-2023-cpl\/","title":{"rendered":"ATA DE REGISTRO DE PRE\u00c7OS N.\u00ba 016\/2023 &#8211; PREG\u00c3O ELETR\u00d4NICO SRP N.\u00ba 029\/2023 &#8211; PROCESSO ADMINISTRATIVO N.\u00ba 202306038\/2023 &#8211; CPL"},"content":{"rendered":"<p><strong>VALIDADE: 12 (doze) meses contados a partir da data de sua publica\u00e7\u00e3o no Di\u00e1rio Oficial da Uni\u00e3o ou do Estado do Maranh\u00e3o ou do munic\u00edpio de MAGALH\u00c3ES DE ALMEIDA\/MA.<\/strong><br \/>\nPelo presente instrumento, o Munic\u00edpio de <strong>MAGALH\u00c3ES DE ALMEIDA<\/strong>, Estado do Maranh\u00e3o, com sede administrativa na Prefeitura Municipal, localizada na Rua Manoel Pires de Castro, N.\u00ba 279, CENTRO\/CEP: 65.560-00 inscrita no CNPJ sob o N.\u00ba 06.988.976\/0001 &#8211; 09, representado neste ato pelo gestor respons\u00e1vel Sr. Francisco de Assis Arag\u00e3o, CPF N.\u00ba 376.189.208-00 CNH N.\u00ba 0124760000724, residente em Magalh\u00e3es de Almeida\/MA, <strong>RESOLVE, <\/strong>registrar os pre\u00e7os da empresa <strong>BRASIL HOSP PRODUTOS MEDICOS LTDA<\/strong> inscrita no CNPJ sob o N.\u00ba 15.377.501\/0001 \u2013 69, com\u00a0 \u00a0sede na Avenida Ana Jansen, N.\u00ba 1040, Bairro S\u00e3o Francisco, CEP: 65.076-730, na cidade de S\u00e3o Lu\u00eds\/MA, representada pela Sra. <strong>MARLENE FARIA BARBOSA<\/strong>, CPF N.\u00ba 872.115.803 \u2013 75, com endere\u00e7o para correspond\u00eancia eletr\u00f4nica atrav\u00e9s do e-mail: <a href=\"mailto:administracao@brasil-hosp.com\">administracao@brasil-hosp.com<\/a>, nas quantidades \u00a0estimadas na se\u00e7\u00e3o quatro desta Ata de Registro de Pre\u00e7os, de acordo com a classifica\u00e7\u00e3o por ela alcan\u00e7ada por item, atendendo as condi\u00e7\u00f5es previstas no instrumento convocat\u00f3rio e as constantes desta Ata de Registro de Pre\u00e7os, sujeitando-se as partes \u00e0s normas constantes da Lei N.\u00ba 8.666\/93, Lei N.\u00ba 10.520\/2002, Decreto N.\u00ba 10.024\/19, Lei Complementar N.\u00ba 123\/2006 e suas altera\u00e7\u00f5es, e em conformidade com as disposi\u00e7\u00f5es a seguir:<\/p>\n<table width=\"400\">\n<tbody>\n<tr>\n<td width=\"400\"><strong>EMPRESA BENEFICI\u00c1RIA<\/strong><\/td>\n<\/tr>\n<tr>\n<td width=\"400\"><strong>NOME DA EMPRESA:<\/strong> BRASIL HOSP PRODUTOS MEDICOS LTDA<br \/>\n<strong>CNPJ:<\/strong> 15.377.501\/0001 \u2013 69<br \/>\n<strong>ENDERE\u00c7O:<\/strong> Avenida Ana Jansen, N.\u00ba 1040, Bairro S\u00e3o Francisco, CEP: 65.076-730, na cidade de S\u00e3o Lu\u00eds\/MA.<br \/>\n<strong>TELEFONE:<\/strong> (98) 3227 &#8211; 1116<br \/>\n<strong>E-MAIL:<\/strong> administracao@brasil-hosp.com<br \/>\n<strong>REPRESENTANTE LEGAL:<\/strong> MARLENE FARIA BARBOSA<br \/>\n<strong>CPF:<\/strong> 872.115.803 \u2013 75<\/td>\n<\/tr>\n<\/tbody>\n<\/table>\n<p><strong>1. DO OBJETO: <\/strong><strong>1.1 \u2013<\/strong> A presente licita\u00e7\u00e3o tem por objeto o Registro de Pre\u00e7o para eventual e futuro fornecimento de material odontol\u00f3gico, para atender as necessidades da Administra\u00e7\u00e3o da Prefeitura do Munic\u00edpio de Magalh\u00e3es de Almeida\/MA, conforme condi\u00e7\u00f5es e especifica\u00e7\u00f5es constantes nesta Ata, no Edital e seus anexos. <strong>1.1.1 \u2013<\/strong> Este instrumento n\u00e3o obriga aos <strong>\u00d3RG\u00c3OS E ENTIDADES<\/strong> a firmarem contrata\u00e7\u00f5es nas quantidades estimadas, podendo ocorrer licita\u00e7\u00f5es especificas para aquisi\u00e7\u00e3o do(s) produtos, obedecidas a legisla\u00e7\u00e3o pertinente, sendo assegurada ao detentor do registro a prefer\u00eancia de fornecimento, em igualdade de condi\u00e7\u00f5es. <strong>1.2 \u2013 CADASTRO DE RESERVA \u2013<\/strong> Considerando a ordena\u00e7\u00e3o final das propostas de pre\u00e7os, as empresas abaixo, solicitaram e aceitaram cotar os bens, com pre\u00e7os iguais ao da benefici\u00e1ria da ata.<br \/>\n<strong>2. ADES\u00c3O DE ORG\u00c3OS N\u00c3O PARTICIPANTES: <\/strong><strong>2.1 \u2013<\/strong> A Ata de Registro de Pre\u00e7os, durante sua vig\u00eancia, poder\u00e1 ser utilizada por qualquer \u00f3rg\u00e3o ou entidade da Administra\u00e7\u00e3o inclusive autarquias federais, estaduais ou municipais de \u00f3rg\u00e3os p\u00fablicos, estatais ou ainda de regime pr\u00f3prio que n\u00e3o tenha participado do certame licitat\u00f3rio mediante previa consulta ao \u00f3rg\u00e3o gerenciador. <strong>2.2 \u2013<\/strong> Os \u00f3rg\u00e3os e entidades que n\u00e3o participaram do registro de pre\u00e7os, quando desejarem fazer uso da Ata de Registro de Pre\u00e7os, dever\u00e3o manifestar seu interesse junto ao \u00f3rg\u00e3o gerenciador da Ata, para que este indique os poss\u00edveis fornecedores e respectivos pre\u00e7os a serem praticados, obedecida a ordem de classifica\u00e7\u00e3o. <strong>2.3 \u2013<\/strong> Caber\u00e1 ao fornecedor benefici\u00e1rio da Ata de Registro de Pre\u00e7os, observadas as condi\u00e7\u00f5es nela estabelecidas, optar pela aceita\u00e7\u00e3o ou n\u00e3o do fornecimento, independentemente dos quantitativos registrados em Ata, desde que o fornecimento n\u00e3o prejudique as obriga\u00e7\u00f5es anteriormente assumidas. <strong>2.4 \u2013<\/strong> As aquisi\u00e7\u00f5es ou contrata\u00e7\u00f5es adicionais, n\u00e3o poder\u00e3o exceder, por \u00f3rg\u00e3o ou por entidade, a 50% (cinquenta por cento) dos quantitativos registrados na Ata de Registro de Pre\u00e7os durante sua vig\u00eancia, e ainda o quantitativo decorrente das ades\u00f5es \u00e0 ata de registro de pre\u00e7os n\u00e3o poder\u00e1 exceder, na totalidade, ao dobro do quantitativo de cada item registrado na ata de registro de pre\u00e7os para o \u00f3rg\u00e3o gerenciador e para os \u00f3rg\u00e3os participantes, independentemente do n\u00famero de \u00f3rg\u00e3os n\u00e3o participantes que, desde que devidamente comprovada a vantagem e o cumprimento das exig\u00eancias da legisla\u00e7\u00e3o vigente.<br \/>\n<strong>3. DA GER\u00caNCIA DA PRESENTE ATA DE REGISTRO DE PRE\u00c7OS: <\/strong><strong>3.1 \u2013<\/strong> O gerenciamento deste instrumento caber\u00e1 a Prefeitura Municipal de Magalh\u00e3es de Almeida &#8211; MA. <strong>3.2 \u2013<\/strong> A Presente Ata ter\u00e1 validade de 12 (doze) meses, contados a partir de sua publica\u00e7\u00e3o no Jornal Oficial do Estado\/MA ou Di\u00e1rio Oficial do Munic\u00edpio. <strong>3.3 \u2013<\/strong> A Secretaria participante desta Ata de Registro de Pre\u00e7os \u00e9 a Secretaria Municipal de Sa\u00fade;<br \/>\n<strong>4. DO CONTRATO: 4.1 \u2013<\/strong> O pre\u00e7o a quantidade e a especifica\u00e7\u00e3o de material odontol\u00f3gico registrados nesta Ata encontram-se indicados na tabela abaixo:<\/p>\n<table width=\"410\">\n<tbody>\n<tr>\n<td style=\"text-align: center\" width=\"30\"><strong>ITEM<\/strong><\/td>\n<td style=\"text-align: center\" width=\"150\"><strong>DESCRI\u00c7\u00c3O<\/strong><\/td>\n<td style=\"text-align: center\" width=\"64\"><strong>MARCA<\/strong><\/td>\n<td style=\"text-align: center\" width=\"62\"><strong>UND<\/strong><\/td>\n<td style=\"text-align: center\" width=\"37\"><strong>QTD<\/strong><\/td>\n<td style=\"text-align: center\" width=\"67\"><strong>\u00a0VALOR UNIT\u00a0<\/strong><\/td>\n<\/tr>\n<tr>\n<td style=\"text-align: center\" width=\"30\">1<\/td>\n<td width=\"150\">Afastador odontol\u00f3gico, material: silicone, tipo: abridor de boca, esterilidade: autoclav\u00e1vel, formato: bloco, tamanho: adultos e infantil, apresenta\u00e7\u00e3o: conjunto<\/td>\n<td style=\"text-align: center\" width=\"64\">MAQUIRA<\/td>\n<td style=\"text-align: center\" width=\"62\">CONJUNTOS<\/td>\n<td style=\"text-align: center\" width=\"37\">100<\/td>\n<td style=\"text-align: right\" width=\"67\">\u00a0R$\u00a0\u00a0\u00a0\u00a0\u00a0\u00a0\u00a0\u00a0 12,40<\/td>\n<\/tr>\n<tr>\n<td style=\"text-align: center\" width=\"30\">2<\/td>\n<td width=\"150\">Condicionador Dental,\u00a0\u00a0\u00a0 tipo: \u00c1cido fosf\u00f3rico frasco 37% com seringas com 2,5ml cada<\/td>\n<td style=\"text-align: center\" width=\"64\">MAQUIRA<\/td>\n<td style=\"text-align: center\" width=\"62\">UNIDADES<\/td>\n<td style=\"text-align: center\" width=\"37\">500<\/td>\n<td style=\"text-align: right\" width=\"67\">\u00a0R$\u00a0 \u00a04,47<\/td>\n<\/tr>\n<tr>\n<td style=\"text-align: center\" width=\"30\">8<\/td>\n<td width=\"150\">Cimento odontol\u00f3gico, tipo: tamp\u00e3o alveolar c\/ a\u00e7\u00e3o cicatrizante, caracter\u00edstica adicional: sem eugenol, aspecto f\u00edsico: pasta<\/td>\n<td style=\"text-align: center\" width=\"64\">MAQUIRA<\/td>\n<td style=\"text-align: center\" width=\"62\">UNIDADES<\/td>\n<td style=\"text-align: center\" width=\"37\">250<\/td>\n<td style=\"text-align: right\" width=\"67\">\u00a0R$\u00a0\u00a0\u00a0\u00a0\u00a0\u00a0\u00a0\u00a0 17,77<\/td>\n<\/tr>\n<tr>\n<td style=\"text-align: center\" width=\"30\">10<\/td>\n<td width=\"150\">Anest\u00e9sico artica\u00edna a 4% com adrenalina 1:100.000, tubete em vidro, tubetes de 1,8 ml cada<\/td>\n<td style=\"text-align: center\" width=\"64\">DFL<\/td>\n<td style=\"text-align: center\" width=\"62\">TUBETES<\/td>\n<td style=\"text-align: center\" width=\"37\">20000<\/td>\n<td style=\"text-align: right\" width=\"67\">\u00a0R$\u00a0\u00a0\u00a0\u00a0\u00a0\u00a0\u00a0\u00a0\u00a0\u00a0\u00a0 4,59<\/td>\n<\/tr>\n<tr>\n<td style=\"text-align: center\" width=\"30\">11<\/td>\n<td width=\"150\">Benzoca\u00edna Uso: Gel T\u00f3pico , Concentra\u00e7\u00e3o: 20%, pote com 12g<\/td>\n<td style=\"text-align: center\" width=\"64\">DFL<\/td>\n<td style=\"text-align: center\" width=\"62\">PACOTES<\/td>\n<td style=\"text-align: center\" width=\"37\">200<\/td>\n<td style=\"text-align: right\" width=\"67\">\u00a0R$\u00a0\u00a0\u00a0\u00a0\u00a0\u00a0\u00a0\u00a0\u00a0\u00a0\u00a0 9,08<\/td>\n<\/tr>\n<tr>\n<td style=\"text-align: center\" width=\"30\">17<\/td>\n<td width=\"150\">Babador, material: papel absorvente e pl\u00e1stico, tipo uso: descart\u00e1vel, cor: branca, comprimento: 33 cm, largura: 48 cm, caracter\u00edsticas adicionais: 2 camadas papel, 1 camada pl\u00e1stico<\/td>\n<td style=\"text-align: center\" width=\"64\">SSPLUS<\/td>\n<td style=\"text-align: center\" width=\"62\">PACOTES<\/td>\n<td style=\"text-align: center\" width=\"37\">500<\/td>\n<td style=\"text-align: right\" width=\"67\">\u00a0R$\u00a0\u00a0\u00a0\u00a0\u00a0\u00a0\u00a0\u00a0 14,97<\/td>\n<\/tr>\n<tr>\n<td style=\"text-align: center\" width=\"30\">19<\/td>\n<td width=\"150\">Broca Alta Rota\u00e7\u00e3o Tipo Corte: Cir\u00fargica, Material: Carbide, Caracter\u00edstica Adicional: Picotada, Numera\u00e7\u00e3o Americana 1:\u00a0 Ref. 701, Tipo Haste: Haste Longa, Formato: Tronco C\u00f4nica<\/td>\n<td style=\"text-align: center\" width=\"64\">MICRODONT<\/td>\n<td style=\"text-align: center\" width=\"62\">UNIDADES<\/td>\n<td style=\"text-align: center\" width=\"37\">75<\/td>\n<td style=\"text-align: right\" width=\"67\">\u00a0R$\u00a0\u00a0\u00a0\u00a0\u00a0\u00a0\u00a0\u00a0\u00a0\u00a0\u00a0 7,43<\/td>\n<\/tr>\n<tr>\n<td style=\"text-align: center\">20<\/td>\n<td width=\"150\">Broca Alta Rota\u00e7\u00e3o Tipo Corte: Cir\u00fargica, Material: Carbide, Caracter\u00edstica Adicional: Picotada, Numera\u00e7\u00e3o Americana 1: Ref. 702, Tipo Haste: Haste Longa, Formato: Tronco<br \/>\nC\u00f4nica,<\/td>\n<td style=\"text-align: center\" width=\"64\">MICRODONT<\/td>\n<td style=\"text-align: center\" width=\"62\">UNIDADES<\/td>\n<td style=\"text-align: center\">75<\/td>\n<td style=\"text-align: right\" width=\"67\">\u00a0R$\u00a0\u00a0\u00a0\u00a0\u00a0\u00a0\u00a0\u00a0 21,97<\/td>\n<\/tr>\n<tr>\n<td style=\"text-align: center\">22<\/td>\n<td width=\"150\">Broca Alta Rota\u00e7\u00e3o Tipo Corte: Cir\u00fargica, Material: Carbide, Numera\u00e7\u00e3o Americana 1: Ref. 6, Tipo Haste: Haste Longa, Formato: Esf\u00e9rica Carbide, Numera\u00e7\u00e3o Americana 1: Ref. 6, Tipo<br \/>\nHaste: Haste Longa, Formato: Esf\u00e9rica<\/td>\n<td style=\"text-align: center\" width=\"64\">MICRODONT<\/td>\n<td style=\"text-align: center\" width=\"62\">UNIDADES<\/td>\n<td style=\"text-align: center\">100<\/td>\n<td style=\"text-align: right\" width=\"67\">\u00a0R$\u00a0\u00a0\u00a0\u00a0\u00a0\u00a0\u00a0\u00a0 20,07<\/td>\n<\/tr>\n<tr>\n<td style=\"text-align: center\">30<\/td>\n<td width=\"150\">Broca Diamantada 1032 material: a\u00e7o<br \/>\ninoxid\u00e1vel diamantada, formato: cone invertido, tipo haste: haste regular, tipo corte:<br \/>\ncorte m\u00e9dio<\/td>\n<td style=\"text-align: center\" width=\"64\">MICRODONT<\/td>\n<td style=\"text-align: center\" width=\"62\">UNIDADES<\/td>\n<td style=\"text-align: center\">75<\/td>\n<td style=\"text-align: right\" width=\"67\">\u00a0R$\u00a0\u00a0\u00a0\u00a0\u00a0\u00a0\u00a0\u00a0 28,08<\/td>\n<\/tr>\n<tr>\n<td style=\"text-align: center\" width=\"30\">40<\/td>\n<td width=\"150\">Broca Diamantada\u00a0 2200 material: a\u00e7o inoxid\u00e1vel diamantada, formato:\u00a0 c\u00f4nica, caracter\u00edstica adicional: topo em chama, tipo haste: haste regular, tipo corte: corte m\u00e9dio, numera\u00e7\u00e3o americana: 2200<\/td>\n<td style=\"text-align: center\" width=\"64\">MICRODONT<\/td>\n<td style=\"text-align: center\" width=\"62\">UNIDADES<\/td>\n<td style=\"text-align: center\" width=\"37\">75<\/td>\n<td style=\"text-align: right\" width=\"67\">\u00a0R$\u00a0\u00a0\u00a0\u00a0\u00a0\u00a0\u00a0\u00a0\u00a0\u00a0\u00a0 3,53<\/td>\n<\/tr>\n<tr>\n<td style=\"text-align: center\" width=\"30\">41<\/td>\n<td width=\"150\">Broca Diamantada\u00a0 3083 material: a\u00e7o inoxid\u00e1vel diamantada, formato: tronco c\u00f4nica, caracter\u00edstica adicional:\u00a0 topo inativo,\u00a0 tipo haste: haste regular, tipo corte: corte m\u00e9dio, numera\u00e7\u00e3o americana: 3083<\/td>\n<td style=\"text-align: center\" width=\"64\">MICRODONT<\/td>\n<td style=\"text-align: center\" width=\"62\">UNIDADES<\/td>\n<td style=\"text-align: center\" width=\"37\">75<\/td>\n<td style=\"text-align: right\">\u00a0R$\u00a0\u00a0\u00a0\u00a0\u00a0\u00a0\u00a0\u00a0\u00a0\u00a0\u00a0 8,04<\/td>\n<\/tr>\n<tr>\n<td style=\"text-align: center\" width=\"30\">43<\/td>\n<td width=\"150\">Broca Diamantada 3118 F tipo chama material: a\u00e7o inoxid\u00e1vel diamantada, formato: chama, tipo haste: haste curta, tipo corte: corte fino, numera\u00e7\u00e3o americana 1: ref. 3118f<\/td>\n<td style=\"text-align: center\" width=\"64\">MICRODONT<\/td>\n<td style=\"text-align: center\" width=\"62\">UNIDADES<\/td>\n<td style=\"text-align: center\" width=\"37\">75<\/td>\n<td style=\"text-align: right\">\u00a0R$\u00a0\u00a0\u00a0\u00a0\u00a0\u00a0\u00a0\u00a0\u00a0\u00a0\u00a0 4,69<\/td>\n<\/tr>\n<tr>\n<td style=\"text-align: center\" width=\"30\">45<\/td>\n<td width=\"150\">Broca Diamantada 3195\u00a0\u00a0 F\u00a0\u00a0 Tipo Corte: Corte Fino, Material: A\u00e7o Inoxid\u00e1vel Diamantada, Caracter\u00edstica Adicional:\u00a0\u00a0\u00a0 Topo Em Chama, Numera\u00e7\u00e3o Americana 1: Ref. 3195f, Tipo Haste: Haste Regular, Formato: C\u00f4nica<\/td>\n<td style=\"text-align: center\" width=\"64\">MICRODONT<\/td>\n<td style=\"text-align: center\" width=\"62\">UNIDADES<\/td>\n<td style=\"text-align: center\" width=\"37\">75<\/td>\n<td style=\"text-align: right\">\u00a0R$\u00a0\u00a0\u00a0\u00a0\u00a0\u00a0\u00a0\u00a0\u00a0\u00a0\u00a0 5,61<\/td>\n<\/tr>\n<tr>\n<td style=\"text-align: center\">47<\/td>\n<td width=\"150\">Broca endo z fg, 23,5 mm, alta rota\u00e7\u00e3o, em carboneto de tungst\u00eanio (k20) e a\u00e7o inoxid\u00e1vel, cont\u00e9m 13% de cromo e 0,9mm de di\u00e2metro, dourada Broca Endo Z para alta rotacao com a parte ativa fabricada em carboneto de tungstenio (K20) e a parte inativa fabricada em aco inoxidavel, com cromo em sua composicao, na cor dourada com 0,9mm de diametro<\/td>\n<td style=\"text-align: center\" width=\"64\">MICRODONT<\/td>\n<td style=\"text-align: center\" width=\"62\">UNIDADES<\/td>\n<td style=\"text-align: center\" width=\"37\">75<\/td>\n<td style=\"text-align: right\">\u00a0R$\u00a0\u00a0\u00a0\u00a0\u00a0\u00a0\u00a0\u00a0 22,99<\/td>\n<\/tr>\n<tr>\n<td style=\"text-align: center\" width=\"30\">50<\/td>\n<td width=\"150\">Broca Esf\u00e9rica Diamantada 1013 Tipo Corte: Corte M\u00e9dio, Material: A\u00e7o Inoxid\u00e1vel Diamantada , Numera\u00e7\u00e3o Americana: 1013, Tipo Haste: Haste Regular , Formato: Esf\u00e9rica<\/td>\n<td style=\"text-align: center\" width=\"64\">MICRODONT<\/td>\n<td style=\"text-align: center\" width=\"62\">UNIDADES<\/td>\n<td style=\"text-align: center\" width=\"37\">75<\/td>\n<td style=\"text-align: right\" width=\"67\">\u00a0R$\u00a0\u00a0\u00a0\u00a0\u00a0\u00a0\u00a0\u00a0\u00a0\u00a0\u00a0 3,05<\/td>\n<\/tr>\n<tr>\n<td style=\"text-align: center\" width=\"30\">52<\/td>\n<td width=\"150\">Broca Esf\u00e9rica Diamantada 1016 Tipo Corte: Corte M\u00e9dio, Material: A\u00e7o Inoxid\u00e1vel Diamantada, Numera\u00e7\u00e3o Americana: 1016, Tipo Haste: Haste Regular , Formato: Esf\u00e9rica<\/td>\n<td style=\"text-align: center\" width=\"64\">MICRODONT<\/td>\n<td style=\"text-align: center\" width=\"62\">UNIDADES<\/td>\n<td style=\"text-align: center\" width=\"37\">75<\/td>\n<td style=\"text-align: right\" width=\"67\">\u00a0R$\u00a0\u00a0\u00a0\u00a0\u00a0\u00a0\u00a0\u00a0\u00a0\u00a0\u00a0 3,05<\/td>\n<\/tr>\n<tr>\n<td style=\"text-align: center\" width=\"30\">53<\/td>\n<td width=\"150\">Broqueiro autoclav\u00e1vel 60 pontas (pontas para pe\u00e7a de m\u00e3o e micromotor) material: pl\u00e1stico, modelo: estojo fechado, capacidade: cerca de 60 brocas, indica\u00e7\u00e3o: p, esteriliza\u00e7\u00e3o, autocl\u00e1vave<\/td>\n<td style=\"text-align: center\" width=\"64\">MAQUIRA<\/td>\n<td style=\"text-align: center\" width=\"62\">UNIDADES<\/td>\n<td style=\"text-align: center\" width=\"37\">50<\/td>\n<td style=\"text-align: right\" width=\"67\">\u00a0R$\u00a0\u00a0\u00a0\u00a0\u00a0 115,18<\/td>\n<\/tr>\n<tr>\n<td style=\"text-align: center\" width=\"30\">56<\/td>\n<td width=\"150\">Clorexidina digluconato, concentra\u00e7\u00e3o: 0,12%, forma farmac\u00eautica: colut\u00f3rio frasco com 2000ml<\/td>\n<td style=\"text-align: center\" width=\"64\">VICPHARMA<\/td>\n<td style=\"text-align: center\" width=\"62\">UNIDADES<\/td>\n<td style=\"text-align: center\" width=\"37\">200<\/td>\n<td style=\"text-align: right\" width=\"67\">\u00a0R$\u00a0\u00a0\u00a0\u00a0\u00a0\u00a0\u00a0\u00a0 19,45<\/td>\n<\/tr>\n<tr>\n<td style=\"text-align: center\" width=\"30\">57<\/td>\n<td width=\"150\">Cloridrato de Lidoca\u00edna (36mg\/carpule), 10 microgramas de Epinefrina Base (18\u00b5g\/carpule), envasado em tubetes de vidro com \u00eambolos siliconizados. Tubetes<\/td>\n<td style=\"text-align: center\" width=\"64\">DFL<\/td>\n<td style=\"text-align: center\" width=\"62\">TUBETES<\/td>\n<td style=\"text-align: center\" width=\"37\">30000<\/td>\n<td style=\"text-align: right\" width=\"67\">\u00a0R$\u00a0\u00a0\u00a0\u00a0\u00a0\u00a0\u00a0\u00a0\u00a0\u00a0\u00a0 2,37<\/td>\n<\/tr>\n<tr>\n<td style=\"text-align: center\" width=\"30\">60<\/td>\n<td width=\"150\">Conjunto de higiene bucal, adulto, contendo escova dental, creme\u00a0\u00a0 dental com fl\u00faor, fio dental, com embalagem em bolsa pl\u00e1stica com fecho de bot\u00e3o ou z\u00edper.<\/td>\n<td style=\"text-align: center\" width=\"64\">HILLO<\/td>\n<td style=\"text-align: center\" width=\"62\">CONJUNTOS<\/td>\n<td style=\"text-align: center\" width=\"37\">15000<\/td>\n<td style=\"text-align: right\" width=\"67\">\u00a0R$\u00a0\u00a0\u00a0\u00a0\u00a0\u00a0\u00a0\u00a0\u00a0\u00a0\u00a0 5,30<\/td>\n<\/tr>\n<tr>\n<td style=\"text-align: center\">66<\/td>\n<td width=\"150\">Escova de robson, tipo ponta: c\u00f4nica, uso:<br \/>\ncontra-\u00e2ngulo, cor: preta<\/td>\n<td style=\"text-align: center\">MICRODONT<\/td>\n<td style=\"text-align: center\" width=\"62\">UNIDADES<\/td>\n<td style=\"text-align: center\">400<\/td>\n<td style=\"text-align: right\">\u00a0R$\u00a0\u00a0\u00a0\u00a0\u00a0\u00a0\u00a0\u00a0\u00a0\u00a0\u00a0 4,23<\/td>\n<\/tr>\n<tr>\n<td style=\"text-align: center\">67<\/td>\n<td width=\"150\">Hemost\u00e1tico Absorv\u00edvel Material: Esponja De Gelatina Liofilizada, Caracter\u00edsticas Adicionais: Em Cubo, 1 Cm,Esterilidade: Est\u00e9ril, Caixa com<br \/>\n10 unidades<\/td>\n<td style=\"text-align: center\" width=\"64\">JOHNSON &amp; JOHNSON<\/td>\n<td style=\"text-align: center\" width=\"62\">CAIXAS<\/td>\n<td style=\"text-align: center\">40<\/td>\n<td style=\"text-align: right\">\u00a0R$\u00a0\u00a0\u00a0\u00a0\u00a0\u00a0\u00a0\u00a0 64,05<\/td>\n<\/tr>\n<tr>\n<td style=\"text-align: center\" width=\"30\">72<\/td>\n<td width=\"150\">Fluoreto\u00a0 De S\u00f3dio Concentra\u00e7\u00e3o: 0,05%, Forma Farmac\u00eautica: Solu\u00e7\u00e3o Bucal, com 500 ml<\/td>\n<td style=\"text-align: center\" width=\"64\">COLGATE<\/td>\n<td style=\"text-align: center\" width=\"62\">UNIDADES<\/td>\n<td style=\"text-align: center\" width=\"37\">400<\/td>\n<td style=\"text-align: right\" width=\"67\">\u00a0R$\u00a0\u00a0\u00a0\u00a0\u00a0\u00a0\u00a0\u00a0 17,41<\/td>\n<\/tr>\n<tr>\n<td style=\"text-align: center\" width=\"30\">78<\/td>\n<td width=\"150\">Hidr\u00f3xido De C\u00e1lcio Aspecto F\u00edsico: P\u00f3, frasco com 10g<\/td>\n<td style=\"text-align: center\" width=\"64\">MAQUIRA<\/td>\n<td style=\"text-align: center\" width=\"62\">UNIDADES<\/td>\n<td style=\"text-align: center\" width=\"37\">200<\/td>\n<td style=\"text-align: right\" width=\"67\">\u00a0R$\u00a0\u00a0\u00a0\u00a0\u00a0\u00a0\u00a0\u00a0\u00a0\u00a0\u00a0 6,53<\/td>\n<\/tr>\n<tr>\n<td style=\"text-align: center\" width=\"30\">84<\/td>\n<td width=\"150\">Lima tipo kerr 1\u00aa s\u00e9rie (15-40) 21 mm lima digital em a\u00e7o inoxid\u00e1vel. Apresenta\u00e7\u00e3o em caixas de poliestireno com 6 unidades.<\/td>\n<td style=\"text-align: center\" width=\"64\">DENTSPLY SIRONA<\/td>\n<td style=\"text-align: center\" width=\"62\">CAIXAS<\/td>\n<td style=\"text-align: center\" width=\"37\">22<\/td>\n<td style=\"text-align: right\" width=\"67\">\u00a0R$\u00a0\u00a0\u00a0\u00a0\u00a0\u00a0\u00a0\u00a0 20,86<\/td>\n<\/tr>\n<tr>\n<td style=\"text-align: center\" width=\"30\">85<\/td>\n<td width=\"150\">Lima tipo kerr 2\u00aa s\u00e9rie (45-80) 21 mm lima digital em a\u00e7o inoxid\u00e1vel. Apresenta\u00e7\u00e3o em caixas de poliestireno com 6 unidades.<\/td>\n<td style=\"text-align: center\" width=\"64\">DENTSPLY SIRONA<\/td>\n<td style=\"text-align: center\" width=\"62\">CAIXAS<\/td>\n<td style=\"text-align: center\" width=\"37\">22<\/td>\n<td style=\"text-align: right\" width=\"67\">\u00a0R$\u00a0\u00a0\u00a0\u00a0\u00a0\u00a0\u00a0\u00a0 20,86<\/td>\n<\/tr>\n<tr>\n<td style=\"text-align: center\" width=\"30\">86<\/td>\n<td width=\"150\">Modelo anat\u00f4mico para fins did\u00e1ticos &#8211; Material: Metal, Finalidade: Material Educativo Odontol\u00f3gico, Aplica\u00e7\u00e3o: Treinamento, Outros Componentes: Macro Escova Tamanho 35&#215;2,50 Cm, Tipo: Macro Arcada (Superior E Inferior) E Articulador, Tamanho: 17 X 17 X 22CM, Caracter\u00edsticas Adicionais: Posiciona Na Oclus\u00e3o I\/Ii\/Iii E Mordida Cruzada.<\/td>\n<td style=\"text-align: center\" width=\"64\">DIDATICA SP<\/td>\n<td style=\"text-align: center\" width=\"62\">UNIDADES<\/td>\n<td style=\"text-align: center\" width=\"37\">7<\/td>\n<td style=\"text-align: right\" width=\"67\">\u00a0R$\u00a0\u00a0\u00a0\u00a0\u00a0 438,71<\/td>\n<\/tr>\n<tr>\n<td style=\"text-align: center\">90<\/td>\n<td width=\"150\">Aplicador odontol\u00f3gico, tipo haste: dobr\u00e1vel, tipo uso: descart\u00e1vel, material: pl\u00e1stico, caracter\u00edsticas adicionais: pontas fibras n\u00e3o absorventes, tipo ponta: regular, pacote<br \/>\ncontendo 100 unidades<\/td>\n<td style=\"text-align: center\">GOLGRAN<\/td>\n<td style=\"text-align: center\">PACOTES<\/td>\n<td style=\"text-align: center\">200<\/td>\n<td style=\"text-align: right\">\u00a0R$\u00a0\u00a0\u00a0\u00a0\u00a0\u00a0\u00a0\u00a0 12,31<\/td>\n<\/tr>\n<tr>\n<td style=\"text-align: center\">91<\/td>\n<td width=\"150\">\u00d3culos de prote\u00e7\u00e3o individual,<br \/>\nmaterial arma\u00e7\u00e3o:polipropile no material lente: policarbonato,\u00a0\u00a0 tipo\u00a0\u00a0 lente: anti\u00a0\u00a0 emba\u00e7ante, infradura,\u00a0 extra\u00a0 anti-risco,\u00a0 modelo\u00a0 lentes: sobreposi\u00e7\u00e3o (p\/ser usado sobre \u00f3culos<br \/>\ngraduados), caracter\u00edsticas adicionais: incolor.<\/td>\n<td style=\"text-align: center\">3M<\/td>\n<td style=\"text-align: center\" width=\"62\">UNIDADES<\/td>\n<td style=\"text-align: center\">50<\/td>\n<td style=\"text-align: right\">\u00a0R$\u00a0\u00a0\u00a0\u00a0\u00a0\u00a0\u00a0\u00a0\u00a0\u00a0\u00a0 5,25<\/td>\n<\/tr>\n<tr>\n<td style=\"text-align: center\" width=\"30\">95<\/td>\n<td width=\"150\">Cimento Odontol\u00f3gico Composi\u00e7\u00e3o: \u00d3xido De Zinco, Aspecto F\u00edsico: P\u00f3, Tipo: Tempor\u00e1rio, embalagem de 50 g<\/td>\n<td style=\"text-align: center\" width=\"64\">SSWHITE<\/td>\n<td style=\"text-align: center\" width=\"62\">UNIDADES<\/td>\n<td style=\"text-align: center\" width=\"37\">80<\/td>\n<td style=\"text-align: right\" width=\"67\">\u00a0R$\u00a0\u00a0\u00a0\u00a0\u00a0\u00a0\u00a0\u00a0 14,16<\/td>\n<\/tr>\n<tr>\n<td style=\"text-align: center\" width=\"30\">100<\/td>\n<td width=\"150\">Pasta profil\u00e1tica c\/ 90g<\/td>\n<td style=\"text-align: center\" width=\"64\">MAQUIRA<\/td>\n<td style=\"text-align: center\" width=\"62\">UNIDADES<\/td>\n<td style=\"text-align: center\" width=\"37\">250<\/td>\n<td style=\"text-align: right\" width=\"67\">\u00a0R$\u00a0\u00a0\u00a0\u00a0\u00a0\u00a0\u00a0\u00a0\u00a0\u00a0\u00a0 4,73<\/td>\n<\/tr>\n<tr>\n<td style=\"text-align: center\" width=\"30\">101<\/td>\n<td width=\"150\">Pedra Afiar Tipo: Cor Laranja, Comprimento: 10 CM, Largura: 2,50 CM, Especifica\u00e7\u00e3o: Pedra De Afiar Curetas<\/td>\n<td style=\"text-align: center\" width=\"64\">GOLGRAN<\/td>\n<td style=\"text-align: center\" width=\"62\">UNIDADES<\/td>\n<td style=\"text-align: center\" width=\"37\">35<\/td>\n<td style=\"text-align: right\" width=\"67\">\u00a0R$\u00a0\u00a0\u00a0\u00a0\u00a0 119,98<\/td>\n<\/tr>\n<tr>\n<td style=\"text-align: center\">106<\/td>\n<td width=\"150\">Posicionador de RX autoclavavel adulto &#8211; Acess\u00f3rio para radiologia, tipo: posicionador filme,\u00a0\u00a0 componentes:\u00a0\u00a0 conjunto completo, caracter\u00edsticas adicionais: at\u00e9 4 unidades, esterilidade: autoclav\u00e1vel<\/td>\n<td style=\"text-align: center\" width=\"64\">MAQUIRA<\/td>\n<td style=\"text-align: center\" width=\"62\">CONJUNTOS<\/td>\n<td style=\"text-align: center\">7<\/td>\n<td style=\"text-align: right\">\u00a0R$\u00a0\u00a0\u00a0\u00a0\u00a0\u00a0\u00a0\u00a0 59,21<\/td>\n<\/tr>\n<tr>\n<td style=\"text-align: center\" width=\"30\">107<\/td>\n<td width=\"150\">Acess\u00f3rio para radiologia\u00a0 &#8211; Componentes: Conjunto Completo, Tipo: Posicionador Filme, Tamanho: Infantil, Caracter\u00edsticas Adicionais: At\u00e9 4 Unidades, Esterilidade: Autoclav\u00e1vel<\/td>\n<td style=\"text-align: center\" width=\"64\">MAQUIRA<\/td>\n<td style=\"text-align: center\" width=\"62\">CONJUNTOS<\/td>\n<td style=\"text-align: center\" width=\"37\">7<\/td>\n<td style=\"text-align: right\" width=\"67\">\u00a0R$\u00a0\u00a0\u00a0\u00a0\u00a0\u00a0\u00a0\u00a0 58,17<\/td>\n<\/tr>\n<tr>\n<td style=\"text-align: center\" width=\"30\">108<\/td>\n<td width=\"150\">Resina fotopolimeriz\u00e1vel, matriz inorg\u00e2nica de Zirc\u00f4nia\/S\u00edlica com 84,5% em peso e 66% em volume; matriz org\u00e2nica de Bis-GMA e TEGDMA. Cor A1.<\/td>\n<td style=\"text-align: center\" width=\"64\">3M<\/td>\n<td style=\"text-align: center\" width=\"62\">UNIDADES<\/td>\n<td style=\"text-align: center\" width=\"37\">100<\/td>\n<td style=\"text-align: right\" width=\"67\">\u00a0R$\u00a0\u00a0\u00a0\u00a0\u00a0\u00a0\u00a0\u00a0 16,18<\/td>\n<\/tr>\n<tr>\n<td style=\"text-align: center\" width=\"30\">109<\/td>\n<td width=\"150\">Resina fotopolimeriz\u00e1vel, matriz inorg\u00e2nica de zirc\u00f4nia\/s\u00edlica com 84,5% em peso e 66% em volume; matriz org\u00e2nica de Bis- GMA e TEGDMA. Cor A2.<\/td>\n<td style=\"text-align: center\" width=\"64\">3M<\/td>\n<td style=\"text-align: center\" width=\"62\">UNIDADES<\/td>\n<td style=\"text-align: center\" width=\"37\">100<\/td>\n<td style=\"text-align: right\" width=\"67\">\u00a0R$\u00a0\u00a0\u00a0\u00a0\u00a0\u00a0\u00a0\u00a0 45,61<\/td>\n<\/tr>\n<tr>\n<td style=\"text-align: center\" width=\"30\">120<\/td>\n<td width=\"150\">Matriz Odontol\u00f3gica Material: Poli\u00e9ster, Tipo: Pr\u00e9- Cortada, Largura: 10 MM, Apresenta\u00e7\u00e3o: Envelope\u00a0\u00a0\u00a0\u00a0 50 Folhas De 10cm, Tipo Uso: Descart\u00e1vel, Formato: Fita, pacote com 100 unidades<\/td>\n<td style=\"text-align: center\" width=\"64\">TDV<\/td>\n<td style=\"text-align: center\" width=\"62\">PACOTES<\/td>\n<td style=\"text-align: center\" width=\"37\">125<\/td>\n<td style=\"text-align: right\" width=\"67\">\u00a0R$\u00a0\u00a0\u00a0\u00a0\u00a0\u00a0\u00a0\u00a0 11,41<\/td>\n<\/tr>\n<tr>\n<td style=\"text-align: center\" width=\"30\">121<\/td>\n<td width=\"150\">Petrolato Forma Farmac\u00eautica: Pomada, Concentra\u00e7\u00e3o: Puro, bisnaga com 30gr<\/td>\n<td style=\"text-align: center\" width=\"64\">RIOQUIMICA<\/td>\n<td style=\"text-align: center\" width=\"62\">UNIDADES<\/td>\n<td style=\"text-align: center\" width=\"37\">75<\/td>\n<td style=\"text-align: right\" width=\"67\">\u00a0R$\u00a0\u00a0\u00a0\u00a0\u00a0\u00a0\u00a0\u00a0 10,66<\/td>\n<\/tr>\n<tr>\n<td style=\"text-align: center\" width=\"30\">124<\/td>\n<td width=\"150\">Articulador magn\u00e9tico para pr\u00f3tese dentaria<\/td>\n<td style=\"text-align: center\" width=\"64\">NOVA OGP<\/td>\n<td style=\"text-align: center\" width=\"62\">UNIDADES<\/td>\n<td style=\"text-align: center\" width=\"37\">5<\/td>\n<td style=\"text-align: right\" width=\"67\">\u00a0R$\u00a0\u00a0\u00a0\u00a0\u00a0\u00a0\u00a0\u00a0 82,70<\/td>\n<\/tr>\n<tr>\n<td style=\"text-align: center\" width=\"30\">125<\/td>\n<td width=\"150\">Articulador semi ajust\u00e1vel com arco\/ articulador 4000-s com arco\/ semi- ajust\u00e1vel \/ arcon. Dist\u00e2ncia intercondilar ajust\u00e1vel em p, m e g atrav\u00e9s de fuso expansor.<\/td>\n<td style=\"text-align: center\" width=\"64\">BIO &#8211; ART<\/td>\n<td style=\"text-align: center\" width=\"62\">UNIDADES<\/td>\n<td style=\"text-align: center\" width=\"37\">3<\/td>\n<td style=\"text-align: right\" width=\"67\">\u00a0R$\u00a0 1.226,27<\/td>\n<\/tr>\n<tr>\n<td style=\"text-align: center\" width=\"30\">126<\/td>\n<td width=\"150\">Motor de bancada &#8211; Equipamento odontol\u00f3gico\u00a0 &#8211; Equipamento odontol\u00f3gico, tipo: p, pr\u00f3tese, aspecto f\u00edsico: motor de bancada, fonte: el\u00e9trico, instala\u00e7\u00e3o: 127,220 v, componentes adicionais:\u00a0 cabo, suporte acr\u00edlico, componentes: base, micromotor, pe\u00e7a reta, pedal, caracter\u00edstica adicional: at\u00e9 30.000 rpm &#8211;<\/td>\n<td style=\"text-align: center\" width=\"64\">ODONTO MEGA<\/td>\n<td style=\"text-align: center\" width=\"62\">UNIDADES<\/td>\n<td style=\"text-align: center\" width=\"37\">2<\/td>\n<td style=\"text-align: right\" width=\"67\">\u00a0R$\u00a0\u00a0\u00a0\u00a0\u00a0 872,94<\/td>\n<\/tr>\n<tr>\n<td style=\"text-align: center\" width=\"30\">130<\/td>\n<td width=\"150\">Prensa de coc\u00e7\u00e3o para 2 muflas simultaneamente, zincada, dimens\u00f5es: 12cm x 21cm (base x altura).<\/td>\n<td style=\"text-align: center\" width=\"64\">NOVA OGP<\/td>\n<td style=\"text-align: center\" width=\"62\">UNIDADES<\/td>\n<td style=\"text-align: center\" width=\"37\">5<\/td>\n<td style=\"text-align: right\" width=\"67\">\u00a0R$\u00a0\u00a0\u00a0\u00a0\u00a0\u00a0\u00a0\u00a0 80,62<\/td>\n<\/tr>\n<tr>\n<td style=\"text-align: center\" width=\"30\">133<\/td>\n<td width=\"150\">Acess\u00f3rio para polimento de pr\u00f3teses, tipo: escova, material: p\u00ealo sint\u00e9tico, modelo: centro de madeira, di\u00e2metro: cerca de 100 mm<\/td>\n<td style=\"text-align: center\" width=\"64\">AMERICAN BURRS<\/td>\n<td style=\"text-align: center\" width=\"62\">UNIDADES<\/td>\n<td style=\"text-align: center\" width=\"37\">20<\/td>\n<td style=\"text-align: right\" width=\"67\">\u00a0R$\u00a0\u00a0\u00a0\u00a0\u00a0\u00a0\u00a0\u00a0\u00a0\u00a0\u00a0 7,16<\/td>\n<\/tr>\n<tr>\n<td style=\"text-align: center\" width=\"30\">139<\/td>\n<td width=\"150\">Broca baixa rota\u00e7\u00e3o, tipo: pe\u00e7a reta, material: carboneto\u00a0 de tungst\u00eanio, formato:\u00a0 c\u00f4nica, formato adicional: topo arredondado, tipo corte: corte cruzado<\/td>\n<td style=\"text-align: center\" width=\"64\">MICRODONT<\/td>\n<td style=\"text-align: center\" width=\"62\">UNIDADES<\/td>\n<td style=\"text-align: center\" width=\"37\">15<\/td>\n<td style=\"text-align: right\" width=\"67\">\u00a0R$\u00a0\u00a0\u00a0\u00a0\u00a0\u00a0\u00a0\u00a0 17,41<\/td>\n<\/tr>\n<tr>\n<td style=\"text-align: center\" width=\"30\">140<\/td>\n<td width=\"150\">Broca baixa rota\u00e7\u00e3o, tipo: pe\u00e7a reta, material: carboneto\u00a0 de tungst\u00eanio, formato:\u00a0 c\u00f4nica, formato adicional: topo arredondado, tipo corte: corte cruzado fino<\/td>\n<td style=\"text-align: center\" width=\"64\">MICRODONT<\/td>\n<td style=\"text-align: center\" width=\"62\">UNIDADES<\/td>\n<td style=\"text-align: center\" width=\"37\">10<\/td>\n<td style=\"text-align: right\" width=\"67\">\u00a0R$\u00a0\u00a0\u00a0\u00a0\u00a0 111,48<\/td>\n<\/tr>\n<tr>\n<td style=\"text-align: center\" width=\"30\">141<\/td>\n<td width=\"150\">Cera odontol\u00f3gica, tipo: 7,\u00a0 apresenta\u00e7\u00e3o: caixa 18 l\u00e2minas, peso: cerca de 220 g, cor: vermelha, rosa<\/td>\n<td style=\"text-align: center\" width=\"64\">LYSANDA<\/td>\n<td style=\"text-align: center\" width=\"62\">CAIXAS<\/td>\n<td style=\"text-align: center\" width=\"37\">80<\/td>\n<td style=\"text-align: right\" width=\"67\">\u00a0R$\u00a0\u00a0\u00a0\u00a0\u00a0\u00a0\u00a0\u00a0 16,33<\/td>\n<\/tr>\n<tr>\n<td style=\"text-align: center\" width=\"30\">142<\/td>\n<td width=\"150\">Cera para articula\u00e7\u00e3o<\/td>\n<td style=\"text-align: center\" width=\"64\">ASFER<\/td>\n<td style=\"text-align: center\" width=\"62\">CAIXAS<\/td>\n<td style=\"text-align: center\" width=\"37\">50<\/td>\n<td style=\"text-align: right\" width=\"67\">\u00a0R$\u00a0\u00a0\u00a0\u00a0\u00a0\u00a0\u00a0\u00a0 18,00<\/td>\n<\/tr>\n<tr>\n<td style=\"text-align: center\" width=\"30\">145<\/td>\n<td width=\"150\">Dente artificial, tipo: dupla prensagem, material: resina acr\u00edlica convencional, regi\u00e3o: dentes anteriores inferiores, apresenta\u00e7\u00e3o: placa c, 6 dentes, COR 66 266<\/td>\n<td style=\"text-align: center\" width=\"64\">DENTBRAS<\/td>\n<td style=\"text-align: center\" width=\"62\">UND \/ PLACA<\/td>\n<td style=\"text-align: center\" width=\"37\">100<\/td>\n<td style=\"text-align: right\" width=\"67\">\u00a0R$\u00a0\u00a0\u00a0\u00a0\u00a0\u00a0\u00a0\u00a0\u00a0\u00a0\u00a0 6,26<\/td>\n<\/tr>\n<tr>\n<td style=\"text-align: center\" width=\"30\">146<\/td>\n<td width=\"150\">Dente artificial, tipo: dupla prensagem, material: resina acr\u00edlica convencional, regi\u00e3o: dentes anteriores inferiores, apresenta\u00e7\u00e3o: placac, 6 dentes cor 66 2d<\/td>\n<td style=\"text-align: center\" width=\"64\">DENTBRAS<\/td>\n<td style=\"text-align: center\" width=\"62\">UND \/ PLACA<\/td>\n<td style=\"text-align: center\" width=\"37\">100<\/td>\n<td style=\"text-align: right\" width=\"67\">\u00a0R$\u00a0\u00a0\u00a0\u00a0\u00a0\u00a0\u00a0\u00a0\u00a0\u00a0\u00a0 6,30<\/td>\n<\/tr>\n<tr>\n<td style=\"text-align: center\" width=\"30\">150<\/td>\n<td width=\"150\">Dente artificial, tipo: dupla prensagem, material: resina acr\u00edlica convencional, regi\u00e3o: dentes anteriores inferiores, apresenta\u00e7\u00e3o: placa c, 6 dentes cor 66 a 25<\/td>\n<td style=\"text-align: center\" width=\"64\">DENTBRAS<\/td>\n<td style=\"text-align: center\" width=\"62\">UND \/ PLACA<\/td>\n<td style=\"text-align: center\" width=\"37\">100<\/td>\n<td style=\"text-align: right\" width=\"67\">\u00a0R$\u00a0\u00a0\u00a0\u00a0\u00a0\u00a0\u00a0\u00a0\u00a0\u00a0\u00a0 6,30<\/td>\n<\/tr>\n<tr>\n<td style=\"text-align: center\" width=\"30\">153<\/td>\n<td width=\"150\">Dente artificial, tipo: dupla prensagem, material: resina acr\u00edlica convencional, regi\u00e3o: dentes anteriores superiores, apresenta\u00e7\u00e3o: placa c\/ 6 dentes cor 66 266<\/td>\n<td style=\"text-align: center\" width=\"64\">DENTBRAS<\/td>\n<td style=\"text-align: center\" width=\"62\">UND \/ PLACA<\/td>\n<td style=\"text-align: center\" width=\"37\">100<\/td>\n<td style=\"text-align: right\" width=\"67\">\u00a0R$\u00a0\u00a0\u00a0\u00a0\u00a0\u00a0\u00a0\u00a0\u00a0\u00a0\u00a0 6,30<\/td>\n<\/tr>\n<tr>\n<td style=\"text-align: center\" width=\"30\">154<\/td>\n<td width=\"150\">Dente artificial, tipo: dupla prensagem, material: resina acr\u00edlica convencional, regi\u00e3o: dentes anteriores superiores, apresenta\u00e7\u00e3o: placa c\/ 6 dentes cor 66 2d<\/td>\n<td style=\"text-align: center\" width=\"64\">DENTBRAS<\/td>\n<td style=\"text-align: center\" width=\"62\">UND \/ PLACA<\/td>\n<td style=\"text-align: center\" width=\"37\">100<\/td>\n<td style=\"text-align: right\" width=\"67\">\u00a0R$\u00a0\u00a0\u00a0\u00a0\u00a0\u00a0\u00a0\u00a0\u00a0\u00a0\u00a0 6,30<\/td>\n<\/tr>\n<tr>\n<td style=\"text-align: center\" width=\"30\">156<\/td>\n<td width=\"150\">Dente artificial, tipo: dupla prensagem, material: resina acr\u00edlica convencional, regi\u00e3o: dentes anteriores superiores, apresenta\u00e7\u00e3o: placa c\/ 6 dentes cor 66 38<\/td>\n<td style=\"text-align: center\" width=\"64\">DENTBRAS<\/td>\n<td style=\"text-align: center\" width=\"62\">UND \/ PLACA<\/td>\n<td style=\"text-align: center\" width=\"37\">100<\/td>\n<td style=\"text-align: right\" width=\"67\">\u00a0R$\u00a0\u00a0\u00a0\u00a0\u00a0\u00a0\u00a0\u00a0\u00a0\u00a0\u00a0 6,30<\/td>\n<\/tr>\n<tr>\n<td style=\"text-align: center\" width=\"30\">158<\/td>\n<td width=\"150\">Dente artificial, tipo: dupla prensagem, material: resina acr\u00edlica convencional, regi\u00e3o: dentes anteriores superiores, apresenta\u00e7\u00e3o: placa c\/ 6 dentes cor 66 3p<\/td>\n<td style=\"text-align: center\" width=\"64\">DENTBRAS<\/td>\n<td style=\"text-align: center\" width=\"62\">UND \/ PLACA<\/td>\n<td style=\"text-align: center\" width=\"37\">100<\/td>\n<td style=\"text-align: center\" width=\"67\">\u00a0R$\u00a0\u00a0\u00a0\u00a0\u00a0\u00a0\u00a0\u00a0\u00a0\u00a0\u00a0 6,30<\/td>\n<\/tr>\n<tr>\n<td style=\"text-align: center\">167<\/td>\n<td width=\"150\">Gesso especial (Indicado para confec\u00e7\u00e3o de modelos \/ base para pr\u00f3tese dent\u00e1ria e outros que necessitem de precis\u00e3o e resist\u00eancia. Pacote com 1kg)<\/td>\n<td style=\"text-align: center\" width=\"64\">ASFER<\/td>\n<td style=\"text-align: center\" width=\"62\">PACOTES<\/td>\n<td style=\"text-align: center\">30<\/td>\n<td style=\"text-align: right\">\u00a0R$\u00a0\u00a0\u00a0\u00a0\u00a0\u00a0\u00a0\u00a0 43,45<\/td>\n<\/tr>\n<tr>\n<td style=\"text-align: center\" width=\"30\">168<\/td>\n<td width=\"150\">Gesso pedra\u00a0\u00a0 tipo III (Indicado para uso em odontologia e pr\u00f3tese dent\u00e1ria, excelente resist\u00eancia mec\u00e2nica. Pacote com 1kg<\/td>\n<td style=\"text-align: center\" width=\"64\">ASFER<\/td>\n<td style=\"text-align: center\" width=\"62\">PACOTES<\/td>\n<td style=\"text-align: center\" width=\"37\">70<\/td>\n<td style=\"text-align: right\" width=\"67\">\u00a0R$\u00a0\u00a0\u00a0\u00a0\u00a0\u00a0\u00a0\u00a0\u00a0\u00a0\u00a0 9,40<\/td>\n<\/tr>\n<tr>\n<td style=\"text-align: center\" width=\"30\">169<\/td>\n<td width=\"150\">Inferior posterior cor 66 32L Dente Artificial &#8211; Material: Resina Acr\u00edlica Convencional, Regi\u00e3o:\u00a0 Dentes Posteriores Inferiores, Tipo: Dupla Prensagem, Apresenta\u00e7\u00e3o: Placa C\/ 8 Dentes<\/td>\n<td style=\"text-align: center\" width=\"64\">DENTBRAS<\/td>\n<td style=\"text-align: center\" width=\"62\">UND \/ PLACA<\/td>\n<td style=\"text-align: center\" width=\"37\">600<\/td>\n<td style=\"text-align: right\" width=\"67\">\u00a0R$\u00a0\u00a0\u00a0\u00a0\u00a0\u00a0\u00a0\u00a0\u00a0\u00a0\u00a0 5,40<\/td>\n<\/tr>\n<tr>\n<td style=\"text-align: center\" width=\"30\">176<\/td>\n<td width=\"150\">Pedra pomes (Indicado para acabamento e limpeza de trabalhos odontol\u00f3gicos. 1kg)<\/td>\n<td style=\"text-align: center\" width=\"64\">MAQUIRA<\/td>\n<td style=\"text-align: center\" width=\"62\">KG<\/td>\n<td style=\"text-align: center\" width=\"37\">30<\/td>\n<td style=\"text-align: right\" width=\"67\">\u00a0R$\u00a0\u00a0\u00a0\u00a0\u00a0\u00a0\u00a0\u00a0 10,94<\/td>\n<\/tr>\n<tr>\n<td style=\"text-align: center\" width=\"30\">181<\/td>\n<td width=\"150\">Resina acr\u00edlica termipolimerizavel p\u00f3 incolor<\/td>\n<td style=\"text-align: center\" width=\"64\">CLASSICO<\/td>\n<td style=\"text-align: center\" width=\"62\">LITRO<\/td>\n<td style=\"text-align: center\" width=\"37\">40<\/td>\n<td style=\"text-align: right\" width=\"67\">\u00a0R$\u00a0\u00a0\u00a0\u00a0\u00a0 168,81<\/td>\n<\/tr>\n<\/tbody>\n<\/table>\n<p><strong>5. DA ENTREGA: <\/strong><strong>5.1 \u2013<\/strong> Os itens registrados dever\u00e3o ser executados conforme termo de refer\u00eancia do Edital de forma fracionada (se necess\u00e1rio) e conforme forem solicitados pelo setor competente. <strong>5.2 \u2013<\/strong> O prazo m\u00e1ximo para entrega conforme termo de refer\u00eancia, solicitado pedido efetuado pelo departamento de compras da Prefeitura Municipal de Magalh\u00e3es de Almeida &#8211; MA.<br \/>\n<strong>6. DAS OBRIGA\u00c7\u00d5ES DA CONTRATADA: <\/strong><strong>6.1 \u2013<\/strong> Executar o fornecimento dentro dos padr\u00f5es estabelecidos pela Prefeitura Municipal, de acordo com as especifica\u00e7\u00f5es do edital, responsabilizando-se por eventuais preju\u00edzos decorrentes do descumprimento das condi\u00e7\u00f5es estabelecidas. <strong>6.2 \u2013<\/strong> Prestar os esclarecimentos que forem solicitados pela Prefeitura Municipal, cujas reclama\u00e7\u00f5es se obrigam a atender prontamente, bem como dar ci\u00eancia mediatamente e por escrito, de qualquer anormalidade que verificar quando da execu\u00e7\u00e3o dos atos de sua responsabilidade; <strong>6.3 \u2013<\/strong> Promover todos os meios necess\u00e1rios \u00e0 garantia da plena operacionalidade do fornecimento, inclusive considerados os casos de greve ou paralisa\u00e7\u00e3o de qualquer natureza; <strong>6.4 \u2013<\/strong> A falta de quaisquer itens cujo fornecimento incumbe ao detentor do pre\u00e7o registrado, n\u00e3o poder\u00e1 ser alegada como motivo de for\u00e7a maior para o atraso, m\u00e1 execu\u00e7\u00e3o ou inexecu\u00e7\u00e3o dos servi\u00e7os objeto deste edital e n\u00e3o a eximir\u00e1 das penalidades a que est\u00e1 sujeita pelo n\u00e3o cumprimento dos prazos e demais condi\u00e7\u00f5es aqui estabelecidas; <strong>6.5 \u2013<\/strong> Comunicar imediatamente a Prefeitura Municipal qualquer altera\u00e7\u00e3o ocorrida no endere\u00e7o, conta banc\u00e1ria e outras julgadas necess\u00e1rias para o recebimento de correspond\u00eancia; <strong>6.6 \u2013<\/strong> Respeitar e fazer cumprir a legisla\u00e7\u00e3o de seguran\u00e7a e Administra\u00e7\u00e3o no trabalho, previstas nas normas regulamentadoras pertinentes; <strong>6.7 \u2013<\/strong> Fiscalizar o perfeito cumprimento do fornecimento a que se obrigou, cabendo-lhe, integralmente, os \u00f4nus Tal fiscaliza\u00e7\u00e3o dar-se-\u00e1 independentemente da que ser\u00e1 exercida por esta Prefeitura; <strong>6.8 \u2013<\/strong> Indenizar terceiros e\/ou \u00e0 pr\u00f3pria Prefeitura em caso de aus\u00eancia ou omiss\u00e3o de fiscaliza\u00e7\u00e3o de sua parte, pelos danos ou preju\u00edzos causados por sua culpa ou dolo, devendo a contratada adotar todas as medidas preventivas, com fiel observ\u00e2ncia \u00e0s exig\u00eancias das autoridades competentes e \u00e0s disposi\u00e7\u00f5es legais vigentes; <strong>6.9 \u2013<\/strong> Fornecer os produtos, conforme estipulado neste edital e de acordo com a proposta apresentada; <strong>6.10 \u2013<\/strong> O atraso na execu\u00e7\u00e3o caber\u00e1 penalidade e san\u00e7\u00f5es previstas no item 12 da presente Ata.<br \/>\n<strong>7. DAS OBRIGA\u00c7\u00d5ES DA CONTRATANTE:<\/strong> <strong>7.1 \u2013<\/strong> Convocar a licitante vencedora para a retirada da Ordem de Fornecimento dos itens registrados;<strong> 7.2 \u2013<\/strong> Fornecer \u00e0 empresa a ser contratada todas as informa\u00e7\u00f5es e esclarecimentos que venham a ser solicitados relativamente ao objeto deste Edital; <strong>7.3 \u2013<\/strong> Efetuar o pagamento \u00e1 empresa nas condi\u00e7\u00f5es estabelecidas neste Edital; <strong>7.4 \u2013<\/strong> Notificar por escrito, \u00e0 empresa contratada, toda e qualquer irregularidade constatada durante o recebimento do objeto; <strong>7.5 \u2013<\/strong> Nenhum pagamento ser\u00e1 efetuado \u00e0 empresa detentora do registro, enquanto pendente de liquida\u00e7\u00e3o e qualquer obriga\u00e7\u00e3o. Esse fato n\u00e3o ser\u00e1 gerador de direito a reajustamento de pre\u00e7os ou a atualiza\u00e7\u00e3o monet\u00e1ria; <strong>7.6 \u2013<\/strong> N\u00e3o haver\u00e1, sob hip\u00f3tese alguma, pagamento antecipado;<strong> 7.7 \u2013<\/strong> Fiscalizar a execu\u00e7\u00e3o das obriga\u00e7\u00f5es assumidas pelo contratado.<br \/>\n<strong>8. DO PAGAMENTO: <\/strong><strong>8.1 \u2013<\/strong> O pagamento ser\u00e1 efetuado at\u00e9 30 dias ap\u00f3s a emiss\u00e3o da nota fiscal devidamente atestada pela Secretaria respons\u00e1vel; <strong>8.2 \u2013<\/strong> O Contratado\/fornecedor dever\u00e1 indicar no corpo da Nota Fiscal\/fatura, descri\u00e7\u00e3o do item fornecido, de acordo com o especificado no Anexo I e sua proposta de pre\u00e7o. <strong>8.3 \u2013<\/strong> Caso constatado alguma irregularidade nas notas fiscais em faturas, estas ser\u00e3o devolvidas ao fornecedor, para as necess\u00e1rias corre\u00e7\u00f5es, com as informa\u00e7\u00f5es que motivaram sua rejei\u00e7\u00e3o, sendo o pagamento realizado ap\u00f3s a reapresenta\u00e7\u00e3o das notas fiscais em faturas. <strong>8.4 \u2013<\/strong> Nenhum pagamento isentar\u00e1 o <strong>FORNECEDOR\/CONTRATADO<\/strong> das suas responsabilidades e obriga\u00e7\u00f5es, nem implicar\u00e1 aceita\u00e7\u00e3o definitiva do fornecimento. <strong>8.5 \u2013<\/strong> O Contratante n\u00e3o efetuar\u00e1 pagamento de t\u00edtulo descontado, ou por meio de cobran\u00e7a em banco, bem como, os que forem negociados com terceiros por interm\u00e9dio da opera\u00e7\u00e3o de \u201cfactoring\u201d; <strong>8.6 \u2013<\/strong> As despesas banc\u00e1rias decorrentes de transfer\u00eancia de valores para outras pra\u00e7as ser\u00e3o de responsabilidades do Contratado.<br \/>\n<strong>9. DO REAJUSTAMENTO DE PRE\u00c7OS: <\/strong><strong>9.1 \u2013<\/strong> Os pre\u00e7os registrados manter-se-\u00e3o inalterados pelo per\u00edodo de vig\u00eancia da presente Ata, admitida a revis\u00e3o no caso de desequil\u00edbrio da equa\u00e7\u00e3o econ\u00f4mico financeira inicial deste instrumento a partir de determina\u00e7\u00e3o municipal, cabendo-lhe no m\u00e1ximo o repasse do percentual determinado. <strong>9.2 \u2013<\/strong> Os pre\u00e7os registrados que sofrerem revis\u00e3o n\u00e3o poder\u00e3o ultrapassar os pre\u00e7os praticados no mercado, mantendo-se a diferen\u00e7a percentual apurada entre o valor originalmente constante da proposta e aquele vigente no mercado \u00e0 \u00e9poca do registro; <strong>9.3 \u2013<\/strong> Caso o pre\u00e7o registrado seja superior \u00e0 m\u00e9dia dos pre\u00e7os de mercado, a Prefeitura solicitar\u00e1 ao fornecedor, mediante correspond\u00eancia, redu\u00e7\u00e3o do pre\u00e7o registrado, de forma a adequ\u00e1-la. <strong>9.4 \u2013<\/strong> Fracassada a negocia\u00e7\u00e3o com o primeiro colocado a Prefeitura poder\u00e1 rescindir esta Ata e convocar, nos termos da legisla\u00e7\u00e3o vigente, e pelo pre\u00e7o da primeira, as demais empresas com pre\u00e7os registrados, cabendo rescis\u00e3o desta ata de registro de pre\u00e7os e nova licita\u00e7\u00e3o em caso de fracasso na negocia\u00e7\u00e3o. <strong>9.5 \u2013<\/strong> Ser\u00e1 considerado compat\u00edveis com os de mercado os pre\u00e7os registrados que forem iguais ou inferiores \u00e0 m\u00e9dia daqueles apurados pela Prefeitura.<br \/>\n<strong>10. DO CANCELAMENTO DA ATA DE REGISTRO DE PRE\u00c7OS: <\/strong><strong>10.1 \u2013<\/strong> A presente Ata de Registro de Pre\u00e7os poder\u00e1 ser cancelada de pleno direito, nas seguintes situa\u00e7\u00f5es: <strong>a)<\/strong> Quando o fornecedor n\u00e3o cumprir com as obriga\u00e7\u00f5es constantes no Edital e nessa Ata de Registro de Pre\u00e7os; <strong>b)<\/strong> Quando o fornecedor der causa a rescis\u00e3o administrativa da Nota de Empenho decorrente deste Registro de Pre\u00e7os, nas hip\u00f3teses previstas nos incisos I a XII, XVII e XVIII do 78 da Lei 8.666\/93; <strong>c)<\/strong> em quaisquer hip\u00f3teses de execu\u00e7\u00e3o total ou parcial da requisi\u00e7\u00e3o\/pedido dos produtos decorrente deste registro; <strong>d)<\/strong> os pre\u00e7os registrados se apresentarem superiores aos praticados no mercado; <strong>e)<\/strong> por raz\u00f5es de interesse p\u00fablico devidamente demonstradas e justificadas; <strong>f)<\/strong> descumprir qualquer dos itens da cl\u00e1usula sexta ou s\u00e9tima. <strong>10.2 \u2013<\/strong> Ocorrendo cancelamento do pre\u00e7o registrado, o fornecedor ser\u00e1 informado por correspond\u00eancia, a qual ser\u00e1 juntada ao processo administrativo da presente Ata.\u00a0 <strong>10.3 \u2013<\/strong> No caso de ser ignorado, incerto ou inacess\u00edvel o endere\u00e7o do fornecedor, a comunica\u00e7\u00e3o ser\u00e1 feita por publica\u00e7\u00e3o no Jornal Oficial do Estado\/MA, considerando-se cancelado o pre\u00e7o registrado a partir da \u00faltima publica\u00e7\u00e3o. <strong>10.4 \u2013<\/strong> A solicita\u00e7\u00e3o do fornecedor para cancelamento dos pre\u00e7os registrados poder\u00e1 n\u00e3o ser aceita pela Prefeitura, facultando-se a esta neste caso, a aplica\u00e7\u00e3o das penalidades previstas no Edital. <strong>10.5 \u2013<\/strong> Havendo o cancelamento do pre\u00e7o registrado, cessar\u00e3o todas as atividades do Fornecedor, relativas ao fornecimento do item. <strong>10.6 \u2013<\/strong> Caso a Prefeitura n\u00e3o se utilize da prerrogativa de cancelar esta Ata, a seu exclusivo crit\u00e9rio, poder\u00e1 suspender a sua execu\u00e7\u00e3o e\/ou sustar o pagamento das faturas, at\u00e9 que o Fornecedor cumpra integralmente a condi\u00e7\u00e3o contratual infringida. <strong>10.7 \u2013<\/strong> A Ata de Registro de Pre\u00e7os ser\u00e1 cancelada automaticamente nas seguintes hip\u00f3teses: <strong>a)<\/strong> Por decurso de prazo de validade;<br \/>\n<strong>11. DOS PRE\u00c7OS: <\/strong><strong>11.1 \u2013<\/strong> Os pre\u00e7os apresentados na proposta devem incluir todos os custos e despesas, tais como: custos diretos e indiretos, tributos incidentes, taxa de administra\u00e7\u00e3o, servi\u00e7os, encargos sociais, trabalhistas, seguros, fretes, lucro e outros necess\u00e1rios ao cumprimento integral do objeto desta Ata de Registros de Pre\u00e7os.<br \/>\n<strong>12. DAS PENALIDADES: <\/strong><strong>12.1 &#8211;<\/strong> O descumprimento injustificado das obriga\u00e7\u00f5es assumidas nos termos deste edital, sujeita \u00e0 contratada a multas, consoante o caput e \u00a7\u00a7 do art. 86 da Lei 8.666\/93, incidentes sobre o valor da Nota de Empenho, na forma seguinte: <strong>a)<\/strong> atraso at\u00e9 05 (cinco) dias, multa de 02% (dois por cento); <strong>b)<\/strong> a partir do 6\u00ba (sexto) at\u00e9 o limite do 10\u00ba (d\u00e9cimo) dia, multa de 04% (quatro por cento), caracterizando- se a inexecu\u00e7\u00e3o total da obriga\u00e7\u00e3o a partir do 11\u00ba (d\u00e9cimo primeiro) dia de atraso. <strong>12.2 \u2013<\/strong> Sem preju\u00edzo das san\u00e7\u00f5es cominadas no 87, I. III e IV, da Lei 8.666\/93, pela inexecu\u00e7\u00e3o total ou parcial do objeto adjudicado, o Munic\u00edpio de Magalh\u00e3es de Almeida, atrav\u00e9s da Secretaria Municipal de Sa\u00fade poder\u00e1, garantida a pr\u00e9via e ampla defesa, aplicar \u00e0 Contratada multa de at\u00e9 10% (dez por cento) sobre o valor adjudicado; <strong>12.3 \u2013<\/strong> Se a adjudicat\u00e1ria recusar-se a retirar a nota de empenho injustificadamente ou se n\u00e3o apresentar situa\u00e7\u00e3o regular no ato da feitura da mesma, garantida pr\u00e9via e ampla defesa, sujeitar-se-\u00e1 as seguintes penalidades: <strong>12.3.1 &#8211;<\/strong> Multa de at\u00e9 10% (dez por cento) sobre o valor adjudicado; <strong>12.3.2 &#8211;<\/strong> Suspens\u00e3o tempor\u00e1ria de participar de licita\u00e7\u00f5es e impedimento de contratar com o Munic\u00edpio de Magalh\u00e3es de Almeida, por prazo de at\u00e9 02 (dois) anos, e, <strong>12.3.3 &#8211;<\/strong> Declara\u00e7\u00e3o de inidoneidade para licitar ou contratar com a Administra\u00e7\u00e3o P\u00fablica Municipal. <strong>12.4 \u2013<\/strong> A licitante, adjudicat\u00e1ria ou contratada que deixar de entregar ou apresentar documenta\u00e7\u00e3o falsa exigida para o certame, ensejar o retardamento da execu\u00e7\u00e3o de seu objeto, n\u00e3o mantiver a proposta, falhar ou fraudar na execu\u00e7\u00e3o do contrato, comportar se de modo inid\u00f4neo ou cometer fraude fiscal, garantida pr\u00e9via e ampla defesa, ficar\u00e1 impedida de licitar e contratar com o Munic\u00edpio pelo prazo de at\u00e9 cinco anos e, se for o caso, o Munic\u00edpio de Magalh\u00e3es de Almeida solicitar\u00e1 o seu descredenciamento do Cadastro de Fornecedores do Estado por igual per\u00edodo, sem preju\u00edzo da a\u00e7\u00e3o penal correspondente na forma da lei; <strong>12.5 \u2013<\/strong> A multa eventualmente imposta \u00e0 contratada ser\u00e1 automaticamente descontada da fatura a que fizer jus, acrescida de juros morat\u00f3rios de 1% (um por cento) ao m\u00eas. Caso a contratada n\u00e3o tenha nenhum valor a receber deste \u00f3rg\u00e3o da Prefeitura Municipal de Magalh\u00e3es de Almeida, ser-lhe-\u00e1 concedido o prazo de 05 (cinco) dias uteis, contados de sua intima\u00e7\u00e3o, para efetuar o pagamento da multa, Ap\u00f3s esse prazo, n\u00e3o sendo efetuado o pagamento, seus dados ser\u00e3o encaminhados ao \u00f3rg\u00e3o competente para que seja inscrita na divida ativa do Munic\u00edpio, podendo, ainda a Prefeitura proceder \u00e0 cobran\u00e7a judicial da multa; <strong>12.6 \u2013<\/strong> As multas previstas nesta se\u00e7\u00e3o n\u00e3o eximem a adjudicat\u00e1ria da repara\u00e7\u00e3o dos eventuais danos, perdas ou preju\u00edzos que seu ato pun\u00edvel venha causar ao Munic\u00edpio de Magalh\u00e3es de Almeida. <strong>12.7 \u2013<\/strong> Se a Contratada n\u00e3o proceder ao recolhimento da multa no prazo de 05 (cinco) dias \u00fateis, contados da intima\u00e7\u00e3o por parte da Secretaria Municipal participante, o respectivo valor ser\u00e1 descontado dos cr\u00e9ditos que esta possuir com a Secretaria Municipal participante, e, se estes n\u00e3o forem suficientes, o valor que sobejar ser\u00e1 encaminhado para inscri\u00e7\u00e3o em Divida Ativa e execu\u00e7\u00e3o pela Procuradoria Geral do Munic\u00edpio; <strong>12.8 \u2013<\/strong> Do ato que aplicar penalidade caber\u00e1 recurso, no prazo de 05 (cinco) dias \u00fateis, a contar da ci\u00eancia da intima\u00e7\u00e3o, podendo a Administra\u00e7\u00e3o reconsiderar sua decis\u00e3o ou nesse prazo encaminh\u00e1-la devidamente informada para a aprecia\u00e7\u00e3o e decis\u00e3o superior, dentro do mesmo prazo.<br \/>\n<strong>13. DOS ILICITOS PENAIS: <\/strong><strong>13.1 \u2013<\/strong> As infra\u00e7\u00f5es penais tipificadas na Lei 666\/93 ser\u00e3o objeto de processo judicial da forma legalmente prevista, sem preju\u00edzo das demais comina\u00e7\u00f5es aplic\u00e1veis.<br \/>\n<strong>14. DOS RECURSOS OR\u00c7AMENT\u00c1RIOS: <\/strong><strong>14.1 \u2013<\/strong> As despesas decorrentes das contrata\u00e7\u00f5es oriundas da presente Ata de Registro de Pre\u00e7os, correr\u00e3o \u00e0 conta de dota\u00e7\u00e3o or\u00e7ament\u00e1ria do ano em curso, ou das demais que possam vir a aderir a presente Ata, \u00e1s quais ser\u00e3o elencadas em momento oportuno.<br \/>\n<strong>15. DAS DISPOSI\u00c7\u00d5ES FINAIS: <\/strong><strong>15.1 \u2013<\/strong> As partes ficam, ainda, adstritas \u00e0s seguintes disposi\u00e7\u00f5es: <strong>I \u2013 <\/strong>Todas as altera\u00e7\u00f5es que se fizerem necess\u00e1rias ser\u00e3o registradas por interm\u00e9dio de lavratura de termo aditivo a presente Ata de Registro de Pre\u00e7os. <strong>II \u2013<\/strong> Vinculam-se a esta Ata para fins de an\u00e1lise t\u00e9cnica, jur\u00eddica e decis\u00e3o superior o Edital de Preg\u00e3o Eletr\u00f4nico SRP N.\u00ba 029\/2023 e seus anexos e as propostas das licitantes classificadas. <strong>III \u2013<\/strong> \u00c9 vedado caucionar ou utilizar o contrato decorrente do presente registro para qualquer opera\u00e7\u00e3o financeira, sem previa e expressa autoriza\u00e7\u00e3o da Prefeitura.<br \/>\n<strong>16. DO FORO: <\/strong><strong>16.1 \u2013<\/strong> As partes contratantes elegem o Foro da Comarca de Magalh\u00e3es de Almeida, Estado do Maranh\u00e3o, como competente para dirimir quaisquer quest\u00f5es oriundas do presente contrato, inclusive os casos omissos, que n\u00e3o puderem ser resolvidos pela via administrativa, renunciando a qualquer outro, por mais privilegiado que seja. <strong>16.2 \u2013<\/strong> e por estarem de acordo, as partes firmam a presente Ata, em 03 (tr\u00eas) vias de igual teor e forma para um s\u00f3 efeito legal, ficando uma via arquivada da sede da <strong>CONTRATANTE,<\/strong> na forma do Art. 60 da Lei 666\/93. Magalh\u00e3es de Almeida\/MA, 11 de agosto de 2023.<\/p>\n","protected":false},"author":4,"template":"","class_list":["post-19236","publicacoesdom","type-publicacoesdom","status-publish","hentry"],"acf":{"tipo_de_publicacao_diario":"28","e_retificacao":"1","origem_do_diario":"Poder Executivo","codigo_verificador":"625887b37f949dc73e8ca662ba6daacb176bbb8f"},"_links":{"self":[{"href":"https:\/\/magalhaesdealmeida.ma.gov.br\/transparencia\/wp-json\/wp\/v2\/publicacoesdom\/19236","targetHints":{"allow":["GET"]}}],"collection":[{"href":"https:\/\/magalhaesdealmeida.ma.gov.br\/transparencia\/wp-json\/wp\/v2\/publicacoesdom"}],"about":[{"href":"https:\/\/magalhaesdealmeida.ma.gov.br\/transparencia\/wp-json\/wp\/v2\/types\/publicacoesdom"}],"author":[{"embeddable":true,"href":"https:\/\/magalhaesdealmeida.ma.gov.br\/transparencia\/wp-json\/wp\/v2\/users\/4"}],"wp:attachment":[{"href":"https:\/\/magalhaesdealmeida.ma.gov.br\/transparencia\/wp-json\/wp\/v2\/media?parent=19236"}],"curies":[{"name":"wp","href":"https:\/\/api.w.org\/{rel}","templated":true}]}}