{"id":19271,"date":"2023-09-11T16:49:50","date_gmt":"2023-09-11T19:49:50","guid":{"rendered":"https:\/\/magalhaesdealmeida.ma.gov.br\/transparencia\/?post_type=publicacoesdom&#038;p=19271"},"modified":"2023-09-11T17:22:54","modified_gmt":"2023-09-11T20:22:54","slug":"lei-n-o-581-de-11-de-setembro-de-2023","status":"publish","type":"publicacoesdom","link":"https:\/\/magalhaesdealmeida.ma.gov.br\/transparencia\/publicacoesdom\/lei-n-o-581-de-11-de-setembro-de-2023\/","title":{"rendered":"LEI N.\u00ba 581 de 11 de setembro de 2023"},"content":{"rendered":"<p><strong>Define a Escolha de Gestores mediante a avalia\u00e7\u00e3o dos crit\u00e9rios t\u00e9cnicos de M\u00e9rito, Desempenho, atrav\u00e9s de seletivo e\/ou consulta p\u00fablica pela Comunidade Escolar baseados nos preceitos da Gest\u00e3o Democr\u00e1tica, para designa\u00e7\u00e3o de Gestores das Institui\u00e7\u00f5es de Ensino da Rede Municipal de Educa\u00e7\u00e3o B\u00e1sica de Magalh\u00e3es de Almeida \u2013 MA. Disp\u00f5e sobre a Institui\u00e7\u00e3o da Gest\u00e3o Democr\u00e1tica e sobre a participa\u00e7\u00e3o da Comunidade Escolar nos processos pedag\u00f3gicos da Rede Municipal de Ensino de Magalh\u00e3es de Almeida-Ma e d\u00e1 outras provid\u00eancias.<br \/>\n<\/strong>O PREFEITO MUNICIPAL DE MAGALH\u00c3ES DE ALMEIDA, ESTADO DO MARANH\u00c3O, no uso de suas atribui\u00e7\u00f5es que lhe s\u00e3o conferidas por Lei, <strong>FA\u00c7O SABER<\/strong> que a C\u00e2mara Municipal de Vereadores aprovou e eu <strong>SANCIONO<\/strong> a seguinte Lei:<br \/>\n<strong>CAP\u00cdTULO I<\/strong><br \/>\n<strong>DAS FINALIDADES E DOS PRINC\u00cdPIOS DA GEST\u00c3O DEMOCR\u00c1TICA<br \/>\n<\/strong><strong>Art. 1\u00ba<\/strong> &#8211; Fica institu\u00edda a Gest\u00e3o Democr\u00e1tica do ensino p\u00fablico da Rede Municipal de Ensino de <strong>Magalh\u00e3es de Almeida<\/strong>, Estado do Maranh\u00e3o. A designa\u00e7\u00e3o de nomea\u00e7\u00e3o e exonera\u00e7\u00e3o dos Gestores da Rede Municipal de Educa\u00e7\u00e3o B\u00e1sica de <strong>Magalh\u00e3es de Almeida <\/strong>\u00e9 compet\u00eancia do Secret\u00e1rio Municipal de Educa\u00e7\u00e3o Ci\u00eancia, Tecnologia e Inova\u00e7\u00e3o, ao qual fica delegado, nos termos desta Lei, a Escolha de Gestores mediante a avalia\u00e7\u00e3o dos crit\u00e9rios t\u00e9cnicos de M\u00e9rito, Desempenho, atrav\u00e9s de consulta p\u00fablica, baseados nos preceitos da gest\u00e3o democr\u00e1tica.<br \/>\n<strong>Par\u00e1grafo \u00danico &#8211;<\/strong> Esta Lei revoga a Lei N.\u00ba 555\/2022 em sua totalidade.<br \/>\n<strong>Art. 2\u00ba<\/strong> &#8211; A fun\u00e7\u00e3o de Gestor Geral Escolar, passar\u00e1 a ser de car\u00e1ter t\u00e9cnico e somente ser\u00e1 provido por servidor p\u00fablico municipal, com gradua\u00e7\u00e3o completa em pedagogia, com espacializa\u00e7\u00e3o em nivel de P\u00f3s Gradua\u00e7\u00e3o Lato Sensu com carga hor\u00e1ria de no m\u00ednimo 360 horas, em Institui\u00e7\u00e3o de Ensino Superior reconhecida pelo MEC e ou possuir habilita\u00e7\u00e3o em Curso Superior de Licenciatura Plena, na \u00e1rea de Educa\u00e7\u00e3o que:<br \/>\n<strong>a) &#8211;<\/strong> Encontrem-se investidos e desempenhando as fun\u00e7\u00f5es, em car\u00e1ter permanente ou tempor\u00e1rio, perante a rede p\u00fablica municipal de ensino <strong>de Magalh\u00e3es de Almeida<\/strong>, desde o in\u00edcio das atividades letivas do ano de abertura do processo de qualifica\u00e7\u00e3o;<br \/>\n<strong>b) &#8211;<\/strong> Os candidatos ao processo de indica\u00e7\u00e3o poder\u00e3o se inscrever para uma \u00fanica escola municipal, desde que lotado na unidade escolar onde pretender concorrer ao cargo de Gestor Escolar, exceto os ocupantes dos cargos de Coordenadores Pedag\u00f3gicos e Supervisores Pedag\u00f3gicos; e<br \/>\n<strong>c) &#8211;<\/strong> De forma cumulativamente, preencham os requisitos estabelecidos no<br \/>\n<strong>\u00a71\u00b0 &#8211;<\/strong> O Gestor adjunto ser\u00e1 escolhido pelo Secret\u00e1rio Municipal de Educa\u00e7\u00e3o em consenso com o Gestor Escolar, n\u00e3o necessitando do referido seletivo.<br \/>\n<strong>\u00a72\u00b0 &#8211;<\/strong> Fica estipulado um prazo de 01 (um ano) para que os aprovados no seletivo apresentem \u00e0 Coordena\u00e7\u00e3o de Recursos Humanos o Certificado de conclus\u00e3o do curso de Especializa\u00e7\u00e3o (lato sensu) em Gest\u00e3o Escolar com carga hor\u00e1ria de no m\u00ednimo 360 horas, em Institui\u00e7\u00e3o de Ensino Superior reconhecida pelo MEC, sob pena de demiss\u00e3o do cargo.<br \/>\n<strong>Art. 3\u00ba &#8211;<\/strong> Para os fins da presente Lei entende-se por Comunidade Escolar os Profissionais da Educa\u00e7\u00e3o, Professores da Educa\u00e7\u00e3o Infantil, Professores do Ensino Fundamental, Professores do EJA I, Pais e\/ou Respons\u00e1vel Legal e os Alunos com 16 (dezesseis) anos de idade ou mais do Estabelecimento de Ensino onde se dar\u00e1 a designa\u00e7\u00e3o dos Gestores.<br \/>\n<strong>Art. 4\u00ba &#8211;<\/strong> O Gestor de Escola de cada Unidade de Ensino P\u00fablica Municipal, que det\u00e9m UEX, ser\u00e1 investido no cargo pelo (a) Secret\u00e1rio (a) Municipal de Educa\u00e7\u00e3o, Ci\u00eancia, Tecnologia e Inova\u00e7\u00e3o, ap\u00f3s aprova\u00e7\u00e3o em Processo de Qualifica\u00e7\u00e3o a ser realizado pela Secretaria Municipal de Educa\u00e7\u00e3o, Ci\u00eancia, Tecnologia e Inova\u00e7\u00e3o \u2013 SEMECTI e ou por empresa contratada para esse fim.<br \/>\n<strong>\u00a71\u00ba <\/strong>&#8211; O presente certame ter\u00e1 validade de 02 (dois) anos, prorrog\u00e1vel por mais um \u00fanico per\u00edodo.<br \/>\n<strong>\u00a72\u00ba <\/strong>&#8211; A designa\u00e7\u00e3o do Gestor de Escola se dar\u00e1 para o per\u00edodo de 02 anos, podendo haver recondu\u00e7\u00e3o pelo mesmo per\u00edodo ap\u00f3s novo seletivo.<br \/>\n<strong>\u00a73\u00ba <\/strong>&#8211; A nomea\u00e7\u00e3o do Gestor de Escolar n\u00e3o retira o car\u00e1ter comissionado do cargo que, entretanto, poder\u00e1 ser exonerado, a qualquer momento pelo Secret\u00e1rio Municipal de Educa\u00e7\u00e3o, Ci\u00eancia, Tecnologia e Inova\u00e7\u00e3o \u2013 SEMECTI.<br \/>\n<strong>Art. 5\u00ba &#8211;<\/strong> Caso n\u00e3o haja inscri\u00e7\u00e3o de candidato para a fun\u00e7\u00e3o de Gestor para determinada unidade escolar da Rede Municipal de Ensino, ou n\u00e3o seja aprovado nenhum candidato, ou haja vac\u00e2ncia do cargo, caber\u00e1 ao Executivo Municipal, em conjunto com a Secretaria Municipal de Educa\u00e7\u00e3o, Ci\u00eancia, Tecnologia e Inova\u00e7\u00e3o &#8211; SEMECTI e Conselho Municipal de Educa\u00e7\u00e3o &#8211; CME, designar servidor efetivo vinculado \u00e0 Rede Municipal de Ensino e ou normear uma pessoa para exercer a referida fun\u00e7\u00e3o.<br \/>\n<strong>Art. 6\u00ba &#8211;<\/strong> O Gestor de Escola e sua Gest\u00e3o, ser\u00e3o monitorados e avaliados, anualmente, por uma Comiss\u00e3o, nomeada pelo Secret\u00e1rio Municipal de Educa\u00e7\u00e3o, Ci\u00eancia, Tecnologia e Inova\u00e7\u00e3o \u2013 SEMECTI, conforme dispor o edital do Processo de Qualifica\u00e7\u00e3o.<br \/>\n<strong>Art. 7\u00ba &#8211;<\/strong> A Gest\u00e3o Democr\u00e1tica do Ensino P\u00fablico tem por finalidade priorizar a qualidade educacional e promover a transpar\u00eancia dos processos pedag\u00f3gicos e administrativos, efic\u00e1cia no uso dos recursos, garantia de qualidade social, democratiza\u00e7\u00e3o das rela\u00e7\u00f5es pedag\u00f3gicas e de trabalho.<br \/>\n<strong>Art. 8\u00ba &#8211;<\/strong> A Gest\u00e3o Democr\u00e1tica do Ensino P\u00fablico, em conformidade com o Parecer CNE\/CP n\u00ba 4\/2021 abranger\u00e1 a Dimens\u00e3o Pol\u00edtico-institucional, Dimens\u00e3o Pedag\u00f3gica, Dimens\u00e3o Administrativo-financeira e Dimens\u00e3o Pessoal e relacional, bem como as atribui\u00e7\u00f5es das compet\u00eancias espec\u00edficas previstas ao Gestor escolar em cada uma das dimens\u00f5es.<br \/>\n<strong>CAP\u00cdTULO II<br \/>\n<\/strong><strong>DA AVALIA\u00c7\u00c3O DOS CRITERIOS T\u00c9CNICOS DE M\u00c9RITO E DESEMPENHO<br \/>\n<\/strong><strong>Art. 9\u00ba &#8211;<\/strong> Avalia\u00e7\u00f5es dos crit\u00e9rios t\u00e9cnicos de M\u00e9rito e Desempenho constituir-se-\u00e3o de:<br \/>\n<strong>I &#8211;<\/strong> Avalia\u00e7\u00e3o dos crit\u00e9rios t\u00e9cnicos de m\u00e9rito realizada pela Comiss\u00e3o Institucional mediante comprova\u00e7\u00e3o da titula\u00e7\u00e3o m\u00ednima exigida e de car\u00e1ter classificat\u00f3rio.<br \/>\n<strong>II &#8211;<\/strong> A avalia\u00e7\u00e3o de m\u00e9rito e desempenho ser\u00e1 composta por 04 (quatro) fases:<br \/>\n<strong>III &#8211;<\/strong> Apresenta\u00e7\u00e3o de T\u00edtulos (10 pontos)<br \/>\n<strong>a) &#8211;<\/strong> Certificado de gradua\u00e7\u00e3o na \u00e1rea (ou \u00e1rea afim) pretendida \u2013 1 ponto<br \/>\n<strong>b) &#8211;<\/strong> Mestrado na \u00e1rea (ou \u00e1rea afim) pretendida \u2013 2 pontos<br \/>\n<strong>c) &#8211;<\/strong> Doutorado na \u00e1rea (ou \u00e1rea afim) pretendida &#8211; 2 pontos<br \/>\n<strong>d) &#8211;<\/strong> Certficado de Especializa\u00e7\u00e3o em curso de Gest\u00e3o escolar (1,5 ponto)<br \/>\n<strong>e) &#8211;<\/strong> Experi\u00eancia em gest\u00e3o escolar no munic\u00edpio \u2013 3 pontos<br \/>\n<strong>f) &#8211;<\/strong> Certificado de curso em gest\u00e3o escolar com no m\u00ednimo 40h (0,5 ponto)<br \/>\n<strong>IV \u2013<\/strong> Apresenta\u00e7\u00e3o de Plano de Gest\u00e3o Escolar (valor 10 pontos), com an\u00e1lise dos seguintes crit\u00e9rios:<br \/>\n<strong>a) &#8211;<\/strong> Rendimento escolar;<br \/>\n<strong>b) &#8211;<\/strong> Defini\u00e7\u00e3o de metas observando o Plano Pol\u00edtico Pedag\u00f3gico e Regimento Interno da escola (As metas estabelecidas no planejamento escolar precisam ser espec\u00edficas, mensur\u00e1veis e alcan\u00e7\u00e1veis);<br \/>\n<strong>c) &#8211;<\/strong> Clareza nos objetivos;<br \/>\n<strong>d) &#8211;<\/strong> Dados da escola;<br \/>\n<strong>e) &#8211;<\/strong> Gest\u00e3o financeira da escola;<br \/>\n<strong>f) &#8211;<\/strong> Rela\u00e7\u00e3o Escola &amp; Comunidade Escolar<br \/>\n<strong>IV \u2013<\/strong> Entrevista (10 pontos);<br \/>\n<strong>V &#8211;<\/strong> Na entrevista ser\u00e3o considerados e pontuados os seguintes crit\u00e9rios de m\u00e9rito e desempenho:<br \/>\n<strong>a) &#8211;<\/strong> PGE \u2013 Plano de Gest\u00e3o Escolar apresenta\u00e7\u00e3o;<br \/>\n<strong>b) &#8211;<\/strong> Capacidade de lideran\u00e7a;<br \/>\n<strong>c) &#8211;<\/strong> Habilidade em trabalhar em equipe;<br \/>\n<strong>d) &#8211;<\/strong> Relacionamento satisfat\u00f3rio com professores, pessoal t\u00e9cnico, \u00a0administrativo, alunos e pais;<br \/>\n<strong>e) &#8211;<\/strong> Capacidade de organiza\u00e7\u00e3o de rotinas e de solu\u00e7\u00e3o de conflitos;<br \/>\n<strong>f) &#8211;<\/strong> Foco no sucesso e na aprendizagem dos alunos;<br \/>\n<strong>g) &#8211;<\/strong> Capacidade de gerenciar nos aspectos pedag\u00f3gicos, administrativos e \u00a0financeiros;<br \/>\n<strong>h) &#8211;<\/strong> Conhecer e aplicar corretamente as verbas do Fundo Nacional de Desenvolvimento da Educa\u00e7\u00e3o (FNDE);<br \/>\n<strong>i) &#8211;<\/strong> N\u00e3o ter contas de gest\u00e3o escolar desaprovadas ou pendentes, ou reprogramadas a mais de 3 (tr\u00eas) anos, junto aos programas e projetos do Fundo Nacional de Desenvolvimento da Educa\u00e7\u00e3o (FNDE) e Secretaria Municipal de Educa\u00e7\u00e3o, Ci\u00eancia, Tecnologia e Inova\u00e7\u00e3o &#8211; SEMECTI;<br \/>\n<strong>VI &#8211;<\/strong> Prova escrita, com quest\u00f5es objetivas\/subjetivas, com alcance de nota m\u00ednima 7,0.<br \/>\n<strong>Art 10 &#8211;<\/strong> S\u00e3o requisitos para participar da Avalia\u00e7\u00e3o de M\u00e9rito e Desempenho:<br \/>\n<strong>I \u2013<\/strong> pertencer ao Quadro Efetivo ou Comissionado do Pr\u00f3prio Magist\u00e9rio<br \/>\n<strong>II \u2013<\/strong> ter conclu\u00eddo em pelo menos um deles o per\u00edodo do est\u00e1gio probat\u00f3rio at\u00e9 a data da consulta p\u00fablica.<br \/>\n<strong>III &#8211;<\/strong> possuir forma\u00e7\u00e3o em n\u00edvel superior, em curso de Pedagogia ou outro Curso Superior de Licenciatura Plena, na \u00e1rea de Educa\u00e7\u00e3o.<br \/>\n<strong>IV \u2013<\/strong> Se for professor,com no m\u00ednimo 02 (dois) anos de experi\u00eancia em sala de aula;<br \/>\n<strong>V \u2013<\/strong> ter disponibilidade legal para assumir a fun\u00e7\u00e3o com demanda de 40 (quarenta) horas de dire\u00e7\u00e3o quando o funcionamento da Institui\u00e7\u00e3o Educacional exigir;<br \/>\n<strong>VI \u2013<\/strong> n\u00e3o ter cumprido pena estabelecida em senten\u00e7a criminal transitada em julgada nos \u00faltimos 2 (dois) anos;<br \/>\n<strong>VII \u2013<\/strong> n\u00e3o ter sido condenado, nos \u00faltimos 3 (tr\u00eas) anos, ao cumprimento de penalidade administrativa de suspen\u00e7\u00e3o de 45 (quarenta e cinco) dias ou mais, multa, destitui\u00e7\u00e3o da fun\u00e7\u00e3o, demiss\u00e3o e cassa\u00e7\u00e3o de aposentadoria.<br \/>\n<strong>VIII \u2013<\/strong> n\u00e3o ter presta\u00e7\u00f5es de contas de anos anteriores reprovadas no SIGPC &#8211; Sistema de Gest\u00e3o de Presta\u00e7\u00e3o de Contas (Contas Online), do PDDE &#8211; Programa Dinheiro Direto na Escola e suas A\u00e7\u00f5es Agregadas.<br \/>\n<strong>IX \u2013<\/strong> Podem participar da Avalia\u00e7\u00e3o de M\u00e9rito e Desempenho os ocupantes dos cargos de Coordenadores Pedagogicos, Supervisores Pedagogicos, Gestores Geral e Adjuntos.<br \/>\n<strong>Paragrafo Unico &#8211;<\/strong> Ficam tambem autorizados os ex-gestores a participarem da Avalia\u00e7\u00e3o de M\u00e9rito e Desempenho, desde que o mesmos sejam detentores do curso de gradua\u00e7\u00e3o completa em pedagogia, com espacializa\u00e7\u00e3o em nivel de P\u00f3s Gradua\u00e7\u00e3o Lato Sensu com carga hor\u00e1ria de no m\u00ednimo 360 horas, em Institui\u00e7\u00e3o de Ensino Superior reconhecida pelo MEC e ou possuir habilita\u00e7\u00e3o em Curso Superior de Licenciatura Curta\/Plena, na \u00e1rea de Educa\u00e7\u00e3o e o periodo de afastamento do cargo n\u00e3o seja superior a 3 (tres) anos.<br \/>\n<strong>CAP\u00cdTULO III<br \/>\n<\/strong><strong>DO CURSO PREPARAT\u00d3RIO PARA GESTORES<br \/>\n<\/strong><strong>Art. 11 &#8211;<\/strong> O interessado na fun\u00e7\u00e3o dever\u00e1 participar do curso preparat\u00f3rio para gestores, com no m\u00ednimo 40 (quarenta) horas e com no m\u00ednimo 100% (cem por cento) de frequ\u00eancia.<br \/>\n<strong>Art. 12 &#8211;<\/strong> Os conte\u00fados que ser\u00e3o ministrados no curso preparat\u00f3rio para gestores, ser\u00e3o de responsabilidade da Secretaria Municipal de Educa\u00e7\u00e3o, Ci\u00eancia, Tecnologia e Inova\u00e7\u00e3o \u2013 SEMECTI de Magalh\u00e3es de Almeida e\/ou Empresa Contratada para essa fun\u00e7\u00e3o.<br \/>\n<strong>Art. 13 &#8211;<\/strong> Caso o interessado n\u00e3o comprove frequ\u00eancia de no m\u00ednimo 100% (cem por cento), n\u00e3o poder\u00e1 participar do processo seletivo.<br \/>\n<strong>CAP\u00cdTULO IV<br \/>\n<\/strong><strong>DAS ETAPAS<br \/>\n<\/strong><strong>Art. 14 &#8211;<\/strong> S\u00e3o as etapas de escolha dos Gestores mediante decreto:<br \/>\n<strong>I &#8211;<\/strong> Constitui\u00e7\u00e3o das comiss\u00f5es;<br \/>\n<strong>II &#8211;<\/strong> Inscri\u00e7\u00e3o<br \/>\nAvalia\u00e7\u00e3o dos crit\u00e9rios t\u00e9cnicos de m\u00e9rito e desempenho;<br \/>\n<strong>III &#8211;<\/strong> Curso Preparat\u00f3rio para Gestores na Educa\u00e7\u00e3o, de car\u00e1ter eliminat\u00f3rio;<br \/>\n<strong>IV &#8211;<\/strong> Prova escrita com quest\u00f5es objetivas\/subjetivas;<br \/>\n<strong>V &#8211;<\/strong> Apresenta\u00e7\u00e3o do Plano de Gest\u00e3o pelo interessado.<br \/>\n<strong>CAP\u00cdTULO V<br \/>\n<\/strong><strong>DAS COMISS\u00d5ES<br \/>\n<\/strong><strong>Art. 15 &#8211;<\/strong> A Comiss\u00e3o ser\u00e1 formada:<br \/>\n<strong>I &#8211;<\/strong> 1 (um) Dirigente Municipal de Educa\u00e7\u00e3o (Secret\u00e1rio Municipal de Educa\u00e7\u00e3o);<br \/>\n<strong>II &#8211;<\/strong> 2 (dois) Representantes da Secretaria Municipal de Educa\u00e7\u00e3o, Ci\u00eancia, Tecnologia e Inova\u00e7\u00e3o &#8211; SEMECTI;<br \/>\n<strong>III &#8211;<\/strong> 1(um) Representante do CME &#8211; Conselho Municipal de Educa\u00e7\u00e3o;<br \/>\n<strong>IV &#8211;<\/strong> 1 (um) Representante do CACS \u2013FUNDEB.<br \/>\n<strong>V \u2013<\/strong> 1 (um) Representante do CAE \u2013 Conselho de Alimenta\u00e7\u00e3o.<br \/>\n<strong>CAP\u00cdTULO VI<br \/>\n<\/strong><strong>DA AUTONOMIA ESCOLAR<br \/>\n<\/strong><strong>Art. 16 &#8211;<\/strong> A autonomia pedag\u00f3gica escolar ser\u00e1 assegurada pela formula\u00e7\u00e3o e implementa\u00e7\u00e3o do Projeto Pol\u00edtico Pedag\u00f3gico (PPP) e do Plano de Gest\u00e3o Escolar (PGE) da unidade escolar, tendo como refer\u00eancia: as Diretrizes Curriculares Nacionais; as Diretrizes Curriculares da Rede Municipal de Ensino; os indicadores educacionais publicados pelo INEP\/MEC e demais indicadores apurados pela pr\u00f3pria Rede de Ensino; diretrizes emanadas do Conselho Municipal de Educa\u00e7\u00e3o e da Secretaria Municipal de Educa\u00e7\u00e3o, Ci\u00eancia, Tecnologia e Inova\u00e7\u00e3o &#8211; SEMECTI.<br \/>\n<strong>Art. 17 &#8211;<\/strong> A autonomia da gest\u00e3o administrativa das Unidades escolares ser\u00e1 assegurada:<br \/>\n<strong>I &#8211;<\/strong> Pelo provimento da fun\u00e7\u00e3o de Gestor escolar, por meio do processo de escolha previsto nesta Lei;<br \/>\n<strong>II &#8211;<\/strong> Por pr\u00e1ticas pedag\u00f3gicas que fortale\u00e7am a constru\u00e7\u00e3o de um espa\u00e7o democr\u00e1tico, de modo a fortalecer a participa\u00e7\u00e3o da comunidade escolar;<br \/>\n<strong>III &#8211;<\/strong> Pela avalia\u00e7\u00e3o de desempenho anual dos Gestores, a ser definida em normativa da Secretaria Municipal de Educa\u00e7\u00e3o, Ci\u00eancia, Tecnologia e Inova\u00e7\u00e3o &#8211; SEMECTI, avalizado pelo Conselho Municipal de Educa\u00e7\u00e3o.<br \/>\n<strong>Art. 18 &#8211;<\/strong> A autonomia financeira das unidades escolares \u00e9 assegurada atrav\u00e9s da destina\u00e7\u00e3o de recursos de programas federais, bem como de recursos municipais, visando seu regular funcionamento, agilidade e rapidez na resolu\u00e7\u00e3o de pequenas emerg\u00eancias.<br \/>\n<strong>CAP\u00cdTULO VII<br \/>\n<\/strong><strong>ATRIBUI\u00c7OES DO GESTOR<br \/>\n<\/strong><strong>Art. 19 &#8211;<\/strong> S\u00e3o atribui\u00e7\u00f5es do Gestor de Escola, dentre outras previstas neste Decreto e na legisla\u00e7\u00e3o, as que seguem:<br \/>\n<strong>I &#8211;<\/strong> Da Gest\u00e3o Pedag\u00f3gica:<br \/>\n<strong>a) &#8211;<\/strong> Coordenar A\u00e7\u00f5es Pedag\u00f3gicas que contribuam para a Inclus\u00e3o, Equidade e Aprendizagem dos Estudantes;<br \/>\n<strong>b) &#8211;<\/strong> realizar Interven\u00e7\u00f5es Pedag\u00f3gicas que minimizem as Taxas de Infrequ\u00eancia, Abandono, Distor\u00e7\u00e3o Idade S\u00e9rie, Evas\u00e3o e Reprova\u00e7\u00e3o dos Estudantes;<br \/>\n<strong>c) &#8211;<\/strong> acompanhar diariamente a Frequ\u00eancia de alunos, seguindo as Orienta\u00e7\u00f5es do Servi\u00e7o Social;<br \/>\n<strong>d) &#8211;<\/strong> Planejar a\u00e7\u00f5es de Apoio para os Estudantes com Dificuldades de Aprendizagem;<br \/>\n<strong>e) &#8211;<\/strong> Garantir que seja realizada a Adapta\u00e7\u00e3o Curricular a todos os Alunos com Defici\u00eancia e com Dificuldades de Aprendizagem;<br \/>\n<strong>f) &#8211;<\/strong> Garantir a implementa\u00e7\u00e3o do Documento Curricular do Territorio Maranhese;<br \/>\n<strong>g) &#8211;<\/strong> Zelar pelo cumprimento e implementa\u00e7\u00e3o das Diretrizes Curriculares do Munic\u00edpio;<br \/>\n<strong>h) &#8211;<\/strong> Acompanhar o Planejamento dos Professores, garantindo que o Curr\u00edculo seja efetivado;<br \/>\n<strong>i) &#8211;<\/strong> Planejar, a partir dos Indicadores das Avalia\u00e7\u00f5es de Larga Escala, a\u00e7\u00f5es para alcan\u00e7ar e superar as Metas Projetadas pela Unidade de Ensino;<br \/>\n<strong>j) &#8211;<\/strong> Coordenar a Elabora\u00e7\u00e3o, a Execu\u00e7\u00e3o e a Avalia\u00e7\u00e3o do Projeto Pol\u00edtico Pedag\u00f3gico (PPP) e do Regimento Escolar;<br \/>\n<strong>k) &#8211;<\/strong> Orientar os Professores quanto \u00e0 Resolu\u00e7\u00e3o da Avalia\u00e7\u00e3o da Rede Municipal;<br \/>\n<strong>l) &#8211;<\/strong> Promover A\u00e7\u00f5es Pedag\u00f3gicas que viabilizem que as Fam\u00edlias sejam parceiras do Processo de Ensino Aprendizagem;<br \/>\n<strong>m) &#8211;<\/strong> Responsabilizar-se pela Documenta\u00e7\u00e3o Pedag\u00f3gica (Atas de Orienta\u00e7\u00e3o, de Conselho de Classe, Relat\u00f3rios, etc), de acordo com o solicitado pela Secretaria de Educa\u00e7\u00e3o;<br \/>\n<strong>n) &#8211;<\/strong> Aderir e implementar os Projetos e Programas Elaborados e\/ou Divulgados pela Secretaria Municipal de Educa\u00e7\u00e3o;<br \/>\n<strong>o) &#8211;<\/strong> Acompanhar o Cumprimento e a Execu\u00e7\u00e3o do Calend\u00e1rio Escolar, garantindo os 200 Dias Letivos e as 800 horas, conforme preconiza a LDB 9.394\/96.<br \/>\n<strong>II \u2013<\/strong> Da Gest\u00e3o Democr\u00e1tica:<br \/>\n<strong>a) &#8211;<\/strong> Elaborar, e revisar anualmente, o Projeto Pol\u00edtico Pedag\u00f3gico (PPP) e o Regimento Interno, com a Efetiva Participa\u00e7\u00e3o da Comunidade Escolar;<br \/>\n<strong>b) &#8211;<\/strong> Elaborar o Plano de Gest\u00e3o, considerando as reais necessidades da Unidade de Ensino;<br \/>\n<strong>c) &#8211;<\/strong> Divulgar o Plano de Gest\u00e3o, o Projeto Pol\u00edtico Pedag\u00f3gico e o Regimento Interno \u00e0 Comunidade Escolar;<br \/>\n<strong>d) &#8211;<\/strong> Oportunizar a Atua\u00e7\u00e3o Efetiva das Inst\u00e2ncias Colegiadas (Conselho Deliberativo Escolar, Associa\u00e7\u00e3o de Pais e Professores e Gr\u00eamio Estudantil, quando houver) nas Discuss\u00f5es e Delibera\u00e7\u00f5es sobre as quest\u00f5es Administrativas, Financeiras, F\u00edsicas e Pedag\u00f3gicas;<br \/>\n<strong>e) &#8211;<\/strong> Realizar Conselho de Classe Participativo, envolvendo os Segmentos da Comunidade Escolar na reflex\u00e3o sobre a Aprendizagem Efetiva dos Estudantes e as pr\u00e1ticas dos Professores, indicando alternativas que promovam a melhoria do Processo de Ensino Aprendizagem;<br \/>\n<strong>f) &#8211;<\/strong> Estimular a Participa\u00e7\u00e3o dos Pais, da Comunidade e Parceiros que contribuam para a melhoria do Ambiente Escolar, do atendimento aos Estudantes e da Qualidade de Ensino;<br \/>\n<strong>g) &#8211;<\/strong> Divulgar \u00e0 Comunidade Escolar os resultados da Unidade de Ensino frequentemente;<br \/>\n<strong>h) &#8211;<\/strong> Divulgar a Movimenta\u00e7\u00e3o Financeira (Federal e Municipal) da Escola para a Comunidade Escolar;<br \/>\n<strong>i) &#8211;<\/strong> Propiciar um Ambiente Favor\u00e1vel ao bom Relacionamento Interpessoal entre todos os membros da Comunidade Escolar;<br \/>\n<strong>j) &#8211;<\/strong> Garantir que todas as A\u00e7\u00f5es realizadas no \u00e2mbito da Unidade de Ensino sejam pautadas na Gest\u00e3o Democr\u00e1tica.<br \/>\n<strong>III &#8211;<\/strong> Da Gest\u00e3o Administrativa:<br \/>\n<strong>a) &#8211;<\/strong> Representar a Escola, responsabilizando-se pelo seu adequado Funcionamento;<br \/>\n<strong>b) &#8211;<\/strong> Responder, nos Termos da Legisla\u00e7\u00e3o Vigente, por todos os Atos e Omiss\u00f5es no Exerc\u00edcio da Fun\u00e7\u00e3o;<br \/>\n<strong>c) &#8211;<\/strong> Gerenciar Recursos Humanos, Financeiros, Bens M\u00f3veis e Im\u00f3veis e Valores pelos quais a Unidade de Ensino responda;<br \/>\n<strong>d) &#8211;<\/strong> Providenciar a Manuten\u00e7\u00e3o, Conserva\u00e7\u00e3o e Higiene da Unidade de Ensino;<br \/>\n<strong>e) &#8211;<\/strong> Manter atualizado o Invent\u00e1rio dos Bens P\u00fablicos, em conjunto com todos os Segmentos da Comunidade Escolar;<br \/>\n<strong>f) &#8211;<\/strong> Elaborar toda a Documenta\u00e7\u00e3o (Atas, Presta\u00e7\u00e3o de Contas, Documentos de Secretaria, entre outros), de acordo com as exig\u00eancias necess\u00e1rias solicitadas;<br \/>\n<strong>g) &#8211;<\/strong> Manter arquivados, em dia e \u00e0 disposi\u00e7\u00e3o da Comunidade Escolar e da Secretaria Municipal de Educa\u00e7\u00e3o, Ci\u00eancia, Tecnologia e Inova\u00e7\u00e3o &#8211; SEMECTI, o Plano de Gest\u00e3o, o Projeto Pol\u00edtico Pedag\u00f3gico &#8211; PPP, o Regimento Escolar, o Regimento\/Estatuto do Colegiado Escolar e as Atas de Registros;<br \/>\n<strong>h) &#8211;<\/strong> Organizar e gerenciar o Cumprimento da Hora-Atividade dos Professores;<br \/>\n<strong>i)<\/strong> &#8211; Certificar e validar o Ponto dos Servidores da Unidade de Ensino, orientando para que todos sejam ass\u00edduos;<br \/>\n<strong>j) &#8211;<\/strong> Adotar as Medidas Administrativas cab\u00edveis em tempo h\u00e1bil, referentes aos Professores e demais Servidores, via Procedimento Administrativo Disciplinar, visando manter o bom funcionamento da Escola, a \u00c9tica, a Moralidade e a Impessoalidade;<br \/>\n<strong>k) &#8211;<\/strong> Garantir o correto preenchimento dos dados nos Sistemas Informatizados, observando os prazos estabelecidos, incluindo as especificidades;<br \/>\n<strong>l) &#8211;<\/strong> Tratar a Comunidade Escolar com respeito e dignidade, sendo proibida a utiliza\u00e7\u00e3o de linguagem indecorosa que humilhe e exponha a qualquer tipo de situa\u00e7\u00e3o vexat\u00f3ria.<br \/>\n<strong>IV &#8211;<\/strong> Da Gest\u00e3o Financeira:<br \/>\n<strong>a) &#8211;<\/strong> Garantir o pleno funcionamento da Unidade Escolar, visando a melhoria cont\u00ednua do padr\u00e3o de Qualidade de Ensino, Aplicando e Utilizando os Recursos dispon\u00edveis com adequa\u00e7\u00e3o e racionalidade;<br \/>\n<strong>b) &#8211;<\/strong> Utilizar e valorizar os materiais\/objetos ofertados pelo Governo Municipal, compreendendo que se trata de investimento do Dinheiro P\u00fablico (Uniforme Escolar, Materiais Did\u00e1ticos, Acervos, Computadores, entre outros);<br \/>\n<strong>c) &#8211;<\/strong> Realizar A\u00e7\u00f5es Participativas de Planejamento, Acompanhamento e Avalia\u00e7\u00e3o da Aplica\u00e7\u00e3o dos Recursos Financeiros da Unidade de Ensino, levando em conta as necessidades do PPP e os princ\u00edpios da Gest\u00e3o P\u00fablica;<br \/>\n<strong>d) &#8211;<\/strong> Prestar contas \u00e0 Comunidade Escolar e \u00e0 Secretaria Municipal de Educa\u00e7\u00e3o, Ci\u00eancia, Tecnologia e Inova\u00e7\u00e3o &#8211; SEMECTI de todos os recursos financeiros vinculados \u00e0 Institui\u00e7\u00e3o de Ensino disponibilizado anualmente, de forma Transparente;<br \/>\n<strong>CAP\u00cdTULO VII<br \/>\n<\/strong><strong>DAS DISPOSI\u00c7\u00d5ES FINAIS<br \/>\n<\/strong><strong>Art. 20 &#8211;<\/strong> A gest\u00e3o do Gestor ser\u00e1 de 2 (dois) anos, com in\u00edcio no em 25 de janeiro do ano civil subsequente, sendo admitida apenas uma recondu\u00e7\u00e3o consecutiva.<br \/>\n<strong>Art. 21 &#8211;<\/strong> Os atuais Gestores permanecer\u00e3o em exerc\u00edcio com todas as responsabilidades que lhe s\u00e3o cab\u00edveis, at\u00e9 a transmiss\u00e3o do cargo ao novo nomeado, oportunidade em que far\u00e3o a entrega de balan\u00e7o financeiro, acervo documental e invent\u00e1rio de material e patrim\u00f4nio da institui\u00e7\u00e3o documentado.<br \/>\n<strong>Art. 22 &#8211;<\/strong> A fun\u00e7\u00e3o de Gestor de Escola do Ensino Fundamental e de Escola da Educa\u00e7\u00e3o Infantil, se dar\u00e1 por regime de tempo integral e de dedica\u00e7\u00e3o exclusiva, e ser\u00e1 concedida ao Gestor eleito ap\u00f3s a nomea\u00e7\u00e3o mediante Portaria. Ser\u00e1 concedida gratifica\u00e7\u00f5es a que faz jus, contidas no Plano de Cargos Carreira e Remunera\u00e7\u00e3o do Magist\u00e9rio P\u00fablico Municipal de Magalh\u00e3es de Almeida &#8211; MA.<br \/>\n<strong>Par\u00e1grafo \u00danico &#8211;<\/strong> Nas Institui\u00e7\u00f5es Educacionais cujo funcionamento ocorre em apenas um turno, ser\u00e1 concedida ao Gestor ap\u00f3s nomea\u00e7\u00e3o mediante Portaria, a Fun\u00e7\u00e3o Gratificada, por 20 (vinte) horas, isto 50% dos valores previsto no Art. 7 da Lei;<br \/>\n<strong>Art. 23 &#8211;<\/strong> \u00c9 vedado candidatar-se o professor que estiver gozando de licen\u00e7a, afastamento ou \u00e0 disposi\u00e7\u00e3o para outro \u00f3rg\u00e3o.<br \/>\n<strong>Art. 24 &#8211;<\/strong> O Gestor designado n\u00e3o poder\u00e1 exercer outra fun\u00e7\u00e3o ou cargo em outra Institui\u00e7\u00e3o Escolar no per\u00edodo de funcionamento da Institui\u00e7\u00e3o que dirige, seja em \u00e2mbito p\u00fablico ou privado.<br \/>\n<strong>Par\u00e1grafo \u00danico &#8211;<\/strong> Al\u00e9m da carga hor\u00e1ria diretiva, ou seja: per\u00edodo de funcionamento escolar das institui\u00e7\u00f5es de ensino o Gestor dever\u00e1 obrigatoriamente participar das atividades relacionadas a sua fun\u00e7\u00e3o em hor\u00e1rios diferenciados quando necess\u00e1rio e solicitado.<br \/>\n<strong>Art. 25 &#8211;<\/strong> No caso de afastamento do Gestor por at\u00e9 30 dias, a substitui\u00e7\u00e3o ser\u00e1 feita interinamente pelo Gestor adjunto da referida unidade escolar.<br \/>\n<strong>\u00a71\u00ba &#8211; <\/strong>Quando houver vac\u00e2ncia, ren\u00fancia ou afastamentos do Gestor e for superior a 30 dias, ficar\u00e1 a cargo da Secretaria Municipal de Educa\u00e7\u00e3o, Ci\u00eancia, Tecnologia e Inova\u00e7\u00e3o &#8211; SEMECTI, juntamente com Conselho Escolar designar 1 (um) respons\u00e1vel, que fa\u00e7a parte do quadro pr\u00f3prio do magist\u00e9rio, para substitu\u00ed-lo no per\u00edodo que se fizer necess\u00e1rio.<br \/>\n<strong>\u00a72\u00ba &#8211;<\/strong> Quando houver vac\u00e2ncia, ren\u00fancia ou afastamentos do Gestor, faltando mais de 06 (seis) meses para o t\u00e9rmino do mandato, a designa\u00e7\u00e3o de Gestor ser\u00e1 sempre precedida por indica\u00e7\u00e3o do Prefeito.<br \/>\n<strong>Art. 26 &#8211;<\/strong> O Gestor poder\u00e1 ser destitu\u00eddo da fun\u00e7\u00e3o quando condenado por senten\u00e7a criminal transitada em julgado e quando apenados administrativamente por suspen\u00e7\u00e3o, mediante o devido processo legal e garantindo-se os princ\u00edpios da ampla defesa e do contradit\u00f3rio.<br \/>\n<strong>Art. 27 &#8211;<\/strong> O Gestor poder\u00e1 ser destitu\u00eddo da fun\u00e7\u00e3o a pedido ou por ato motivado, pelo Chefe do Poder Executivo ou Dirigente da Educa\u00e7\u00e3o Municipal, garantindo-se o princ\u00edpio da ampla defesa e do contradit\u00f3rio.<br \/>\n<strong>Art. 28 &#8211;<\/strong> O Gestor poder\u00e1 ainda ser destitu\u00eddo da fun\u00e7\u00e3o antes do t\u00e9rmino do seu mandato, a pedido da comunidade escolar, por ato motivado, mediante plebiscito, com requerimento contendo assinaturas de no m\u00ednimo 1\/3 (um ter\u00e7o) dos aptos a votar, da Institui\u00e7\u00e3o;<br \/>\n<strong>\u00a71\u00ba &#8211; <\/strong>Reunidas as assinaturas, o requerimento ser\u00e1 enviado \u00e0 Secretaria Municipal de Educa\u00e7\u00e3o, Ci\u00eancia, Tecnologia e Inova\u00e7\u00e3o &#8211; SEMECTI para seu deferimento e execu\u00e7\u00e3o dentro de quinze dias.<br \/>\n<strong>\u00a72\u00ba &#8211; <\/strong>O qu\u00f3rum m\u00ednimo de comparecimento para homologar o plebiscito ser\u00e1 de pelo menos trinta por cento dos constantes da lista de aptos a votar, aprovada pela Comiss\u00e3o Consultiva da Institui\u00e7\u00e3o.<br \/>\n<strong>\u00a73\u00ba &#8211; <\/strong>O qu\u00f3rum para validar o plebiscito dever\u00e1 ter a maioria absoluta dos votantes que compareceram ao plebiscito.<br \/>\n<strong>\u00a74\u00ba &#8211; <\/strong>Em caso de empate entre SIM e N\u00c3O, a manuten\u00e7\u00e3o do Gestor ficar\u00e1 a crit\u00e9rio do Chefe do Poder Executivo, podendo ou n\u00e3o ser designado outro profissional do magist\u00e9rio para o cumprimento do restante do mandato.<br \/>\n<strong>Art. 29 &#8211;<\/strong> O servidor escolhido para a fun\u00e7\u00e3o de Gestor, <strong>al\u00e9m do cumprimento do proposto no Plano de Gest\u00e3o Educacional <\/strong>apresentado, estar\u00e1 aceitando, entre outras, as seguintes atribui\u00e7\u00f5es:<br \/>\n<strong>I &#8211;<\/strong> zelar pelo patrim\u00f4nio p\u00fablico, conserva\u00e7\u00e3o e preserva\u00e7\u00e3o aplicando adequadamente e integralmente as verbas destinadas para este fim, no que diz respeito \u00e0 manuten\u00e7\u00e3o e reparos, sendo de sua responsabilidade as provid\u00eancias para que o ambiente f\u00edsico seja adequado \u00e0 tarefa de ensino e aprendizagem;<br \/>\n<strong>II &#8211;<\/strong> manter a ordem e a disciplina na unidade escolar;<br \/>\n<strong>III &#8211;<\/strong> respeitar a hierarquia existente na Secretaria Municipal da Educa\u00e7\u00e3o, utilizando roteiros, formul\u00e1rios e documentos padronizados, bem como seguir orienta\u00e7\u00f5es pedag\u00f3gicas e administrativas apresentadas pela mesma;<br \/>\n<strong>IV &#8211;<\/strong> assinar a frequ\u00eancia final de todos os servidores lotados na institui\u00e7\u00e3o educacional;<br \/>\n<strong>V &#8211;<\/strong> zelar pela harmonia, respeito, colabora\u00e7\u00e3o, responsabilidade no dia-a-dia das rela\u00e7\u00f5es que envolvem educandos, professores e demais funcion\u00e1rios;<br \/>\n<strong>VI &#8211;<\/strong> zelar pelo controle de desperd\u00edcio de \u00e1gua, energia el\u00e9trica respondendo pelos atos que causem gastos excessivos;<br \/>\n<strong>VII &#8211;<\/strong> priorizar a igualdade de direitos e condi\u00e7\u00f5es a todos os educandos, professores e demais funcion\u00e1rios;<br \/>\n<strong>VIII &#8211;<\/strong> esclarecer e acompanhar, em conjunto com o Conselho Escolar as contas de recursos oriundos das esferas federal e municipal, zelando pela aloca\u00e7\u00e3o de recursos nas \u00e1reas de destina\u00e7\u00e3o, sob pena de responsabiliza\u00e7\u00e3o;<br \/>\n<strong>IX &#8211;<\/strong> zelar pela apresenta\u00e7\u00e3o das presta\u00e7\u00f5es de contas nos prazos legais estabelecidos em lei e regulamentos, notificando a Gestoria da entidade quando do seu descumprimento sob pena de responsabilidade;<br \/>\n<strong>X &#8211;<\/strong> providenciar e\/ou dar andamento com responsabilidade, transpar\u00eancia, presteza e organiza\u00e7\u00e3o quaisquer documentos que lhes forem solicitados, cumprindo o prazo estabelecido;<br \/>\n<strong>XI &#8211;<\/strong> agir e transmitir recados com objetividade, pautados sempre em livros de recados com assinatura e ci\u00eancia dos funcion\u00e1rios;<br \/>\n<strong>XII &#8211;<\/strong> acompanhar as quest\u00f5es educacionais e tomar decis\u00f5es administrativas pautadas em princ\u00edpios \u00e9ticos, baseadas na democracia e na igualdade de condi\u00e7\u00f5es humanas existentes;<br \/>\n<strong>XIII &#8211;<\/strong> ter \u00e9tica, respeito, agindo sempre atrav\u00e9s do di\u00e1logo como princ\u00edpio norteador dos processos que envolvem as rela\u00e7\u00f5es tanto na \u00e1rea pedag\u00f3gica, quanto na \u00e1rea administrativa, comunicando imediatamente qualquer fato ou situa\u00e7\u00e3o estranha que ocorrer na institui\u00e7\u00e3o educacional \u00e0 Secretaria Municipal da Educa\u00e7\u00e3o;<br \/>\n<strong>XIV &#8211;<\/strong> registrar as situa\u00e7\u00f5es conflitantes ou problemas ocorridos, a fim de produzir documentos comprobat\u00f3rios para qualquer situa\u00e7\u00e3o nova que vier a existir, no \u00e2mbito das rela\u00e7\u00f5es que envolvam os mesmos com os funcion\u00e1rios da institui\u00e7\u00e3o educacional, bem como com os membros da institui\u00e7\u00e3o educacional;<br \/>\n<strong>XV &#8211;<\/strong> comparecer \u00e0s reuni\u00f5es quando convocado, repassando fidedignamente aos servidores da institui\u00e7\u00e3o educacional os assuntos pautados;<br \/>\n<strong>XVI &#8211;<\/strong> n\u00e3o ausentar-se do trabalho sem o pr\u00e9vio conhecimento e autoriza\u00e7\u00e3o formal da chefia imediata na Secretaria Municipal da Educa\u00e7\u00e3o;<br \/>\n<strong>XVII &#8211;<\/strong> responder por quaisquer atos e situa\u00e7\u00f5es que envolvam a institui\u00e7\u00e3o educacional com objetivo de esclarec\u00ea-los;<br \/>\n<strong>XVIII &#8211;<\/strong> fazer cumprir os hor\u00e1rios de atendimento e funcionamento da institui\u00e7\u00e3o educacional;<br \/>\n<strong>XIX &#8211;<\/strong> respeitar, zelar e assegurar o cumprimento do calend\u00e1rio escolar no que diz respeito ao cumprimento dos dias letivos e horas-aula estabelecidos e, quando houver sugest\u00e3o para sua altera\u00e7\u00e3o, aguardar o deferimento da Secretaria Municipal de Educa\u00e7\u00e3o, Ci\u00eancia, Tecnologia e Inova\u00e7\u00e3o &#8211; SEMECTI, sendo vedada a dispensa de aulas sem pr\u00e9via autoriza\u00e7\u00e3o da SEMECTI;<br \/>\n<strong>XX &#8211;<\/strong> Participar das forma\u00e7\u00f5es, cursos e semin\u00e1rios determinados pela Secretaria Municipal de Educa\u00e7\u00e3o, Ci\u00eancia, Tecnologia e Inova\u00e7\u00e3o &#8211; SEMECTI;<br \/>\n<strong>XXI &#8211;<\/strong> dar entrada documentalmente no acervo da unidade educacional de todo material comprado, doado e\/ou recebido do Munic\u00edpio ou de qualquer outro \u00f3rg\u00e3o p\u00fablico ou privado, informando quando necess\u00e1rio \u00e0 Divis\u00e3o de Patrim\u00f4nio do Munic\u00edpio;<br \/>\n<strong>XXII &#8211;<\/strong> elaborar e executar sua proposta de trabalho;<br \/>\n<strong>XXIII &#8211;<\/strong> administrar seu pessoal e seus recursos materiais e financeiros;<br \/>\n<strong>XXIV &#8211;<\/strong> acompanhar, juntamente com a Coordena\u00e7\u00e3o Pedag\u00f3gica, a elabora\u00e7\u00e3o e primar pelo cumprimento do plano de trabalho de cada docente;<br \/>\n<strong>XXV &#8211;<\/strong> acompanhar, juntamente com a Coordena\u00e7\u00e3o Pedag\u00f3gica o processo de ensino e aprendizagem da institui\u00e7\u00e3o proporcionando subs\u00eddios para a recupera\u00e7\u00e3o dos alunos de baixo rendimento escolar;<br \/>\n<strong>XXVI &#8211;<\/strong> acompanhar o desenvolvimento de todo o trabalho realizado pela Equipe Pedag\u00f3gica;<br \/>\n<strong>XXVII &#8211;<\/strong> articular-se com as fam\u00edlias e a comunidade, criando processos de integra\u00e7\u00e3o da sociedade com a institui\u00e7\u00e3o escolar;<br \/>\n<strong>XXX &#8211;<\/strong> assegurar o direito \u00e0 participa\u00e7\u00e3o em forma\u00e7\u00f5es, cursos e semin\u00e1rios a todos os docentes, conforme \u00e1rea de atua\u00e7\u00e3o;<br \/>\n<strong>XXXI &#8211;<\/strong> assegurar o direito \u00e0 escolariza\u00e7\u00e3o e perman\u00eancia a todos os discentes;<br \/>\n<strong>XXXII &#8211;<\/strong> garantir o processo de inclus\u00e3o escolar de acordo com a legisla\u00e7\u00e3o vigente;<br \/>\n<strong>XXXIIII \u2013<\/strong> cumprir o contido no Regimento Escolar, no Projeto Politico pedag\u00f3gico e no Plano de Cargos, Carreira e Remunera\u00e7\u00e3o do Magist\u00e9rio P\u00fablico Municipal de Magalh\u00e3es de Almeida \u2013 MA.<br \/>\n<strong>Art. 30 &#8211;<\/strong> Demais instru\u00e7\u00f5es e os casos omissos nesta Lei, ser\u00e3o avaliados pela Secretaria Municipal de Educa\u00e7\u00e3o, Ci\u00eancia, Tecnologia e Inova\u00e7\u00e3o &#8211; SEMECTI e, conjuntamente, com o Conselho Municipal de Educa\u00e7\u00e3o.<br \/>\n<strong>Art. 31 &#8211;<\/strong> Esta Lei entra em vigor na data de sua publica\u00e7\u00e3o, revogadas as disposi\u00e7\u00f5es em contr\u00e1rio.<br \/>\nPal\u00e1cio Benedito Lima e Silva, Gabinete do Prefeito Municipal de Magalh\u00e3es de Almeida\/MA, em 11 de setembro de 2023. RAIMUNDO NONATO CARVALHO, Prefeito Municipal.<\/p>\n","protected":false},"author":4,"template":"","class_list":["post-19271","publicacoesdom","type-publicacoesdom","status-publish","hentry"],"acf":{"tipo_de_publicacao_diario":"34","e_retificacao":"1","origem_do_diario":"Poder Executivo","codigo_verificador":"284aef2ce036a415f989290e5665d306ebdc348b"},"_links":{"self":[{"href":"https:\/\/magalhaesdealmeida.ma.gov.br\/transparencia\/wp-json\/wp\/v2\/publicacoesdom\/19271","targetHints":{"allow":["GET"]}}],"collection":[{"href":"https:\/\/magalhaesdealmeida.ma.gov.br\/transparencia\/wp-json\/wp\/v2\/publicacoesdom"}],"about":[{"href":"https:\/\/magalhaesdealmeida.ma.gov.br\/transparencia\/wp-json\/wp\/v2\/types\/publicacoesdom"}],"author":[{"embeddable":true,"href":"https:\/\/magalhaesdealmeida.ma.gov.br\/transparencia\/wp-json\/wp\/v2\/users\/4"}],"wp:attachment":[{"href":"https:\/\/magalhaesdealmeida.ma.gov.br\/transparencia\/wp-json\/wp\/v2\/media?parent=19271"}],"curies":[{"name":"wp","href":"https:\/\/api.w.org\/{rel}","templated":true}]}}