{"id":19393,"date":"2023-09-18T10:24:27","date_gmt":"2023-09-18T13:24:27","guid":{"rendered":"https:\/\/magalhaesdealmeida.ma.gov.br\/transparencia\/?post_type=publicacoesdom&#038;p=19393"},"modified":"2023-09-18T10:24:27","modified_gmt":"2023-09-18T13:24:27","slug":"portaria-n-o-184-2023-semecti","status":"publish","type":"publicacoesdom","link":"https:\/\/magalhaesdealmeida.ma.gov.br\/transparencia\/publicacoesdom\/portaria-n-o-184-2023-semecti\/","title":{"rendered":"PORTARIA N.\u00ba 184\/2023 &#8211; SEMECTI"},"content":{"rendered":"<p><strong>\u201cDISP\u00d5E SOBRE A CONCESS\u00c3O DE LICEN\u00c7A PR\u00caMIO A SERVIDOR OCUPANTE DE CARGO DE PROVIMENTO EFETIVO DA SECRETARIA MUNICIPAL DE EDUCA\u00c7\u00c3O DE MAGALH\u00c3ES DE ALMEIDA-MA\u201d.<br \/>\n<\/strong>O Sr. Ma\u00e9lio C\u00e9sar Freitas dos Santos, Secret\u00e1rio Municipal de Educa\u00e7\u00e3o do Munic\u00edpio de Magalh\u00e3es de Almeida, Estado do Maranh\u00e3o, no uso de suas atribui\u00e7\u00f5es legais previstas na lei Org\u00e2nica do munic\u00edpio e, Regime Jur\u00eddico \u00danico do Munic\u00edpio, <strong>RESOLVE:<br \/>\n<\/strong><strong>Art. 1\u00ba<\/strong> Conceder Licen\u00e7a Pr\u00eamio a servidora Maria Cladimisse Alves Cirqueira, ocupante de cargo de Professora, do quadro de provimento efetivo da Secretaria Municipal de Educa\u00e7\u00e3o, de acordo com o art.\u00ba 70 da lei n\u00b0 236\/98, Regime Jur\u00eddico \u00danico.<br \/>\n<strong>Par\u00e1grafo \u2013 \u00danico:<\/strong> A Licen\u00e7a Pr\u00eamio refere-se ao per\u00edodo de aquisi\u00e7\u00e3o dos meses de SETEMBRO, OUTUBRO e NOVEMBRO de 2023, que ser\u00e1 gozada do dia 06 de setembro de 2023 ao dia 05 de dezembro de 2023, voltando dia 06 de dezembro de 2023.<br \/>\n<strong>Art. 2\u00ba<\/strong> Esta Portaria entra em vigor na data de sua publica\u00e7\u00e3o, tendo seus efeitos retroativos ao dia 06 de setembro de 2023.<br \/>\nRegistra-se e publique-se<br \/>\nMagalh\u00e3es de Almeida\/MA, 18 de setembro de 2023. MA\u00c9LIO C\u00c9SAR FREITAS DOS SANTOS, SECRET\u00c1RIO MUNICIPAL DE EDUCA\u00c7\u00c3O.<\/p>\n","protected":false},"author":4,"template":"","class_list":["post-19393","publicacoesdom","type-publicacoesdom","status-publish","hentry"],"acf":{"tipo_de_publicacao_diario":"41","e_retificacao":"1","origem_do_diario":"Poder Executivo","codigo_verificador":"98ac640fd519ad9787873e14675358a83ac2a237"},"_links":{"self":[{"href":"https:\/\/magalhaesdealmeida.ma.gov.br\/transparencia\/wp-json\/wp\/v2\/publicacoesdom\/19393","targetHints":{"allow":["GET"]}}],"collection":[{"href":"https:\/\/magalhaesdealmeida.ma.gov.br\/transparencia\/wp-json\/wp\/v2\/publicacoesdom"}],"about":[{"href":"https:\/\/magalhaesdealmeida.ma.gov.br\/transparencia\/wp-json\/wp\/v2\/types\/publicacoesdom"}],"author":[{"embeddable":true,"href":"https:\/\/magalhaesdealmeida.ma.gov.br\/transparencia\/wp-json\/wp\/v2\/users\/4"}],"wp:attachment":[{"href":"https:\/\/magalhaesdealmeida.ma.gov.br\/transparencia\/wp-json\/wp\/v2\/media?parent=19393"}],"curies":[{"name":"wp","href":"https:\/\/api.w.org\/{rel}","templated":true}]}}