{"id":19433,"date":"2023-09-19T09:23:01","date_gmt":"2023-09-19T12:23:01","guid":{"rendered":"https:\/\/magalhaesdealmeida.ma.gov.br\/transparencia\/?post_type=publicacoesdom&#038;p=19433"},"modified":"2023-09-19T09:23:01","modified_gmt":"2023-09-19T12:23:01","slug":"lei-n-o-579-de-06-de-setembro-de-2023","status":"publish","type":"publicacoesdom","link":"https:\/\/magalhaesdealmeida.ma.gov.br\/transparencia\/publicacoesdom\/lei-n-o-579-de-06-de-setembro-de-2023\/","title":{"rendered":"LEI N.\u00ba 579 de 06 de setembro de 2023"},"content":{"rendered":"<p><strong>INSTITUI O DIA DO EVANG\u00c9LICO NO MUNIC\u00cdPIO DE MAGALH\u00c3ES DE ALMEIDA E D\u00c1 OUTRAS PROVID\u00caNCIAS.<br \/>\n<\/strong><strong>O PREFEITO MUNICIPAL DE MAGALH\u00c3ES DE ALMEIDA, ESTADO DO MARANH\u00c3O,<\/strong> no uso de suas atribui\u00e7\u00f5es que lhe s\u00e3o conferidas por Lei, <strong>FA\u00c7O SABER<\/strong> que a C\u00e2mara Municipal de Vereadores aprovou e eu <strong>SANCIONO<\/strong> a seguinte Lei:<br \/>\n<strong>Art. 1\u00ba &#8211;<\/strong> Fica institu\u00eddo no Munic\u00edpio de Magalh\u00e3es de Almeida o \u201cDIA DO EVANG\u00c9LICO\u201d, a ser comemorado sempre no ultimo s\u00e1bado do m\u00eas de novembro.<br \/>\n<strong>Art. 2\u00ba &#8211;<\/strong> No \u201cDia do Evang\u00e9lico\u201d, com as entidades representativas de cada seguimento evang\u00e9lico a administra\u00e7\u00e3o municipal promover\u00e1, em parceria, eventos p\u00fablicos voltados para a parcela evang\u00e9lica da popula\u00e7\u00e3o, com livre acesso \u00e0 comunidade.<br \/>\n<strong>Art. 3\u00ba &#8211;<\/strong> O \u201cDia do Evang\u00e9lico\u201d dever\u00e1 constar no Calend\u00e1rio Oficial do Munic\u00edpio.<br \/>\n<strong>Art. 4\u00ba &#8211;<\/strong> Para a realiza\u00e7\u00e3o dos eventos referidos no artigo 2\u00ba desta Lei, o Poder Executivo poder\u00e1 celebrar conv\u00eanios com Igrejas e Entidades Evang\u00e9licas do Munic\u00edpio.<br \/>\n<strong>Par\u00e1grafo \u00danico \u2013<\/strong> A promo\u00e7\u00e3o a ser realizada no \u201cDia do Evang\u00e9lico\u201d ser\u00e1 estabelecida pelo Poder executivo em conjunto com as Igrejas e Entidades Evang\u00e9licas com atua\u00e7\u00e3o em Magalh\u00e3es de Almeida.<br \/>\n<strong>Art. 5\u00ba &#8211;<\/strong> As despesas decorrentes da execu\u00e7\u00e3o e\/ou aplica\u00e7\u00e3o desta Lei correr\u00e3o por conta das dota\u00e7\u00f5es or\u00e7ament\u00e1rias pr\u00f3prias, suplementadas, se necess\u00e1rio.<br \/>\n<strong>Art. 6\u00ba &#8211;<\/strong> O Poder Executivo regulamentar\u00e1 esta Lei no prazo de 60 (sessenta) dias, contados a partir da data de sua publica\u00e7\u00e3o.<br \/>\n<strong>Art. 7\u00ba &#8211;<\/strong> Revogadas as disposi\u00e7\u00f5es em contr\u00e1rio, esta Lei entra em vigor na data de sua publica\u00e7\u00e3o.<br \/>\nPal\u00e1cio Benedito Lima e Silva, Gabinete do Prefeito Municipal de Magalh\u00e3es de Almeida-MA, em 06 de setembro de 2023. RAIMUNDO NONATO CARVALHO, Prefeito Municipal.<\/p>\n","protected":false},"author":4,"template":"","class_list":["post-19433","publicacoesdom","type-publicacoesdom","status-publish","hentry"],"acf":{"tipo_de_publicacao_diario":"34","e_retificacao":"1","origem_do_diario":"Poder Executivo","codigo_verificador":"6054eb68ddbbdbad6580de6abbfb745daf1d0fbf"},"_links":{"self":[{"href":"https:\/\/magalhaesdealmeida.ma.gov.br\/transparencia\/wp-json\/wp\/v2\/publicacoesdom\/19433","targetHints":{"allow":["GET"]}}],"collection":[{"href":"https:\/\/magalhaesdealmeida.ma.gov.br\/transparencia\/wp-json\/wp\/v2\/publicacoesdom"}],"about":[{"href":"https:\/\/magalhaesdealmeida.ma.gov.br\/transparencia\/wp-json\/wp\/v2\/types\/publicacoesdom"}],"author":[{"embeddable":true,"href":"https:\/\/magalhaesdealmeida.ma.gov.br\/transparencia\/wp-json\/wp\/v2\/users\/4"}],"wp:attachment":[{"href":"https:\/\/magalhaesdealmeida.ma.gov.br\/transparencia\/wp-json\/wp\/v2\/media?parent=19433"}],"curies":[{"name":"wp","href":"https:\/\/api.w.org\/{rel}","templated":true}]}}