{"id":19588,"date":"2023-10-03T15:18:32","date_gmt":"2023-10-03T18:18:32","guid":{"rendered":"https:\/\/magalhaesdealmeida.ma.gov.br\/transparencia\/?post_type=publicacoesdom&#038;p=19588"},"modified":"2023-10-03T15:18:32","modified_gmt":"2023-10-03T18:18:32","slug":"edital-n-o-004-2023-cmdca-de-publicacao-do-resultado-da-votacao","status":"publish","type":"publicacoesdom","link":"https:\/\/magalhaesdealmeida.ma.gov.br\/transparencia\/publicacoesdom\/edital-n-o-004-2023-cmdca-de-publicacao-do-resultado-da-votacao\/","title":{"rendered":"EDITAL N.\u00ba 004\/2023 &#8211; CMDCA, DE PUBLICA\u00c7\u00c3O DO RESULTADO DA VOTA\u00c7\u00c3O."},"content":{"rendered":"<p>A Comiss\u00e3o Especial para o Processo de Escolha dos Membros do Conselho Tutelar, constitu\u00edda pelo Conselho Municipal dos Direitos da Crian\u00e7a e do Adolescente do Munic\u00edpio de Magalh\u00e3es de Almeida, na forma da Resolu\u00e7\u00e3o n.\u00ba 007\/2023, torna p\u00fablico o resultado da elei\u00e7\u00e3o dos membros do Conselho Tutelar do Munic\u00edpio de Magalh\u00e3es de Almeida \/MA, realizada no dia 1\u00ba de outubro de 2023.<\/p>\n<table width=\"427\">\n<tbody>\n<tr>\n<td style=\"text-align: center\" colspan=\"4\" width=\"427\"><strong>TITULARES<\/strong><\/td>\n<\/tr>\n<tr>\n<td style=\"text-align: center\" width=\"70\"><strong>Classifica\u00e7\u00e3o<\/strong><\/td>\n<td style=\"text-align: center\" width=\"191\"><strong>Nome do Candidato<\/strong><\/td>\n<td style=\"text-align: center\" width=\"88\"><strong>N\u00ba do Candidato<\/strong><\/td>\n<td style=\"text-align: center\" width=\"78\"><strong>Total de Votos<\/strong><\/td>\n<\/tr>\n<tr>\n<td style=\"text-align: center\" width=\"70\">1<sup>o<\/sup><\/td>\n<td width=\"191\">Carlos Ant\u00f4nio Costa Ara\u00fajo<\/td>\n<td style=\"text-align: center\" width=\"88\">13<\/td>\n<td style=\"text-align: center\" width=\"78\">484<\/td>\n<\/tr>\n<tr>\n<td style=\"text-align: center\" width=\"70\">2<sup>o<\/sup><\/td>\n<td width=\"191\">Marcos Fernandes de Almeida Filho<\/td>\n<td style=\"text-align: center\" width=\"88\">23<\/td>\n<td style=\"text-align: center\" width=\"78\">424<\/td>\n<\/tr>\n<tr>\n<td style=\"text-align: center\" width=\"70\">3<sup>o<\/sup><\/td>\n<td width=\"191\">Diego Alves Mendon\u00e7a<\/td>\n<td style=\"text-align: center\" width=\"88\">17<\/td>\n<td style=\"text-align: center\" width=\"78\">329<\/td>\n<\/tr>\n<tr>\n<td style=\"text-align: center\" width=\"70\">4<sup>o<\/sup><\/td>\n<td width=\"191\">Yasmin Coelhos Ara\u00fajo<\/td>\n<td style=\"text-align: center\" width=\"88\">31<\/td>\n<td style=\"text-align: center\" width=\"78\">292<\/td>\n<\/tr>\n<tr>\n<td style=\"text-align: center\" width=\"70\">5<sup>o<\/sup><\/td>\n<td width=\"191\">Samara Carvalho Damasceno<\/td>\n<td style=\"text-align: center\" width=\"88\">28<\/td>\n<td style=\"text-align: center\" width=\"78\">247<\/td>\n<\/tr>\n<tr>\n<td style=\"text-align: center\" colspan=\"4\" width=\"427\"><strong>SUPLENTES<\/strong><\/td>\n<\/tr>\n<tr>\n<td style=\"text-align: center\" width=\"70\"><strong>Classifica\u00e7\u00e3o<\/strong><\/td>\n<td style=\"text-align: center\" width=\"191\"><strong>Nome do Candidato<\/strong><\/td>\n<td style=\"text-align: center\" width=\"88\"><strong>N\u00ba do Candidato<\/strong><\/td>\n<td style=\"text-align: center\" width=\"78\"><strong>Total de Votos<\/strong><\/td>\n<\/tr>\n<tr>\n<td style=\"text-align: center\" width=\"70\">6<sup>o<\/sup><\/td>\n<td width=\"191\">Ana Carolina Silva Braga<\/td>\n<td style=\"text-align: center\" width=\"88\">10<\/td>\n<td style=\"text-align: center\" width=\"78\">212<\/td>\n<\/tr>\n<tr>\n<td style=\"text-align: center\" width=\"70\">7<sup>o<\/sup><\/td>\n<td width=\"191\">Warlange Sales Caldas<\/td>\n<td style=\"text-align: center\" width=\"88\">30<\/td>\n<td style=\"text-align: center\" width=\"78\">157<\/td>\n<\/tr>\n<tr>\n<td style=\"text-align: center\" width=\"70\">8<sup>o<\/sup><\/td>\n<td width=\"191\">Sebasti\u00e3o Ambr\u00f3sio de Sousa<\/td>\n<td style=\"text-align: center\" width=\"88\">29<\/td>\n<td style=\"text-align: center\" width=\"78\">156<\/td>\n<\/tr>\n<tr>\n<td style=\"text-align: center\" width=\"70\">9<sup>o<\/sup><\/td>\n<td width=\"191\">katiane Braga Lima<\/td>\n<td style=\"text-align: center\" width=\"88\">22<\/td>\n<td style=\"text-align: center\" width=\"78\">125<\/td>\n<\/tr>\n<tr>\n<td style=\"text-align: center\" width=\"70\">10<sup>o<\/sup><\/td>\n<td width=\"191\">Arihosto de Sousa<\/td>\n<td style=\"text-align: center\" width=\"88\">11<\/td>\n<td style=\"text-align: center\" width=\"78\">117<\/td>\n<\/tr>\n<tr>\n<td style=\"text-align: center\" width=\"70\">11\u00ba<\/td>\n<td width=\"191\">Benedito Jos\u00e9 Esc\u00f3rcio Passos<\/td>\n<td style=\"text-align: center\" width=\"88\">12<\/td>\n<td style=\"text-align: center\" width=\"78\">117<\/td>\n<\/tr>\n<tr>\n<td style=\"text-align: center\" width=\"70\">12\u00ba<\/td>\n<td width=\"191\">Robson da Silva<\/td>\n<td style=\"text-align: center\" width=\"88\">27<\/td>\n<td style=\"text-align: center\" width=\"78\">114<\/td>\n<\/tr>\n<tr>\n<td style=\"text-align: center\" width=\"70\">13\u00ba<\/td>\n<td width=\"191\">Maria Ant\u00f4nia Sousa Marques<\/td>\n<td style=\"text-align: center\" width=\"88\">24<\/td>\n<td style=\"text-align: center\" width=\"78\">110<\/td>\n<\/tr>\n<tr>\n<td style=\"text-align: center\" width=\"70\">14\u00ba<\/td>\n<td width=\"191\">Elanie de Sousa Lima<\/td>\n<td style=\"text-align: center\" width=\"88\">18<\/td>\n<td style=\"text-align: center\" width=\"78\">110<\/td>\n<\/tr>\n<tr>\n<td style=\"text-align: center\" width=\"70\">15\u00ba<\/td>\n<td width=\"191\">Jos\u00e9 Miranda de Ara\u00fajo J\u00fanior<\/td>\n<td style=\"text-align: center\" width=\"88\">20<\/td>\n<td style=\"text-align: center\" width=\"78\">103<\/td>\n<\/tr>\n<tr>\n<td style=\"text-align: center\" width=\"70\">16\u00ba<\/td>\n<td width=\"191\">Denilson Marques Carvalho<\/td>\n<td style=\"text-align: center\" width=\"88\">16<\/td>\n<td style=\"text-align: center\" width=\"78\">90<\/td>\n<\/tr>\n<tr>\n<td style=\"text-align: center\" width=\"70\">17\u00ba<\/td>\n<td width=\"191\">Ricardo Marques Sousa<\/td>\n<td style=\"text-align: center\" width=\"88\">26<\/td>\n<td style=\"text-align: center\" width=\"78\">88<\/td>\n<\/tr>\n<tr>\n<td style=\"text-align: center\" width=\"70\">18\u00ba<\/td>\n<td width=\"191\">Kaio C\u00e9sar Carvalho Silva<\/td>\n<td style=\"text-align: center\" width=\"88\">21<\/td>\n<td style=\"text-align: center\" width=\"78\">84<\/td>\n<\/tr>\n<tr>\n<td style=\"text-align: center\" width=\"70\">19\u00ba<\/td>\n<td width=\"191\">Darine Ferreira da Costa<\/td>\n<td style=\"text-align: center\" width=\"88\">15<\/td>\n<td style=\"text-align: center\" width=\"78\">53<\/td>\n<\/tr>\n<tr>\n<td style=\"text-align: center\" width=\"70\">20\u00ba<\/td>\n<td width=\"191\">Isabele Alves dos Santos<\/td>\n<td style=\"text-align: center\" width=\"88\">19<\/td>\n<td style=\"text-align: center\" width=\"78\">39<\/td>\n<\/tr>\n<tr>\n<td style=\"text-align: center\" width=\"70\">21\u00ba<\/td>\n<td width=\"191\">Myrelly dos Santos Ara\u00fajo<\/td>\n<td style=\"text-align: center\" width=\"88\">25<\/td>\n<td style=\"text-align: center\" width=\"78\">37<\/td>\n<\/tr>\n<tr>\n<td style=\"text-align: center\" width=\"70\">22\u00ba<\/td>\n<td width=\"191\">Daliny Silva Rocha<\/td>\n<td style=\"text-align: center\" width=\"88\">14<\/td>\n<td style=\"text-align: center\" width=\"78\">0<\/td>\n<\/tr>\n<\/tbody>\n<\/table>\n<p>Fica aberto o prazo de 02 (dois) dias, a contar da publica\u00e7\u00e3o do presente Edital, para que sejam apresentados recursos contra o resultado publicado, na forma prevista no Edital n\u00ba 01\/2023\/CMDCA, item 10. 10.2.<br \/>\nA homologa\u00e7\u00e3o final do resultado da elei\u00e7\u00e3o dar-se-\u00e1 ap\u00f3s a an\u00e1lise dos recursos apresentados no prazo legal.<br \/>\nMagalh\u00e3es de Almeida, 03 de outubro de 2023. Jo\u00e3o Moura dos Santos Filhos, Presidente CMDCA.<\/p>\n","protected":false},"author":4,"template":"","class_list":["post-19588","publicacoesdom","type-publicacoesdom","status-publish","hentry"],"acf":{"tipo_de_publicacao_diario":"0","e_retificacao":"1","origem_do_diario":"Poder Executivo","codigo_verificador":"6a8da4abba93c7969b9e9e15e814e56be9583a7d"},"_links":{"self":[{"href":"https:\/\/magalhaesdealmeida.ma.gov.br\/transparencia\/wp-json\/wp\/v2\/publicacoesdom\/19588","targetHints":{"allow":["GET"]}}],"collection":[{"href":"https:\/\/magalhaesdealmeida.ma.gov.br\/transparencia\/wp-json\/wp\/v2\/publicacoesdom"}],"about":[{"href":"https:\/\/magalhaesdealmeida.ma.gov.br\/transparencia\/wp-json\/wp\/v2\/types\/publicacoesdom"}],"author":[{"embeddable":true,"href":"https:\/\/magalhaesdealmeida.ma.gov.br\/transparencia\/wp-json\/wp\/v2\/users\/4"}],"wp:attachment":[{"href":"https:\/\/magalhaesdealmeida.ma.gov.br\/transparencia\/wp-json\/wp\/v2\/media?parent=19588"}],"curies":[{"name":"wp","href":"https:\/\/api.w.org\/{rel}","templated":true}]}}