{"id":19608,"date":"2023-10-06T15:16:34","date_gmt":"2023-10-06T18:16:34","guid":{"rendered":"https:\/\/magalhaesdealmeida.ma.gov.br\/transparencia\/?post_type=publicacoesdom&#038;p=19608"},"modified":"2023-10-06T15:16:34","modified_gmt":"2023-10-06T18:16:34","slug":"edital-n-o-05-2023-cmdca-de-publicacao-da-homologacao-do-resultado-final-do-processo-de-escolha-dos-membros-do-conselho-tutelar-do-municipio-de-magalhaes-de-almeida-ma","status":"publish","type":"publicacoesdom","link":"https:\/\/magalhaesdealmeida.ma.gov.br\/transparencia\/publicacoesdom\/edital-n-o-05-2023-cmdca-de-publicacao-da-homologacao-do-resultado-final-do-processo-de-escolha-dos-membros-do-conselho-tutelar-do-municipio-de-magalhaes-de-almeida-ma\/","title":{"rendered":"EDITAL N.\u00ba 05\/2023 &#8211; CMDCA, DE PUBLICA\u00c7\u00c3O DA HOMOLOGA\u00c7\u00c3O DO RESULTADO FINAL DO PROCESSO DE ESCOLHA DOS MEMBROS DO CONSELHO TUTELAR, DO MUNIC\u00cdPIO DE MAGALH\u00c3ES DE ALMEIDA\/MA."},"content":{"rendered":"<p>A Comiss\u00e3o Especial para o Processo de Escolha dos Membros do Conselho Tutelar, constitu\u00edda pelo Conselho Municipal dos Direitos da Crian\u00e7a e do Adolescente do Munic\u00edpio de Magalh\u00e3es de Almeida, na forma da Resolu\u00e7\u00e3o n.\u00ba 08\/2023, torna p\u00fablico o resultado da homologa\u00e7\u00e3o do resultado final do Processo de Escolha dos Membros do Conselho Tutelar do Munic\u00edpio de Magalh\u00e3es de Almeida \/MA, realizada no dia 1\u00ba de outubro de 2023.<\/p>\n<table width=\"337\">\n<tbody>\n<tr>\n<td style=\"text-align: center\" colspan=\"2\" width=\"337\"><strong>TITULARES<\/strong><\/td>\n<\/tr>\n<tr>\n<td style=\"text-align: center\" width=\"104\"><strong>CLASSIFICA\u00c7\u00c3O<\/strong><\/td>\n<td style=\"text-align: center\" width=\"233\"><strong>NOME DO CANDIDATO<\/strong><\/td>\n<\/tr>\n<tr>\n<td width=\"104\">1<sup>o<\/sup><\/td>\n<td width=\"233\">Carlos Ant\u00f4nio Costa Ara\u00fajo<\/td>\n<\/tr>\n<tr>\n<td width=\"104\">2<sup>o<\/sup><\/td>\n<td width=\"233\">Marcos Fernandes de Almeida Filho<\/td>\n<\/tr>\n<tr>\n<td width=\"104\">3<sup>o<\/sup><\/td>\n<td width=\"233\">Diego Alves Mendon\u00e7a<\/td>\n<\/tr>\n<tr>\n<td width=\"104\">4<sup>o<\/sup><\/td>\n<td width=\"233\">Yasmin Coelhos Ara\u00fajo<\/td>\n<\/tr>\n<tr>\n<td width=\"104\">5<sup>o<\/sup><\/td>\n<td width=\"233\">Samara Carvalho Damasceno<\/td>\n<\/tr>\n<tr>\n<td style=\"text-align: center\" colspan=\"2\" width=\"337\"><strong>SUPLENTES<\/strong><\/td>\n<\/tr>\n<tr>\n<td style=\"text-align: center\" width=\"104\"><strong>CLASSIFICA\u00c7\u00c3O<\/strong><\/td>\n<td style=\"text-align: center\" width=\"233\"><strong>NOME DO CANDIDATO<\/strong><\/td>\n<\/tr>\n<tr>\n<td width=\"104\">6<sup>o<\/sup><\/td>\n<td width=\"233\">Ana Carolina Silva Braga<\/td>\n<\/tr>\n<tr>\n<td width=\"104\">7<sup>o<\/sup><\/td>\n<td width=\"233\">Warlange Sales Caldas<\/td>\n<\/tr>\n<tr>\n<td width=\"104\">8<sup>o<\/sup><\/td>\n<td width=\"233\">Sebasti\u00e3o Ambr\u00f3sio de Sousa<\/td>\n<\/tr>\n<tr>\n<td width=\"104\">9<sup>o<\/sup><\/td>\n<td width=\"233\">katiane Braga Lima<\/td>\n<\/tr>\n<tr>\n<td width=\"104\">10<sup>o<\/sup><\/td>\n<td width=\"233\">Arihosto de Sousa<\/td>\n<\/tr>\n<tr>\n<td width=\"104\">11\u00ba<\/td>\n<td width=\"233\">Benedito Jos\u00e9 Esc\u00f3rcio Passos<\/td>\n<\/tr>\n<tr>\n<td width=\"104\">12\u00ba<\/td>\n<td width=\"233\">Robson da Silva<\/td>\n<\/tr>\n<tr>\n<td width=\"104\">13\u00ba<\/td>\n<td width=\"233\">Maria Ant\u00f4nia Sousa Marques<\/td>\n<\/tr>\n<tr>\n<td width=\"104\">14\u00ba<\/td>\n<td width=\"233\">Elanie de Sousa Lima<\/td>\n<\/tr>\n<tr>\n<td width=\"104\">15\u00ba<\/td>\n<td width=\"233\">Jos\u00e9 Miranda de Ara\u00fajo J\u00fanior<\/td>\n<\/tr>\n<tr>\n<td width=\"104\">16\u00ba<\/td>\n<td width=\"233\">Denilson Marques Carvalho<\/td>\n<\/tr>\n<tr>\n<td width=\"104\">17\u00ba<\/td>\n<td width=\"233\">Ricardo Marques Sousa<\/td>\n<\/tr>\n<tr>\n<td width=\"104\">18\u00ba<\/td>\n<td width=\"233\">Kaio C\u00e9sar Carvalho Silva<\/td>\n<\/tr>\n<tr>\n<td width=\"104\">19\u00ba<\/td>\n<td width=\"233\">Darine Ferreira da Costa<\/td>\n<\/tr>\n<tr>\n<td width=\"104\">20\u00ba<\/td>\n<td width=\"233\">Isabele Alves dos Santos<\/td>\n<\/tr>\n<tr>\n<td width=\"104\">21\u00ba<\/td>\n<td width=\"233\">Myrelly dos Santos Ara\u00fajo<\/td>\n<\/tr>\n<tr>\n<td width=\"104\">22\u00ba<\/td>\n<td width=\"233\">Daliny Silva Rocha<\/td>\n<\/tr>\n<\/tbody>\n<\/table>\n<p>Em n\u00e3o havendo nenhum recurso impetrado, a Comiss\u00e3o Especial torna p\u00fablico a <strong>HOMOLGA\u00c7\u00c3O<\/strong> do resultado final do Processo de Escolha dos Membros do Conselho Tutelar.<br \/>\nMagalh\u00e3es de Almeida\/MA, 06 de outubro de 2023. Jo\u00e3o Moura dos Santos Filhos, Presidente da Comiss\u00e3o Especial &#8211; CMDCA.<\/p>\n","protected":false},"author":4,"template":"","class_list":["post-19608","publicacoesdom","type-publicacoesdom","status-publish","hentry"],"acf":{"tipo_de_publicacao_diario":"0","e_retificacao":"1","origem_do_diario":"Poder Executivo","codigo_verificador":"88a015fb632dd39be21f435594b4228b74856d41"},"_links":{"self":[{"href":"https:\/\/magalhaesdealmeida.ma.gov.br\/transparencia\/wp-json\/wp\/v2\/publicacoesdom\/19608","targetHints":{"allow":["GET"]}}],"collection":[{"href":"https:\/\/magalhaesdealmeida.ma.gov.br\/transparencia\/wp-json\/wp\/v2\/publicacoesdom"}],"about":[{"href":"https:\/\/magalhaesdealmeida.ma.gov.br\/transparencia\/wp-json\/wp\/v2\/types\/publicacoesdom"}],"author":[{"embeddable":true,"href":"https:\/\/magalhaesdealmeida.ma.gov.br\/transparencia\/wp-json\/wp\/v2\/users\/4"}],"wp:attachment":[{"href":"https:\/\/magalhaesdealmeida.ma.gov.br\/transparencia\/wp-json\/wp\/v2\/media?parent=19608"}],"curies":[{"name":"wp","href":"https:\/\/api.w.org\/{rel}","templated":true}]}}