{"id":19795,"date":"2023-10-26T15:38:22","date_gmt":"2023-10-26T18:38:22","guid":{"rendered":"https:\/\/magalhaesdealmeida.ma.gov.br\/transparencia\/?post_type=publicacoesdom&#038;p=19795"},"modified":"2023-10-26T15:51:30","modified_gmt":"2023-10-26T18:51:30","slug":"portaria-n-o-213-de-26-outubro-de-2023","status":"publish","type":"publicacoesdom","link":"https:\/\/magalhaesdealmeida.ma.gov.br\/transparencia\/publicacoesdom\/portaria-n-o-213-de-26-outubro-de-2023\/","title":{"rendered":"PORTARIA N.\u00ba 213, de 26 outubro de 2023."},"content":{"rendered":"<p><strong>Regulamentar a decis\u00e3o proferida nos autos do processo n\u00ba 0800243-58.2023.8.10.0095.<\/strong><br \/>\n<strong>O(A) SECRET\u00c1RIO(A) MUNICIPAL DE EDUCA\u00c7\u00c3O DE MAGALH\u00c3ES DE ALMEIDA\/MA,<\/strong> no uso das atribui\u00e7\u00f5es legais;<br \/>\n<strong>CONSIDERANDO<\/strong> a decis\u00e3o proferida nos autos do processo n\u00ba 0800243-58.2023.8.10.0095, que determinou liminarmente a suspens\u00e3o dos atos impugnados, at\u00e9 o julgamento do m\u00e9rito, quais sejam, <strong>DEFIRO o pedido liminar pleiteado, determinando a suspens\u00e3o dos atos impugnados, at\u00e9 o julgamento do m\u00e9rito, quais sejam, o regimento escolar da Secretaria Municipal de Educa\u00e7\u00e3o, Ci\u00eancia, Tecnologia e Inova\u00e7\u00e3o de Magalh\u00e3es de Almeida, incluindo os seus anexos, e a Portaria n\u00ba 084\/2023 &#8211; SEMECTI (ID 90903723), no que toca \u00e0 altera\u00e7\u00e3o do tempo da hora-aula de 50 minutos para 60 minutos; forma de contagem da jornada de trabalho dos professores municipais, em especial os da educa\u00e7\u00e3o infantil e ensino fundamental menor; e perman\u00eancia dos professores por mais tempo nas escolas, para cumprimento do hor\u00e1rio pedag\u00f3gico. <\/strong><strong>Resolve:<br \/>\n<\/strong><strong>Art. 1\u00ba &#8211; <\/strong>Enquanto vigente os efeitos da decis\u00e3o liminar supramencionada, a forma de contagem da jornada de trabalho dos professores municipais, em especial os da educa\u00e7\u00e3o infantil e ensino fundamental menor ser\u00e1 de 50 minutos, conforme tabela abaixo:<\/p>\n<table width=\"364\">\n<tbody>\n<tr>\n<td style=\"text-align: center\" width=\"98\"><strong>Carga hor\u00e1ria<\/strong><\/td>\n<td style=\"text-align: center\" width=\"266\"><strong>N\u00famero de aula de 50 minutos<\/strong><\/td>\n<\/tr>\n<tr>\n<td style=\"text-align: center\" width=\"98\">20 horas<\/td>\n<td style=\"text-align: center\" width=\"266\">16 aulas de 50 minutos, totalizando 13 horas .<\/td>\n<\/tr>\n<tr>\n<td style=\"text-align: center\" width=\"98\">30 horas<\/td>\n<td style=\"text-align: center\" width=\"266\">24 aulas de 50 minutos, totalizando 20 horas .<\/td>\n<\/tr>\n<\/tbody>\n<\/table>\n<p><strong>Art. 2\u00ba &#8211; <\/strong>Durante mesmo per\u00edodo restar\u00e1 suspensa a portaria n.\u00ba 084\/2023 \u2013 SEMECTI.<br \/>\n<strong>Art. 3\u00ba<\/strong> Fica sem efeito o <strong>Of\u00edcio Circular N.\u00ba 010\/2022<\/strong> de 10 de junho de 2022.<br \/>\n<strong>Art. 4\u00ba &#8211;<\/strong> Esta portaria entra em vigor na data de sua publica\u00e7\u00e3o.<br \/>\nMagalh\u00e3es de Almeida -MA, 26 de outubro de 2023. MAELIO CESAR FREITAS DOS SANTOS, SECRET\u00c1RIO MUNICIPAL DE EDUCA\u00c7\u00c3O, CI\u00caNCIA, TECNOLOGIA E INOVA\u00c7\u00c3O.<\/p>\n","protected":false},"author":4,"template":"","class_list":["post-19795","publicacoesdom","type-publicacoesdom","status-publish","hentry"],"acf":{"tipo_de_publicacao_diario":"41","e_retificacao":"1","origem_do_diario":"Poder Executivo","codigo_verificador":"3801ccbb5cf6d35c4ec76c8ccdd6326d9f94d806"},"_links":{"self":[{"href":"https:\/\/magalhaesdealmeida.ma.gov.br\/transparencia\/wp-json\/wp\/v2\/publicacoesdom\/19795","targetHints":{"allow":["GET"]}}],"collection":[{"href":"https:\/\/magalhaesdealmeida.ma.gov.br\/transparencia\/wp-json\/wp\/v2\/publicacoesdom"}],"about":[{"href":"https:\/\/magalhaesdealmeida.ma.gov.br\/transparencia\/wp-json\/wp\/v2\/types\/publicacoesdom"}],"author":[{"embeddable":true,"href":"https:\/\/magalhaesdealmeida.ma.gov.br\/transparencia\/wp-json\/wp\/v2\/users\/4"}],"wp:attachment":[{"href":"https:\/\/magalhaesdealmeida.ma.gov.br\/transparencia\/wp-json\/wp\/v2\/media?parent=19795"}],"curies":[{"name":"wp","href":"https:\/\/api.w.org\/{rel}","templated":true}]}}