{"id":19822,"date":"2023-10-31T16:20:58","date_gmt":"2023-10-31T19:20:58","guid":{"rendered":"https:\/\/magalhaesdealmeida.ma.gov.br\/transparencia\/?post_type=publicacoesdom&#038;p=19822"},"modified":"2023-10-31T16:34:22","modified_gmt":"2023-10-31T19:34:22","slug":"ata-de-registro-de-precos-n-o-019-2023-pregao-eletronico-srp-n-o-032-2023-processo-administrativo-n-o-202309050-2023-cpl","status":"publish","type":"publicacoesdom","link":"https:\/\/magalhaesdealmeida.ma.gov.br\/transparencia\/publicacoesdom\/ata-de-registro-de-precos-n-o-019-2023-pregao-eletronico-srp-n-o-032-2023-processo-administrativo-n-o-202309050-2023-cpl\/","title":{"rendered":"ATA DE REGISTRO DE PRE\u00c7OS N.\u00ba 019\/2023 &#8211; PREG\u00c3O ELETR\u00d4NICO SRP N.\u00ba 032\/2023 &#8211; PROCESSO ADMINISTRATIVO N.\u00ba 202309050\/2023 &#8211; CPL"},"content":{"rendered":"<p><strong>VALIDADE: 12 (doze) meses contados a partir da data de sua publica\u00e7\u00e3o no Di\u00e1rio Oficial da Uni\u00e3o ou do Estado do Maranh\u00e3o ou do munic\u00edpio de MAGALH\u00c3ES DE ALMEIDA\/MA.<br \/>\n<\/strong>Pelo presente instrumento, o Munic\u00edpio de <strong>MAGALH\u00c3ES DE ALMEIDA<\/strong>, Estado do Maranh\u00e3o, com sede administrativa, na Prefeitura Municipal, localizada na Rua Manoel Pires de Castro, 279 \u2013 Centro \u2013 CEP 65.560-000 Magalh\u00e3es de Almeida \u2013 MA, inscrita no CNPJ sob o n.\u00ba 06.988.976\/0001-09, representado neste ato pelo gestor respons\u00e1vel Sr. Francisco de Assis Arag\u00e3o, CPF: 376.1**.***-00 CNH: 012476******4, residente em Magalh\u00e3es de Almeida\/MA, <strong>RESOLVE,<\/strong> registrar os pre\u00e7os da empresa <strong>T DO REGO LIMA EIRELI, <\/strong>inscrita no CNPJ sob o n.\u00ba <strong>27.357.462\/0001-17<\/strong>, com sede na Rua Doutor \u00c1rea Le\u00e3o (Zona Sul), n.\u00ba 849, casa B, CEP: 64.001-310, na cidade Teresina \u2013 Piau\u00ed, representada pelo Sr. Thiago do Rego lima, inscrito no CPF N.\u00ba 018.2**.***-12, com endere\u00e7o para correspond\u00eancia eletr\u00f4nica atrav\u00e9s do e-mail <u><a href=\"mailto:regothiago26@gmail.com\">regothiago26@gmail.com<\/a><\/u>, com nas quantidades estimadas na se\u00e7\u00e3o quatro desta Ata de Registro de Pre\u00e7os, de acordo com a classifica\u00e7\u00e3o por elas alcan\u00e7ada por item, atendendo as condi\u00e7\u00f5es previstas no instrumento convocat\u00f3rio e as constantes desta Ata de Registro de Pre\u00e7os, sujeitando-se as partes \u00e0s normas constantes da Lei n\u00ba. 8.666\/93, Lei n\u00ba. 10.520\/2002, Decreto n\u00ba 10.024\/19, Lei Complementar n\u00ba. 123\/2006 e suas altera\u00e7\u00f5es, e em conformidade com as disposi\u00e7\u00f5es a seguir:<\/p>\n<table width=\"400\">\n<tbody>\n<tr>\n<td style=\"text-align: center\" width=\"400\"><strong>EMPRESA BENEFICI\u00c1RIA<\/strong><\/td>\n<\/tr>\n<tr>\n<td width=\"400\"><strong>NOME DA EMPRESA:<\/strong> T DO REGO LIMA EIRELI<br \/>\n<strong>CNPJ:<\/strong> 27.357.462\/0001-17<br \/>\n<strong>ENDERE\u00c7O:<\/strong> Rua Doutor \u00c1rea Le\u00e3o (Zona Sul), n.\u00ba 849, casa B, Centro, Teresina \u2013 Piau\u00ed CEP: 64.001-310.<br \/>\n<strong>TELEFONE:<\/strong> (86) 98814 &#8211; 9101<br \/>\n<strong>E-MAIL:<\/strong> regothiago26@gmail.com<br \/>\n<strong>REPRESENTANTE LEGAL:<\/strong> Thiago do Rego lima<br \/>\nCPF: 018.2**.***-12<br \/>\nRG: 24****0 SSP\/PI<\/td>\n<\/tr>\n<\/tbody>\n<\/table>\n<p><strong>1. DO OBJETO: <\/strong><strong>1.1 \u2013<\/strong> A presente licita\u00e7\u00e3o tem por objeto o Registro de Pre\u00e7o para eventual e futuro fornecimento de Kit Escolar, para atender as necessidades da Prefeitura do Munic\u00edpio de Magalh\u00e3es de Almeida\/MA, conforme condi\u00e7\u00f5es e especifica\u00e7\u00f5es constantes nesta Ata, no Edital e seus anexos. <strong>1.1.1 \u2013<\/strong> Este instrumento n\u00e3o obriga aos <strong>\u00d3RG\u00c3OS E ENTIDADES<\/strong> a firmarem contrata\u00e7\u00f5es nas quantidades estimadas, podendo ocorrer licita\u00e7\u00f5es especificas para aquisi\u00e7\u00e3o do(s), obedecidas a legisla\u00e7\u00e3o pertinente, sendo assegurada ao detentor do registro a prefer\u00eancia de fornecimento, em igualdade de condi\u00e7\u00f5es. <strong>1.2 \u2013 CADASTRO DE RESERVA \u2013<\/strong> Considerando a ordena\u00e7\u00e3o final das propostas de pre\u00e7os, as empresas abaixo, solicitaram e aceitaram cotar os bens, com pre\u00e7os iguais ao da benefici\u00e1ria da ata.<br \/>\n<strong>2. ADES\u00c3O DE ORG\u00c3OS N\u00c3O PARTICIPANTES: <\/strong><strong>2.1 \u2013<\/strong> A Ata de Registro de Pre\u00e7os, durante sua vig\u00eancia, poder\u00e1 ser utilizada por qualquer \u00f3rg\u00e3o ou entidade da Administra\u00e7\u00e3o inclusive autarquias federais, estaduais ou municipais de \u00f3rg\u00e3os p\u00fablicos, estatais ou ainda de regime pr\u00f3prio que n\u00e3o tenha participado do certame licitat\u00f3rio mediante previa consulta ao \u00f3rg\u00e3o gerenciador. <strong>2.2 \u2013<\/strong> Os \u00f3rg\u00e3os e entidades que n\u00e3o participaram do registro de pre\u00e7os, quando desejarem fazer uso da Ata de Registro de Pre\u00e7os, dever\u00e3o manifestar seu interesse junto ao \u00f3rg\u00e3o gerenciador da Ata, para que este indique os poss\u00edveis fornecedores e respectivos pre\u00e7os a serem praticados, obedecida a ordem de classifica\u00e7\u00e3o. <strong>2.3 \u2013<\/strong> Caber\u00e1 ao fornecedor benefici\u00e1rio da Ata de Registro de Pre\u00e7os, observadas as condi\u00e7\u00f5es nela estabelecidas, optar pela aceita\u00e7\u00e3o ou n\u00e3o do fornecimento, independentemente dos quantitativos registrados em Ata, desde que o fornecimento n\u00e3o prejudique as obriga\u00e7\u00f5es anteriormente assumidas. <strong>2.4 \u2013<\/strong> As aquisi\u00e7\u00f5es ou contrata\u00e7\u00f5es adicionais, n\u00e3o poder\u00e3o exceder, por \u00f3rg\u00e3o ou por entidade, a 50% (cinquenta por cento) dos quantitativos registrados na Ata de Registro de Pre\u00e7os durante sua vig\u00eancia, e ainda o quantitativo decorrente das ades\u00f5es \u00e0 ata de registro de pre\u00e7os n\u00e3o poder\u00e1 exceder, na totalidade, ao dobro do quantitativo de cada item registrado na ata de registro de pre\u00e7os para o \u00f3rg\u00e3o gerenciador e para os \u00f3rg\u00e3os participantes, independentemente do n\u00famero de \u00f3rg\u00e3os n\u00e3o participantes que, desde que devidamente comprovada a vantagem e o cumprimento das exig\u00eancias da legisla\u00e7\u00e3o vigente.<br \/>\n<strong>3. DA GER\u00caNCIA DA PRESENTE ATA DE REGISTRO DE PRE\u00c7OS: <\/strong><strong>3.1 \u2013<\/strong> O gerenciamento deste instrumento caber\u00e1 a Prefeitura Municipal de Magalh\u00e3es de Almeida &#8211; MA. <strong>3.2 \u2013<\/strong> A Presente Ata ter\u00e1 validade de 12 (doze) meses, contados a partir de sua publica\u00e7\u00e3o no Jornal Oficial do Estado\/MA ou Di\u00e1rio Oficial do Munic\u00edpio. <strong>3.3 \u2013<\/strong> A Secretaria participante desta Ata de Registro de Pre\u00e7os \u00e9 a Secretaria Municipal de Educa\u00e7\u00e3o.<br \/>\n<strong>4. DO CONTRATO<\/strong>: <strong>4.1 \u2013<\/strong> O pre\u00e7o a quantidade e a especifica\u00e7\u00e3o de Kit Escolar registrados nesta Ata encontram-se indicados na tabela abaixo:<\/p>\n<table width=\"454\">\n<tbody>\n<tr>\n<td style=\"text-align: center\" width=\"33\"><strong>ITEM<\/strong><\/td>\n<td style=\"text-align: center\" width=\"200\"><strong>DESCRI\u00c7\u00c3O DO ITEM<\/strong><\/td>\n<td style=\"text-align: center\" width=\"80\"><strong>MARCA.<\/strong><\/td>\n<td style=\"text-align: center\" width=\"31\"><strong>UND<\/strong><\/td>\n<td style=\"text-align: center\" width=\"47\"><strong>QUANT<\/strong><\/td>\n<td style=\"text-align: center\" width=\"63\"><strong>VALOR UNIT\u00c1RIO<\/strong><\/td>\n<\/tr>\n<tr>\n<td style=\"text-align: center\" colspan=\"6\" width=\"454\"><strong>LOTE I &#8211; KIT ESCOLAR EDUCA\u00c7\u00c3O INFANTIL<\/strong><\/td>\n<\/tr>\n<tr>\n<td width=\"33\">1<\/td>\n<td width=\"200\">APONTADOR ESCOLAR SIMPLES sem deposito, laminas em a\u00e7o temperado, fabricado em pl\u00e1stico, cores sortidas.<\/td>\n<td width=\"80\">LEO&amp;LEO<\/td>\n<td width=\"31\">UND<\/td>\n<td width=\"47\">3000<\/td>\n<td width=\"63\">R$ 2,95<\/td>\n<\/tr>\n<tr>\n<td width=\"33\">2<\/td>\n<td width=\"200\">BORRACHA, branca, tipo escolar, fabricado em borracha natural, macia, tamanho m\u00ednimo de 31x21x7mm,produto n\u00e3o t\u00f3xico, 1\u00aa qualidade &#8211;<\/td>\n<td width=\"80\">LEO&amp;LEO<\/td>\n<td width=\"31\">UND<\/td>\n<td width=\"47\">6000<\/td>\n<td width=\"63\">R$ 1,67<\/td>\n<\/tr>\n<tr>\n<td width=\"33\">3<\/td>\n<td width=\"200\">CADERNO DE DESENHO cartografia espiral capa variada e flexivel, formato 275x200mm, 48folhas.<\/td>\n<td width=\"80\">TILIBRA<\/td>\n<td width=\"31\">UND<\/td>\n<td width=\"47\">6000<\/td>\n<td width=\"63\">R$ 14,13<\/td>\n<\/tr>\n<tr>\n<td width=\"33\">4<\/td>\n<td width=\"200\">COLA BRANCA, com no m\u00ednimo 90g lav\u00e1vel, para uso escolar composi\u00e7\u00e3o: resina de PVA, produto at\u00f3xico; pronto para uso, alto teor de s\u00f3lidos, a embalagem (frasco) deve ser de fonte sustent\u00e1vel PET 100% reciclado, frasco retangular, bico aplicador econ\u00f4mico com boca de 1 mm, tampa com respiro, a veda\u00e7\u00e3o da tampa deve ser eficiente para evitar o vazamento do produto\/evapora\u00e7\u00e3o, validade superior a 36 meses.<\/td>\n<td width=\"80\">POLAR<\/td>\n<td width=\"31\">UND<\/td>\n<td width=\"47\">3000<\/td>\n<td width=\"63\">R$ 7,17<\/td>\n<\/tr>\n<tr>\n<td width=\"33\">5<\/td>\n<td width=\"200\">L\u00c1PIS DE COR caixa com 12 cores Dimens\u00f5es aproximadas de 6,9mm de di\u00e2metro e 175mm de comprimento. Mina centralizada de 4mm de di\u00e2metro, formato sextavado, n\u00e3o esfarela, resistente a quebras. Corpo colorido e com fidelidade entre a cor do verniz e a cor da mina, f\u00e1cil de apontar. Produzido com materiais totalmente at\u00f3xicos, proporcionando apontamento com forma\u00e7\u00e3o de cavaco cont\u00ednuo e uniforme. Maior resist\u00eancia a quebra da mina. Inscri\u00e7\u00e3o no corpo do l\u00e1pis contendo a marca do fabricante.<\/td>\n<td width=\"80\">ACRILEX<\/td>\n<td width=\"31\">UND<\/td>\n<td width=\"47\">3000<\/td>\n<td width=\"63\">R$ 12,87<\/td>\n<\/tr>\n<tr>\n<td width=\"33\">6<\/td>\n<td width=\"200\">L\u00c1PIS GRAFITE, grafite inteiro sextavado, com dimens\u00f5es aproximadas de 6,9mm de di\u00e2metro e comprimento de 175mm. Mina de grafite n\u00famero 2, em material cer\u00e2mico, resistente, que desliza facilmente sobre o papel. Produzido com materiais totalmente at\u00f3xicos e madeira 100% reflorestada,proporcionando apontamento com forma\u00e7\u00e3o de cavaco cont\u00ednuo e uniforme. Maior resist\u00eancia \u00e0 quebra da mina. Inscri\u00e7\u00e3o indel\u00e9vel no corpo do l\u00e1pis, contendo nome e marca do fabricante.<\/td>\n<td width=\"80\">LEO&amp;LEO<\/td>\n<td width=\"31\">UND<\/td>\n<td width=\"47\">6000<\/td>\n<td width=\"63\">R$ 1,54<\/td>\n<\/tr>\n<tr>\n<td width=\"33\">7<\/td>\n<td width=\"200\">MASSA DE MODELAR para fazer modelagem e que possa ser pintada com tintas acr\u00edlicas, PVA e guache, estojo com 12 cores e peso m\u00ednimo de 180g, a base de carboidratos de cereais, \u00e1gua, cloreto de s\u00f3dio, gl\u00faten, aroma, conservante, aditivos e pigmentos, massa com textura supermacia, excelente consist\u00eancia, cores vivas e misc\u00edveis entre si, que n\u00e3o esfarela, produto at\u00f3xico, n\u00e3o mancha as m\u00e3os, pode ser reaproveitado, indicada para crian\u00e7as a partir dos 3 anos de idade, com validade m\u00ednima de 24 meses, com selo compuls\u00f3rio do INMETRO e conformidade com norma ASTM D 4236. N\u00famero do lote e validade dever\u00e3o constar na embalagem. Embalagem com janela para facilitar a visualiza\u00e7\u00e3o das cores. Dentro do estojo as massas devem estar envoltas em filme de PVC, celofane ou polietileno.<\/td>\n<td width=\"80\">ACRILEX<\/td>\n<td width=\"31\">UND<\/td>\n<td width=\"47\">3000<\/td>\n<td width=\"63\">R$ 11,38<\/td>\n<\/tr>\n<tr>\n<td width=\"33\">8<\/td>\n<td width=\"200\">MOCHILA ESCOLAR PERSONALIZADA COM O LOGOTIPO DO MUNICIPIO -em nylon 600 ,bolso frontal com zipper,bolso lateral telado,al\u00e7as acolchoadas e ajust\u00e1veis.<\/td>\n<td width=\"80\">uniforms<\/td>\n<td width=\"31\">UND<\/td>\n<td width=\"47\">3000<\/td>\n<td width=\"63\">R$ 79,80<\/td>\n<\/tr>\n<tr>\n<td width=\"33\">9<\/td>\n<td width=\"200\">TESOURA ESCOLAR, pontas arredondadas, com l\u00e2mina em a\u00e7o inox, e cabo de pl\u00e1stico resistente, com dimens\u00f5es m\u00ednima 11cm 4 \u00bd\u201d (AxLxP);<\/td>\n<td width=\"80\">JOCAR OFFICE<\/td>\n<td width=\"31\">UND<\/td>\n<td width=\"47\">3000<\/td>\n<td width=\"63\">R$ 5,82<\/td>\n<\/tr>\n<tr>\n<td style=\"text-align: center\" width=\"33\"><strong>ITEM<\/strong><\/td>\n<td style=\"text-align: center\" width=\"200\"><strong>DESCRI\u00c7\u00c3O DO ITEM<\/strong><\/td>\n<td style=\"text-align: center\" width=\"80\"><strong>MARCA.<\/strong><\/td>\n<td style=\"text-align: center\" width=\"31\"><strong>UND<\/strong><\/td>\n<td style=\"text-align: center\" width=\"47\"><strong>QUANT<\/strong><\/td>\n<td style=\"text-align: center\" width=\"63\"><strong>VALOR UNIT\u00c1RIO<\/strong><\/td>\n<\/tr>\n<tr>\n<td style=\"text-align: center\" colspan=\"6\"><strong>LOTE II &#8211; KIT ESCOLAR FUNDAMENTAL I\u00a0<\/strong><\/td>\n<\/tr>\n<tr>\n<td width=\"33\">1<\/td>\n<td width=\"200\">APONTADOR ESCOLAR SIMPLES sem deposito, laminas em a\u00e7o temperado, fabricado em pl\u00e1stico, cores sortidas.<\/td>\n<td width=\"80\">LEO&amp;LEO<\/td>\n<td width=\"31\">UNID<\/td>\n<td width=\"47\">2500<\/td>\n<td width=\"63\">R$ 2,95<\/td>\n<\/tr>\n<tr>\n<td width=\"33\">2<\/td>\n<td width=\"200\">BORRACHA, branca, tipo escolar, fabricado em borracha natural, macia, tamanho m\u00ednimo de 31x21x7mm,produto n\u00e3o t\u00f3xico, 1\u00aa qualidade &#8211;<\/td>\n<td width=\"80\">LEO&amp;LEO<\/td>\n<td width=\"31\">UNID<\/td>\n<td width=\"47\">5000<\/td>\n<td width=\"63\">R$ 1,67<\/td>\n<\/tr>\n<tr>\n<td width=\"33\">3<\/td>\n<td width=\"200\">CADERNO DE CALIGRAFIA, \u00bc brochura 40 folhas. Conforme ABNT NBR 15236:2020- seguran\u00e7a de artigos escolares. Apresenta\u00e7\u00e3o certifica\u00e7\u00e3o INMETRO ou lado emitido por laborat\u00f3rio especializado , conforme ABNT NBR 15236:2020-seguran\u00e7a de artigos escolares.<\/td>\n<td width=\"80\">TILIBRA<\/td>\n<td width=\"31\">UNID<\/td>\n<td width=\"47\">2500<\/td>\n<td width=\"63\">R$ 15,09<\/td>\n<\/tr>\n<tr>\n<td width=\"33\">4<\/td>\n<td width=\"200\">CADERNO UNIVERSIT\u00c1RIO ,espiralado, 96 folhas,pautado e margeado frente e verso com capa e contracapa dura,\u2022 Dimens\u00f5es m\u00ednimas: 200 mm de largura x 275 mm de altura. Miolo: papel offset, branco de 56g\/m\u00b2 .Capa e contracapa duras: papel\u00e3o 750g\/m\u00b2 revestido em papel couch\u00ea 115g\/m\u00b2 com guarda em offset com gramatura m\u00ednima de 75g\/m\u00b2.<\/td>\n<td width=\"80\">TILIBRA<\/td>\n<td width=\"31\">UNID<\/td>\n<td width=\"47\">5000<\/td>\n<td width=\"63\">R$ 27,72<\/td>\n<\/tr>\n<tr>\n<td width=\"33\">5<\/td>\n<td width=\"200\">CANETAS ESFEROGRAFICA \u2013 AZUL, escrita m\u00e9dia, ponta de tungst\u00eanio; corpo sextavado em pl\u00e1stico transparente, com orif\u00edcio para respiro lateral; carga remov\u00edvel n\u00e3o rosqueada; tampa c\u00f4nica ventilada e tamp\u00e3o superior de press\u00e3o; protetor pl\u00e1stico entre carga e o corpo da caneta; tamanho com tampa de aproximadamente 15cm; embalagem com dados de identifica\u00e7\u00e3o do produto e data de validade de no m\u00ednimo 2 anos a contar pela data da entrega. (caixa com 50 unidades).<\/td>\n<td width=\"80\">CIS<\/td>\n<td width=\"31\">UNID<\/td>\n<td width=\"47\">5000<\/td>\n<td width=\"63\">R$ 2,51<\/td>\n<\/tr>\n<tr>\n<td width=\"33\">6<\/td>\n<td width=\"200\">L\u00c1PIS GRAFITE, grafite inteiro sextavado, com dimens\u00f5es aproximadas de 6,9mm de di\u00e2metro e comprimento de 175mm. Mina de grafite n\u00famero 2, em material cer\u00e2mico, resistente, que desliza facilmente sobre o papel. Produzido com materiais totalmente at\u00f3xicos e madeira 100% reflorestada,proporcionando apontamento com forma\u00e7\u00e3o de cavaco cont\u00ednuo e uniforme. Maior resist\u00eancia \u00e0 quebra da mina. Inscri\u00e7\u00e3o indel\u00e9vel no corpo do l\u00e1pis, contendo nome e marca do fabricante.<\/td>\n<td width=\"80\">LEO&amp;LEO<\/td>\n<td width=\"31\">UNID<\/td>\n<td width=\"47\">5000<\/td>\n<td width=\"63\">R$ 1,54<\/td>\n<\/tr>\n<tr>\n<td width=\"33\">7<\/td>\n<td width=\"200\">MOCHILA ESCOLAR PERSONALIZADA COM O LOGOTIPO DO MUNICIPIO -em nylon 600 ,bolso frontal com zipper,bolso lateral telado,al\u00e7as acolchoadas e ajust\u00e1veis.<\/td>\n<td width=\"80\">uniforms<\/td>\n<td width=\"31\">UNID<\/td>\n<td width=\"47\">2500<\/td>\n<td width=\"63\">R$ 79,80<\/td>\n<\/tr>\n<tr>\n<td width=\"33\">8<\/td>\n<td width=\"200\">R\u00c9GUA GRADUADA, polietileno e\/ou acr\u00edlico transparente 30cm, com aproximadamente 4mm de espessura;<\/td>\n<td width=\"80\">LEO&amp;LEO<\/td>\n<td width=\"31\">UNID<\/td>\n<td width=\"47\">2500<\/td>\n<td width=\"63\">R$ 5,12<\/td>\n<\/tr>\n<tr>\n<td width=\"33\">9<\/td>\n<td width=\"200\">TABUADA ESCOLAR- brochurra,capa flexivel,confeccionada em papel at\u00f3xico.<\/td>\n<td width=\"80\">Todolivro<\/td>\n<td width=\"31\">UNID<\/td>\n<td width=\"47\">2500<\/td>\n<td width=\"63\">R$ 5,83<\/td>\n<\/tr>\n<tr>\n<td style=\"text-align: center\" width=\"33\"><strong>ITEM<\/strong><\/td>\n<td style=\"text-align: center\" width=\"200\"><strong>DESCRI\u00c7\u00c3O DO ITEM<\/strong><\/td>\n<td style=\"text-align: center\" width=\"80\"><strong>MARCA.<\/strong><\/td>\n<td style=\"text-align: center\" width=\"31\"><strong>UND<\/strong><\/td>\n<td style=\"text-align: center\" width=\"47\"><strong>QUANT<\/strong><\/td>\n<td style=\"text-align: center\" width=\"63\"><strong>VALOR UNIT\u00c1RIO<\/strong><\/td>\n<\/tr>\n<tr>\n<td style=\"text-align: center\" colspan=\"6\"><strong>LOTE III &#8211; KIT ESCOLAR FUNDAMENTAL II<\/strong><\/td>\n<\/tr>\n<tr>\n<td width=\"33\">1<\/td>\n<td width=\"200\">APONTADOR ESCOLAR SIMPLES sem deposito, laminas em a\u00e7o temperado, fabricado em pl\u00e1stico, cores sortidas.<\/td>\n<td width=\"80\">LEO&amp;LEO<\/td>\n<td width=\"31\">UND<\/td>\n<td width=\"47\">2500<\/td>\n<td width=\"63\">R$ 2,95<\/td>\n<\/tr>\n<tr>\n<td width=\"33\">2<\/td>\n<td width=\"200\">BORRACHA, branca, tipo escolar, fabricado em borracha natural, macia, tamanho m\u00ednimo de 31x21x7mm,produto n\u00e3o t\u00f3xico, 1\u00aa qualidade &#8211;<\/td>\n<td width=\"80\">LEO&amp;LEO<\/td>\n<td width=\"31\">UND<\/td>\n<td width=\"47\">5000<\/td>\n<td width=\"63\">R$ 1,67<\/td>\n<\/tr>\n<tr>\n<td width=\"33\">3<\/td>\n<td width=\"200\">CADERNO GRANDE CAPA DURA, 10 MAT\u00c9RIAS, 200 FOLHAS ; dimens\u00f5es m\u00ednimas: 200 mm x 275 mm; Miolo: papel offset, branco,gramatura aproximada de 63grs; Capa e contracapa em papel\u00e3o com no m\u00ednimo 780g\/m\u00b2, revestimento em papel coche brilho com gramatura de 120g\/m\u00b2. Espiral: arame revestido em nylon preto ou branco 1,20 mm.<\/td>\n<td width=\"80\">TILIBRA<\/td>\n<td width=\"31\">UND<\/td>\n<td width=\"47\">2500<\/td>\n<td width=\"63\">R$ 27,10<\/td>\n<\/tr>\n<tr>\n<td width=\"33\">4<\/td>\n<td width=\"200\">CANETAS ESFEROGRAFICA \u2013 AZUL, escrita m\u00e9dia, ponta de tungst\u00eanio; corpo sextavado em pl\u00e1stico transparente, com orif\u00edcio para respiro lateral; carga remov\u00edvel n\u00e3o rosqueada; tampa c\u00f4nica ventilada e tamp\u00e3o superior de press\u00e3o; protetor pl\u00e1stico entre carga e o corpo da caneta; tamanho com tampa de aproximadamente 15cm; embalagem com dados de identifica\u00e7\u00e3o do produto e data de validade de no m\u00ednimo 2 anos a contar pela data da entrega. (caixa com 50 unidades).<\/td>\n<td width=\"80\">CIS<\/td>\n<td width=\"31\">UND<\/td>\n<td width=\"47\">5000<\/td>\n<td width=\"63\">R$ 2,57<\/td>\n<\/tr>\n<tr>\n<td width=\"33\">5<\/td>\n<td width=\"200\">L\u00c1PIS GRAFITE, grafite inteiro sextavado, com dimens\u00f5es aproximadas de 6,9mm de di\u00e2metro e comprimento de 175mm. Mina de grafite n\u00famero 2, em material cer\u00e2mico, resistente, que desliza facilmente sobre o papel. Produzido com materiais totalmente at\u00f3xicos e madeira 100% reflorestada,proporcionando apontamento com forma\u00e7\u00e3o de cavaco cont\u00ednuo e uniforme. Maior resist\u00eancia \u00e0 quebra da mina. Inscri\u00e7\u00e3o indel\u00e9vel no corpo do l\u00e1pis, contendo nome e marca do fabricante.<\/td>\n<td width=\"80\">LEO&amp;LEO<\/td>\n<td width=\"31\">UND<\/td>\n<td width=\"47\">5000<\/td>\n<td width=\"63\">R$ 1,54<\/td>\n<\/tr>\n<tr>\n<td width=\"33\">6<\/td>\n<td width=\"200\">MOCHILA ESCOLAR PERSONALIZADA COM O LOGOTIPO DO MUNICIPIO &#8211; em nylon 600,bolso frontal com zipper,bolso lateral telado,al\u00e7as acolchoadas e ajust\u00e1veis.<\/td>\n<td width=\"80\">uniforms<\/td>\n<td width=\"31\">UND<\/td>\n<td width=\"47\">2500<\/td>\n<td width=\"63\">R$ 79,80<\/td>\n<\/tr>\n<tr>\n<td width=\"33\">7<\/td>\n<td width=\"200\">R\u00c9GUA GRADUADA, polietileno e\/ou acr\u00edlico transparente 30cm, com aproximadamente 4mm de espessura;<\/td>\n<td width=\"80\">LEO&amp;LEO<\/td>\n<td width=\"31\">UND<\/td>\n<td width=\"47\">2500<\/td>\n<td width=\"63\">R$ 5,12<\/td>\n<\/tr>\n<tr>\n<td style=\"text-align: center\" width=\"33\"><strong>ITEM<\/strong><\/td>\n<td style=\"text-align: center\" width=\"200\"><strong>DESCRI\u00c7\u00c3O DO ITEM<\/strong><\/td>\n<td style=\"text-align: center\" width=\"80\"><strong>MARCA.<\/strong><\/td>\n<td style=\"text-align: center\" width=\"31\"><strong>UND<\/strong><\/td>\n<td style=\"text-align: center\" width=\"47\"><strong>QUANT<\/strong><\/td>\n<td style=\"text-align: center\" width=\"63\"><strong>VALOR UNIT\u00c1RIO<\/strong><\/td>\n<\/tr>\n<tr>\n<td style=\"text-align: center\" colspan=\"6\"><strong>LOTE IV &#8211; KIT ESCOLAR EDUCA\u00c7\u00c3O DE JOVENS E ADULTOS<\/strong><\/td>\n<\/tr>\n<tr>\n<td width=\"33\">1<\/td>\n<td width=\"200\">APONTADOR ESCOLAR SIMPLES sem deposito, laminas em a\u00e7o temperado, fabricado em pl\u00e1stico, cores sortidas.<\/td>\n<td width=\"80\">LEO&amp;LEO<\/td>\n<td width=\"31\">UND<\/td>\n<td width=\"47\">2500<\/td>\n<td width=\"63\">R$ 2,95<\/td>\n<\/tr>\n<tr>\n<td width=\"33\">2<\/td>\n<td width=\"200\">BORRACHA, branca, tipo escolar, fabricado em borracha natural, macia, tamanho m\u00ednimo de 31x21x7mm,produto n\u00e3o t\u00f3xico, 1\u00aa qualidade &#8211;<\/td>\n<td width=\"80\">LEO&amp;LEO<\/td>\n<td width=\"31\">UND<\/td>\n<td width=\"47\">2500<\/td>\n<td width=\"63\">R$ 1,67<\/td>\n<\/tr>\n<tr>\n<td width=\"33\">3<\/td>\n<td width=\"200\">CADERNO GRANDE CAPA DURA, 10 MAT\u00c9RIAS, 200 FOLHAS ; dimens\u00f5es m\u00ednimas: 200 mm x 275 mm; Miolo: papel offset, branco,gramatura aproximada de 63grs; Capa e contracapa em papel\u00e3o com no m\u00ednimo 780g\/m\u00b2, revestimento em papel coche brilho com gramatura de 120g\/m\u00b2. Espiral: arame revestido em nylon preto ou branco 1,20 mm.<\/td>\n<td width=\"80\">TILIBRA<\/td>\n<td width=\"31\">UND<\/td>\n<td width=\"47\">2500<\/td>\n<td width=\"63\">R$ 27,09<\/td>\n<\/tr>\n<tr>\n<td width=\"33\">4<\/td>\n<td width=\"200\">CANETAS ESFEROGRAFICA \u2013 AZUL, escrita m\u00e9dia, ponta de tungst\u00eanio; corpo sextavado em pl\u00e1stico transparente, com orif\u00edcio para respiro lateral; carga remov\u00edvel n\u00e3o rosqueada; tampa c\u00f4nica ventilada e tamp\u00e3o superior de press\u00e3o; protetor pl\u00e1stico entre carga e o corpo da caneta; tamanho com tampa de aproximadamente 15cm; embalagem com dados de identifica\u00e7\u00e3o do produto e data de validade de no m\u00ednimo 2 anos a contar pela data da entrega. (caixa com 50 unidades).<\/td>\n<td width=\"80\">CIS<\/td>\n<td width=\"31\">UND<\/td>\n<td width=\"47\">2500<\/td>\n<td width=\"63\">R$ 2,51<\/td>\n<\/tr>\n<tr>\n<td width=\"33\">5<\/td>\n<td width=\"200\">L\u00c1PIS GRAFITE, grafite inteiro sextavado, com dimens\u00f5es aproximadas de 6,9mm de di\u00e2metro e comprimento de 175mm. Mina de grafite n\u00famero 2, em material cer\u00e2mico, resistente, que desliza facilmente sobre o papel. Produzido com materiais totalmente at\u00f3xicos e madeira 100% reflorestada,proporcionando apontamento com forma\u00e7\u00e3o de cavaco cont\u00ednuo e uniforme. Maior resist\u00eancia \u00e0 quebra da mina. Inscri\u00e7\u00e3o indel\u00e9vel no corpo do l\u00e1pis, contendo nome e marca do fabricante.<\/td>\n<td width=\"80\">LEO&amp;LEO<\/td>\n<td width=\"31\">UND<\/td>\n<td width=\"47\">2500<\/td>\n<td width=\"63\">R$ 1,54<\/td>\n<\/tr>\n<tr>\n<td width=\"33\">6<\/td>\n<td width=\"200\">MOCHILA ESCOLAR PERSONALIZADA COM O LOGOTIPO DO MUNICIPIO-em nylon 600,bolso frontal com zipper,bolso lateral telado,al\u00e7as acolchoadas e ajust\u00e1veis.<\/td>\n<td width=\"80\">uniforms<\/td>\n<td width=\"31\">UND<\/td>\n<td width=\"47\">2500<\/td>\n<td width=\"63\">R$ 79,80<\/td>\n<\/tr>\n<tr>\n<td width=\"33\">7<\/td>\n<td width=\"200\">R\u00c9GUA GRADUADA, polietileno e\/ou acr\u00edlico transparente 30cm, com aproximadamente 4mm de espessura;<\/td>\n<td width=\"80\">LEO&amp;LEO<\/td>\n<td width=\"31\">UND<\/td>\n<td width=\"47\">2500<\/td>\n<td width=\"63\">R$ 5,12<\/td>\n<\/tr>\n<\/tbody>\n<\/table>\n<p><strong>5. DA ENTREGA: <\/strong><strong>5.1 \u2013<\/strong> Os itens registrados dever\u00e3o ser executados conforme termo de refer\u00eancia do Edital de forma fracionada (se necess\u00e1rio) e conforme forem solicitados pelo setor competente. <strong>\u00a05.2 \u2013<\/strong> O prazo m\u00e1ximo para entrega conforme termo de refer\u00eancia, solicitado pedido efetuado pelo departamento de compras da Prefeitura Municipal de Magalh\u00e3es de Almeida &#8211; MA.<br \/>\n<strong>6. DAS OBRIGA\u00c7\u00d5ES DA CONTRATADA: <\/strong><strong>6.1 \u2013<\/strong> Executar o fornecimento dentro dos padr\u00f5es estabelecidos pela Prefeitura Municipal, de acordo com as especifica\u00e7\u00f5es do edital, responsabilizando-se por eventuais preju\u00edzos decorrentes do descumprimento das condi\u00e7\u00f5es estabelecidas. <strong>6.2 \u2013<\/strong> Prestar os esclarecimentos que forem solicitados pela Prefeitura Municipal, cujas reclama\u00e7\u00f5es se obrigam a atender prontamente, bem como dar ci\u00eancia mediatamente e por escrito, de qualquer anormalidade que verificar quando da execu\u00e7\u00e3o dos atos de sua responsabilidade; <strong>6.3 \u2013<\/strong> Promover todos os meios necess\u00e1rios \u00e0 garantia da plena operacionalidade do fornecimento, inclusive considerados os casos de greve ou paralisa\u00e7\u00e3o de qualquer natureza; <strong>6.4 \u2013<\/strong> A falta de quaisquer itens cujo fornecimento incumbe ao detentor do pre\u00e7o registrado, n\u00e3o poder\u00e1 ser alegada como motivo de for\u00e7a maior para o atraso, m\u00e1 execu\u00e7\u00e3o ou inexecu\u00e7\u00e3o dos servi\u00e7os objeto deste edital e n\u00e3o a eximir\u00e1 das penalidades a que est\u00e1 sujeita pelo n\u00e3o cumprimento dos prazos e demais condi\u00e7\u00f5es aqui estabelecidas; <strong>6.5 \u2013<\/strong> Comunicar imediatamente a Prefeitura Municipal qualquer altera\u00e7\u00e3o ocorrida no endere\u00e7o, conta banc\u00e1ria e outras julgadas necess\u00e1rias para o recebimento de correspond\u00eancia; <strong>6.6 \u2013<\/strong> Respeitar e fazer cumprir a legisla\u00e7\u00e3o de seguran\u00e7a e Administra\u00e7\u00e3o no trabalho, previstas nas normas regulamentadoras pertinentes; <strong>6.7 \u2013<\/strong> Fiscalizar o perfeito cumprimento do fornecimento a que se obrigou, cabendo-lhe, integralmente, os \u00f4nus decorrentes. Tal fiscaliza\u00e7\u00e3o dar-se-\u00e1 independentemente da que ser\u00e1 exercida por esta Prefeitura; <strong>6.8 \u2013<\/strong> Indenizar terceiros e\/ou \u00e0 pr\u00f3pria Prefeitura em caso de aus\u00eancia ou omiss\u00e3o de fiscaliza\u00e7\u00e3o de sua parte, pelos danos ou preju\u00edzos causados por sua culpa ou dolo, devendo a contratada adotar todas as medidas preventivas, com fiel observ\u00e2ncia \u00e0s exig\u00eancias das autoridades competentes e \u00e0s disposi\u00e7\u00f5es legais vigentes; <strong>6.9 \u2013<\/strong> Fornecer os produtos, conforme estipulado neste edital e de acordo com a proposta apresentada; <strong>6.10 \u2013<\/strong> O atraso na execu\u00e7\u00e3o caber\u00e1 penalidade e san\u00e7\u00f5es previstas no item 12 da presente Ata.<br \/>\n<strong>7. DAS OBRIGA\u00c7\u00d5ES DA CONTRATANTE: <\/strong><strong>7.1 \u2013<\/strong> Convocar a licitante vencedora para a retirada da Ordem de Fornecimento dos itens registrados; <strong>7.2 \u2013<\/strong> Fornecer \u00e0 empresa a ser contratada todas as informa\u00e7\u00f5es e esclarecimentos que venham a ser solicitados relativamente ao objeto deste Edital; <strong>7.3 \u2013<\/strong> Efetuar o pagamento \u00e0 empresa nas condi\u00e7\u00f5es estabelecidas neste Edital; <strong>7.4 \u2013<\/strong> Notificar por escrito, \u00e0 empresa contratada, toda e qualquer irregularidade constatada durante o recebimento do objeto; <strong>7.5 \u2013<\/strong> Nenhum pagamento ser\u00e1 efetuado \u00e0 empresa detentora do registro, enquanto pendente de liquida\u00e7\u00e3o e qualquer obriga\u00e7\u00e3o. Esse fato n\u00e3o ser\u00e1 gerador de direito a reajustamento de pre\u00e7os ou a atualiza\u00e7\u00e3o monet\u00e1ria; <strong>7.6 \u2013<\/strong> N\u00e3o haver\u00e1, sob hip\u00f3tese alguma, pagamento antecipado; <strong>7.7 \u2013<\/strong> Fiscalizar a execu\u00e7\u00e3o das obriga\u00e7\u00f5es assumidas pelo contratado.<br \/>\n<strong>8. DO PAGAMENTO: <\/strong><strong>8.1 \u2013<\/strong> O pagamento ser\u00e1 efetuado at\u00e9 30 dias ap\u00f3s a emiss\u00e3o da nota fiscal devidamente atestada pela Secretaria respons\u00e1vel; <strong>8.2 \u2013<\/strong> O Contratado\/fornecedor dever\u00e1 indicar no corpo da Nota Fiscal\/fatura, descri\u00e7\u00e3o do item fornecido, de acordo com o especificado no Anexo I e sua proposta de pre\u00e7o. <strong>8.3 \u2013<\/strong> Caso constatado alguma irregularidade nas notas fiscais em faturas, estas ser\u00e3o devolvidas ao fornecedor, para as necess\u00e1rias corre\u00e7\u00f5es, com as informa\u00e7\u00f5es que motivaram sua rejei\u00e7\u00e3o, sendo o pagamento realizado ap\u00f3s a reapresenta\u00e7\u00e3o das notas fiscais em faturas. <strong>8.4 \u2013<\/strong> Nenhum pagamento isentar\u00e1 o <strong>FORNECEDOR\/CONTRATADO<\/strong> das suas responsabilidades e obriga\u00e7\u00f5es, nem implicar\u00e1 aceita\u00e7\u00e3o definitiva do fornecimento. <strong>8.5 \u2013<\/strong> O Contratante n\u00e3o efetuar\u00e1 pagamento de t\u00edtulo descontado, ou por meio de cobran\u00e7a em banco, bem como, os que forem negociados com terceiros por interm\u00e9dio da opera\u00e7\u00e3o de \u201cfactoring\u201d; <strong>8.6 \u2013<\/strong> As despesas banc\u00e1rias decorrentes de transfer\u00eancia de valores para outras pra\u00e7as ser\u00e3o de responsabilidades do Contratado.<br \/>\n<strong>9. DO REAJUSTAMENTO DE PRE\u00c7OS: <\/strong><strong>9.1 \u2013<\/strong> Os pre\u00e7os registrados manter-se-\u00e3o inalterados pelo per\u00edodo de vig\u00eancia da presente Ata, admitida a revis\u00e3o no caso de desequil\u00edbrio da equa\u00e7\u00e3o econ\u00f4mico financeira inicial deste instrumento a partir de determina\u00e7\u00e3o municipal, cabendo-lhe no m\u00e1ximo o repasse do percentual determinado. <strong>9.2 \u2013<\/strong> Os pre\u00e7os registrados que sofrerem revis\u00e3o n\u00e3o poder\u00e3o ultrapassar os pre\u00e7os praticados no mercado, mantendo-se a diferen\u00e7a percentual apurada entre o valor originalmente constante da proposta e aquele vigente no mercado \u00e0 \u00e9poca do registro; <strong>9.3 \u2013<\/strong> Caso o pre\u00e7o registrado seja superior \u00e0 m\u00e9dia dos pre\u00e7os de mercado, a Prefeitura solicitar\u00e1 ao fornecedor, mediante correspond\u00eancia, redu\u00e7\u00e3o do pre\u00e7o registrado, de forma a adequ\u00e1-la. <strong>9.4 \u2013<\/strong> Fracassada a negocia\u00e7\u00e3o com o primeiro colocado a Prefeitura poder\u00e1 rescindir esta Ata e convocar, nos termos da legisla\u00e7\u00e3o vigente, e pelo pre\u00e7o da primeira, as demais empresas com pre\u00e7os registrados, cabendo rescis\u00e3o desta ata de registro de pre\u00e7os e nova licita\u00e7\u00e3o em caso de fracasso na negocia\u00e7\u00e3o. <strong>9.5 \u2013<\/strong> Ser\u00e1 considerado compat\u00edveis com os de mercado os pre\u00e7os registrados que forem iguais ou inferiores \u00e0 m\u00e9dia daqueles apurados pela Prefeitura.<br \/>\n<strong>10. DO CANCELAMENTO DA ATA DE REGISTRO DE PRE\u00c7OS: <\/strong><strong>10.1 \u2013<\/strong> A presente Ata de Registro de Pre\u00e7os poder\u00e1 ser cancelada de pleno direito, nas seguintes situa\u00e7\u00f5es; <strong>a)<\/strong> Quando o fornecedor n\u00e3o cumprir com as obriga\u00e7\u00f5es constantes no Edital e nessa Ata de Registro de Pre\u00e7os; <strong>b)<\/strong> Quando o fornecedor der causa a rescis\u00e3o administrativa da Nota de Empenho decorrente deste Registro de Pre\u00e7os, nas hip\u00f3teses previstas nos incisos I a XII, XVII e XVIII do art. 78 da Lei 8.666\/93; <strong>c)<\/strong> em quaisquer hip\u00f3teses de execu\u00e7\u00e3o total ou parcial da requisi\u00e7\u00e3o\/pedido dos produtos decorrente deste registro; <strong>d)<\/strong> os pre\u00e7os registrados se apresentarem superiores aos praticados no mercado; <strong>e)<\/strong> por raz\u00f5es de interesse p\u00fablico devidamente demonstradas e justificadas; <strong>f)<\/strong> descumprir qualquer dos itens da cl\u00e1usula sexta ou s\u00e9tima. <strong>10.2 \u2013<\/strong> Ocorrendo cancelamento do pre\u00e7o registrado, o fornecedor ser\u00e1 informado por correspond\u00eancia, a qual ser\u00e1 juntada ao processo administrativo da presente Ata. <strong>10.3<\/strong> \u2013 No caso de ser ignorado, incerto ou inacess\u00edvel o endere\u00e7o do fornecedor, a comunica\u00e7\u00e3o ser\u00e1 feita por publica\u00e7\u00e3o no Jornal Oficial do Estado\/MA, considerando-se cancelado o pre\u00e7o registrado a partir da \u00faltima publica\u00e7\u00e3o. <strong>10.4 \u2013<\/strong> A solicita\u00e7\u00e3o do fornecedor para cancelamento dos pre\u00e7os registrados poder\u00e1 n\u00e3o ser aceita pela Prefeitura, facultando-se a esta neste caso, a aplica\u00e7\u00e3o das penalidades previstas no Edital. <strong>10.5 \u2013<\/strong> Havendo o cancelamento do pre\u00e7o registrado, cessar\u00e3o todas as atividades do Fornecedor, relativas ao fornecimento do item. <strong>10.6 \u2013<\/strong> Caso a Prefeitura n\u00e3o se utilize da prerrogativa de cancelar esta Ata, a seu exclusivo crit\u00e9rio, poder\u00e1 suspender a sua execu\u00e7\u00e3o e\/ou sustar o pagamento das faturas, at\u00e9 que o Fornecedor cumpra integralmente a condi\u00e7\u00e3o contratual infringida. <strong>10.7 \u2013<\/strong> A Ata de Registro de Pre\u00e7os ser\u00e1 cancelada automaticamente nas seguintes hip\u00f3teses: <strong>a)<\/strong> Por decurso de prazo de validade;<br \/>\n<strong>11. DOS PRE\u00c7OS: <\/strong><strong>11.1 \u2013<\/strong> Os pre\u00e7os apresentados na proposta devem incluir todos os custos e despesas, tais como: custos diretos e indiretos, tributos incidentes, taxa de administra\u00e7\u00e3o, servi\u00e7os, encargos sociais, trabalhistas, seguros, fretes, lucro e outros necess\u00e1rios ao cumprimento integral do objeto desta Ata de Registros de Pre\u00e7os.<br \/>\n<strong>12. DAS PENALIDADES: <\/strong><strong>12.1 &#8211;<\/strong> O descumprimento injustificado das obriga\u00e7\u00f5es assumidas nos termos deste edital, sujeita \u00e0 contratada a multas, consoante o caput e \u00a7\u00a7 do art. 86 da Lei 8.666\/93, incidentes sobre o valor da Nota de Empenho, na forma seguinte: <strong>a)<\/strong> atraso at\u00e9 05 (cinco) dias, multa de 02% (dois por cento); <strong>b)<\/strong> a partir do 6\u00ba (sexto) at\u00e9 o limite do 10\u00ba (d\u00e9cimo) dia, multa de 04% (quatro por cento), caracterizando-se a inexecu\u00e7\u00e3o total da obriga\u00e7\u00e3o a partir do 11\u00ba (d\u00e9cimo primeiro) dia de atraso. <strong>12.2 \u2013<\/strong> Sem preju\u00edzo das san\u00e7\u00f5es cominadas no art. 87, I. III e IV, da Lei 8.666\/93, pela inexecu\u00e7\u00e3o total ou parcial do objeto adjudicado, o Munic\u00edpio de Magalh\u00e3es de Almeida, atrav\u00e9s da Secretaria Municipal de Educa\u00e7\u00e3o poder\u00e1, garantida a pr\u00e9via e ampla defesa, aplicar \u00e0 Contratada multa de at\u00e9 10% (dez por cento) sobre o valor adjudicado; <strong>12.3 \u2013<\/strong> Se a adjudicat\u00e1ria recusar-se a retirar a nota de empenho injustificadamente ou se n\u00e3o apresentar situa\u00e7\u00e3o regular no ato da feitura da mesma, garantida pr\u00e9via e ampla defesa, sujeitar-se-\u00e1 as seguintes penalidades: <strong>12.3.1.<\/strong> Multa de at\u00e9 10% (dez por cento) sobre o valor adjudicado; <strong>12.3.2.<\/strong> Suspens\u00e3o tempor\u00e1ria de participar de licita\u00e7\u00f5es e impedimento de contratar com o Munic\u00edpio de Magalh\u00e3es de Almeida, por prazo de at\u00e9 02 (dois) anos, e, <strong>12.3.3.<\/strong> Declara\u00e7\u00e3o de inidoneidade para licitar ou contratar com a Administra\u00e7\u00e3o P\u00fablica Municipal. <strong>12.4 \u2013<\/strong> A licitante, adjudicat\u00e1ria ou contratada que deixar de entregar ou apresentar documenta\u00e7\u00e3o falsa exigida para o certame, ensejar o retardamento da execu\u00e7\u00e3o de seu objeto, n\u00e3o mantiver a proposta, falhar ou fraudar na execu\u00e7\u00e3o do contrato, comportar se de modo inid\u00f4neo ou cometer fraude fiscal, garantida pr\u00e9via e ampla defesa, ficar\u00e1 impedida de licitar e contratar com o Munic\u00edpio pelo prazo de at\u00e9 cinco anos e, se for o caso, o Munic\u00edpio de Magalh\u00e3es de Almeida solicitar\u00e1 o seu descredenciamento do Cadastro de Fornecedores do Estado por igual per\u00edodo, sem preju\u00edzo da a\u00e7\u00e3o penal correspondente na forma da lei; <strong>12.5 \u2013<\/strong> A multa eventualmente imposta \u00e0 contratada ser\u00e1 automaticamente descontada da fatura a que fizer jus, acrescida de juros morat\u00f3rios de 1% (um por cento) ao m\u00eas. Caso a contratada n\u00e3o tenha nenhum valor a receber deste \u00f3rg\u00e3o da Prefeitura Municipal de Magalh\u00e3es de Almeida, ser-lhe-\u00e1 concedido o prazo de 05 (cinco) dias uteis, contados de sua intima\u00e7\u00e3o, para efetuar o pagamento da multa, ap\u00f3s esse prazo, n\u00e3o sendo efetuado o pagamento, seus dados ser\u00e3o encaminhados ao \u00f3rg\u00e3o competente para que seja inscrita na divida ativa do Munic\u00edpio, podendo, ainda a Prefeitura proceder \u00e0 cobran\u00e7a judicial da multa; <strong>12.6 \u2013<\/strong> As multas previstas nesta se\u00e7\u00e3o n\u00e3o eximem a adjudicat\u00e1ria da repara\u00e7\u00e3o dos eventuais danos, perdas ou preju\u00edzos que seu ato pun\u00edvel venha causar ao Munic\u00edpio de Magalh\u00e3es de Almeida. <strong>12.7 \u2013<\/strong> Se a Contratada n\u00e3o proceder ao recolhimento da multa no prazo de 05 (cinco) dias \u00fateis, contados da intima\u00e7\u00e3o por parte da Secretaria Municipal participante, o respectivo valor ser\u00e1 descontado dos cr\u00e9ditos que esta possuir com a Secretaria Municipal participante, e, se estes n\u00e3o forem suficientes, o valor que sobejar ser\u00e1 encaminhado para inscri\u00e7\u00e3o em Divida Ativa e execu\u00e7\u00e3o pela Procuradoria Geral do Munic\u00edpio; <strong>12.8 \u2013<\/strong> Do ato que aplicar penalidade caber\u00e1 recurso, no prazo de 05 (cinco) dias \u00fateis, a contar da ci\u00eancia da intima\u00e7\u00e3o, podendo a Administra\u00e7\u00e3o reconsiderar sua decis\u00e3o ou nesse prazo encaminh\u00e1-la devidamente informada para a aprecia\u00e7\u00e3o e decis\u00e3o superior, dentro do mesmo prazo.<br \/>\n<strong>13. DOS ILICITOS PENAIS: <\/strong><strong>13.1 \u2013<\/strong> As infra\u00e7\u00f5es penais tipificadas na Lei 8.666\/93 ser\u00e3o objeto de processo judicial da forma legalmente prevista, sem preju\u00edzo das demais comina\u00e7\u00f5es aplic\u00e1veis.<br \/>\n<strong>14. DOS RECURSOS OR\u00c7AMENT\u00c1RIOS: <\/strong><strong>14.1 \u2013<\/strong> As despesas decorrentes das contrata\u00e7\u00f5es oriundas da presente Ata de Registro de Pre\u00e7os, correr\u00e3o \u00e0 conta de dota\u00e7\u00e3o or\u00e7ament\u00e1ria do ano em curso, ou das demais que possam vir a aderir a presente Ata, \u00e1s quais ser\u00e3o elencadas em momento oportuno.<br \/>\n<strong>15. DAS DISPOSI\u00c7\u00d5ES FINAIS: <\/strong><strong>15.1 \u2013<\/strong> As partes ficam, ainda, adstritas \u00e0s seguintes disposi\u00e7\u00f5es: <strong>I \u2013<\/strong> Todas as altera\u00e7\u00f5es que se fizerem necess\u00e1rias ser\u00e3o registradas por interm\u00e9dio de lavratura de termo aditivo a presente Ata de Registro de Pre\u00e7os. <strong>II <\/strong>\u2013 Vinculam-se a esta Ata para fins de analise t\u00e9cnica, jur\u00eddica e decis\u00e3o superior o Edital de Preg\u00e3o Eletr\u00f4nico SRP N.\u00ba 032\/2023 e seus anexos e as propostas das licitantes classificadas. <strong>III <\/strong>\u2013 \u00c9 vedado caucionar ou utilizar o contrato decorrente do presente registro para qualquer opera\u00e7\u00e3o financeira, sem previa e expressa autoriza\u00e7\u00e3o da Prefeitura.<br \/>\n<strong>16. DO FORO: <\/strong><strong>16.1 \u2013<\/strong> As partes contratantes elegem o Foro da Comarca de Magalh\u00e3es de Almeida, Estado do Maranh\u00e3o, como competente para dirimir quaisquer quest\u00f5es oriundas do presente contrato, inclusive os casos omissos, que n\u00e3o puderem ser resolvidos pela via administrativa, renunciando a qualquer outro, por mais privilegiado que seja. <strong>16.2 \u2013<\/strong> E por estarem de acordo, as partes firmam a presente Ata, em 03 (tr\u00eas) vias de igual teor e forma para um s\u00f3 efeito legal, ficando uma via arquivada da sede da <strong>CONTRATANTE<\/strong>, na forma do Art. 60 da Lei 8.666\/93. Magalh\u00e3es de Almeida\/MA, 26 de outubro de 2023.<\/p>\n","protected":false},"author":4,"template":"","class_list":["post-19822","publicacoesdom","type-publicacoesdom","status-publish","hentry"],"acf":{"tipo_de_publicacao_diario":"28","e_retificacao":"1","origem_do_diario":"Poder Executivo","codigo_verificador":"bd9b98ac64874610677a08323d3e887921e5261a"},"_links":{"self":[{"href":"https:\/\/magalhaesdealmeida.ma.gov.br\/transparencia\/wp-json\/wp\/v2\/publicacoesdom\/19822","targetHints":{"allow":["GET"]}}],"collection":[{"href":"https:\/\/magalhaesdealmeida.ma.gov.br\/transparencia\/wp-json\/wp\/v2\/publicacoesdom"}],"about":[{"href":"https:\/\/magalhaesdealmeida.ma.gov.br\/transparencia\/wp-json\/wp\/v2\/types\/publicacoesdom"}],"author":[{"embeddable":true,"href":"https:\/\/magalhaesdealmeida.ma.gov.br\/transparencia\/wp-json\/wp\/v2\/users\/4"}],"wp:attachment":[{"href":"https:\/\/magalhaesdealmeida.ma.gov.br\/transparencia\/wp-json\/wp\/v2\/media?parent=19822"}],"curies":[{"name":"wp","href":"https:\/\/api.w.org\/{rel}","templated":true}]}}