{"id":20094,"date":"2023-11-23T15:46:51","date_gmt":"2023-11-23T18:46:51","guid":{"rendered":"https:\/\/magalhaesdealmeida.ma.gov.br\/transparencia\/?post_type=publicacoesdom&#038;p=20094"},"modified":"2023-11-23T15:46:51","modified_gmt":"2023-11-23T18:46:51","slug":"lei-n-o-595-de-16-de-novembro-de-2023","status":"publish","type":"publicacoesdom","link":"https:\/\/magalhaesdealmeida.ma.gov.br\/transparencia\/publicacoesdom\/lei-n-o-595-de-16-de-novembro-de-2023\/","title":{"rendered":"LEI N.\u00ba 595 de 16 de novembro de 2023"},"content":{"rendered":"<p><strong>Cria o \u201cProjeto Colhendo Frutos\u201d, no munic\u00edpio de Magalh\u00e3es de Almeida e d\u00e1 outras provid\u00eancias.<br \/>\n<\/strong><strong>O PREFEITO MUNICIPAL DE MAGALH\u00c3ES DE ALMEIDA, ESTADO DO MARANH\u00c3O<\/strong>, no uso de suas atribui\u00e7\u00f5es que lhe s\u00e3o conferidas por Lei, <strong>FA\u00c7O<\/strong> <strong>SABER<\/strong> que a C\u00e2mara Municipal de Vereadores aprovou e eu <strong>SANCIONO<\/strong> a seguinte Lei:<br \/>\n<strong>Art. 1\u00ba<\/strong> &#8211; Fica criado o <strong>&#8220;PROJETO COLHENDO FRUTOS&#8221;,<\/strong> destinado ao plantio ou reposi\u00e7\u00e3o de \u00e1rvores de esp\u00e9cies frut\u00edferas em \u00e1reas p\u00fablicas do Munic\u00edpio de Magalh\u00e3es de Almeida e d\u00e1 outras provid\u00eancias.<br \/>\n<strong>Art. 2\u00ba<\/strong> &#8211; O plantio ser\u00e1 feito com as esp\u00e9cies frut\u00edferas que forem mais adequadas a cada lugar, segundo a ecologia, o solo e a dimens\u00e3o de \u00e1rea respectiva, objetivando atender aos programas de manuten\u00e7\u00e3o e amplia\u00e7\u00e3o de \u00e1reas verdes no munic\u00edpio.<br \/>\n<strong>Art. 3\u00ba<\/strong> &#8211; Nenhuma esp\u00e9cie de \u00e1rvores frut\u00edferas poder\u00e1 ser plantada nas \u00e1reas p\u00fablicas sem a devida autoriza\u00e7\u00e3o e supervis\u00e3o t\u00e9cnica do \u00f3rg\u00e3o municipal competente.<br \/>\n<strong>Art. 4\u00ba<\/strong> &#8211; A Implanta\u00e7\u00e3o do <strong>&#8220;Projeto COLHENDO FRUTOS&#8221;<\/strong>, dar-se-\u00e1 preferencialmente, nas \u00e1reas livres e ociosas das escolas da rede municipal de ensino, pra\u00e7as e demais \u00e1reas verdes da cidade, a crit\u00e9rio do Poder Executivo.<br \/>\n<strong>Par\u00e1grafo \u00danico &#8211;<\/strong>\u00a0 As \u00e1rvores existentes nos logradouros p\u00fablicos ser\u00e3o mantidas, por\u00e9m, quando necessitarem de replantio, a substitui\u00e7\u00e3o ser\u00e1, preferencialmente, por esp\u00e9cies frut\u00edferas.<br \/>\n<strong>Art. 5\u00ba<\/strong> &#8211; A decis\u00e3o de plantio de \u00e1rvores frut\u00edferas nas \u00e1reas p\u00fablicas do Munic\u00edpio ficar\u00e1 a cargo do Poder Executivo, podendo ser executado por pessoas jur\u00eddicas da iniciativa privada, mediante permiss\u00e3o de uso, ficando permitida a publicidade da empresa parceria.<br \/>\n<strong>Art. 6\u00ba<\/strong> &#8211; Quando executado nas \u00e1reas livres das escolas da Rede Municipal de Ensino, o <strong>&#8220;PROJETO COLHENDO FRUTOS&#8221;<\/strong> poder\u00e1 contar com a participa\u00e7\u00e3o do corpo discente da escola, com o objetivo de despertar o interesse de estudantes para a valoriza\u00e7\u00e3o e os cuidados com os recursos naturais atrav\u00e9s do contato com as plantas.<br \/>\n<strong>Art. 7\u00ba<\/strong> &#8211; Fica o Poder Executivo Municipal autorizado a firmar os conv\u00eanios necess\u00e1rios com institui\u00e7\u00f5es e \u00f3rg\u00e3os p\u00fablicos afins para o melhor cumprimento desta Lei.<br \/>\n<strong>Art. 8\u00ba<\/strong>\u00a0&#8211; As despesas com a execu\u00e7\u00e3o desta Lei correr\u00e3o por conta de dota\u00e7\u00f5es or\u00e7ament\u00e1rias pr\u00f3prias, suplementadas se necess\u00e1rias.<br \/>\n<strong>Art. 9\u00ba<\/strong> &#8211; Esta Lei entra em vigor na data de sua publica\u00e7\u00e3o.<br \/>\nPal\u00e1cio Benedito Lima e Silva, Gabinete do Prefeito Municipal de Magalh\u00e3es de Almeida &#8211; MA, em 16 de novembro de 2023. RAIMUNDO NONATO CARVALHO, Prefeito Municipal.<\/p>\n","protected":false},"author":4,"template":"","class_list":["post-20094","publicacoesdom","type-publicacoesdom","status-publish","hentry"],"acf":{"tipo_de_publicacao_diario":"34","e_retificacao":"1","origem_do_diario":"Poder Executivo","codigo_verificador":"fbde9e2c2621aa469a24612b3011525e44042713"},"_links":{"self":[{"href":"https:\/\/magalhaesdealmeida.ma.gov.br\/transparencia\/wp-json\/wp\/v2\/publicacoesdom\/20094","targetHints":{"allow":["GET"]}}],"collection":[{"href":"https:\/\/magalhaesdealmeida.ma.gov.br\/transparencia\/wp-json\/wp\/v2\/publicacoesdom"}],"about":[{"href":"https:\/\/magalhaesdealmeida.ma.gov.br\/transparencia\/wp-json\/wp\/v2\/types\/publicacoesdom"}],"author":[{"embeddable":true,"href":"https:\/\/magalhaesdealmeida.ma.gov.br\/transparencia\/wp-json\/wp\/v2\/users\/4"}],"wp:attachment":[{"href":"https:\/\/magalhaesdealmeida.ma.gov.br\/transparencia\/wp-json\/wp\/v2\/media?parent=20094"}],"curies":[{"name":"wp","href":"https:\/\/api.w.org\/{rel}","templated":true}]}}