{"id":20172,"date":"2023-12-04T15:24:36","date_gmt":"2023-12-04T18:24:36","guid":{"rendered":"https:\/\/magalhaesdealmeida.ma.gov.br\/transparencia\/?post_type=publicacoesdom&#038;p=20172"},"modified":"2023-12-04T15:24:36","modified_gmt":"2023-12-04T18:24:36","slug":"resultado-final-do-curso-preparatorio-de-gestao-escolar-e-cronograma-de-apresentacao-do-plano-gestao-e-entrevista-do-processo-seletivo-simplificado-para-preenchimento-do-cargo-em-comissao-de-gestor-es","status":"publish","type":"publicacoesdom","link":"https:\/\/magalhaesdealmeida.ma.gov.br\/transparencia\/publicacoesdom\/resultado-final-do-curso-preparatorio-de-gestao-escolar-e-cronograma-de-apresentacao-do-plano-gestao-e-entrevista-do-processo-seletivo-simplificado-para-preenchimento-do-cargo-em-comissao-de-gestor-es\/","title":{"rendered":"RESULTADO FINAL DO CURSO PREPARAT\u00d3RIO DE GEST\u00c3O ESCOLAR E CRONOGRAMA DE APRESENTA\u00c7\u00c3O DO PLANO GEST\u00c3O E ENTREVISTA DO PROCESSO SELETIVO SIMPLIFICADO PARA PREENCHIMENTO DO CARGO EM COMISS\u00c3O DE GESTOR ESCOLAR DAS ESCOLAS DA REDE MUNICIPAL DE ENSINO DE MAGALH\u00c3ES DE ALMEIDA &#8211; MA"},"content":{"rendered":"<p>O Presidente Da Comiss\u00e3o De Execu\u00e7\u00e3o Do Processo Seletivo, Sr. Ma\u00e9lio C\u00e9sar Freitas dos Santos, nomeado de acordo com o decreto 033\/2023, vem tornar p\u00fablica o <strong>resultado final<\/strong> do curso preparat\u00f3rio de gest\u00e3o escolar e cronograma de apresenta\u00e7\u00e3o do plano gest\u00e3o e entrevista do Processo Seletivo Edital 02-2023 &#8211; SEMED, de 28 de setembro de 2023.<br \/>\nCertos de sua aten\u00e7\u00e3o, coloco-me \u00e0 disposi\u00e7\u00e3o para esclarecimentos adicionais.<br \/>\nMagalh\u00e3es de Almeida, 04 de dezembro de 2023. Atenciosamente, MAELIO CESAR FREITAS DOS SANTOS, Presidente da Comiss\u00e3o de Execu\u00e7\u00e3o do Processo Seletivo.<br \/>\n<strong>PREFEITURA MUNICIPAL DE MAGALH\u00c3ES DE ALMEIDA<\/strong><br \/>\n<strong>SECRETARIA MUNICIPAL DE EDUCA\u00c7\u00c3O<\/strong><br \/>\n<strong>RESULTADO PROVA DO SELETIVO DE GESTORES ESCOLARES<\/strong><br \/>\n<strong>DATA 24\/11\/2023<br \/>\n<\/strong><\/p>\n<table width=\"442\">\n<tbody>\n<tr>\n<td style=\"text-align: center\" width=\"101\"><\/td>\n<td style=\"text-align: center\" width=\"100\"><strong>NOME DO CANDIDATO<\/strong><\/td>\n<td style=\"text-align: center\" width=\"51\"><strong>NOTA 1 &#8211; PROVA ESCRITA OBJETIVA<\/strong><\/td>\n<td style=\"text-align: center\" width=\"81\"><strong>NOTA 2 &#8211; PROVA ESCRITA DISSERTATIVA<\/strong><\/td>\n<td style=\"text-align: center\" width=\"76\"><strong>NOTA 3 &#8211; PARTICIPA\u00c7\u00c3O NO CURSO<\/strong><\/td>\n<td style=\"text-align: center\" width=\"33\"><strong>NOTA FINAL<\/strong><\/td>\n<\/tr>\n<tr>\n<td style=\"text-align: center\" width=\"101\">CLASSIFICADO(A)<\/td>\n<td width=\"100\">Antonio Carlos Texeira da Silva<\/td>\n<td style=\"text-align: center\" width=\"51\">34<\/td>\n<td style=\"text-align: center\" width=\"81\">20<\/td>\n<td style=\"text-align: center\" width=\"76\">9<\/td>\n<td style=\"text-align: center\" width=\"33\"><strong>7,2<\/strong><\/td>\n<\/tr>\n<tr>\n<td style=\"text-align: center\" width=\"101\">CLASSIFICADO(A)<\/td>\n<td width=\"100\">Augusto Cesar Costa Silva<\/td>\n<td style=\"text-align: center\" width=\"51\">38<\/td>\n<td style=\"text-align: center\" width=\"81\">20<\/td>\n<td style=\"text-align: center\" width=\"76\">10<\/td>\n<td style=\"text-align: center\" width=\"33\"><strong>7,9<\/strong><\/td>\n<\/tr>\n<tr>\n<td style=\"text-align: center\" width=\"101\">CLASSIFICADO(A)<\/td>\n<td width=\"100\">Auric\u00e9lia Carvalho da Silva<\/td>\n<td style=\"text-align: center\" width=\"51\">40<\/td>\n<td style=\"text-align: center\" width=\"81\">40<\/td>\n<td style=\"text-align: center\" width=\"76\">10<\/td>\n<td style=\"text-align: center\" width=\"33\"><strong>9<\/strong><\/td>\n<\/tr>\n<tr>\n<td style=\"text-align: center\" width=\"101\">CLASSIFICADO(A)<\/td>\n<td width=\"100\">Caroline Cardoso Oliveira<\/td>\n<td style=\"text-align: center\" width=\"51\">50<\/td>\n<td style=\"text-align: center\" width=\"81\">40<\/td>\n<td style=\"text-align: center\" width=\"76\">10<\/td>\n<td style=\"text-align: center\" width=\"33\"><strong>9,5<\/strong><\/td>\n<\/tr>\n<tr>\n<td style=\"text-align: center\" width=\"101\">CLASSIFICADO(A)<\/td>\n<td width=\"100\">Domingas Nascimento Silva<\/td>\n<td style=\"text-align: center\" width=\"51\">44<\/td>\n<td style=\"text-align: center\" width=\"81\">30<\/td>\n<td style=\"text-align: center\" width=\"76\">9<\/td>\n<td style=\"text-align: center\" width=\"33\"><strong>8,2<\/strong><\/td>\n<\/tr>\n<tr>\n<td style=\"text-align: center\" width=\"101\">CLASSIFICADO(A)<\/td>\n<td width=\"100\">Edilson Souza Oliveira<\/td>\n<td style=\"text-align: center\" width=\"51\">24<\/td>\n<td style=\"text-align: center\" width=\"81\">30<\/td>\n<td style=\"text-align: center\" width=\"76\">9<\/td>\n<td style=\"text-align: center\" width=\"33\"><strong>7,2<\/strong><\/td>\n<\/tr>\n<tr>\n<td style=\"text-align: center\" width=\"101\">CLASSIFICADO(A)<\/td>\n<td width=\"100\">Eduardo Alves da Silva<\/td>\n<td style=\"text-align: center\" width=\"51\">36<\/td>\n<td style=\"text-align: center\" width=\"81\">40<\/td>\n<td style=\"text-align: center\" width=\"76\">9<\/td>\n<td style=\"text-align: center\" width=\"33\"><strong>8,3<\/strong><\/td>\n<\/tr>\n<tr>\n<td style=\"text-align: center\" width=\"101\">CLASSIFICADO(A)<\/td>\n<td width=\"100\">Franc\u00e9lio Silva Sousa<\/td>\n<td style=\"text-align: center\" width=\"51\">46<\/td>\n<td style=\"text-align: center\" width=\"81\">40<\/td>\n<td style=\"text-align: center\" width=\"76\">10<\/td>\n<td style=\"text-align: center\" width=\"33\"><strong>9,3<\/strong><\/td>\n<\/tr>\n<tr>\n<td style=\"text-align: center\" width=\"101\">CLASSIFICADO(A)<\/td>\n<td width=\"100\">Francisca Maria Caldas Gon\u00e7alves<\/td>\n<td style=\"text-align: center\" width=\"51\">34<\/td>\n<td style=\"text-align: center\" width=\"81\">30<\/td>\n<td style=\"text-align: center\" width=\"76\">10<\/td>\n<td style=\"text-align: center\" width=\"33\"><strong>8,2<\/strong><\/td>\n<\/tr>\n<tr>\n<td style=\"text-align: center\" width=\"101\">CLASSIFICADO(A)<\/td>\n<td width=\"100\">Francisco de Paulo Costa Cunha<\/td>\n<td style=\"text-align: center\" width=\"51\">34<\/td>\n<td style=\"text-align: center\" width=\"81\">30<\/td>\n<td style=\"text-align: center\" width=\"76\">9<\/td>\n<td style=\"text-align: center\" width=\"33\"><strong>7,7<\/strong><\/td>\n<\/tr>\n<tr>\n<td style=\"text-align: center\" width=\"101\">CLASSIFICADO(A)<\/td>\n<td width=\"100\">Gracyelle Costa Albuquerque<\/td>\n<td style=\"text-align: center\" width=\"51\">48<\/td>\n<td style=\"text-align: center\" width=\"81\">40<\/td>\n<td style=\"text-align: center\" width=\"76\">9<\/td>\n<td style=\"text-align: center\" width=\"33\"><strong>8,9<\/strong><\/td>\n<\/tr>\n<tr>\n<td style=\"text-align: center\" width=\"101\">CLASSIFICADO(A)<\/td>\n<td width=\"100\">Jeilsa Moura da Silva Alves<\/td>\n<td style=\"text-align: center\" width=\"51\">48<\/td>\n<td style=\"text-align: center\" width=\"81\">30<\/td>\n<td style=\"text-align: center\" width=\"76\">10<\/td>\n<td style=\"text-align: center\" width=\"33\"><strong>8,9<\/strong><\/td>\n<\/tr>\n<tr>\n<td style=\"text-align: center\" width=\"101\">CLASSIFICADO(A)<\/td>\n<td width=\"100\">Jos\u00e9 Washengton Ramos Alves<\/td>\n<td style=\"text-align: center\" width=\"51\">46<\/td>\n<td style=\"text-align: center\" width=\"81\">40<\/td>\n<td style=\"text-align: center\" width=\"76\">9<\/td>\n<td style=\"text-align: center\" width=\"33\"><strong>8,8<\/strong><\/td>\n<\/tr>\n<tr>\n<td style=\"text-align: center\" width=\"101\">CLASSIFICADO(A)<\/td>\n<td width=\"100\">Kilda Candeira da Silveira<\/td>\n<td style=\"text-align: center\" width=\"51\">52<\/td>\n<td style=\"text-align: center\" width=\"81\">40<\/td>\n<td style=\"text-align: center\" width=\"76\">10<\/td>\n<td style=\"text-align: center\" width=\"33\"><strong>9,6<\/strong><\/td>\n<\/tr>\n<tr>\n<td style=\"text-align: center\" width=\"101\">DESCLASSIFICADO(A)<\/td>\n<td width=\"100\">Luana Vit\u00f3ria Silva Costa<\/td>\n<td style=\"text-align: center\" width=\"51\">0<\/td>\n<td style=\"text-align: center\" width=\"81\">0<\/td>\n<td style=\"text-align: center\" width=\"76\">0<\/td>\n<td style=\"text-align: center\" width=\"33\"><strong>0<\/strong><\/td>\n<\/tr>\n<tr>\n<td style=\"text-align: center\" width=\"101\">CLASSIFICADO(A)<\/td>\n<td width=\"100\">Luis Victor Silva Candeira<\/td>\n<td style=\"text-align: center\" width=\"51\">44<\/td>\n<td style=\"text-align: center\" width=\"81\">30<\/td>\n<td style=\"text-align: center\" width=\"76\">9<\/td>\n<td style=\"text-align: center\" width=\"33\"><strong>8,2<\/strong><\/td>\n<\/tr>\n<tr>\n<td style=\"text-align: center\" width=\"101\">CLASSIFICADO(A)<\/td>\n<td width=\"100\">Maria Cleres Nunes Esc\u00f3rcio<\/td>\n<td style=\"text-align: center\" width=\"51\">48<\/td>\n<td style=\"text-align: center\" width=\"81\">30<\/td>\n<td style=\"text-align: center\" width=\"76\">9<\/td>\n<td style=\"text-align: center\" width=\"33\"><strong>8,4<\/strong><\/td>\n<\/tr>\n<tr>\n<td style=\"text-align: center\" width=\"101\">CLASSIFICADO(A)<\/td>\n<td width=\"100\">Maria Rita Costa Lima de Sousa<\/td>\n<td style=\"text-align: center\" width=\"51\">42<\/td>\n<td style=\"text-align: center\" width=\"81\">30<\/td>\n<td style=\"text-align: center\" width=\"76\">9<\/td>\n<td style=\"text-align: center\" width=\"33\"><strong>8,1<\/strong><\/td>\n<\/tr>\n<tr>\n<td style=\"text-align: center\" width=\"101\">CLASSIFICADO(A)<\/td>\n<td width=\"100\">Naiara de Araujo Brito<\/td>\n<td style=\"text-align: center\" width=\"51\">52<\/td>\n<td style=\"text-align: center\" width=\"81\">40<\/td>\n<td style=\"text-align: center\" width=\"76\">10<\/td>\n<td style=\"text-align: center\" width=\"33\"><strong>9,6<\/strong><\/td>\n<\/tr>\n<tr>\n<td style=\"text-align: center\" width=\"101\">CLASSIFICADO(A)<\/td>\n<td width=\"100\">Raimunda Vieira<\/td>\n<td style=\"text-align: center\" width=\"51\">30<\/td>\n<td style=\"text-align: center\" width=\"81\">30<\/td>\n<td style=\"text-align: center\" width=\"76\">8<\/td>\n<td style=\"text-align: center\" width=\"33\"><strong>7<\/strong><\/td>\n<\/tr>\n<tr>\n<td style=\"text-align: center\" width=\"101\">CLASSIFICADO(A)<\/td>\n<td width=\"100\">Raimundo Nonato Matias dos Santos<\/td>\n<td style=\"text-align: center\" width=\"51\">34<\/td>\n<td style=\"text-align: center\" width=\"81\">35<\/td>\n<td style=\"text-align: center\" width=\"76\">10<\/td>\n<td style=\"text-align: center\" width=\"33\"><strong>8,5<\/strong><\/td>\n<\/tr>\n<tr>\n<td style=\"text-align: center\" width=\"101\">CLASSIFICADO(A)<\/td>\n<td width=\"100\">Ritiele Marques Moura<\/td>\n<td style=\"text-align: center\" width=\"51\">56<\/td>\n<td style=\"text-align: center\" width=\"81\">30<\/td>\n<td style=\"text-align: center\" width=\"76\">9<\/td>\n<td style=\"text-align: center\" width=\"33\"><strong>8,8<\/strong><\/td>\n<\/tr>\n<tr>\n<td style=\"text-align: center\" width=\"101\">CLASSIFICADO(A)<\/td>\n<td width=\"100\">Rosiane Ara\u00fajo Costa Carvalho<\/td>\n<td style=\"text-align: center\" width=\"51\">56<\/td>\n<td style=\"text-align: center\" width=\"81\">40<\/td>\n<td style=\"text-align: center\" width=\"76\">10<\/td>\n<td style=\"text-align: center\" width=\"33\"><strong>9,8<\/strong><\/td>\n<\/tr>\n<tr>\n<td style=\"text-align: center\" width=\"101\">CLASSIFICADO(A)<\/td>\n<td width=\"100\">Silvana Garc\u00eas Sousa<\/td>\n<td style=\"text-align: center\" width=\"51\">40<\/td>\n<td style=\"text-align: center\" width=\"81\">30<\/td>\n<td style=\"text-align: center\" width=\"76\">9<\/td>\n<td style=\"text-align: center\" width=\"33\"><strong>8<\/strong><\/td>\n<\/tr>\n<tr>\n<td style=\"text-align: center\" width=\"101\">CLASSIFICADO(A)<\/td>\n<td width=\"100\">Teresinha Batista Vieira<\/td>\n<td style=\"text-align: center\" width=\"51\">42<\/td>\n<td style=\"text-align: center\" width=\"81\">35<\/td>\n<td style=\"text-align: center\" width=\"76\">10<\/td>\n<td style=\"text-align: center\" width=\"33\"><strong>8,9<\/strong><\/td>\n<\/tr>\n<\/tbody>\n<\/table>\n<p><strong>CRONOGRAMA DE APRESENTA\u00c7\u00c3O DO PLANO GEST\u00c3O E ENTREVISTA<br \/>\n<\/strong><strong>DIA 05\/12\/23<br \/>\n<\/strong><\/p>\n<table width=\"310\">\n<tbody>\n<tr>\n<td style=\"text-align: center\" width=\"55\"><strong>HORARIO<\/strong><\/td>\n<td style=\"text-align: center\" width=\"100\"><strong>MANH\u00c3<\/strong><\/td>\n<td style=\"text-align: center\" width=\"55\"><strong>HORARIO<\/strong><\/td>\n<td style=\"text-align: center\" width=\"100\"><strong>TARDE<\/strong><\/td>\n<\/tr>\n<tr>\n<td style=\"text-align: center\" width=\"55\"><strong>8:00 hs<\/strong><\/td>\n<td width=\"100\">Antonio Carlos Texeira da Silva<\/td>\n<td style=\"text-align: center\" width=\"55\"><strong>14: 00hs<\/strong><\/td>\n<td width=\"100\">Franc\u00e9lio Silva Sousa<\/td>\n<\/tr>\n<tr>\n<td style=\"text-align: center\" width=\"55\"><strong>8:30 hs<\/strong><\/td>\n<td width=\"100\">Antonio Carlos Texeira da Silva<\/td>\n<td style=\"text-align: center\" width=\"55\"><strong>14:30 hs<\/strong><\/td>\n<td width=\"100\">Franc\u00e9lio Silva Sousa<\/td>\n<\/tr>\n<tr>\n<td style=\"text-align: center\" width=\"55\"><strong>9:00 hs<\/strong><\/td>\n<td width=\"100\">Teresinha Batista Vieira<\/td>\n<td style=\"text-align: center\" width=\"55\"><strong>15:00 hs<\/strong><\/td>\n<td width=\"100\">Francisca Maria Caldas Gon\u00e7alves<\/td>\n<\/tr>\n<tr>\n<td style=\"text-align: center\" width=\"55\"><strong>9:30 hs<\/strong><\/td>\n<td width=\"100\">Teresinha Batista Vieira<\/td>\n<td style=\"text-align: center\" width=\"55\"><strong>15:30 hs<\/strong><\/td>\n<td width=\"100\">Francisca Maria Caldas Gon\u00e7alves<\/td>\n<\/tr>\n<tr>\n<td style=\"text-align: center\" width=\"55\"><strong>10:00 hs<\/strong><\/td>\n<td width=\"100\">Augusto Cesar Costa Silva<\/td>\n<td style=\"text-align: center\" width=\"55\"><strong>16:00 hs<\/strong><\/td>\n<td width=\"100\">Auric\u00e9lia Carvalho da Silva<\/td>\n<\/tr>\n<tr>\n<td style=\"text-align: center\" width=\"55\"><strong>10:30 hs<\/strong><\/td>\n<td width=\"100\">Augusto Cesar Costa Silva<\/td>\n<td style=\"text-align: center\" width=\"55\"><strong>16:30 hs<\/strong><\/td>\n<td width=\"100\">Auric\u00e9lia Carvalho da Silva<\/td>\n<\/tr>\n<tr>\n<td style=\"text-align: center\" width=\"55\"><strong>11:00 hs<\/strong><\/td>\n<td width=\"100\">Edilson Souza Oliveira<\/td>\n<td style=\"text-align: center\" width=\"55\"><strong>17:00 hs<\/strong><\/td>\n<td width=\"100\">Eduardo Alves da Silva<\/td>\n<\/tr>\n<tr>\n<td style=\"text-align: center\" width=\"55\"><strong>11: 30 hs<\/strong><\/td>\n<td width=\"100\">Edilson Souza Oliveira<\/td>\n<td style=\"text-align: center\" width=\"55\"><strong>17:30 hs<\/strong><\/td>\n<td width=\"100\">Eduardo Alves da Silva<\/td>\n<\/tr>\n<\/tbody>\n<\/table>\n<p><strong>DIA 06\/12\/23<br \/>\n<\/strong><\/p>\n<table width=\"310\">\n<tbody>\n<tr>\n<td style=\"text-align: center\" width=\"55\"><strong>HORARIO<\/strong><\/td>\n<td style=\"text-align: center\" width=\"100\"><strong>MANH\u00c3<\/strong><\/td>\n<td style=\"text-align: center\" width=\"55\"><strong>HORARIO<\/strong><\/td>\n<td style=\"text-align: center\" width=\"100\"><strong>TARDE<\/strong><\/td>\n<\/tr>\n<tr>\n<td style=\"text-align: center\" width=\"55\"><strong>8:00 hs<\/strong><\/td>\n<td width=\"100\">Ritiele Marques Moura<\/td>\n<td style=\"text-align: center\" width=\"55\"><strong>14: 00hs<\/strong><\/td>\n<td width=\"100\">Jeilsa Moura da Silva Alves<\/td>\n<\/tr>\n<tr>\n<td style=\"text-align: center\" width=\"55\"><strong>8:30 hs<\/strong><\/td>\n<td width=\"100\">Ritiele Marques Moura<\/td>\n<td style=\"text-align: center\" width=\"55\"><strong>14:30 hs<\/strong><\/td>\n<td width=\"100\">Jeilsa Moura da Silva Alves<\/td>\n<\/tr>\n<tr>\n<td style=\"text-align: center\" width=\"55\"><strong>9:00 hs<\/strong><\/td>\n<td width=\"100\">Gracyelle Costa Albuquerque<\/td>\n<td style=\"text-align: center\" width=\"55\"><strong>15:00 hs<\/strong><\/td>\n<td width=\"100\">Maria Cleres Nunes Esc\u00f3rcio<\/td>\n<\/tr>\n<tr>\n<td style=\"text-align: center\" width=\"55\"><strong>9:30 hs<\/strong><\/td>\n<td width=\"100\">Gracyelle Costa Albuquerque<\/td>\n<td style=\"text-align: center\" width=\"55\"><strong>15:30 hs<\/strong><\/td>\n<td width=\"100\">Maria Cleres Nunes Esc\u00f3rcio<\/td>\n<\/tr>\n<tr>\n<td style=\"text-align: center\" width=\"55\"><strong>10:00 hs<\/strong><\/td>\n<td width=\"100\">Jos\u00e9 Washengton Ramos Alves<\/td>\n<td style=\"text-align: center\" width=\"55\"><strong>16:00 hs<\/strong><\/td>\n<td width=\"100\">Kilda Candeira da Silveira<\/td>\n<\/tr>\n<tr>\n<td style=\"text-align: center\" width=\"55\"><strong>10:30 hs<\/strong><\/td>\n<td width=\"100\">Jos\u00e9 Washengton Ramos Alves<\/td>\n<td style=\"text-align: center\" width=\"55\"><strong>16:30 hs<\/strong><\/td>\n<td width=\"100\">Kilda Candeira da Silveira<\/td>\n<\/tr>\n<tr>\n<td style=\"text-align: center\" width=\"55\"><strong>11:00 hs<\/strong><\/td>\n<td width=\"100\">Rosiane Ara\u00fajo Costa Carvalho<\/td>\n<td style=\"text-align: center\" width=\"55\"><strong>17:00 hs<\/strong><\/td>\n<td width=\"100\">Luis Victor Silva Candeira<\/td>\n<\/tr>\n<tr>\n<td style=\"text-align: center\" width=\"55\"><strong>11: 30 hs<\/strong><\/td>\n<td width=\"100\">Rosiane Ara\u00fajo Costa Carvalho<\/td>\n<td style=\"text-align: center\" width=\"55\"><strong>17:30 hs<\/strong><\/td>\n<td width=\"100\">Luis Victor Silva Candeira<\/td>\n<\/tr>\n<\/tbody>\n<\/table>\n<p><strong>DIA 07\/12\/23<br \/>\n<\/strong><\/p>\n<table width=\"310\">\n<tbody>\n<tr>\n<td style=\"text-align: center\" width=\"55\"><strong>HORARIO<\/strong><\/td>\n<td style=\"text-align: center\" width=\"100\"><strong>MANH\u00c3<\/strong><\/td>\n<td style=\"text-align: center\" width=\"55\"><strong>HORARIO<\/strong><\/td>\n<td style=\"text-align: center\" width=\"100\"><strong>TARDE<\/strong><\/td>\n<\/tr>\n<tr>\n<td style=\"text-align: center\" width=\"55\"><strong>8:00 hs<\/strong><\/td>\n<td width=\"100\">Domingas Nascimento Silva<\/td>\n<td style=\"text-align: center\" width=\"55\"><strong>14: 00hs<\/strong><\/td>\n<td width=\"100\">Raimundo Nonato Matias dos Santos<\/td>\n<\/tr>\n<tr>\n<td style=\"text-align: center\" width=\"55\"><strong>8:30 hs<\/strong><\/td>\n<td width=\"100\">Domingas Nascimento Silva<\/td>\n<td style=\"text-align: center\" width=\"55\"><strong>14:30 hs<\/strong><\/td>\n<td width=\"100\">Raimundo Nonato Matias dos Santos<\/td>\n<\/tr>\n<tr>\n<td style=\"text-align: center\" width=\"55\"><strong>9:00 hs<\/strong><\/td>\n<td width=\"100\">Raimunda Vieira<\/td>\n<td style=\"text-align: center\" width=\"55\"><strong>15:00 hs<\/strong><\/td>\n<td width=\"100\">Caroline Cardoso Oliveira<\/td>\n<\/tr>\n<tr>\n<td style=\"text-align: center\" width=\"55\"><strong>9:30 hs<\/strong><\/td>\n<td width=\"100\">Raimunda Vieira<\/td>\n<td style=\"text-align: center\" width=\"55\"><strong>15:30 hs<\/strong><\/td>\n<td width=\"100\">Caroline Cardoso Oliveira<\/td>\n<\/tr>\n<tr>\n<td style=\"text-align: center\" width=\"55\"><strong>10:00 hs<\/strong><\/td>\n<td width=\"100\">Maria Rita Costa Lima de Sousa<\/td>\n<td style=\"text-align: center\" width=\"55\"><strong>16:00 hs<\/strong><\/td>\n<td width=\"100\">Naiara de Araujo Brito<\/td>\n<\/tr>\n<tr>\n<td style=\"text-align: center\" width=\"55\"><strong>10:30 hs<\/strong><\/td>\n<td width=\"100\">Maria Rita Costa Lima de Sousa<\/td>\n<td style=\"text-align: center\" width=\"55\"><strong>16:30 hs<\/strong><\/td>\n<td width=\"100\">Naiara de Araujo Brito<\/td>\n<\/tr>\n<tr>\n<td style=\"text-align: center\" width=\"55\"><strong>11:00 hs<\/strong><\/td>\n<td width=\"100\">Silvana Garc\u00eas Sousa<\/td>\n<td style=\"text-align: center\" width=\"55\"><strong>17:00 hs<\/strong><\/td>\n<td width=\"100\">Francisco de Paulo Costa Cunha<\/td>\n<\/tr>\n<tr>\n<td style=\"text-align: center\" width=\"55\"><strong>11: 30 hs<\/strong><\/td>\n<td width=\"100\">Silvana Garc\u00eas Sousa<\/td>\n<td style=\"text-align: center\" width=\"55\"><strong>17:30 hs<\/strong><\/td>\n<td width=\"100\">Francisco de Paulo Costa Cunha<\/td>\n<\/tr>\n<\/tbody>\n<\/table>\n","protected":false},"author":4,"template":"","class_list":["post-20172","publicacoesdom","type-publicacoesdom","status-publish","hentry"],"acf":{"tipo_de_publicacao_diario":"0","e_retificacao":"1","origem_do_diario":"Poder Executivo","codigo_verificador":"9a9d706f9dac5d60ee8b1074e3ee0c5e5cf94e98"},"_links":{"self":[{"href":"https:\/\/magalhaesdealmeida.ma.gov.br\/transparencia\/wp-json\/wp\/v2\/publicacoesdom\/20172","targetHints":{"allow":["GET"]}}],"collection":[{"href":"https:\/\/magalhaesdealmeida.ma.gov.br\/transparencia\/wp-json\/wp\/v2\/publicacoesdom"}],"about":[{"href":"https:\/\/magalhaesdealmeida.ma.gov.br\/transparencia\/wp-json\/wp\/v2\/types\/publicacoesdom"}],"author":[{"embeddable":true,"href":"https:\/\/magalhaesdealmeida.ma.gov.br\/transparencia\/wp-json\/wp\/v2\/users\/4"}],"wp:attachment":[{"href":"https:\/\/magalhaesdealmeida.ma.gov.br\/transparencia\/wp-json\/wp\/v2\/media?parent=20172"}],"curies":[{"name":"wp","href":"https:\/\/api.w.org\/{rel}","templated":true}]}}