{"id":20392,"date":"2023-12-20T14:11:27","date_gmt":"2023-12-20T17:11:27","guid":{"rendered":"https:\/\/magalhaesdealmeida.ma.gov.br\/transparencia\/?post_type=publicacoesdom&#038;p=20392"},"modified":"2023-12-20T14:11:27","modified_gmt":"2023-12-20T17:11:27","slug":"tomada-de-precos-n-o-010-2023","status":"publish","type":"publicacoesdom","link":"https:\/\/magalhaesdealmeida.ma.gov.br\/transparencia\/publicacoesdom\/tomada-de-precos-n-o-010-2023\/","title":{"rendered":"TOMADA DE PRE\u00c7OS N.\u00ba 010\/2023"},"content":{"rendered":"<p><strong>AVISO DE LICITA\u00c7\u00c3O<\/strong><br \/>\nO Presidente da CPL da Prefeitura Municipal de MAGALH\u00c3ES DE ALMEIDA, Estado do Maranh\u00e3o torna p\u00fablico, para conhecimento dos interessados que far\u00e1 realizar, sob a \u00e9gide da Lei N.\u00ba 8.666\/93, e suas altera\u00e7\u00f5es posteriores, licita\u00e7\u00e3o na modalidade TOMADA DE PRE\u00c7O N.\u00ba 010\/2023, do tipo menor pre\u00e7o global, que tem por objeto <strong>Contrata\u00e7\u00e3o de empresa para execu\u00e7\u00e3o dos servi\u00e7os de constru\u00e7\u00e3o de centro esportivos nos povoados: Melancias e Vargem Grande em Magalh\u00e3es de Almeida &#8211; MA<\/strong>, o certame se realizar\u00e1 no dia 10 de janeiro de 2024, \u00e0s 08:00 horas (hor\u00e1rio de Bras\u00edlia), sendo presidida pelo Presidente da CPL desta Prefeitura Municipal, na sala da Comiss\u00e3o Permanente de Licita\u00e7\u00e3o, situada na Rua Manoel Pires de Castro, 279, Centro, Magalh\u00e3es de Almeida\/MA. A ser regida pelas normas do Edital, pelas disposi\u00e7\u00f5es da Lei Federal N.\u00ba 8.666\/93 e demais legisla\u00e7\u00f5es pertinentes. O Edital, est\u00e1 \u00e0 disposi\u00e7\u00e3o dos interessados no endere\u00e7o supracitado, de 2\u00aa a 6\u00aa Feira, no hor\u00e1rio das 08:00 \u00e0s 12:00 horas, onde tamb\u00e9m poder\u00e3o ser obtidos esclarecimentos adicionais, custo do Edital 01 (uma) resma de papel A4. MAGALH\u00c3ES DE ALMEIDA\/MA, 19 DE DEZEMBRO DE 2023. Franciel Pessoa da Silva, Presidente da CPL.<\/p>\n","protected":false},"author":4,"template":"","class_list":["post-20392","publicacoesdom","type-publicacoesdom","status-publish","hentry"],"acf":{"tipo_de_publicacao_diario":"12","e_retificacao":"1","origem_do_diario":"Poder Executivo","codigo_verificador":"985a57904351f43dc693e490ccc91c8411338a22"},"_links":{"self":[{"href":"https:\/\/magalhaesdealmeida.ma.gov.br\/transparencia\/wp-json\/wp\/v2\/publicacoesdom\/20392","targetHints":{"allow":["GET"]}}],"collection":[{"href":"https:\/\/magalhaesdealmeida.ma.gov.br\/transparencia\/wp-json\/wp\/v2\/publicacoesdom"}],"about":[{"href":"https:\/\/magalhaesdealmeida.ma.gov.br\/transparencia\/wp-json\/wp\/v2\/types\/publicacoesdom"}],"author":[{"embeddable":true,"href":"https:\/\/magalhaesdealmeida.ma.gov.br\/transparencia\/wp-json\/wp\/v2\/users\/4"}],"wp:attachment":[{"href":"https:\/\/magalhaesdealmeida.ma.gov.br\/transparencia\/wp-json\/wp\/v2\/media?parent=20392"}],"curies":[{"name":"wp","href":"https:\/\/api.w.org\/{rel}","templated":true}]}}