{"id":20569,"date":"2024-01-16T16:04:27","date_gmt":"2024-01-16T19:04:27","guid":{"rendered":"https:\/\/magalhaesdealmeida.ma.gov.br\/transparencia\/?post_type=publicacoesdom&#038;p=20569"},"modified":"2024-01-16T17:26:51","modified_gmt":"2024-01-16T20:26:51","slug":"oficio-001-2024-semuct","status":"publish","type":"publicacoesdom","link":"https:\/\/magalhaesdealmeida.ma.gov.br\/transparencia\/publicacoesdom\/oficio-001-2024-semuct\/","title":{"rendered":"OF\u00cdCIO 001\/2024 &#8211; SEMUCT"},"content":{"rendered":"<p><strong>Ao<br \/>\n<\/strong><strong>Setor de Comunica\u00e7\u00e3o<br \/>\n<\/strong><strong>Assunto:<\/strong> Resultado Preliminar dos Editais 006\/2023 e 007\/2023 \u2013 LEI PAULO GUSTAVO.<br \/>\nAos cordiais cumprimentos, sirvo-me do presente para encaminhar o resultado preliminar dos editais 006\/2023 e 007\/2023 de fomento a cultura no que trata a Lei Paulo Gustavo para serem publicados no portal do munic\u00edpio.<br \/>\n<strong>RESULTADO PRELIMINAR<br \/>\n<\/strong><strong>&#8211; EDITAL DE CHAMAMENTO 006\/2023 \u2013 EDITAL DE APOIO AS DEMAIS \u00c1REA DA CULTURA DE MAGALH\u00c3ES DE ALMEIDA<br \/>\n<\/strong>ART. 8 &#8211; CATEGORIA 1 \u2013 PROPOSTAS DE PROJETO DE DAN\u00c7A<\/p>\n<table width=\"471\">\n<tbody>\n<tr>\n<td style=\"text-align: center\" width=\"22\"><strong>N.\u00ba\u00a0<\/strong><\/td>\n<td style=\"text-align: center\" width=\"135\"><strong>NOME\u00a0<\/strong><\/td>\n<td style=\"text-align: center\" width=\"142\"><strong>PROJETO\u00a0<\/strong><\/td>\n<td style=\"text-align: center\" width=\"75\"><strong>PONTUA\u00c7\u00c3O\u00a0<\/strong><\/td>\n<td style=\"text-align: center\" width=\"97\"><strong>CLASSIFICA\u00c7\u00c3O<\/strong><\/td>\n<\/tr>\n<tr>\n<td style=\"text-align: center\" width=\"22\">1<\/td>\n<td width=\"135\">Iury Correa Linhares<\/td>\n<td style=\"text-align: center\" width=\"142\">Estrelinha de Santo Ant\u00f4nio<\/td>\n<td style=\"text-align: center\" width=\"75\">70<\/td>\n<td style=\"text-align: center\" width=\"97\">Habilitado<\/td>\n<\/tr>\n<tr>\n<td style=\"text-align: center\" width=\"22\">2<\/td>\n<td width=\"135\">Francisco de Paulo Rocha<\/td>\n<td style=\"text-align: center\" width=\"142\">Capoeira: Monitor Calado<\/td>\n<td style=\"text-align: center\" width=\"75\">60<\/td>\n<td style=\"text-align: center\" width=\"97\">Habilitado<\/td>\n<\/tr>\n<\/tbody>\n<\/table>\n<p>ART. 8 &#8211; CATEGORIA 2 \u2013 PROPOSTA DE PROJETOS DE ARTESANATO<\/p>\n<table width=\"471\">\n<tbody>\n<tr>\n<td width=\"22\"><strong>N.\u00ba<\/strong><\/td>\n<td width=\"135\"><strong>NOME\u00a0<\/strong><\/td>\n<td width=\"142\"><strong>PROJETO\u00a0<\/strong><\/td>\n<td width=\"75\"><strong>PONTUA\u00c7\u00c3O<\/strong><\/td>\n<td width=\"97\"><strong>CLASSIFICA\u00c7\u00c3O<\/strong><\/td>\n<\/tr>\n<tr>\n<td width=\"22\">1<\/td>\n<td width=\"135\">Maria Ant\u00f4nia Lima Silva<\/td>\n<td style=\"text-align: center\" width=\"142\">Arte com amor cria\u00e7\u00f5es artesanais<\/td>\n<td style=\"text-align: center\" width=\"75\">80<\/td>\n<td style=\"text-align: center\" width=\"97\">Habilitado<\/td>\n<\/tr>\n<tr>\n<td style=\"text-align: center\" width=\"22\">2<\/td>\n<td width=\"135\">Jhennifer Candeira Costa<\/td>\n<td style=\"text-align: center\" width=\"142\">Ateli\u00ea Encanto de Princesa<\/td>\n<td style=\"text-align: center\" width=\"75\">80<\/td>\n<td style=\"text-align: center\" width=\"97\">Habilitado<\/td>\n<\/tr>\n<tr>\n<td style=\"text-align: center\" width=\"22\">3<\/td>\n<td width=\"135\">Elida Beatriz de Carvalho<\/td>\n<td style=\"text-align: center\" width=\"142\">Bonecando &#8211; Atelie Elida Beatriz<\/td>\n<td style=\"text-align: center\" width=\"75\">80<\/td>\n<td style=\"text-align: center\" width=\"97\">Habilitado<\/td>\n<\/tr>\n<tr>\n<td style=\"text-align: center\" width=\"22\">4<\/td>\n<td width=\"135\">Maria Gracilene Costa da Silva<\/td>\n<td style=\"text-align: center\" width=\"142\">Croch\u00ea G&amp;M<\/td>\n<td style=\"text-align: center\" width=\"75\">80<\/td>\n<td style=\"text-align: center\" width=\"97\">Habilitado<\/td>\n<\/tr>\n<tr>\n<td style=\"text-align: center\" width=\"22\">5<\/td>\n<td width=\"135\">Izabel Caldas Gon\u00e7alves<\/td>\n<td style=\"text-align: center\" width=\"142\">Bela Bordados<\/td>\n<td style=\"text-align: center\" width=\"75\">80<\/td>\n<td style=\"text-align: center\" width=\"97\">Habilitado<\/td>\n<\/tr>\n<tr>\n<td style=\"text-align: center\" width=\"22\">6<\/td>\n<td width=\"135\">Nilton Carlos Nunes Costa<\/td>\n<td style=\"text-align: center\" width=\"142\">Sustentarte<\/td>\n<td style=\"text-align: center\" width=\"75\">80<\/td>\n<td style=\"text-align: center\" width=\"97\">Habilitado<\/td>\n<\/tr>\n<tr>\n<td style=\"text-align: center\" width=\"22\">7<\/td>\n<td width=\"135\">Rosiany Silva Costa<\/td>\n<td style=\"text-align: center\" width=\"142\">Mimos RC Artesanato<\/td>\n<td style=\"text-align: center\" width=\"75\">80<\/td>\n<td style=\"text-align: center\" width=\"97\">Habilitado<\/td>\n<\/tr>\n<tr>\n<td style=\"text-align: center\" width=\"22\">8<\/td>\n<td width=\"135\">Darlene Costa Monteiro<\/td>\n<td style=\"text-align: center\" width=\"142\">Passos de arte<\/td>\n<td style=\"text-align: center\" width=\"75\">80<\/td>\n<td style=\"text-align: center\" width=\"97\">Habilitado<\/td>\n<\/tr>\n<tr>\n<td style=\"text-align: center\" width=\"22\">9<\/td>\n<td width=\"135\">Silvana Caldas Gon\u00e7alves Boralho<\/td>\n<td style=\"text-align: center\" width=\"142\">Sil.Caldas cortes, costura e Bordados<\/td>\n<td style=\"text-align: center\" width=\"75\">80<\/td>\n<td style=\"text-align: center\" width=\"97\">Habilitado<\/td>\n<\/tr>\n<tr>\n<td style=\"text-align: center\" width=\"22\">10<\/td>\n<td width=\"135\">Maria Vitoria Sousa Silva<\/td>\n<td style=\"text-align: center\" width=\"142\">CulturArt<\/td>\n<td style=\"text-align: center\" width=\"75\">80<\/td>\n<td style=\"text-align: center\" width=\"97\">Habilitado<\/td>\n<\/tr>\n<tr>\n<td style=\"text-align: center\" width=\"22\">11<\/td>\n<td width=\"135\">Antonio Gleison Caetano da Silva<\/td>\n<td style=\"text-align: center\" width=\"142\">Arte em Fibras Naturais<\/td>\n<td style=\"text-align: center\" width=\"75\">80<\/td>\n<td style=\"text-align: center\" width=\"97\">Habilitado<\/td>\n<\/tr>\n<tr>\n<td style=\"text-align: center\" width=\"22\">12<\/td>\n<td width=\"135\">Wildemar Alves Tito<\/td>\n<td style=\"text-align: center\" width=\"142\">Arte Sustent\u00e1vel<\/td>\n<td style=\"text-align: center\" width=\"75\">80<\/td>\n<td style=\"text-align: center\" width=\"97\">Habilitado<\/td>\n<\/tr>\n<tr>\n<td style=\"text-align: center\" width=\"22\">13<\/td>\n<td width=\"135\">Francisca das Chagas dos Santos<\/td>\n<td style=\"text-align: center\" width=\"142\">Chaguinha croch\u00ea<\/td>\n<td style=\"text-align: center\" width=\"75\">75<\/td>\n<td style=\"text-align: center\" width=\"97\">Habilitado<\/td>\n<\/tr>\n<tr>\n<td style=\"text-align: center\" width=\"22\">14<\/td>\n<td width=\"135\">Francisca Maria Caldas Gon\u00e7alves<\/td>\n<td style=\"text-align: center\" width=\"142\">Ateli\u00ea desenhando Artes<\/td>\n<td style=\"text-align: center\" width=\"75\">70<\/td>\n<td style=\"text-align: center\" width=\"97\">Habilitado<\/td>\n<\/tr>\n<tr>\n<td style=\"text-align: center\" width=\"22\">15<\/td>\n<td width=\"135\">Andreleny Caldas Costa<\/td>\n<td style=\"text-align: center\" width=\"142\">Eleg\u00e2ncia em bordados<\/td>\n<td style=\"text-align: center\" width=\"75\">70<\/td>\n<td style=\"text-align: center\" width=\"97\">Habilitado<\/td>\n<\/tr>\n<tr>\n<td style=\"text-align: center\" width=\"22\">16<\/td>\n<td width=\"135\">Daniele dos Santos Gomes<\/td>\n<td style=\"text-align: center\" width=\"142\">Izza Delicatos<\/td>\n<td style=\"text-align: center\" width=\"75\">70<\/td>\n<td style=\"text-align: center\" width=\"97\">Habilitado<\/td>\n<\/tr>\n<tr>\n<td style=\"text-align: center\" width=\"22\">17<\/td>\n<td width=\"135\">Ana Marcia da Concei\u00e7\u00e3o Silva<\/td>\n<td style=\"text-align: center\" width=\"142\">Arte Sustent\u00e1vel e Criativa<\/td>\n<td style=\"text-align: center\" width=\"75\">70<\/td>\n<td style=\"text-align: center\" width=\"97\">Habilitado<\/td>\n<\/tr>\n<tr>\n<td style=\"text-align: center\" width=\"22\">18<\/td>\n<td width=\"135\">Maria Jos\u00e9 Nascimento Rocha<\/td>\n<td style=\"text-align: center\" width=\"142\">Express\u00e3o em Mi\u00e7angas<\/td>\n<td style=\"text-align: center\" width=\"75\">70<\/td>\n<td style=\"text-align: center\" width=\"97\">Habilitado<\/td>\n<\/tr>\n<tr>\n<td style=\"text-align: center\" width=\"22\">19<\/td>\n<td width=\"135\">Deybson da Silva Santos<\/td>\n<td style=\"text-align: center\" width=\"142\">Reutilizando Id\u00e9ias<\/td>\n<td style=\"text-align: center\" width=\"75\">70<\/td>\n<td style=\"text-align: center\" width=\"97\">Habilitado<\/td>\n<\/tr>\n<tr>\n<td style=\"text-align: center\" width=\"22\">20<\/td>\n<td width=\"135\">R\u00f4mulo Batista Vieira<\/td>\n<td style=\"text-align: center\" width=\"142\">Artes Naturais<\/td>\n<td style=\"text-align: center\" width=\"75\">70<\/td>\n<td style=\"text-align: center\" width=\"97\">Habilitado<\/td>\n<\/tr>\n<tr>\n<td style=\"text-align: center\" width=\"22\">21<\/td>\n<td width=\"135\">Marielly Vilar Silva<\/td>\n<td style=\"text-align: center\" width=\"142\">Bordadinhos com amor<\/td>\n<td style=\"text-align: center\" width=\"75\">70<\/td>\n<td style=\"text-align: center\" width=\"97\">Habilitado<\/td>\n<\/tr>\n<tr>\n<td style=\"text-align: center\" width=\"22\">22<\/td>\n<td width=\"135\">Francisca de Paula Caldas Costa<\/td>\n<td style=\"text-align: center\" width=\"142\">Crochetando com amor<\/td>\n<td style=\"text-align: center\" width=\"75\">70<\/td>\n<td style=\"text-align: center\" width=\"97\">Habilitado<\/td>\n<\/tr>\n<tr>\n<td style=\"text-align: center\" width=\"22\">23<\/td>\n<td width=\"135\">Denilson Marques Carvalho<\/td>\n<td style=\"text-align: center\" width=\"142\">Artes e Recortes<\/td>\n<td style=\"text-align: center\" width=\"75\">70<\/td>\n<td style=\"text-align: center\" width=\"97\">Habilitado<\/td>\n<\/tr>\n<tr>\n<td style=\"text-align: center\" width=\"22\">24<\/td>\n<td width=\"135\">Maria Luiza Silva Cunha<\/td>\n<td style=\"text-align: center\" width=\"142\">Croche Artesanal<\/td>\n<td style=\"text-align: center\" width=\"75\">70<\/td>\n<td style=\"text-align: center\" width=\"97\">Habilitado<\/td>\n<\/tr>\n<tr>\n<td style=\"text-align: center\" width=\"22\">25<\/td>\n<td width=\"135\">Edina do Nascimento Garc\u00eas<\/td>\n<td style=\"text-align: center\" width=\"142\">Croch\u00ea Afetivo<\/td>\n<td style=\"text-align: center\" width=\"75\">70<\/td>\n<td style=\"text-align: center\" width=\"97\">Habilitado<\/td>\n<\/tr>\n<tr>\n<td style=\"text-align: center\" width=\"22\">26<\/td>\n<td width=\"135\">Cibele Carvalho dos Santos<\/td>\n<td style=\"text-align: center\" width=\"142\">Bordados Artesanais<\/td>\n<td style=\"text-align: center\" width=\"75\">70<\/td>\n<td style=\"text-align: center\" width=\"97\">Habilitado<\/td>\n<\/tr>\n<tr>\n<td style=\"text-align: center\" width=\"22\">27<\/td>\n<td width=\"135\">Milena Silva Sousa<\/td>\n<td style=\"text-align: center\" width=\"142\">Croche Encantado<\/td>\n<td style=\"text-align: center\" width=\"75\">70<\/td>\n<td style=\"text-align: center\" width=\"97\">Habilitado<\/td>\n<\/tr>\n<tr>\n<td style=\"text-align: center\" width=\"22\">28<\/td>\n<td width=\"135\">Raimunda Nonata Pereira de Ara\u00fajo<\/td>\n<td style=\"text-align: center\" width=\"142\">Croche, Arte e Tradi\u00e7\u00e3o<\/td>\n<td style=\"text-align: center\" width=\"75\">70<\/td>\n<td style=\"text-align: center\" width=\"97\">Habilitado<\/td>\n<\/tr>\n<tr>\n<td style=\"text-align: center\" width=\"22\">29<\/td>\n<td width=\"135\">Beatriz Lima Souza<\/td>\n<td style=\"text-align: center\" width=\"142\">Tech Art Personalizados<\/td>\n<td style=\"text-align: center\" width=\"75\">70<\/td>\n<td style=\"text-align: center\" width=\"97\">Habilitado<\/td>\n<\/tr>\n<tr>\n<td style=\"text-align: center\" width=\"22\">30<\/td>\n<td width=\"135\">Kaio Cesar Carvalho<\/td>\n<td style=\"text-align: center\" width=\"142\">Artesanato Raiz<\/td>\n<td style=\"text-align: center\" width=\"75\">70<\/td>\n<td style=\"text-align: center\" width=\"97\">Habilitado<\/td>\n<\/tr>\n<tr>\n<td style=\"text-align: center\" width=\"22\">31<\/td>\n<td width=\"135\">Maria do Socorro da Silva<\/td>\n<td style=\"text-align: center\" width=\"142\">Croche Inspirador<\/td>\n<td style=\"text-align: center\" width=\"75\">70<\/td>\n<td style=\"text-align: center\" width=\"97\">Habilitado<\/td>\n<\/tr>\n<tr>\n<td style=\"text-align: center\" width=\"22\">32<\/td>\n<td width=\"135\">Levi Sousa Silva<\/td>\n<td style=\"text-align: center\" width=\"142\">Carpintart<\/td>\n<td style=\"text-align: center\" width=\"75\">60<\/td>\n<td style=\"text-align: center\" width=\"97\">Habilitado<\/td>\n<\/tr>\n<tr>\n<td style=\"text-align: center\" width=\"22\">33<\/td>\n<td width=\"135\">Maria Caroline dos Santos Silva<\/td>\n<td style=\"text-align: center\" width=\"142\">Carol Art`s<\/td>\n<td style=\"text-align: center\" width=\"75\">60<\/td>\n<td style=\"text-align: center\" width=\"97\">Habilitado<\/td>\n<\/tr>\n<tr>\n<td style=\"text-align: center\" width=\"22\">34<\/td>\n<td width=\"135\">Wesley Kelvin do Nascimento Sousa<\/td>\n<td style=\"text-align: center\" width=\"142\">WK Vasos Artesanais<\/td>\n<td style=\"text-align: center\" width=\"75\">60<\/td>\n<td style=\"text-align: center\" width=\"97\">Habilitado<\/td>\n<\/tr>\n<tr>\n<td style=\"text-align: center\" width=\"22\">35<\/td>\n<td width=\"135\">Alef Silva Vilar<\/td>\n<td style=\"text-align: center\" width=\"142\">Artes Naturais<\/td>\n<td style=\"text-align: center\" width=\"75\">60<\/td>\n<td style=\"text-align: center\" width=\"97\">Habilitado<\/td>\n<\/tr>\n<tr>\n<td style=\"text-align: center\" width=\"22\">36<\/td>\n<td width=\"135\">Gardiania de Ara\u00fajo Santos<\/td>\n<td style=\"text-align: center\" width=\"142\">Gardy La\u00e7os<\/td>\n<td style=\"text-align: center\" width=\"75\">60<\/td>\n<td style=\"text-align: center\" width=\"97\">Habilitado<\/td>\n<\/tr>\n<tr>\n<td style=\"text-align: center\" width=\"22\">37<\/td>\n<td width=\"135\">Jos\u00e9 de Ribamar Silva Ara\u00fajo<\/td>\n<td style=\"text-align: center\" width=\"142\">Recriando Artes<\/td>\n<td style=\"text-align: center\" width=\"75\">60<\/td>\n<td style=\"text-align: center\" width=\"97\">Habilitado<\/td>\n<\/tr>\n<tr>\n<td style=\"text-align: center\" width=\"22\">38<\/td>\n<td width=\"135\">Suzane Moura dos Santos Sousa<\/td>\n<td style=\"text-align: center\" width=\"142\">Cantinho da Suzy Atel\u00eee<\/td>\n<td style=\"text-align: center\" width=\"75\">60<\/td>\n<td style=\"text-align: center\" width=\"97\">Habilitado<\/td>\n<\/tr>\n<tr>\n<td style=\"text-align: center\" width=\"22\">39<\/td>\n<td width=\"135\">Kayky Blemer Costa Menezes<\/td>\n<td style=\"text-align: center\" width=\"142\">Moldando Art<\/td>\n<td style=\"text-align: center\" width=\"75\">60<\/td>\n<td style=\"text-align: center\" width=\"97\">Habilitado<\/td>\n<\/tr>\n<tr>\n<td style=\"text-align: center\" width=\"22\">40<\/td>\n<td width=\"135\">Jessica Moura Costa<\/td>\n<td style=\"text-align: center\" width=\"142\">Atelier Jessica Moura<\/td>\n<td style=\"text-align: center\" width=\"75\">60<\/td>\n<td style=\"text-align: center\" width=\"97\">Habilitado<\/td>\n<\/tr>\n<tr>\n<td style=\"text-align: center\" width=\"22\">41<\/td>\n<td width=\"135\">Gard\u00eania Santos Costa<\/td>\n<td style=\"text-align: center\" width=\"142\">Mimos de Gardenia<\/td>\n<td style=\"text-align: center\" width=\"75\">60<\/td>\n<td style=\"text-align: center\" width=\"97\">Habilitado<\/td>\n<\/tr>\n<tr>\n<td style=\"text-align: center\" width=\"22\">42<\/td>\n<td width=\"135\">Francisca de Jesus Carvalho<\/td>\n<td style=\"text-align: center\" width=\"142\">La\u00e7os da Branca<\/td>\n<td style=\"text-align: center\" width=\"75\">60<\/td>\n<td style=\"text-align: center\" width=\"97\">Habilitado<\/td>\n<\/tr>\n<tr>\n<td style=\"text-align: center\" width=\"22\">43<\/td>\n<td width=\"135\">Santana Gomes da Silva<\/td>\n<td style=\"text-align: center\" width=\"142\">Santana Artesanato<\/td>\n<td style=\"text-align: center\" width=\"75\">60<\/td>\n<td style=\"text-align: center\" width=\"97\">Habilitado<\/td>\n<\/tr>\n<tr>\n<td style=\"text-align: center\" width=\"22\">44<\/td>\n<td width=\"135\">Maria Luc\u00eancia da Paix\u00e3o<\/td>\n<td style=\"text-align: center\" width=\"142\">C\u00eania Croch\u00ea<\/td>\n<td style=\"text-align: center\" width=\"75\">60<\/td>\n<td style=\"text-align: center\" width=\"97\">Habilitado<\/td>\n<\/tr>\n<tr>\n<td style=\"text-align: center\" width=\"22\">45<\/td>\n<td width=\"135\">Adriana Moraes Escorcio<\/td>\n<td style=\"text-align: center\" width=\"142\">DK artesanato<\/td>\n<td style=\"text-align: center\" width=\"75\">60<\/td>\n<td style=\"text-align: center\" width=\"97\">Habilitado<\/td>\n<\/tr>\n<tr>\n<td style=\"text-align: center\" width=\"22\">46<\/td>\n<td width=\"135\">Jefesson Gomes dos Santos<\/td>\n<td style=\"text-align: center\" width=\"142\">Criando Arte<\/td>\n<td style=\"text-align: center\" width=\"75\">60<\/td>\n<td style=\"text-align: center\" width=\"97\">Habilitado<\/td>\n<\/tr>\n<tr>\n<td style=\"text-align: center\" width=\"22\">47<\/td>\n<td width=\"135\">Maria do Ros\u00e1rio de Jesus Silva<\/td>\n<td style=\"text-align: center\" width=\"142\">Maria do Ros\u00e1rio Artesanato<\/td>\n<td style=\"text-align: center\" width=\"75\">60<\/td>\n<td style=\"text-align: center\" width=\"97\">Habilitado<\/td>\n<\/tr>\n<tr>\n<td style=\"text-align: center\" width=\"22\">48<\/td>\n<td width=\"135\">Joana Pereira Rocha da Costa<\/td>\n<td style=\"text-align: center\" width=\"142\">Ateli\u00ea JR criativa<\/td>\n<td style=\"text-align: center\" width=\"75\">60<\/td>\n<td style=\"text-align: center\" width=\"97\">Habilitado<\/td>\n<\/tr>\n<tr>\n<td style=\"text-align: center\" width=\"22\">49<\/td>\n<td width=\"135\">Isabelly Silva Rodrigues<\/td>\n<td style=\"text-align: center\" width=\"142\">Mimos Biscult<\/td>\n<td style=\"text-align: center\" width=\"75\">60<\/td>\n<td style=\"text-align: center\" width=\"97\">Habilitado<\/td>\n<\/tr>\n<tr>\n<td style=\"text-align: center\" width=\"22\">50<\/td>\n<td width=\"135\">Loide Rocha da Costa Moura<\/td>\n<td style=\"text-align: center\" width=\"142\">M\u00e3os Destras Ateli\u00ea e Armarinho<\/td>\n<td style=\"text-align: center\" width=\"75\">50<\/td>\n<td style=\"text-align: center\" width=\"97\">Habilitado<\/td>\n<\/tr>\n<tr>\n<td style=\"text-align: center\" width=\"22\">51<\/td>\n<td width=\"135\">Adriana dos Santos Silva<\/td>\n<td style=\"text-align: center\" width=\"142\">Artes da Drika<\/td>\n<td style=\"text-align: center\" width=\"75\">50<\/td>\n<td style=\"text-align: center\" width=\"97\">Habilitado<\/td>\n<\/tr>\n<tr>\n<td style=\"text-align: center\" width=\"22\">52<\/td>\n<td width=\"135\">Melissia dos Santos Costa<\/td>\n<td style=\"text-align: center\" width=\"142\">MC Artesanato<\/td>\n<td style=\"text-align: center\" width=\"75\">50<\/td>\n<td style=\"text-align: center\" width=\"97\">Habilitado<\/td>\n<\/tr>\n<tr>\n<td style=\"text-align: center\" width=\"22\">53<\/td>\n<td width=\"135\">Laio Carvalho Sousa<\/td>\n<td style=\"text-align: center\" width=\"142\">Del Jarros<\/td>\n<td style=\"text-align: center\" width=\"75\">50<\/td>\n<td style=\"text-align: center\" width=\"97\">Habilitado<\/td>\n<\/tr>\n<tr>\n<td style=\"text-align: center\" width=\"22\">54<\/td>\n<td width=\"135\">Lucia Maria Lopes dos Santos<\/td>\n<td style=\"text-align: center\" width=\"142\">Lucia Croche e Artesanato<\/td>\n<td style=\"text-align: center\" width=\"75\">50<\/td>\n<td style=\"text-align: center\" width=\"97\">Habilitado<\/td>\n<\/tr>\n<tr>\n<td style=\"text-align: center\" width=\"22\">55<\/td>\n<td width=\"135\">Larison Lima Costa<\/td>\n<td style=\"text-align: center\" width=\"142\">Larison L Artes<\/td>\n<td style=\"text-align: center\" width=\"75\">&#8211;<\/td>\n<td style=\"text-align: center\" width=\"97\">Inabilitado<\/td>\n<\/tr>\n<tr>\n<td style=\"text-align: center\" width=\"22\">56<\/td>\n<td width=\"135\">J\u00f4cassia Braga dos Santos<\/td>\n<td style=\"text-align: center\" width=\"142\">Costura &amp; Cia<\/td>\n<td style=\"text-align: center\" width=\"75\">&#8211;<\/td>\n<td style=\"text-align: center\" width=\"97\">Inabilitado<\/td>\n<\/tr>\n<tr>\n<td style=\"text-align: center\" width=\"22\">57<\/td>\n<td width=\"135\">Adriana Silva Costa<\/td>\n<td style=\"text-align: center\" width=\"142\">Ateli\u00ea da Dry<\/td>\n<td style=\"text-align: center\" width=\"75\">&#8211;<\/td>\n<td style=\"text-align: center\" width=\"97\">Inabilitado<\/td>\n<\/tr>\n<tr>\n<td style=\"text-align: center\" width=\"22\">58<\/td>\n<td width=\"135\">Lariza dos Santos Brito<\/td>\n<td style=\"text-align: center\" width=\"142\">Bij\u00fa Lariza Moura<\/td>\n<td style=\"text-align: center\" width=\"75\">&#8211;<\/td>\n<td style=\"text-align: center\" width=\"97\">Inabilitado<\/td>\n<\/tr>\n<\/tbody>\n<\/table>\n<p>&#8211; <strong>EDITAL DE CHAMAMENTO 007\/2023 \u2013 EDITAL DE APOIO AO AUDIOVISUAL DE MAGALH\u00c3ES DE ALMEIDA<br \/>\n<\/strong>ART. 6 \u2013 CATEGORIA 1 \u2013 APOIO A PRODU\u00c7\u00d5ES AUDIOVISUAIS<\/p>\n<table width=\"471\">\n<tbody>\n<tr>\n<td style=\"text-align: center\" width=\"22\"><strong>N.\u00ba\u00a0<\/strong><\/td>\n<td style=\"text-align: center\" width=\"135\"><strong>Nome\u00a0<\/strong><\/td>\n<td style=\"text-align: center\" width=\"142\"><strong>Projeto\u00a0<\/strong><\/td>\n<td style=\"text-align: center\" width=\"75\"><strong>Pontua\u00e7\u00e3o\u00a0<\/strong><\/td>\n<td style=\"text-align: center\" width=\"97\"><strong>Classifica\u00e7\u00e3o<\/strong><\/td>\n<\/tr>\n<tr>\n<td style=\"text-align: center\" width=\"22\">1<\/td>\n<td style=\"text-align: left\" width=\"135\">Elimar da Silva Oliveira<\/td>\n<td style=\"text-align: center\" width=\"142\">Elimar Dinnyz<\/td>\n<td style=\"text-align: center\" width=\"75\">80<\/td>\n<td style=\"text-align: center\" width=\"97\">Habilitado<\/td>\n<\/tr>\n<tr>\n<td style=\"text-align: center\" width=\"22\">2<\/td>\n<td width=\"135\">Fernando Amorim da Silva<\/td>\n<td style=\"text-align: center\" width=\"142\">Cowboy Rockfeller<\/td>\n<td style=\"text-align: center\" width=\"75\">80<\/td>\n<td style=\"text-align: center\" width=\"97\">Habilitado<\/td>\n<\/tr>\n<tr>\n<td style=\"text-align: center\" width=\"22\">3<\/td>\n<td width=\"135\">Manoel Batista dos Santos<\/td>\n<td style=\"text-align: center\" width=\"142\">Banda M<\/td>\n<td style=\"text-align: center\" width=\"75\">80<\/td>\n<td style=\"text-align: center\" width=\"97\">Habilitado<\/td>\n<\/tr>\n<tr>\n<td style=\"text-align: center\" width=\"22\">4<\/td>\n<td width=\"135\">Maria Daniela Santos Silva<\/td>\n<td style=\"text-align: center\" width=\"142\">Daniela Santos a Gerente<\/td>\n<td style=\"text-align: center\" width=\"75\">80<\/td>\n<td style=\"text-align: center\" width=\"97\">Habilitado<\/td>\n<\/tr>\n<tr>\n<td style=\"text-align: center\" width=\"22\">5<\/td>\n<td width=\"135\">Wuoruick Gon\u00e7alves Boralho<\/td>\n<td style=\"text-align: center\" width=\"142\">WG Cantor<\/td>\n<td style=\"text-align: center\" width=\"75\">80<\/td>\n<td style=\"text-align: center\" width=\"97\">Habilitado<\/td>\n<\/tr>\n<tr>\n<td style=\"text-align: center\" width=\"22\">6<\/td>\n<td width=\"135\">Acassio Vitalino da Silva<\/td>\n<td style=\"text-align: center\" width=\"142\">Acassio Batera<\/td>\n<td style=\"text-align: center\" width=\"75\">70<\/td>\n<td style=\"text-align: center\" width=\"97\">Habilitado<\/td>\n<\/tr>\n<tr>\n<td style=\"text-align: center\" width=\"22\">7<\/td>\n<td width=\"135\">Wagner Silva Monteiro Filho<\/td>\n<td style=\"text-align: center\" width=\"142\">Banda Amaweis<\/td>\n<td style=\"text-align: center\" width=\"75\">70<\/td>\n<td style=\"text-align: center\" width=\"97\">habilitado<\/td>\n<\/tr>\n<tr>\n<td style=\"text-align: center\" width=\"22\">8<\/td>\n<td width=\"135\">Willian Costa Monteiro<\/td>\n<td style=\"text-align: center\" width=\"142\">WipeOut<\/td>\n<td style=\"text-align: center\" width=\"75\">70<\/td>\n<td style=\"text-align: center\" width=\"97\">Habilitado<\/td>\n<\/tr>\n<tr>\n<td style=\"text-align: center\" width=\"22\">9<\/td>\n<td width=\"135\">Daniel da Concei\u00e7\u00e3o Carvalho<\/td>\n<td style=\"text-align: center\" width=\"142\">Daniel Pizada<\/td>\n<td style=\"text-align: center\" width=\"75\">60<\/td>\n<td style=\"text-align: center\" width=\"97\">Habilitado<\/td>\n<\/tr>\n<tr>\n<td style=\"text-align: center\" width=\"22\">10<\/td>\n<td width=\"135\">Luiz Vagner Souza Silva<\/td>\n<td style=\"text-align: center\" width=\"142\">Paizim e Banda<\/td>\n<td style=\"text-align: center\" width=\"75\">60<\/td>\n<td style=\"text-align: center\" width=\"97\">Habilitado<\/td>\n<\/tr>\n<tr>\n<td style=\"text-align: center\" width=\"22\">11<\/td>\n<td width=\"135\">Raimundo dos Santos Ara\u00fajo<\/td>\n<td style=\"text-align: center\" width=\"142\">Nerisval do Brega<\/td>\n<td style=\"text-align: center\" width=\"75\">60<\/td>\n<td style=\"text-align: center\" width=\"97\">Habilitado<\/td>\n<\/tr>\n<tr>\n<td style=\"text-align: center\" width=\"22\">12<\/td>\n<td width=\"135\">Renato dos Santos Silva<\/td>\n<td style=\"text-align: center\" width=\"142\">Seresta de Luxo<\/td>\n<td style=\"text-align: center\" width=\"75\">60<\/td>\n<td style=\"text-align: center\" width=\"97\">Habilitado<\/td>\n<\/tr>\n<\/tbody>\n<\/table>\n<p>ART. 6 \u2013 CATEGORIA 2 \u2013 APOIO AS SALAS DE CINEMAS<br \/>\n<strong>&#8211; NENUMA PROPOSTA APRESENTADA<br \/>\n<\/strong>ART. 6 \u2013 CATEGORIA 3 \u2013 APOIO A REALIZA\u00c7\u00c3O DE FESTIVAIS E MOSTRAS DE PRODU\u00c7\u00d5ES NO AUDIOVISUAL, PREFERENCIALMENTE POR MEIO DIGITAL.<\/p>\n<table width=\"471\">\n<tbody>\n<tr>\n<td style=\"text-align: center\" width=\"22\"><strong>N.\u00ba<\/strong><\/td>\n<td style=\"text-align: center\" width=\"135\"><strong>NOME\u00a0<\/strong><\/td>\n<td style=\"text-align: center\" width=\"142\"><strong>PROJETO\u00a0<\/strong><\/td>\n<td style=\"text-align: center\" width=\"75\"><strong>PONTUA\u00c7\u00c3O<\/strong><\/td>\n<td style=\"text-align: center\" width=\"97\"><strong>CLASSIFICA\u00c7\u00c3O<\/strong><\/td>\n<\/tr>\n<tr>\n<td style=\"text-align: center\" width=\"22\">1<\/td>\n<td width=\"135\">Eduardo Fernandes Garc\u00eas Sousa<\/td>\n<td style=\"text-align: center\" width=\"142\">Blog Eduardo Garc\u00eas<\/td>\n<td style=\"text-align: center\" width=\"75\">&#8211;<\/td>\n<td style=\"text-align: center\" width=\"97\">Inabilitado<\/td>\n<\/tr>\n<\/tbody>\n<\/table>\n<p><strong>Ap\u00f3s a publica\u00e7\u00e3o todos os proponentes t\u00eam at\u00e9 03 (tr\u00eas) dias uteis para recorrer a fase de habilita\u00e7\u00e3o.<br \/>\n<\/strong>Magalh\u00e3es de Almeida, 16 de janeiro de 2024. FRANCISCO DAS CHAGAS BORGES DA SILVA FILHO, Secret\u00e1rio Municipal de Cultura e Turismo.<\/p>\n","protected":false},"author":4,"template":"","class_list":["post-20569","publicacoesdom","type-publicacoesdom","status-publish","hentry"],"acf":{"tipo_de_publicacao_diario":"64","e_retificacao":"1","origem_do_diario":"Poder Executivo","codigo_verificador":"aba15324acf5ac4775416888024a61c78cbe1e6a"},"_links":{"self":[{"href":"https:\/\/magalhaesdealmeida.ma.gov.br\/transparencia\/wp-json\/wp\/v2\/publicacoesdom\/20569","targetHints":{"allow":["GET"]}}],"collection":[{"href":"https:\/\/magalhaesdealmeida.ma.gov.br\/transparencia\/wp-json\/wp\/v2\/publicacoesdom"}],"about":[{"href":"https:\/\/magalhaesdealmeida.ma.gov.br\/transparencia\/wp-json\/wp\/v2\/types\/publicacoesdom"}],"author":[{"embeddable":true,"href":"https:\/\/magalhaesdealmeida.ma.gov.br\/transparencia\/wp-json\/wp\/v2\/users\/4"}],"wp:attachment":[{"href":"https:\/\/magalhaesdealmeida.ma.gov.br\/transparencia\/wp-json\/wp\/v2\/media?parent=20569"}],"curies":[{"name":"wp","href":"https:\/\/api.w.org\/{rel}","templated":true}]}}