{"id":20584,"date":"2024-01-19T11:54:24","date_gmt":"2024-01-19T14:54:24","guid":{"rendered":"https:\/\/magalhaesdealmeida.ma.gov.br\/transparencia\/?post_type=publicacoesdom&#038;p=20584"},"modified":"2024-01-19T11:54:24","modified_gmt":"2024-01-19T14:54:24","slug":"oficio-n-o-002-2024-semuct","status":"publish","type":"publicacoesdom","link":"https:\/\/magalhaesdealmeida.ma.gov.br\/transparencia\/publicacoesdom\/oficio-n-o-002-2024-semuct\/","title":{"rendered":"OF\u00cdCIO N.\u00ba 002\/2024 &#8211; SEMUCT"},"content":{"rendered":"<p><strong>Ao<br \/>\n<\/strong><strong>Setor de Comunica\u00e7\u00e3o<br \/>\n<\/strong><strong>Assunto:<\/strong> Resultado Final dos Editais 006\/2023 e 007\/2023 \u2013 LEI PAULO GUSTAVO.<br \/>\nAos cordiais cumprimentos, sirvo-me do presente para encaminhar o resultado final dos editais 006\/2023 e 007\/2023 de fomento a cultura no que trata a Lei Paulo Gustavo para serem publicados no portal do munic\u00edpio.<br \/>\n<strong>RESULTADO FINAL<br \/>\n<\/strong><strong>&#8211; EDITAL DE CHAMAMENTO 006\/2023 \u2013 EDITAL DE APOIO AS DEMAIS \u00c1REA DA CULTURA DE MAGALH\u00c3ES DE ALMEIDA<br \/>\n<\/strong>ART. 8 &#8211; CATEGORIA 1 \u2013 PROPOSTAS DE PROJETO DE DAN\u00c7A<\/p>\n<table width=\"420\">\n<tbody>\n<tr>\n<td width=\"25\"><strong>N.\u00ba\u00a0<\/strong><\/td>\n<td width=\"131\"><strong>NOME\u00a0<\/strong><\/td>\n<td width=\"92\"><strong>PROJETO\u00a0<\/strong><\/td>\n<td width=\"75\"><strong>PONTUA\u00c7\u00c3O\u00a0<\/strong><\/td>\n<td width=\"97\"><strong>CLASSIFICA\u00c7\u00c3O<\/strong><\/td>\n<\/tr>\n<tr>\n<td style=\"text-align: center\" width=\"25\">1<\/td>\n<td width=\"131\">Iury Correa Linhares<\/td>\n<td style=\"text-align: center\" width=\"92\">Estrelinha de Santo Ant\u00f4nio<\/td>\n<td style=\"text-align: center\" width=\"75\">70<\/td>\n<td style=\"text-align: center\" width=\"97\">Habilitado<\/td>\n<\/tr>\n<tr>\n<td style=\"text-align: center\" width=\"25\">2<\/td>\n<td width=\"131\">Francisco de Paulo Rocha<\/td>\n<td style=\"text-align: center\" width=\"92\">Capoeira: Monitor Calado<\/td>\n<td style=\"text-align: center\" width=\"75\">60<\/td>\n<td style=\"text-align: center\" width=\"97\">Habilitado<\/td>\n<\/tr>\n<\/tbody>\n<\/table>\n<p>ART. 8 &#8211; CATEGORIA 2 \u2013 PROPOSTA DE PROJETOS DE ARTESANATO<\/p>\n<table width=\"420\">\n<tbody>\n<tr>\n<td width=\"25\"><strong>N.\u00ba<\/strong><\/td>\n<td width=\"131\"><strong>NOME<\/strong><\/td>\n<td width=\"92\"><strong>PROJETO<\/strong><\/td>\n<td width=\"75\"><strong>PONTUA\u00c7\u00c3O<\/strong><\/td>\n<td width=\"97\"><strong>CLASSIFICA\u00c7\u00c3O<\/strong><\/td>\n<\/tr>\n<tr>\n<td style=\"text-align: center\" width=\"25\">1<\/td>\n<td width=\"131\">Maria Ant\u00f4nia Lima Silva<\/td>\n<td style=\"text-align: center\" width=\"92\">Arte com amor cria\u00e7\u00f5es artesanais<\/td>\n<td style=\"text-align: center\" width=\"75\">80<\/td>\n<td style=\"text-align: center\" width=\"97\">Habilitado<\/td>\n<\/tr>\n<tr>\n<td style=\"text-align: center\" width=\"25\">2<\/td>\n<td width=\"131\">Jhennifer Candeira Costa<\/td>\n<td style=\"text-align: center\" width=\"92\">Ateli\u00ea Encanto de Princesa<\/td>\n<td style=\"text-align: center\" width=\"75\">80<\/td>\n<td style=\"text-align: center\" width=\"97\">Habilitado<\/td>\n<\/tr>\n<tr>\n<td style=\"text-align: center\" width=\"25\">3<\/td>\n<td width=\"131\">Elida Beatriz de Carvalho<\/td>\n<td style=\"text-align: center\" width=\"92\">Bonecando &#8211; Atelie Elida Beatriz<\/td>\n<td style=\"text-align: center\" width=\"75\">80<\/td>\n<td style=\"text-align: center\" width=\"97\">Habilitado<\/td>\n<\/tr>\n<tr>\n<td style=\"text-align: center\" width=\"25\">4<\/td>\n<td width=\"131\">Maria Gracilene Costa da Silva<\/td>\n<td style=\"text-align: center\" width=\"92\">Croch\u00ea G&amp;M<\/td>\n<td style=\"text-align: center\" width=\"75\">80<\/td>\n<td style=\"text-align: center\" width=\"97\">Habilitado<\/td>\n<\/tr>\n<tr>\n<td style=\"text-align: center\" width=\"25\">5<\/td>\n<td width=\"131\">Izabel Caldas Gon\u00e7alves<\/td>\n<td style=\"text-align: center\" width=\"92\">Bela Bordados<\/td>\n<td style=\"text-align: center\" width=\"75\">80<\/td>\n<td style=\"text-align: center\" width=\"97\">Habilitado<\/td>\n<\/tr>\n<tr>\n<td style=\"text-align: center\" width=\"25\">6<\/td>\n<td width=\"131\">Nilton Carlos Nunes Costa<\/td>\n<td style=\"text-align: center\" width=\"92\">Sustentarte<\/td>\n<td style=\"text-align: center\" width=\"75\">80<\/td>\n<td style=\"text-align: center\" width=\"97\">Habilitado<\/td>\n<\/tr>\n<tr>\n<td style=\"text-align: center\" width=\"25\">7<\/td>\n<td width=\"131\">Rosiany Silva Costa<\/td>\n<td style=\"text-align: center\" width=\"92\">Mimos RC Artesanato<\/td>\n<td style=\"text-align: center\" width=\"75\">80<\/td>\n<td style=\"text-align: center\" width=\"97\">Habilitado<\/td>\n<\/tr>\n<tr>\n<td style=\"text-align: center\" width=\"25\">8<\/td>\n<td width=\"131\">Darlene Costa Monteiro<\/td>\n<td style=\"text-align: center\" width=\"92\">Passos de arte<\/td>\n<td style=\"text-align: center\" width=\"75\">80<\/td>\n<td style=\"text-align: center\" width=\"97\">Habilitado<\/td>\n<\/tr>\n<tr>\n<td style=\"text-align: center\" width=\"25\">9<\/td>\n<td width=\"131\">Silvana Caldas Gon\u00e7alves Boralho<\/td>\n<td style=\"text-align: center\" width=\"92\">Sil.Caldas cortes, costura e Bordados<\/td>\n<td style=\"text-align: center\" width=\"75\">80<\/td>\n<td style=\"text-align: center\" width=\"97\">Habilitado<\/td>\n<\/tr>\n<tr>\n<td style=\"text-align: center\" width=\"25\">10<\/td>\n<td width=\"131\">Maria Vitoria Sousa Silva<\/td>\n<td style=\"text-align: center\" width=\"92\">CulturArt<\/td>\n<td style=\"text-align: center\" width=\"75\">80<\/td>\n<td style=\"text-align: center\" width=\"97\">Habilitado<\/td>\n<\/tr>\n<tr>\n<td style=\"text-align: center\" width=\"25\">11<\/td>\n<td width=\"131\">Antonio Gleison Caetano da Silva<\/td>\n<td style=\"text-align: center\" width=\"92\">Arte em Fibras Naturais<\/td>\n<td style=\"text-align: center\" width=\"75\">80<\/td>\n<td style=\"text-align: center\" width=\"97\">Habilitado<\/td>\n<\/tr>\n<tr>\n<td style=\"text-align: center\" width=\"25\">12<\/td>\n<td width=\"131\">Wildemar Alves Tito<\/td>\n<td style=\"text-align: center\" width=\"92\">Arte Sustent\u00e1vel<\/td>\n<td style=\"text-align: center\" width=\"75\">80<\/td>\n<td style=\"text-align: center\" width=\"97\">Habilitado<\/td>\n<\/tr>\n<tr>\n<td style=\"text-align: center\" width=\"25\">13<\/td>\n<td width=\"131\">Francisca das Chagas dos Santos<\/td>\n<td style=\"text-align: center\" width=\"92\">Chaguinha croch\u00ea<\/td>\n<td style=\"text-align: center\" width=\"75\">75<\/td>\n<td style=\"text-align: center\" width=\"97\">Habilitado<\/td>\n<\/tr>\n<tr>\n<td style=\"text-align: center\" width=\"25\">14<\/td>\n<td width=\"131\">Andreleny Caldas Costa<\/td>\n<td style=\"text-align: center\" width=\"92\">Eleg\u00e2ncia em bordados<\/td>\n<td style=\"text-align: center\" width=\"75\">70<\/td>\n<td style=\"text-align: center\" width=\"97\">Habilitado<\/td>\n<\/tr>\n<tr>\n<td style=\"text-align: center\" width=\"25\">15<\/td>\n<td width=\"131\">Daniele dos Santos Gomes<\/td>\n<td style=\"text-align: center\" width=\"92\">Izza Delicatos<\/td>\n<td style=\"text-align: center\" width=\"75\">70<\/td>\n<td style=\"text-align: center\" width=\"97\">Habilitado<\/td>\n<\/tr>\n<tr>\n<td style=\"text-align: center\" width=\"25\">16<\/td>\n<td width=\"131\">Ana Marcia da Concei\u00e7\u00e3o Silva<\/td>\n<td style=\"text-align: center\" width=\"92\">Arte Sustent\u00e1vel e Criativa<\/td>\n<td style=\"text-align: center\" width=\"75\">70<\/td>\n<td style=\"text-align: center\" width=\"97\">Habilitado<\/td>\n<\/tr>\n<tr>\n<td style=\"text-align: center\" width=\"25\">17<\/td>\n<td width=\"131\">Maria Jos\u00e9 Nascimento Rocha<\/td>\n<td style=\"text-align: center\" width=\"92\">Express\u00e3o em Mi\u00e7angas<\/td>\n<td style=\"text-align: center\" width=\"75\">70<\/td>\n<td style=\"text-align: center\" width=\"97\">Habilitado<\/td>\n<\/tr>\n<tr>\n<td style=\"text-align: center\" width=\"25\">18<\/td>\n<td width=\"131\">Deybson da Silva Santos<\/td>\n<td style=\"text-align: center\" width=\"92\">Reutilizando Id\u00e9ias<\/td>\n<td style=\"text-align: center\" width=\"75\">70<\/td>\n<td style=\"text-align: center\" width=\"97\">Habilitado<\/td>\n<\/tr>\n<tr>\n<td style=\"text-align: center\" width=\"25\">19<\/td>\n<td width=\"131\">R\u00f4mulo Batista Vieira<\/td>\n<td style=\"text-align: center\" width=\"92\">Artes Naturais<\/td>\n<td style=\"text-align: center\" width=\"75\">70<\/td>\n<td style=\"text-align: center\" width=\"97\">Habilitado<\/td>\n<\/tr>\n<tr>\n<td style=\"text-align: center\" width=\"25\">20<\/td>\n<td width=\"131\">Marielly Vilar Silva<\/td>\n<td style=\"text-align: center\" width=\"92\">Bordadinhos com amor<\/td>\n<td style=\"text-align: center\" width=\"75\">70<\/td>\n<td style=\"text-align: center\" width=\"97\">Habilitado<\/td>\n<\/tr>\n<tr>\n<td style=\"text-align: center\" width=\"25\">21<\/td>\n<td width=\"131\">Francisca de Paula Caldas Costa<\/td>\n<td style=\"text-align: center\" width=\"92\">Crochetando com amor<\/td>\n<td style=\"text-align: center\" width=\"75\">70<\/td>\n<td style=\"text-align: center\" width=\"97\">Habilitado<\/td>\n<\/tr>\n<tr>\n<td style=\"text-align: center\" width=\"25\">22<\/td>\n<td width=\"131\">Denilson Marques Carvalho<\/td>\n<td style=\"text-align: center\" width=\"92\">Artes e Recortes<\/td>\n<td style=\"text-align: center\" width=\"75\">70<\/td>\n<td style=\"text-align: center\" width=\"97\">Habilitado<\/td>\n<\/tr>\n<tr>\n<td style=\"text-align: center\" width=\"25\">23<\/td>\n<td width=\"131\">Maria Luiza Silva Cunha<\/td>\n<td style=\"text-align: center\" width=\"92\">Croche Artesanal<\/td>\n<td style=\"text-align: center\" width=\"75\">70<\/td>\n<td style=\"text-align: center\" width=\"97\">Habilitado<\/td>\n<\/tr>\n<tr>\n<td style=\"text-align: center\" width=\"25\">24<\/td>\n<td width=\"131\">Edina do Nascimento Garc\u00eas<\/td>\n<td style=\"text-align: center\" width=\"92\">Croch\u00ea Afetivo<\/td>\n<td style=\"text-align: center\" width=\"75\">70<\/td>\n<td style=\"text-align: center\" width=\"97\">Habilitado<\/td>\n<\/tr>\n<tr>\n<td style=\"text-align: center\" width=\"25\">25<\/td>\n<td width=\"131\">Cibele Carvalho dos Santos<\/td>\n<td style=\"text-align: center\" width=\"92\">Bordados Artesanais<\/td>\n<td style=\"text-align: center\" width=\"75\">70<\/td>\n<td style=\"text-align: center\" width=\"97\">Habilitado<\/td>\n<\/tr>\n<tr>\n<td style=\"text-align: center\" width=\"25\">26<\/td>\n<td width=\"131\">Milena Silva Sousa<\/td>\n<td style=\"text-align: center\" width=\"92\">Croche Encantado<\/td>\n<td style=\"text-align: center\" width=\"75\">70<\/td>\n<td style=\"text-align: center\" width=\"97\">Habilitado<\/td>\n<\/tr>\n<tr>\n<td style=\"text-align: center\" width=\"25\">27<\/td>\n<td width=\"131\">Raimunda Nonata Pereira de Ara\u00fajo<\/td>\n<td style=\"text-align: center\" width=\"92\">Croche, Arte e Tradi\u00e7\u00e3o<\/td>\n<td style=\"text-align: center\" width=\"75\">70<\/td>\n<td style=\"text-align: center\" width=\"97\">Habilitado<\/td>\n<\/tr>\n<tr>\n<td style=\"text-align: center\" width=\"25\">28<\/td>\n<td width=\"131\">Beatriz Lima Souza<\/td>\n<td style=\"text-align: center\" width=\"92\">Tech Art Personalizados<\/td>\n<td style=\"text-align: center\" width=\"75\">70<\/td>\n<td style=\"text-align: center\" width=\"97\">Habilitado<\/td>\n<\/tr>\n<tr>\n<td style=\"text-align: center\" width=\"25\">29<\/td>\n<td width=\"131\">Kaio Cesar Carvalho<\/td>\n<td style=\"text-align: center\" width=\"92\">Artesanato Raiz<\/td>\n<td style=\"text-align: center\" width=\"75\">70<\/td>\n<td style=\"text-align: center\" width=\"97\">Habilitado<\/td>\n<\/tr>\n<tr>\n<td style=\"text-align: center\" width=\"25\">30<\/td>\n<td width=\"131\">Maria do Socorro da Silva<\/td>\n<td style=\"text-align: center\" width=\"92\">Croche Inspirador<\/td>\n<td style=\"text-align: center\" width=\"75\">70<\/td>\n<td style=\"text-align: center\" width=\"97\">Habilitado<\/td>\n<\/tr>\n<tr>\n<td style=\"text-align: center\" width=\"25\">31<\/td>\n<td width=\"131\">Levi Sousa Silva<\/td>\n<td style=\"text-align: center\" width=\"92\">Carpintart<\/td>\n<td style=\"text-align: center\" width=\"75\">60<\/td>\n<td style=\"text-align: center\" width=\"97\">Habilitado<\/td>\n<\/tr>\n<tr>\n<td style=\"text-align: center\" width=\"25\">32<\/td>\n<td width=\"131\">Maria Caroline dos Santos Silva<\/td>\n<td style=\"text-align: center\" width=\"92\">Carol Art`s<\/td>\n<td style=\"text-align: center\" width=\"75\">60<\/td>\n<td style=\"text-align: center\" width=\"97\">Habilitado<\/td>\n<\/tr>\n<tr>\n<td style=\"text-align: center\" width=\"25\">33<\/td>\n<td width=\"131\">Wesley Kelvin do Nascimento Sousa<\/td>\n<td style=\"text-align: center\" width=\"92\">WK Vasos Artesanais<\/td>\n<td style=\"text-align: center\" width=\"75\">60<\/td>\n<td style=\"text-align: center\" width=\"97\">Habilitado<\/td>\n<\/tr>\n<tr>\n<td style=\"text-align: center\" width=\"25\">34<\/td>\n<td width=\"131\">Alef Silva Vilar<\/td>\n<td style=\"text-align: center\" width=\"92\">Artes Naturais<\/td>\n<td style=\"text-align: center\" width=\"75\">60<\/td>\n<td style=\"text-align: center\" width=\"97\">Habilitado<\/td>\n<\/tr>\n<tr>\n<td style=\"text-align: center\" width=\"25\">35<\/td>\n<td width=\"131\">Gardiania de Ara\u00fajo Santos<\/td>\n<td style=\"text-align: center\" width=\"92\">Gardy La\u00e7os<\/td>\n<td style=\"text-align: center\" width=\"75\">60<\/td>\n<td style=\"text-align: center\" width=\"97\">Habilitado<\/td>\n<\/tr>\n<tr>\n<td style=\"text-align: center\" width=\"25\">36<\/td>\n<td width=\"131\">Jos\u00e9 de Ribamar Silva Ara\u00fajo<\/td>\n<td style=\"text-align: center\" width=\"92\">Recriando Artes<\/td>\n<td style=\"text-align: center\" width=\"75\">60<\/td>\n<td style=\"text-align: center\" width=\"97\">Habilitado<\/td>\n<\/tr>\n<tr>\n<td style=\"text-align: center\" width=\"25\">37<\/td>\n<td width=\"131\">Suzane Moura dos Santos Sousa<\/td>\n<td style=\"text-align: center\" width=\"92\">Cantinho da Suzy Atel\u00eee<\/td>\n<td style=\"text-align: center\" width=\"75\">60<\/td>\n<td style=\"text-align: center\" width=\"97\">Habilitado<\/td>\n<\/tr>\n<tr>\n<td style=\"text-align: center\" width=\"25\">38<\/td>\n<td width=\"131\">Kayky Blemer Costa Menezes<\/td>\n<td style=\"text-align: center\" width=\"92\">Moldando Art<\/td>\n<td style=\"text-align: center\" width=\"75\">60<\/td>\n<td style=\"text-align: center\" width=\"97\">Habilitado<\/td>\n<\/tr>\n<tr>\n<td style=\"text-align: center\" width=\"25\">39<\/td>\n<td width=\"131\">Jessica Moura Costa<\/td>\n<td style=\"text-align: center\" width=\"92\">Atelier Jessica Moura<\/td>\n<td style=\"text-align: center\" width=\"75\">60<\/td>\n<td style=\"text-align: center\" width=\"97\">Habilitado<\/td>\n<\/tr>\n<tr>\n<td style=\"text-align: center\" width=\"25\">40<\/td>\n<td width=\"131\">Gard\u00eania Santos Costa<\/td>\n<td style=\"text-align: center\" width=\"92\">Mimos de Gardenia<\/td>\n<td style=\"text-align: center\" width=\"75\">60<\/td>\n<td style=\"text-align: center\" width=\"97\">Habilitado<\/td>\n<\/tr>\n<tr>\n<td style=\"text-align: center\" width=\"25\">41<\/td>\n<td width=\"131\">Francisca de Jesus Carvalho<\/td>\n<td style=\"text-align: center\" width=\"92\">La\u00e7os da Branca<\/td>\n<td style=\"text-align: center\" width=\"75\">60<\/td>\n<td style=\"text-align: center\" width=\"97\">Habilitado<\/td>\n<\/tr>\n<tr>\n<td style=\"text-align: center\" width=\"25\">42<\/td>\n<td width=\"131\">Santana Gomes da Silva<\/td>\n<td style=\"text-align: center\" width=\"92\">Santana Artesanato<\/td>\n<td style=\"text-align: center\" width=\"75\">60<\/td>\n<td style=\"text-align: center\" width=\"97\">Habilitado<\/td>\n<\/tr>\n<tr>\n<td style=\"text-align: center\" width=\"25\">43<\/td>\n<td width=\"131\">Maria Luc\u00eancia da Paix\u00e3o<\/td>\n<td style=\"text-align: center\" width=\"92\">C\u00eania Croch\u00ea<\/td>\n<td style=\"text-align: center\" width=\"75\">60<\/td>\n<td style=\"text-align: center\" width=\"97\">Habilitado<\/td>\n<\/tr>\n<tr>\n<td style=\"text-align: center\" width=\"25\">44<\/td>\n<td width=\"131\">Adriana Moraes Escorcio<\/td>\n<td style=\"text-align: center\" width=\"92\">DK artesanato<\/td>\n<td style=\"text-align: center\" width=\"75\">60<\/td>\n<td style=\"text-align: center\" width=\"97\">Habilitado<\/td>\n<\/tr>\n<tr>\n<td style=\"text-align: center\" width=\"25\">45<\/td>\n<td width=\"131\">Jefesson Gomes dos Santos<\/td>\n<td style=\"text-align: center\" width=\"92\">Criando Arte<\/td>\n<td style=\"text-align: center\" width=\"75\">60<\/td>\n<td style=\"text-align: center\" width=\"97\">Habilitado<\/td>\n<\/tr>\n<tr>\n<td style=\"text-align: center\" width=\"25\">46<\/td>\n<td width=\"131\">Maria do Ros\u00e1rio de Jesus Silva<\/td>\n<td style=\"text-align: center\" width=\"92\">Maria do Ros\u00e1rio Artesanato<\/td>\n<td style=\"text-align: center\" width=\"75\">60<\/td>\n<td style=\"text-align: center\" width=\"97\">Habilitado<\/td>\n<\/tr>\n<tr>\n<td style=\"text-align: center\" width=\"25\">47<\/td>\n<td width=\"131\">Joana Pereira Rocha da Costa<\/td>\n<td style=\"text-align: center\" width=\"92\">Ateli\u00ea JR criativa<\/td>\n<td style=\"text-align: center\" width=\"75\">60<\/td>\n<td style=\"text-align: center\" width=\"97\">Habilitado<\/td>\n<\/tr>\n<tr>\n<td style=\"text-align: center\" width=\"25\">48<\/td>\n<td width=\"131\">Isabelly Silva Rodrigues<\/td>\n<td style=\"text-align: center\" width=\"92\">Mimos Biscult<\/td>\n<td style=\"text-align: center\" width=\"75\">60<\/td>\n<td style=\"text-align: center\" width=\"97\">Habilitado<\/td>\n<\/tr>\n<tr>\n<td style=\"text-align: center\" width=\"25\">49<\/td>\n<td width=\"131\">Loide Rocha da Costa Moura<\/td>\n<td style=\"text-align: center\" width=\"92\">M\u00e3os Destras Ateli\u00ea e Armarinho<\/td>\n<td style=\"text-align: center\" width=\"75\">50<\/td>\n<td style=\"text-align: center\" width=\"97\">Habilitado<\/td>\n<\/tr>\n<tr>\n<td style=\"text-align: center\" width=\"25\">50<\/td>\n<td width=\"131\">Adriana dos Santos Silva<\/td>\n<td style=\"text-align: center\" width=\"92\">Artes da Drika<\/td>\n<td style=\"text-align: center\" width=\"75\">50<\/td>\n<td style=\"text-align: center\" width=\"97\">Habilitado<\/td>\n<\/tr>\n<tr>\n<td style=\"text-align: center\" width=\"25\">51<\/td>\n<td width=\"131\">Melissia dos Santos Costa<\/td>\n<td style=\"text-align: center\" width=\"92\">MC Artesanato<\/td>\n<td style=\"text-align: center\" width=\"75\">50<\/td>\n<td style=\"text-align: center\" width=\"97\">Habilitado<\/td>\n<\/tr>\n<tr>\n<td style=\"text-align: center\" width=\"25\">52<\/td>\n<td width=\"131\">Laio Carvalho Sousa<\/td>\n<td style=\"text-align: center\" width=\"92\">Del Jarros<\/td>\n<td style=\"text-align: center\" width=\"75\">50<\/td>\n<td style=\"text-align: center\" width=\"97\">Habilitado<\/td>\n<\/tr>\n<tr>\n<td style=\"text-align: center\" width=\"25\">53<\/td>\n<td width=\"131\">Lucia Maria Lopes dos Santos<\/td>\n<td style=\"text-align: center\" width=\"92\">Lucia Croche e Artesanato<\/td>\n<td style=\"text-align: center\" width=\"75\">50<\/td>\n<td style=\"text-align: center\" width=\"97\">Habilitado<\/td>\n<\/tr>\n<tr>\n<td style=\"text-align: center\" width=\"25\">54<\/td>\n<td width=\"131\">Adriana Silva Costa<\/td>\n<td style=\"text-align: center\" width=\"92\">Ateli\u00ea da Dry<\/td>\n<td style=\"text-align: center\" width=\"75\">50<\/td>\n<td style=\"text-align: center\" width=\"97\">Habilitado<\/td>\n<\/tr>\n<tr>\n<td style=\"text-align: center\" width=\"25\">55<\/td>\n<td width=\"131\">Larison Lima Costa<\/td>\n<td style=\"text-align: center\" width=\"92\">Larison L Artes<\/td>\n<td style=\"text-align: center\" width=\"75\">&#8211;<\/td>\n<td style=\"text-align: center\" width=\"97\">Inabilitado<\/td>\n<\/tr>\n<tr>\n<td style=\"text-align: center\" width=\"25\">56<\/td>\n<td width=\"131\">J\u00f4cassia Braga dos Santos<\/td>\n<td style=\"text-align: center\" width=\"92\">Costura &amp; Cia<\/td>\n<td style=\"text-align: center\" width=\"75\">&#8211;<\/td>\n<td style=\"text-align: center\" width=\"97\">Inabilitado<\/td>\n<\/tr>\n<tr>\n<td style=\"text-align: center\" width=\"25\">57<\/td>\n<td width=\"131\">Lariza dos Santos Brito<\/td>\n<td style=\"text-align: center\" width=\"92\">Bij\u00fa Lariza Moura<\/td>\n<td style=\"text-align: center\" width=\"75\">&#8211;<\/td>\n<td style=\"text-align: center\" width=\"97\">Inabilitado<\/td>\n<\/tr>\n<tr>\n<td style=\"text-align: center\" width=\"25\">58<\/td>\n<td width=\"131\">Francisca Maria Caldas Gon\u00e7alves<\/td>\n<td style=\"text-align: center\" width=\"92\">Ateli\u00ea desenhando Artes<\/td>\n<td style=\"text-align: center\" width=\"75\">70<\/td>\n<td style=\"text-align: center\" width=\"97\">Desistente<\/td>\n<\/tr>\n<\/tbody>\n<\/table>\n<p>&#8211; <strong>EDITAL DE CHAMAMENTO 007\/2023 \u2013 EDITAL DE APOIO AO AUDIOVISUAL DE MAGALH\u00c3ES DE ALMEIDA<br \/>\n<\/strong>ART. 6 \u2013 CATEGORIA 1 \u2013 APOIO A PRODU\u00c7\u00d5ES AUDIOVISUAIS<\/p>\n<table width=\"420\">\n<tbody>\n<tr>\n<td style=\"text-align: center\" width=\"25\"><strong>N.\u00ba\u00a0<\/strong><\/td>\n<td style=\"text-align: center\" width=\"131\"><strong>NOME\u00a0<\/strong><\/td>\n<td style=\"text-align: center\" width=\"92\"><strong>PROJETO\u00a0<\/strong><\/td>\n<td style=\"text-align: center\" width=\"75\"><strong>PONTUA\u00c7\u00c3O\u00a0<\/strong><\/td>\n<td style=\"text-align: center\" width=\"97\"><strong>CLASSIFICA\u00c7\u00c3O<\/strong><\/td>\n<\/tr>\n<tr>\n<td style=\"text-align: center\" width=\"25\">1<\/td>\n<td width=\"131\">Elimar da Silva Oliveira<\/td>\n<td style=\"text-align: center\" width=\"92\">Elimar Dinnyz<\/td>\n<td style=\"text-align: center\" width=\"75\">80<\/td>\n<td style=\"text-align: center\" width=\"97\">Habilitado<\/td>\n<\/tr>\n<tr>\n<td style=\"text-align: center\" width=\"25\">2<\/td>\n<td width=\"131\">Fernando Amorim da Silva<\/td>\n<td style=\"text-align: center\" width=\"92\">Cowboy Rockfeller<\/td>\n<td style=\"text-align: center\" width=\"75\">80<\/td>\n<td style=\"text-align: center\" width=\"97\">Habilitado<\/td>\n<\/tr>\n<tr>\n<td style=\"text-align: center\" width=\"25\">3<\/td>\n<td width=\"131\">Manoel Batista dos Santos<\/td>\n<td style=\"text-align: center\" width=\"92\">Banda M<\/td>\n<td style=\"text-align: center\" width=\"75\">80<\/td>\n<td style=\"text-align: center\" width=\"97\">Habilitado<\/td>\n<\/tr>\n<tr>\n<td style=\"text-align: center\" width=\"25\">4<\/td>\n<td width=\"131\">Maria Daniela Santos Silva<\/td>\n<td style=\"text-align: center\" width=\"92\">Daniela Santos a Gerente<\/td>\n<td style=\"text-align: center\" width=\"75\">80<\/td>\n<td style=\"text-align: center\" width=\"97\">Habilitado<\/td>\n<\/tr>\n<tr>\n<td style=\"text-align: center\" width=\"25\">5<\/td>\n<td width=\"131\">Wuoruick Gon\u00e7alves Boralho<\/td>\n<td style=\"text-align: center\" width=\"92\">WG Cantor<\/td>\n<td style=\"text-align: center\" width=\"75\">80<\/td>\n<td style=\"text-align: center\" width=\"97\">Habilitado<\/td>\n<\/tr>\n<tr>\n<td style=\"text-align: center\" width=\"25\">6<\/td>\n<td width=\"131\">Acassio Vitalino da Silva<\/td>\n<td style=\"text-align: center\" width=\"92\">Acassio Batera<\/td>\n<td style=\"text-align: center\" width=\"75\">70<\/td>\n<td style=\"text-align: center\" width=\"97\">Habilitado<\/td>\n<\/tr>\n<tr>\n<td style=\"text-align: center\" width=\"25\">7<\/td>\n<td width=\"131\">Wagner Silva Monteiro Filho<\/td>\n<td style=\"text-align: center\" width=\"92\">Banda Amaweis<\/td>\n<td style=\"text-align: center\" width=\"75\">70<\/td>\n<td style=\"text-align: center\" width=\"97\">habilitado<\/td>\n<\/tr>\n<tr>\n<td style=\"text-align: center\" width=\"25\">8<\/td>\n<td width=\"131\">Willian Costa Monteiro<\/td>\n<td style=\"text-align: center\" width=\"92\">WipeOut<\/td>\n<td style=\"text-align: center\" width=\"75\">70<\/td>\n<td style=\"text-align: center\" width=\"97\">Habilitado<\/td>\n<\/tr>\n<tr>\n<td style=\"text-align: center\" width=\"25\">9<\/td>\n<td width=\"131\">Daniel da Concei\u00e7\u00e3o Carvalho<\/td>\n<td style=\"text-align: center\" width=\"92\">Daniel Pizada<\/td>\n<td style=\"text-align: center\" width=\"75\">60<\/td>\n<td style=\"text-align: center\" width=\"97\">Habilitado<\/td>\n<\/tr>\n<tr>\n<td style=\"text-align: center\" width=\"25\">10<\/td>\n<td width=\"131\">Luiz Vagner Souza Silva<\/td>\n<td style=\"text-align: center\" width=\"92\">Paizim e Banda<\/td>\n<td style=\"text-align: center\" width=\"75\">60<\/td>\n<td style=\"text-align: center\" width=\"97\">Habilitado<\/td>\n<\/tr>\n<tr>\n<td style=\"text-align: center\" width=\"25\">11<\/td>\n<td width=\"131\">Raimundo dos Santos Ara\u00fajo<\/td>\n<td style=\"text-align: center\" width=\"92\">Nerisval do Brega<\/td>\n<td style=\"text-align: center\" width=\"75\">60<\/td>\n<td style=\"text-align: center\" width=\"97\">Habilitado<\/td>\n<\/tr>\n<tr>\n<td style=\"text-align: center\" width=\"25\">12<\/td>\n<td width=\"131\">Renato dos Santos Silva<\/td>\n<td style=\"text-align: center\" width=\"92\">Seresta de Luxo<\/td>\n<td style=\"text-align: center\" width=\"75\">60<\/td>\n<td style=\"text-align: center\" width=\"97\">Habilitado<\/td>\n<\/tr>\n<\/tbody>\n<\/table>\n<p>ART. 6 \u2013 CATEGORIA 2 \u2013 APOIO AS SALAS DE CINEMAS<br \/>\n<strong>&#8211; NENUMA PROPOSTA APRESENTADA<br \/>\n<\/strong>ART. 6 \u2013 CATEGORIA 3 \u2013 APOIO A REALIZA\u00c7\u00c3O DE FESTIVAIS E MOSTRAS DE PRODU\u00c7\u00d5ES NO AUDIOVISUAL, PREFERENCIALMENTE POR MEIO DIGITAL.<\/p>\n<table width=\"420\">\n<tbody>\n<tr>\n<td width=\"25\"><strong>N.\u00ba<\/strong><\/td>\n<td width=\"131\"><strong>NOME<\/strong><\/td>\n<td width=\"92\"><strong>PROJETO<\/strong><\/td>\n<td width=\"75\"><strong>PONTUA\u00c7\u00c3O<\/strong><\/td>\n<td width=\"97\"><strong>CLASSIFICA\u00c7\u00c3O<\/strong><\/td>\n<\/tr>\n<tr>\n<td style=\"text-align: center\" width=\"25\">1<\/td>\n<td width=\"131\">Eduardo Fernandes Garc\u00eas Sousa<\/td>\n<td style=\"text-align: center\" width=\"92\">Blog Eduardo Garc\u00eas<\/td>\n<td style=\"text-align: center\" width=\"75\">&#8211;<\/td>\n<td style=\"text-align: center\" width=\"97\">Inabilitado<\/td>\n<\/tr>\n<\/tbody>\n<\/table>\n<p>Todos os habilitados dever\u00e3o assinar o Termo de Execu\u00e7\u00e3o para que possam receber o recurso para difus\u00e3o cultural.<br \/>\nMagalh\u00e3es de Almeida, 19 de janeiro de 2024. Sr. FRANCISCO DAS CHAGAS BORGES DA SILVA FILHO, Secret\u00e1rio Municipal de Cultura e Turismo.<\/p>\n","protected":false},"author":4,"template":"","class_list":["post-20584","publicacoesdom","type-publicacoesdom","status-publish","hentry"],"acf":{"tipo_de_publicacao_diario":"64","e_retificacao":"1","origem_do_diario":"Poder Executivo","codigo_verificador":"bf4cf695cde6ca8d785410ee64d919de25a76f38"},"_links":{"self":[{"href":"https:\/\/magalhaesdealmeida.ma.gov.br\/transparencia\/wp-json\/wp\/v2\/publicacoesdom\/20584","targetHints":{"allow":["GET"]}}],"collection":[{"href":"https:\/\/magalhaesdealmeida.ma.gov.br\/transparencia\/wp-json\/wp\/v2\/publicacoesdom"}],"about":[{"href":"https:\/\/magalhaesdealmeida.ma.gov.br\/transparencia\/wp-json\/wp\/v2\/types\/publicacoesdom"}],"author":[{"embeddable":true,"href":"https:\/\/magalhaesdealmeida.ma.gov.br\/transparencia\/wp-json\/wp\/v2\/users\/4"}],"wp:attachment":[{"href":"https:\/\/magalhaesdealmeida.ma.gov.br\/transparencia\/wp-json\/wp\/v2\/media?parent=20584"}],"curies":[{"name":"wp","href":"https:\/\/api.w.org\/{rel}","templated":true}]}}