{"id":21010,"date":"2024-03-19T14:36:50","date_gmt":"2024-03-19T17:36:50","guid":{"rendered":"https:\/\/magalhaesdealmeida.ma.gov.br\/transparencia\/?post_type=publicacoesdom&#038;p=21010"},"modified":"2024-03-19T15:52:39","modified_gmt":"2024-03-19T18:52:39","slug":"decreto-n-06-2024-gab","status":"publish","type":"publicacoesdom","link":"https:\/\/magalhaesdealmeida.ma.gov.br\/transparencia\/publicacoesdom\/decreto-n-06-2024-gab\/","title":{"rendered":"DECRETO N.\u00ba 06\/2024 &#8211; GAB"},"content":{"rendered":"<p><strong><em>DISPOE SOBRE A NOMEA\u00c7\u00c3O DOS MEMBROS DO CONSELHO MUNICIPAL DE SEGURAN\u00c7A ALIMENTAR E NUTRICIONAL (COMSEA).<br \/>\n<\/em>O PREFEITO MUNICIPAL DE MAGALH\u00c3ES DE ALMEIDA<\/strong> \u2013 <strong>MARANH\u00c3O <\/strong>no uso das atribui\u00e7\u00f5es que lhe confere a Lei N.\u00ba 458\/15, <strong>DECRETA<\/strong>:<br \/>\n<strong>Art. 1\u00b0 <\/strong>Ficam nomeados para membros do Conselho Municipal de Seguran\u00e7a Alimentar e Nutricional, as pessoas abaixo relacionadas, com as respectivas categorias representativas:<br \/>\n<strong>PODER P\u00daBLICO:<\/strong><br \/>\n<strong>Secretaria Municipal de Agricultura:<br \/>\nTitular:<\/strong> Jos\u00e9 Maria de Sousa Junior<br \/>\n<strong>Suplente:<\/strong> Jo\u00e3o Pedro Braga de Carvalho<br \/>\n<strong>Secretaria Municipal de Educa\u00e7\u00e3o:<\/strong><br \/>\n<strong>Titular:<\/strong> Ren\u00ea Marques de Sousa (Secret\u00e1rio Executivo)<br \/>\n<strong>Suplente:<\/strong> Claude Sergio da Silva<br \/>\n<strong>Secretaria Municipal de Assist\u00eancia Social:<\/strong><br \/>\n<strong>Titular:<\/strong> Douglas Portugal Lima<br \/>\n<strong>Suplente:<\/strong> Laerty Brucce Alves de Carvalho<br \/>\n<strong>SOCIEDADE CIVIL:<\/strong><br \/>\n<strong>Igreja Cat\u00f3lica:<\/strong><br \/>\n<strong>Titular:<\/strong> Willian Lima da Silva<br \/>\n<strong>Suplente:<\/strong> Kainara Gon\u00e7alves Borralho<br \/>\n<strong>Igreja Evang\u00e9lica:<\/strong><br \/>\n<strong>Titular:<\/strong> D\u00e9cio Marta de Souza<br \/>\n<strong>Suplente:<\/strong> Luis Assis Ramalho Melo<br \/>\n<strong>Sindicato dos Trabalhadores Rural:<br \/>\nTitular:<\/strong> Victor Manoel Alves Cunha (Presidente)<br \/>\n<strong>Suplente:<\/strong> Jard\u00e2nia Gon\u00e7alves Braga Campos<br \/>\n<strong>Associa\u00e7\u00e3o com fins Agropecu\u00e1rio:<br \/>\nTitular:<\/strong> Manoel Alfredo da Silva<br \/>\n<strong>Suplente:<\/strong> Ant\u00f4nio Iranildo Santos Costa<br \/>\n<strong>Col\u00f4nia dos Pescadores:<br \/>\nTitular:<\/strong> Maria Teodoria Sousa de Ara\u00fajo<br \/>\n<strong>Suplente:<\/strong> Cleocid\u00f4nio da Silva Lopes<br \/>\n<strong>Associa\u00e7\u00e3o de Pais e Amigos Excepcionais:<br \/>\nTitular:<\/strong> Riquelme dos Santos Sousa (Secret\u00e1rio Geral)<br \/>\n<strong>Suplente:<\/strong> Valdilene Soares da Silva<br \/>\n<strong>Art. 2\u00b0 <\/strong>Os membros do COMSEA ter\u00e3o mandatos de 02 (dois) anos, permitindo uma \u00fanica recondu\u00e7\u00e3o para igual per\u00edodo.<br \/>\n<strong>Art. 3\u00b0 <\/strong>O exerc\u00edcio da fun\u00e7\u00e3o de Conselheiro \u00e9 considerado servi\u00e7o p\u00fablico relevante, e n\u00e3o remunerado.<br \/>\n<strong>Art. 4\u00b0 <\/strong>Este Decreto entra em vigor na data de sua publica\u00e7\u00e3o, revogadas as disposi\u00e7\u00f5es em contr\u00e1rio.<br \/>\nRegistre-se. Publique-se. Cumpra-se. Pal\u00e1cio Benedito Lima e Silva, Magalh\u00e3es de Almeida\/MA, 19 de mar\u00e7o de 2024. RAIMUNDO NONATO CARVALHO, Prefeito Municipal.<\/p>\n","protected":false},"author":4,"template":"","class_list":["post-21010","publicacoesdom","type-publicacoesdom","status-publish","hentry"],"acf":{"tipo_de_publicacao_diario":"23","e_retificacao":"1","origem_do_diario":"Poder Executivo","codigo_verificador":"764bbe2c0a54f50124c10c579da090371f1fccaf"},"_links":{"self":[{"href":"https:\/\/magalhaesdealmeida.ma.gov.br\/transparencia\/wp-json\/wp\/v2\/publicacoesdom\/21010","targetHints":{"allow":["GET"]}}],"collection":[{"href":"https:\/\/magalhaesdealmeida.ma.gov.br\/transparencia\/wp-json\/wp\/v2\/publicacoesdom"}],"about":[{"href":"https:\/\/magalhaesdealmeida.ma.gov.br\/transparencia\/wp-json\/wp\/v2\/types\/publicacoesdom"}],"author":[{"embeddable":true,"href":"https:\/\/magalhaesdealmeida.ma.gov.br\/transparencia\/wp-json\/wp\/v2\/users\/4"}],"wp:attachment":[{"href":"https:\/\/magalhaesdealmeida.ma.gov.br\/transparencia\/wp-json\/wp\/v2\/media?parent=21010"}],"curies":[{"name":"wp","href":"https:\/\/api.w.org\/{rel}","templated":true}]}}