{"id":21047,"date":"2024-03-21T15:47:24","date_gmt":"2024-03-21T18:47:24","guid":{"rendered":"https:\/\/magalhaesdealmeida.ma.gov.br\/transparencia\/?post_type=publicacoesdom&#038;p=21047"},"modified":"2024-03-21T18:47:35","modified_gmt":"2024-03-21T21:47:35","slug":"lei-n-o-603-de-15-de-marco-de-2024","status":"publish","type":"publicacoesdom","link":"https:\/\/magalhaesdealmeida.ma.gov.br\/transparencia\/publicacoesdom\/lei-n-o-603-de-15-de-marco-de-2024\/","title":{"rendered":"LEI N.\u00ba 603 de 15 de mar\u00e7o de 2024"},"content":{"rendered":"<p><strong>DECLARA PATRIM\u00d4NIO CULTURAL IMATERIAL DO MUNIC\u00cdPIO DE MAGALH\u00c3ES DE ALMEIDA AS &#8220;FESTAS TRADICIONAIS RELIGIOSAS&#8221; E D\u00c1 OUTRAS PROVID\u00caNCIAS.<br \/>\n<\/strong><strong>O PREFEITO MUNICIPAL DE MAGALH\u00c3ES DE ALMEIDA, ESTADO DO MARANH\u00c3O<\/strong>, no uso de suas atribui\u00e7\u00f5es que lhe s\u00e3o conferidas por Lei, <strong>FA\u00c7O SABER<\/strong> que a C\u00e2mara Municipal de Vereadores aprovou e eu <strong>SANCIONO<\/strong> a seguinte Lei:<br \/>\n<strong>Art. 1\u00ba<\/strong> &#8211; Ficam declarados, como patrim\u00f4nio cultural de natureza imaterial do Munic\u00edpio de Magalh\u00e3es de Almeida, os seguintes eventos:<br \/>\n<strong>I \u2013<\/strong> Festejo de S\u00e3o Sebasti\u00e3o; <em>(Comemorado no m\u00eas de janeiro)<br \/>\n<\/em><strong>II &#8211;<\/strong> Festa da M\u00e3e do Salvador; <em>(Comemorado no m\u00eas de maio)<br \/>\n<\/em><strong>III \u2013<\/strong> Festejo de Santo Ant\u00f4nio; <em>(Comemorado no m\u00eas de junho)<br \/>\n<\/em><strong>IV \u2013<\/strong> Aniversario da Funda\u00e7\u00e3o da Assembleia de Deus em Magalh\u00e3es de Almeida; <em>(Comemorado no m\u00eas de fevereiro)<br \/>\n<\/em><strong>V \u2013<\/strong> Congresso do Circulo de Ora\u00e7\u00e3o MARANATA <em>(Comemorado no m\u00eas de setembro)<br \/>\n<\/em><strong>VI \u2013<\/strong> Congresso de Jovens da UMADEMA \u2013 Uni\u00e3o da Mocidade da Assembleia de Deus em Magalh\u00e3es de Almeida. <em>(Comemorado no m\u00eas de novembro)<br \/>\n<\/em><strong>Art. 2\u00ba<\/strong> &#8211; Os referidos eventos ocorrem todos os anos em diferentes meses, nos dias que antecedem ou sucedem a sua data de comemora\u00e7\u00e3o estabelecido no calend\u00e1rio oficial do munic\u00edpio de Magalh\u00e3es de Almeida.<br \/>\n<strong>Art. 3\u00ba<\/strong> &#8211; Entendem-se por Patrim\u00f4nio Cultural Imaterial as pr\u00e1ticas, representa\u00e7\u00f5es, express\u00f5es, conhecimentos e t\u00e9cnicas \u2014 junto com os instrumentos, objetos, artefatos e lugares culturais que lhes s\u00e3o associados que as comunidades, os grupos e, em alguns casos, os indiv\u00edduos reconhecem como parte integrante de seu patrim\u00f4nio cultural. Este patrim\u00f4nio cultural imaterial, que se transmite de gera\u00e7\u00e3o em gera\u00e7\u00e3o, \u00e9 constantemente recriado pelas comunidades e grupos em fun\u00e7\u00e3o de seu ambiente, de sua intera\u00e7\u00e3o com a natureza e de sua hist\u00f3ria, gerando um sentimento de identidade e continuidade e contribuindo assim para promover o respeito \u00e0 diversidade cultural e \u00e0 criatividade humana, em conformidade com o Art. 2\u00ba da Conven\u00e7\u00e3o para a Salvaguarda do Patrim\u00f4nio Cultural Imaterial (UNESCO, 2003).<br \/>\n<strong>Art. 4\u00ba<\/strong> &#8211; O Sistema Municipal de Cultura garante a participa\u00e7\u00e3o da sociedade na propositura e desenvolvimento das pol\u00edticas p\u00fablicas para a cultura, enquanto o Fundo Municipal da Cultura garante o seu financiamento.<br \/>\n<strong>Art. 5\u00ba<\/strong> &#8211; A Secretaria Municipal de Cultura e Tutismo providenciar\u00e1 o que for necess\u00e1rio para viabilizar a execu\u00e7\u00e3o da presente Lei.<br \/>\n<strong>Art. 6\u00ba<\/strong> &#8211; Esta Lei entra em vigor na data de sua publica\u00e7\u00e3o.<br \/>\nPal\u00e1cio Benedito Lima e Silva, Gabinete do Prefeito Municipal de Magalh\u00e3es de Almeida \u2013 MA, em 15 de mar\u00e7o de 2024. RAIMUNDO NONATO CARVALHO, Prefeito Municipal.<\/p>\n","protected":false},"author":4,"template":"","class_list":["post-21047","publicacoesdom","type-publicacoesdom","status-publish","hentry"],"acf":{"tipo_de_publicacao_diario":"34","e_retificacao":"1","origem_do_diario":"Poder Executivo","codigo_verificador":"e4aecbb5903fec2c2f3b66dd987a984142fd7e82"},"_links":{"self":[{"href":"https:\/\/magalhaesdealmeida.ma.gov.br\/transparencia\/wp-json\/wp\/v2\/publicacoesdom\/21047","targetHints":{"allow":["GET"]}}],"collection":[{"href":"https:\/\/magalhaesdealmeida.ma.gov.br\/transparencia\/wp-json\/wp\/v2\/publicacoesdom"}],"about":[{"href":"https:\/\/magalhaesdealmeida.ma.gov.br\/transparencia\/wp-json\/wp\/v2\/types\/publicacoesdom"}],"author":[{"embeddable":true,"href":"https:\/\/magalhaesdealmeida.ma.gov.br\/transparencia\/wp-json\/wp\/v2\/users\/4"}],"wp:attachment":[{"href":"https:\/\/magalhaesdealmeida.ma.gov.br\/transparencia\/wp-json\/wp\/v2\/media?parent=21047"}],"curies":[{"name":"wp","href":"https:\/\/api.w.org\/{rel}","templated":true}]}}