{"id":21441,"date":"2024-04-17T14:30:32","date_gmt":"2024-04-17T17:30:32","guid":{"rendered":"https:\/\/magalhaesdealmeida.ma.gov.br\/transparencia\/?post_type=publicacoesdom&#038;p=21441"},"modified":"2024-04-17T17:57:04","modified_gmt":"2024-04-17T20:57:04","slug":"ata-de-registro-de-precos-n-o-010-2024-pregao-eletronico-srp-n-o-008-2024-processo-administrativo-n-o-202402010-2024-cpl","status":"publish","type":"publicacoesdom","link":"https:\/\/magalhaesdealmeida.ma.gov.br\/transparencia\/publicacoesdom\/ata-de-registro-de-precos-n-o-010-2024-pregao-eletronico-srp-n-o-008-2024-processo-administrativo-n-o-202402010-2024-cpl\/","title":{"rendered":"ATA DE REGISTRO DE PRE\u00c7OS N.\u00ba 010\/2024 &#8211; PREG\u00c3O ELETR\u00d4NICO SRP N.\u00ba 008\/2024 &#8211; PROCESSO ADMINISTRATIVO N.\u00ba 202402010\/2024 &#8211; CPL"},"content":{"rendered":"<p>Pelo presente instrumento, o Munic\u00edpio de Magalh\u00e3es de Almeida, Estado do Maranh\u00e3o, com sede administrativa, na Prefeitura Municipal, localizada na Rua Manoel Pires de Castro, 279 \u2013 Centro, Magalh\u00e3es de Almeida\/MA, inscrita no CNPJ sob o n.\u00ba 06.988.976\/0001-09, representada neste ato pelo Secret\u00e1rio Municipal de Finan\u00e7as\/Gestor Financeiro o Sr. <strong>Francisco de Assis Arag\u00e3o<\/strong>, CPF N.\u00ba 376.***.**8-00 e RG N.\u00ba 6.***.**3 SSP\/SP, residente em Magalh\u00e3es de Almeida\/MA, <strong>RESOLVE<\/strong>, registrar os pre\u00e7os da empresa: <strong>DIPALIMP &#8211;\u00a0 DISTRIBUIDORA DE PRODUTOS ALIMENT\u00cdCIOS E LIMPEZA LTDA<\/strong>, inscrita no CNPJ n.\u00ba 17.897.450\/0001-21, Sediada na Rua Deputado Jos\u00e9 Gil Barbosa, n.\u00ba 4048, Sala A, Comprida, CEP: 64.076-200, na cidade de Teresina\/PI, neste ato representada pelo Senhor: <strong>Jos\u00e9 Arimat\u00e9ia Carvalho J\u00fanior<\/strong>, portador da Carteira de Identidade n.\u00ba 1*****2 SSP\/PI e do CPF n.\u00ba 900.***.**3-87, com endere\u00e7o para correspond\u00eancia eletr\u00f4nica atrav\u00e9s do e-mail dipalimpdistribuidora@gmail.com, nas quantidades estimadas na se\u00e7\u00e3o dois desta Ata de Registro de Pre\u00e7os, de acordo com a classifica\u00e7\u00e3o por elas alcan\u00e7ada por item, atendendo as condi\u00e7\u00f5es previstas no instrumento convocat\u00f3rio e as constantes desta Ata de Registro de Pre\u00e7os, sujeitando-se as partes \u00e0s normas constantes atendendo as condi\u00e7\u00f5es previstas no Edital de licita\u00e7\u00e3o ou Aviso da Contrata\u00e7\u00e3o Direta, sujeitando-se as partes \u00e0s normas constantes na Lei n.\u00ba 14.133, de 1\u00ba de abril de 2021, e em conformidade com as disposi\u00e7\u00f5es a seguir:<br \/>\n<strong>1 &#8211; DO OBETO: <\/strong><strong>1.1<\/strong> &#8211; A presente Ata tem por objeto o Registro de Pre\u00e7o para Fornecimento de Material de Limpeza para Secretaria de Educa\u00e7\u00e3o da Prefeitura Municipal de Magalh\u00e3es de Almeida\/MA, em atendimento a Secretaria Municipal de Educa\u00e7\u00e3o, Ci\u00eancias, Tecnologia e Inova\u00e7\u00e3o \u2013 SEMECTI, especificado(s) no(s) item(s) do Termo de Refer\u00eancia, anexo do edital de Licita\u00e7\u00e3o SRP N.\u00ba 008\/2024, que \u00e9 parte integrante desta Ata, assim como as propostas cujos pre\u00e7os tenham sido registrados, independentemente de transcri\u00e7\u00e3o.<br \/>\n<strong>2 &#8211; DOS PRE\u00c7OS, ESPECIFICA\u00c7\u00d5ES E QUANTITATIVOS: <\/strong><strong>2.1 &#8211; <\/strong>O pre\u00e7o registrado, as especifica\u00e7\u00f5es do objeto, as quantidades m\u00ednimas e m\u00e1ximas de cada item, fornecedor(es) e as demais condi\u00e7\u00f5es ofertadas na(s) proposta(s) s\u00e3o as que seguem abaixo:<\/p>\n<table width=\"405\">\n<tbody>\n<tr>\n<td style=\"text-align: center\" width=\"49\"><strong>ITEM<\/strong><\/td>\n<td style=\"text-align: center\" width=\"150\"><strong>DESCRI\u00c7\u00c3O<\/strong><\/td>\n<td style=\"text-align: center\" width=\"77\"><strong>MARCA<\/strong><\/td>\n<td style=\"text-align: center\" width=\"29\"><strong>UND<\/strong><\/td>\n<td style=\"text-align: center\" width=\"46\"><strong>QUANT.<\/strong><\/td>\n<td style=\"text-align: center\" width=\"54\"><strong>VALOR UNIT.<\/strong><\/td>\n<\/tr>\n<tr>\n<td>Item 004<\/td>\n<td width=\"150\">ALCOOL EM GEL 70\u00ba\u00a0 5 LT &#8211; CX C\/2 UND<\/td>\n<td>SOL<\/td>\n<td>UND<\/td>\n<td>500<\/td>\n<td>R$ 104,07<\/td>\n<\/tr>\n<tr>\n<td>Item 007<\/td>\n<td width=\"150\">ALCOOL LIQUIDO 46\u00ba 1 LT &#8211; CX C\/12UND<\/td>\n<td>SOL<\/td>\n<td>UND<\/td>\n<td>1500<\/td>\n<td>R$ 6,03<\/td>\n<\/tr>\n<tr>\n<td>Item 008<\/td>\n<td width=\"150\">ALCOOL LIQUIDO 70\u00ba\u00a0 5 LT &#8211; CX C\/2UND<\/td>\n<td>SOL<\/td>\n<td>UND<\/td>\n<td>500<\/td>\n<td>R$ 69,85<\/td>\n<\/tr>\n<tr>\n<td>Item 009<\/td>\n<td width=\"150\">ALCOOL LIQUIDO 70\u00ba 1 LT &#8211; CX C\/12UND<\/td>\n<td>SOL<\/td>\n<td>UND<\/td>\n<td>6000<\/td>\n<td>R$ 11,20<\/td>\n<\/tr>\n<tr>\n<td>Item 010<\/td>\n<td width=\"150\">AMACIANTE CONCENTRADO 500ML<\/td>\n<td>LINHARES<\/td>\n<td>UND<\/td>\n<td>600<\/td>\n<td>R$ 15,70<\/td>\n<\/tr>\n<tr>\n<td>Item 011<\/td>\n<td width=\"150\">AMACIANTE DILUIDO\u00a0 05 LITROS<\/td>\n<td>LINHARES<\/td>\n<td>UND<\/td>\n<td>600<\/td>\n<td>R$ 42,26<\/td>\n<\/tr>\n<tr>\n<td>Item 018<\/td>\n<td width=\"150\">BACIA PLASTICA 50LT<\/td>\n<td>MERCOPLAN<\/td>\n<td>UND<\/td>\n<td>250<\/td>\n<td>R$ 60,43<\/td>\n<\/tr>\n<tr>\n<td>Item 019<\/td>\n<td width=\"150\">BACIA PLASTICA 80LT<\/td>\n<td>MERCOPLAN<\/td>\n<td>UND<\/td>\n<td>250<\/td>\n<td>R$ 95,04<\/td>\n<\/tr>\n<tr>\n<td>Item 020<\/td>\n<td width=\"150\">BALDE COM TAMPA 21LT<\/td>\n<td>JSN<\/td>\n<td>UND<\/td>\n<td>250<\/td>\n<td>R$ 27,16<\/td>\n<\/tr>\n<tr>\n<td>Item 021<\/td>\n<td width=\"150\">BALDE DE PLASTICO 14,8LT<\/td>\n<td>MERCOPLAN<\/td>\n<td>UND<\/td>\n<td>500<\/td>\n<td>R$ 35,80<\/td>\n<\/tr>\n<tr>\n<td>Item 022<\/td>\n<td width=\"150\">BALDE DE PLASTICO 20,5LT<\/td>\n<td>MERCOPLAN<\/td>\n<td>UND<\/td>\n<td>500<\/td>\n<td>R$ 32,40<\/td>\n<\/tr>\n<tr>\n<td>Item 023<\/td>\n<td width=\"150\">BALDE DE PLASTICO 4,9LT<\/td>\n<td>MERCOPLAN<\/td>\n<td>UND<\/td>\n<td>500<\/td>\n<td>R$ 7,90<\/td>\n<\/tr>\n<tr>\n<td>Item 024<\/td>\n<td width=\"150\">BALDE DE PLASTICO 8,9LT<\/td>\n<td>MERCOPLAN<\/td>\n<td>UND<\/td>\n<td>500<\/td>\n<td>R$ 19,24<\/td>\n<\/tr>\n<tr>\n<td>Item 025<\/td>\n<td width=\"150\">BALDE RETRATIL 10LT<\/td>\n<td>MERCOPLAN<\/td>\n<td>UND<\/td>\n<td>100<\/td>\n<td>R$ 20,09<\/td>\n<\/tr>\n<tr>\n<td>Item 026<\/td>\n<td width=\"150\">CADEIRA PLASTICA COM BRACOS<\/td>\n<td>MERCOPLAN<\/td>\n<td>UND<\/td>\n<td>500<\/td>\n<td>R$ 121,12<\/td>\n<\/tr>\n<tr>\n<td>Item 038<\/td>\n<td width=\"150\">COADOR DE PANO PARA CAF\u00c9<\/td>\n<td>V. MARANH\u00c3O<\/td>\n<td>UND<\/td>\n<td>200<\/td>\n<td>R$ 3,68<\/td>\n<\/tr>\n<tr>\n<td>Item 039<\/td>\n<td width=\"150\">COLETOR P\/ COPOS DE \u00c1GUA<\/td>\n<td>PREMISSE<\/td>\n<td>UND<\/td>\n<td>100<\/td>\n<td>R$ 81,30<\/td>\n<\/tr>\n<tr>\n<td>Item 040<\/td>\n<td width=\"150\">COLETOR P\/ COPOS DE CAF\u00c9<\/td>\n<td>PREMISSE<\/td>\n<td>UND<\/td>\n<td>100<\/td>\n<td>R$ 65,55<\/td>\n<\/tr>\n<tr>\n<td>Item 041<\/td>\n<td width=\"150\">COLHER REFEI\u00c7\u00c3O BCA\/CRISTAL &#8211; PCT C\/50 UND<\/td>\n<td>PLAZAPEL<\/td>\n<td>PCT<\/td>\n<td>1000<\/td>\n<td>R$ 6,64<\/td>\n<\/tr>\n<tr>\n<td>Item 042<\/td>\n<td width=\"150\">COLHER SOBREMESA BCA CRISTAL &#8211; PCT C\/50 UND<\/td>\n<td>PLAZAPEL<\/td>\n<td>PCT<\/td>\n<td>1000<\/td>\n<td>R$ 5,05<\/td>\n<\/tr>\n<tr>\n<td>Item 043<\/td>\n<td width=\"150\">CONJUNTO PARA LIMPEZA AMARELO COM 06 PE\u00c7AS<\/td>\n<td>PERFECT<\/td>\n<td>UND<\/td>\n<td>20<\/td>\n<td>R$ 710,69<\/td>\n<\/tr>\n<tr>\n<td>Item 054<\/td>\n<td width=\"150\">CREME DENTAL 90 GRAMAS<\/td>\n<td>EVEN<\/td>\n<td>UND<\/td>\n<td>2500<\/td>\n<td>R$ 8,46<\/td>\n<\/tr>\n<tr>\n<td>Item 055<\/td>\n<td width=\"150\">DESENGORDURANTE MULTIUSO 500ML<\/td>\n<td>YP\u00ca<\/td>\n<td>UND<\/td>\n<td>600<\/td>\n<td>R$ 12,15<\/td>\n<\/tr>\n<tr>\n<td>Item 056<\/td>\n<td width=\"150\">DESENTUPIDOR DE PIA<\/td>\n<td>V. MARANH\u00c3O<\/td>\n<td>UND<\/td>\n<td>100<\/td>\n<td>R$ 15,90<\/td>\n<\/tr>\n<tr>\n<td>Item 057<\/td>\n<td width=\"150\">DESENTUPIDOR DE VASO SANITARIO<\/td>\n<td>V. MARANH\u00c3O<\/td>\n<td>UND<\/td>\n<td>100<\/td>\n<td>R$ 14,70<\/td>\n<\/tr>\n<tr>\n<td>Item 059<\/td>\n<td width=\"150\">DESINFETANTE PINHO 500 ML &#8211; CAIXA COM 12 UNIDADES<\/td>\n<td>DULAGO<\/td>\n<td>UND<\/td>\n<td>3000<\/td>\n<td>R$ 12,10<\/td>\n<\/tr>\n<tr>\n<td>Item 060<\/td>\n<td width=\"150\">DESINFETANTE\/DESINCRUSTANTE SANITARIO 500ML<\/td>\n<td>RICEK<\/td>\n<td>UND<\/td>\n<td>600<\/td>\n<td>R$ 23,65<\/td>\n<\/tr>\n<tr>\n<td>Item 063<\/td>\n<td width=\"150\">DISPENSER PARA ALCOOL GEL OU SABONETE LIQUIDO<\/td>\n<td>PREMISSE<\/td>\n<td>UND<\/td>\n<td>50<\/td>\n<td>R$ 75,76<\/td>\n<\/tr>\n<tr>\n<td>Item 064<\/td>\n<td width=\"150\">ESCOVA DE DENTE ADULTO<\/td>\n<td>B.BIO<\/td>\n<td>UND<\/td>\n<td>3000<\/td>\n<td>R$ 3,86<\/td>\n<\/tr>\n<tr>\n<td>Item 065<\/td>\n<td width=\"150\">ESCOVA DE DENTE INFANTIL<\/td>\n<td>B.BIO<\/td>\n<td>UND<\/td>\n<td>3000<\/td>\n<td>R$ 3,20<\/td>\n<\/tr>\n<tr>\n<td>Item 066<\/td>\n<td width=\"150\">ESCOVA DE UNHA PEQUENA<\/td>\n<td>B.BIO<\/td>\n<td>UND<\/td>\n<td>3000<\/td>\n<td>R$ 5,18<\/td>\n<\/tr>\n<tr>\n<td>Item 067<\/td>\n<td width=\"150\">ESCOVA OVAL DE LAVAR ROUPA MULTIUSO MADEIRA.<\/td>\n<td>V. MARANH\u00c3O<\/td>\n<td>UND<\/td>\n<td>500<\/td>\n<td>R$ 6,64<\/td>\n<\/tr>\n<tr>\n<td>Item 068<\/td>\n<td width=\"150\">ESCOVA SANITARIA COM SUPORTE<\/td>\n<td>V. MARANH\u00c3O<\/td>\n<td>UND<\/td>\n<td>500<\/td>\n<td>R$ 14,81<\/td>\n<\/tr>\n<tr>\n<td>Item 069<\/td>\n<td width=\"150\">ESCOVA SANITARIA SEM SUPORTE<\/td>\n<td>V. MARANH\u00c3O<\/td>\n<td>UND<\/td>\n<td>500<\/td>\n<td>R$ 9,96<\/td>\n<\/tr>\n<\/tbody>\n<\/table>\n<p>A empresa <strong>DIPALIMP- DISTRIBUIDORA DE PRODUTOS ALIMENT\u00cdCIOS E LIMPEZA LTDA, <\/strong>tamb\u00e9m solicitou a ades\u00e3o dos seguintes itens (tabela abaixo), visando participa\u00e7\u00e3o no cadastro de reserva:<\/p>\n<table width=\"457\">\n<tbody>\n<tr>\n<td style=\"text-align: center\" width=\"49\"><strong>ITEM<\/strong><\/td>\n<td style=\"text-align: center\" width=\"150\"><strong>\u00a0DESCRI\u00c7\u00c3O<\/strong><\/td>\n<td style=\"text-align: center\" width=\"121\"><strong>MARCA<\/strong><\/td>\n<td style=\"text-align: center\" width=\"29\"><strong>UND<\/strong><\/td>\n<td style=\"text-align: center\" width=\"46\"><strong>QTDE<\/strong><\/td>\n<td style=\"text-align: center\" width=\"62\"><strong>VLR UNIT<\/strong><\/td>\n<\/tr>\n<tr>\n<td>Item 001<\/td>\n<td width=\"150\">ACIDO MURIATICO 1LT &#8211; CAIXA COM 12 UNIDADES<\/td>\n<td>QUIMEB<\/td>\n<td>UND<\/td>\n<td>1000<\/td>\n<td>R$ 12,03<\/td>\n<\/tr>\n<tr>\n<td>Item 002<\/td>\n<td width=\"150\">\u00c1GUA SANIT\u00c1RIA DE 1000ML &#8211; CX C\/12UND<\/td>\n<td>ECONOMICO<\/td>\n<td>CX<\/td>\n<td>2000<\/td>\n<td>R$ 44,16<\/td>\n<\/tr>\n<tr>\n<td>Item 003<\/td>\n<td width=\"150\">ALCOOL EM GEL 70\u00ba\u00a0 1 LT &#8211; CX C\/12 UND<\/td>\n<td>BELLOBELLA<\/td>\n<td>UND<\/td>\n<td>6000<\/td>\n<td>R$ 38,04<\/td>\n<\/tr>\n<tr>\n<td>Item 005<\/td>\n<td width=\"150\">ALCOOL EM GEL 70\u00ba\u00a0 500 ML &#8211; CX C\/12 UND<\/td>\n<td>BELLOBELLA<\/td>\n<td>UND<\/td>\n<td>3000<\/td>\n<td>R$ 19,88<\/td>\n<\/tr>\n<tr>\n<td>Item 006<\/td>\n<td width=\"150\">ALCOOL EM GEL 70\u00ba 60ML<\/td>\n<td>BELLOBELLA<\/td>\n<td>UND<\/td>\n<td>3000<\/td>\n<td>R$ 4,67<\/td>\n<\/tr>\n<tr>\n<td>Item 012<\/td>\n<td width=\"150\">AVENTAL DESCARTAVEL EM TNT &#8211; PCT C\/10 UND<\/td>\n<td>FLABOM<\/td>\n<td>PCT<\/td>\n<td>200<\/td>\n<td>R$ 119,97<\/td>\n<\/tr>\n<tr>\n<td>Item 013<\/td>\n<td width=\"150\">AVENTAL DE CORVIM C\/ VIES<\/td>\n<td>FLABOM<\/td>\n<td>UND<\/td>\n<td>1000<\/td>\n<td>R$ 24,76<\/td>\n<\/tr>\n<tr>\n<td>Item 014<\/td>\n<td width=\"150\">BALDE DIVISOR DE AGUAS 20LT<\/td>\n<td>MERCONPLAS<\/td>\n<td>UND<\/td>\n<td>20<\/td>\n<td>R$ 41,01<\/td>\n<\/tr>\n<tr>\n<td>Item 015<\/td>\n<td width=\"150\">BALDE DUPLO 15LT<\/td>\n<td>MERCONPLAS<\/td>\n<td>UND<\/td>\n<td>10<\/td>\n<td>R$ 245,76<\/td>\n<\/tr>\n<tr>\n<td>Item 016<\/td>\n<td width=\"150\">BACIA PLASTICA 07LT<\/td>\n<td>MERCONPLAS<\/td>\n<td>UND<\/td>\n<td>1000<\/td>\n<td>R$ 8,78<\/td>\n<\/tr>\n<tr>\n<td>Item 017<\/td>\n<td width=\"150\">BACIA PLASTICA 10LT<\/td>\n<td>MERCONPLAS<\/td>\n<td>UND<\/td>\n<td>1000<\/td>\n<td>R$ 15,66<\/td>\n<\/tr>\n<tr>\n<td>Item 027<\/td>\n<td width=\"150\">CADEIRA PLASTICA INFANTIL<\/td>\n<td>TRAMONTINA<\/td>\n<td>UND<\/td>\n<td>240<\/td>\n<td>R$ 54,36<\/td>\n<\/tr>\n<tr>\n<td>Item 028<\/td>\n<td width=\"150\">CADEIRA PLASTICA SEM BRA\u00c7O<\/td>\n<td>TRAMONTINA<\/td>\n<td>UND<\/td>\n<td>500<\/td>\n<td>R$ 69,29<\/td>\n<\/tr>\n<tr>\n<td>Item 029<\/td>\n<td width=\"150\">CAIXA PARA VERDURA 42LT<\/td>\n<td>CAIXAS PLASTICAS ETA<\/td>\n<td>UND<\/td>\n<td>100<\/td>\n<td>R$ 95,70<\/td>\n<\/tr>\n<tr>\n<td>Item 030<\/td>\n<td width=\"150\">CARRO FUNCIONAL BOLSA DE 90LT<\/td>\n<td>BRALIMPIA<\/td>\n<td>UND<\/td>\n<td>10<\/td>\n<td>R$ 1.655,81<\/td>\n<\/tr>\n<tr>\n<td>Item 031<\/td>\n<td width=\"150\">CERA L\u00cdQUIDA INCOLOR\u00a0 750ML &#8211; CX C\/ 12 UND<\/td>\n<td>FOR CLEAN<\/td>\n<td>UND<\/td>\n<td>1200<\/td>\n<td>R$ 15,10<\/td>\n<\/tr>\n<tr>\n<td>Item 032<\/td>\n<td width=\"150\">CESTO C\/ TAMPA 200LT<\/td>\n<td>MERCONPLAS<\/td>\n<td>UND<\/td>\n<td>200<\/td>\n<td>R$ 359,27<\/td>\n<\/tr>\n<tr>\n<td>Item 033<\/td>\n<td width=\"150\">CESTO C\/ TAMPA 30LT<\/td>\n<td>MERCONPLAS<\/td>\n<td>UND<\/td>\n<td>200<\/td>\n<td>R$ 71,14<\/td>\n<\/tr>\n<tr>\n<td>Item 034<\/td>\n<td width=\"150\">CESTO C\/ TAMPA 60LT<\/td>\n<td>MERCONPLAS<\/td>\n<td>UND<\/td>\n<td>200<\/td>\n<td>R$ 91,89<\/td>\n<\/tr>\n<tr>\n<td>Item 035<\/td>\n<td width=\"150\">CESTO C\/ TAMPA BASCULHANTE 60LT<\/td>\n<td>MERCONPLAS<\/td>\n<td>UND<\/td>\n<td>200<\/td>\n<td>R$ 137,49<\/td>\n<\/tr>\n<tr>\n<td>Item 036<\/td>\n<td width=\"150\">CESTO TELADO C\/ TAMPA 30LT<\/td>\n<td>MERCONPLAS<\/td>\n<td>UND<\/td>\n<td>500<\/td>\n<td>R$ 51,68<\/td>\n<\/tr>\n<tr>\n<td>Item 037<\/td>\n<td width=\"150\">CESTO TELADO C\/TAMPA 60LT<\/td>\n<td>MERCONPLAS<\/td>\n<td>UND<\/td>\n<td>500<\/td>\n<td>R$ 78,98<\/td>\n<\/tr>\n<tr>\n<td>Item 044<\/td>\n<td width=\"150\">COLETORA P\/ LIXO 1000LT<\/td>\n<td>SPPLAST<\/td>\n<td>UND<\/td>\n<td>4<\/td>\n<td>R$ 4.332,00<\/td>\n<\/tr>\n<tr>\n<td>Item 045<\/td>\n<td width=\"150\">CONTAINER LIXEIRA MODELO GARI 240 L<\/td>\n<td>LAR PLASTICOS<\/td>\n<td>UND<\/td>\n<td>20<\/td>\n<td>R$ 1.101,05<\/td>\n<\/tr>\n<tr>\n<td>Item 046<\/td>\n<td width=\"150\">CONTEINER 120L COM RODAS<\/td>\n<td>LAR PLASTICOS<\/td>\n<td>UND<\/td>\n<td>20<\/td>\n<td>R$ 666,79<\/td>\n<\/tr>\n<tr>\n<td>Item 047<\/td>\n<td width=\"150\">COPO DESCART\u00c1VEL PARA \u00c1GUA 300 ML &#8211; CX C\/ 2000 UNDADES<\/td>\n<td>REPLAST<\/td>\n<td>CX<\/td>\n<td>70<\/td>\n<td>R$ 300,24<\/td>\n<\/tr>\n<tr>\n<td>Item 048<\/td>\n<td width=\"150\">COPO DESCART\u00c1VEL PARA \u00c1GUA 500 ML &#8211; CX C\/ 1000 UNDADES<\/td>\n<td>REPLAST<\/td>\n<td>CX<\/td>\n<td>70<\/td>\n<td>R$ 374,13<\/td>\n<\/tr>\n<tr>\n<td>Item 049<\/td>\n<td width=\"150\">COPO DESCART\u00c1VEL PARA \u00c1GUA DE 150 ML &#8211; CX C\/ 2.500 UNDADES<\/td>\n<td>REPLAST<\/td>\n<td>CX<\/td>\n<td>70<\/td>\n<td>R$ 189,99<\/td>\n<\/tr>\n<tr>\n<td>Item 050<\/td>\n<td width=\"150\">COPO DESCART\u00c1VEL PARA \u00c1GUA DE 180 ML &#8211; CX C\/ 2.500 UNDADES<\/td>\n<td>REPLAST<\/td>\n<td>CX<\/td>\n<td>300<\/td>\n<td>R$ 200,89<\/td>\n<\/tr>\n<tr>\n<td>Item 051<\/td>\n<td width=\"150\">COPO DESCART\u00c1VEL PARA \u00c1GUA DE 200ML &#8211; CX C\/ 2.500 UNIDADES<\/td>\n<td>REPLAST<\/td>\n<td>CX<\/td>\n<td>80<\/td>\n<td>R$ 239,19<\/td>\n<\/tr>\n<tr>\n<td>Item 052<\/td>\n<td width=\"150\">COPO DESCART\u00c1VEL PARA \u00c1GUA DE 250ML &#8211; CX C\/ 2.500 UNIDADES<\/td>\n<td>REPLAST<\/td>\n<td>CX<\/td>\n<td>80<\/td>\n<td>R$ 283,77<\/td>\n<\/tr>\n<tr>\n<td>Item 053<\/td>\n<td width=\"150\">COPO DESCART\u00c1VEL PARA CAF\u00c9 DE 50ML -CX C\/ 5.000 UNIDADES<\/td>\n<td>REPLAST<\/td>\n<td>CX<\/td>\n<td>300<\/td>\n<td>R$ 199,75<\/td>\n<\/tr>\n<tr>\n<td>Item 058<\/td>\n<td width=\"150\">DESIFETANTE 01 LT-\u00a0 CX C\/12 UND<\/td>\n<td>ECONOMICO<\/td>\n<td>CX<\/td>\n<td>1500<\/td>\n<td>R$ 70,47<\/td>\n<\/tr>\n<tr>\n<td>Item 061<\/td>\n<td width=\"150\">DESODORIZADOR DE AR FRASCO COM 400ML.<\/td>\n<td>ULTRA FRESH<\/td>\n<td>UND<\/td>\n<td>1200<\/td>\n<td>R$ 25,08<\/td>\n<\/tr>\n<tr>\n<td>Item 062<\/td>\n<td width=\"150\">DETERGENTE LIQUIDO CAIXA COM 24 UNIDADES DE 500 ML CADA<\/td>\n<td>ECONOMICO<\/td>\n<td>CX<\/td>\n<td>1000<\/td>\n<td>R$ 80,13<\/td>\n<\/tr>\n<tr>\n<td>Item 070<\/td>\n<td width=\"150\">ESPONJA DE LIMPEZA MULTIUSO<\/td>\n<td>VIP PAPEIS<\/td>\n<td>UND<\/td>\n<td>15000<\/td>\n<td>R$ 1,73<\/td>\n<\/tr>\n<tr>\n<td>Item 071<\/td>\n<td width=\"150\">FACA REFEI\u00c7\u00c3O BCA\/CRISTAL &#8211; PCT C\/50 UND<\/td>\n<td>REPLAST<\/td>\n<td>PCT<\/td>\n<td>500<\/td>\n<td>R$ 8,52<\/td>\n<\/tr>\n<tr>\n<td>Item 072<\/td>\n<td width=\"150\">FILME PVC 28CMX15 MT &#8211; PCT C\/ 01 BOBINA<\/td>\n<td>NOVELLE<\/td>\n<td>PCT<\/td>\n<td>500<\/td>\n<td>R$ 8,52<\/td>\n<\/tr>\n<tr>\n<td>Item 073<\/td>\n<td width=\"150\">FILME PVC 28CMX30 MT &#8211;\u00a0 PCT C\/01 BOBINA<\/td>\n<td>NOVELLE<\/td>\n<td>PCT<\/td>\n<td>500<\/td>\n<td>R$ 12,66<\/td>\n<\/tr>\n<tr>\n<td>Item 074<\/td>\n<td width=\"150\">FILME PVC 38CMX300 MT &#8211; PCT C\/01 BOBINA<\/td>\n<td>NOVELLE<\/td>\n<td>PCT<\/td>\n<td>500<\/td>\n<td>R$ 56,21<\/td>\n<\/tr>\n<tr>\n<td>Item 075<\/td>\n<td width=\"150\">FLANELA 28 X 38 CM.<\/td>\n<td>ITATEX<\/td>\n<td>UND<\/td>\n<td>7000<\/td>\n<td>R$ 3,89<\/td>\n<\/tr>\n<tr>\n<td>Item 076<\/td>\n<td width=\"150\">FLANELA 38 X 58 CM.<\/td>\n<td>ITATEX<\/td>\n<td>UND<\/td>\n<td>7000<\/td>\n<td>R$ 6,45<\/td>\n<\/tr>\n<tr>\n<td>Item 077<\/td>\n<td width=\"150\">F\u00d3SFORO PCT C\/ 10 UND C\/ 40 PALITOS CADA<\/td>\n<td>PARAN\u00c1<\/td>\n<td>PCT<\/td>\n<td>400<\/td>\n<td>R$ 7,22<\/td>\n<\/tr>\n<tr>\n<td>Item 078<\/td>\n<td width=\"150\">GARFO REFEI\u00c7AO BCO\/CRISTAL &#8211; PCT C\/50 UND<\/td>\n<td>MEXABEM<\/td>\n<td>PCT<\/td>\n<td>500<\/td>\n<td>R$ 8,45<\/td>\n<\/tr>\n<tr>\n<td>Item 079<\/td>\n<td width=\"150\">GARFO SOBREMESA BCO\/CRISTAL &#8211; PCT C\/50 UND<\/td>\n<td>MEXABEM<\/td>\n<td>PCT<\/td>\n<td>500<\/td>\n<td>R$ 4,80<\/td>\n<\/tr>\n<tr>\n<td>Item 080<\/td>\n<td width=\"150\">GARRAFA TERMICA 1 LT<\/td>\n<td>UNITERMI<\/td>\n<td>UND<\/td>\n<td>250<\/td>\n<td>R$ 81,98<\/td>\n<\/tr>\n<tr>\n<td>Item 081<\/td>\n<td width=\"150\">GUARDANAPO DE PAPEL FOLHA SIMPLES 20X22CM &#8211; PCT C\/50 UND<\/td>\n<td>VIP PAPEIS<\/td>\n<td>PCT<\/td>\n<td>2500<\/td>\n<td>R$ 3,50<\/td>\n<\/tr>\n<tr>\n<td>Item 082<\/td>\n<td width=\"150\">INSETICIDA AEROSOL 360ML<\/td>\n<td>BAYGON<\/td>\n<td>UND<\/td>\n<td>1200<\/td>\n<td>R$ 24,73<\/td>\n<\/tr>\n<tr>\n<td>Item 083<\/td>\n<td width=\"150\">KIT MERENDA ESCOLAR (COPO, COLHER E PRATO)<\/td>\n<td>GUEZ<\/td>\n<td>UND<\/td>\n<td>3000<\/td>\n<td>R$ 13,81<\/td>\n<\/tr>\n<tr>\n<td>Item 084<\/td>\n<td width=\"150\">LA DE A\u00c7O 60G &#8211; PCT C\/08 UND<\/td>\n<td>BOMBRIL<\/td>\n<td>PCT<\/td>\n<td>3000<\/td>\n<td>R$ 3,09<\/td>\n<\/tr>\n<tr>\n<td>Item 085<\/td>\n<td width=\"150\">LIMPA ALUMINIO 500ML &#8211; CX C\/ 24 UND<\/td>\n<td>ECONOMICO<\/td>\n<td>CX<\/td>\n<td>250<\/td>\n<td>R$ 91,15<\/td>\n<\/tr>\n<tr>\n<td>Item 086<\/td>\n<td width=\"150\">LIMPA VIDRO 500ML CX C\/ 12 UNID<\/td>\n<td>ECONOMICO<\/td>\n<td>UND<\/td>\n<td>600<\/td>\n<td>R$ 7,17<\/td>\n<\/tr>\n<tr>\n<td>Item 087<\/td>\n<td width=\"150\">LIMPADOR MULTIUSO CLASSICO 500 ML &#8211; CX C\/ 24 UND<\/td>\n<td>ECONOMICO<\/td>\n<td>UND<\/td>\n<td>1200<\/td>\n<td>R$ 7,37<\/td>\n<\/tr>\n<tr>\n<td>Item 088<\/td>\n<td width=\"150\">LIMPADOR P\/ PISOS 05LT<\/td>\n<td>ECONOMICO<\/td>\n<td>UND<\/td>\n<td>250<\/td>\n<td>R$ 58,06<\/td>\n<\/tr>\n<tr>\n<td>Item 089<\/td>\n<td width=\"150\">LIXEIRA C\/ PEDAL QUADRADA 14LT<\/td>\n<td>NOBRE<\/td>\n<td>UND<\/td>\n<td>500<\/td>\n<td>R$ 98,22<\/td>\n<\/tr>\n<tr>\n<td>Item 090<\/td>\n<td width=\"150\">LIXEIRA INOX 05LT C\/ PEDAL<\/td>\n<td>NOBRE<\/td>\n<td>UND<\/td>\n<td>100<\/td>\n<td>R$ 277,46<\/td>\n<\/tr>\n<tr>\n<td>Item 091<\/td>\n<td width=\"150\">LIXEIRA PLASTICA COM PEDAL 50LT<\/td>\n<td>NOBRE<\/td>\n<td>UND<\/td>\n<td>20<\/td>\n<td>R$ 358,01<\/td>\n<\/tr>\n<tr>\n<td>Item 092<\/td>\n<td width=\"150\">LIXEIRA P\/ COLETA SELETIVA 60LT &#8211; KIT C\/04 PE\u00c7AS<\/td>\n<td>NOBRE<\/td>\n<td>KIT<\/td>\n<td>30<\/td>\n<td>R$ 1.253,03<\/td>\n<\/tr>\n<tr>\n<td>Item 093<\/td>\n<td width=\"150\">LIXEIRA TELADA 05LT<\/td>\n<td>NOBRE<\/td>\n<td>UND<\/td>\n<td>1000<\/td>\n<td>R$ 11,99<\/td>\n<\/tr>\n<tr>\n<td>Item 094<\/td>\n<td width=\"150\">LIXEIRA TELADA 08LT<\/td>\n<td>NOBRE<\/td>\n<td>UND<\/td>\n<td>1000<\/td>\n<td>R$ 10,77<\/td>\n<\/tr>\n<tr>\n<td>Item 095<\/td>\n<td width=\"150\">LUSTRA MOVEL 200 ML PARA MADEIRA<\/td>\n<td>PEROBA<\/td>\n<td>UND<\/td>\n<td>600<\/td>\n<td>R$ 12,86<\/td>\n<\/tr>\n<tr>\n<td>Item 096<\/td>\n<td width=\"150\">LUVA DE LATEX TAMANHO G &#8211; Para prote\u00e7\u00e3o das m\u00e3os do usu\u00e1rio contra agentes abrasivos, escoriantes, cortantes e perfurantes e contra riscos de risco qu\u00edmico.<\/td>\n<td>NOBRE<\/td>\n<td>PAR<\/td>\n<td>1500<\/td>\n<td>R$ 14,01<\/td>\n<\/tr>\n<tr>\n<td>Item 097<\/td>\n<td width=\"150\">LUVAS DE LATEX TAMANHO M &#8211; Para prote\u00e7\u00e3o das m\u00e3os do usu\u00e1rio contra agentes abrasivos, escoriantes, cortantes e perfurantes e contra riscos de risco qu\u00edmico.<\/td>\n<td>NOBRE<\/td>\n<td>PAR<\/td>\n<td>1500<\/td>\n<td>R$ 14,25<\/td>\n<\/tr>\n<tr>\n<td>Item 098<\/td>\n<td width=\"150\">LUVAS DE LATEX TAMANHO P &#8211; Para prote\u00e7\u00e3o das m\u00e3os do usu\u00e1rio contra agentes abrasivos, escoriantes, cortantes e perfurantes e contra riscos de risco qu\u00edmico.<\/td>\n<td>NOBRE<\/td>\n<td>PAR<\/td>\n<td>1500<\/td>\n<td>R$ 10,14<\/td>\n<\/tr>\n<tr>\n<td>Item 099<\/td>\n<td width=\"150\">LUVA PLASTICA DESCARTAVEL &#8211; PCT C\/100 UND<\/td>\n<td>NOBRE<\/td>\n<td>PCT<\/td>\n<td>2000<\/td>\n<td>R$ 10,01<\/td>\n<\/tr>\n<tr>\n<td>Item 100<\/td>\n<td width=\"150\">MESA DE PLASTICO<\/td>\n<td>MOR<\/td>\n<td>UND<\/td>\n<td>500<\/td>\n<td>R$ 129,16<\/td>\n<\/tr>\n<tr>\n<td>Item 101<\/td>\n<td width=\"150\">MESA DE PLASTICO INFANTIL<\/td>\n<td>IMPORTWAY<\/td>\n<td>UND<\/td>\n<td>100<\/td>\n<td>R$ 89,97<\/td>\n<\/tr>\n<tr>\n<td>Item 102<\/td>\n<td width=\"150\">MEXEDOR DE CAF\u00c9 BCO\/CRISTAL &#8211; PCT C\/500 MEXEDORES<\/td>\n<td>GOLDENPLAST<\/td>\n<td>PCT<\/td>\n<td>200<\/td>\n<td>R$ 14,68<\/td>\n<\/tr>\n<tr>\n<td>Item 103<\/td>\n<td width=\"150\">MEXEDOR DRINK BCO\/ CRISTAL &#8211; PCT C\/250 MEXEDORES<\/td>\n<td>MEXA BEM<\/td>\n<td>PCT<\/td>\n<td>200<\/td>\n<td>R$ 11,99<\/td>\n<\/tr>\n<tr>\n<td>Item 104<\/td>\n<td width=\"150\">MOP DE TOR\u00c7\u00c3O TAM 1,20MT<\/td>\n<td>CELESTE<\/td>\n<td>UND<\/td>\n<td>200<\/td>\n<td>R$ 98,35<\/td>\n<\/tr>\n<tr>\n<td>Item 105<\/td>\n<td width=\"150\">NAFTALINA EM BOLAS &#8211; PCT C\/30G<\/td>\n<td>QUIMISUL<\/td>\n<td>PCT<\/td>\n<td>200<\/td>\n<td>R$ 5,08<\/td>\n<\/tr>\n<tr>\n<td>Item 106<\/td>\n<td width=\"150\">PA PLASTICA P LIXO 2,5X21,5X21,5<\/td>\n<td>MERCONPLAS<\/td>\n<td>UND<\/td>\n<td>1000<\/td>\n<td>R$ 14,43<\/td>\n<\/tr>\n<tr>\n<td>Item 107<\/td>\n<td width=\"150\">PALITO DENTAL C\/ 100 UNIDADES<\/td>\n<td>THEOTO<\/td>\n<td>UND<\/td>\n<td>1000<\/td>\n<td>R$ 2,66<\/td>\n<\/tr>\n<tr>\n<td>Item 108<\/td>\n<td width=\"150\">PANO DE CH\u00c3O 41X68<\/td>\n<td>ITATEX<\/td>\n<td>UND<\/td>\n<td>7000<\/td>\n<td>R$ 9,93<\/td>\n<\/tr>\n<tr>\n<td>Item 109<\/td>\n<td width=\"150\">PANO DE CH\u00c3O 50X70<\/td>\n<td>ITATEX<\/td>\n<td>UND<\/td>\n<td>3000<\/td>\n<td>R$ 10,41<\/td>\n<\/tr>\n<tr>\n<td>Item 110<\/td>\n<td width=\"150\">PANO DE MICROFIBRA 20X20 (PACOTE C\/ 2UNID.)<\/td>\n<td>POWERCLEAN<\/td>\n<td>PCT<\/td>\n<td>1000<\/td>\n<td>R$ 14,02<\/td>\n<\/tr>\n<tr>\n<td>Item 111<\/td>\n<td width=\"150\">PANO DE MICROFIBRA 30X38 (PACOTE C\/ 3UNID.)<\/td>\n<td>POWERCLEAN<\/td>\n<td>PCT<\/td>\n<td>1000<\/td>\n<td>R$ 21,27<\/td>\n<\/tr>\n<tr>\n<td>Item 112<\/td>\n<td width=\"150\">PANO DE MICROFIBRA 40X40 (PACOTE C\/ 2UNID.)<\/td>\n<td>POWERCLEAN<\/td>\n<td>PCT<\/td>\n<td>1000<\/td>\n<td>R$ 38,42<\/td>\n<\/tr>\n<tr>\n<td>Item 113<\/td>\n<td width=\"150\">PANO DE MICROFIBRA 40X60 (PACOTE C\/ 2UNID.)<\/td>\n<td>POWERCLEAN<\/td>\n<td>PCT<\/td>\n<td>500<\/td>\n<td>R$ 45,46<\/td>\n<\/tr>\n<tr>\n<td>Item 114<\/td>\n<td width=\"150\">PANO DE MICROFIBRA 60X80 (PACOTE C\/ 2UNID.)<\/td>\n<td>POWERCLEAN<\/td>\n<td>PCT<\/td>\n<td>250<\/td>\n<td>R$ 66,64<\/td>\n<\/tr>\n<tr>\n<td>Item 115<\/td>\n<td width=\"150\">PANO DE PRATO 40X70CM<\/td>\n<td>ITATEX<\/td>\n<td>UND<\/td>\n<td>7000<\/td>\n<td>R$ 6,56<\/td>\n<\/tr>\n<tr>\n<td>Item 116<\/td>\n<td width=\"150\">PAPEL HIGI\u00caNICO NEUTRO 20 METROS FOLHA DUPLA PCT C\/ 18 UND<\/td>\n<td>NEVE<\/td>\n<td>FD<\/td>\n<td>1000<\/td>\n<td>R$ 62,45<\/td>\n<\/tr>\n<tr>\n<td>Item 117<\/td>\n<td width=\"150\">PAPEL HIGI\u00caNICO NEUTRO 30 METROS FOLHA SIMPLES &#8211; PCT C\/ 04 ROLOS DE 10CM X 30MT<\/td>\n<td>NEVE<\/td>\n<td>PCT<\/td>\n<td>15000<\/td>\n<td>R$ 4,59<\/td>\n<\/tr>\n<tr>\n<td>Item 118<\/td>\n<td width=\"150\">PAPEL TOALHA INTERFOLHADO BRANCO 20CM X21CM &#8211; PCT CONTENDO 1000 FOLHAS<\/td>\n<td>NOVELLE<\/td>\n<td>FD<\/td>\n<td>1000<\/td>\n<td>R$ 24,96<\/td>\n<\/tr>\n<tr>\n<td>Item 119<\/td>\n<td width=\"150\">PAPEL TOALHA MULTIUSO COM 50 TOALHAS COM 2 UNIDADES 19CMX21,5CM PACOTE COM 2 UNIDADES<\/td>\n<td>NOVELLE<\/td>\n<td>PCT<\/td>\n<td>500<\/td>\n<td>R$ 10,52<\/td>\n<\/tr>\n<tr>\n<td>Item 120<\/td>\n<td width=\"150\">PEDRA SANITARIA 25G<\/td>\n<td>NAFT PLUS<\/td>\n<td>UND<\/td>\n<td>5000<\/td>\n<td>R$ 4,17<\/td>\n<\/tr>\n<tr>\n<td>Item 121<\/td>\n<td width=\"150\">PLACA SINALIZADORA PISO ESCORREGADIO\/MOLHADO<\/td>\n<td>ATCO<\/td>\n<td>UND<\/td>\n<td>200<\/td>\n<td>R$ 98,22<\/td>\n<\/tr>\n<tr>\n<td>Item 122<\/td>\n<td width=\"150\">PRATO FUNDO BRANCO PS 12CM &#8211; PCT C\/10 UND<\/td>\n<td>REPLAST<\/td>\n<td>PCT<\/td>\n<td>200<\/td>\n<td>R$ 2,38<\/td>\n<\/tr>\n<tr>\n<td>Item 123<\/td>\n<td width=\"150\">PRATO FUNDO BRANCO PS 15CM &#8211; PCT C\/10 UND<\/td>\n<td>REPLAST<\/td>\n<td>PCT<\/td>\n<td>200<\/td>\n<td>R$ 2,80<\/td>\n<\/tr>\n<tr>\n<td>Item 124<\/td>\n<td width=\"150\">PRATO FUNDO BRANCO PS 18CM &#8211; PCT C\/10 UND<\/td>\n<td>REPLAST<\/td>\n<td>PCT<\/td>\n<td>200<\/td>\n<td>R$ 3,97<\/td>\n<\/tr>\n<tr>\n<td>Item 125<\/td>\n<td width=\"150\">PRATO FUNDO BRANCO PS 21CM &#8211; PCT C\/10 UND<\/td>\n<td>REPLAST<\/td>\n<td>PCT<\/td>\n<td>200<\/td>\n<td>R$ 5,94<\/td>\n<\/tr>\n<tr>\n<td>Item 126<\/td>\n<td width=\"150\">PRATO RASO BRANCO PS 15CM &#8211; PCT C\/10 UND<\/td>\n<td>REPLAST<\/td>\n<td>PCT<\/td>\n<td>200<\/td>\n<td>R$ 3,38<\/td>\n<\/tr>\n<tr>\n<td>Item 127<\/td>\n<td width=\"150\">PRATO RASO BRANCO PS 18CM &#8211; PCT C\/10 UND<\/td>\n<td>REPLAST<\/td>\n<td>PCT<\/td>\n<td>200<\/td>\n<td>R$ 3,76<\/td>\n<\/tr>\n<tr>\n<td>Item 128<\/td>\n<td width=\"150\">PRATO RASO BRANCO PS 21CM &#8211; PCT C\/10 UND<\/td>\n<td>REPLAST<\/td>\n<td>PCT<\/td>\n<td>200<\/td>\n<td>R$ 5,95<\/td>\n<\/tr>\n<tr>\n<td>Item 129<\/td>\n<td width=\"150\">PRATO RASO BRANCO PS 23CM &#8211; PCT C\/10 UND<\/td>\n<td>REPLAST<\/td>\n<td>PCT<\/td>\n<td>200<\/td>\n<td>R$ 10,22<\/td>\n<\/tr>\n<tr>\n<td>Item 130<\/td>\n<td width=\"150\">PROPE DESCARTAVEL 20G &#8211; PCT C\/100 UND<\/td>\n<td>PROTDESC<\/td>\n<td>PCT<\/td>\n<td>1000<\/td>\n<td>R$ 44,50<\/td>\n<\/tr>\n<tr>\n<td>Item 131<\/td>\n<td width=\"150\">RODO MAGICO 38CM C\/ REFIL DE MICROFIBRA LAVAVEL E CABO DESMONTAVEL<\/td>\n<td>V. PAULISTINHA<\/td>\n<td>UND<\/td>\n<td>300<\/td>\n<td>R$ 190,88<\/td>\n<\/tr>\n<tr>\n<td>Item 132<\/td>\n<td width=\"150\">RODO DE BORRACHA C\/CABO 30CM<\/td>\n<td>V. PAULISTINHA<\/td>\n<td>UND<\/td>\n<td>2500<\/td>\n<td>R$ 11,44<\/td>\n<\/tr>\n<tr>\n<td>Item 133<\/td>\n<td width=\"150\">RODO DE BORRACHA DE 40CM<\/td>\n<td>V. PAULISTINHA<\/td>\n<td>UND<\/td>\n<td>2500<\/td>\n<td>R$ 10,09<\/td>\n<\/tr>\n<tr>\n<td>Item 134<\/td>\n<td width=\"150\">SAB\u00c3O DE BARRA DE 180 GRAMAS CAIXA COM 50 BARRAS<\/td>\n<td>ECONOMICO<\/td>\n<td>CX<\/td>\n<td>500<\/td>\n<td>R$ 153,61<\/td>\n<\/tr>\n<tr>\n<td>Item 135<\/td>\n<td width=\"150\">SAB\u00c3O DE BARRA DE COCO 200G \u2013 CAIXA COM 50 BARRAS<\/td>\n<td>ECONOMICO<\/td>\n<td>CX<\/td>\n<td>200<\/td>\n<td>R$ 219,82<\/td>\n<\/tr>\n<tr>\n<td>Item 136<\/td>\n<td width=\"150\">SAB\u00c3O EM P\u00d3 400 GRAMAS &#8211; CAIXA COM 20 UNIDADES<\/td>\n<td>ECONOMICO<\/td>\n<td>CX<\/td>\n<td>1500<\/td>\n<td>R$ 137,16<\/td>\n<\/tr>\n<tr>\n<td>Item 137<\/td>\n<td width=\"150\">SABONETE 90G<\/td>\n<td>DERMACYD<\/td>\n<td>UND<\/td>\n<td>1000<\/td>\n<td>R$ 3,80<\/td>\n<\/tr>\n<tr>\n<td>Item 138<\/td>\n<td width=\"150\">SABONETE LIQUIDO 01LT<\/td>\n<td>BELLOBELLA<\/td>\n<td>UND<\/td>\n<td>500<\/td>\n<td>R$ 24,66<\/td>\n<\/tr>\n<tr>\n<td>Item 139<\/td>\n<td width=\"150\">SABONETE LIQU\u00cdDO 5 LT<\/td>\n<td>BELLOBELLA<\/td>\n<td>UND<\/td>\n<td>500<\/td>\n<td>R$ 49,40<\/td>\n<\/tr>\n<tr>\n<td>Item 140<\/td>\n<td width=\"150\">SABONETE LIQUIDO 500ML<\/td>\n<td>BELLOBELLA<\/td>\n<td>UND<\/td>\n<td>500<\/td>\n<td>R$ 15,83<\/td>\n<\/tr>\n<tr>\n<td>Item 141<\/td>\n<td width=\"150\">SACO P\/ LIXO 100 LT PRETO ( 75X95X0,3) &#8211; FARDO C\/1000 SACOLAS<\/td>\n<td>ULTRAPLAST<\/td>\n<td>FD<\/td>\n<td>250<\/td>\n<td>R$ 657,17<\/td>\n<\/tr>\n<tr>\n<td>Item 142<\/td>\n<td width=\"150\">SACO P\/ LIXO 15LT PRETO (40X49X1,3) &#8211; FARDO C\/1000 SACOLAS<\/td>\n<td>ULTRAPLAST<\/td>\n<td>FD<\/td>\n<td>250<\/td>\n<td>R$ 657,17<\/td>\n<\/tr>\n<tr>\n<td>Item 143<\/td>\n<td width=\"150\">SACO P\/ LIXO 200 LT PRETO ( 85X100X0,3) &#8211; FARDO C\/1000 SACOLAS<\/td>\n<td>ULTRAPLAST<\/td>\n<td>FD<\/td>\n<td>250<\/td>\n<td>R$ 1.791,54<\/td>\n<\/tr>\n<tr>\n<td>Item 144<\/td>\n<td width=\"150\">SACO P\/ LIXO 30 LT AZ\/PT ( 55X67X1,4) &#8211; FARDO C\/1000 SACOLAS<\/td>\n<td>ULTRAPLAST<\/td>\n<td>FD<\/td>\n<td>250<\/td>\n<td>R$ 799,32<\/td>\n<\/tr>\n<tr>\n<td>Item 145<\/td>\n<td width=\"150\">SACO P\/ LIXO 50 LT AZ\/PT (62X70X0,2) &#8211; FARDO C\/ 1000 SACOLAS<\/td>\n<td>ULTRAPLAST<\/td>\n<td>FD<\/td>\n<td>250<\/td>\n<td>R$ 1.094,29<\/td>\n<\/tr>\n<tr>\n<td>Item 146<\/td>\n<td width=\"150\">SACOLA NO KG<\/td>\n<td>ULTRAPLAST<\/td>\n<td>KG<\/td>\n<td>1500<\/td>\n<td>R$ 25,18<\/td>\n<\/tr>\n<tr>\n<td>Item 147<\/td>\n<td width=\"150\">SACOLA PLASTICA G 45X60X1,7 BCA &#8211; PCT C\/1000 SACOLAS<\/td>\n<td>ULTRAPLAST<\/td>\n<td>PCT<\/td>\n<td>100<\/td>\n<td>R$ 26,51<\/td>\n<\/tr>\n<tr>\n<td>Item 148<\/td>\n<td width=\"150\">SACOLA PLASTICA GG 59X74X1,8 BCA &#8211; PCT C\/500 SACOLAS<\/td>\n<td>ULTRAPLAST<\/td>\n<td>PCT<\/td>\n<td>100<\/td>\n<td>R$ 13,84<\/td>\n<\/tr>\n<tr>\n<td>Item 149<\/td>\n<td width=\"150\">SACOLA PLASTICA M 38X48X1,6 BCA &#8211; PCT C\/1000 SACOLAS<\/td>\n<td>ULTRAPLAST<\/td>\n<td>PCT<\/td>\n<td>100<\/td>\n<td>R$ 26,51<\/td>\n<\/tr>\n<tr>\n<td>Item 150<\/td>\n<td width=\"150\">SODA CAUSTICA 500G<\/td>\n<td>SATURNO<\/td>\n<td>UND<\/td>\n<td>600<\/td>\n<td>R$ 17,93<\/td>\n<\/tr>\n<tr>\n<td>Item 151<\/td>\n<td width=\"150\">SUPORTE P\/ COPO DESCART\u00c1VEL 180ML<\/td>\n<td>NOBRE<\/td>\n<td>UND<\/td>\n<td>100<\/td>\n<td>R$ 118,02<\/td>\n<\/tr>\n<tr>\n<td>Item 152<\/td>\n<td width=\"150\">SUPORTE P\/ COPO DESCART\u00c1VEL 50ML<\/td>\n<td>NOBRE<\/td>\n<td>UND<\/td>\n<td>100<\/td>\n<td>R$ 81,11<\/td>\n<\/tr>\n<tr>\n<td>Item 153<\/td>\n<td width=\"150\">TACHO COM TAMPA 32LT<\/td>\n<td>IMPERIO DO COBRE<\/td>\n<td>UND<\/td>\n<td>500<\/td>\n<td>R$ 179,62<\/td>\n<\/tr>\n<tr>\n<td>Item 154<\/td>\n<td width=\"150\">TAPETE ANTIDERRAPANTE PARA BANHEIRO PVC 1200X802<\/td>\n<td>CORTTEX<\/td>\n<td>UND<\/td>\n<td>125<\/td>\n<td>R$ 45,80<\/td>\n<\/tr>\n<tr>\n<td>Item 155<\/td>\n<td width=\"150\">TAPETE DE BANHEIRO MICROFIBRA 567 X 372<\/td>\n<td>CORTTEX<\/td>\n<td>UND<\/td>\n<td>125<\/td>\n<td>R$ 43,59<\/td>\n<\/tr>\n<tr>\n<td>Item 156<\/td>\n<td width=\"150\">TAPETE DE PORTA DE ENTRADA &#8211; (80 X 80 CM)<\/td>\n<td>KARSTEN<\/td>\n<td>UND<\/td>\n<td>100<\/td>\n<td>R$ 31,15<\/td>\n<\/tr>\n<tr>\n<td>Item 157<\/td>\n<td width=\"150\">TOALHA DE ROSTO 100% ALGOD\u00c3O -(40X60 CM)<\/td>\n<td>FLABOM<\/td>\n<td>UND<\/td>\n<td>500<\/td>\n<td>R$ 16,95<\/td>\n<\/tr>\n<tr>\n<td>Item 158<\/td>\n<td width=\"150\">TOUCA DESCARTAVEL EM TNT SANFONADA &#8211; CX C\/50 UND<\/td>\n<td>PREVEMAX<\/td>\n<td>CX<\/td>\n<td>1000<\/td>\n<td>R$ 37,35<\/td>\n<\/tr>\n<tr>\n<td>Item 159<\/td>\n<td width=\"150\">VASSOURA DE PALHA<\/td>\n<td>V. PAULISTINHA<\/td>\n<td>UND<\/td>\n<td>5000<\/td>\n<td>R$ 5,23<\/td>\n<\/tr>\n<tr>\n<td>Item 160<\/td>\n<td width=\"150\">VASSOURA DE PELO C\/ CABO 30CM<\/td>\n<td>V. PAULISTINHA<\/td>\n<td>UND<\/td>\n<td>1000<\/td>\n<td>R$ 18,29<\/td>\n<\/tr>\n<tr>\n<td>Item 161<\/td>\n<td width=\"150\">VASSOURA DE P\u00caLO C\/ CABO 40 CM<\/td>\n<td>V. PAULISTINHA<\/td>\n<td>UND<\/td>\n<td>1000<\/td>\n<td>R$ 26,68<\/td>\n<\/tr>\n<tr>\n<td>Item 162<\/td>\n<td width=\"150\">VASSOURA DE PIA\u00c7AVA N\u00b0 5 CABO DE 120 CM<\/td>\n<td>V. PAULISTINHA<\/td>\n<td>UND<\/td>\n<td>1500<\/td>\n<td>R$ 16,15<\/td>\n<\/tr>\n<tr>\n<td>Item 163<\/td>\n<td width=\"150\">VASSOURA P\/ VASO SANIT\u00c1RIO C\/ SUPORTE<\/td>\n<td>V. PAULISTINHA<\/td>\n<td>UND<\/td>\n<td>1000<\/td>\n<td>R$ 12,08<\/td>\n<\/tr>\n<tr>\n<td>Item 164<\/td>\n<td width=\"150\">VASSOURA TAMANHO M\u00c9DIO 21 CM C\/ CABO<\/td>\n<td>V. PAULISTINHA<\/td>\n<td>UND<\/td>\n<td>1000<\/td>\n<td>R$ 13,72<\/td>\n<\/tr>\n<tr>\n<td>Item 165<\/td>\n<td width=\"150\">VASSOUR\u00c3O DE GARI 60 CM<\/td>\n<td>V. PAULISTINHA<\/td>\n<td>UND<\/td>\n<td>1000<\/td>\n<td>R$ 37,99<\/td>\n<\/tr>\n<\/tbody>\n<\/table>\n<p><strong>2.1.2 &#8211;<\/strong> A listagem do cadastro de reserva referente ao presente registro de pre\u00e7os consta como anexo a esta Ata.<br \/>\n<strong>3 &#8211; \u00d3RG\u00c3O(S) GERENCIADOR E PARTICIPANTE(S): <\/strong><strong>3.1<\/strong> &#8211; O \u00f3rg\u00e3o gerenciador ser\u00e1 a Secretaria Municipal de Educa\u00e7\u00e3o, Ci\u00eancias, Tecnologia e Inova\u00e7\u00e3o \u2013 SEMECTI, do Munic\u00edpio de Magalh\u00e3es de Almeida &#8211; MA. <strong>3.2<\/strong> &#8211; Al\u00e9m do gerenciador, s\u00e3o \u00f3rg\u00e3os e entidades p\u00fablicas participantes do registro de pre\u00e7os:<\/p>\n<table>\n<tbody>\n<tr>\n<td width=\"150\">\n<p style=\"text-align: center\"><strong>Item n\u00ba<\/strong><\/p>\n<\/td>\n<td style=\"text-align: center\" width=\"150\"><strong>\u00d3rg\u00e3os Participantes<\/strong><\/td>\n<td style=\"text-align: center\" width=\"150\"><strong>Unidade<\/strong><\/td>\n<td width=\"150\">\n<p style=\"text-align: center\"><strong>Quantidade<\/strong><\/p>\n<\/td>\n<\/tr>\n<tr>\n<td width=\"150\"><em>\u00a0<\/em><\/td>\n<td width=\"150\"><em>\u00a0<\/em><\/td>\n<td width=\"150\"><em>\u00a0<\/em><\/td>\n<td width=\"150\"><em>\u00a0<\/em><\/td>\n<\/tr>\n<\/tbody>\n<\/table>\n<p><strong>4 &#8211; DA ADES\u00c3O \u00c0 ATA DE REGISTRO DE PRE\u00c7OS DE \u00d3RG\u00c3O OU ENTIDADE MUNICIPAL: <\/strong><strong>4.1 \u2013<\/strong> A Ata de Registro de Pre\u00e7os, durante sua vig\u00eancia, poder\u00e1 ser utilizada por qualquer \u00f3rg\u00e3o ou entidade da Administra\u00e7\u00e3o inclusive autarquias federais, estaduais ou municipais de \u00f3rg\u00e3os p\u00fablicos, estatais ou ainda de regime pr\u00f3prio que n\u00e3o tenha participado do certame licitat\u00f3rio mediante previa consulta ao \u00f3rg\u00e3o gerenciador. <strong>4.2 \u2013<\/strong> Os \u00f3rg\u00e3os e entidades que n\u00e3o participaram do registro de pre\u00e7os, quando desejarem fazer uso da Ata de Registro de Pre\u00e7os, dever\u00e3o manifestar seu interesse junto ao \u00f3rg\u00e3o gerenciador da Ata, para que este indique os poss\u00edveis fornecedores e respectivos pre\u00e7os a serem praticados, obedecida a ordem de classifica\u00e7\u00e3o. <strong>4.3 \u2013<\/strong> Caber\u00e1 ao fornecedor benefici\u00e1rio da Ata de Registro de Pre\u00e7os, observadas as condi\u00e7\u00f5es nela estabelecidas, optar pela aceita\u00e7\u00e3o ou n\u00e3o do Fornecimento, independentemente dos quantitativos registrados em Ata, desde que o Fornecimento n\u00e3o prejudique as obriga\u00e7\u00f5es anteriormente assumidas. <strong>4.4 \u2013<\/strong> As aquisi\u00e7\u00f5es ou contrata\u00e7\u00f5es adicionais, n\u00e3o poder\u00e3o exceder, por \u00f3rg\u00e3o ou por entidade, a 50% (cinquenta por cento) dos quantitativos registrados na Ata de Registro de Pre\u00e7os durante sua vig\u00eancia, e ainda o quantitativo decorrente das ades\u00f5es \u00e0 ata de registro de pre\u00e7os n\u00e3o poder\u00e1 exceder, na totalidade, ao dobro do quantitativo de cada item registrado na ata de registro de pre\u00e7os para o \u00f3rg\u00e3o gerenciador e para os \u00f3rg\u00e3os participantes, independentemente do n\u00famero de \u00f3rg\u00e3os n\u00e3o participantes que, desde que devidamente comprovada a vantagem e o cumprimento das exig\u00eancias da legisla\u00e7\u00e3o vigente. <strong>4.5 &#8211;<\/strong> A Ades\u00e3o de Ata de Registro de Pre\u00e7os entre munic\u00edpios obedece ao descrito na <strong><u>LEI N.\u00ba 14.770, DE 22 DE DEZEMBRO DE 2023<\/u><\/strong><strong><u>. VALIDADE E FORMALIZA\u00c7\u00c3O DA ATA DE REGISTRO DE PRE\u00c7OS.<br \/>\n<\/u><\/strong><strong>5 \u2013 DA VIG\u00caNCIA DA ATA DE REGISTRO DE PRE\u00c7OS: <\/strong><strong>5.1<\/strong> <strong>&#8211; <\/strong>O prazo de vig\u00eancia da ata de registro de pre\u00e7os oriunda do presente procedimento ser\u00e1 de 1 (um) ano e poder\u00e1 ser prorrogado, por igual per\u00edodo, com a anu\u00eancia do fornecedor, desde que comprovado o pre\u00e7o vantajoso, nos termos do <em>caput<\/em> do artigo 84 da Lei 14.133\/2021. <strong>5.1.1 &#8211;<\/strong> O contrato decorrente da ata de registro de pre\u00e7os ter\u00e1 sua vig\u00eancia estabelecida no pr\u00f3prio instrumento contratual e observar\u00e1 no momento da contrata\u00e7\u00e3o e a cada exerc\u00edcio financeiro a disponibilidade de cr\u00e9ditos or\u00e7ament\u00e1rios, bem como a previs\u00e3o no plano plurianual, quando ultrapassar 1 (um) exerc\u00edcio financeiro. <strong>5.1.2<\/strong> <strong>&#8211; <\/strong>Na formaliza\u00e7\u00e3o do contrato ou do instrumento substituto dever\u00e1 haver a indica\u00e7\u00e3o da disponibilidade dos cr\u00e9ditos or\u00e7ament\u00e1rios respectivos. <strong>5.2<\/strong> <strong>&#8211; <\/strong>A contrata\u00e7\u00e3o com os fornecedores registrados na ata ser\u00e1 formalizada pelo \u00f3rg\u00e3o ou pela entidade interessada por interm\u00e9dio de instrumento contratual, emiss\u00e3o de nota de empenho de despesa, autoriza\u00e7\u00e3o de compra ou outro instrumento h\u00e1bil, conforme o artigo 95 da Lei 14.133\/2021. <strong>5.2.1 &#8211;<\/strong> O instrumento contratual de que trata o item 5.2 dever\u00e1 ser assinado no prazo de validade da ata de registro de pre\u00e7os. <strong>5.3<\/strong> <strong>&#8211;<\/strong> Os contratos decorrentes do sistema de registro de pre\u00e7os poder\u00e3o ser alterados, observado o artigo 124 da Lei 14.133\/2021. <strong>5.4 &#8211;<\/strong> Ap\u00f3s a homologa\u00e7\u00e3o da licita\u00e7\u00e3o ou da contrata\u00e7\u00e3o direta, o licitante mais bem classificado ou o fornecedor, no caso da contrata\u00e7\u00e3o direta, ser\u00e1 convocado para assinar a ata de registro de pre\u00e7os, no prazo e nas condi\u00e7\u00f5es estabelecidos no edital de licita\u00e7\u00e3o ou no aviso de contrata\u00e7\u00e3o direta, sob pena de decair o direito, sem preju\u00edzo das san\u00e7\u00f5es previstas na Lei 14.133\/2021. <strong>5.4.1 &#8211;<\/strong> O prazo de convoca\u00e7\u00e3o poder\u00e1 ser prorrogado 1 (uma) vez, por igual per\u00edodo, mediante solicita\u00e7\u00e3o do licitante ou fornecedor convocado, desde que apresentada dentro do prazo, devidamente justificada, e que a justificativa seja aceita pela Administra\u00e7\u00e3o. <strong>5.5 &#8211;<\/strong> Quando o convocado n\u00e3o assinar a ata de registro de pre\u00e7os no prazo e nas condi\u00e7\u00f5es estabelecidos no edital ou no aviso de contrata\u00e7\u00e3o, e observado o disposto no item 6 e subitens, fica facultado \u00e0 Administra\u00e7\u00e3o convocar os licitantes remanescentes do cadastro de reserva, na ordem de classifica\u00e7\u00e3o, para faz\u00ea-lo em igual prazo e nas condi\u00e7\u00f5es propostas pelo primeiro classificado. <strong>5.6 &#8211;<\/strong> A exist\u00eancia de pre\u00e7os registrados implicar\u00e1 compromisso de fornecimento nas condi\u00e7\u00f5es estabelecidas, mas n\u00e3o obrigar\u00e1 a Administra\u00e7\u00e3o a contratar, facultada a realiza\u00e7\u00e3o de licita\u00e7\u00e3o espec\u00edfica para a aquisi\u00e7\u00e3o pretendida, desde que devidamente justificada.<br \/>\n<strong>6. DO CADASTRO RESERVA: <\/strong><strong>6.1 &#8211;<\/strong> Ap\u00f3s a homologa\u00e7\u00e3o da licita\u00e7\u00e3o ou da contrata\u00e7\u00e3o direta, dever\u00e3o ser observadas as seguintes condi\u00e7\u00f5es para formaliza\u00e7\u00e3o da ata de registro de pre\u00e7os: <strong>6.1.1 &#8211;<\/strong> Ser\u00e3o registrados na ata os pre\u00e7os e os quantitativos do adjudicat\u00e1rio, devendo ser observada a possibilidade de o licitante oferecer ou n\u00e3o proposta em quantitativo inferior ao m\u00e1ximo previsto no edital ou no aviso de contrata\u00e7\u00e3o direta e se obrigar nos limites dela; <strong>6.1.2 &#8211;<\/strong> Ser\u00e1 inclu\u00eddo na ata, na forma de anexo, o registro dos licitantes ou dos fornecedores que: <strong>6.1.2.1 &#8211;<\/strong> Aceitarem cotar os bens, as obras ou os servi\u00e7os com pre\u00e7os iguais aos do adjudicat\u00e1rio, observada a classifica\u00e7\u00e3o da licita\u00e7\u00e3o; e <strong>6.1.2.2 &#8211;<\/strong> Mantiverem sua proposta original. <strong>6.2 &#8211;<\/strong> Ser\u00e1 respeitada, nas contrata\u00e7\u00f5es, a ordem de classifica\u00e7\u00e3o dos licitantes ou dos fornecedores registrados na ata. <strong>6.3 &#8211;<\/strong> O registro a que se refere este t\u00f3pico tem por objetivo a forma\u00e7\u00e3o de cadastro de reserva para o caso de impossibilidade de atendimento pelo signat\u00e1rio da ata. <strong>6.4 &#8211;<\/strong> Para fins da ordem de classifica\u00e7\u00e3o, os licitantes ou fornecedores que aceitarem reduzir suas propostas para o pre\u00e7o do adjudicat\u00e1rio anteceder\u00e3o aqueles que mantiverem sua proposta original. <strong>6.5 &#8211;<\/strong> A habilita\u00e7\u00e3o dos licitantes que compor\u00e3o o cadastro de reserva somente ser\u00e1 efetuada quando houver necessidade de contrata\u00e7\u00e3o dos licitantes remanescentes, nas seguintes hip\u00f3teses: <strong>6.5.1 &#8211;<\/strong> Quando o licitante vencedor n\u00e3o assinar a ata de registro de pre\u00e7os, no prazo e nas condi\u00e7\u00f5es estabelecidos no edital ou no aviso de contrata\u00e7\u00e3o direta; e <strong>6.5.2 &#8211;<\/strong> Quando houver o cancelamento do registro do licitante ou do registro de pre\u00e7os nas hip\u00f3teses previstas no item 9. <strong>6.5.3 &#8211;<\/strong> Na hip\u00f3tese de nenhum dos licitantes que trata o item 6.1.2.1, aceitar a contrata\u00e7\u00e3o nos termos do item anterior, a Administra\u00e7\u00e3o, observados o valor estimado e sua eventual atualiza\u00e7\u00e3o nos termos do edital ou do aviso de contrata\u00e7\u00e3o direta, poder\u00e1: <strong>6.5.3.1 &#8211;<\/strong> Convocar para negocia\u00e7\u00e3o os demais licitantes ou fornecedores remanescentes cujos pre\u00e7os foram registrados sem redu\u00e7\u00e3o, observada a ordem de classifica\u00e7\u00e3o, com vistas \u00e0 obten\u00e7\u00e3o de pre\u00e7o melhor, mesmo que acima do pre\u00e7o do adjudicat\u00e1rio; ou <strong>6.5.3.2 &#8211;<\/strong> Adjudicar e firmar o contrato nas condi\u00e7\u00f5es ofertadas pelos licitantes ou fornecedores remanescentes, atendida a ordem classificat\u00f3ria, quando frustrada a negocia\u00e7\u00e3o de melhor condi\u00e7\u00e3o.<br \/>\n<strong>7 &#8211; ALTERA\u00c7\u00c3O OU ATUALIZA\u00c7\u00c3O DOS PRE\u00c7OS REGISTRADOS: <\/strong><strong>7.1 &#8211;<\/strong> Os pre\u00e7os registrados poder\u00e3o ser alterados ou atualizados em decorr\u00eancia de eventual redu\u00e7\u00e3o dos pre\u00e7os praticados no mercado ou de fato que eleve o custo dos bens, das obras ou dos servi\u00e7os registrados, nas seguintes situa\u00e7\u00f5es: <strong>7.1.1 &#8211;<\/strong> Em caso de for\u00e7a maior, caso fortuito ou fato do pr\u00edncipe ou em decorr\u00eancia de fatos imprevis\u00edveis ou previs\u00edveis de consequ\u00eancias incalcul\u00e1veis, que inviabilizem a execu\u00e7\u00e3o da ata tal como pactuada, nos termos da al\u00ednea \u201cd\u201d do inciso II do <em>caput<\/em> do artigo 124 da Lei 14.133\/2021; <strong>7.1.2 &#8211;<\/strong> Em caso de cria\u00e7\u00e3o, altera\u00e7\u00e3o ou extin\u00e7\u00e3o de quaisquer tributos ou encargos legais ou a superveni\u00eancia de disposi\u00e7\u00f5es legais, com comprovada repercuss\u00e3o sobre os pre\u00e7os registrados; <strong>7.1.3 &#8211;<\/strong> Na hip\u00f3tese de previs\u00e3o no edital ou no aviso de contrata\u00e7\u00e3o direta de cl\u00e1usula de reajustamento ou repactua\u00e7\u00e3o sobre os pre\u00e7os registrados, nos termos da Lei 14.133\/2021. <strong>7.1.3.1 &#8211;<\/strong> No caso do reajustamento, dever\u00e1 ser respeitada a contagem da anualidade e o \u00edndice previstos para a contrata\u00e7\u00e3o;\u00a0 <strong>7.1.3.2 &#8211;<\/strong> No caso da repactua\u00e7\u00e3o, poder\u00e1 ser a pedido do interessado, conforme crit\u00e9rios definidos para a contrata\u00e7\u00e3o.<br \/>\n<strong>8. NEGOCIA\u00c7\u00c3O DE PRE\u00c7OS REGISTRADOS: <\/strong><strong>8.1 &#8211;<\/strong> Na hip\u00f3tese de o pre\u00e7o registrado tornar-se superior ao pre\u00e7o praticado no mercado por motivo superveniente, o \u00f3rg\u00e3o ou entidade gerenciadora convocar\u00e1 o fornecedor para negociar a redu\u00e7\u00e3o do pre\u00e7o registrado. <strong>8.1.1 &#8211;<\/strong> Caso n\u00e3o aceite reduzir seu pre\u00e7o aos valores praticados pelo mercado, o fornecedor ser\u00e1 liberado do compromisso assumido quanto ao item registrado, sem aplica\u00e7\u00e3o de penalidades administrativas. <strong>8.1.2 &#8211;<\/strong> Na hip\u00f3tese prevista no item anterior, o gerenciador convocar\u00e1 os fornecedores do cadastro de reserva, na ordem de classifica\u00e7\u00e3o, para verificar se aceitam reduzir seus pre\u00e7os aos valores de mercado e n\u00e3o convocar\u00e1 os licitantes ou fornecedores que tiveram seu registro cancelado. <strong>8.1.3 &#8211;<\/strong> Se n\u00e3o obtiver \u00eaxito nas negocia\u00e7\u00f5es, o \u00f3rg\u00e3o ou entidade gerenciadora proceder\u00e1 ao cancelamento da ata de registro de pre\u00e7os, adotando as medidas cab\u00edveis para obten\u00e7\u00e3o de contrata\u00e7\u00e3o mais vantajosa. <strong>8.1.4 &#8211;<\/strong> Na hip\u00f3tese de redu\u00e7\u00e3o do pre\u00e7o registrado, o gerenciador comunicar\u00e1 aos \u00f3rg\u00e3os e \u00e0s entidades que tiverem firmado contratos decorrentes da ata de registro de pre\u00e7os para que avaliem a conveni\u00eancia e a oportunidade de diligenciarem negocia\u00e7\u00e3o com vistas \u00e0 altera\u00e7\u00e3o contratual, observado o disposto no artigo 124 da Lei 14.133\/2021. <strong>8.2 &#8211;<\/strong> Na hip\u00f3tese de o pre\u00e7o de mercado tornar-se superior ao pre\u00e7o registrado e o fornecedor n\u00e3o poder cumprir as obriga\u00e7\u00f5es estabelecidas na ata, ser\u00e1 facultado ao fornecedor requerer ao gerenciador a altera\u00e7\u00e3o do pre\u00e7o registrado, mediante comprova\u00e7\u00e3o de fato superveniente que supostamente o impossibilite de cumprir o compromisso. <strong>8.2.1 &#8211;<\/strong> Neste caso, o fornecedor encaminhar\u00e1, juntamente com o pedido de altera\u00e7\u00e3o, a documenta\u00e7\u00e3o comprobat\u00f3ria ou a planilha de custos que demonstre a inviabilidade do pre\u00e7o registrado em rela\u00e7\u00e3o \u00e0s condi\u00e7\u00f5es inicialmente pactuadas. <strong>8.2.2<\/strong> <strong>&#8211; <\/strong>N\u00e3o hip\u00f3tese de n\u00e3o comprova\u00e7\u00e3o da exist\u00eancia de fato superveniente que inviabilize o pre\u00e7o registrado, o pedido ser\u00e1 indeferido pelo \u00f3rg\u00e3o ou entidade gerenciadora e o fornecedor dever\u00e1 cumprir as obriga\u00e7\u00f5es estabelecidas na respectiva ata, sob pena de cancelamento do seu registro, nos termos do item 9.1, sem preju\u00edzo das san\u00e7\u00f5es previstas na Lei 14.133\/2021, e na legisla\u00e7\u00e3o aplic\u00e1vel. <strong>8.2.3<\/strong> <strong>&#8211; <\/strong>Na hip\u00f3tese de cancelamento do registro do fornecedor, nos termos do item anterior, o gerenciador convocar\u00e1 os fornecedores do cadastro de reserva, na ordem de classifica\u00e7\u00e3o, para verificar se aceitam manter seus pre\u00e7os registrados, observado o disposto no item 6.5. <strong>8.2.4<\/strong> <strong>&#8211; <\/strong>Se n\u00e3o obtiver \u00eaxito nas negocia\u00e7\u00f5es, o \u00f3rg\u00e3o ou entidade gerenciadora proceder\u00e1 ao cancelamento da ata de registro de pre\u00e7os, nos termos do item 9.4, e adotar\u00e1 as medidas cab\u00edveis para a obten\u00e7\u00e3o da contrata\u00e7\u00e3o mais vantajosa. <strong>8.2.5 &#8211;<\/strong> Na hip\u00f3tese de comprova\u00e7\u00e3o da majora\u00e7\u00e3o do pre\u00e7o de mercado que inviabilize o pre\u00e7o registrado, conforme previsto no item 8.2 e no item 8.2.1, o \u00f3rg\u00e3o ou entidade gerenciadora atualizar\u00e1 o pre\u00e7o registrado, de acordo com a realidade dos valores praticados pelo mercado. <strong>8.2.6 &#8211;<\/strong> O \u00f3rg\u00e3o ou entidade gerenciadora comunicar\u00e1 aos \u00f3rg\u00e3os e \u00e0s entidades que tiverem firmado contratos decorrentes da ata de registro de pre\u00e7os sobre a efetiva altera\u00e7\u00e3o do pre\u00e7o registrado, para que avaliem a necessidade de altera\u00e7\u00e3o contratual, observado o disposto no artigo 124 da Lei 14.133\/2021.<br \/>\n<strong>9 &#8211; CANCELAMENTO DO REGISTRO DO LICITANTE VENCEDOR E DOS PRE\u00c7OS REGISTRADOS: <\/strong><strong>9.1 &#8211; <\/strong>O registro do fornecedor ser\u00e1 cancelado pelo gerenciador, quando o fornecedor: <strong>9.1.1 &#8211; <\/strong>Descumprir as condi\u00e7\u00f5es da ata de registro de pre\u00e7os, sem motivo justificado; <strong>9.1.2 &#8211; <\/strong>N\u00e3o retirar a nota de empenho, ou instrumento equivalente, no prazo estabelecido pela Administra\u00e7\u00e3o sem justificativa razo\u00e1vel; <strong>9.1.3 &#8211; <\/strong>N\u00e3o aceitar manter seu pre\u00e7o registrado, na hip\u00f3tese prevista no subitem 8.2.2; ou <strong>9.1.4 &#8211; <\/strong>Sofrer san\u00e7\u00e3o prevista nos incisos III ou IV do <em>caput<\/em> do artigo 156 da Lei 14.133\/2021. <strong>9.1.4.1 &#8211;<\/strong> Na hip\u00f3tese de aplica\u00e7\u00e3o de san\u00e7\u00e3o prevista nos incisos III ou IV do <em>caput<\/em> do art. 156 da Lei14.133\/2021, caso a penalidade aplicada ao fornecedor n\u00e3o ultrapasse o prazo de vig\u00eancia da ata de registro de pre\u00e7os, poder\u00e1 o \u00f3rg\u00e3o ou a entidade gerenciadora poder\u00e1, mediante decis\u00e3o fundamentada, decidir pela manuten\u00e7\u00e3o do registro de pre\u00e7os, vedadas contrata\u00e7\u00f5es derivadas da ata enquanto perdurarem os efeitos da san\u00e7\u00e3o. <strong>9.2 &#8211; <\/strong>O cancelamento de registros nas hip\u00f3teses previstas no item 9.1 ser\u00e1 formalizado por despacho do \u00f3rg\u00e3o ou da entidade gerenciadora, garantidos os princ\u00edpios do contradit\u00f3rio e da ampla defesa. <strong>9.3 &#8211; <\/strong>Na hip\u00f3tese de cancelamento do registro do fornecedor, o \u00f3rg\u00e3o ou a entidade gerenciadora poder\u00e1 convocar os licitantes que comp\u00f5em o cadastro de reserva, observada a ordem de classifica\u00e7\u00e3o. <strong>9.4 &#8211; <\/strong>O cancelamento dos pre\u00e7os registrados poder\u00e1 ser realizado pelo gerenciador, em determinada ata de registro de pre\u00e7os, total ou parcialmente, nas seguintes hip\u00f3teses, desde que devidamente comprovadas e justificadas: <strong>9.4.1<\/strong> <strong>&#8211;<\/strong> Por raz\u00e3o de interesse p\u00fablico; <strong>9.4.2 &#8211;<\/strong> A pedido do fornecedor, decorrente de caso fortuito ou for\u00e7a maior; ou <strong>9.4.3<\/strong> <strong>&#8211;<\/strong> Se n\u00e3o houver \u00eaxito nas negocia\u00e7\u00f5es, nas hip\u00f3teses em que o pre\u00e7o de mercado tornar-se superior ou inferior ao pre\u00e7o registrado.<br \/>\n<strong>10 &#8211; DAS PENALIDADES: <\/strong><strong>10.1 &#8211;<\/strong> O descumprimento da Ata de Registro de Pre\u00e7os ensejar\u00e1 aplica\u00e7\u00e3o de penalidades, conformeas infra\u00e7\u00f5es previstas no art. 155 da Lei n.\u00ba 14.133, de 2021, quais sejam: <strong>10.1.1 &#8211;<\/strong> Dar causa \u00e0 inexecu\u00e7\u00e3o parcial do contrato; <strong>10.1.2<\/strong> <strong>&#8211; <\/strong>Dar causa \u00e0 inexecu\u00e7\u00e3o parcial do contrato que cause grave dano \u00e0 Administra\u00e7\u00e3o, ao funcionamento dos servi\u00e7os p\u00fablicos ou ao interesse coletivo; <strong>10.1.3 &#8211;<\/strong> Dar causa \u00e0 inexecu\u00e7\u00e3o total do contrato; <strong>10.1.4<\/strong> <strong>&#8211;<\/strong> Deixar de entregar a documenta\u00e7\u00e3o exigida para o certame; <strong>10.1.5<\/strong> <strong>&#8211;<\/strong> N\u00e3o manter a proposta, salvo em decorr\u00eancia de fato superveniente devidamente justificado; <strong>10.1.6<\/strong> <strong>&#8211;<\/strong> N\u00e3o celebrar o contrato ou n\u00e3o entregar a documenta\u00e7\u00e3o exigida para acontrata\u00e7\u00e3o, quando convocado dentro do prazo de validade de sua proposta; <strong>10.1.7<\/strong> <strong>&#8211;<\/strong> Ensejar o retardamento da execu\u00e7\u00e3o ou da entrega do objeto da licita\u00e7\u00e3o sem motivo justificado; <strong>10.1.8<\/strong> <strong>&#8211;<\/strong> Apresentar declara\u00e7\u00e3o ou documenta\u00e7\u00e3o falsa exigida para o certame ou prestar declara\u00e7\u00e3o falsa durante a dispensa eletr\u00f4nica ou a execu\u00e7\u00e3o do contrato; <strong>10.1.9 &#8211;<\/strong> Fraudar a dispensa eletr\u00f4nica ou praticar ato fraudulento na execu\u00e7\u00e3o do contrato; <strong>10.1.10<\/strong> <strong>&#8211;<\/strong> Comportar-se de modo inid\u00f4neo ou cometer fraude de qualquer natureza; <strong>10.1.10.1 &#8211;<\/strong> Considera-se comportamento inid\u00f4neo, entre outros, a declara\u00e7\u00e3o falsa quanto \u00e0s condi\u00e7\u00f5es de participa\u00e7\u00e3o, quanto ao enquadramento como ME\/EPP ou o conluio entre os fornecedores, em qualquer momento da dispensa, mesmo ap\u00f3s o encerramento da fase de lances; <strong>10.1.11 &#8211;<\/strong> Praticar atos il\u00edcitos com vistas a frustrar os objetivos deste certame; <strong>10.1.12<\/strong> <strong>&#8211;<\/strong> Praticar ato lesivo previsto no art. 5\u00ba da Lei 12.846\/2013. <strong>10.2<\/strong> <strong>&#8211; <\/strong>O fornecedor que cometer qualquer das infra\u00e7\u00f5es discriminadas nos subitens anteriores ficar\u00e1 sujeito, sem preju\u00edzo da responsabilidade civil e criminal, \u00e0s seguintes san\u00e7\u00f5es: <strong>a)<\/strong> Advert\u00eancia pela falta do subitem 10.1.1 desta Ata de Registro de Pre\u00e7os, quando n\u00e3o se justificar a imposi\u00e7\u00e3o de penalidade mais grave; <strong>b)<\/strong> Multa, calculada na forma do contrato, com base no total do valor da contrata\u00e7\u00e3o realizada de forma direta e ser\u00e1 aplicada ao respons\u00e1vel por qualquer das infra\u00e7\u00f5es administrativas previstas no item 10.1 desta Ata, no percentual de at\u00e9 10% (dez por cento), na hip\u00f3tese de cometimento das infra\u00e7\u00f5es previstas nos itens 10.1.1 a 10.1.7, e at\u00e9 20% (vinte por cento), se cometidas infra\u00e7\u00f5es previstas nos itens 10.1.8 a 10.1.12; <strong>b.1)<\/strong> O valor da multa poder\u00e1 ser descontado das faturas devidas \u00e0 <strong>CONTRATADA; <\/strong><strong>b.2)<\/strong> A multa pode ser aplicada isoladamente ou juntamente com as penalidades definidas nos itens \u201cc\u201d e \u201cd\u201d abaixo: <strong>c)<\/strong> Impedimento de licitar e contratar no \u00e2mbito da Administra\u00e7\u00e3o P\u00fablica direta e indireta do ente federativo que tiver aplicado a san\u00e7\u00e3o, pelo prazo m\u00e1ximo de 03 (tr\u00eas) anos, nos casos dos subitens 10.1.2 a 18.1.7 desta Ata de Registro de Pre\u00e7os, quando n\u00e3o se justificar a imposi\u00e7\u00e3o de penalidade mais grave; <strong>d)<\/strong> Declara\u00e7\u00e3o de inidoneidade para licitar ou contratar, que impedir\u00e1 o respons\u00e1vel de licitar ou contratar no \u00e2mbito da Administra\u00e7\u00e3o P\u00fablica direta e indireta de todos os entes federativos, pelo prazo m\u00ednimo de 03 (tr\u00eas) anos e m\u00e1ximo de 06 (seis) anos, nos casos dos subitens 10.1.2 a 10.1.12 desta Ata de Registro de Pre\u00e7os; <strong>10.3<\/strong> <strong>&#8211;<\/strong> Na aplica\u00e7\u00e3o das san\u00e7\u00f5es ser\u00e3o considerados: <strong>10.3.1<\/strong> <strong>&#8211;<\/strong> A natureza e a gravidade da infra\u00e7\u00e3o cometida; <strong>10.3.2<\/strong> <strong>&#8211;<\/strong> As peculiaridades do caso concreto; <strong>10.3.3<\/strong> <strong>&#8211;<\/strong> As circunst\u00e2ncias agravantes ou atenuantes; <strong>10.3.4<\/strong> <strong>&#8211;<\/strong> Os danos que dela provierem para a Administra\u00e7\u00e3o P\u00fablica; <strong>10.3.5<\/strong> <strong>&#8211;<\/strong> A implanta\u00e7\u00e3o ou o aperfei\u00e7oamento de programa de integridade, conforme normas e orienta\u00e7\u00f5es dos \u00f3rg\u00e3os de controle. <strong>10.4<\/strong> <strong>&#8211;<\/strong> Se a multa aplicada e as indeniza\u00e7\u00f5es cab\u00edveis forem superiores ao valor de pagamento eventualmente devido pela Administra\u00e7\u00e3o \u00e0<strong> CONTRATADA<\/strong>, al\u00e9m da perda desse valor, a diferen\u00e7a ser\u00e1 descontada da garantia prestada ou ser\u00e1 cobrada judicialmente; <strong>10.5<\/strong> <strong>&#8211;<\/strong> A aplica\u00e7\u00e3o de qualquer das penalidades previstas realizar-se-\u00e1 em processo administrativo que assegurar\u00e1 o contradit\u00f3rio e a ampla defesa ao fornecedor\/adjudicat\u00e1rio, observando-se o rito procedimental previsto no Cap\u00edtulo I do T\u00edtulo IV da Lei 14.133\/2021 \u2013 Das Infra\u00e7\u00f5es e San\u00e7\u00f5es Administrativas. <strong>10.6<\/strong> <strong>&#8211;<\/strong> As san\u00e7\u00f5es tamb\u00e9m se aplicam aos integrantes do cadastro de reserva no registro de pre\u00e7os que, convocados, n\u00e3o honrarem o compromisso assumido injustificadamente ap\u00f3s terem assinado a ata. <strong>10.7<\/strong> <strong>&#8211;<\/strong> \u00c9 da compet\u00eancia do gerenciador a aplica\u00e7\u00e3o das penalidades decorrentes do descumprimento do pactuado nesta ata de registro de pre\u00e7o, exceto nas hip\u00f3teses em que o descumprimento disser respeito \u00e0s contrata\u00e7\u00f5es dos \u00f3rg\u00e3os ou entidade participante, caso no qual caber\u00e1 ao respectivo \u00f3rg\u00e3o participante a aplica\u00e7\u00e3o da penalidade.<br \/>\n<strong>11 &#8211; \u00a0DOS RECURSOS OR\u00c7AMENT\u00c1RIOS: <\/strong><strong>11.1 \u2013<\/strong> As despesas decorrentes das contrata\u00e7\u00f5es oriundas da presente Ata de Registro de Pre\u00e7os, correr\u00e3o \u00e0 conta de dota\u00e7\u00e3o or\u00e7ament\u00e1ria do ano em curso, ou das demais que possam vir a aderir a presente Ata, \u00e1s quais ser\u00e3o elencadas em momento oportuno:<br \/>\n<strong>12 &#8211; DAS DISPOSI\u00c7\u00d5ES FINAIS: <\/strong><strong>12.1 \u2013<\/strong> As partes ficam, ainda, adstritas \u00e0s seguintes disposi\u00e7\u00f5es: <strong>12.1.1 &#8211;<\/strong> Todas as altera\u00e7\u00f5es que se fizerem necess\u00e1rias ser\u00e3o registradas por interm\u00e9dio de lavratura de termo aditivo a presente Ata de Registro de Pre\u00e7os. <strong>12.1.2 &#8211; <\/strong>Vinculam-se a esta Ata para fins de an\u00e1lise t\u00e9cnica, jur\u00eddica e decis\u00e3o superior o Edital de Preg\u00e3o Eletr\u00f4nico SRP N.\u00ba 008\/2024 e seus anexos e as propostas das licitantes classificadas. <strong>12.1.3 \u2013<\/strong> \u00c9 vedado caucionar ou utilizar o contrato decorrente do presente registro para qualquer opera\u00e7\u00e3o financeira, sem previa e expressa autoriza\u00e7\u00e3o da Prefeitura.<br \/>\n<strong>13. DO FORO: <\/strong><strong>13.1 \u2013<\/strong> As partes contratantes elegem o Foro da Comarca de Magalh\u00e3es de Almeida, Estado do Maranh\u00e3o, como competente para dirimir quaisquer quest\u00f5es oriundas do presente contrato, inclusive os casos omissos, que n\u00e3o puderem ser resolvidos pela via administrativa, renunciando a qualquer outro, por mais privilegiado que seja. <strong>13.2 \u2013<\/strong> E por estarem de acordo, as partes firmam a presente Ata, em 03 (tr\u00eas) vias de igual teor e forma para um s\u00f3 efeito legal, ficando uma via arquivada da sede da <strong>CONTRATANTE,<\/strong> na forma do Art. da Lei 14.133\/2021. Magalh\u00e3es de Almeida\/MA, 26 de mar\u00e7o de 2024.<\/p>\n","protected":false},"author":4,"template":"","class_list":["post-21441","publicacoesdom","type-publicacoesdom","status-publish","hentry"],"acf":{"tipo_de_publicacao_diario":"28","e_retificacao":"1","origem_do_diario":"Poder Executivo","codigo_verificador":"997e174900e2aca5a0678a4fc6b8af968fccc986"},"_links":{"self":[{"href":"https:\/\/magalhaesdealmeida.ma.gov.br\/transparencia\/wp-json\/wp\/v2\/publicacoesdom\/21441","targetHints":{"allow":["GET"]}}],"collection":[{"href":"https:\/\/magalhaesdealmeida.ma.gov.br\/transparencia\/wp-json\/wp\/v2\/publicacoesdom"}],"about":[{"href":"https:\/\/magalhaesdealmeida.ma.gov.br\/transparencia\/wp-json\/wp\/v2\/types\/publicacoesdom"}],"author":[{"embeddable":true,"href":"https:\/\/magalhaesdealmeida.ma.gov.br\/transparencia\/wp-json\/wp\/v2\/users\/4"}],"wp:attachment":[{"href":"https:\/\/magalhaesdealmeida.ma.gov.br\/transparencia\/wp-json\/wp\/v2\/media?parent=21441"}],"curies":[{"name":"wp","href":"https:\/\/api.w.org\/{rel}","templated":true}]}}