{"id":22234,"date":"2024-06-25T16:51:32","date_gmt":"2024-06-25T19:51:32","guid":{"rendered":"https:\/\/magalhaesdealmeida.ma.gov.br\/transparencia\/?post_type=publicacoesdom&#038;p=22234"},"modified":"2024-06-25T17:05:23","modified_gmt":"2024-06-25T20:05:23","slug":"lei-no-625-de-25-de-junho-de-2024","status":"publish","type":"publicacoesdom","link":"https:\/\/magalhaesdealmeida.ma.gov.br\/transparencia\/publicacoesdom\/lei-no-625-de-25-de-junho-de-2024\/","title":{"rendered":"LEI N.\u00ba 625 de 25 de junho de 2024"},"content":{"rendered":"<p><strong>DECLARA DE UTILIDADE P\u00daBLICA A ASSOCIA\u00c7\u00c3O DOS PROFISSIONAIS EM EDUCA\u00c7\u00c3O DE MAGALH\u00c3ES DE ALMEIDA E D\u00c1 OUTRAS\u00a0 PROVID\u00caNCIAS.<\/strong><br \/>\n<strong>O PREFEITO MUNICIPAL DE MAGALH\u00c3ES DE ALMEIDA, ESTADO DO MARANH\u00c3O,<\/strong> no uso de suas atribui\u00e7\u00f5es que lhe s\u00e3o conferidas por Lei, <strong>FA\u00c7O SABER<\/strong> que a C\u00e2mara Municipal de Vereadores aprovou e eu <strong>SANCIONO<\/strong> a seguinte Lei:<br \/>\n<strong>Art. 1\u00ba<\/strong> &#8211; Fica declarada de utilidade p\u00fablica a Associa\u00e7\u00e3o dos Profissionais em Educa\u00e7\u00e3o de Magalh\u00e3es de Almeida, com sede no Munic\u00edpio de Magalh\u00e3es de Almeida \u2013 MA.<br \/>\n<strong>Par\u00e1grafo \u00danico<\/strong> \u2013 A Associa\u00e7\u00e3o referida no presente artigo, foi fundada no dia 22 de mar\u00e7o de 2022 e inscrita no Cadastro Nacional de Pessoas Jur\u00eddicas \u2013 CNPJ sob o n\u00famero 45.902.667\/0001-18.<br \/>\n<strong>Art. 2\u00ba<\/strong> &#8211; A entidade a que trata o artigo 1\u00ba desta Lei, ficam assegurados todos os direitos e vantagens da legisla\u00e7\u00e3o vigente.<br \/>\n<strong>Art. 3\u00ba<\/strong> &#8211; Esta Lei entra em vigor na data de sua publica\u00e7\u00e3o, revogam-se as disposi\u00e7\u00f5es contr\u00e1rias.<br \/>\nPal\u00e1cio Benedito Lima e Silva, Gabinete do Prefeito Municipal de Magalh\u00e3es de Almeida &#8211; MA, em 25 de junho de 2024. RAIMUNDO NONATO CARVALHO, Prefeito Municipal.<\/p>\n","protected":false},"author":4,"template":"","class_list":["post-22234","publicacoesdom","type-publicacoesdom","status-publish","hentry"],"acf":{"tipo_de_publicacao_diario":"34","e_retificacao":"1","origem_do_diario":"Poder Executivo","codigo_verificador":"045ab3dfa310cafc3c82fbb698f32aeb97bfad35"},"_links":{"self":[{"href":"https:\/\/magalhaesdealmeida.ma.gov.br\/transparencia\/wp-json\/wp\/v2\/publicacoesdom\/22234","targetHints":{"allow":["GET"]}}],"collection":[{"href":"https:\/\/magalhaesdealmeida.ma.gov.br\/transparencia\/wp-json\/wp\/v2\/publicacoesdom"}],"about":[{"href":"https:\/\/magalhaesdealmeida.ma.gov.br\/transparencia\/wp-json\/wp\/v2\/types\/publicacoesdom"}],"author":[{"embeddable":true,"href":"https:\/\/magalhaesdealmeida.ma.gov.br\/transparencia\/wp-json\/wp\/v2\/users\/4"}],"wp:attachment":[{"href":"https:\/\/magalhaesdealmeida.ma.gov.br\/transparencia\/wp-json\/wp\/v2\/media?parent=22234"}],"curies":[{"name":"wp","href":"https:\/\/api.w.org\/{rel}","templated":true}]}}