{"id":22722,"date":"2024-08-28T11:59:59","date_gmt":"2024-08-28T14:59:59","guid":{"rendered":"https:\/\/magalhaesdealmeida.ma.gov.br\/transparencia\/?post_type=publicacoesdom&#038;p=22722"},"modified":"2024-08-28T16:31:43","modified_gmt":"2024-08-28T19:31:43","slug":"portaria-no-093-2024-semecti","status":"publish","type":"publicacoesdom","link":"https:\/\/magalhaesdealmeida.ma.gov.br\/transparencia\/publicacoesdom\/portaria-no-093-2024-semecti\/","title":{"rendered":"PORTARIA N.\u00ba 093\/2024 &#8211; SEMECTI"},"content":{"rendered":"<p><strong>\u201cDISP\u00d5E SOBRE A CONCESS\u00c3O DE LICEN\u00c7A PR\u00caMIO A SERVIDOR OCUPANTE DE CARGO DE PROVIMENTO EFETIVO DA SECRETARIA MUNICIPAL DE EDUCA\u00c7\u00c3O DE MAGALH\u00c3ES DE ALMEIDA-MA\u201d.<br \/>\n<\/strong><strong>O Sr. Ma\u00e9lio C\u00e9sar Freitas dos Santos, Secret\u00e1rio Municipal de Educa\u00e7\u00e3o do Munic\u00edpio de Magalh\u00e3es de Almeida, Estado do Maranh\u00e3o,<\/strong> no uso de suas atribui\u00e7\u00f5es legais previstas na lei Org\u00e2nica do munic\u00edpio e, Regime Jur\u00eddico \u00danico do Munic\u00edpio, <strong>RESOLVE:<br \/>\n<\/strong><strong>Art. 1\u00ba<\/strong> Conceder Licen\u00e7a Pr\u00eamio \u00e0 servidora Larissa Lima Costa, matr\u00edcula n\u00ba 169-1, ocupante de cargo de Agente Administrativo, do quadro de provimento efetivo da Secretaria Municipal de Educa\u00e7\u00e3o, de acordo com o art.\u00ba 70 da lei n\u00b0 236\/98, Regime Jur\u00eddico \u00danico.<br \/>\n<strong>Par\u00e1grafo \u2013 \u00danico:<\/strong> A Licen\u00e7a Pr\u00eamio refere-se ao per\u00edodo de aquisi\u00e7\u00e3o do m\u00eas de SETEMBRO de 2024, que ser\u00e1 gozada do dia 02 de setembro de 2024 ao dia 01 de outubro de 2024, voltando dia 02 de outubro de 2024.<br \/>\n<strong>Art. 2\u00ba<\/strong> Esta Portaria entra em vigor na data de sua publica\u00e7\u00e3o. Revogadas as disposi\u00e7\u00f5es em contr\u00e1rio.<br \/>\nMagalh\u00e3es de Almeida &#8211; MA, 28 de agosto de 2024. Ma\u00e9lio C\u00e9sar Freitas dos Santos, Secret\u00e1rio Municipal de Educa\u00e7\u00e3o.<\/p>\n","protected":false},"author":4,"template":"","class_list":["post-22722","publicacoesdom","type-publicacoesdom","status-publish","hentry"],"acf":{"tipo_de_publicacao_diario":"41","e_retificacao":"1","origem_do_diario":"Poder Executivo","codigo_verificador":"8cfbb03c8d96305e63e69e961679db9ada3d3c76"},"_links":{"self":[{"href":"https:\/\/magalhaesdealmeida.ma.gov.br\/transparencia\/wp-json\/wp\/v2\/publicacoesdom\/22722","targetHints":{"allow":["GET"]}}],"collection":[{"href":"https:\/\/magalhaesdealmeida.ma.gov.br\/transparencia\/wp-json\/wp\/v2\/publicacoesdom"}],"about":[{"href":"https:\/\/magalhaesdealmeida.ma.gov.br\/transparencia\/wp-json\/wp\/v2\/types\/publicacoesdom"}],"author":[{"embeddable":true,"href":"https:\/\/magalhaesdealmeida.ma.gov.br\/transparencia\/wp-json\/wp\/v2\/users\/4"}],"wp:attachment":[{"href":"https:\/\/magalhaesdealmeida.ma.gov.br\/transparencia\/wp-json\/wp\/v2\/media?parent=22722"}],"curies":[{"name":"wp","href":"https:\/\/api.w.org\/{rel}","templated":true}]}}