{"id":23262,"date":"2024-12-05T08:20:17","date_gmt":"2024-12-05T11:20:17","guid":{"rendered":"https:\/\/magalhaesdealmeida.ma.gov.br\/transparencia\/?post_type=publicacoesdom&#038;p=23262"},"modified":"2024-12-05T08:20:17","modified_gmt":"2024-12-05T11:20:17","slug":"resultado-do-edital-chamamento-publico-n-o-003-2024-para-selecao-de-projetos-para-firmar-termo-de-execucao-cultural-com-recursos-da-politica-nacional-aldir-blanc-de-fomento-a-cultura-pnab","status":"publish","type":"publicacoesdom","link":"https:\/\/magalhaesdealmeida.ma.gov.br\/transparencia\/publicacoesdom\/resultado-do-edital-chamamento-publico-n-o-003-2024-para-selecao-de-projetos-para-firmar-termo-de-execucao-cultural-com-recursos-da-politica-nacional-aldir-blanc-de-fomento-a-cultura-pnab\/","title":{"rendered":"RESULTADO DO EDITAL CHAMAMENTO P\u00daBLICO N.\u00ba 003\/2024 &#8211; PARA SELE\u00c7\u00c3O DE PROJETOS PARA FIRMAR TERMO DE EXECU\u00c7\u00c3O CULTURAL COM RECURSOS DA POL\u00cdTICA NACIONAL ALDIR BLANC DE FOMENTO \u00c0 CULTURA \u2013 PNAB (LEI N.\u00ba 14.399\/2022)"},"content":{"rendered":"<p>A Prefeitura Municipal de Munic\u00edpio de Magalh\u00e3es de Almeida do Maranh\u00e3o, por interm\u00e9dio da Secretaria Municipal de Cultura e Turismo\u00a0no uso de suas atribui\u00e7\u00f5es legais que lhe s\u00e3o conferidas pela Lei Municipal, torna p\u00fablico o <strong>RESULTADO PRELIMINAR\/HABILITA\u00c7\u00c3O<\/strong> do Edital de Chamamento P\u00fablico n.\u00ba 003\/2024 para sele\u00e7\u00e3o de projetos para formar termo de execu\u00e7\u00e3o cultural com recursos da pol\u00edtica nacional Aldir Blanc de fomento \u00e0 cultura \u2013 PNAB (LEI N.\u00b0 14.399\/2022)<br \/>\nO edital tem como objeto a sele\u00e7\u00e3o de projetos culturais para realiza\u00e7\u00e3o de programa\u00e7\u00e3o art\u00edstico-cultural, bem como festival\/festa popular, que receberam apoio financeiro com objetivo de incentivar as diversas formas de manifesta\u00e7\u00f5es culturais do Munic\u00edpio de Magalh\u00e3es de Almeida do Maranh\u00e3o.<br \/>\nO valor total deste edital \u00e9 de R$ 70.079,00 (setenta mil e setenta e nove reais), ao agente cultural, n\u00e3o incidir\u00e1 Imposto de Renda, Imposto Sobre Servi\u00e7os \u2013 ISS, e eventuais impostos pr\u00f3prios da contrata\u00e7\u00e3o de servi\u00e7os.<br \/>\n<strong>PROPONENTE HABILITADO: <\/strong>RENATO DAMASCENO SILVA<br \/>\n<strong>CPF: <\/strong>044.***.**3-36<br \/>\n<strong>PROJETO: <\/strong>Magalh\u00e3es Music Fest: Som e Cores<br \/>\n<strong>VALOR: <\/strong>R$ 70.000,00 (Setenta mil reais).<br \/>\nO Chamamento regido por este Edital \u00e9 composto pelas seguintes etapas:<\/p>\n<ul>\n<li><strong>Inscri\u00e7\u00f5es \u2013 <\/strong>Etapa de apresenta\u00e7\u00e3o dos projetos pelos agentes culturais<\/li>\n<li><strong>Sele\u00e7\u00e3o &#8211; <\/strong>Etapa\u00a0em que uma comiss\u00e3o analisa e seleciona os projetos;<\/li>\n<li><strong>Habilita\u00e7\u00e3o \u2013 <\/strong>Etapa\u00a0em que os agentes culturais selecionados ser\u00e3o convocados para apresentar documentos de habilita\u00e7\u00e3o.<\/li>\n<li><strong>Assinatura do Termo de Execu\u00e7\u00e3o Cultural <\/strong>\u2013 Etapa em que os agentes culturais habilitados ser\u00e3o convocados para assinar o Termo de Execu\u00e7\u00e3o Cultural<\/li>\n<\/ul>\n<p>O Chamamento P\u00fablico que trata este Edital contou apenas com uma proposta submetida, tendo esta contemplada conforme resultado acima.<br \/>\n<strong>FRANCISCO DAS CHAGAS BORGES DA SILVA FILHO, <\/strong><strong>SECRET\u00c1RIO MUNICIPAL DE CULTURA E TURISMO e <\/strong><strong>RAIMUNDO NONATO CARVALHO, <\/strong><strong>PREFEITO MUNICIPAL.<\/strong><\/p>\n","protected":false},"author":4,"template":"","class_list":["post-23262","publicacoesdom","type-publicacoesdom","status-publish","hentry"],"acf":{"tipo_de_publicacao_diario":"0","e_retificacao":"1","origem_do_diario":"Poder Executivo","codigo_verificador":"142a525e279e637df32d47fd68890c957fa79964"},"_links":{"self":[{"href":"https:\/\/magalhaesdealmeida.ma.gov.br\/transparencia\/wp-json\/wp\/v2\/publicacoesdom\/23262","targetHints":{"allow":["GET"]}}],"collection":[{"href":"https:\/\/magalhaesdealmeida.ma.gov.br\/transparencia\/wp-json\/wp\/v2\/publicacoesdom"}],"about":[{"href":"https:\/\/magalhaesdealmeida.ma.gov.br\/transparencia\/wp-json\/wp\/v2\/types\/publicacoesdom"}],"author":[{"embeddable":true,"href":"https:\/\/magalhaesdealmeida.ma.gov.br\/transparencia\/wp-json\/wp\/v2\/users\/4"}],"wp:attachment":[{"href":"https:\/\/magalhaesdealmeida.ma.gov.br\/transparencia\/wp-json\/wp\/v2\/media?parent=23262"}],"curies":[{"name":"wp","href":"https:\/\/api.w.org\/{rel}","templated":true}]}}