{"id":23330,"date":"2024-12-18T16:04:38","date_gmt":"2024-12-18T19:04:38","guid":{"rendered":"https:\/\/magalhaesdealmeida.ma.gov.br\/transparencia\/?post_type=publicacoesdom&#038;p=23330"},"modified":"2024-12-18T17:07:43","modified_gmt":"2024-12-18T20:07:43","slug":"decreto-n-o-018-2024","status":"publish","type":"publicacoesdom","link":"https:\/\/magalhaesdealmeida.ma.gov.br\/transparencia\/publicacoesdom\/decreto-n-o-018-2024\/","title":{"rendered":"DECRETO N.\u00ba 018\/2024"},"content":{"rendered":"<p><strong>DISP\u00d5E SOBRE O RECESSO FUNCIONAL DAS REPARTI\u00c7\u00d5ES P\u00daBLICAS DO MUNIC\u00cdPIO DE MAGALH\u00c3ES DE ALMEIDA, ESTADO DO MARANH\u00c3O, NO PER\u00cdODO DE 20 DE DEZEMBRO DE 2024 A 12 DE JANEIRO DE 2025, E D\u00c1 OUTRAS PROVID\u00caNCIAS.<br \/>\n<\/strong><strong>CONSIDERANDO <\/strong>as festividades natalinas de final de ano;<br \/>\n<strong>CONSIDERANDO <\/strong>a necessidade de paralisa\u00e7\u00e3o de servidores p\u00fablicos n\u00e3o essenciais \u00a0nestas datas comemorativas;<br \/>\n<strong>CONSIDERANDO <\/strong>a necessidade da redu\u00e7\u00e3o de custeio da Administra\u00e7\u00e3o P\u00fablica Municipal;<br \/>\nO <strong>PREFEITO MUNICIPAL DE MAGALH\u00c3ES DE ALMEIDA<\/strong>, Estado do Maranh\u00e3o, no uso de suas atribui\u00e7\u00f5es legais (art. 67, VI da Lei Org\u00e2nica do Munic\u00edpio); <strong><u>DECRETA<\/u>:<br \/>\n<\/strong><strong>Art. 1\u00ba &#8211; <\/strong>Fica decretado recesso nas reparti\u00e7\u00f5es p\u00fablicas municipais, no per\u00edodo de 20 de dezembro de 2024 a 12 de janeiro de 2025, retornando normalmente as atividades no dia 13 de janeiro de 2025 (segunda-feira), tendo em vista as festividades alusivas ao Natal e Ano Novo.<br \/>\n<strong>\u00a71\u00ba.<\/strong> Os servidores p\u00fablicos dever\u00e3o se revezar entre os dois per\u00edodos comemorativos estabelecidos no \u201ccaput\u201d, preservando-se os servi\u00e7os considerados essenciais, em especial o atendimento ao p\u00fablico.<br \/>\n<strong>\u00a72\u00ba.<\/strong> O \u201cCaput\u201d deste artigo n\u00e3o se aplica as atividades de emerg\u00eancia do setor p\u00fablico, tais como, sa\u00fade, limpeza p\u00fablica e outras assim consideradas, que atender\u00e3o em sistema de plant\u00e3o.<br \/>\n<strong>Art. 2\u00ba &#8211; <\/strong>As f\u00e9rias solicitadas durante o per\u00edodo do recesso administrativo ser\u00e3o validadas como f\u00e9rias, bem como as f\u00e9rias requeridas antes ou imediatamente ap\u00f3s esse per\u00edodo ser\u00e3o deferidas conforme o interesse da administra\u00e7\u00e3o.<br \/>\n<strong>Art. 3\u00ba &#8211; <\/strong>Este Decreto entra em vigor na data de sua publica\u00e7\u00e3o, revogando-se \u00a0as disposi\u00e7\u00f5es em contr\u00e1rio.<br \/>\nLeia-se. Publique-se e Cumpra-se, em Magalh\u00e3es de Almeida\/MA, 18 de dezembro de 2024. <strong>RAIMUNDO NONATO CARVALHO <\/strong>Prefeito Municipal.<\/p>\n","protected":false},"author":4,"template":"","class_list":["post-23330","publicacoesdom","type-publicacoesdom","status-publish","hentry"],"acf":{"tipo_de_publicacao_diario":"23","e_retificacao":"1","origem_do_diario":"Poder Executivo","codigo_verificador":"412d79b2c4844b35066a32ba0af32da59a62b6be"},"_links":{"self":[{"href":"https:\/\/magalhaesdealmeida.ma.gov.br\/transparencia\/wp-json\/wp\/v2\/publicacoesdom\/23330","targetHints":{"allow":["GET"]}}],"collection":[{"href":"https:\/\/magalhaesdealmeida.ma.gov.br\/transparencia\/wp-json\/wp\/v2\/publicacoesdom"}],"about":[{"href":"https:\/\/magalhaesdealmeida.ma.gov.br\/transparencia\/wp-json\/wp\/v2\/types\/publicacoesdom"}],"author":[{"embeddable":true,"href":"https:\/\/magalhaesdealmeida.ma.gov.br\/transparencia\/wp-json\/wp\/v2\/users\/4"}],"wp:attachment":[{"href":"https:\/\/magalhaesdealmeida.ma.gov.br\/transparencia\/wp-json\/wp\/v2\/media?parent=23330"}],"curies":[{"name":"wp","href":"https:\/\/api.w.org\/{rel}","templated":true}]}}