{"id":23612,"date":"2025-01-20T09:05:23","date_gmt":"2025-01-20T12:05:23","guid":{"rendered":"https:\/\/magalhaesdealmeida.ma.gov.br\/transparencia\/?post_type=publicacoesdom&#038;p=23612"},"modified":"2025-01-20T17:19:04","modified_gmt":"2025-01-20T20:19:04","slug":"retificacao-n-02-da-convocacao-n-o-001-2025-do-concurso-publico-da-prefeitura-municipal-de-magalhaes-de-almeida-ma-realizado-em-2024","status":"publish","type":"publicacoesdom","link":"https:\/\/magalhaesdealmeida.ma.gov.br\/transparencia\/publicacoesdom\/retificacao-n-02-da-convocacao-n-o-001-2025-do-concurso-publico-da-prefeitura-municipal-de-magalhaes-de-almeida-ma-realizado-em-2024\/","title":{"rendered":"RETIFICA\u00c7\u00c3O N.\u00b0 02 DA CONVOCA\u00c7\u00c3O N.\u00ba 001\/2025 &#8211; DO CONCURSO P\u00daBLICO DA PREFEITURA MUNICIPAL DE MAGALH\u00c3ES DE ALMEIDA\/MA REALIZADO EM 2024."},"content":{"rendered":"<p><strong>RETIFICA\u00c7\u00c3O N.\u00b0 02 DA CONVOCA\u00c7\u00c3O DO CONCURSO 2024 &#8211; 001\/2025<br \/>\n<\/strong><strong>Publicado no Di\u00e1rio Oficial Municipal <\/strong><strong>\u2013 <\/strong><strong>DOM N.\u00ba 1.534 em 15 de janeiro de 2025.<br \/>\n<\/strong>O Prefeito Municipal de Magalh\u00e3es de Almeida, Estado do Maranh\u00e3o, no uso de suas atribui\u00e7\u00f5es e de conformidade com a Lei, <strong><u>CONVOCA<\/u> <\/strong>os (as) senhores (as) abaixo relacionados (as) a comparecer na SEDE da prefeitura de Magalh\u00e3es de Almeida-MA, <strong>no per\u00edodo de 16\/01\/2025 \u00e0 01\/02\/2025, das 8:00 \u00e0s 12:00 horas no Pr\u00e9dio da Prefeitura Municipal, na Rua Manoel Pires de Castro n\u00ba 279 \u2013 Centro, munidos da documenta\u00e7\u00e3o exigida no Anexo II ao Anexo VIII, e Se\u00e7\u00e3o III. Item 3.1 ao item 3.10 do Edital n\u00ba 01\/2024.<br \/>\n<\/strong>INFORMA, AINDA, QUE A ALTERA\u00c7\u00c3O QUANTO AO PRAZO PARA APRESENTA\u00c7\u00c3O DE DOCUMENTOS SE DEU PARA <strong>ACATAR RECOMENDA\u00c7\u00c3O ADMINISTRATIVA EMITIDA PELA PROMOTORIA DE JUSTI\u00c7A DESTA COMARCA.<br \/>\n<\/strong><strong>Avisa, ainda, que o n\u00e3o comparecimento no per\u00edodo marcado, ensejar\u00e1 no chamamento dos aprovados em ordem de classifica\u00e7\u00e3o (Cadastro de reserva e, se necess\u00e1rio, classificados) conforme necessidade do ente p\u00fablico.<br \/>\n<\/strong><strong>CONVOCA\u00c7\u00c3O DOS CARGOS APROVADOS SOB O EDITAL N\u00b0 01\/2024<br \/>\nCARGO: ASSISTENTE SOCIAL<br \/>\n<\/strong><\/p>\n<table width=\"286\">\n<tbody>\n<tr>\n<td style=\"text-align: center\" width=\"79\"><strong>CLASSIFICA\u00c7\u00c3O<\/strong><\/td>\n<td style=\"text-align: center\" width=\"150\"><strong>CANDIDATO<\/strong><\/td>\n<td style=\"text-align: center\" width=\"57\"><strong>INSCRI\u00c7\u00c3O<\/strong><\/td>\n<\/tr>\n<tr>\n<td style=\"text-align: center\" width=\"79\">1<\/td>\n<td width=\"150\">JAIANE GARCEZ DOS SANTOS<\/td>\n<td style=\"text-align: center\" width=\"57\">110201<\/td>\n<\/tr>\n<tr>\n<td style=\"text-align: center\" width=\"79\">2<\/td>\n<td width=\"150\">ISABEL RODRIGUES DA SILVA<\/td>\n<td style=\"text-align: center\" width=\"57\">113923<\/td>\n<\/tr>\n<\/tbody>\n<\/table>\n<p><strong>CARGO: PSIC\u00d3LOGO<br \/>\n<\/strong><\/p>\n<table width=\"286\">\n<tbody>\n<tr>\n<td style=\"text-align: center\" width=\"79\"><strong>CLASSIFICA\u00c7\u00c3O<\/strong><\/td>\n<td style=\"text-align: center\" width=\"150\"><strong>CANDIDATO<\/strong><\/td>\n<td style=\"text-align: center\" width=\"57\"><strong>INSCRI\u00c7\u00c3O<\/strong><\/td>\n<\/tr>\n<tr>\n<td style=\"text-align: center\" width=\"79\">1<\/td>\n<td width=\"150\">ANA FL\u00c1VIA VIEIRA DA SILVA<\/td>\n<td style=\"text-align: center\" width=\"57\">110721<\/td>\n<\/tr>\n<tr>\n<td style=\"text-align: center\" width=\"79\">2<\/td>\n<td width=\"150\">MAR\u00cdLIA SILVA COSTA<\/td>\n<td style=\"text-align: center\" width=\"57\">113581<\/td>\n<\/tr>\n<\/tbody>\n<\/table>\n<p><strong>CARGO: PROFESSOR DE EDUCA\u00c7\u00c3O INFANTIL<br \/>\n<\/strong><\/p>\n<table width=\"286\">\n<tbody>\n<tr>\n<td style=\"text-align: center\" width=\"79\"><strong>CLASSIFICA\u00c7\u00c3O<\/strong><\/td>\n<td style=\"text-align: center\" width=\"150\"><strong>CANDIDATO<\/strong><\/td>\n<td style=\"text-align: center\" width=\"57\"><strong>INSCRI\u00c7\u00c3O<\/strong><\/td>\n<\/tr>\n<tr>\n<td style=\"text-align: center\" width=\"79\">1<\/td>\n<td width=\"150\">REGINA GUIMAR\u00c3ES GARRETO<\/td>\n<td style=\"text-align: center\" width=\"57\">109911<\/td>\n<\/tr>\n<tr>\n<td style=\"text-align: center\" width=\"79\">2<\/td>\n<td width=\"150\">UBIRATAN DOS SANTOS GOMES PEREIRA JUNIOR<\/td>\n<td style=\"text-align: center\" width=\"57\">113273<\/td>\n<\/tr>\n<tr>\n<td style=\"text-align: center\" width=\"79\">3<\/td>\n<td width=\"150\">JANINY DE SOUZA SILVA<\/td>\n<td style=\"text-align: center\" width=\"57\">109101<\/td>\n<\/tr>\n<tr>\n<td style=\"text-align: center\" width=\"79\">4<\/td>\n<td width=\"150\">LAYS CARVALHO SOUSA<\/td>\n<td style=\"text-align: center\" width=\"57\">111286<\/td>\n<\/tr>\n<\/tbody>\n<\/table>\n<p><strong>CARGO: PROFESSOR N\u00cdEL I<br \/>\n<\/strong><\/p>\n<table width=\"286\">\n<tbody>\n<tr>\n<td style=\"text-align: center\" width=\"79\"><strong>CLASSIFICA\u00c7\u00c3O<\/strong><\/td>\n<td style=\"text-align: center\" width=\"150\"><strong>CANDIDATO<\/strong><\/td>\n<td style=\"text-align: center\" width=\"57\"><strong>INSCRI\u00c7\u00c3O<\/strong><\/td>\n<\/tr>\n<tr>\n<td style=\"text-align: center\" width=\"79\">1<\/td>\n<td width=\"150\">KL\u00c9CIO FURTADO SOUZA<\/td>\n<td style=\"text-align: center\" width=\"57\">112403<\/td>\n<\/tr>\n<tr>\n<td style=\"text-align: center\" width=\"79\">2<\/td>\n<td width=\"150\">DANIEL SILVA DE FRAN\u00c7A<\/td>\n<td style=\"text-align: center\" width=\"57\">111082<\/td>\n<\/tr>\n<tr>\n<td style=\"text-align: center\" width=\"79\">3<\/td>\n<td width=\"150\">EZEQUIAS AZEVEDO PEREIRA<\/td>\n<td style=\"text-align: center\" width=\"57\">112369<\/td>\n<\/tr>\n<tr>\n<td style=\"text-align: center\" width=\"79\">4<\/td>\n<td width=\"150\">MOIS\u00c9S CARDOSO DA SILVA<\/td>\n<td style=\"text-align: center\" width=\"57\">111882<\/td>\n<\/tr>\n<\/tbody>\n<\/table>\n<p><strong>CARGO: PROFESSOR EDUCA\u00c7\u00c3O ESPECIAL<br \/>\n<\/strong><\/p>\n<table width=\"286\">\n<tbody>\n<tr>\n<td style=\"text-align: center\" width=\"79\"><strong>CLASSIFICA\u00c7\u00c3O<\/strong><\/td>\n<td style=\"text-align: center\" width=\"150\"><strong>CANDIDATO<\/strong><\/td>\n<td style=\"text-align: center\" width=\"57\"><strong>INSCRI\u00c7\u00c3O<\/strong><\/td>\n<\/tr>\n<tr>\n<td style=\"text-align: center\" width=\"79\">1<\/td>\n<td width=\"150\">SANDRO SILVA ALVES<\/td>\n<td style=\"text-align: center\" width=\"57\">109325<\/td>\n<\/tr>\n<\/tbody>\n<\/table>\n<p><strong>CARGO: PROFESSOR DE M\u00daSICA N\u00cdVEL I<br \/>\n<\/strong><\/p>\n<table width=\"286\">\n<tbody>\n<tr>\n<td style=\"text-align: center\" width=\"79\"><strong>CLASSIFICA\u00c7\u00c3O<\/strong><\/td>\n<td style=\"text-align: center\" width=\"150\"><strong>CANDIDATO<\/strong><\/td>\n<td style=\"text-align: center\" width=\"57\"><strong>INSCRI\u00c7\u00c3O<\/strong><\/td>\n<\/tr>\n<tr>\n<td style=\"text-align: center\" width=\"79\">1<\/td>\n<td width=\"150\">LUAN ROCHA DA COSTA<\/td>\n<td style=\"text-align: center\" width=\"57\">110691<\/td>\n<\/tr>\n<\/tbody>\n<\/table>\n<p><strong>CARGO: PROFESSOR DE MATEM\u00c1TICA N\u00cdVEL II<br \/>\n<\/strong><\/p>\n<table width=\"286\">\n<tbody>\n<tr>\n<td style=\"text-align: center\" width=\"79\"><strong>CLASSIFICA\u00c7\u00c3O<\/strong><\/td>\n<td style=\"text-align: center\" width=\"150\"><strong>CANDIDATO<\/strong><\/td>\n<td style=\"text-align: center\" width=\"57\"><strong>INSCRI\u00c7\u00c3O<\/strong><\/td>\n<\/tr>\n<tr>\n<td style=\"text-align: center\" width=\"79\">1<\/td>\n<td width=\"150\">JOS\u00c9 NILTON FORTES MACHADO<\/td>\n<td style=\"text-align: center\" width=\"57\">109114<\/td>\n<\/tr>\n<tr>\n<td style=\"text-align: center\" width=\"79\">2<\/td>\n<td width=\"150\">FRANCISCO VIEIRA DOS SANTOS<\/td>\n<td style=\"text-align: center\" width=\"57\">110193<\/td>\n<\/tr>\n<\/tbody>\n<\/table>\n<p><strong>CARGO: PROFESSOR DE HIS\u00d3RIA N\u00cdVEL II<br \/>\n<\/strong><\/p>\n<table width=\"286\">\n<tbody>\n<tr>\n<td style=\"text-align: center\" width=\"79\"><strong>CLASSIFICA\u00c7\u00c3O<\/strong><\/td>\n<td style=\"text-align: center\" width=\"150\"><strong>CANDIDATO<\/strong><\/td>\n<td style=\"text-align: center\" width=\"57\"><strong>INSCRI\u00c7\u00c3O<\/strong><\/td>\n<\/tr>\n<tr>\n<td style=\"text-align: center\" width=\"79\">1<\/td>\n<td width=\"150\">FRANCISCO CARVALHO PEREIRA<\/td>\n<td style=\"text-align: center\" width=\"57\">109541<\/td>\n<\/tr>\n<\/tbody>\n<\/table>\n<p><strong>CARGO: PROFESSOR DE L\u00cdNGUA PORTUGUESA N\u00cdVEL II<br \/>\n<\/strong><\/p>\n<table width=\"286\">\n<tbody>\n<tr>\n<td style=\"text-align: center\" width=\"79\"><strong>CLASSIFICA\u00c7\u00c3O<\/strong><\/td>\n<td style=\"text-align: center\" width=\"150\"><strong>CANDIDATO<\/strong><\/td>\n<td style=\"text-align: center\" width=\"57\"><strong>INSCRI\u00c7\u00c3O<\/strong><\/td>\n<\/tr>\n<tr>\n<td style=\"text-align: center\" width=\"79\">1<\/td>\n<td width=\"150\">TA\u00cdS SILVA CARVALHO<\/td>\n<td style=\"text-align: center\" width=\"57\">111352<\/td>\n<\/tr>\n<\/tbody>\n<\/table>\n<p><strong>CARGO: PROFESSOR DE CI\u00caNCIA N\u00cdVEL II<br \/>\n<\/strong><\/p>\n<table width=\"286\">\n<tbody>\n<tr>\n<td style=\"text-align: center\" width=\"79\"><strong>CLASSIFICA\u00c7\u00c3O<\/strong><\/td>\n<td style=\"text-align: center\" width=\"150\"><strong>CANDIDATO<\/strong><\/td>\n<td style=\"text-align: center\" width=\"57\"><strong>INSCRI\u00c7\u00c3O<\/strong><\/td>\n<\/tr>\n<tr>\n<td style=\"text-align: center\" width=\"79\">1<\/td>\n<td width=\"150\">JACIANNE MACHADO SOUSA<\/td>\n<td style=\"text-align: center\" width=\"57\">111855<\/td>\n<\/tr>\n<\/tbody>\n<\/table>\n<p><strong>CARGO: VIGIA<br \/>\n<\/strong><\/p>\n<table width=\"286\">\n<tbody>\n<tr>\n<td style=\"text-align: center\" width=\"79\"><strong>CLASSIFICA\u00c7\u00c3O<\/strong><\/td>\n<td style=\"text-align: center\" width=\"150\"><strong>CANDIDATO<\/strong><\/td>\n<td style=\"text-align: center\" width=\"57\"><strong>INSCRI\u00c7\u00c3O<\/strong><\/td>\n<\/tr>\n<tr>\n<td style=\"text-align: center\" width=\"79\">1<\/td>\n<td width=\"150\">CLAUBERTH ALLAN SILVA OLIVEIRA<\/td>\n<td style=\"text-align: center\" width=\"57\">109143<\/td>\n<\/tr>\n<tr>\n<td style=\"text-align: center\" width=\"79\">2<\/td>\n<td width=\"150\">CARLOS EMANNUEL LOPES DA SILVA<\/td>\n<td style=\"text-align: center\" width=\"57\">109357<\/td>\n<\/tr>\n<tr>\n<td style=\"text-align: center\" width=\"79\">3<\/td>\n<td width=\"150\">ANTONIO ALVES DA SILVA NETO<\/td>\n<td style=\"text-align: center\" width=\"57\">111727<\/td>\n<\/tr>\n<tr>\n<td style=\"text-align: center\" width=\"79\">4<\/td>\n<td width=\"150\">ELIESIO ANDRADE DA COSTA<\/td>\n<td style=\"text-align: center\" width=\"57\">109875<\/td>\n<\/tr>\n<tr>\n<td style=\"text-align: center\" width=\"79\">5<\/td>\n<td width=\"150\">JACKSON RAMOS DIAS<\/td>\n<td style=\"text-align: center\" width=\"57\">112974<\/td>\n<\/tr>\n<tr>\n<td style=\"text-align: center\" width=\"79\">6<\/td>\n<td width=\"150\">LUCAS RENER ALVES DE SOUSA<\/td>\n<td style=\"text-align: center\" width=\"57\">112701<\/td>\n<\/tr>\n<tr>\n<td style=\"text-align: center\" width=\"79\">7<\/td>\n<td width=\"150\">MATHEUS FRANCISCO RODRIGUES<\/td>\n<td style=\"text-align: center\" width=\"57\">109638<\/td>\n<\/tr>\n<tr>\n<td style=\"text-align: center\" width=\"79\">8<\/td>\n<td width=\"150\">MARCOS ANTONIO DA SILVA VALE<\/td>\n<td style=\"text-align: center\" width=\"57\">111597<\/td>\n<\/tr>\n<tr>\n<td style=\"text-align: center\" width=\"79\">9<\/td>\n<td width=\"150\">FRANCISCO DAS CHAGAS SIQUEIRA NETO<\/td>\n<td style=\"text-align: center\" width=\"57\">112971<\/td>\n<\/tr>\n<tr>\n<td style=\"text-align: center\" width=\"79\">10<\/td>\n<td width=\"150\">OT\u00c1VIO DA COSTA DE ARAUJO<\/td>\n<td style=\"text-align: center\" width=\"57\">113118<\/td>\n<\/tr>\n<tr>\n<td style=\"text-align: center\" width=\"79\">11<\/td>\n<td width=\"150\">FRANCISCO DE ASSIS XAVIER SIQUEIRA<\/td>\n<td style=\"text-align: center\" width=\"57\">111744<\/td>\n<\/tr>\n<tr>\n<td style=\"text-align: center\" width=\"79\">12<\/td>\n<td width=\"150\">DHEMESSON MAT\u00c3 NASCIMENTO<\/td>\n<td style=\"text-align: center\" width=\"57\">112691<\/td>\n<\/tr>\n<tr>\n<td style=\"text-align: center\" width=\"79\">13<\/td>\n<td width=\"150\">FRANCISCO DAS CHAGAS LUZ SILVA<\/td>\n<td style=\"text-align: center\" width=\"57\">111843<\/td>\n<\/tr>\n<tr>\n<td style=\"text-align: center\" width=\"79\">14<\/td>\n<td width=\"150\">ALEXANDRE DAS CHAGAS LUNAS<\/td>\n<td style=\"text-align: center\" width=\"57\">110036<\/td>\n<\/tr>\n<tr>\n<td style=\"text-align: center\" width=\"79\">15<\/td>\n<td width=\"150\">FRANCISCO JOS\u00c9 SANTOS REIS<\/td>\n<td style=\"text-align: center\" width=\"57\">113518<\/td>\n<\/tr>\n<tr>\n<td style=\"text-align: center\" width=\"79\">16<\/td>\n<td width=\"150\">GENISON MAT\u00c3 NASCIMENTO<\/td>\n<td style=\"text-align: center\" width=\"57\">112704<\/td>\n<\/tr>\n<tr>\n<td style=\"text-align: center\" width=\"79\">17<\/td>\n<td width=\"150\">FRANCISCO R\u00d4MULO CARVALHO ROZA<\/td>\n<td style=\"text-align: center\" width=\"57\">109707<\/td>\n<\/tr>\n<tr>\n<td style=\"text-align: center\" width=\"79\">18<\/td>\n<td width=\"150\">IGO DE SOUSA LIMA<\/td>\n<td width=\"57\">\u00a0 \u00a0 \u00a0 109294<\/td>\n<\/tr>\n<tr>\n<td style=\"text-align: center\" width=\"79\">19<\/td>\n<td width=\"150\">GUSTAVO DE CASTRO PONTES<\/td>\n<td style=\"text-align: center\" width=\"57\">113774<\/td>\n<\/tr>\n<tr>\n<td style=\"text-align: center\" width=\"79\">20<\/td>\n<td width=\"150\">LUIS FERNANDO BRAGA SOARES<\/td>\n<td style=\"text-align: center\" width=\"57\">110527<\/td>\n<\/tr>\n<tr>\n<td style=\"text-align: center\" width=\"79\">21<\/td>\n<td width=\"150\">BRUNO SOUSA DE FRAN\u00c7A<\/td>\n<td style=\"text-align: center\" width=\"57\">111324<\/td>\n<\/tr>\n<tr>\n<td style=\"text-align: center\" width=\"79\">22<\/td>\n<td width=\"150\">C\u00c1SSIO LUIS DA SILVA MACATR\u00c3O BACELLAR<\/td>\n<td style=\"text-align: center\" width=\"57\">111435<\/td>\n<\/tr>\n<tr>\n<td style=\"text-align: center\" width=\"79\">23<\/td>\n<td width=\"150\">VALDIR BERNARDES PORTELA SANCHEZ<\/td>\n<td style=\"text-align: center\" width=\"57\">111196<\/td>\n<\/tr>\n<tr>\n<td style=\"text-align: center\" width=\"79\">24<\/td>\n<td width=\"150\">ROXWEL DE ALMEIDA VASCONCELOS<\/td>\n<td style=\"text-align: center\" width=\"57\">111440<\/td>\n<\/tr>\n<tr>\n<td style=\"text-align: center\" width=\"79\">25<\/td>\n<td width=\"150\">PAULO HENRIQUE CIRQUEIRA PEREIRA<\/td>\n<td style=\"text-align: center\" width=\"57\">113894<\/td>\n<\/tr>\n<\/tbody>\n<\/table>\n<p><strong>CARGO: ELETRICISTA<br \/>\n<\/strong><\/p>\n<table width=\"286\">\n<tbody>\n<tr>\n<td style=\"text-align: center\" width=\"79\"><strong>CLASSIFICA\u00c7\u00c3O<\/strong><\/td>\n<td style=\"text-align: center\" width=\"150\"><strong>CANDIDATO<\/strong><\/td>\n<td style=\"text-align: center\" width=\"57\"><strong>INSCRI\u00c7\u00c3O<\/strong><\/td>\n<\/tr>\n<tr>\n<td style=\"text-align: center\" width=\"79\">1<\/td>\n<td width=\"150\">DAVID LUIS DE CARVALHO<\/td>\n<td style=\"text-align: center\" width=\"57\">113061<\/td>\n<\/tr>\n<tr>\n<td style=\"text-align: center\" width=\"79\">2<\/td>\n<td width=\"150\">DIEGO LOPES DOS SANTOS<\/td>\n<td style=\"text-align: center\" width=\"57\">112479<\/td>\n<\/tr>\n<\/tbody>\n<\/table>\n<p><strong>CARGO: MEC\u00c2NICO<br \/>\n<\/strong><\/p>\n<table width=\"286\">\n<tbody>\n<tr>\n<td style=\"text-align: center\" width=\"79\"><strong>CLASSIFICA\u00c7\u00c3O<\/strong><\/td>\n<td style=\"text-align: center\" width=\"150\"><strong>CANDIDATO<\/strong><\/td>\n<td style=\"text-align: center\" width=\"57\"><strong>INSCRI\u00c7\u00c3O<\/strong><\/td>\n<\/tr>\n<tr>\n<td style=\"text-align: center\" width=\"79\">1<\/td>\n<td width=\"150\">JO\u00c3O BATISTA LOPES<\/td>\n<td style=\"text-align: center\" width=\"57\">111293<\/td>\n<\/tr>\n<tr>\n<td style=\"text-align: center\" width=\"79\">2<\/td>\n<td width=\"150\">VICENTE BRAGA NETO<\/td>\n<td style=\"text-align: center\" width=\"57\">113443<\/td>\n<\/tr>\n<\/tbody>\n<\/table>\n<p><strong>CARGO: MOTORISTA CATEGORIA C<br \/>\n<\/strong><\/p>\n<table width=\"286\">\n<tbody>\n<tr>\n<td style=\"text-align: center\" width=\"79\"><strong>CLASSIFICA\u00c7\u00c3O<\/strong><\/td>\n<td style=\"text-align: center\" width=\"150\"><strong>CANDIDATO<\/strong><\/td>\n<td style=\"text-align: center\" width=\"57\"><strong>INSCRI\u00c7\u00c3O<\/strong><\/td>\n<\/tr>\n<tr>\n<td style=\"text-align: center\" width=\"79\">1<\/td>\n<td width=\"150\">JOS\u00c9 DE ARAUJO FONTENELE<\/td>\n<td style=\"text-align: center\" width=\"57\">112183<\/td>\n<\/tr>\n<tr>\n<td style=\"text-align: center\" width=\"79\">2<\/td>\n<td width=\"150\">MERISVAM NASCIMENTO SILVA<\/td>\n<td style=\"text-align: center\" width=\"57\">110684<\/td>\n<\/tr>\n<tr>\n<td style=\"text-align: center\" width=\"79\">3<\/td>\n<td width=\"150\">RICARDO DE CASTRO RIBEIRO<\/td>\n<td style=\"text-align: center\" width=\"57\">111106<\/td>\n<\/tr>\n<tr>\n<td style=\"text-align: center\" width=\"79\">4<\/td>\n<td width=\"150\">C\u00c9SAR DOS SANTOS OLIVEIRA<\/td>\n<td style=\"text-align: center\" width=\"57\">110779<\/td>\n<\/tr>\n<tr>\n<td style=\"text-align: center\" width=\"79\">5<\/td>\n<td width=\"150\">JOS\u00c9 ANTONIO SOUSA LEAL<\/td>\n<td style=\"text-align: center\" width=\"57\">113564<\/td>\n<\/tr>\n<tr>\n<td style=\"text-align: center\" width=\"79\">6<\/td>\n<td width=\"150\">MARCOS PAULO DE OLIVEIRA<\/td>\n<td style=\"text-align: center\" width=\"57\">113533<\/td>\n<\/tr>\n<tr>\n<td style=\"text-align: center\" width=\"79\">7<\/td>\n<td width=\"150\">ANTUNES NUNES TEIXEIRA<\/td>\n<td style=\"text-align: center\" width=\"57\">110156<\/td>\n<\/tr>\n<tr>\n<td style=\"text-align: center\" width=\"79\">8<\/td>\n<td width=\"150\">MARCOS ANTONIO CAIRES RAMOS<\/td>\n<td style=\"text-align: center\" width=\"57\">113762<\/td>\n<\/tr>\n<tr>\n<td style=\"text-align: center\" width=\"79\">9<\/td>\n<td width=\"150\">LEONARDO PEREIRA CARDOSO<\/td>\n<td style=\"text-align: center\" width=\"57\">112292<\/td>\n<\/tr>\n<tr>\n<td style=\"text-align: center\" width=\"79\">10<\/td>\n<td width=\"150\">FRANCISCO SANTOS AGUIAR<\/td>\n<td style=\"text-align: center\" width=\"57\">111349<\/td>\n<\/tr>\n<tr>\n<td style=\"text-align: center\" width=\"79\">11<\/td>\n<td width=\"150\">LEANDRO BARBOSA DE CALDAS<\/td>\n<td style=\"text-align: center\" width=\"57\">110999<\/td>\n<\/tr>\n<tr>\n<td style=\"text-align: center\" width=\"79\">12<\/td>\n<td width=\"150\">JO\u00c3O BATISTA FRANCA DOS SANTOS<\/td>\n<td style=\"text-align: center\" width=\"57\">111467<\/td>\n<\/tr>\n<\/tbody>\n<\/table>\n<p><strong>CARGO: AUXILIAR OPERACIONAL DE SERVI\u00c7OS DIVERSOS &#8211; AOSD<br \/>\n<\/strong><\/p>\n<table width=\"286\">\n<tbody>\n<tr>\n<td style=\"text-align: center\" width=\"79\"><strong>CLASSIFICA\u00c7\u00c3O<\/strong><\/td>\n<td style=\"text-align: center\" width=\"150\"><strong>CANDIDATO<\/strong><\/td>\n<td style=\"text-align: center\" width=\"57\"><strong>INSCRI\u00c7\u00c3O<\/strong><\/td>\n<\/tr>\n<tr>\n<td style=\"text-align: center\" width=\"79\">1<\/td>\n<td width=\"150\">FRANCISCA SAMIRA ALVES DO REGO<\/td>\n<td style=\"text-align: center\" width=\"57\">109418<\/td>\n<\/tr>\n<tr>\n<td style=\"text-align: center\" width=\"79\">2<\/td>\n<td width=\"150\">DANILO COELHO DOS SANTOS<\/td>\n<td style=\"text-align: center\" width=\"57\">111664<\/td>\n<\/tr>\n<tr>\n<td style=\"text-align: center\" width=\"79\">3<\/td>\n<td width=\"150\">STHEFANY SILVA MARQUES<\/td>\n<td style=\"text-align: center\" width=\"57\">113181<\/td>\n<\/tr>\n<tr>\n<td style=\"text-align: center\" width=\"79\">4<\/td>\n<td width=\"150\">BRENDA GOIS FERREIRA<\/td>\n<td style=\"text-align: center\" width=\"57\">109332<\/td>\n<\/tr>\n<tr>\n<td style=\"text-align: center\" width=\"79\">5<\/td>\n<td width=\"150\">MANUELA PEREIRA DOS SANTOS<\/td>\n<td style=\"text-align: center\" width=\"57\">112452<\/td>\n<\/tr>\n<tr>\n<td style=\"text-align: center\" width=\"79\">6<\/td>\n<td width=\"150\">J\u00c9SSICA OLIVEIRA SOUSA<\/td>\n<td style=\"text-align: center\" width=\"57\">111250<\/td>\n<\/tr>\n<tr>\n<td style=\"text-align: center\" width=\"79\">7<\/td>\n<td width=\"150\">LAIS CALDAS LOPES<\/td>\n<td style=\"text-align: center\" width=\"57\">109520<\/td>\n<\/tr>\n<tr>\n<td style=\"text-align: center\" width=\"79\">8<\/td>\n<td width=\"150\">DJALMA RODRIGUES PEREIRA DE SOUSA<\/td>\n<td style=\"text-align: center\" width=\"57\">112762<\/td>\n<\/tr>\n<tr>\n<td style=\"text-align: center\" width=\"79\">9<\/td>\n<td width=\"150\">SABRINA SILVA DE SOUSA<\/td>\n<td style=\"text-align: center\" width=\"57\">112903<\/td>\n<\/tr>\n<tr>\n<td style=\"text-align: center\" width=\"79\">10<\/td>\n<td width=\"150\">VANUSA DE SOUZA DOS SANTOS<\/td>\n<td style=\"text-align: center\" width=\"57\">112742<\/td>\n<\/tr>\n<tr>\n<td style=\"text-align: center\" width=\"79\">11<\/td>\n<td width=\"150\">ANA GISELE SOUSA CARVALHO<\/td>\n<td style=\"text-align: center\" width=\"57\">110791<\/td>\n<\/tr>\n<tr>\n<td style=\"text-align: center\" width=\"79\">12<\/td>\n<td width=\"150\">LUANA COSTA ALVES<\/td>\n<td style=\"text-align: center\" width=\"57\">110486<\/td>\n<\/tr>\n<tr>\n<td style=\"text-align: center\" width=\"79\">13<\/td>\n<td width=\"150\">BERNARDA LAYSE DE OLIVEIRA<\/td>\n<td style=\"text-align: center\" width=\"57\">111243<\/td>\n<\/tr>\n<tr>\n<td style=\"text-align: center\" width=\"79\">14<\/td>\n<td width=\"150\">ANDREIA SOUZA BRAND\u00c3O<\/td>\n<td style=\"text-align: center\" width=\"57\">111304<\/td>\n<\/tr>\n<tr>\n<td style=\"text-align: center\" width=\"79\">15<\/td>\n<td width=\"150\">EVELYN OHARA SILVA DAMASCENO<\/td>\n<td style=\"text-align: center\" width=\"57\">110530<\/td>\n<\/tr>\n<tr>\n<td style=\"text-align: center\" width=\"79\">16<\/td>\n<td width=\"150\">ISABEL CARVALHO LE\u00c3O<\/td>\n<td style=\"text-align: center\" width=\"57\">110826<\/td>\n<\/tr>\n<tr>\n<td style=\"text-align: center\" width=\"79\">17<\/td>\n<td width=\"150\">JANILMA CANDEIRA SILVA<\/td>\n<td style=\"text-align: center\" width=\"57\">112818<\/td>\n<\/tr>\n<tr>\n<td style=\"text-align: center\" width=\"79\">18<\/td>\n<td width=\"150\">NICOLLY RODRIGUES DA SILVA<\/td>\n<td style=\"text-align: center\" width=\"57\">110463<\/td>\n<\/tr>\n<tr>\n<td style=\"text-align: center\" width=\"79\">19<\/td>\n<td width=\"150\">LUZIM\u00c1RIA ALVES BARROS<\/td>\n<td style=\"text-align: center\" width=\"57\">110428<\/td>\n<\/tr>\n<tr>\n<td style=\"text-align: center\" width=\"79\">20<\/td>\n<td width=\"150\">MARIA DOS AFLITOS ALMEIDA PINHEIRO<\/td>\n<td style=\"text-align: center\" width=\"57\">112605<\/td>\n<\/tr>\n<tr>\n<td style=\"text-align: center\" width=\"79\">21<\/td>\n<td width=\"150\">HARENNA AROUCHE DIAS SOUZA<\/td>\n<td style=\"text-align: center\" width=\"57\">111947<\/td>\n<\/tr>\n<tr>\n<td style=\"text-align: center\" width=\"79\">22<\/td>\n<td width=\"150\">MARCOS VAMBASTTEN BRITO E SILVA<\/td>\n<td style=\"text-align: center\" width=\"57\">109204<\/td>\n<\/tr>\n<tr>\n<td style=\"text-align: center\" width=\"79\">23<\/td>\n<td width=\"150\">LUIS GUILHERME CARVALHO ARAUJO<\/td>\n<td style=\"text-align: center\" width=\"57\">111975<\/td>\n<\/tr>\n<tr>\n<td style=\"text-align: center\" width=\"79\">24<\/td>\n<td width=\"150\">KAINARA GON\u00c7ALVES BORALHO<\/td>\n<td style=\"text-align: center\" width=\"57\">109932<\/td>\n<\/tr>\n<tr>\n<td style=\"text-align: center\" width=\"79\">25<\/td>\n<td width=\"150\">MARIA VIT\u00d3RIA SOUSA SILVA<\/td>\n<td style=\"text-align: center\" width=\"57\">113985<\/td>\n<\/tr>\n<tr>\n<td style=\"text-align: center\" width=\"79\">26<\/td>\n<td width=\"150\">LIDIANE DA SILVA COSTA<\/td>\n<td style=\"text-align: center\" width=\"57\">111923<\/td>\n<\/tr>\n<tr>\n<td style=\"text-align: center\" width=\"79\">27<\/td>\n<td width=\"150\">GLEICIANE DA SILVA FREIRTAS COSTA<\/td>\n<td style=\"text-align: center\" width=\"57\">109831<\/td>\n<\/tr>\n<tr>\n<td style=\"text-align: center\" width=\"79\">28<\/td>\n<td width=\"150\">MARCOS VIN\u00cdCIUS LIMA DE ARAUJO<\/td>\n<td style=\"text-align: center\" width=\"57\">109172<\/td>\n<\/tr>\n<tr>\n<td style=\"text-align: center\" width=\"79\">29<\/td>\n<td width=\"150\">ISABELLE GARC\u00caS NUNES<\/td>\n<td style=\"text-align: center\" width=\"57\">111977<\/td>\n<\/tr>\n<tr>\n<td style=\"text-align: center\" width=\"79\">30<\/td>\n<td width=\"150\">CARLINDA CRISPIM DA SILVA<\/td>\n<td style=\"text-align: center\" width=\"57\">109716<\/td>\n<\/tr>\n<\/tbody>\n<\/table>\n<p>Magalhaes de Almeida\/MA, 15 de janeiro de 2025. Raimundo Nonato Carvalho, Prefeito Municipal.<br \/>\nItem 2.1 al\u00ednea \u201cn\u201d do <strong><u>ANEXO I<br \/>\n<\/u><\/strong><strong><u>EXAME MEDICO ADMISSIONAL E DA APRESENTA\u00c7\u00c3O DOS EXAMES DE SAUDE<br \/>\n<\/u>1 \u2013<\/strong> Os candidatos convocados dever\u00e3o comparecer ao exame admissional munidos dos exames de sa\u00fade abaixo relacionados:<\/p>\n<ul>\n<li>Parasitologia de fezes;<\/li>\n<li>Sum\u00e1rio de Urina;<\/li>\n<li>Hemograma completo;<\/li>\n<li>Lipidograma total;<\/li>\n<li>Glicemia de jejum;<\/li>\n<li>Exame de Hansen\u00edase (baciloscopia);<\/li>\n<li>Sorologia para lues;<\/li>\n<li>Raio X do t\u00f3rax;<\/li>\n<li>Videolaringoscopia;<\/li>\n<li>Eletroencefalograma;<\/li>\n<li>Ecodoppercardiograma;<\/li>\n<li>Atestado de sanidade mental (fornecido por psiquiatra).<\/li>\n<\/ul>\n<p><strong>2 \u2013<\/strong> A realiza\u00e7\u00e3o dos exames e de responsabilidade do candidato.<br \/>\n<strong>3 \u2013<\/strong> Somente ser\u00e1 investido no cargo publico o candidato que for julgado apto f\u00edsica e mentalmente para o exerc\u00edcio do cargo, ap\u00f3s submiss\u00e3o ao exame m\u00e9dico pre-admissional, de car\u00e1ter eliminat\u00f3rio, a ser realizado pela Junta Medica Oficial do Munic\u00edpio.<br \/>\nRAIMUNDO NONATO CARVALHO<br \/>\nPrefeito Municipal<br \/>\n<strong><u>ANEXO<\/u> <u>II<br \/>\n<\/u><u>RELA\u00c7AO<\/u> <u>DOS<\/u> <u>DOCUMENTOS<\/u> <u>NECESS\u00c1RIOS<\/u> <u>PARA<\/u> <u>NOMEA\u00c7\u00c3O<br \/>\n<\/u>1 &#8211;<\/strong> 02 (DUAS) FOTOS 3X4 RECENTE;<br \/>\n<strong>2 &#8211;<\/strong> Original e fotoc\u00f3pia da Carteira de Identidade ou CNH, leg\u00edvel, (em caso de brasileiro naturalizado ou de naturalidade portuguesa, (esta em conformidade com o inciso 11 e \u00a7l\u00ba do art. 12 da Constitui\u00e7\u00e3o da Republica e do Decreto ri\u00b0 70.436\/72);<br \/>\n<strong>3 &#8211;<\/strong> Original e fotocopia de Certid\u00e3o de Quita\u00e7\u00e3o eleitoral (conforme al\u00ednea c do item 3.5 do Edital n\u00b0 01\/2024) que deve ser solicitada no Cart\u00f3rio Eleitoral ou via internet, no sitio do <a href=\"http:\/\/www.tseius.br\/eleitor\/servi\u00e7os\/cidadao\">www.tse ius.br\/eleitor\/servi\u00e7os\/cidadao,<\/a>\u00a0ou ainda apresentar original e copia de vota\u00e7\u00e3o do l\u00ba e\/ou do 2\u00ba turno das elei\u00e7\u00f5es 2024;<br \/>\n<strong>4 &#8211;<\/strong> Original e fotocopia do Certificado de reservista (para candidatos do sexo masculino) conforme o item 3.4 do Edital n\u00b0 01\/2024;<br \/>\n<strong>5 &#8211;<\/strong> Original e fotocopia de Certificado de Antecedentes Criminais:<br \/>\n<strong>a)<\/strong> Justi\u00e7a Estadual, que deve ser solicitada na Comarca em que o candidato residiu nos \u00faltimos 5 (cinco) anos;<br \/>\n<strong>b)<\/strong> Justi\u00e7a Eleitoral, que pode ser emitida\u00a0\u00a0\u00a0\u00a0 atrav\u00e9s\u00a0\u00a0 de internet,\u00a0\u00a0\u00a0 no endere\u00e7o <u>www.tse.jus.br\/eleitor\/servi\u00e7os\/certidao-de-crimes-eleitorais;<br \/>\n<\/u><strong>c)<\/strong> Justi\u00e7a Federal, que pode ser emitida atrav\u00e9s de internet, no endere\u00e7o htpp:\/\/portal.trf1.jus.br\/servi\u00e7os\/certid\u00e3o.<br \/>\n<strong>6 &#8211;<\/strong> Firmar declara\u00e7\u00e3o de que n\u00e3o esta cumprindo san\u00e7\u00e3o por inidoneidade, aplicada por qualquer \u00f3rg\u00e3o p\u00fablico ou entidade da esfera federal, estadual e\/ou municipal:<br \/>\n<strong>7 &#8211; <\/strong>Original e fotoc\u00f3pia de Atestado M\u00e9dico comprovando higidez f\u00edsica e mental, expedida por m\u00e9dico regularmente inscrito em CRM, exclusivamente para esse fim (conforme item 8 do Edital n\u00b0 01\/2024, obtido mediante apresenta\u00e7\u00e3o dos exames m\u00e9dicos constantes do anexo I deste Edital;<br \/>\n<strong>8 &#8211;<\/strong> Comprova\u00e7\u00e3o da Escolaridade exigida para o cargo ao qual se inscreveu, mediante apresenta\u00e7\u00e3o de original e fotoc\u00f3pia de Certificado de Conclus\u00e3o de Curso, bem como outros documentos exigidos no item 2.0 do Edital n\u00b0 01\/2024;<br \/>\n<strong>9 &#8211; <\/strong>Firmar declara\u00e7\u00e3o de Termo de Disponibilidade para cumprimento de carga hor\u00e1ria, anexo V deste edital de convoca\u00e7\u00e3o;<br \/>\n<strong>10 &#8211;<\/strong> Firmar Declara\u00e7\u00e3o de que n\u00e3o \u00e9 s\u00f3cio-gerente\/administrador de empresas vinculadas \u00e0 Administra\u00e7\u00e3o P\u00fablica Municipal, anexo VI deste edital de convoca\u00e7\u00e3o;<br \/>\n<strong>11<\/strong> &#8211; Firmar declara\u00e7\u00e3o de Bens e Valores, anexo VII deste edital de convoca\u00e7\u00e3o;<br \/>\n<strong>12<\/strong> &#8211; Original e C\u00f3pia de Declara\u00e7\u00e3o de n\u00e3o ac\u00famulo ilegal de Cargos P\u00fablicos, conforme o anexo VIII deste edital de convoca\u00e7\u00e3o;<br \/>\n<strong>13<\/strong> &#8211; Copia do cart\u00e3o de conta corrente\/conta sal\u00e1rio do Banco Bradesco;<br \/>\n<strong>14<\/strong> &#8211; Original e Copia da Certid\u00e3o de Nascimento ou Casamento;<br \/>\n<strong>15<\/strong> &#8211; Original e copia de certid\u00e3o de Nascimento com CPF dos filhos menor de 14 anos de idade, se houver;<br \/>\n<strong>16<\/strong> &#8211; C\u00f3pia do Numero de PIS\/PASEP caso possua;<br \/>\n<strong>17<\/strong> &#8211; Original e copia de comprovante de resid\u00eancia atualizado.<br \/>\nRAIMUNDO NONATO CARVALHO, Prefeito Municipal<br \/>\n<strong><u>ANEXO<\/u><\/strong> <strong><u>IV<br \/>\n<\/u><\/strong><strong>DECLARA\u00c7\u00c3O NEGATIVA DE EXONERA\u00c7\u00c3O A BEM DO SERVI\u00c7O P\u00daBLICO<br \/>\n<\/strong>Eu, __________________________________________\u00a0\u00a0\u00a0\u00a0\u00a0\u00a0\u00a0 (<u>qualifica\u00e7\u00e3o completa), <\/u>portador(a) do RG n\u00b0 __________________________ SSP\/<u>\u00a0\u00a0\u00a0\u00a0\u00a0\u00a0\u00a0\u00a0\u00a0\u00a0\u00a0\u00a0\u00a0\u00a0\u00a0\u00a0\u00a0\u00a0\u00a0\u00a0\u00a0\u00a0\u00a0\u00a0\u00a0\u00a0\u00a0\u00a0\u00a0\u00a0\u00a0\u00a0\u00a0\u00a0\u00a0\u00a0\u00a0\u00a0\u00a0\u00a0\u00a0\u00a0\u00a0 <\/u>, inscrito(a) no CPF\/MF sob n\u00b0 __________________________________________, residente e domiciliado na __________________________ n<sup>o<\/sup><u>_____<\/u>, bairro ___<u>_______________<\/u>, cidade _________________ <strong>DECLARO <\/strong><strong>N\u00c3O <\/strong><strong>TER <\/strong><strong>SIDO <\/strong><strong>DEMITIDO(a) <\/strong>por justa causa por ato de improbidade ou exonerado(a) a bem do servi\u00e7o p\u00fablico, em decorr\u00eancia de processo administrativo ou judicial.<br \/>\nCiente das implica\u00e7\u00f5es legais, por ser verdade, firmo a presente declara\u00e7\u00e3o.<br \/>\nMagalhaes de Almeida &#8211; MA <u>\u00a0\u00a0\u00a0\u00a0\u00a0\u00a0\u00a0\u00a0\u00a0\u00a0\u00a0\u00a0\u00a0\u00a0\u00a0\u00a0\u00a0 <\/u>de janeiro de 2025.<br \/>\n______________________________________<br \/>\nCandidato<br \/>\n<strong><u>ANEXO V<br \/>\n<\/u>MODELO BE TERMO DE DISPONIBILIDADE PARA CUMPRIMENTO DE CARGA HOR\u00c1RIA<br \/>\n<\/strong>Eu, <u>\u00a0\u00a0\u00a0\u00a0\u00a0\u00a0\u00a0\u00a0\u00a0\u00a0\u00a0\u00a0\u00a0\u00a0\u00a0\u00a0\u00a0\u00a0\u00a0\u00a0\u00a0\u00a0\u00a0\u00a0\u00a0\u00a0\u00a0\u00a0\u00a0\u00a0\u00a0\u00a0\u00a0\u00a0\u00a0\u00a0\u00a0\u00a0\u00a0\u00a0\u00a0\u00a0\u00a0\u00a0\u00a0\u00a0\u00a0\u00a0\u00a0\u00a0\u00a0\u00a0\u00a0\u00a0\u00a0\u00a0\u00a0\u00a0\u00a0\u00a0\u00a0\u00a0\u00a0\u00a0\u00a0\u00a0\u00a0\u00a0\u00a0\u00a0\u00a0\u00a0\u00a0\u00a0\u00a0\u00a0\u00a0\u00a0\u00a0\u00a0\u00a0\u00a0\u00a0\u00a0\u00a0\u00a0\u00a0\u00a0\u00a0 <\/u>\u00a0(<u>qualificas\u00e3o completa)<\/u>, portador(a) do RG n\u00b0 _________________________________ SSP\/ ______, inscrito(a) no CPF\/MF sob n\u00b0 _________________________________\u00a0 residente e domiciliado na ____________________________, n\u00b0<u> ____<\/u>, bairro ______, cidade ______________________________ <strong>DECLARO <\/strong>para os devidos fins e efeitos legais que tenho disponibilidade para cumprimento da carga hor\u00e1ria exigida para o cargo _________________________para o qual concorri.<br \/>\nCiente das implica\u00e7\u00f5es, por ser verdade, firmo a presente declara\u00e7\u00e3o.<br \/>\nMagalhaes de Almeida \u2013 MA, __________ de janeiro de 2025.<br \/>\n____________________________________<br \/>\nCandidato<br \/>\n<strong><u>ANEXO<\/u><\/strong> <strong><u>VI<br \/>\n<\/u><\/strong><strong><u>MODELO<\/u><\/strong> <strong><u>DE<\/u><\/strong> <strong><u>DECLARA\u00c7\u00c3O<\/u><\/strong> <strong><u>DE<\/u><\/strong> <strong><u>N\u00c3O<\/u><\/strong> <strong><u>S\u00d3CIO<\/u><\/strong> <strong><u>GERENTEADMIMSTRADOR <\/u><\/strong><strong><u>DE <\/u><\/strong><strong><u>EMPRESAS <\/u><\/strong><strong><u>VINCULADAS <\/u><\/strong><strong><u>\u00c0 <\/u><\/strong><strong><u>ADMINISTRA\u00c7\u0102O <\/u><\/strong><strong><u>PUBLICA MUNICIPAL<br \/>\n<\/u><\/strong>Eu, ________________________________________ (qualifica\u00e7\u00e3o completa), portador(a) do RG n\u00b0 ______________________________ SSP\/_______, inscrito(a) no CPF\/MF sob n\u00b0 _________________________________ residente e domiciliado na ____________________________________, n\u00b0 _______, bairro ______________ na cidade ________________________________ <strong>DECLARO <\/strong>junto ao Munic\u00edpio de Magalh\u00e3es de Almeida &#8211; MA, que n\u00e3o sou s\u00f3cio gerente\/administrador de empresas que mantenham v\u00ednculo com a Administra\u00e7\u00e3o Municipal.<br \/>\nCiente das implica\u00e7\u00f5es legais, por ser verdade, firmo a presente declara\u00e7\u00e3o.<br \/>\nMagalhaes de Almeida-MA, __________ de janeiro de 2025.<br \/>\n________________________________________<br \/>\nCandidato<br \/>\n<strong><u>ANEXO <\/u><\/strong><strong><u>VII<br \/>\n<\/u><\/strong><strong>MODELO<\/strong> <strong>DE<\/strong> <strong>DECLARA\u00c7\u00c3O<\/strong> <strong>DE<\/strong> <strong>BENS<br \/>\n<\/strong>Eu,______________________________ \u00a0(qualifica\u00e7\u00e3o\u00a0\u00a0\u00a0\u00a0\u00a0\u00a0\u00a0\u00a0 completa), portador(a) do RG n\u00b0 ________________________SSP\/_________, inscrito(a) no CPF\/MF sob n\u00b0 _____________________________ residente e domiciliado na ________________, n\u00b0 _______, bairro ________________, cidade ______________________\u00a0 <strong>DECLARO<\/strong> nos termos da lei, que at\u00e9 a presente data:<\/p>\n<p>( ) n\u00e3o possuo bens a declarar.<br \/>\n( ) Possuo bens a declarar, conforme segue abaixo:<\/p>\n<table width=\"400\">\n<tbody>\n<tr>\n<td style=\"text-align: center\" width=\"200\"><strong>RELA\u00c7AO DE BENS<\/strong><\/td>\n<td style=\"text-align: center\" width=\"200\"><strong>VALOR R$<\/strong><\/td>\n<\/tr>\n<tr>\n<td width=\"200\"><\/td>\n<td width=\"200\"><\/td>\n<\/tr>\n<tr>\n<td width=\"200\"><\/td>\n<td width=\"200\"><\/td>\n<\/tr>\n<tr>\n<td width=\"200\"><\/td>\n<td width=\"200\"><\/td>\n<\/tr>\n<tr>\n<td width=\"200\"><\/td>\n<td width=\"200\"><\/td>\n<\/tr>\n<tr>\n<td width=\"200\"><\/td>\n<td width=\"200\"><\/td>\n<\/tr>\n<\/tbody>\n<\/table>\n<p>Ciente das implica\u00e7\u00f5es legais, por ser verdade, firmo a presente declara\u00e7\u00e3o.<br \/>\nMagalh\u00e3es de Almeida\/MA, _______de janeiro de 2025.<br \/>\n________________________________________<br \/>\nCandidato<br \/>\n<strong>ANEXO VIII<br \/>\nDECLARA\u00c7\u00c3O DE ACUMULA\u00c7\u00c3O OU N\u00c3O ACUMULA\u00c7\u00c3O DE CARGO\/FUN\u00c7\u00c3O\/EMPREGO P\u00daBLICO<br \/>\n<\/strong>Eu, ______________________portador (a) do CPF ________________ e do RG<u>_______________<\/u>, emitido pela <u>\u00a0__________<\/u> em <u>_______________<\/u>, nos termos dos incisos XVI e XVII, \u00a710, do art. 37, da Constitui\u00e7\u00e3o Federal, declaro que <strong>N\u00c3O <\/strong>acumulo ilicitamente cargo ou emprego p\u00fablico, no \u00e2mbito da Administra\u00e7\u00e3o P\u00fablica Federal, Estadual e Municipal, abrangendo autarquias, funda\u00e7\u00f5es, empresas p\u00fablicas, sociedades de economia mista, suas subsidi\u00e1rias e sociedades controladas, direta ou indiretamente pelo poder p\u00fablico.<br \/>\n( ) Para fins do contido nos supracitados incisos XVI e XVII, do art. 37 da Constitui\u00e7\u00e3o Federal , DECLARO que exer\u00e7o licitamente o\u00a0 cargo\u00a0 de <u>____________________<\/u>,\u00a0 no\u00a0 (a) ______________________, onde estou sujeito (a) \u00e0 carga hor\u00e1ria contratual de <u>________<\/u>horas semanais, que cumpro de <u>_____________<\/u>\u00e0 <u>_________<\/u>, no hor\u00e1rio das <u>_______<\/u>\u00e0s <u>\u00a0\u00a0\u00a0<\/u>, conforme certid\u00e3o anexa.<br \/>\n( ) Para fins do contido nos supracitados incisos XVI e XVII, do art. 37 da Constitui\u00e7\u00e3o Federa, DECLARO que acumulo licitamente\u00a0 proventos\u00a0 de\u00a0 aposentadoria\u00a0 ocorrida\u00a0 em <u>__________<\/u>,\u00a0 no\u00a0 cargo\u00a0 de ____________________do (a) <u>______________<\/u>, conforme certid\u00e3o anexa.<br \/>\nDECLARO ainda, ter plena ci\u00eancia de que estarei sujeito \u00e0s penalidades previstas em Lei, caso venha a incorrer em acumula\u00e7\u00e3o ilegal, durante o exerc\u00edcio do cargo\/fun\u00e7\u00e3o para a qual fui admitido(a), comprometendo-me, a qualquer tempo informar ao MUNIC\u00cdPIO DE MAGALH\u00c3ES DE ALMEIDA-MA qualquer altera\u00e7\u00e3o nas condi\u00e7\u00f5es acima informadas.<br \/>\nMagalhaes de Almeida \u2013 MA, _______ de janeiro de 2025.<br \/>\n____________________________________<br \/>\nCandidato<\/p>\n","protected":false},"author":4,"template":"","class_list":["post-23612","publicacoesdom","type-publicacoesdom","status-publish","hentry"],"acf":{"tipo_de_publicacao_diario":"63: Retifica\u00e7\u00e3o","e_retificacao":"2","origem_do_diario":"Poder Executivo","codigo_verificador":"2737607044f16644943fe5794e8cec78fa127a3c"},"_links":{"self":[{"href":"https:\/\/magalhaesdealmeida.ma.gov.br\/transparencia\/wp-json\/wp\/v2\/publicacoesdom\/23612","targetHints":{"allow":["GET"]}}],"collection":[{"href":"https:\/\/magalhaesdealmeida.ma.gov.br\/transparencia\/wp-json\/wp\/v2\/publicacoesdom"}],"about":[{"href":"https:\/\/magalhaesdealmeida.ma.gov.br\/transparencia\/wp-json\/wp\/v2\/types\/publicacoesdom"}],"author":[{"embeddable":true,"href":"https:\/\/magalhaesdealmeida.ma.gov.br\/transparencia\/wp-json\/wp\/v2\/users\/4"}],"wp:attachment":[{"href":"https:\/\/magalhaesdealmeida.ma.gov.br\/transparencia\/wp-json\/wp\/v2\/media?parent=23612"}],"curies":[{"name":"wp","href":"https:\/\/api.w.org\/{rel}","templated":true}]}}