{"id":23928,"date":"2025-01-24T13:04:37","date_gmt":"2025-01-24T16:04:37","guid":{"rendered":"https:\/\/magalhaesdealmeida.ma.gov.br\/transparencia\/?post_type=publicacoesdom&#038;p=23928"},"modified":"2025-01-24T13:26:35","modified_gmt":"2025-01-24T16:26:35","slug":"lei-no-655-de-24-de-janeiro-de-2025","status":"publish","type":"publicacoesdom","link":"https:\/\/magalhaesdealmeida.ma.gov.br\/transparencia\/publicacoesdom\/lei-no-655-de-24-de-janeiro-de-2025\/","title":{"rendered":"LEI N.\u00ba 655 de 24 de janeiro de 2025"},"content":{"rendered":"<p><strong>Dar nova reda\u00e7\u00e3o \u00e0 Lei n\u00ba 636 de 08 de outubro de 2024, que fixa os subs\u00eddios dos Vereadores para a Legislatura, com in\u00edcio em 1\u00ba de janeiro de 2025 e t\u00e9rmino em 31 de dezembro de 2028 e d\u00e1 outras provid\u00eancias.<br \/>\nO PREFEITO MUNICIPAL DE MAGALH\u00c3ES DE ALMEIDA, ESTADO DO MARANH\u00c3O<\/strong>, no uso de suas atribui\u00e7\u00f5es que lhe s\u00e3o conferidas por Lei,<strong> FA\u00c7O SABER<\/strong> que a C\u00e2mara Municipal de Vereadores aprovou e eu <strong>SANCIONO<\/strong> a seguinte Lei:<br \/>\n<strong>Art. 1\u00ba<\/strong> &#8211; A Lei n\u00ba 636, de 08 de outubro de 2024 que fixa os subs\u00eddios dos Vereadores para a Legislatura, com in\u00edcio em 1\u00ba de janeiro de 2025 e t\u00e9rmino em 31 de dezembro de 2028 e d\u00e1 outras provid\u00eancias, passa a vigor nos termos da presente Lei.<br \/>\n<strong>Art. 1\u00ba<\/strong> &#8211; Os Subs\u00eddios dos Vereadores do Munic\u00edpio de Magalh\u00e3es de Almeida \u2013 Ma, para a Legislatura 2025 a 2028, s\u00e3o os fixados na presente Lei.<br \/>\n<strong>\u00a71\u00ba<\/strong> \u2013 Os Vereadores\/as perceber\u00e3o mensalmente o valor de R$ 9.800,00 (nove mil e oitocentos reais), pelo exerc\u00edcio do cargo.<br \/>\n<strong>\u00a72\u00ba<\/strong> &#8211; Os subs\u00eddios referidos neste artigo, ser\u00e3o pagos mensalmente at\u00e9 o \u00faltimo dia \u00fatil do m\u00eas, sob pena de o respons\u00e1vel ser penalizado na forma da Lei,<br \/>\n<strong>\u00a73\u00ba<\/strong> &#8211; Sobre os subs\u00eddios dos Vereadores\/as incidir\u00e3o as contribui\u00e7\u00f5es legalmente previstas na legisla\u00e7\u00e3o brasileira.<br \/>\n<strong>\u00a74\u00ba<\/strong> &#8211; Os subs\u00eddios dos Vereadores poder\u00e3o ser revistos anualmente no mesmo per\u00edodo e mesmo percentual da revis\u00e3o dos demais servidores p\u00fablicos municipais, de conformidade com o inciso X, do art.37 da Constitui\u00e7\u00e3o Federal, por norma legal espec\u00edfica, de iniciativa da Mesa Diretora da C\u00e2mara Municipal.<br \/>\n<strong>\u00a75\u00ba<\/strong> &#8211; O valor constante do \u00a71\u00ba do artigo 1\u00aa desta Lei, ser\u00e1 pago observando-se os limites permitidos nas demais legisla\u00e7\u00f5es vigentes.<br \/>\n<strong>Art. 2\u00ba<\/strong> &#8211; A aus\u00eancia injustificada \u00e0 Sess\u00e3o Legislativa implica no desconto de 2% (dois por cento) do subs\u00eddio mensal, por cada Sess\u00e3o que faltar, a ser efetuado em folha de pagamento.<br \/>\n<strong>Art. 3\u00ba <\/strong>&#8211; O Suplente que assumir o cargo de Vereador receber\u00e1 a partir de sua posse o subsidio referido nesta Lei, enquanto durar o exerc\u00edcio do cargo, sendo proporcional os dias trabalhados no m\u00eas em que for empossado e no m\u00eas em que findar as suas atividades legislativas.<br \/>\n<strong>Art. 4\u00ba<\/strong> &#8211; Fica concedido o pagamento do 13\u00ba subs\u00eddio anual aos Vereadores, no valor pago mensalmente pelo exerc\u00edcio do cargo.<br \/>\n<strong>Art. 5\u00ba<\/strong> &#8211; As despesas decorrentes desta Lei correr\u00e3o por conta das dota\u00e7\u00f5es or\u00e7ament\u00e1rias pr\u00f3prias.<br \/>\n<strong>Art. 6\u00ba<\/strong> &#8211; Para efeito desta Lei, entende-se como receitas do munic\u00edpio o somat\u00f3rio das receitas tribut\u00e1rias a das transfer\u00eancias previstas no \u00a7 5\u00ba do Artigo 153 e nos Artigos 158 e 159 da Constitui\u00e7\u00e3o Federal efetivamente arrecadadas no exerc\u00edcio anterior.<br \/>\n<strong>Art. 7\u00ba<\/strong> &#8211; Esta Lei entra em vigor n data de sua publica\u00e7\u00e3o com efeito financeiro retroativo a partir do dia 1\u00ba de janeiro de 2025.<br \/>\n<strong>Art. 8\u00ba<\/strong> &#8211; Revogam-se as disposi\u00e7\u00f5es em contr\u00e1rio.<br \/>\nPal\u00e1cio Benedito Lima e Silva, Gabinete do Prefeito Municipal de Magalh\u00e3es de Almeida &#8211; MA, em 24 de janeiro de 2025. RAIMUNDO NONATO CARVALHO, Prefeito Municipal.<\/p>\n","protected":false},"author":4,"template":"","class_list":["post-23928","publicacoesdom","type-publicacoesdom","status-publish","hentry"],"acf":{"tipo_de_publicacao_diario":"34","e_retificacao":"1","origem_do_diario":"Poder Executivo","codigo_verificador":"e07730f0722001332a94737fd11cd48ce7764d08"},"_links":{"self":[{"href":"https:\/\/magalhaesdealmeida.ma.gov.br\/transparencia\/wp-json\/wp\/v2\/publicacoesdom\/23928","targetHints":{"allow":["GET"]}}],"collection":[{"href":"https:\/\/magalhaesdealmeida.ma.gov.br\/transparencia\/wp-json\/wp\/v2\/publicacoesdom"}],"about":[{"href":"https:\/\/magalhaesdealmeida.ma.gov.br\/transparencia\/wp-json\/wp\/v2\/types\/publicacoesdom"}],"author":[{"embeddable":true,"href":"https:\/\/magalhaesdealmeida.ma.gov.br\/transparencia\/wp-json\/wp\/v2\/users\/4"}],"wp:attachment":[{"href":"https:\/\/magalhaesdealmeida.ma.gov.br\/transparencia\/wp-json\/wp\/v2\/media?parent=23928"}],"curies":[{"name":"wp","href":"https:\/\/api.w.org\/{rel}","templated":true}]}}