{"id":23952,"date":"2025-01-29T10:01:23","date_gmt":"2025-01-29T13:01:23","guid":{"rendered":"https:\/\/magalhaesdealmeida.ma.gov.br\/transparencia\/?post_type=publicacoesdom&#038;p=23952"},"modified":"2025-01-29T14:37:50","modified_gmt":"2025-01-29T17:37:50","slug":"resultado-preliminar-de-habilitacao-do-edital-chamamento-publico-no-004-2024-para-selecao-de-projetos-para-firmar-termo-de-execucao-cultural-com-recursos-da-politica-nacional-aldir-blanc-de-fomento-a","status":"publish","type":"publicacoesdom","link":"https:\/\/magalhaesdealmeida.ma.gov.br\/transparencia\/publicacoesdom\/resultado-preliminar-de-habilitacao-do-edital-chamamento-publico-no-004-2024-para-selecao-de-projetos-para-firmar-termo-de-execucao-cultural-com-recursos-da-politica-nacional-aldir-blanc-de-fomento-a\/","title":{"rendered":"RESULTADO PRELIMINAR DE HABILITA\u00c7\u00c3O DO EDITAL CHAMAMENTO P\u00daBLICO N.\u00ba 004\/2024 PARA SELE\u00c7\u00c3O DE PROJETOS PARA FIRMAR TERMO DE EXECU\u00c7\u00c3O CULTURAL COM RECURSOS DA POL\u00cdTICA NACIONAL ALDIR BLANC DE FOMENTO \u00c0 CULTURA &#8211; PNAB (LEI N.\u00ba 14.399\/2022)."},"content":{"rendered":"<p>A Prefeitura Municipal de Munic\u00edpio de Magalh\u00e3es de Almeida do Maranh\u00e3o, por interm\u00e9dio da Secretaria Municipal de Cultura e Turismo\u00a0no uso de suas atribui\u00e7\u00f5es legais que lhe s\u00e3o conferidas pela Lei Municipal, <strong>TORNA P\u00daBLICO RESULTADO PRELIMINAR DE HABILITA\u00c7\u00c3O<\/strong> ao Edital de Chamamento P\u00fablico n.\u00ba 004\/2024 para sele\u00e7\u00e3o de projetos para formar termo de execu\u00e7\u00e3o cultural com recursos da pol\u00edtica nacional Aldir Blanc de fomento \u00e0 cultura \u2013 PNAB (LEI N.\u00ba 14.399\/2022).<br \/>\nO objeto deste Edital \u00e9 a sele\u00e7\u00e3o de projetos culturais para receberem apoio financeiro nas categorias descritas no Anexo I, com o objetivo de incentivar as diversas formas de manifesta\u00e7\u00f5es culturais do Munic\u00edpio de Magalh\u00e3es de Almeida do Maranh\u00e3o.<br \/>\n<strong>RESULTADO PRELIMINAR DE HABILITA\u00c7\u00c3O<br \/>\n<\/strong><\/p>\n<table width=\"468\">\n<tbody>\n<tr>\n<td style=\"text-align: center\" width=\"106\"><strong>Proponente<\/strong><\/td>\n<td style=\"text-align: center\" width=\"83\"><strong>CPF<\/strong><\/td>\n<td style=\"text-align: center\" width=\"60\"><strong>Categoria<\/strong><\/td>\n<td style=\"text-align: center\" width=\"21\"><strong>N.\u00ba<\/strong><\/td>\n<td style=\"text-align: center\" width=\"32\"><strong>Cota<\/strong><\/td>\n<td style=\"text-align: center\" width=\"31\"><strong>Nota<\/strong><\/td>\n<td style=\"text-align: center\" width=\"60\"><strong>Situa\u00e7\u00e3o<\/strong><\/td>\n<td style=\"text-align: center\" width=\"75\"><strong>Habilita\u00e7\u00e3o<\/strong><\/td>\n<\/tr>\n<tr>\n<td width=\"106\">Edson Mendon\u00e7a da Costa<\/td>\n<td style=\"text-align: center\" width=\"83\">615.254.333-93<\/td>\n<td style=\"text-align: center\" width=\"60\">Teatro<\/td>\n<td style=\"text-align: center\" width=\"21\">1<\/td>\n<td style=\"text-align: center\" width=\"32\">N\u00e3o<\/td>\n<td style=\"text-align: center\" width=\"31\">80<\/td>\n<td style=\"text-align: center\" width=\"60\">Aprovado<\/td>\n<td style=\"text-align: center\" width=\"75\">Habilitado<\/td>\n<\/tr>\n<tr>\n<td width=\"106\">Francisco de Paulo Rocha<\/td>\n<td style=\"text-align: center\" width=\"83\">003.828.653-51<\/td>\n<td style=\"text-align: center\" width=\"60\">Dan\u00e7a<\/td>\n<td style=\"text-align: center\" width=\"21\">2<\/td>\n<td style=\"text-align: center\" width=\"32\">N\u00e3o<\/td>\n<td style=\"text-align: center\" width=\"31\">40<\/td>\n<td style=\"text-align: center\" width=\"60\">Reprovado<\/td>\n<td style=\"text-align: center\" width=\"75\">N\u00e3o Habilitado<\/td>\n<\/tr>\n<\/tbody>\n<\/table>\n<p>Magalh\u00e3es de Almeida\/MA, 29 de janeiro de 2025. <strong>MAELIO CESAR FREITAS DOS SANTOS, <\/strong><strong>SECRET\u00c1RIO MUNICIPAL DE CULTURA E TURISMO.<\/strong><\/p>\n","protected":false},"author":4,"template":"","class_list":["post-23952","publicacoesdom","type-publicacoesdom","status-publish","hentry"],"acf":{"tipo_de_publicacao_diario":"61","e_retificacao":"1","origem_do_diario":"Poder Executivo","codigo_verificador":"4955acb93257564ea9a9b7e002282ff52b9d8a05"},"_links":{"self":[{"href":"https:\/\/magalhaesdealmeida.ma.gov.br\/transparencia\/wp-json\/wp\/v2\/publicacoesdom\/23952","targetHints":{"allow":["GET"]}}],"collection":[{"href":"https:\/\/magalhaesdealmeida.ma.gov.br\/transparencia\/wp-json\/wp\/v2\/publicacoesdom"}],"about":[{"href":"https:\/\/magalhaesdealmeida.ma.gov.br\/transparencia\/wp-json\/wp\/v2\/types\/publicacoesdom"}],"author":[{"embeddable":true,"href":"https:\/\/magalhaesdealmeida.ma.gov.br\/transparencia\/wp-json\/wp\/v2\/users\/4"}],"wp:attachment":[{"href":"https:\/\/magalhaesdealmeida.ma.gov.br\/transparencia\/wp-json\/wp\/v2\/media?parent=23952"}],"curies":[{"name":"wp","href":"https:\/\/api.w.org\/{rel}","templated":true}]}}