{"id":23968,"date":"2025-01-31T10:10:38","date_gmt":"2025-01-31T13:10:38","guid":{"rendered":"https:\/\/magalhaesdealmeida.ma.gov.br\/transparencia\/?post_type=publicacoesdom&#038;p=23968"},"modified":"2025-01-31T15:31:43","modified_gmt":"2025-01-31T18:31:43","slug":"lei-no-658-de-31-de-janeiro-de-2025","status":"publish","type":"publicacoesdom","link":"https:\/\/magalhaesdealmeida.ma.gov.br\/transparencia\/publicacoesdom\/lei-no-658-de-31-de-janeiro-de-2025\/","title":{"rendered":"LEI N.\u00ba 658 de 31 de Janeiro de 2025"},"content":{"rendered":"<p><strong>Altera a Lei n.\u00ba 654 de 20 de janeiro de 2025, que disp\u00f5e sobre a restrutura\u00e7\u00e3o administrativa, organizacional e institucional da Prefeitura de Magalh\u00e3es de Almeida, Estado do Maranh\u00e3o e d\u00e1 outras provid\u00eancias.<br \/>\nO PREFEITO MUNICIPAL DE MAGALH\u00c3ES DE ALMEIDA, ESTADO DO MARANH\u00c3O,<\/strong> no uso de suas atribui\u00e7\u00f5es que lhe s\u00e3o conferidas por Lei, <strong>FA\u00c7O<\/strong> <strong>SABER<\/strong> que a C\u00e2mara Municipal de Vereadores aprovou e eu <strong>SANCIONO<\/strong> a seguinte Lei:<br \/>\n<strong>Art. 1\u00b0 &#8211; <\/strong>Esta Lei altera a Lei n.\u00ba 654 de 20 de janeiro de 2025, que disp\u00f5e sobre restrutura\u00e7\u00e3o administrativa, organizacional e institucional da Prefeitura de Magalh\u00e3es de Almeida, Estado do Maranh\u00e3o e d\u00e1 outras provid\u00eancias.<br \/>\n<strong>Art. 2\u00ba<\/strong> &#8211; Fica alterada a reda\u00e7\u00e3o do art.40 da Lei n.\u00ba 654\/2025, extinguindo-se o inciso XVI que trazia na estrutura da Secretaria Municipal de Educa\u00e7\u00e3o, Ci\u00eancia, Tecnologia e Inova\u00e7\u00e3o a \u201cDiretoria de M\u00fasica Municipal\u201d.<br \/>\n<strong>Art. 3\u00ba<\/strong> &#8211; Ficam criados 06 (seis) cargos de \u201cSUPERVISOR PEDAG\u00d3GICO\u201d &#8211; (DAS-2), alterando-se a quantidade prevista no anexo I da Lei n.\u00ba 654\/2025, passando a contar com 06 (seis) cargos acima mencionados.<br \/>\n<strong>Art. 4\u00b0<\/strong> &#8211; Ficam criados 05 (cinco) cargos de \u201cCOORDENADOR PEDAG\u00d3GICO\u201d &#8211; (DAS-2), alterando-se a quantidade prevista no anexo I da Lei n.\u00ba 654\/2025, passando a contar com 20 (vinte) cargos acima mencionados.<br \/>\n<strong>Art. 5\u00b0-<\/strong> Ficam criados 05 (cinco) cargos de \u201cDIRETOR ESCOLAR ADJUNTO\u201d &#8211; (DAS-2), alterando-se a quantidade prevista no anexo I da Lei n.\u00ba 654\/2025, passando a contar com 20 (vinte) cargos acima mencionados.<br \/>\n<strong>Art. 6\u00ba<\/strong> &#8211; Ficam extintos da estrutura da Secretaria Municipal de Cultura e Turismo o \u201cDepartamento de Cria\u00e7\u00e3o\u201d e o \u201cDepartamento de Execu\u00e7\u00e3o\u201d, passando a reda\u00e7\u00e3o do art. 45 a ser a seguinte:<br \/>\n<em>\u201cArt. 45 \u2013 A Secretaria Municipal de Cultura e Turismo possui a seguinte estrutura organizacional:<br \/>\n<\/em><em>(&#8230;)<br \/>\n<\/em><em>III- Coordena\u00e7\u00e3o de Cultura:<br \/>\n<\/em><em>a) Departamento de Pesquisa e Planejamento;<br \/>\n<\/em><em>b) Departamento de Avalia\u00e7\u00e3o.\u201d<br \/>\n<\/em><strong>Art. 7\u00ba<\/strong> &#8211; Ficam criadas na estrutura da Secretaria Municipal de Cultura e Turismo a \u201cCoordena\u00e7\u00e3o de Execu\u00e7\u00e3o\u201d, \u201cCoordena\u00e7\u00e3o de Cria\u00e7\u00e3o \u201ce \u201cCoordena\u00e7\u00e3o de M\u00fasica\u201d.<br \/>\n\u00a71\u00b0 &#8211; O perfil remunerat\u00f3rio dos ocupantes dos cargos acima citados ser\u00e3o os seguintes:<br \/>\nI &#8211; Coordena\u00e7\u00e3o de Execu\u00e7\u00e3o (DAS-2)<br \/>\nII &#8211; Coordena\u00e7\u00e3o de Cria\u00e7\u00e3o (DAS-2)<br \/>\nIII &#8211; Coordena\u00e7\u00e3o de M\u00fasica (DAS-2)<br \/>\n\u00a72\u00b0- A reda\u00e7\u00e3o do art. 45 da Lei n.\u00ba 654\/2025 passa a contar com os incisos V, VI e VII com os seguintes termos:<br \/>\n<em>V- Coordena\u00e7\u00e3o Execu\u00e7\u00e3o;<br \/>\n<\/em><em>VI- Coordena\u00e7\u00e3o de Cria\u00e7\u00e3o;<br \/>\n<\/em><em>VII- Coordena\u00e7\u00e3o de M\u00fasica.<br \/>\n<\/em><strong>Art. 8\u00ba<\/strong> &#8211; Na estrutura administrativa da Secretaria Municipal de Cultura, o cargo de \u201c<strong>COORDENADOR DE CULTURA<\/strong>\u201d passa a ter o perfil remunerat\u00f3rio DAS-1.<br \/>\n<strong>Art. 9\u00ba<\/strong> &#8211; Na estrutura administrativa da Secretaria Municipal de Administra\u00e7\u00e3o, o cargo de \u201c<strong>COORDENADOR ADMINISTRATIVO DE IM\u00d3VEIS E PATRIM\u00d4NIO P\u00daBLICO MUNICIPAL\u201d<\/strong> passa a ter o perfil remunerat\u00f3rio DAS-1.<br \/>\n<strong>Art. 10<\/strong> &#8211; Os demais dispositivos da Lei n.\u00ba 654\/2025, de 20 de janeiro de 2025,\u00a0 continuam inalterados.<br \/>\n<strong>Art. 11<\/strong> &#8211; Esta Lei entra em vigor na data de sua publica\u00e7\u00e3o.<br \/>\n<strong>Art. 12<\/strong> &#8211; Revogam-se as disposi\u00e7\u00f5es em contr\u00e1rio.<br \/>\nPal\u00e1cio Benedito Lima e Silva, Gabinete do Prefeito Municipal de Magalh\u00e3es de Almeida\/MA, em 31 de janeiro de 2025. Raimundo Nonato Carvalho, Prefeito Municipal.<br \/>\n<strong>ANEXO I da Lei N.\u00ba 658\/2025<br \/>\n<\/strong><\/p>\n<p><strong>GABINETE DO PREFEITO<br \/>\n<\/strong><\/p>\n<table width=\"337\">\n<tbody>\n<tr>\n<td style=\"text-align: center\" width=\"23\"><strong>N.\u00ba<\/strong><\/td>\n<td style=\"text-align: center\" width=\"200\"><strong>FUN\u00c7\u00c3O<\/strong><\/td>\n<td style=\"text-align: center\" width=\"65\"><strong>S\u00cdMBOLO<\/strong><\/td>\n<td style=\"text-align: center\" width=\"49\"><strong>QUANT<\/strong><\/td>\n<\/tr>\n<tr>\n<td style=\"text-align: center\" width=\"23\">1<\/td>\n<td width=\"200\">Prefeito<\/td>\n<td width=\"65\"><\/td>\n<td width=\"49\"><\/td>\n<\/tr>\n<tr>\n<td style=\"text-align: center\" width=\"23\">2<\/td>\n<td width=\"200\">Chefe de Gabinete do Prefeito<\/td>\n<td style=\"text-align: center\" width=\"65\">DGA<\/td>\n<td style=\"text-align: center\" width=\"49\">1<\/td>\n<\/tr>\n<tr>\n<td style=\"text-align: center\" width=\"23\">3<\/td>\n<td width=\"200\">Secret\u00e1rio (a) Executivo do Prefeito<\/td>\n<td style=\"text-align: center\" width=\"65\">DGA<\/td>\n<td style=\"text-align: center\" width=\"49\">1<\/td>\n<\/tr>\n<tr>\n<td style=\"text-align: center\" width=\"23\">4<\/td>\n<td width=\"200\">Assessoria de Apoio T\u00e9cnico Administrativo<\/td>\n<td style=\"text-align: center\" width=\"65\">DAI<\/td>\n<td style=\"text-align: center\" width=\"49\">1<\/td>\n<\/tr>\n<tr>\n<td style=\"text-align: center\" width=\"23\">5<\/td>\n<td width=\"200\">Assessoria Especial N\u00edvel I<\/td>\n<td style=\"text-align: center\" width=\"65\">DAS-1<\/td>\n<td style=\"text-align: center\" width=\"49\">4<\/td>\n<\/tr>\n<tr>\n<td style=\"text-align: center\" width=\"23\">6<\/td>\n<td width=\"200\">Assessoria Especial N\u00edvel II<\/td>\n<td style=\"text-align: center\" width=\"65\">DAS-2<\/td>\n<td style=\"text-align: center\" width=\"49\">6<\/td>\n<\/tr>\n<tr>\n<td style=\"text-align: center\" width=\"23\">7<\/td>\n<td width=\"200\">Assessoria Especial N\u00edvel III<\/td>\n<td style=\"text-align: center\" width=\"65\">DAS-3<\/td>\n<td style=\"text-align: center\" width=\"49\">7<\/td>\n<\/tr>\n<tr>\n<td style=\"text-align: center\" width=\"23\">8<\/td>\n<td width=\"200\">Assessoria Especial N\u00edvel IV<\/td>\n<td style=\"text-align: center\" width=\"65\">DAS-4<\/td>\n<td style=\"text-align: center\" width=\"49\">10<\/td>\n<\/tr>\n<tr>\n<td style=\"text-align: center\" width=\"23\">9<\/td>\n<td width=\"200\">Tesouraria<\/td>\n<td style=\"text-align: center\" width=\"65\">DGA<\/td>\n<td style=\"text-align: center\" width=\"49\">1<\/td>\n<\/tr>\n<tr>\n<td style=\"text-align: center\" width=\"23\">10<\/td>\n<td width=\"200\">Assessor (a) em Programas, Projetos e Capita\u00e7\u00e3o de Recursos<\/td>\n<td style=\"text-align: center\" width=\"65\">DAS-3<\/td>\n<td style=\"text-align: center\" width=\"49\">1<\/td>\n<\/tr>\n<tr>\n<td style=\"text-align: center\" width=\"23\">11<\/td>\n<td width=\"200\">Assessor de Comunica\u00e7\u00e3o<\/td>\n<td style=\"text-align: center\" width=\"65\">DAS-2<\/td>\n<td style=\"text-align: center\" width=\"49\">1<\/td>\n<\/tr>\n<\/tbody>\n<\/table>\n<p><strong>GABINETE DO VICE-PREFEITO<br \/>\n<\/strong><\/p>\n<table width=\"337\">\n<tbody>\n<tr>\n<td style=\"text-align: center\" width=\"23\"><strong>N.\u00ba<\/strong><\/td>\n<td style=\"text-align: center\" width=\"200\"><strong>FUN\u00c7\u00c3O<\/strong><\/td>\n<td style=\"text-align: center\" width=\"65\"><strong>S\u00cdMBOLO<\/strong><\/td>\n<td style=\"text-align: center\" width=\"49\"><strong>QUANT<\/strong><\/td>\n<\/tr>\n<tr>\n<td style=\"text-align: center\" width=\"23\">1<\/td>\n<td width=\"200\">Vice-Prefeito<\/td>\n<td width=\"65\"><\/td>\n<td width=\"49\"><\/td>\n<\/tr>\n<tr>\n<td style=\"text-align: center\" width=\"23\">2<\/td>\n<td width=\"200\">Chefe de Gabinete do Vice-Prefeito<\/td>\n<td style=\"text-align: center\" width=\"65\">DGA<\/td>\n<td style=\"text-align: center\" width=\"49\">1<\/td>\n<\/tr>\n<tr>\n<td style=\"text-align: center\" width=\"23\">3<\/td>\n<td width=\"200\">Assessoria Especial N\u00edvel I<\/td>\n<td style=\"text-align: center\" width=\"65\">DAS-2<\/td>\n<td style=\"text-align: center\" width=\"49\">1<\/td>\n<\/tr>\n<tr>\n<td style=\"text-align: center\" width=\"23\">4<\/td>\n<td width=\"200\">Assessoria Especial N\u00edvel II<\/td>\n<td style=\"text-align: center\" width=\"65\">DAS-4<\/td>\n<td style=\"text-align: center\" width=\"49\">3<\/td>\n<\/tr>\n<\/tbody>\n<\/table>\n<p><strong>PROCURADORIA GERAL DO MUNIC\u00cdPIO<br \/>\n<\/strong><\/p>\n<table width=\"337\">\n<tbody>\n<tr>\n<td style=\"text-align: center\" width=\"23\"><strong>N.\u00ba<\/strong><\/td>\n<td style=\"text-align: center\" width=\"200\"><strong>FUN\u00c7\u00c3O<\/strong><\/td>\n<td style=\"text-align: center\" width=\"65\"><strong>S\u00cdMBOLO<\/strong><\/td>\n<td style=\"text-align: center\" width=\"49\"><strong>QUANT<\/strong><\/td>\n<\/tr>\n<tr>\n<td style=\"text-align: center\" width=\"23\">1<\/td>\n<td width=\"200\">Procurador Geral do Munic\u00edpio<\/td>\n<td style=\"text-align: center\" width=\"65\">DGA<\/td>\n<td style=\"text-align: center\" width=\"49\">1<\/td>\n<\/tr>\n<tr>\n<td style=\"text-align: center\" width=\"23\">2<\/td>\n<td width=\"200\">Assessoria de Apoio T\u00e9cnico Processual<\/td>\n<td style=\"text-align: center\" width=\"65\">DAS-2<\/td>\n<td style=\"text-align: center\" width=\"49\">1<\/td>\n<\/tr>\n<tr>\n<td style=\"text-align: center\" width=\"23\">3<\/td>\n<td width=\"200\">Assessoria Jur\u00eddica<\/td>\n<td style=\"text-align: center\" width=\"65\">DAS-1<\/td>\n<td style=\"text-align: center\" width=\"49\">6<\/td>\n<\/tr>\n<\/tbody>\n<\/table>\n<p><strong>CONTROLADORIA GERAL DO MUNIC\u00cdPIO<br \/>\n<\/strong><\/p>\n<table width=\"337\">\n<tbody>\n<tr>\n<td style=\"text-align: center\" width=\"23\"><strong>N.\u00ba<\/strong><\/td>\n<td style=\"text-align: center\" width=\"200\"><strong>FUN\u00c7\u00c3O<\/strong><\/td>\n<td style=\"text-align: center\" width=\"65\"><strong>S\u00cdMBOLO<\/strong><\/td>\n<td style=\"text-align: center\" width=\"49\"><strong>QUANT<\/strong><\/td>\n<\/tr>\n<tr>\n<td style=\"text-align: center\" width=\"23\">1<\/td>\n<td width=\"200\">Controlador Geral do Munic\u00edpio<\/td>\n<td style=\"text-align: center\" width=\"65\">DGA<\/td>\n<td style=\"text-align: center\" width=\"49\">1<\/td>\n<\/tr>\n<tr>\n<td style=\"text-align: center\" width=\"23\">2<\/td>\n<td width=\"200\">Coordenador (a) de Pedidos e Compras<\/td>\n<td style=\"text-align: center\" width=\"65\">DAS-3<\/td>\n<td style=\"text-align: center\" width=\"49\">1<\/td>\n<\/tr>\n<tr>\n<td style=\"text-align: center\" width=\"23\">3<\/td>\n<td width=\"200\">Chefe de Departamento de Almoxarifado<\/td>\n<td style=\"text-align: center\" width=\"65\">DAS-2<\/td>\n<td style=\"text-align: center\" width=\"49\">1<\/td>\n<\/tr>\n<tr>\n<td style=\"text-align: center\" width=\"23\">4<\/td>\n<td width=\"200\">Assessor Jur\u00eddico<\/td>\n<td style=\"text-align: center\" width=\"65\">DAS-1<\/td>\n<td style=\"text-align: center\" width=\"49\">1<\/td>\n<\/tr>\n<\/tbody>\n<\/table>\n<p><strong>OUVIDORIA<br \/>\n<\/strong><\/p>\n<table width=\"337\">\n<tbody>\n<tr>\n<td style=\"text-align: center\" width=\"23\"><strong>N.\u00ba<\/strong><\/td>\n<td style=\"text-align: center\" width=\"200\"><strong>FUN\u00c7\u00c3O<\/strong><\/td>\n<td style=\"text-align: center\" width=\"65\"><strong>S\u00cdMBOLO<\/strong><\/td>\n<td style=\"text-align: center\" width=\"49\"><strong>QUANT<\/strong><\/td>\n<\/tr>\n<tr>\n<td style=\"text-align: center\" width=\"23\">1<\/td>\n<td width=\"200\">Ouvidor Geral do Munic\u00edpio<\/td>\n<td style=\"text-align: center\" width=\"65\">DGA<\/td>\n<td style=\"text-align: center\" width=\"49\">1<\/td>\n<\/tr>\n<tr>\n<td style=\"text-align: center\" width=\"23\">2<\/td>\n<td width=\"200\">Assessor (a) de Apoio T\u00e9cnico Administrativo de Processamento das Informa\u00e7\u00f5es e Den\u00fancias P\u00fablicas<\/td>\n<td style=\"text-align: center\" width=\"65\">DAS-4<\/td>\n<td style=\"text-align: center\" width=\"49\">1<\/td>\n<\/tr>\n<\/tbody>\n<\/table>\n<p><strong>SECRETARIA MUNICIPAL DE ADMINISTRA\u00c7\u00c3O<br \/>\n<\/strong><\/p>\n<table width=\"337\">\n<tbody>\n<tr>\n<td style=\"text-align: center\" width=\"23\"><strong>N.\u00ba<\/strong><\/td>\n<td style=\"text-align: center\" width=\"200\"><strong>FUN\u00c7\u00c3O<\/strong><\/td>\n<td style=\"text-align: center\" width=\"65\"><strong>S\u00cdMBOLO<\/strong><\/td>\n<td style=\"text-align: center\" width=\"49\"><strong>QUANT<\/strong><\/td>\n<\/tr>\n<tr>\n<td style=\"text-align: center\" width=\"23\">1<\/td>\n<td width=\"200\">Secret\u00e1rio (a) Municipal de Administra\u00e7\u00e3o<\/td>\n<td style=\"text-align: center\" width=\"65\">DGA<\/td>\n<td style=\"text-align: center\" width=\"49\">1<\/td>\n<\/tr>\n<tr>\n<td style=\"text-align: center\" width=\"23\">2<\/td>\n<td width=\"200\">Assessor (a) de Apoio T\u00e9cnico Administrativo<\/td>\n<td style=\"text-align: center\" width=\"65\">DAI<\/td>\n<td style=\"text-align: center\" width=\"49\">4<\/td>\n<\/tr>\n<tr>\n<td style=\"text-align: center\" width=\"23\">3<\/td>\n<td width=\"200\">Coordenador(a) de Recursos Humanos<\/td>\n<td style=\"text-align: center\" width=\"65\">DAS-2<\/td>\n<td style=\"text-align: center\" width=\"49\">1<\/td>\n<\/tr>\n<tr>\n<td style=\"text-align: center\" width=\"23\">4<\/td>\n<td width=\"200\">Chefe de Departamento de Cadastro e Controle<\/td>\n<td style=\"text-align: center\" width=\"65\">DAS-4<\/td>\n<td style=\"text-align: center\" width=\"49\">1<\/td>\n<\/tr>\n<tr>\n<td style=\"text-align: center\" width=\"23\">5<\/td>\n<td width=\"200\">Chefe de Departamento de Servi\u00e7os de Arquivologia<\/td>\n<td style=\"text-align: center\" width=\"65\">DAS-4<\/td>\n<td style=\"text-align: center\" width=\"49\">1<\/td>\n<\/tr>\n<tr>\n<td style=\"text-align: center\" width=\"23\">6<\/td>\n<td width=\"200\">Chefe do Departamento de Protocolo<\/td>\n<td style=\"text-align: center\" width=\"65\">DAS-4<\/td>\n<td style=\"text-align: center\" width=\"49\">1<\/td>\n<\/tr>\n<tr>\n<td style=\"text-align: center\" width=\"23\">7<\/td>\n<td width=\"200\">Coordenador (a) Administrativo de Im\u00f3veis e Patrim\u00f4nio P\u00fablico Municipal<\/td>\n<td style=\"text-align: center\" width=\"65\">DAS-1<\/td>\n<td style=\"text-align: center\" width=\"49\">1<\/td>\n<\/tr>\n<tr>\n<td style=\"text-align: center\" width=\"23\">8<\/td>\n<td width=\"200\">Diretor (a) Administrativo do Mercado P\u00fablico<\/td>\n<td style=\"text-align: center\" width=\"65\">DAS-4<\/td>\n<td style=\"text-align: center\" width=\"49\">1<\/td>\n<\/tr>\n<tr>\n<td style=\"text-align: center\" width=\"23\">9<\/td>\n<td width=\"200\">Diretor (a) Administrativo de Pra\u00e7as P\u00fablicas<\/td>\n<td style=\"text-align: center\" width=\"65\">DAS-4<\/td>\n<td style=\"text-align: center\" width=\"49\">1<\/td>\n<\/tr>\n<tr>\n<td style=\"text-align: center\" width=\"23\">10<\/td>\n<td width=\"200\">Diretor(a) Administrativo do Matadouro Municipal<\/td>\n<td style=\"text-align: center\" width=\"65\">DAS-4<\/td>\n<td style=\"text-align: center\" width=\"49\">1<\/td>\n<\/tr>\n<tr>\n<td style=\"text-align: center\" width=\"23\">11<\/td>\n<td width=\"200\">Diretor(a) Administrativo do Cemit\u00e9rio<\/td>\n<td style=\"text-align: center\" width=\"65\">DAS-4<\/td>\n<td style=\"text-align: center\" width=\"49\">1<\/td>\n<\/tr>\n<tr>\n<td style=\"text-align: center\" width=\"23\">12<\/td>\n<td width=\"200\">Chefe do Departamento de Tombamento e Bens P\u00fablicos<\/td>\n<td style=\"text-align: center\" width=\"65\">DAS-4<\/td>\n<td style=\"text-align: center\" width=\"49\">1<\/td>\n<\/tr>\n<tr>\n<td style=\"text-align: center\" width=\"23\">13<\/td>\n<td width=\"200\">Chefe do Departamento de Tecnologias Estruturais<\/td>\n<td style=\"text-align: center\" width=\"65\">DAS-4<\/td>\n<td style=\"text-align: center\" width=\"49\">1<\/td>\n<\/tr>\n<tr>\n<td style=\"text-align: center\" width=\"23\">14<\/td>\n<td width=\"200\">Coordenador(a) de Apoio ao Empreendedorismo<\/td>\n<td style=\"text-align: center\" width=\"65\">DAS-4<\/td>\n<td style=\"text-align: center\" width=\"49\">1<\/td>\n<\/tr>\n<tr>\n<td style=\"text-align: center\" width=\"23\">15<\/td>\n<td width=\"200\">Coordenador(a) de Defesa Civil<\/td>\n<td style=\"text-align: center\" width=\"65\">DAS-4<\/td>\n<td style=\"text-align: center\" width=\"49\">1<\/td>\n<\/tr>\n<tr>\n<td style=\"text-align: center\" width=\"23\">16<\/td>\n<td width=\"200\">Coordenador(a) da Guarda Municipal<\/td>\n<td style=\"text-align: center\" width=\"65\">DAS-4<\/td>\n<td style=\"text-align: center\" width=\"49\">1<\/td>\n<\/tr>\n<tr>\n<td style=\"text-align: center\" width=\"23\">17<\/td>\n<td width=\"200\">Diretor(a) do Departamento Municipal de Tr\u00e2nsito<\/td>\n<td style=\"text-align: center\" width=\"65\">DAS-4<\/td>\n<td style=\"text-align: center\" width=\"49\">1<\/td>\n<\/tr>\n<\/tbody>\n<\/table>\n<p><strong>SECRETARIA MUNICIPAL DE FINAN\u00c7AS<\/strong><\/p>\n<table width=\"337\">\n<tbody>\n<tr>\n<td style=\"text-align: center\" width=\"23\"><strong>N.\u00ba<\/strong><\/td>\n<td style=\"text-align: center\" width=\"200\"><strong>FUN\u00c7\u00c3O<\/strong><\/td>\n<td style=\"text-align: center\" width=\"65\"><strong>S\u00cdMBOLO<\/strong><\/td>\n<td style=\"text-align: center\" width=\"49\"><strong>QUANT<\/strong><\/td>\n<\/tr>\n<tr>\n<td style=\"text-align: center\" width=\"23\">1<\/td>\n<td width=\"200\">Secret\u00e1rio(a) Municipal de Finan\u00e7as<\/td>\n<td style=\"text-align: center\" width=\"65\">DGA<\/td>\n<td style=\"text-align: center\" width=\"49\">1<\/td>\n<\/tr>\n<tr>\n<td style=\"text-align: center\" width=\"23\">2<\/td>\n<td width=\"200\">Coordenador(a) da CPL<\/td>\n<td style=\"text-align: center\" width=\"65\">DAS-2<\/td>\n<td style=\"text-align: center\" width=\"49\">1<\/td>\n<\/tr>\n<tr>\n<td style=\"text-align: center\" width=\"23\">3<\/td>\n<td width=\"200\">Chefe de Departamento de Gerenciamento de Informa\u00e7\u00e3o do Di\u00e1rio Oficial do Portal da Transpar\u00eancia<\/td>\n<td style=\"text-align: center\" width=\"65\">DAS-4<\/td>\n<td style=\"text-align: center\" width=\"49\">1<\/td>\n<\/tr>\n<tr>\n<td style=\"text-align: center\" width=\"23\">4<\/td>\n<td width=\"200\">Contador(a)<\/td>\n<td style=\"text-align: center\" width=\"65\">DAS-1<\/td>\n<td style=\"text-align: center\" width=\"49\">1<\/td>\n<\/tr>\n<tr>\n<td style=\"text-align: center\" width=\"23\">5<\/td>\n<td width=\"200\">Coordenador de Presta\u00e7\u00e3o de Contas, Contratos, Conv\u00eanios e Afins<\/td>\n<td style=\"text-align: center\" width=\"65\">DAS-3<\/td>\n<td style=\"text-align: center\" width=\"49\">1<\/td>\n<\/tr>\n<tr>\n<td style=\"text-align: center\" width=\"23\">6<\/td>\n<td width=\"200\">Coordenador(a) de Contas de Repasses Volunt\u00e1rios<\/td>\n<td style=\"text-align: center\" width=\"65\">DAS-3<\/td>\n<td style=\"text-align: center\" width=\"49\">1<\/td>\n<\/tr>\n<tr>\n<td style=\"text-align: center\" width=\"23\">7<\/td>\n<td width=\"200\">Assessor(a) Cont\u00e1bil<\/td>\n<td style=\"text-align: center\" width=\"65\">DAS-3<\/td>\n<td style=\"text-align: center\" width=\"49\">1<\/td>\n<\/tr>\n<tr>\n<td style=\"text-align: center\" width=\"23\">8<\/td>\n<td width=\"200\">Coordenador de Sistema de Tributos e Arrecada\u00e7\u00e3o<\/td>\n<td style=\"text-align: center\" width=\"65\">DAS-3<\/td>\n<td style=\"text-align: center\" width=\"49\">1<\/td>\n<\/tr>\n<tr>\n<td style=\"text-align: center\" width=\"23\">9<\/td>\n<td width=\"200\">Chefe do Departamento de Fiscaliza\u00e7\u00e3o<\/td>\n<td style=\"text-align: center\" width=\"65\">DAS-4<\/td>\n<td style=\"text-align: center\" width=\"49\">1<\/td>\n<\/tr>\n<tr>\n<td style=\"text-align: center\" width=\"23\">10<\/td>\n<td width=\"200\">Auxiliar Cont\u00e1bil<\/td>\n<td style=\"text-align: center\" width=\"65\">DAS-4<\/td>\n<td style=\"text-align: center\" width=\"49\">1<\/td>\n<\/tr>\n<\/tbody>\n<\/table>\n<p><strong>SECRETARIA MUNICIPAL DE INFRAESTRUTURA, SERVI\u00c7OS URBANOS E PAISAGISMO<br \/>\n<\/strong><\/p>\n<table width=\"337\">\n<tbody>\n<tr>\n<td style=\"text-align: center\" width=\"23\"><strong>N.\u00ba<\/strong><\/td>\n<td style=\"text-align: center\" width=\"200\"><strong>FUN\u00c7\u00c3O<\/strong><\/td>\n<td style=\"text-align: center\" width=\"65\"><strong>S\u00cdMBOLO<\/strong><\/td>\n<td style=\"text-align: center\" width=\"49\"><strong>QUANT<\/strong><\/td>\n<\/tr>\n<tr>\n<td style=\"text-align: center\" width=\"23\">1<\/td>\n<td width=\"200\">Secret\u00e1rio(a) Municipal de Infraestrutura, Servi\u00e7os Urbanos e Paisagismo<\/td>\n<td style=\"text-align: center\" width=\"65\">DGA<\/td>\n<td style=\"text-align: center\" width=\"49\">1<\/td>\n<\/tr>\n<tr>\n<td style=\"text-align: center\" width=\"23\">2<\/td>\n<td width=\"200\">Assessor(a) de Apoio T\u00e9cnico Administrativo<\/td>\n<td style=\"text-align: center\" width=\"65\">DAI<\/td>\n<td style=\"text-align: center\" width=\"49\">4<\/td>\n<\/tr>\n<tr>\n<td style=\"text-align: center\" width=\"23\">3<\/td>\n<td width=\"200\">Assessor(a) T\u00e9cnico de Engenharia<\/td>\n<td style=\"text-align: center\" width=\"65\">DAS-1<\/td>\n<td style=\"text-align: center\" width=\"49\">2<\/td>\n<\/tr>\n<tr>\n<td style=\"text-align: center\" width=\"23\">4<\/td>\n<td width=\"200\">Coordenador(a) de Planejamento, Or\u00e7amento e Log\u00edstica<\/td>\n<td style=\"text-align: center\" width=\"65\">DAS-3<\/td>\n<td style=\"text-align: center\" width=\"49\">1<\/td>\n<\/tr>\n<tr>\n<td style=\"text-align: center\" width=\"23\">5<\/td>\n<td width=\"200\">Chefe do Departamento de Equipamentos Mecanizados e Almoxarifado<\/td>\n<td style=\"text-align: center\" width=\"65\">DAS-4<\/td>\n<td style=\"text-align: center\" width=\"49\">1<\/td>\n<\/tr>\n<tr>\n<td style=\"text-align: center\" width=\"23\">6<\/td>\n<td width=\"200\">Coordenador(a) de Acompanhamento e Manuten\u00e7\u00e3o de Estradas Vicinais<\/td>\n<td style=\"text-align: center\" width=\"65\">DAS-3<\/td>\n<td style=\"text-align: center\" width=\"49\">1<\/td>\n<\/tr>\n<tr>\n<td style=\"text-align: center\" width=\"23\">7<\/td>\n<td width=\"200\">Coordenador(a) de Acompanhamento e Monitoramento de Obras<\/td>\n<td style=\"text-align: center\" width=\"65\">DAS-3<\/td>\n<td style=\"text-align: center\" width=\"49\">1<\/td>\n<\/tr>\n<tr>\n<td style=\"text-align: center\" width=\"23\">8<\/td>\n<td width=\"200\">Coordenador(a) de Paisagismo<\/td>\n<td style=\"text-align: center\" width=\"65\">DAS-3<\/td>\n<td style=\"text-align: center\" width=\"49\">1<\/td>\n<\/tr>\n<tr>\n<td style=\"text-align: center\" width=\"23\">9<\/td>\n<td width=\"200\">Coordenador(a) de Fiscaliza\u00e7\u00e3o de Obras<\/td>\n<td style=\"text-align: center\" width=\"65\">DAS-3<\/td>\n<td style=\"text-align: center\" width=\"49\">1<\/td>\n<\/tr>\n<\/tbody>\n<\/table>\n<p><strong>SECRETARIA MUNICIPAL DE ASSIST\u00caNCIA SOCIAL<br \/>\n<\/strong><\/p>\n<table width=\"337\">\n<tbody>\n<tr>\n<td style=\"text-align: center\" width=\"23\"><strong>N.\u00ba<\/strong><\/td>\n<td style=\"text-align: center\" width=\"200\"><strong>FUN\u00c7\u00c3O<\/strong><\/td>\n<td style=\"text-align: center\" width=\"65\"><strong>S\u00cdMBOLO<\/strong><\/td>\n<td style=\"text-align: center\" width=\"49\"><strong>QUANT<\/strong><\/td>\n<\/tr>\n<tr>\n<td style=\"text-align: center\" width=\"23\">1<\/td>\n<td width=\"200\">Secret\u00e1rio(a) Municipal de Assist\u00eancia Social<\/td>\n<td style=\"text-align: center\" width=\"65\">DGA<\/td>\n<td style=\"text-align: center\" width=\"49\">1<\/td>\n<\/tr>\n<tr>\n<td style=\"text-align: center\" width=\"23\">2<\/td>\n<td width=\"200\">Assessor de Apoio T\u00e9cnico Administrativo<\/td>\n<td style=\"text-align: center\" width=\"65\">DAI<\/td>\n<td style=\"text-align: center\" width=\"49\">5<\/td>\n<\/tr>\n<tr>\n<td style=\"text-align: center\" width=\"23\">3<\/td>\n<td width=\"200\">Coordenador(a) de Planejamento, Controle de Recursos Humanos e Finan\u00e7as<\/td>\n<td style=\"text-align: center\" width=\"65\">DAS-2<\/td>\n<td style=\"text-align: center\" width=\"49\">1<\/td>\n<\/tr>\n<tr>\n<td style=\"text-align: center\" width=\"23\">4<\/td>\n<td width=\"200\">Coordenador(a) de Gest\u00e3o do Programa Bolsa Fam\u00edlia<\/td>\n<td style=\"text-align: center\" width=\"65\">DAS-2<\/td>\n<td style=\"text-align: center\" width=\"49\">1<\/td>\n<\/tr>\n<tr>\n<td style=\"text-align: center\" width=\"23\">5<\/td>\n<td width=\"200\">Coordenador(a) da Gest\u00e3o do SUAS da Aten\u00e7\u00e3o Social e B\u00e1sica<\/td>\n<td style=\"text-align: center\" width=\"65\">DAS-4<\/td>\n<td style=\"text-align: center\" width=\"49\">1<\/td>\n<\/tr>\n<tr>\n<td style=\"text-align: center\" width=\"23\">6<\/td>\n<td width=\"200\">Coordenador(a) do Programa CRAS<\/td>\n<td style=\"text-align: center\" width=\"65\">DAS-4<\/td>\n<td style=\"text-align: center\" width=\"49\">1<\/td>\n<\/tr>\n<tr>\n<td style=\"text-align: center\" width=\"23\">7<\/td>\n<td width=\"200\">Coordenador(a) do Programa do Servi\u00e7o de Conviv\u00eancia e Fortalecimento de V\u00ednculos<\/td>\n<td style=\"text-align: center\" width=\"65\">DAS-4<\/td>\n<td style=\"text-align: center\" width=\"49\">1<\/td>\n<\/tr>\n<tr>\n<td style=\"text-align: center\" width=\"23\">8<\/td>\n<td width=\"200\">Coordenador(a) do CREAS<\/td>\n<td style=\"text-align: center\" width=\"65\">DAS-4<\/td>\n<td style=\"text-align: center\" width=\"49\">1<\/td>\n<\/tr>\n<\/tbody>\n<\/table>\n<p><strong>SECRETARIA MUNICIPAL DE EDUCA\u00c7\u00c3O, CI\u00caNCIA, TECNOLOGIA E INOVA\u00c7\u00c3O<\/strong><\/p>\n<table width=\"337\">\n<tbody>\n<tr>\n<td style=\"text-align: center\" width=\"23\"><strong>N.\u00ba<\/strong><\/td>\n<td style=\"text-align: center\" width=\"200\"><strong>FUN\u00c7\u00c3O<\/strong><\/td>\n<td style=\"text-align: center\" width=\"65\"><strong>S\u00cdMBOLO<\/strong><\/td>\n<td style=\"text-align: center\" width=\"49\"><strong>QUANT<\/strong><\/td>\n<\/tr>\n<tr>\n<td style=\"text-align: center\" width=\"23\">1<\/td>\n<td width=\"200\">Secret\u00e1rio(a) Municipal de Educa\u00e7\u00e3o, Ci\u00eancia, Tecnologia e Inova\u00e7\u00e3o<\/td>\n<td style=\"text-align: center\" width=\"65\">DGA<\/td>\n<td style=\"text-align: center\" width=\"49\">1<\/td>\n<\/tr>\n<tr>\n<td style=\"text-align: center\" width=\"23\">2<\/td>\n<td width=\"200\">Chefe de Gabinete da SEMECTI<\/td>\n<td style=\"text-align: center\" width=\"65\">DAS-3<\/td>\n<td style=\"text-align: center\" width=\"49\">1<\/td>\n<\/tr>\n<tr>\n<td style=\"text-align: center\" width=\"23\">3<\/td>\n<td width=\"200\">Chefe do Departamento de Protocolo<\/td>\n<td style=\"text-align: center\" width=\"65\">DAS-4<\/td>\n<td style=\"text-align: center\" width=\"49\">1<\/td>\n<\/tr>\n<tr>\n<td style=\"text-align: center\" width=\"23\">4<\/td>\n<td width=\"200\">Assessor(a) de Apoio T\u00e9cnico Administrativo<\/td>\n<td style=\"text-align: center\" width=\"65\">DAI<\/td>\n<td style=\"text-align: center\" width=\"49\">20<\/td>\n<\/tr>\n<tr>\n<td style=\"text-align: center\" width=\"23\">5<\/td>\n<td width=\"200\">Assessor(a) Especial N\u00edvel I<\/td>\n<td style=\"text-align: center\" width=\"65\">DAS-1<\/td>\n<td style=\"text-align: center\" width=\"49\">3<\/td>\n<\/tr>\n<tr>\n<td style=\"text-align: center\" width=\"23\">6<\/td>\n<td width=\"200\">Assessor(a) Especial N\u00edvel II<\/td>\n<td style=\"text-align: center\" width=\"65\">DAS-2<\/td>\n<td style=\"text-align: center\" width=\"49\">3<\/td>\n<\/tr>\n<tr>\n<td style=\"text-align: center\" width=\"23\">7<\/td>\n<td width=\"200\">Assessor(a) Especial N\u00edvel III<\/td>\n<td style=\"text-align: center\" width=\"65\">DAS-3<\/td>\n<td style=\"text-align: center\" width=\"49\">3<\/td>\n<\/tr>\n<tr>\n<td style=\"text-align: center\" width=\"23\">8<\/td>\n<td width=\"200\">Assessor(a) Especial N\u00edvel IV<\/td>\n<td style=\"text-align: center\" width=\"65\">DAS-4<\/td>\n<td style=\"text-align: center\" width=\"49\">3<\/td>\n<\/tr>\n<tr>\n<td style=\"text-align: center\" width=\"23\">9<\/td>\n<td width=\"200\">Coordenador de Planejamento e Finan\u00e7as<\/td>\n<td style=\"text-align: center\" width=\"65\">DAS-2<\/td>\n<td style=\"text-align: center\" width=\"49\">1<\/td>\n<\/tr>\n<tr>\n<td style=\"text-align: center\" width=\"23\">10<\/td>\n<td width=\"200\">Chefe do Departamento de Presta\u00e7\u00e3o de Contas<\/td>\n<td style=\"text-align: center\" width=\"65\">DAS-4<\/td>\n<td style=\"text-align: center\" width=\"49\">1<\/td>\n<\/tr>\n<tr>\n<td style=\"text-align: center\" width=\"23\">11<\/td>\n<td width=\"200\">Coordenador(a) de Recurso Humanos<\/td>\n<td style=\"text-align: center\" width=\"65\">DAS-2<\/td>\n<td style=\"text-align: center\" width=\"49\">1<\/td>\n<\/tr>\n<tr>\n<td style=\"text-align: center\" width=\"23\">12<\/td>\n<td width=\"200\">Chefe do Departamento de Cadastro e Controle<\/td>\n<td style=\"text-align: center\" width=\"65\">DAS-4<\/td>\n<td style=\"text-align: center\" width=\"49\">1<\/td>\n<\/tr>\n<tr>\n<td style=\"text-align: center\" width=\"23\">13<\/td>\n<td width=\"200\">Coordenador de Servi\u00e7os T\u00e9cnicos e Melhorias<\/td>\n<td style=\"text-align: center\" width=\"65\">DAS-2<\/td>\n<td style=\"text-align: center\" width=\"49\">1<\/td>\n<\/tr>\n<tr>\n<td style=\"text-align: center\" width=\"23\">14<\/td>\n<td width=\"200\">Chefe do Departamento de Transporte<\/td>\n<td style=\"text-align: center\" width=\"65\">DAS-4<\/td>\n<td style=\"text-align: center\" width=\"49\">1<\/td>\n<\/tr>\n<tr>\n<td style=\"text-align: center\" width=\"23\">15<\/td>\n<td width=\"200\">Chefe do Departamento de Servi\u00e7os T\u00e9cnicos Estruturais<\/td>\n<td style=\"text-align: center\" width=\"65\">DAS-4<\/td>\n<td style=\"text-align: center\" width=\"49\">1<\/td>\n<\/tr>\n<tr>\n<td style=\"text-align: center\" width=\"23\">16<\/td>\n<td width=\"200\">Chefe do Departamento de Reprodu\u00e7\u00e3o Gr\u00e1fica<\/td>\n<td style=\"text-align: center\" width=\"65\">DAS-4<\/td>\n<td style=\"text-align: center\" width=\"49\">1<\/td>\n<\/tr>\n<tr>\n<td style=\"text-align: center\" width=\"23\">17<\/td>\n<td width=\"200\">Chefe do Departamento de Material e Patrimonial<\/td>\n<td style=\"text-align: center\" width=\"65\">DAS-4<\/td>\n<td style=\"text-align: center\" width=\"49\">1<\/td>\n<\/tr>\n<tr>\n<td style=\"text-align: center\" width=\"23\">18<\/td>\n<td width=\"200\">Chefe do Departamento de Seguran\u00e7a Escolar<\/td>\n<td style=\"text-align: center\" width=\"65\">DAS-4<\/td>\n<td style=\"text-align: center\" width=\"49\">1<\/td>\n<\/tr>\n<tr>\n<td style=\"text-align: center\" width=\"23\">19<\/td>\n<td width=\"200\">Chefe do Departamento de Almoxarifado<\/td>\n<td style=\"text-align: center\" width=\"65\">DAS-4<\/td>\n<td style=\"text-align: center\" width=\"49\">1<\/td>\n<\/tr>\n<tr>\n<td style=\"text-align: center\" width=\"23\">20<\/td>\n<td width=\"200\">Coordenador(a) de Estat\u00edstica<\/td>\n<td style=\"text-align: center\" width=\"65\">DAS-2<\/td>\n<td style=\"text-align: center\" width=\"49\">1<\/td>\n<\/tr>\n<tr>\n<td style=\"text-align: center\" width=\"23\">21<\/td>\n<td width=\"200\">Chefe do Departamento de Censo Escolar<\/td>\n<td style=\"text-align: center\" width=\"65\">DAS-4<\/td>\n<td style=\"text-align: center\" width=\"49\">1<\/td>\n<\/tr>\n<tr>\n<td style=\"text-align: center\" width=\"23\">22<\/td>\n<td width=\"200\">Chefe do Departamento de Frequ\u00eancia Escolar<\/td>\n<td style=\"text-align: center\" width=\"65\">DAS-4<\/td>\n<td style=\"text-align: center\" width=\"49\">1<\/td>\n<\/tr>\n<tr>\n<td style=\"text-align: center\" width=\"23\">23<\/td>\n<td width=\"200\">Chefe do Departamento de Inspe\u00e7\u00e3o de Documentos Escolares<\/td>\n<td style=\"text-align: center\" width=\"65\">DAS-4<\/td>\n<td style=\"text-align: center\" width=\"49\">1<\/td>\n<\/tr>\n<tr>\n<td style=\"text-align: center\" width=\"23\">24<\/td>\n<td width=\"200\">Coordenador(a) de Ci\u00eancia, Tecnologia e Inova\u00e7\u00e3o<\/td>\n<td style=\"text-align: center\" width=\"65\">DAS-2<\/td>\n<td style=\"text-align: center\" width=\"49\">1<\/td>\n<\/tr>\n<tr>\n<td style=\"text-align: center\" width=\"23\">25<\/td>\n<td width=\"200\">Chefe do Departamento de Tecnologias Estruturais<\/td>\n<td style=\"text-align: center\" width=\"65\">DAS-4<\/td>\n<td style=\"text-align: center\" width=\"49\">1<\/td>\n<\/tr>\n<tr>\n<td style=\"text-align: center\" width=\"23\">26<\/td>\n<td width=\"200\">Coordenador(a) de Alimenta\u00e7\u00e3o Escolar<\/td>\n<td style=\"text-align: center\" width=\"65\">DAS-2<\/td>\n<td style=\"text-align: center\" width=\"49\">1<\/td>\n<\/tr>\n<tr>\n<td style=\"text-align: center\" width=\"23\">27<\/td>\n<td width=\"200\">Chefe do Departamento de Armazenamento e Controle de Alimenta\u00e7\u00e3o Escolar<\/td>\n<td style=\"text-align: center\" width=\"65\">DAS-4<\/td>\n<td style=\"text-align: center\" width=\"49\">1<\/td>\n<\/tr>\n<tr>\n<td style=\"text-align: center\" width=\"23\">28<\/td>\n<td width=\"200\">Superintendente Institucional de Ensino<\/td>\n<td style=\"text-align: center\" width=\"65\">DANS<\/td>\n<td style=\"text-align: center\" width=\"49\">1<\/td>\n<\/tr>\n<tr>\n<td style=\"text-align: center\" width=\"23\">29<\/td>\n<td width=\"200\">Coordenador(a) Esportivo de Aux\u00edlio ao Desenvolvimento Escolar<\/td>\n<td style=\"text-align: center\" width=\"65\">DAS-2<\/td>\n<td style=\"text-align: center\" width=\"49\">1<\/td>\n<\/tr>\n<tr>\n<td style=\"text-align: center\" width=\"23\">30<\/td>\n<td width=\"200\">Chefe do Departamento de Futebol<\/td>\n<td style=\"text-align: center\" width=\"65\">DAS-4<\/td>\n<td style=\"text-align: center\" width=\"49\">1<\/td>\n<\/tr>\n<tr>\n<td style=\"text-align: center\" width=\"23\">31<\/td>\n<td width=\"200\">Chefe do Departamento de Futsal<\/td>\n<td style=\"text-align: center\" width=\"65\">DAS-4<\/td>\n<td style=\"text-align: center\" width=\"49\">1<\/td>\n<\/tr>\n<tr>\n<td style=\"text-align: center\" width=\"23\">32<\/td>\n<td width=\"200\">Chefe do Departamento de Voleibol<\/td>\n<td style=\"text-align: center\" width=\"65\">DAS-4<\/td>\n<td style=\"text-align: center\" width=\"49\">1<\/td>\n<\/tr>\n<tr>\n<td style=\"text-align: center\" width=\"23\">33<\/td>\n<td width=\"200\">Chefe do Departamento de Atletismo<\/td>\n<td style=\"text-align: center\" width=\"65\">DAS-4<\/td>\n<td style=\"text-align: center\" width=\"49\">1<\/td>\n<\/tr>\n<tr>\n<td style=\"text-align: center\" width=\"23\">34<\/td>\n<td width=\"200\">Chefe do Departamento de Beach Soccer<\/td>\n<td style=\"text-align: center\" width=\"65\">DAS-4<\/td>\n<td style=\"text-align: center\" width=\"49\">1<\/td>\n<\/tr>\n<tr>\n<td style=\"text-align: center\" width=\"23\">35<\/td>\n<td width=\"200\">Chefe do Departamento de Inclus\u00e3o no Esporte<\/td>\n<td style=\"text-align: center\" width=\"65\">DAS-4<\/td>\n<td style=\"text-align: center\" width=\"49\">1<\/td>\n<\/tr>\n<tr>\n<td style=\"text-align: center\" width=\"23\">36<\/td>\n<td width=\"200\">Coordenador(a) Geral de Programa de Pol\u00edticas Educacionais<\/td>\n<td style=\"text-align: center\" width=\"65\">DAS-2<\/td>\n<td style=\"text-align: center\" width=\"49\">1<\/td>\n<\/tr>\n<tr>\n<td style=\"text-align: center\" width=\"23\">37<\/td>\n<td width=\"200\">Coordenador(a) do Programa Sa\u00fade na Escola \u2013 PSE<\/td>\n<td style=\"text-align: center\" width=\"65\">DAS-2<\/td>\n<td style=\"text-align: center\" width=\"49\">1<\/td>\n<\/tr>\n<tr>\n<td style=\"text-align: center\" width=\"23\">38<\/td>\n<td width=\"200\">Coordenador(a) do Programa Avan\u00e7a Aprendizagem<\/td>\n<td style=\"text-align: center\" width=\"65\">DAS-2<\/td>\n<td style=\"text-align: center\" width=\"49\">1<\/td>\n<\/tr>\n<tr>\n<td style=\"text-align: center\" width=\"23\">39<\/td>\n<td width=\"200\">Coordenador(a) do Programa Escola Aberta<\/td>\n<td style=\"text-align: center\" width=\"65\">DAS-2<\/td>\n<td style=\"text-align: center\" width=\"49\">1<\/td>\n<\/tr>\n<tr>\n<td style=\"text-align: center\" width=\"23\">40<\/td>\n<td width=\"200\">Coordenador(a) do Programa Antirracismo<\/td>\n<td style=\"text-align: center\" width=\"65\">DAS-2<\/td>\n<td style=\"text-align: center\" width=\"49\">1<\/td>\n<\/tr>\n<tr>\n<td style=\"text-align: center\" width=\"23\">41<\/td>\n<td width=\"200\">Coordenador(a) dos Programas do PDDE<\/td>\n<td style=\"text-align: center\" width=\"65\">DAS-2<\/td>\n<td style=\"text-align: center\" width=\"49\">1<\/td>\n<\/tr>\n<tr>\n<td style=\"text-align: center\" width=\"23\">42<\/td>\n<td width=\"200\">Coordenador (a) do EJA<\/td>\n<td style=\"text-align: center\" width=\"65\">DAS-2<\/td>\n<td style=\"text-align: center\" width=\"49\">1<\/td>\n<\/tr>\n<tr>\n<td style=\"text-align: center\" width=\"23\">43<\/td>\n<td width=\"200\">Coordenador(a) de Forma\u00e7\u00e3o e Avalia\u00e7\u00e3o<\/td>\n<td style=\"text-align: center\" width=\"65\">DAS-2<\/td>\n<td style=\"text-align: center\" width=\"49\">1<\/td>\n<\/tr>\n<tr>\n<td style=\"text-align: center\" width=\"23\">44<\/td>\n<td width=\"200\">Chefe do Departamento de Avalia\u00e7\u00e3o Externa<\/td>\n<td style=\"text-align: center\" width=\"65\">DAS-4<\/td>\n<td width=\"49\"><\/td>\n<\/tr>\n<tr>\n<td style=\"text-align: center\" width=\"23\">45<\/td>\n<td width=\"200\">Coordenador(a) de Acompanhamento Pedag\u00f3gico Escola e Fam\u00edlia<\/td>\n<td style=\"text-align: center\" width=\"65\">DAS-2<\/td>\n<td style=\"text-align: center\" width=\"49\">1<\/td>\n<\/tr>\n<tr>\n<td style=\"text-align: center\" width=\"23\">46<\/td>\n<td width=\"200\">Chefe do Departamento de Acompanhamento, Desenvolvimento e Frequ\u00eancia do Aluno<\/td>\n<td style=\"text-align: center\" width=\"65\">DAS-4<\/td>\n<td style=\"text-align: center\" width=\"49\">1<\/td>\n<\/tr>\n<tr>\n<td style=\"text-align: center\" width=\"23\">47<\/td>\n<td width=\"200\">Coordenador de Planejamento das A\u00e7\u00f5es Articuladas da Educa\u00e7\u00e3o<\/td>\n<td style=\"text-align: center\" width=\"65\">DAS-2<\/td>\n<td style=\"text-align: center\" width=\"49\">1<\/td>\n<\/tr>\n<tr>\n<td style=\"text-align: center\" width=\"23\">48<\/td>\n<td width=\"200\">Chefe do Departamento de Controle de Di\u00e1rio Eletr\u00f4nico<\/td>\n<td style=\"text-align: center\" width=\"65\">DAS-4<\/td>\n<td style=\"text-align: center\" width=\"49\">1<\/td>\n<\/tr>\n<tr>\n<td style=\"text-align: center\" width=\"23\">49<\/td>\n<td width=\"200\">Supervisor(a) Pedag\u00f3gico(a)<\/td>\n<td style=\"text-align: center\" width=\"65\">DAS-2<\/td>\n<td style=\"text-align: center\" width=\"49\">7<\/td>\n<\/tr>\n<tr>\n<td style=\"text-align: center\" width=\"23\">50<\/td>\n<td width=\"200\">Coordenador(a) Pedag\u00f3gico(a)<\/td>\n<td style=\"text-align: center\" width=\"65\">DAS-2<\/td>\n<td style=\"text-align: center\" width=\"49\">20<\/td>\n<\/tr>\n<tr>\n<td style=\"text-align: center\" width=\"23\">51<\/td>\n<td width=\"200\">Coordenador(a) Multidisciplinar<\/td>\n<td style=\"text-align: center\" width=\"65\">DAS-2<\/td>\n<td style=\"text-align: center\" width=\"49\">1<\/td>\n<\/tr>\n<tr>\n<td style=\"text-align: center\" width=\"23\">52<\/td>\n<td width=\"200\">Diretor(a) Escolar<\/td>\n<td style=\"text-align: center\" width=\"65\">Lei espec\u00edfica<\/td>\n<td style=\"text-align: center\" width=\"49\">29<\/td>\n<\/tr>\n<tr>\n<td style=\"text-align: center\" width=\"23\">53<\/td>\n<td width=\"200\">Diretor(a) Escolar Adjunto<\/td>\n<td style=\"text-align: center\" width=\"65\">Lei espec\u00edfica<\/td>\n<td style=\"text-align: center\" width=\"49\">20<\/td>\n<\/tr>\n<tr>\n<td style=\"text-align: center\" width=\"23\">54<\/td>\n<td width=\"200\">Secret\u00e1rio(a) Escolar<\/td>\n<td style=\"text-align: center\" width=\"65\">DAI<\/td>\n<td style=\"text-align: center\" width=\"49\">29<\/td>\n<\/tr>\n<tr>\n<td style=\"text-align: center\" width=\"23\">55<\/td>\n<td width=\"200\">Diretor(a) da Biblioteca Municipal<\/td>\n<td style=\"text-align: center\" width=\"65\">DAS-4<\/td>\n<td style=\"text-align: center\" width=\"49\">1<\/td>\n<\/tr>\n<tr>\n<td style=\"text-align: center\" width=\"23\">56<\/td>\n<td width=\"200\">Diretor(a) do Centro de Inform\u00e1tica Municipal<\/td>\n<td style=\"text-align: center\" width=\"65\">DAS-4<\/td>\n<td style=\"text-align: center\" width=\"49\">1<\/td>\n<\/tr>\n<tr>\n<td style=\"text-align: center\" width=\"23\">57<\/td>\n<td width=\"200\">Diretor(a) do Centro de Atendimento Educacional Especializado<\/td>\n<td style=\"text-align: center\" width=\"65\">DAS-3<\/td>\n<td style=\"text-align: center\" width=\"49\">1<\/td>\n<\/tr>\n<tr>\n<td style=\"text-align: center\" width=\"23\"><\/td>\n<td width=\"200\"><\/td>\n<td style=\"text-align: center\" width=\"65\"><\/td>\n<td style=\"text-align: center\" width=\"49\"><\/td>\n<\/tr>\n<\/tbody>\n<\/table>\n<p><strong>SECRETARIA MUNICIPAL DE SA\u00daDE<br \/>\n<\/strong><\/p>\n<table width=\"337\">\n<tbody>\n<tr>\n<td style=\"text-align: center\" width=\"23\"><strong>N.\u00ba<\/strong><\/td>\n<td style=\"text-align: center\" width=\"200\"><strong>FUN\u00c7\u00c3O<\/strong><\/td>\n<td style=\"text-align: center\" width=\"65\"><strong>S\u00cdMBOLO<\/strong><\/td>\n<td style=\"text-align: center\" width=\"49\"><strong>QUANT<\/strong><\/td>\n<\/tr>\n<tr>\n<td style=\"text-align: center\" width=\"23\">1<\/td>\n<td width=\"200\">Secret\u00e1rio(a) Municipal de Sa\u00fade<\/td>\n<td style=\"text-align: center\" width=\"65\">DGA<\/td>\n<td style=\"text-align: center\" width=\"49\">1<\/td>\n<\/tr>\n<tr>\n<td style=\"text-align: center\" width=\"23\">2<\/td>\n<td width=\"200\">Assessor(a) de Apoio T\u00e9cnico Administrativo<\/td>\n<td style=\"text-align: center\" width=\"65\">DAI<\/td>\n<td style=\"text-align: center\" width=\"49\">1<\/td>\n<\/tr>\n<tr>\n<td style=\"text-align: center\" width=\"23\">3<\/td>\n<td width=\"200\">Assessoria Especial N\u00edvel I<\/td>\n<td style=\"text-align: center\" width=\"65\">DAS-1<\/td>\n<td style=\"text-align: center\" width=\"49\">1<\/td>\n<\/tr>\n<tr>\n<td style=\"text-align: center\" width=\"23\">4<\/td>\n<td width=\"200\">Assessoria Especial N\u00edvel II<\/td>\n<td style=\"text-align: center\" width=\"65\">DAS-2<\/td>\n<td style=\"text-align: center\" width=\"49\">1<\/td>\n<\/tr>\n<tr>\n<td style=\"text-align: center\" width=\"23\">5<\/td>\n<td width=\"200\">Assessoria Especial N\u00edvel III<\/td>\n<td style=\"text-align: center\" width=\"65\">DAS-3<\/td>\n<td style=\"text-align: center\" width=\"49\">3<\/td>\n<\/tr>\n<tr>\n<td style=\"text-align: center\" width=\"23\">6<\/td>\n<td width=\"200\">Assessoria Especial N\u00edvel IV<\/td>\n<td style=\"text-align: center\" width=\"65\">DAS-4<\/td>\n<td style=\"text-align: center\" width=\"49\">4<\/td>\n<\/tr>\n<tr>\n<td style=\"text-align: center\" width=\"23\">7<\/td>\n<td width=\"200\">Coordenador(a) Geral da Aten\u00e7\u00e3o B\u00e1sica<\/td>\n<td style=\"text-align: center\" width=\"65\">DAS-1<\/td>\n<td style=\"text-align: center\" width=\"49\">1<\/td>\n<\/tr>\n<tr>\n<td style=\"text-align: center\" width=\"23\">8<\/td>\n<td width=\"200\">Coordenador(a) do Programa e-Mult<\/td>\n<td style=\"text-align: center\" width=\"65\">DAS-4<\/td>\n<td style=\"text-align: center\" width=\"49\">1<\/td>\n<\/tr>\n<tr>\n<td style=\"text-align: center\" width=\"23\">9<\/td>\n<td width=\"200\">Coordenador(a) do Programa de Agentes de Sa\u00fade<\/td>\n<td style=\"text-align: center\" width=\"65\">DAS-4<\/td>\n<td style=\"text-align: center\" width=\"49\">1<\/td>\n<\/tr>\n<tr>\n<td style=\"text-align: center\" width=\"23\">10<\/td>\n<td width=\"200\">Coordenador(a) do Programa de Sa\u00fade Bucal<\/td>\n<td style=\"text-align: center\" width=\"65\">DAS-4<\/td>\n<td style=\"text-align: center\" width=\"49\">1<\/td>\n<\/tr>\n<tr>\n<td style=\"text-align: center\" width=\"23\">11<\/td>\n<td width=\"200\">Coordenador(a) do Programa Sa\u00fade da Mulher, da Crian\u00e7a e do Adolescente<\/td>\n<td style=\"text-align: center\" width=\"65\">DAS-4<\/td>\n<td style=\"text-align: center\" width=\"49\">1<\/td>\n<\/tr>\n<tr>\n<td style=\"text-align: center\" width=\"23\">12<\/td>\n<td width=\"200\">Coordenador(a) do Programa Sa\u00fade do Homem, Adulto e Idoso<\/td>\n<td style=\"text-align: center\" width=\"65\">DAS-4<\/td>\n<td style=\"text-align: center\" width=\"49\">1<\/td>\n<\/tr>\n<tr>\n<td style=\"text-align: center\" width=\"23\">13<\/td>\n<td width=\"200\">Coordenador(a) do Programa Sa\u00fade na Escola \u2013 PSE<\/td>\n<td width=\"65\">DAS-4<\/td>\n<td width=\"49\">1<\/td>\n<\/tr>\n<tr>\n<td style=\"text-align: center\" width=\"23\">14<\/td>\n<td width=\"200\">Coordenador(a) de Enfermagem<\/td>\n<td style=\"text-align: center\" width=\"65\">DAS-4<\/td>\n<td style=\"text-align: center\" width=\"49\">1<\/td>\n<\/tr>\n<tr>\n<td style=\"text-align: center\" width=\"23\">15<\/td>\n<td width=\"200\">Coordenador(a) Geral de Vigil\u00e2ncia em Sa\u00fade<\/td>\n<td style=\"text-align: center\" width=\"65\">DAS-4<\/td>\n<td style=\"text-align: center\" width=\"49\">1<\/td>\n<\/tr>\n<tr>\n<td style=\"text-align: center\" width=\"23\">16<\/td>\n<td width=\"200\">Coordenador(a) do Programa de Vigil\u00e2ncia Epidemiol\u00f3gica, IST\u2019s, AIDS e Controle de Doen\u00e7as<\/td>\n<td style=\"text-align: center\" width=\"65\">DAS-4<\/td>\n<td style=\"text-align: center\" width=\"49\">1<\/td>\n<\/tr>\n<tr>\n<td style=\"text-align: center\" width=\"23\">17<\/td>\n<td width=\"200\">Coordenador(a) do Programa de Vigil\u00e2ncia Sanit\u00e1ria<\/td>\n<td style=\"text-align: center\" width=\"65\">DAS-4<\/td>\n<td style=\"text-align: center\" width=\"49\">1<\/td>\n<\/tr>\n<tr>\n<td style=\"text-align: center\" width=\"23\">18<\/td>\n<td width=\"200\">Coordenador(a) do Programa de Vigil\u00e2ncia Ambiental e Controle de Zoonoses<\/td>\n<td style=\"text-align: center\" width=\"65\">DAS-4<\/td>\n<td style=\"text-align: center\" width=\"49\">1<\/td>\n<\/tr>\n<tr>\n<td style=\"text-align: center\" width=\"23\">19<\/td>\n<td width=\"200\">Coordenador(a) de Regula\u00e7\u00e3o<\/td>\n<td style=\"text-align: center\" width=\"65\">DAS-4<\/td>\n<td style=\"text-align: center\" width=\"49\">1<\/td>\n<\/tr>\n<tr>\n<td style=\"text-align: center\" width=\"23\">20<\/td>\n<td width=\"200\">Coordenador(a) do Programa de Imuniza\u00e7\u00e3o<\/td>\n<td style=\"text-align: center\" width=\"65\">DAS-1<\/td>\n<td style=\"text-align: center\" width=\"49\">1<\/td>\n<\/tr>\n<tr>\n<td style=\"text-align: center\" width=\"23\">21<\/td>\n<td width=\"200\">Coordenador(a) de Assist\u00eancia Farmac\u00eautica \u2013 CAF<\/td>\n<td style=\"text-align: center\" width=\"65\">DAS-4<\/td>\n<td style=\"text-align: center\" width=\"49\">1<\/td>\n<\/tr>\n<tr>\n<td style=\"text-align: center\" width=\"23\">22<\/td>\n<td width=\"200\">Chefe do Departamento de Distribui\u00e7\u00e3o<\/td>\n<td style=\"text-align: center\" width=\"65\">DAS-4<\/td>\n<td style=\"text-align: center\" width=\"49\">1<\/td>\n<\/tr>\n<tr>\n<td style=\"text-align: center\" width=\"23\">23<\/td>\n<td width=\"200\">Coordenador(a) de Controle, Avalia\u00e7\u00e3o e Bolsa Fam\u00edlia<\/td>\n<td style=\"text-align: center\" width=\"65\">DAS-4<\/td>\n<td style=\"text-align: center\" width=\"49\">1<\/td>\n<\/tr>\n<tr>\n<td style=\"text-align: center\" width=\"23\">24<\/td>\n<td width=\"200\">Gestor do Hospital Municipal<\/td>\n<td style=\"text-align: center\" width=\"65\">DAS-1<\/td>\n<td style=\"text-align: center\" width=\"49\">1<\/td>\n<\/tr>\n<tr>\n<td style=\"text-align: center\" width=\"23\">25<\/td>\n<td width=\"200\">Gestor Adjunto do Hospital Municipal<\/td>\n<td style=\"text-align: center\" width=\"65\">DAS-2<\/td>\n<td style=\"text-align: center\" width=\"49\">1<\/td>\n<\/tr>\n<tr>\n<td style=\"text-align: center\" width=\"23\">26<\/td>\n<td width=\"200\">Gestor Cl\u00ednico do Hospital Municipal<\/td>\n<td style=\"text-align: center\" width=\"65\">DAS-4<\/td>\n<td style=\"text-align: center\" width=\"49\">1<\/td>\n<\/tr>\n<tr>\n<td style=\"text-align: center\" width=\"23\">27<\/td>\n<td width=\"200\">Coordenador de Educa\u00e7\u00e3o em sa\u00fade<\/td>\n<td style=\"text-align: center\" width=\"65\">DAS-4<\/td>\n<td style=\"text-align: center\" width=\"49\">1<\/td>\n<\/tr>\n<tr>\n<td style=\"text-align: center\" width=\"23\">28<\/td>\n<td width=\"200\">Coordenador da farm\u00e1cia hospitalar<\/td>\n<td style=\"text-align: center\" width=\"65\">DAS-4<\/td>\n<td style=\"text-align: center\" width=\"49\">1<\/td>\n<\/tr>\n<\/tbody>\n<\/table>\n<p><strong>SECRETARIA MUNICIPAL DE CULTURA E TURISMO<br \/>\n<\/strong><\/p>\n<table width=\"337\">\n<tbody>\n<tr>\n<td style=\"text-align: center\" width=\"23\"><strong>N.\u00ba<\/strong><\/td>\n<td style=\"text-align: center\" width=\"200\"><strong>FUN\u00c7\u00c3O<\/strong><\/td>\n<td style=\"text-align: center\" width=\"65\"><strong>S\u00cdMBOLO<\/strong><\/td>\n<td style=\"text-align: center\" width=\"49\"><strong>QUANT<\/strong><\/td>\n<\/tr>\n<tr>\n<td style=\"text-align: center\" width=\"23\">1<\/td>\n<td width=\"200\">Secret\u00e1rio(a) Municipal de Cultura e Turismo<\/td>\n<td style=\"text-align: center\" width=\"65\">DGA<\/td>\n<td style=\"text-align: center\" width=\"49\">1<\/td>\n<\/tr>\n<tr>\n<td style=\"text-align: center\" width=\"23\">2<\/td>\n<td width=\"200\">Assessor(a) de Apoio T\u00e9cnico Administrativo<\/td>\n<td style=\"text-align: center\" width=\"65\">DAI<\/td>\n<td style=\"text-align: center\" width=\"49\">5<\/td>\n<\/tr>\n<tr>\n<td style=\"text-align: center\" width=\"23\">3<\/td>\n<td width=\"200\">Coordenador(a) de Cultura<\/td>\n<td style=\"text-align: center\" width=\"65\">DAS-1<\/td>\n<td style=\"text-align: center\" width=\"49\">1<\/td>\n<\/tr>\n<tr>\n<td style=\"text-align: center\" width=\"23\">4<\/td>\n<td width=\"200\">Coordenador(a) de Execu\u00e7\u00e3o<\/td>\n<td style=\"text-align: center\" width=\"65\">DAS-2<\/td>\n<td style=\"text-align: center\" width=\"49\">1<\/td>\n<\/tr>\n<tr>\n<td style=\"text-align: center\" width=\"23\">5<\/td>\n<td width=\"200\">Coordenador(a) de Cria\u00e7\u00e3o<\/td>\n<td style=\"text-align: center\" width=\"65\">DAS-2<\/td>\n<td style=\"text-align: center\" width=\"49\">1<\/td>\n<\/tr>\n<tr>\n<td style=\"text-align: center\" width=\"23\">6<\/td>\n<td width=\"200\">Coordenador(a) de M\u00fasica<\/td>\n<td style=\"text-align: center\" width=\"65\">DAS-2<\/td>\n<td style=\"text-align: center\" width=\"49\">1<\/td>\n<\/tr>\n<tr>\n<td style=\"text-align: center\" width=\"23\">7<\/td>\n<td width=\"200\">Chefe do Departamento de Pesquisa e Planejamento<\/td>\n<td style=\"text-align: center\" width=\"65\">DAS-4<\/td>\n<td style=\"text-align: center\" width=\"49\">1<\/td>\n<\/tr>\n<tr>\n<td style=\"text-align: center\" width=\"23\">8<\/td>\n<td width=\"200\">Coordenador(a) de Turismo<\/td>\n<td style=\"text-align: center\" width=\"65\">DAS-2<\/td>\n<td style=\"text-align: center\" width=\"49\">1<\/td>\n<\/tr>\n<tr>\n<td style=\"text-align: center\" width=\"23\">9<\/td>\n<td width=\"200\">Chefe do Departamento de Desenvolvimento e Avalia\u00e7\u00e3o<\/td>\n<td style=\"text-align: center\" width=\"65\">DAS-4<\/td>\n<td style=\"text-align: center\" width=\"49\">1<\/td>\n<\/tr>\n<\/tbody>\n<\/table>\n<p><strong>SECRETARIA MUNICIPAL DE AGRICULTURA, PESCA, PECU\u00c1RIA E MEIO AMBIENTE<br \/>\n<\/strong><\/p>\n<table width=\"337\">\n<tbody>\n<tr>\n<td style=\"text-align: center\" width=\"23\"><strong>N.\u00ba<\/strong><\/td>\n<td style=\"text-align: center\" width=\"200\"><strong>FUN\u00c7\u00c3O<\/strong><\/td>\n<td style=\"text-align: center\" width=\"65\"><strong>S\u00cdMBOLO<\/strong><\/td>\n<td style=\"text-align: center\" width=\"49\"><strong>QUANT<\/strong><\/td>\n<\/tr>\n<tr>\n<td style=\"text-align: center\" width=\"23\">1<\/td>\n<td width=\"200\">Secret\u00e1rio(a) Municipal de Agricultura, Pesca, Pecu\u00e1ria e Meio Ambiente<\/td>\n<td style=\"text-align: center\" width=\"65\">DGA<\/td>\n<td style=\"text-align: center\" width=\"49\">1<\/td>\n<\/tr>\n<tr>\n<td style=\"text-align: center\" width=\"23\">2<\/td>\n<td width=\"200\">Assessor(a) de Servi\u00e7os Veterin\u00e1rios<\/td>\n<td style=\"text-align: center\" width=\"65\"><\/td>\n<td style=\"text-align: center\" width=\"49\">1<\/td>\n<\/tr>\n<tr>\n<td style=\"text-align: center\" width=\"23\">3<\/td>\n<td width=\"200\">Assessor de Apoio T\u00e9cnico Administrativo<\/td>\n<td style=\"text-align: center\" width=\"65\">DAI<\/td>\n<td style=\"text-align: center\" width=\"49\">7<\/td>\n<\/tr>\n<tr>\n<td style=\"text-align: center\" width=\"23\">4<\/td>\n<td width=\"200\">Chefe do Departamento de Equipamentos Mecanizados e Almoxarifado<\/td>\n<td style=\"text-align: center\" width=\"65\">DAS-4<\/td>\n<td style=\"text-align: center\" width=\"49\">1<\/td>\n<\/tr>\n<tr>\n<td style=\"text-align: center\" width=\"23\">5<\/td>\n<td width=\"200\">Coordenador(a) de Desenvolvimento da Agricultura<\/td>\n<td style=\"text-align: center\" width=\"65\">DAS-2<\/td>\n<td style=\"text-align: center\" width=\"49\">1<\/td>\n<\/tr>\n<tr>\n<td style=\"text-align: center\" width=\"23\">6<\/td>\n<td width=\"200\">Chefe de Departamento de Acompanhamento e Monitoramento Agr\u00edcola<\/td>\n<td style=\"text-align: center\" width=\"65\">DAS-4<\/td>\n<td style=\"text-align: center\" width=\"49\">1<\/td>\n<\/tr>\n<tr>\n<td style=\"text-align: center\" width=\"23\">7<\/td>\n<td width=\"200\">Coordenador(a) de Desenvolvimento da Pecu\u00e1ria<\/td>\n<td style=\"text-align: center\" width=\"65\">DAS-3<\/td>\n<td style=\"text-align: center\" width=\"49\">1<\/td>\n<\/tr>\n<tr>\n<td style=\"text-align: center\" width=\"23\">9<\/td>\n<td width=\"200\">Coordenador(a) da Unidade Municipal de Cadastro \u2013 UMC<\/td>\n<td style=\"text-align: center\" width=\"65\">DAS-3<\/td>\n<td style=\"text-align: center\" width=\"49\">1<\/td>\n<\/tr>\n<tr>\n<td style=\"text-align: center\" width=\"23\">10<\/td>\n<td width=\"200\">Coordenador(a) de Meio Ambiente<\/td>\n<td style=\"text-align: center\" width=\"65\">DAS-2<\/td>\n<td style=\"text-align: center\" width=\"49\">1<\/td>\n<\/tr>\n<tr>\n<td style=\"text-align: center\" width=\"23\">11<\/td>\n<td width=\"200\">Chefe do Departamento de Fiscaliza\u00e7\u00e3o Ambiental<\/td>\n<td style=\"text-align: center\" width=\"65\">DAS-4<\/td>\n<td style=\"text-align: center\" width=\"49\">1<\/td>\n<\/tr>\n<\/tbody>\n<\/table>\n<p><strong>SECRETARIA MUNICIPAL DE ESPORTE E JUVENTUDE<br \/>\n<\/strong><\/p>\n<table width=\"337\">\n<tbody>\n<tr>\n<td style=\"text-align: center\" width=\"23\"><strong>N.\u00ba<\/strong><\/td>\n<td style=\"text-align: center\" width=\"200\"><strong>FUN\u00c7\u00c3O<\/strong><\/td>\n<td style=\"text-align: center\" width=\"65\"><strong>S\u00cdMBOLO<\/strong><\/td>\n<td style=\"text-align: center\" width=\"49\"><strong>QUANT<\/strong><\/td>\n<\/tr>\n<tr>\n<td style=\"text-align: center\" width=\"23\">1<\/td>\n<td width=\"200\">Secret\u00e1rio(a) Municipal de Esporte e Juventude<\/td>\n<td style=\"text-align: center\" width=\"65\">DGA<\/td>\n<td style=\"text-align: center\" width=\"49\">1<\/td>\n<\/tr>\n<tr>\n<td style=\"text-align: center\" width=\"23\">2<\/td>\n<td width=\"200\">Assessor(a) de Apoio T\u00e9cnico Administrativo<\/td>\n<td style=\"text-align: center\" width=\"65\">DAI<\/td>\n<td style=\"text-align: center\" width=\"49\">6<\/td>\n<\/tr>\n<tr>\n<td style=\"text-align: center\" width=\"23\">3<\/td>\n<td width=\"200\">Coordenador(a) de Planejamento e Avalia\u00e7\u00e3o das A\u00e7\u00f5es Esportivas<\/td>\n<td style=\"text-align: center\" width=\"65\">DAS-2<\/td>\n<td style=\"text-align: center\" width=\"49\">1<\/td>\n<\/tr>\n<tr>\n<td style=\"text-align: center\" width=\"23\">4<\/td>\n<td width=\"200\">Chefe do Departamento de Desenvolvimento das Modalidades Esportivas<\/td>\n<td style=\"text-align: center\" width=\"65\">DAS-4<\/td>\n<td style=\"text-align: center\" width=\"49\">1<\/td>\n<\/tr>\n<tr>\n<td style=\"text-align: center\" width=\"23\">5<\/td>\n<td width=\"200\">Chefe do Departamento de Execu\u00e7\u00e3o<\/td>\n<td style=\"text-align: center\" width=\"65\">DAS-4<\/td>\n<td style=\"text-align: center\" width=\"49\">1<\/td>\n<\/tr>\n<tr>\n<td style=\"text-align: center\" width=\"23\">6<\/td>\n<td width=\"200\">Chefe do Departamento Administrativo dos Espa\u00e7os Esportivos<\/td>\n<td style=\"text-align: center\" width=\"65\">DAS-4<\/td>\n<td style=\"text-align: center\" width=\"49\">1<\/td>\n<\/tr>\n<tr>\n<td style=\"text-align: center\" width=\"23\">7<\/td>\n<td width=\"200\">Chefe do Departamento de Log\u00edstica<\/td>\n<td style=\"text-align: center\" width=\"65\">DAS-4<\/td>\n<td style=\"text-align: center\" width=\"49\">1<\/td>\n<\/tr>\n<tr>\n<td style=\"text-align: center\" width=\"23\">8<\/td>\n<td width=\"200\">Chefe de Gest\u00e3o e Manuten\u00e7\u00e3o de Equipamentos Esportivos<\/td>\n<td style=\"text-align: center\" width=\"65\">DAS-4<\/td>\n<td style=\"text-align: center\" width=\"49\">1<\/td>\n<\/tr>\n<tr>\n<td style=\"text-align: center\" width=\"23\">9<\/td>\n<td width=\"200\">Chefe do Departamento de Inclus\u00e3o Esportiva<\/td>\n<td style=\"text-align: center\" width=\"65\">DAS-4<\/td>\n<td style=\"text-align: center\" width=\"49\">1<\/td>\n<\/tr>\n<tr>\n<td style=\"text-align: center\" width=\"23\">10<\/td>\n<td width=\"200\">Coordenador(a) de Planejamento de Pol\u00edtica Integrada da Juventude<\/td>\n<td style=\"text-align: center\" width=\"65\">DAS-2<\/td>\n<td style=\"text-align: center\" width=\"49\">1<\/td>\n<\/tr>\n<tr>\n<td style=\"text-align: center\" width=\"23\">11<\/td>\n<td width=\"200\">Chefe do Departamento de Desenvolvimento das atividades<\/td>\n<td style=\"text-align: center\" width=\"65\">DAS-4<\/td>\n<td style=\"text-align: center\" width=\"49\">1<\/td>\n<\/tr>\n<\/tbody>\n<\/table>\n<p><strong>Legenda:<br \/>\n<\/strong><\/p>\n<table width=\"400\">\n<tbody>\n<tr>\n<td style=\"text-align: center\" width=\"200\"><strong>DENOMINA\u00c7\u00c3O<\/strong><\/td>\n<td style=\"text-align: center\" width=\"200\"><strong>VENCIMENTOS<\/strong><\/td>\n<\/tr>\n<tr>\n<td width=\"200\">DGA \u2013 Dire\u00e7\u00e3o Geral e Assessoria<\/td>\n<td style=\"text-align: center\" width=\"200\">R$ 7.500,00<\/td>\n<\/tr>\n<tr>\n<td width=\"200\">DANS \u2013 DIRE\u00c7\u00c3O DE NATUREZA SUPERIOR<\/td>\n<td style=\"text-align: center\" width=\"200\">R$ 5.000,00<\/td>\n<\/tr>\n<tr>\n<td width=\"200\">DAS \u2013 1 DIRE\u00c7\u00c3O DE ASSESSORAMENTO N\u00cdVEL SUPERIOR 1<\/td>\n<td style=\"text-align: center\" width=\"200\">R$ 4.000,00<\/td>\n<\/tr>\n<tr>\n<td width=\"200\">DAS \u2013 2 DIRE\u00c7\u00c3O DE ASSESSORAMENTO N\u00cdVEL SUPERIOR 2<\/td>\n<td style=\"text-align: center\" width=\"200\">R$ 3.000,00<\/td>\n<\/tr>\n<tr>\n<td width=\"200\">DAS \u2013 3 DIRE\u00c7\u00c3O DE ASSESSORAMENTO N\u00cdVEL SUPERIOR 3<\/td>\n<td style=\"text-align: center\" width=\"200\">R$ 2.500,00<\/td>\n<\/tr>\n<tr>\n<td width=\"200\">DAS \u2013 4 DIRE\u00c7\u00c3O DE ASSESSORAMENTO N\u00cdVEL SUPERIOR 4<\/td>\n<td style=\"text-align: center\" width=\"200\">R$ 2.000,00<\/td>\n<\/tr>\n<tr>\n<td width=\"200\">DAI \u2013 DIRE\u00c7\u00c3O E ASSESSORAMENTO INTERMEDI\u00c1RIO<\/td>\n<td style=\"text-align: center\" width=\"200\">SAL\u00c1RIO M\u00cdNIMO<\/td>\n<\/tr>\n<\/tbody>\n<\/table>\n<p>&nbsp;<\/p>\n","protected":false},"author":4,"template":"","class_list":["post-23968","publicacoesdom","type-publicacoesdom","status-publish","hentry"],"acf":{"tipo_de_publicacao_diario":"34","e_retificacao":"1","origem_do_diario":"Poder Executivo","codigo_verificador":"59abfb4294302c69d2e978421a26649fc1355228"},"_links":{"self":[{"href":"https:\/\/magalhaesdealmeida.ma.gov.br\/transparencia\/wp-json\/wp\/v2\/publicacoesdom\/23968","targetHints":{"allow":["GET"]}}],"collection":[{"href":"https:\/\/magalhaesdealmeida.ma.gov.br\/transparencia\/wp-json\/wp\/v2\/publicacoesdom"}],"about":[{"href":"https:\/\/magalhaesdealmeida.ma.gov.br\/transparencia\/wp-json\/wp\/v2\/types\/publicacoesdom"}],"author":[{"embeddable":true,"href":"https:\/\/magalhaesdealmeida.ma.gov.br\/transparencia\/wp-json\/wp\/v2\/users\/4"}],"wp:attachment":[{"href":"https:\/\/magalhaesdealmeida.ma.gov.br\/transparencia\/wp-json\/wp\/v2\/media?parent=23968"}],"curies":[{"name":"wp","href":"https:\/\/api.w.org\/{rel}","templated":true}]}}