{"id":24140,"date":"2025-02-10T08:33:47","date_gmt":"2025-02-10T11:33:47","guid":{"rendered":"https:\/\/magalhaesdealmeida.ma.gov.br\/transparencia\/?post_type=publicacoesdom&#038;p=24140"},"modified":"2025-02-10T08:33:47","modified_gmt":"2025-02-10T11:33:47","slug":"retificacao-da-convocacao-n-o-002-2025-do-concurso-publico-da-prefeitura-municipal-de-magalhaes-de-almeida-ma-realizado-em-2024-publicada-no-diario-oficial-do-municipio-dom-sob-o-no-1551-20","status":"publish","type":"publicacoesdom","link":"https:\/\/magalhaesdealmeida.ma.gov.br\/transparencia\/publicacoesdom\/retificacao-da-convocacao-n-o-002-2025-do-concurso-publico-da-prefeitura-municipal-de-magalhaes-de-almeida-ma-realizado-em-2024-publicada-no-diario-oficial-do-municipio-dom-sob-o-no-1551-20\/","title":{"rendered":"RETIFICA\u00c7\u00c3O DA CONVOCA\u00c7\u00c3O N.\u00ba 002\/2025 DO CONCURSO P\u00daBLICO DA PREFEITURA MUNICIPAL DE MAGALH\u00c3ES DE ALMEIDA\/MA REALIZADO EM 2024, publicada no Di\u00e1rio Oficial do Munic\u00edpio \u2013 DOM sob o n\u00ba 1551\/2025 em 07 de fevereiro de 2025."},"content":{"rendered":"<p>De ordem do Prefeito Municipal de Magalh\u00e3es de Almeida, Estado do Maranh\u00e3o, a <strong>Secretaria Municipal de Administra\u00e7\u00e3o \u2013 SEMAD<\/strong>, no uso de suas atribui\u00e7\u00f5es e de conformidade com a Lei, <strong><u>CONVOCA<\/u> <\/strong>os (as) senhores (as) abaixo relacionados (as) a <strong>comparecer na SEDE da Prefeitura Municipal<\/strong> de Magalh\u00e3es de Almeida-MA, na Rua Manoel Pires de Castro, n\u00ba 279, Centro,\u00a0 <strong>nos dias 13\/02\/2025 e\u00a0 14\/02\/2025<\/strong>, <strong>no hor\u00e1rio de 07h:30min as 13h:30min<\/strong>, munidos de seus\u00a0 documentos pessoais, uma vez que os mesmos j\u00e1 apresentaram a documenta\u00e7\u00e3o exigida no Anexo II ao Anexo VIII, e Se\u00e7\u00e3o III. Item 3.1 ao item 3.10 do Edital n\u00ba 01\/2024, <strong>para nomea\u00e7\u00e3o e posse do referido concurso<\/strong>, na ordem abaixo;<br \/>\n<strong>Avisa, ainda, que o n\u00e3o comparecimento no per\u00edodo marcado, ensejar\u00e1 no chamamento dos aprovados em ordem de classifica\u00e7\u00e3o (Cadastro de reserva e, se necess\u00e1rio, classificados) conforme necessidade do ente p\u00fablico.<br \/>\n<\/strong><strong><u>DIA 13\/02\/2025:<br \/>\n<\/u><\/strong><strong>CARGO: ASSISTENTE SOCIAL<\/strong><\/p>\n<table width=\"80%\">\n<tbody>\n<tr>\n<td width=\"29%\"><strong>CLASSIFICA\u00c7\u00c3O<\/strong><\/td>\n<td width=\"46%\"><strong>CANDIDATO<\/strong><\/td>\n<td width=\"21%\"><strong>INSCRI\u00c7\u00c3O<\/strong><\/td>\n<\/tr>\n<tr>\n<td width=\"29%\">2<\/td>\n<td width=\"46%\">ISABEL RODRIGUES DA SILVA<\/td>\n<td width=\"21%\">113923<\/td>\n<\/tr>\n<\/tbody>\n<\/table>\n<p><strong>\u00a0<\/strong><strong>CARGO: PSIC\u00d3LOGO<\/strong><\/p>\n<table width=\"0\">\n<tbody>\n<tr>\n<td width=\"138\"><strong>CLASSIFICA\u00c7\u00c3O<\/strong><\/td>\n<td width=\"222\"><strong>CANDIDATO<\/strong><\/td>\n<td width=\"97\"><strong>INSCRI\u00c7\u00c3O<\/strong><\/td>\n<\/tr>\n<tr>\n<td width=\"138\">1<\/td>\n<td width=\"222\">ANA FL\u00c1VIA VIEIRA DA SILVA<\/td>\n<td width=\"97\">110721<\/td>\n<\/tr>\n<tr>\n<td width=\"138\">2<\/td>\n<td width=\"222\">MAR\u00cdLIA SILVA COSTA<\/td>\n<td width=\"97\">113581<\/td>\n<\/tr>\n<\/tbody>\n<\/table>\n<p><strong>CARGO: PROFESSOR DE EDUCA\u00c7\u00c3O INFANTIL<\/strong><\/p>\n<table width=\"0\">\n<tbody>\n<tr>\n<td width=\"138\"><strong>CLASSIFICA\u00c7\u00c3O<\/strong><\/td>\n<td width=\"222\"><strong>CANDIDATO<\/strong><\/td>\n<td width=\"97\"><strong>INSCRI\u00c7\u00c3O<\/strong><\/td>\n<\/tr>\n<tr>\n<td width=\"138\">1<\/td>\n<td width=\"222\">REGINA GUIMAR\u00c3ES GARRETO<\/td>\n<td width=\"97\">109911<\/td>\n<\/tr>\n<tr>\n<td width=\"138\">2<\/td>\n<td width=\"222\">UBIRATAN DOS SANTOS GOMES PEREIRA JUNIOR<\/td>\n<td width=\"97\">113273<\/td>\n<\/tr>\n<tr>\n<td width=\"138\">3<\/td>\n<td width=\"222\">JANINY DE SOUZA SILVA<\/td>\n<td width=\"97\">109101<\/td>\n<\/tr>\n<tr>\n<td width=\"138\">4<\/td>\n<td width=\"222\">LAYS CARVALHO SOUSA<\/td>\n<td width=\"97\">111286<\/td>\n<\/tr>\n<\/tbody>\n<\/table>\n<p><strong>\u00a0<\/strong><strong>CARGO: PROFESSOR N\u00cdEL I<\/strong><\/p>\n<table width=\"0\">\n<tbody>\n<tr>\n<td width=\"138\"><strong>CLASSIFICA\u00c7\u00c3O<\/strong><\/td>\n<td width=\"222\"><strong>CANDIDATO<\/strong><\/td>\n<td width=\"97\"><strong>INSCRI\u00c7\u00c3O<\/strong><\/td>\n<\/tr>\n<tr>\n<td width=\"138\">1<\/td>\n<td width=\"222\">KL\u00c9CIO FURTADO SOUZA<\/td>\n<td width=\"97\">112403<\/td>\n<\/tr>\n<tr>\n<td width=\"138\">2<\/td>\n<td width=\"222\">DANIEL SILVA DE FRAN\u00c7A<\/td>\n<td width=\"97\">111082<\/td>\n<\/tr>\n<tr>\n<td width=\"138\">3<\/td>\n<td width=\"222\">EZEQUIAS AZEVEDO PEREIRA<\/td>\n<td width=\"97\">112369<\/td>\n<\/tr>\n<\/tbody>\n<\/table>\n<p><strong>CARGO: PROFESSOR EDUCA\u00c7\u00c3O ESPECIAL<\/strong><\/p>\n<table width=\"0\">\n<tbody>\n<tr>\n<td width=\"138\"><strong>CLASSIFICA\u00c7\u00c3O<\/strong><\/td>\n<td width=\"222\"><strong>CANDIDATO<\/strong><\/td>\n<td width=\"97\"><strong>INSCRI\u00c7\u00c3O<\/strong><\/td>\n<\/tr>\n<tr>\n<td width=\"138\">1<\/td>\n<td width=\"222\">SANDRO SILVA ALVES<\/td>\n<td width=\"97\">109325<\/td>\n<\/tr>\n<\/tbody>\n<\/table>\n<p><strong>\u00a0<\/strong><strong>CARGO: PROFESSOR DE M\u00daSICA N\u00cdVEL I<\/strong><\/p>\n<table width=\"0\">\n<tbody>\n<tr>\n<td width=\"138\"><strong>CLASSIFICA\u00c7\u00c3O<\/strong><\/td>\n<td width=\"222\"><strong>CANDIDATO<\/strong><\/td>\n<td width=\"97\"><strong>INSCRI\u00c7\u00c3O<\/strong><\/td>\n<\/tr>\n<tr>\n<td width=\"138\">1<\/td>\n<td width=\"222\">LUAN ROCHA DA COSTA<\/td>\n<td width=\"97\">110691<\/td>\n<\/tr>\n<\/tbody>\n<\/table>\n<p><strong>CARGO: PROFESSOR DE MATEM\u00c1TICA N\u00cdVEL II<\/strong><\/p>\n<table width=\"0\">\n<tbody>\n<tr>\n<td width=\"138\"><strong>CLASSIFICA\u00c7\u00c3O<\/strong><\/td>\n<td width=\"222\"><strong>CANDIDATO<\/strong><\/td>\n<td width=\"97\"><strong>INSCRI\u00c7\u00c3O<\/strong><\/td>\n<\/tr>\n<tr>\n<td width=\"138\">1<\/td>\n<td width=\"222\">JOS\u00c9 NILTON FORTES MACHADO<\/td>\n<td width=\"97\">109114<\/td>\n<\/tr>\n<\/tbody>\n<\/table>\n<p><strong>\u00a0<\/strong><strong>CARGO: PROFESSOR DE HIS\u00d3RIA N\u00cdVEL II<\/strong><\/p>\n<table width=\"0\">\n<tbody>\n<tr>\n<td width=\"138\"><strong>CLASSIFICA\u00c7\u00c3O<\/strong><\/td>\n<td width=\"222\"><strong>CANDIDATO<\/strong><\/td>\n<td width=\"97\"><strong>INSCRI\u00c7\u00c3O<\/strong><\/td>\n<\/tr>\n<tr>\n<td width=\"138\">1<\/td>\n<td width=\"222\">FRANCISCO CARVALHO PEREIRA<\/td>\n<td width=\"97\">109541<\/td>\n<\/tr>\n<\/tbody>\n<\/table>\n<p><strong>CARGO: PROFESSOR DE L\u00cdNGUA PORTUGUESA N\u00cdVEL II<\/strong><\/p>\n<table width=\"0\">\n<tbody>\n<tr>\n<td width=\"138\"><strong>CLASSIFICA\u00c7\u00c3O<\/strong><\/td>\n<td width=\"222\"><strong>CANDIDATO<\/strong><\/td>\n<td width=\"97\"><strong>INSCRI\u00c7\u00c3O<\/strong><\/td>\n<\/tr>\n<tr>\n<td width=\"138\">1<\/td>\n<td width=\"222\">TA\u00cdS SILVA CARVALHO<\/td>\n<td width=\"97\">111352<\/td>\n<\/tr>\n<\/tbody>\n<\/table>\n<p><strong>CARGO: PROFESSOR DE CI\u00caNCIA N\u00cdVEL II<\/strong><\/p>\n<table width=\"0\">\n<tbody>\n<tr>\n<td width=\"138\"><strong>CLASSIFICA\u00c7\u00c3O<\/strong><\/td>\n<td width=\"222\"><strong>CANDIDATO<\/strong><\/td>\n<td width=\"97\"><strong>INSCRI\u00c7\u00c3O<\/strong><\/td>\n<\/tr>\n<tr>\n<td width=\"138\">1<\/td>\n<td width=\"222\">JACIANNE MACHADO SOUSA<\/td>\n<td width=\"97\">111855<\/td>\n<\/tr>\n<\/tbody>\n<\/table>\n<p><strong>CARGO: ELETRICISTA<\/strong><\/p>\n<table width=\"0\">\n<tbody>\n<tr>\n<td width=\"138\"><strong>CLASSIFICA\u00c7\u00c3O<\/strong><\/td>\n<td width=\"222\"><strong>CANDIDATO<\/strong><\/td>\n<td width=\"97\"><strong>INSCRI\u00c7\u00c3O<\/strong><\/td>\n<\/tr>\n<tr>\n<td width=\"138\">1<\/td>\n<td width=\"222\">DAVID LUIS DE CARVALHO<\/td>\n<td width=\"97\">113061<\/td>\n<\/tr>\n<tr>\n<td width=\"138\">2<\/td>\n<td width=\"222\">DIEGO LOPES DOS SANTOS<\/td>\n<td width=\"97\">112479<\/td>\n<\/tr>\n<\/tbody>\n<\/table>\n<p><strong>\u00a0<\/strong><strong>CARGO: MEC\u00c2NICO<\/strong><\/p>\n<table width=\"0\">\n<tbody>\n<tr>\n<td width=\"138\"><strong>CLASSIFICA\u00c7\u00c3O<\/strong><\/td>\n<td width=\"222\"><strong>CANDIDATO<\/strong><\/td>\n<td width=\"97\"><strong>INSCRI\u00c7\u00c3O<\/strong><\/td>\n<\/tr>\n<tr>\n<td width=\"138\">1<\/td>\n<td width=\"222\">JO\u00c3O BATISTA LOPES<\/td>\n<td width=\"97\">111293<\/td>\n<\/tr>\n<\/tbody>\n<\/table>\n<p><strong>\u00a0<\/strong><strong>CARGO: MOTORISTA CATEGORIA C<\/strong><\/p>\n<table width=\"0\">\n<tbody>\n<tr>\n<td width=\"138\"><strong>CLASSIFICA\u00c7\u00c3O<\/strong><\/td>\n<td width=\"222\"><strong>CANDIDATO<\/strong><\/td>\n<td width=\"97\"><strong>INSCRI\u00c7\u00c3O<\/strong><\/td>\n<\/tr>\n<tr>\n<td width=\"138\">2<\/td>\n<td width=\"222\">MERISVAM NASCIMENTO SILVA<\/td>\n<td width=\"97\">110684<\/td>\n<\/tr>\n<tr>\n<td width=\"138\">3<\/td>\n<td width=\"222\">RICARDO DE CASTRO RIBEIRO<\/td>\n<td width=\"97\">111106<\/td>\n<\/tr>\n<tr>\n<td width=\"138\">5<\/td>\n<td width=\"222\">JOS\u00c9 ANTONIO SOUSA LEAL<\/td>\n<td width=\"97\">113564<\/td>\n<\/tr>\n<tr>\n<td width=\"138\">7<\/td>\n<td width=\"222\">ANTUNES NUNES TEIXEIRA<\/td>\n<td width=\"97\">110156<\/td>\n<\/tr>\n<tr>\n<td width=\"138\">10<\/td>\n<td width=\"222\">FRANCISCO SANTOS AGUIAR<\/td>\n<td width=\"97\">111349<\/td>\n<\/tr>\n<tr>\n<td width=\"138\">11<\/td>\n<td width=\"222\">LEANDRO BARBOSA DE CALDAS<\/td>\n<td width=\"97\">110999<\/td>\n<\/tr>\n<tr>\n<td width=\"138\">12<\/td>\n<td width=\"222\">JO\u00c3O BATISTA FRANCA DOS SANTOS<\/td>\n<td width=\"97\">111467<\/td>\n<\/tr>\n<\/tbody>\n<\/table>\n<p><strong><u>DIA 14\/02\/2025:<br \/>\n<\/u><\/strong><strong>CARGO: VIGIA<\/strong><\/p>\n<table width=\"0\">\n<tbody>\n<tr>\n<td width=\"138\"><strong>CLASSIFICA\u00c7\u00c3O<\/strong><\/td>\n<td width=\"222\"><strong>CANDIDATO<\/strong><\/td>\n<td width=\"97\"><strong>INSCRI\u00c7\u00c3O<\/strong><\/td>\n<\/tr>\n<tr>\n<td width=\"138\">1<\/td>\n<td width=\"222\">CLAUBERTH ALLAN SILVA OLIVEIRA<\/td>\n<td width=\"97\">109143<\/td>\n<\/tr>\n<tr>\n<td width=\"138\">2<\/td>\n<td width=\"222\">CARLOS EMANNUEL LOPES DA SILVA<\/td>\n<td width=\"97\">109357<\/td>\n<\/tr>\n<tr>\n<td width=\"138\">3<\/td>\n<td width=\"222\">ANTONIO ALVES DA SILVA NETO<\/td>\n<td width=\"97\">111727<\/td>\n<\/tr>\n<tr>\n<td width=\"138\">4<\/td>\n<td width=\"222\">ELIESIO ANDRADE DA COSTA<\/td>\n<td width=\"97\">109875<\/td>\n<\/tr>\n<tr>\n<td width=\"138\">5<\/td>\n<td width=\"222\">JACKSON RAMOS DIAS<\/td>\n<td width=\"97\">112974<\/td>\n<\/tr>\n<tr>\n<td width=\"138\">7<\/td>\n<td width=\"222\">MATHEUS FRANCISCO RODRIGUES<\/td>\n<td width=\"97\">109638<\/td>\n<\/tr>\n<tr>\n<td width=\"138\">8<\/td>\n<td width=\"222\">MARCOS ANTONIO DA SILVA VALE<\/td>\n<td width=\"97\">111597<\/td>\n<\/tr>\n<tr>\n<td width=\"138\">9<\/td>\n<td width=\"222\">FRANCISCO DAS CHAGAS SIQUEIRA NETO<\/td>\n<td width=\"97\">112971<\/td>\n<\/tr>\n<tr>\n<td width=\"138\">10<\/td>\n<td width=\"222\">OT\u00c1VIO DA COSTA DE ARAUJO<\/td>\n<td width=\"97\">113118<\/td>\n<\/tr>\n<tr>\n<td width=\"138\">11<\/td>\n<td width=\"222\">FRANCISCO DE ASSIS XAVIER SIQUEIRA<\/td>\n<td width=\"97\">111744<\/td>\n<\/tr>\n<tr>\n<td width=\"138\">12<\/td>\n<td width=\"222\">DHEMESSON MAT\u00c3 NASCIMENTO<\/td>\n<td width=\"97\">112691<\/td>\n<\/tr>\n<tr>\n<td width=\"138\">13<\/td>\n<td width=\"222\">FRANCISCO DAS CHAGAS LUZ SILVA<\/td>\n<td width=\"97\">111843<\/td>\n<\/tr>\n<tr>\n<td width=\"138\">14<\/td>\n<td width=\"222\">ALEXANDRE DAS CHAGAS LUNAS<\/td>\n<td width=\"97\">110036<\/td>\n<\/tr>\n<tr>\n<td width=\"138\">15<\/td>\n<td width=\"222\">FRANCISCO JOS\u00c9 SANTOS REIS<\/td>\n<td width=\"97\">113518<\/td>\n<\/tr>\n<tr>\n<td width=\"138\">16<\/td>\n<td width=\"222\">GENISON MAT\u00c3 NASCIMENTO<\/td>\n<td width=\"97\">112704<\/td>\n<\/tr>\n<tr>\n<td width=\"138\">17<\/td>\n<td width=\"222\">FRANCISCO R\u00d4MULO CARVALHO ROZA<\/td>\n<td width=\"97\">109707<\/td>\n<\/tr>\n<tr>\n<td width=\"138\">18<\/td>\n<td width=\"222\">IGO DE SOUSA LIMA<\/td>\n<td width=\"97\">\u00a0 \u00a0 \u00a0 109294<\/td>\n<\/tr>\n<tr>\n<td width=\"138\">19<\/td>\n<td width=\"222\">GUSTAVO DE CASTRO PONTES<\/td>\n<td width=\"97\">113774<\/td>\n<\/tr>\n<tr>\n<td width=\"138\">20<\/td>\n<td width=\"222\">LUIS FERNANDO BRAGA SOARES<\/td>\n<td width=\"97\">110527<\/td>\n<\/tr>\n<tr>\n<td width=\"138\">21<\/td>\n<td width=\"222\">BRUNO SOUSA DE FRAN\u00c7A<\/td>\n<td width=\"97\">111324<\/td>\n<\/tr>\n<tr>\n<td width=\"138\">22<\/td>\n<td width=\"222\">C\u00c1SSIO LUIS DA SILVA MACATR\u00c3O BACELLAR<\/td>\n<td width=\"97\">111435<\/td>\n<\/tr>\n<tr>\n<td width=\"138\">23<\/td>\n<td width=\"222\">VALDIR BERNARDES PORTELA SANCHEZ<\/td>\n<td width=\"97\">111196<\/td>\n<\/tr>\n<tr>\n<td width=\"138\">24<\/td>\n<td width=\"222\">ROXWEL DE ALMEIDA VASCONCELOS<\/td>\n<td width=\"97\">111440<\/td>\n<\/tr>\n<\/tbody>\n<\/table>\n<p><strong>CARGO: AUXILIAR OPERACIONAL DE SERVI\u00c7OS DIVERSOS \u2013 AOSD<\/strong><\/p>\n<table width=\"0\">\n<tbody>\n<tr>\n<td width=\"138\"><strong>CLASSIFICA\u00c7\u00c3O<\/strong><\/td>\n<td width=\"250\"><strong>CANDIDATO<\/strong><\/td>\n<td width=\"97\"><strong>INSCRI\u00c7\u00c3O<\/strong><\/td>\n<\/tr>\n<tr>\n<td width=\"138\">2<\/td>\n<td width=\"250\">DANILO COELHO DOS SANTOS<\/td>\n<td width=\"97\">111664<\/td>\n<\/tr>\n<tr>\n<td width=\"138\">3<\/td>\n<td width=\"250\">STHEFANY SILVA MARQUES<\/td>\n<td width=\"97\">113181<\/td>\n<\/tr>\n<tr>\n<td width=\"138\">5<\/td>\n<td width=\"250\">MANUELA PEREIRA DOS SANTOS<\/td>\n<td width=\"97\">112452<\/td>\n<\/tr>\n<tr>\n<td width=\"138\">7<\/td>\n<td width=\"250\">LAIS CALDAS LOPES<\/td>\n<td width=\"97\">109520<\/td>\n<\/tr>\n<tr>\n<td width=\"138\">8<\/td>\n<td width=\"250\">DJALMA RODRIGUES PEREIRA DE SOUSA<\/td>\n<td width=\"97\">112762<\/td>\n<\/tr>\n<tr>\n<td width=\"138\">9<\/td>\n<td width=\"250\">SABRINA SILVA DE SOUSA<\/td>\n<td width=\"97\">112903<\/td>\n<\/tr>\n<tr>\n<td width=\"138\">10<\/td>\n<td width=\"250\">VANUSA DE SOUZA DOS SANTOS<\/td>\n<td width=\"97\">112742<\/td>\n<\/tr>\n<tr>\n<td width=\"138\">12<\/td>\n<td width=\"250\">LUANA COSTA ALVES<\/td>\n<td width=\"97\">110486<\/td>\n<\/tr>\n<tr>\n<td width=\"138\">13<\/td>\n<td width=\"250\">BERNARDA LAYSE DE OLIVEIRA<\/td>\n<td width=\"97\">111243<\/td>\n<\/tr>\n<tr>\n<td width=\"138\">15<\/td>\n<td width=\"250\">EVELYN OHARA SILVA DAMASCENO<\/td>\n<td width=\"97\">110530<\/td>\n<\/tr>\n<tr>\n<td width=\"138\">16<\/td>\n<td width=\"250\">ISABEL CARVALHO LE\u00c3O<\/td>\n<td width=\"97\">110826<\/td>\n<\/tr>\n<tr>\n<td width=\"138\">17<\/td>\n<td width=\"250\">JANILMA CANDEIRA SILVA<\/td>\n<td width=\"97\">112818<\/td>\n<\/tr>\n<tr>\n<td width=\"138\">18<\/td>\n<td width=\"250\">NICOLLY RODRIGUES DA SILVA<\/td>\n<td width=\"97\">110463<\/td>\n<\/tr>\n<tr>\n<td width=\"138\">19<\/td>\n<td width=\"250\">LUZIM\u00c1RIA ALVES BARROS<\/td>\n<td width=\"97\">110428<\/td>\n<\/tr>\n<tr>\n<td width=\"138\">20<\/td>\n<td width=\"250\">MARIA DOS AFLITOS ALMEIDA PINHEIRO<\/td>\n<td width=\"97\">112605<\/td>\n<\/tr>\n<tr>\n<td width=\"138\">21<\/td>\n<td width=\"250\">HARENNA AROUCHE DIAS SOUZA<\/td>\n<td width=\"97\">111947<\/td>\n<\/tr>\n<tr>\n<td width=\"138\">22<\/td>\n<td width=\"250\">MARCOS VAMBASTTEN BRITO E SILVA<\/td>\n<td width=\"97\">109204<\/td>\n<\/tr>\n<tr>\n<td width=\"138\">23<\/td>\n<td width=\"250\">LUIS GUILHERME CARVALHO ARAUJO<\/td>\n<td width=\"97\">111975<\/td>\n<\/tr>\n<tr>\n<td width=\"138\">24<\/td>\n<td width=\"250\">KAINARA GON\u00c7ALVES BORALHO<\/td>\n<td width=\"97\">109932<\/td>\n<\/tr>\n<tr>\n<td width=\"138\">25<\/td>\n<td width=\"250\">MARIA VIT\u00d3RIA SOUSA SILVA<\/td>\n<td width=\"97\">113985<\/td>\n<\/tr>\n<tr>\n<td width=\"138\">26<\/td>\n<td width=\"250\">LIDIANE DA SILVA COSTA<\/td>\n<td width=\"97\">111923<\/td>\n<\/tr>\n<tr>\n<td width=\"138\">27<\/td>\n<td width=\"250\">GLEICIANE DA SILVA FREIRTAS COSTA<\/td>\n<td width=\"97\">109831<\/td>\n<\/tr>\n<tr>\n<td width=\"138\">28<\/td>\n<td width=\"250\">MARCOS VIN\u00cdCIUS LIMA DE ARAUJO<\/td>\n<td width=\"97\">109172<\/td>\n<\/tr>\n<tr>\n<td width=\"138\">30<\/td>\n<td width=\"250\">CARLINDA CRISPIM DA SILVA<\/td>\n<td width=\"97\">109716<\/td>\n<\/tr>\n<\/tbody>\n<\/table>\n<p>Magalh\u00e3es de Almeida-MA, 10 de fevereiro de 2025. Gild\u00e1zio Ara\u00fajo Silva, Secret\u00e1rio Municipal de Administra\u00e7\u00e3o, Portaria n\u00b0 028\/2025-GAB<\/p>\n","protected":false},"author":4,"template":"","class_list":["post-24140","publicacoesdom","type-publicacoesdom","status-publish","hentry"],"acf":{"tipo_de_publicacao_diario":"26","e_retificacao":"1","origem_do_diario":"Poder Executivo","codigo_verificador":"0915047ae279f1d32116729c8c2662513201b809"},"_links":{"self":[{"href":"https:\/\/magalhaesdealmeida.ma.gov.br\/transparencia\/wp-json\/wp\/v2\/publicacoesdom\/24140","targetHints":{"allow":["GET"]}}],"collection":[{"href":"https:\/\/magalhaesdealmeida.ma.gov.br\/transparencia\/wp-json\/wp\/v2\/publicacoesdom"}],"about":[{"href":"https:\/\/magalhaesdealmeida.ma.gov.br\/transparencia\/wp-json\/wp\/v2\/types\/publicacoesdom"}],"author":[{"embeddable":true,"href":"https:\/\/magalhaesdealmeida.ma.gov.br\/transparencia\/wp-json\/wp\/v2\/users\/4"}],"wp:attachment":[{"href":"https:\/\/magalhaesdealmeida.ma.gov.br\/transparencia\/wp-json\/wp\/v2\/media?parent=24140"}],"curies":[{"name":"wp","href":"https:\/\/api.w.org\/{rel}","templated":true}]}}