{"id":24146,"date":"2025-02-10T15:14:13","date_gmt":"2025-02-10T18:14:13","guid":{"rendered":"https:\/\/magalhaesdealmeida.ma.gov.br\/transparencia\/?post_type=publicacoesdom&#038;p=24146"},"modified":"2025-02-10T15:14:13","modified_gmt":"2025-02-10T18:14:13","slug":"arp-n-o-006-2025-pe-srp-n-o-031-2024-proc-adm-n-o-2024012056-2024-tipo-menor-preco-por-item","status":"publish","type":"publicacoesdom","link":"https:\/\/magalhaesdealmeida.ma.gov.br\/transparencia\/publicacoesdom\/arp-n-o-006-2025-pe-srp-n-o-031-2024-proc-adm-n-o-2024012056-2024-tipo-menor-preco-por-item\/","title":{"rendered":"ARP N.\u00ba 006\/2025 &#8211; PE SRP N.\u00ba 031\/2024 &#8211; PROC. ADM. N.\u00ba 2024012056\/2024 &#8211; TIPO: MENOR PRE\u00c7O POR ITEM"},"content":{"rendered":"<p><strong>PARTES:<br \/>\nORG\u00c3O GERENCIADOR:<\/strong><br \/>\nPrefeitura Municipal de Magalh\u00e3es de Almeida\/MA, localizada na Rua Manoel Pires de Castro, 279 \u2013 Centro, Magalh\u00e3es de Almeida\/MA, inscrita no CNPJ sob o n.\u00ba 06.988.976\/0001-09, representada neste ato pelo Secret\u00e1rio Municipal de Finan\u00e7as\/Gestor Financeiro o Sr. <strong>Francisco de Assis Arag\u00e3o<\/strong>, inscrito no CPF sob o n.\u00ba 376.***.**8-00 e RG sob o n.\u00ba 6.***.**3 SSP\/SP, residente em Magalh\u00e3es de Almeida\/MA.<br \/>\n<strong>FORNECEDOR REGISTRADO:<br \/>\n<\/strong><strong>ELLO DISTRIBUIDORA DE MEDICAMENTOS LTDA<\/strong>, inscrita no CNPJ n.\u00ba 03.748.673\/0001-12, sediada na Rua Santa Ana, n.\u00ba 1170, Bairro: Vermelha \u2013 CEP: 64.018-090, na cidade de Teresina\/PI, neste ato representada pela Sra. <strong>KAROLYNE VERAS DO NASCIMENTO COSTA<\/strong>, portadora da Carteira de Identidade n.\u00ba 2.***.**5 SSP\/PI e do CPF n.\u00ba 019.***.**3-20, com endere\u00e7o para correspond\u00eancia eletr\u00f4nica atrav\u00e9s do e-mail <a href=\"mailto:distribuidoraello@distribuidoraello.com.br\">distribuidoraello@distribuidoraello.com.br<\/a>.<br \/>\nPela presente Ata de Registro de Pre\u00e7os entre as partes acima qualificadas, \u00e9 firmada e ajustada, a contrata\u00e7\u00e3o constante no objeto do <strong>PREG\u00c3O ELETR\u00d4NICO SRP N.\u00ba 031\/2024 E PROCESSO ADMINISTRATIVO N.\u00ba 2024012056\/2024<\/strong>, mediante o disposto na Lei n.\u00ba 14.133\/21 e altera\u00e7\u00f5es posteriores, em conformidade com as cl\u00e1usulas que seguem:<br \/>\n<strong>CL\u00c1USULA PRIMEIRA &#8211; DA DOCUMENTA\u00c7\u00c3O<br \/>\n<\/strong><strong>1.1 <\/strong>Fazem parte integrante da presente Ata de Registro de Pre\u00e7os, independente de transcri\u00e7\u00e3o, o Edital, seus anexos e todos os demais documentos referentes ao objeto do referido Processo supracitado, que n\u00e3o contrariem o disposto neste instrumento.<br \/>\n<strong>CL\u00c1USULA SEGUNDA &#8211; DO OBJETO<br \/>\n<\/strong><strong>2.1<\/strong> Constitui o objeto do presente instrumento o Registro de Pre\u00e7os para futuro e eventual fornecimento de Medicamentos, Insumos Hospitalares e Insumos Odontol\u00f3gicos para atendimento das Unidades de Sa\u00fade de Magalh\u00e3es de Almeida\/MA, conforme quantidades e especifica\u00e7\u00f5es indicados na <strong>CL\u00c1USULA TERCEIRA<\/strong> deste instrumento e no Edital do Preg\u00e3o Eletr\u00f4nico supracitado.<br \/>\n<strong>2.2<\/strong> A execu\u00e7\u00e3o do objeto, deve ocorrer em estrita conformidade com o termo de refer\u00eancia, anexo do edital e demais anexos que fazem parte integrante deste instrumento, independente de transcri\u00e7\u00e3o.<br \/>\n<strong>2.2.1<\/strong> O registro de pre\u00e7os n\u00e3o obrigar\u00e1 a Administra\u00e7\u00e3o a contratar em sua totalidade, sendo que as contra\u00e7\u00f5es se dar\u00e3o de acordo com a demanda do munic\u00edpio, ou seja, de forma parcelada.<br \/>\n<strong>PAR\u00c1GRAFO \u00daNICO: <\/strong>Toda e qualquer altera\u00e7\u00e3o no objeto somente poder\u00e1 ser efetivada mediante pr\u00e9via e \u00a0expressa autoriza\u00e7\u00e3o por escrito do Munic\u00edpio de Magalh\u00e3es de Almeida\/MA.<br \/>\n<strong>CL\u00c1USULA TERCEIRA &#8211; DO PRE\u00c7O REGISTRADO<br \/>\n<\/strong><strong>3.1<\/strong> Conforme Proposta Final da empresa adjudicat\u00e1ria do certame, o valor para o fornecimento do objeto da presente ata de registro de pre\u00e7os ocorrer\u00e1 conforme o valor unit\u00e1rio abaixo discriminado, com validade pelo prazo de <strong>01 (um) ano:<\/strong><\/p>\n<table width=\"394\">\n<tbody>\n<tr>\n<td style=\"text-align: center\" width=\"30\"><strong>ITEM<\/strong><\/td>\n<td style=\"text-align: center\" width=\"200\"><strong>ESPECIFICA\u00c7\u00c3O\/MODELO\/TIPO<\/strong><\/td>\n<td style=\"text-align: center\" width=\"70\"><strong>UNID.<\/strong><\/td>\n<td style=\"text-align: center\" width=\"46\"><strong>QUANT.<\/strong><\/td>\n<td style=\"text-align: center\" width=\"48\"><strong>VR UNIT<\/strong><\/td>\n<\/tr>\n<tr>\n<td width=\"30\">85<\/td>\n<td width=\"200\">BIPERIDENO 2MG<\/td>\n<td width=\"70\">COMPRIMIDO<\/td>\n<td width=\"46\">10.000<\/td>\n<td width=\"48\">R$ 0,70<\/td>\n<\/tr>\n<tr>\n<td width=\"30\">86<\/td>\n<td width=\"200\">BROMAZEPAM 3MG<\/td>\n<td width=\"70\">COMPRIMIDO<\/td>\n<td width=\"46\">8000<\/td>\n<td width=\"48\">R$ 0,26<\/td>\n<\/tr>\n<tr>\n<td width=\"30\">89<\/td>\n<td width=\"200\">CARBAMAZEPINA 200MG<\/td>\n<td width=\"70\">COMPRIMIDO<\/td>\n<td width=\"46\">7000<\/td>\n<td width=\"48\">R$ 0,34<\/td>\n<\/tr>\n<tr>\n<td width=\"30\">92<\/td>\n<td width=\"200\">CLONAZEPAN 2,5MG\/ML GTS 20ML<\/td>\n<td width=\"70\">FRASCO<\/td>\n<td width=\"46\">250<\/td>\n<td width=\"48\">R$ 4,40<\/td>\n<\/tr>\n<tr>\n<td width=\"30\">95<\/td>\n<td width=\"200\">CARBONATO DE L\u00cdTIO 300MG<\/td>\n<td width=\"70\">COMPRIMIDO<\/td>\n<td width=\"46\">10000<\/td>\n<td width=\"48\">R$ 0,36<\/td>\n<\/tr>\n<tr>\n<td width=\"30\">122<\/td>\n<td width=\"200\">PROMETAZINA, CLORIDRATO 25MG<\/td>\n<td width=\"70\">COMPRIMIDO<\/td>\n<td width=\"46\">10.000<\/td>\n<td width=\"48\">R$ 0,34<\/td>\n<\/tr>\n<tr>\n<td width=\"30\">123<\/td>\n<td width=\"200\">PROMETAZINA, CLORIDRATO 25MG 2ML<\/td>\n<td width=\"70\">AMPOLA<\/td>\n<td width=\"46\">3.000<\/td>\n<td width=\"48\">R$ 6,30<\/td>\n<\/tr>\n<tr>\n<td width=\"30\">126<\/td>\n<td width=\"200\">RISPERIDONA 1MG\/ML GTS 30ML<\/td>\n<td width=\"70\">FRASCO<\/td>\n<td width=\"46\">500<\/td>\n<td width=\"48\">R$ 18,00<\/td>\n<\/tr>\n<tr>\n<td width=\"30\">127<\/td>\n<td width=\"200\">RISPERIDONA 2MG<\/td>\n<td width=\"70\">COMPRIMIDO<\/td>\n<td width=\"46\">3000<\/td>\n<td width=\"48\">R$ 0,24<\/td>\n<\/tr>\n<tr>\n<td width=\"30\">128<\/td>\n<td width=\"200\">RISPERIDONA 3MG<\/td>\n<td width=\"70\">COMPRIMIDO<\/td>\n<td width=\"46\">3000<\/td>\n<td width=\"48\">R$ 0,32<\/td>\n<\/tr>\n<tr>\n<td width=\"30\">147<\/td>\n<td width=\"200\">ACICLOVIR 200MG<\/td>\n<td width=\"70\">COMPRIMIDO<\/td>\n<td width=\"46\">130.000<\/td>\n<td width=\"48\">R$ 0,50<\/td>\n<\/tr>\n<tr>\n<td width=\"30\">151<\/td>\n<td width=\"200\">\u00c1CIDO F\u00d3LICO 5MG<\/td>\n<td width=\"70\">COMPRIMIDO<\/td>\n<td width=\"46\">60000<\/td>\n<td width=\"48\">R$ 0,10<\/td>\n<\/tr>\n<tr>\n<td width=\"30\">160<\/td>\n<td width=\"200\">ATENOLOL 25MG<\/td>\n<td width=\"70\">COMPRIMIDO<\/td>\n<td width=\"46\">36000<\/td>\n<td width=\"48\">R$ 0,06<\/td>\n<\/tr>\n<tr>\n<td width=\"30\">188<\/td>\n<td width=\"200\">DICLOFENACO S\u00d3DICO 50MG<\/td>\n<td width=\"70\">COMPRIMIDO<\/td>\n<td width=\"46\">15000<\/td>\n<td width=\"48\">R$ 0,12<\/td>\n<\/tr>\n<tr>\n<td width=\"30\">199<\/td>\n<td width=\"200\">HIDROCLORATIAZIDA 25MG<\/td>\n<td width=\"70\">COMPRIMIDO<\/td>\n<td width=\"46\">160000<\/td>\n<td width=\"48\">R$ 0,06<\/td>\n<\/tr>\n<tr>\n<td width=\"30\">202<\/td>\n<td width=\"200\">IBUPROFENO 300MG<\/td>\n<td width=\"70\">COMPRIMIDO<\/td>\n<td width=\"46\">180000<\/td>\n<td width=\"48\">R$ 0,24<\/td>\n<\/tr>\n<tr>\n<td width=\"30\">212<\/td>\n<td width=\"200\">MEBENDAZOL 20MG\/ML 30ML<\/td>\n<td width=\"70\">FRASCO<\/td>\n<td width=\"46\">2400<\/td>\n<td width=\"48\">R$ 3,10<\/td>\n<\/tr>\n<tr>\n<td width=\"30\">214<\/td>\n<td width=\"200\">METFORMINA, CLORIDRATO 850MG<\/td>\n<td width=\"70\">COMPRIMIDO<\/td>\n<td width=\"46\">190000<\/td>\n<td width=\"48\">R$ 0,30<\/td>\n<\/tr>\n<tr>\n<td width=\"30\">218<\/td>\n<td width=\"200\">METOCLOPRAMIDA, CLORIDRATO 4MG\/ML GTS 10ML<\/td>\n<td width=\"70\">FRASCO<\/td>\n<td width=\"46\">810<\/td>\n<td width=\"48\">R$ 3,20<\/td>\n<\/tr>\n<tr>\n<td width=\"30\">232<\/td>\n<td width=\"200\">PARACETAMOL 500MG<\/td>\n<td width=\"70\">COMPRIMIDO<\/td>\n<td width=\"46\">130000<\/td>\n<td width=\"48\">R$ 0,14<\/td>\n<\/tr>\n<tr>\n<td width=\"30\">241<\/td>\n<td width=\"200\">PROPANOLOL, CLORIDRATO 40MG<\/td>\n<td width=\"70\">COMPRIMIDO<\/td>\n<td width=\"46\">80.000<\/td>\n<td width=\"48\">R$ 0,10<\/td>\n<\/tr>\n<tr>\n<td width=\"30\">245<\/td>\n<td width=\"200\">SIMETICONA 75MG\/ML GTS 15ML<\/td>\n<td width=\"70\">FRASCO<\/td>\n<td width=\"46\">1500<\/td>\n<td width=\"48\">R$ 2,60<\/td>\n<\/tr>\n<tr>\n<td width=\"30\">255<\/td>\n<td width=\"200\">\u00c1GUA DESTILADA PARA AUTOCLAVE GAL\u00c3O DE 5 LITROS<\/td>\n<td width=\"70\">GAL\u00c3O<\/td>\n<td width=\"46\">500<\/td>\n<td width=\"48\">R$ 17,86<\/td>\n<\/tr>\n<tr>\n<td width=\"30\">266<\/td>\n<td width=\"200\">AGULHA P\/RAQUI ANESTESIA N\u00ba 27G<\/td>\n<td width=\"70\">UNIDADE<\/td>\n<td width=\"46\">5000<\/td>\n<td width=\"48\">R$ 7,00<\/td>\n<\/tr>\n<tr>\n<td width=\"30\">316<\/td>\n<td width=\"200\">ESPARADRAPO IMPERME\u00c1VEL 10CMX4,5 M<\/td>\n<td width=\"70\">UNIDADE<\/td>\n<td width=\"46\">1200<\/td>\n<td width=\"48\">\u00a0R$\u00a0\u00a0 1,70<\/td>\n<\/tr>\n<\/tbody>\n<\/table>\n<p><strong>3.2<\/strong> No Pre\u00e7o Registrado est\u00e3o inclu\u00eddos todas e quaisquer despesas diretas ou indiretas que venham a incidir sobre os mesmos, bem como o custo de transporte, materiais, instala\u00e7\u00e3o, perdas, m\u00e3o de obra, equipamento, encargos tribut\u00e1rios, trabalhistas e previdenci\u00e1rios, al\u00e9m dos necess\u00e1rios e indispens\u00e1veis \u00e0 completa execu\u00e7\u00e3o do objeto contratado.<br \/>\n<strong>CL\u00c1USULA QUARTA &#8211; DA DOTA\u00c7\u00c3O OR\u00c7AMENT\u00c1RIA<br \/>\n<\/strong><strong>4.1<\/strong> A contrata\u00e7\u00e3o est\u00e1 adequada ao or\u00e7amento dispon\u00edvel para o exerc\u00edcio financeiro.<br \/>\n<strong>4.2<\/strong> As despesas correntes da presente contrata\u00e7\u00e3o correr\u00e3o por conta da dota\u00e7\u00e3o or\u00e7ament\u00e1ria abaixo, do or\u00e7amento vigente no Munic\u00edpio de Magalh\u00e3es de Almeida\/MA ou pelas que vierem a substitu\u00ed- las no pr\u00f3ximo exerc\u00edcio:<br \/>\n<strong>10.122.0050.2043.0000 MANUT. E FUNC. DA SECRETARIA MUNICIPAL DE SA\u00daDE.<br \/>\n<\/strong><strong>3.3.90.30 &#8211; MATERIAL DE CONSUMO.<br \/>\n<\/strong><strong>10.301.0380.2055.0000 MANUT. DO PROG. ASSIST\u00caNCIA FARMAC\u00caUTICA.<br \/>\n<\/strong><strong>3.3.90.30 &#8211; MATERIAL DE CONSUMO.<br \/>\n<\/strong><strong>10.301.0380.2166.0000 MANUTEN\u00c7\u00c3O DO PROGRAMA FARM\u00c1CIA POPULAR.<br \/>\n<\/strong><strong>3.3.90.30 &#8211; MATERIAL DE CONSUMO.<br \/>\n<\/strong><strong>CL\u00c1USULA QUINTA &#8211; DO PRAZO E DAS CONDI\u00c7\u00d5ES DE EXECU\u00c7\u00c3O DOS SERVI\u00c7OS<br \/>\n<\/strong><strong>5.1. <\/strong>Todas as condi\u00e7\u00f5es de execu\u00e7\u00e3o est\u00e3o dispostas no Termo de Refer\u00eancia do referido processo, que faz parte deste instrumento.<br \/>\n<strong>CL\u00c1USULA SEXTA &#8211; DA VIG\u00caNCIA DA ATA DE REGISTRO DE PRE\u00c7OS<br \/>\n6.1<\/strong> O prazo de validade da Ata de Registro de Pre\u00e7os ser\u00e1 de <strong>01 (um) ano<\/strong>, podendo ser prorrogado por igual per\u00edodo nos termos do 84 da Lei n.\u00ba 14.133\/21.<br \/>\n<strong>6.1.1<\/strong> A vig\u00eancia dos contratos decorrentes do Sistema de Registro de Pre\u00e7os ser\u00e1 definida nos instrumentos convocat\u00f3rios, observado o disposto no 105 da Lei n.\u00ba 14.133\/21.<br \/>\n<strong>6.1.2<\/strong> O contrato decorrente do Sistema de Registro de Pre\u00e7os dever\u00e1 ser assinado dentro do prazo de validade da ata de registro de pre\u00e7os.<br \/>\n<strong>6.2<\/strong> Se o Fornecedor Registrado deixar de realizar a execu\u00e7\u00e3o dentro das especifica\u00e7\u00f5es estabelecidas, ser\u00e1 respons\u00e1vel pela imediata substitui\u00e7\u00e3o ou troca do objeto rejeitado e o tempo despendido poder\u00e1 ser computado para aplica\u00e7\u00e3o das penalidades previstas neste instrumento.<br \/>\n<strong>CL\u00c1USULA S\u00c9TIMA &#8211; DAS OBRIGA\u00c7\u00d5ES DO FORNECEDOR REGISTRADO<br \/>\n7.1<\/strong> Al\u00e9m das obriga\u00e7\u00f5es legais, regulamentares e das demais constantes deste instrumento e do Termo de Refer\u00eancia, obriga-se, ainda, a empresa vencedora a:<br \/>\n<strong>7.1.1 E-MAIL INSTITUCIONAL<\/strong>: \u00c9 dever da empresa vencedora\/contratada manter durante o per\u00edodo de vig\u00eancia do contrato\/servi\u00e7o, e-mail institucional, oficial, atualizado, vigente e operacional, para executar os contatos oficiais com o Munic\u00edpio de Magalh\u00e3es de Almeida\/MA, para realiza\u00e7\u00e3o de contratos, adendos, renova\u00e7\u00f5es, notifica\u00e7\u00f5es, of\u00edcios e todos demais atos administrativos.<br \/>\n<strong>7.2<\/strong> Assinar a Ata de Registro de Pre\u00e7os no prazo estabelecido no item <strong>DAS CONDI\u00c7\u00d5ES PARA ASSINATURA DA ATA E REGISTRO DE PRE\u00c7OS <\/strong>constante do Edital.<br \/>\n<strong>7.3<\/strong> Efetuar a execu\u00e7\u00e3o do objeto licitado no prazo e local informado, juntamente com a emiss\u00e3o da ordem de compra, em conformidade com o que trata o Termo de Refer\u00eancia.<br \/>\n<strong>7.3.1<\/strong> O recebimento dos materiais ser\u00e1 provis\u00f3rio para posterior verifica\u00e7\u00e3o de sua conformidade com as especifica\u00e7\u00f5es do Preg\u00e3o e da proposta.<br \/>\n<strong>7.3.2<\/strong> O pedido de prorroga\u00e7\u00e3o de prazo para entrega dos objetos somente ser\u00e1 conhecido pelo Munic\u00edpio de Magalh\u00e3es de Almeida\/MA, caso o mesmo seja devidamente fundamentado e entregue no Departamento de Compras do Munic\u00edpio de Magalh\u00e3es de Almeida\/MA, antes de expirar o prazo contratual inicialmente estabelecido.<br \/>\n<strong>7.4<\/strong> Garantir os materiais contra defeitos de fabrica\u00e7\u00e3o e tamb\u00e9m, contra v\u00edcios, defeitos ou incorre\u00e7\u00f5es, resultantes da execu\u00e7\u00e3o.<br \/>\n<strong>7.4.1<\/strong> Fornecer materiais de primeira qualidade, considerando-se como tais \u00e0queles que atendam satisfatoriamente os fins aos quais se destinam, apresentando \u00f3timo rendimento, durabilidade e praticidade.<br \/>\n<strong>7.5<\/strong> Arcar com todos os \u00f4nus necess\u00e1rios \u00e0 completa execu\u00e7\u00e3o, considerando-se como tal a disponibiliza\u00e7\u00e3o, nos locais indicados pelo Munic\u00edpio de Magalh\u00e3es de Almeida\/MA, conforme quantitativos dos servi\u00e7os adjudicados, tais como transporte, encargos sociais, tributos e outras incid\u00eancias, se ocorrerem.<br \/>\n<strong>7.6<\/strong> No prazo estipulado no Contrato, a contratada dever\u00e1 corrigir os materiais que, durante a entrega, n\u00e3o atenderem aos padr\u00f5es de qualidade e especifica\u00e7\u00f5es, definidos no referido contrato. A substitui\u00e7\u00e3o deve ser feita de acordo com as condi\u00e7\u00f5es acordadas e em conformidade com os termos estabelecidos neste documento.<br \/>\n<strong>7.7<\/strong> Em caso de defeito na execu\u00e7\u00e3o do contratado, a contratada dever\u00e1 providenciar imediatamente a substitui\u00e7\u00e3o por outro de qualidade equivalente, assegurando que o mesmo atenda a todos os padr\u00f5es e requisitos estabelecidos no Contrato.<br \/>\n<strong>7.8<\/strong> Assumir inteira responsabilidade pela efetiva execu\u00e7\u00e3o do objeto licitado e efetu\u00e1-la de acordo com as especifica\u00e7\u00f5es e instru\u00e7\u00f5es deste Instrumento e seus anexos.<br \/>\n<strong>7.9<\/strong> Reparar, corrigir, remover, reconstruir ou substituir, \u00e0s suas expensas, no todo ou em parte, o objeto deste instrumento, em que se verificarem v\u00edcios, defeitos ou incorre\u00e7\u00f5es, resultantes da presta\u00e7\u00e3o do(s) servi\u00e7o(s), num prazo estipulado no Termo de Refer\u00eancia, salvo quando o defeito for, comprovadamente, provocado por uso indevido, sendo que o tempo extra despendido poder\u00e1 ser computado para aplica\u00e7\u00e3o das penalidades previstas neste instrumento.<br \/>\n<strong>7.10<\/strong> Cumprir rigorosamente com o disposto no Edital e demais anexos.<br \/>\n<strong>7.11<\/strong> Manter durante a execu\u00e7\u00e3o deste contrato todas as condi\u00e7\u00f5es de habilita\u00e7\u00e3o e qualifica\u00e7\u00e3o exigidas na licita\u00e7\u00e3o.<br \/>\n<strong>7.12<\/strong> Responsabilizar-se pelos \u00f4nus resultantes de quaisquer a\u00e7\u00f5es, demandas, custos e despesas decorrentes de danos, ocorridos por culpa sua ou de qualquer de seus empregados e prepostos, obrigando-se, outrossim, por quaisquer responsabilidades decorrentes de a\u00e7\u00f5es judiciais movidas por terceiros, que lhe venham a ser exigidas por for\u00e7a da Lei, ligadas ao cumprimento do presente Instrumento.<br \/>\n<strong>7.13<\/strong> Responder por danos materiais ou f\u00edsicos, causados por seus empregados, diretamente ao Munic\u00edpio de Magalh\u00e3es de Almeida\/MA ou a terceiros, decorrente de sua culpa ou dolo.<br \/>\n<strong>7.14<\/strong> Cumprir as exig\u00eancias de reserva de cargos para pessoa com defici\u00eancia e para reabilitado da Previd\u00eancia Social, previstas em lei e em outras normas espec\u00edficas, conforme art. 63, inciso IV, da Lei Federal n.\u00ba 14.133\/21.<br \/>\n<strong>7.15<\/strong> Em tudo agir segundo as diretrizes da Administra\u00e7\u00e3o.<br \/>\n<strong>7.16<\/strong> Estar ciente da matriz de risco apresentada no Termo de Refer\u00eancia contido no Anexo I do Edital de Convoca\u00e7\u00e3o.<br \/>\n<strong>CL\u00c1USULA OITAVA &#8211; DAS OBRIGA\u00c7\u00d5ES DO \u00d3RG\u00c3O GERENCIADOR<br \/>\n<\/strong><strong>8.1<\/strong> O regime jur\u00eddico desta contrata\u00e7\u00e3o confere ao contratante as prerrogativas do 104 da Lei n.\u00ba 14.133\/21.<br \/>\n<strong>8.2<\/strong> Constituem obriga\u00e7\u00f5es do <strong>\u00d3RG\u00c3O GERENCIADOR <\/strong>al\u00e9m da constante do 115 da Lei n.\u00ba 14.133\/21, as especificadas no Edital.<br \/>\n<strong>8.3<\/strong> Acompanhar, fiscalizar e avaliar a execu\u00e7\u00e3o do objeto deste Contrato\/Ata de Registro de Pre\u00e7o;<br \/>\n<strong>8.4<\/strong> Emitir as ordens de Fornecimento ao Fornecedor Registrado, de acordo com as necessidades, respeitando os prazos para atendimentos;<br \/>\n<strong>8.5<\/strong> Prestar as informa\u00e7\u00f5es e os esclarecimentos que venham a ser solicitados pelo Fornecedor Registrado;<br \/>\n<strong>8.6<\/strong> Efetuar o pagamento na forma ajustada no Edital e neste Instrumento;<br \/>\n<strong>8.7<\/strong> Cumprir com as demais obriga\u00e7\u00f5es constantes no Edital e outras previstas no Contrato\/Ata de Registro de Pre\u00e7o.<br \/>\n<strong>CL\u00c1USULA NONA &#8211; DA FISCALIZA\u00c7\u00c3O<br \/>\n<\/strong><strong>9.1. <\/strong>A presta\u00e7\u00e3o dos servi\u00e7os e o cumprimento do disposto neste instrumento ser\u00e3o fiscalizados por interm\u00e9dio do(a) servidor(a) designado(a) pelo <strong>\u00d3RG\u00c3O GERENCIADOR<\/strong>, que acompanhar\u00e1 a entrega dos produtos, de acordo com o determinado, controlando os prazos estabelecidos para execu\u00e7\u00e3o do mesmo e apresenta\u00e7\u00e3o de documentos fiscais, notificando \u00e0 empresa vencedora a respeito de quaisquer reclama\u00e7\u00f5es ou solicita\u00e7\u00f5es havidas.<br \/>\n<strong>CL\u00c1USULA D\u00c9CIMA &#8211; DO PAGAMENTO<br \/>\n10.1<\/strong> O pagamento pela efetiva execu\u00e7\u00e3o do servi\u00e7o deste instrumento ser\u00e1 efetuado at\u00e9 o <strong>30\u00ba (trig\u00e9simo) dia ap\u00f3s a apresenta\u00e7\u00e3o documentos fiscais<\/strong>, \u00e0 <strong>EMPRESA REGISTRADA<\/strong>, atrav\u00e9s da Tesouraria, mediante apresenta\u00e7\u00e3o da Nota Fiscal correspondente, com a aceita\u00e7\u00e3o e atesto do respons\u00e1vel pelo recebimento do mesmo, observando-se ainda a ordem cronol\u00f3gica de pagamentos, nos termos do art. 141 da Lei n.\u00ba 14.133\/21.<br \/>\n<strong>10.1.1<\/strong> A Nota Fiscal correspondente dever\u00e1 ser entregue pela <strong>EMPRESA REGISTRADA <\/strong>diretamente ao respons\u00e1vel pela fiscaliza\u00e7\u00e3o que somente atestar\u00e1 o recebimento e liberar\u00e1 a Nota Fiscal para pagamento quando cumpridas, pela <strong>EMPRESA REGISTRADA<\/strong>, todas as condi\u00e7\u00f5es pactuadas.<br \/>\n<strong>10.1.2<\/strong>\u00a0A contagem para o 30\u00ba (trig\u00e9simo) dia, previsto no <em>caput<\/em>, s\u00f3 iniciar-se-\u00e1 ap\u00f3s a aceita\u00e7\u00e3o e liquida\u00e7\u00e3o do objeto pela fiscaliza\u00e7\u00e3o do munic\u00edpio de Magalh\u00e3es de Almeida\/MA e cumprimento pela empresa de todas as condi\u00e7\u00f5es pactuadas.<br \/>\n<strong>10.1.3<\/strong>\u00a0Para execu\u00e7\u00e3o do pagamento, <strong>EMPRESA REGISTRADA <\/strong>dever\u00e1 fazer constar na Nota Fiscal correspondente, emitida sem rasura, em letra bem leg\u00edvel, em nome do munic\u00edpio de Magalh\u00e3es de Almeida\/MA, informando o n\u00famero de sua Conta Corrente e Ag\u00eancia Banc\u00e1ria, bem como o n\u00famero da Ordem de Compra.<br \/>\n<strong>10.1.4<\/strong>\u00a0Havendo erro na Nota Fiscal ou circunst\u00e2ncias que impe\u00e7am a liquida\u00e7\u00e3o da despesa, aquela ser\u00e1 devolvida \u00e0 <strong>EMPRESA REGISTRADA <\/strong>e o pagamento ficar\u00e1 pendente at\u00e9 que o mesmo providencie as medidas Nesta hip\u00f3tese, o prazo para pagamento iniciar-se-\u00e1 ap\u00f3s a regulariza\u00e7\u00e3o da situa\u00e7\u00e3o ou reapresenta\u00e7\u00e3o do documento fiscal, n\u00e3o acarretando quaisquer \u00f4nus ao munic\u00edpio de Magalh\u00e3es de Almeida\/MA.<br \/>\n<strong>10.2<\/strong>\u00a0A crit\u00e9rio da Administra\u00e7\u00e3o poder\u00e3o ser descontados dos pagamentos devidos, os valores para cobrir despesas com multas, indeniza\u00e7\u00f5es a terceiros ou outras de responsabilidade da <strong>EMPRESA REGISTRADA<\/strong>.<br \/>\n<strong>10.3<\/strong> O Munic\u00edpio de Magalh\u00e3es de Almeida\/MA, poder\u00e1 sustar todo e qualquer pagamento do pre\u00e7o ou suas parcelas de qualquer fatura apresentada pela <strong>EMPRESA REGISTRADA <\/strong>caso verificadas uma ou mais das hip\u00f3teses abaixo e enquanto perdurar o ato ou fato sem direito a qualquer reajustamento complementar ou acr\u00e9scimo, conforme enunciado:<br \/>\n<strong>a)<\/strong> A <strong>EMPRESA REGISTRADA <\/strong>deixe de acatar quaisquer determina\u00e7\u00f5es exaradas pelo \u00f3rg\u00e3o fiscalizador do munic\u00edpio de Magalh\u00e3es de Almeida\/MA.<br \/>\n<strong>b)<\/strong> N\u00e3o cumprimento de obriga\u00e7\u00e3o assumida, hip\u00f3tese em que o pagamento ficar\u00e1 retido at\u00e9 que a <strong>EMPRESA REGISTRADA <\/strong>atenda \u00e0 cl\u00e1usula infringida.<br \/>\n<strong>c)<\/strong> A <strong>EMPRESA REGISTRADA <\/strong>retarde indevidamente a execu\u00e7\u00e3o do objeto ou paralise os mesmos por prazo que venha a prejudicar as atividades do munic\u00edpio de Magalh\u00e3es de Almeida\/MA.<br \/>\n<strong>d)<\/strong> D\u00e9bito da <strong>EMPRESA REGISTRADA <\/strong>para com o munic\u00edpio de Magalh\u00e3es de Almeida\/MA quer proveniente da execu\u00e7\u00e3o deste instrumento, quer de obriga\u00e7\u00f5es de outros contratos.<br \/>\n<strong>e)<\/strong> Em qualquer das hip\u00f3teses previstas nos par\u00e1grafos acima, ou de infra\u00e7\u00e3o as demais cl\u00e1usulas e obriga\u00e7\u00f5es estabelecidas neste instrumento.<br \/>\n<strong>10.4<\/strong> A despesa decorrente desta licita\u00e7\u00e3o correr\u00e1 por conta das dota\u00e7\u00f5es do ano corrente e dos anos vindouros.<br \/>\n<strong>CL\u00c1USULA D\u00c9CIMA PRIMEIRA &#8211; FREQU\u00caNCIA DE ENTREGA<\/strong><br \/>\n<strong>11.1. <\/strong>A entrega ser\u00e1 parcelada conforme Nota de Autoriza\u00e7\u00e3o de Fornecimento (NAF) e dever\u00e1 ser realizada, de acordo com as necessidades das Unidades de Sa\u00fade, no Almoxarifado central da Prefeitura Municipal de Magalh\u00e3es de Almeida\/MA, situado \u00e0 Rua Manoel Pires de Castro, 279 &#8211; Centro &#8211; CEP: 65.560-000, na cidade de Magalh\u00e3es de Almeida\/MA, das 07:00h \u00e0s 16:00h.<br \/>\n<strong>CL\u00c1USULA D\u00c9CIMA SEGUNDA &#8211; DO REAJUSTAMENTO<br \/>\n<\/strong><strong>12.1. <\/strong>Conforme as normas financeiras vigentes, n\u00e3o haver\u00e1 reajustamento de pre\u00e7os, no prazo inferior a <strong>01 (um) ano<\/strong>, podendo ap\u00f3s o 13\u00ba m\u00eas o pre\u00e7o ser reajustado atrav\u00e9s do \u00edndice IGPM publicado pela FGV.<br \/>\n<strong>CL\u00c1USULA D\u00c9CIMA TERCEIRA &#8211; DO ACR\u00c9SCIMO E SUPRESS\u00c3O<br \/>\n<\/strong><strong>13.1. <\/strong>\u00c9 vedado efetuar acr\u00e9scimos nos quantitativos fixados pela Ata de Registro de Pre\u00e7os, inclusive o acr\u00e9scimo de que trata o art. 125 da Lei n.\u00ba 14.133\/21.<br \/>\n<strong>CL\u00c1USULA D\u00c9CIMA QUARTA &#8211; DA ALTERA\u00c7\u00c3O OU ATUALIZA\u00c7\u00c3O DOS PRE\u00c7OS REGISTRADOS<br \/>\n<\/strong><strong>14.1<\/strong> Os pre\u00e7os registrados poder\u00e3o ser alterados ou atualizados em decorr\u00eancia de eventual redu\u00e7\u00e3o dos pre\u00e7os praticados no mercado ou de fato que eleve o custo dos bens, nas seguintes situa\u00e7\u00f5es:<br \/>\n<strong>a)<\/strong> Em caso de for\u00e7a maior, caso fortuito ou fato do pr\u00edncipe ou em decorr\u00eancia de fatos imprevis\u00edveis ou previs\u00edveis de consequ\u00eancias incalcul\u00e1veis, que inviabilizem a execu\u00e7\u00e3o da ata tal como pactuada, nos termos do disposto na <strong><u>a<a href=\"https:\/\/www.planalto.gov.br\/ccivil_03\/_Ato2019-2022\/2021\/Lei\/L14133.htm#art124iid\">l\u00ednea \u201cd\u201d do inciso II <\/a><a href=\"https:\/\/www.planalto.gov.br\/ccivil_03\/_Ato2019-2022\/2021\/Lei\/L14133.htm#art124iid\">do <\/a><a href=\"https:\/\/www.planalto.gov.br\/ccivil_03\/_Ato2019-2022\/2021\/Lei\/L14133.htm#art124iid\">capu<\/a><a href=\"https:\/\/www.planalto.gov.br\/ccivil_03\/_Ato2019-2022\/2021\/Lei\/L14133.htm#art124iid\">t <\/a>do 124 da Lei n.\u00ba 14.133, de 2021;<br \/>\n<\/u>b)<\/strong> Em caso de cria\u00e7\u00e3o, altera\u00e7\u00e3o ou extin\u00e7\u00e3o de quaisquer tributos ou encargos legais ou superveni\u00eancia de disposi\u00e7\u00f5es legais, com comprovada repercuss\u00e3o sobre os pre\u00e7os registrados;<br \/>\n<strong>14.2<\/strong> A solicita\u00e7\u00e3o de altera\u00e7\u00e3o de pre\u00e7os visando o restabelecimento do equil\u00edbrio econ\u00f4mico-financeiro, dever\u00e1 ser formalizado por escrito e devidamente motivado e justificado, devendo ainda o Fornecedor Registrado comprovar o aumento ou redu\u00e7\u00e3o dos pre\u00e7os.<br \/>\n<strong>14.2.1<\/strong> A resposta para o pedido de restabelecimento do equil\u00edbrio econ\u00f4mico-financeiro ser\u00e1 de <strong>15 (quinze)<\/strong> dias uteis ap\u00f3s seu protocolo.<br \/>\n<strong>CL\u00c1USULA D\u00c9CIMA QUINTA &#8211; DAS SAN\u00c7\u00d5ES ADMINISTRATIVAS<br \/>\n<\/strong><strong>15.1 <\/strong>Das infra\u00e7\u00f5es e san\u00e7\u00f5es aplic\u00e1veis aos contratados quando:<br \/>\n<strong>a)<\/strong> Dar causa \u00e0 inexecu\u00e7\u00e3o parcial do contrato;<br \/>\n<strong>I &#8211;<\/strong> Advert\u00eancia;<br \/>\n<strong>b)<\/strong> Dar causa \u00e0 inexecu\u00e7\u00e3o parcial da ARP que cause grave dano \u00e0 Administra\u00e7\u00e3o, ao funcionamento dos servi\u00e7os p\u00fablicos ou ao interesse coletivo;<br \/>\n<strong>I &#8211;<\/strong> Multa no percentual de 30% do valor contratado;<br \/>\n<strong>II &#8211;<\/strong> Impedimento de licitar e contratar pelo prazo de 2 (dois) anos.<br \/>\n<strong>c)<\/strong> Dar causa \u00e0 inexecu\u00e7\u00e3o total da ARP;<br \/>\n<strong>I &#8211;<\/strong> Multa no percentual de 20% do valor contratado;<br \/>\n<strong>II &#8211;<\/strong> Impedimento de licitar e contratar pelo prazo de 2 (dois) anos.<br \/>\n<strong>d)<\/strong> Ensejar o retardamento da execu\u00e7\u00e3o do servi\u00e7o objeto da licita\u00e7\u00e3o sem motivo justificado;<br \/>\n<strong>I &#8211;<\/strong> Multa no percentual de 20% do valor contratado;<br \/>\n<strong>II &#8211;<\/strong> Impedimento de licitar e contratar pelo prazo de 3 (tr\u00eas) anos.<br \/>\n<strong>e)<\/strong> Comportar-se de modo inid\u00f4neo ou cometer fraude de qualquer natureza;<br \/>\n<strong>I &#8211;<\/strong> Multa no percentual de 30% do valor contratado;<br \/>\n<strong>II &#8211;<\/strong> Declara\u00e7\u00e3o de inidoneidade para licitar ou contratar pelo per\u00edodo de 4 (quatro) anos.<br \/>\n<strong>f)<\/strong> Praticar atos il\u00edcitos com vistas a frustrar os objetivos da licita\u00e7\u00e3o;<br \/>\n<strong>I &#8211;<\/strong> Multa no percentual de 30% do valor contratado;<br \/>\n<strong>II <\/strong>&#8211; Declara\u00e7\u00e3o de inidoneidade para licitar ou contratar pelo per\u00edodo de 4 (quatro) anos.<br \/>\n<strong>g)<\/strong> Praticar ato lesivo previsto no <u> 5\u00ba da Lei n.\u00ba 12.846, de 1\u00ba de agosto de 2013.<br \/>\n<\/u><strong>I &#8211;<\/strong> Multa no percentual de 30% do valor contratado;<br \/>\n<strong>II &#8211;<\/strong> Declara\u00e7\u00e3o de inidoneidade para licitar ou contratar pelo per\u00edodo de 4 (quatro) anos.<br \/>\n<strong>CL\u00c1USULA D\u00c9CIMA SEXTA &#8211; DO CANCELAMENTO DO REGISTRO<\/strong><br \/>\n<strong>16.1. <\/strong>O fornecedor ter\u00e1 seu registro cancelado quando:<br \/>\n<strong>16.1.1<\/strong> Descumprir as condi\u00e7\u00f5es da Ata de Registro de Pre\u00e7os;<br \/>\n<strong>16.1.2<\/strong> N\u00e3o retirar a respectiva nota de empenho ou instrumento equivalente, no prazo estabelecido pela Administra\u00e7\u00e3o, sem justificativa aceit\u00e1vel;<br \/>\n<strong>16.1.3<\/strong> N\u00e3o aceitar reduzir o seu pre\u00e7o registrado, na hip\u00f3tese de este se tornar superior aqueles praticados no mercado e estiverem presentes raz\u00f5es de interesse p\u00fablico.<br \/>\n<strong>16.1.3.1<\/strong> O cancelamento do Registro, nas hip\u00f3teses previstas, assegurados o contradit\u00f3rio e a ampla defesa, ser\u00e1 formalizado por despacho da autoridade competente do \u00d3rg\u00e3o Gerenciador.<br \/>\n<strong>16.1.3.2<\/strong> O fornecedor poder\u00e1 solicitar o cancelamento do seu Registro de Pre\u00e7o na ocorr\u00eancia de fato superveniente que venha comprometer a perfeita execu\u00e7\u00e3o contratual, decorrentes de caso fortuito ou de for\u00e7a maior devidamente comprovados.<br \/>\n<strong>CL\u00c1USULA D\u00c9CIMA S\u00c9TIMA &#8211; DA LEGISLA\u00c7\u00c3O APLIC\u00c1VEL E DOS CASOS OMISSOS<br \/>\n<\/strong><strong>17.1<\/strong> O presente instrumento contratual rege-se pelas disposi\u00e7\u00f5es expressas regida pela Lei n.\u00ba 14.133\/21, Legisla\u00e7\u00e3o Municipal e, com aplica\u00e7\u00e3o subsidi\u00e1ria do Decreto Federal n.\u00ba 10.024\/19, ainda, aplicando-lhe supletivamente os princ\u00edpios da teoria geral dos contratos e as disposi\u00e7\u00f5es de direito privado.<br \/>\n<strong>17.2<\/strong> Os casos omissos ser\u00e3o resolvidos \u00e0 luz da referida lei e suas altera\u00e7\u00f5es, recorrendo-se \u00e0 analogia, aos costumes e aos princ\u00edpios gerais do direito.<br \/>\n<strong>CL\u00c1USULA D\u00c9CIMA OITAVA &#8211; DO FORO<br \/>\n<\/strong><strong>18.1 &#8211; <\/strong>Fica eleito o foro da cidade de Magalh\u00e3es de Almeida\/MA, para dirimir as quest\u00f5es decorrentes deste instrumento ou de sua execu\u00e7\u00e3o, com ren\u00fancia expressa de qualquer outro por mais privilegiado que seja.<br \/>\n<strong>18.2 &#8211; <\/strong>Por estarem justos e contratados, as partes contratantes, assinam o presente instrumento contratual, em 03 (tr\u00eas) vias de igual teor e forma, para que produza seus jur\u00eddicos efeitos. Magalh\u00e3es de Almeida\/MA, de 05 fevereiro de 2025.<\/p>\n","protected":false},"author":4,"template":"","class_list":["post-24146","publicacoesdom","type-publicacoesdom","status-publish","hentry"],"acf":{"tipo_de_publicacao_diario":"28","e_retificacao":"1","origem_do_diario":"Poder Executivo","codigo_verificador":"d65c85a1ebe964230b4e1cf2fad44886d2649238"},"_links":{"self":[{"href":"https:\/\/magalhaesdealmeida.ma.gov.br\/transparencia\/wp-json\/wp\/v2\/publicacoesdom\/24146","targetHints":{"allow":["GET"]}}],"collection":[{"href":"https:\/\/magalhaesdealmeida.ma.gov.br\/transparencia\/wp-json\/wp\/v2\/publicacoesdom"}],"about":[{"href":"https:\/\/magalhaesdealmeida.ma.gov.br\/transparencia\/wp-json\/wp\/v2\/types\/publicacoesdom"}],"author":[{"embeddable":true,"href":"https:\/\/magalhaesdealmeida.ma.gov.br\/transparencia\/wp-json\/wp\/v2\/users\/4"}],"wp:attachment":[{"href":"https:\/\/magalhaesdealmeida.ma.gov.br\/transparencia\/wp-json\/wp\/v2\/media?parent=24146"}],"curies":[{"name":"wp","href":"https:\/\/api.w.org\/{rel}","templated":true}]}}